{"id":16817,"date":"2021-02-16T09:09:54","date_gmt":"2021-02-16T09:09:54","guid":{"rendered":"http:\/\/www.icip.cat\/?post_type=icip_event&#038;p=16817"},"modified":"2021-02-18T10:02:26","modified_gmt":"2021-02-18T10:02:26","slug":"marcs-danalisi-i-daccio-per-a-la-construccio-de-pau-fora-de-contextos-bellics","status":"publish","type":"icip_event","link":"https:\/\/www.icip.cat\/ca\/event\/marcs-danalisi-i-daccio-per-a-la-construccio-de-pau-fora-de-contextos-bellics\/","title":{"rendered":"Marcs d&#8217;an\u00e0lisi i d&#8217;acci\u00f3 per a la construcci\u00f3 de pau fora de contextos b\u00e8l\u00b7lics"},"content":{"rendered":"\n<p>L&#8217;ICIP inaugurar\u00e0 el dijous 4 de mar\u00e7, a les 18:00 hores, el cicle de di\u00e0legs en l\u00ednia <a href=\"http:\/\/www.icip.cat\/ca\/ciclo-de-dialogos-hacer-frente-a-las-violencias-desde-la-construccion-de-paz\/\">&#8220;Am\u00e8rica Llatina. Fer front a les viol\u00e8ncies des de la construcci\u00f3 de pau&#8221;<\/a> amb la confer\u00e8ncia inaugural <strong>&#8220;Marcs d&#8217;an\u00e0lisi i d&#8217;acci\u00f3 per a la construcci\u00f3 de pau fora de contextos b\u00e8l\u00b7lics&#8221;<\/strong>, a c\u00e0rrec de <strong>John Paul Lederach<\/strong>, investigador del Kroc Institute for International Peace Studies. <\/p>\n\n\n\n<p>Aquesta sessi\u00f3 vol oferir una visi\u00f3 comparada dels reptes per a la pau i com aquests s&#8217;han anat estenent dels conflictes armats convencionals a situacions de viol\u00e8ncia end\u00e8mica que no responen a la l\u00f2gica b\u00e8l\u00b7lica tradicional. La confer\u00e8ncia abordar\u00e0 fins a quin punt els marcs te\u00f2rics i els instruments pr\u00e0ctics m\u00e9s comuns en les metodologies de construcci\u00f3 de pau s\u00f3n aplicables a les situacions d&#8217;altres viol\u00e8ncies, m\u00e9s enll\u00e0 dels conflictes armats. <\/p>\n\n\n\n<p>Tant aquesta confer\u00e8ncia inaugural com la resta de sessions del cicle seran en format virtual a trav\u00e9s del canal ICIP de YouTube. <\/p>\n\n\n\n<p>(Fotografia: Renacimiento. Autor: Sebasti\u00e1n Miquel).<\/p>\n","protected":false},"featured_media":16926,"template":"","class_list":["post-16817","icip_event","type-icip_event","status-publish","has-post-thumbnail","hentry"],"acf":[],"yoast_head":"<!-- This site is optimized with the Yoast SEO plugin v25.6 - https:\/\/yoast.com\/wordpress\/plugins\/seo\/ -->\n<title>Marcs d&#039;an\u00e0lisi i d&#039;acci\u00f3 per a la construcci\u00f3 de pau fora de contextos b\u00e8l\u00b7lics - ICIP<\/title>\n<meta name=\"robots\" content=\"index, follow, max-snippet:-1, max-image-preview:large, max-video-preview:-1\" \/>\n<link rel=\"canonical\" href=\"https:\/\/www.icip.cat\/ca\/event\/marcs-danalisi-i-daccio-per-a-la-construccio-de-pau-fora-de-contextos-bellics\/\" \/>\n<meta property=\"og:locale\" content=\"ca_ES\" \/>\n<meta property=\"og:type\" content=\"article\" \/>\n<meta property=\"og:title\" content=\"Marcs d&#039;an\u00e0lisi i d&#039;acci\u00f3 per a la construcci\u00f3 de pau fora de contextos b\u00e8l\u00b7lics - ICIP\" \/>\n<meta property=\"og:description\" content=\"L&#8217;ICIP inaugurar\u00e0 el dijous 4 de mar\u00e7, a les 18:00 hores, el cicle de di\u00e0legs en l\u00ednia &#8220;Am\u00e8rica Llatina. Fer front a les viol\u00e8ncies des de la construcci\u00f3 de pau&#8221; amb la confer\u00e8ncia inaugural &#8220;Marcs d&#8217;an\u00e0lisi i d&#8217;acci\u00f3 per a la construcci\u00f3 de pau fora de contextos b\u00e8l\u00b7lics&#8221;, a c\u00e0rrec de John Paul Lederach, investigador [&hellip;]\" \/>\n<meta property=\"og:url\" content=\"https:\/\/www.icip.cat\/ca\/event\/marcs-danalisi-i-daccio-per-a-la-construccio-de-pau-fora-de-contextos-bellics\/\" \/>\n<meta property=\"og:site_name\" content=\"ICIP\" \/>\n<meta property=\"article:modified_time\" content=\"2021-02-18T10:02:26+00:00\" \/>\n<meta property=\"og:image\" content=\"https:\/\/www.icip.cat\/wp-content\/uploads\/2021\/02\/thumbnail_renacimiento-12-495x400-1.jpg\" \/>\n\t<meta property=\"og:image:width\" content=\"495\" \/>\n\t<meta property=\"og:image:height\" content=\"400\" \/>\n\t<meta property=\"og:image:type\" content=\"image\/jpeg\" \/>\n<meta name=\"twitter:card\" content=\"summary_large_image\" \/>\n<meta name=\"twitter:label1\" content=\"Temps estimat de lectura\" \/>\n\t<meta name=\"twitter:data1\" content=\"1 minut\" \/>\n<script type=\"application\/ld+json\" class=\"yoast-schema-graph\">{\"@context\":\"https:\/\/schema.org\",\"@graph\":[{\"@type\":\"WebPage\",\"@id\":\"https:\/\/www.icip.cat\/ca\/event\/marcs-danalisi-i-daccio-per-a-la-construccio-de-pau-fora-de-contextos-bellics\/\",\"url\":\"https:\/\/www.icip.cat\/ca\/event\/marcs-danalisi-i-daccio-per-a-la-construccio-de-pau-fora-de-contextos-bellics\/\",\"name\":\"Marcs d'an\u00e0lisi i d'acci\u00f3 per a la construcci\u00f3 de pau fora de contextos b\u00e8l\u00b7lics - ICIP\",\"isPartOf\":{\"@id\":\"https:\/\/www.icip.cat\/ca\/#website\"},\"primaryImageOfPage\":{\"@id\":\"https:\/\/www.icip.cat\/ca\/event\/marcs-danalisi-i-daccio-per-a-la-construccio-de-pau-fora-de-contextos-bellics\/#primaryimage\"},\"image\":{\"@id\":\"https:\/\/www.icip.cat\/ca\/event\/marcs-danalisi-i-daccio-per-a-la-construccio-de-pau-fora-de-contextos-bellics\/#primaryimage\"},\"thumbnailUrl\":\"https:\/\/www.icip.cat\/wp-content\/uploads\/2021\/02\/thumbnail_renacimiento-12-495x400-1.jpg\",\"datePublished\":\"2021-02-16T09:09:54+00:00\",\"dateModified\":\"2021-02-18T10:02:26+00:00\",\"inLanguage\":\"ca\",\"potentialAction\":[{\"@type\":\"ReadAction\",\"target\":[\"https:\/\/www.icip.cat\/ca\/event\/marcs-danalisi-i-daccio-per-a-la-construccio-de-pau-fora-de-contextos-bellics\/\"]}]},{\"@type\":\"ImageObject\",\"inLanguage\":\"ca\",\"@id\":\"https:\/\/www.icip.cat\/ca\/event\/marcs-danalisi-i-daccio-per-a-la-construccio-de-pau-fora-de-contextos-bellics\/#primaryimage\",\"url\":\"https:\/\/www.icip.cat\/wp-content\/uploads\/2021\/02\/thumbnail_renacimiento-12-495x400-1.jpg\",\"contentUrl\":\"https:\/\/www.icip.cat\/wp-content\/uploads\/2021\/02\/thumbnail_renacimiento-12-495x400-1.jpg\",\"width\":495,\"height\":400},{\"@type\":\"WebSite\",\"@id\":\"https:\/\/www.icip.cat\/ca\/#website\",\"url\":\"https:\/\/www.icip.cat\/ca\/\",\"name\":\"ICIP\",\"description\":\"\",\"publisher\":{\"@id\":\"https:\/\/www.icip.cat\/ca\/#organization\"},\"potentialAction\":[{\"@type\":\"SearchAction\",\"target\":{\"@type\":\"EntryPoint\",\"urlTemplate\":\"https:\/\/www.icip.cat\/ca\/?s={search_term_string}\"},\"query-input\":{\"@type\":\"PropertyValueSpecification\",\"valueRequired\":true,\"valueName\":\"search_term_string\"}}],\"inLanguage\":\"ca\"},{\"@type\":\"Organization\",\"@id\":\"https:\/\/www.icip.cat\/ca\/#organization\",\"name\":\"ICIP\",\"url\":\"https:\/\/www.icip.cat\/ca\/\",\"logo\":{\"@type\":\"ImageObject\",\"inLanguage\":\"ca\",\"@id\":\"https:\/\/www.icip.cat\/ca\/#\/schema\/logo\/image\/\",\"url\":\"https:\/\/www.icip.cat\/wp-content\/uploads\/2021\/02\/logo-2.png\",\"contentUrl\":\"https:\/\/www.icip.cat\/wp-content\/uploads\/2021\/02\/logo-2.png\",\"width\":562,\"height\":391,\"caption\":\"ICIP\"},\"image\":{\"@id\":\"https:\/\/www.icip.cat\/ca\/#\/schema\/logo\/image\/\"}}]}<\/script>\n<!-- \/ Yoast SEO plugin. -->","yoast_head_json":{"title":"Marcs d'an\u00e0lisi i d'acci\u00f3 per a la construcci\u00f3 de pau fora de contextos b\u00e8l\u00b7lics - ICIP","robots":{"index":"index","follow":"follow","max-snippet":"max-snippet:-1","max-image-preview":"max-image-preview:large","max-video-preview":"max-video-preview:-1"},"canonical":"https:\/\/www.icip.cat\/ca\/event\/marcs-danalisi-i-daccio-per-a-la-construccio-de-pau-fora-de-contextos-bellics\/","og_locale":"ca_ES","og_type":"article","og_title":"Marcs d'an\u00e0lisi i d'acci\u00f3 per a la construcci\u00f3 de pau fora de contextos b\u00e8l\u00b7lics - ICIP","og_description":"L&#8217;ICIP inaugurar\u00e0 el dijous 4 de mar\u00e7, a les 18:00 hores, el cicle de di\u00e0legs en l\u00ednia &#8220;Am\u00e8rica Llatina. Fer front a les viol\u00e8ncies des de la construcci\u00f3 de pau&#8221; amb la confer\u00e8ncia inaugural &#8220;Marcs d&#8217;an\u00e0lisi i d&#8217;acci\u00f3 per a la construcci\u00f3 de pau fora de contextos b\u00e8l\u00b7lics&#8221;, a c\u00e0rrec de John Paul Lederach, investigador [&hellip;]","og_url":"https:\/\/www.icip.cat\/ca\/event\/marcs-danalisi-i-daccio-per-a-la-construccio-de-pau-fora-de-contextos-bellics\/","og_site_name":"ICIP","article_modified_time":"2021-02-18T10:02:26+00:00","og_image":[{"width":495,"height":400,"url":"https:\/\/www.icip.cat\/wp-content\/uploads\/2021\/02\/thumbnail_renacimiento-12-495x400-1.jpg","type":"image\/jpeg"}],"twitter_card":"summary_large_image","twitter_misc":{"Temps estimat de lectura":"1 minut"},"schema":{"@context":"https:\/\/schema.org","@graph":[{"@type":"WebPage","@id":"https:\/\/www.icip.cat\/ca\/event\/marcs-danalisi-i-daccio-per-a-la-construccio-de-pau-fora-de-contextos-bellics\/","url":"https:\/\/www.icip.cat\/ca\/event\/marcs-danalisi-i-daccio-per-a-la-construccio-de-pau-fora-de-contextos-bellics\/","name":"Marcs d'an\u00e0lisi i d'acci\u00f3 per a la construcci\u00f3 de pau fora de contextos b\u00e8l\u00b7lics - ICIP","isPartOf":{"@id":"https:\/\/www.icip.cat\/ca\/#website"},"primaryImageOfPage":{"@id":"https:\/\/www.icip.cat\/ca\/event\/marcs-danalisi-i-daccio-per-a-la-construccio-de-pau-fora-de-contextos-bellics\/#primaryimage"},"image":{"@id":"https:\/\/www.icip.cat\/ca\/event\/marcs-danalisi-i-daccio-per-a-la-construccio-de-pau-fora-de-contextos-bellics\/#primaryimage"},"thumbnailUrl":"https:\/\/www.icip.cat\/wp-content\/uploads\/2021\/02\/thumbnail_renacimiento-12-495x400-1.jpg","datePublished":"2021-02-16T09:09:54+00:00","dateModified":"2021-02-18T10:02:26+00:00","inLanguage":"ca","potentialAction":[{"@type":"ReadAction","target":["https:\/\/www.icip.cat\/ca\/event\/marcs-danalisi-i-daccio-per-a-la-construccio-de-pau-fora-de-contextos-bellics\/"]}]},{"@type":"ImageObject","inLanguage":"ca","@id":"https:\/\/www.icip.cat\/ca\/event\/marcs-danalisi-i-daccio-per-a-la-construccio-de-pau-fora-de-contextos-bellics\/#primaryimage","url":"https:\/\/www.icip.cat\/wp-content\/uploads\/2021\/02\/thumbnail_renacimiento-12-495x400-1.jpg","contentUrl":"https:\/\/www.icip.cat\/wp-content\/uploads\/2021\/02\/thumbnail_renacimiento-12-495x400-1.jpg","width":495,"height":400},{"@type":"WebSite","@id":"https:\/\/www.icip.cat\/ca\/#website","url":"https:\/\/www.icip.cat\/ca\/","name":"ICIP","description":"","publisher":{"@id":"https:\/\/www.icip.cat\/ca\/#organization"},"potentialAction":[{"@type":"SearchAction","target":{"@type":"EntryPoint","urlTemplate":"https:\/\/www.icip.cat\/ca\/?s={search_term_string}"},"query-input":{"@type":"PropertyValueSpecification","valueRequired":true,"valueName":"search_term_string"}}],"inLanguage":"ca"},{"@type":"Organization","@id":"https:\/\/www.icip.cat\/ca\/#organization","name":"ICIP","url":"https:\/\/www.icip.cat\/ca\/","logo":{"@type":"ImageObject","inLanguage":"ca","@id":"https:\/\/www.icip.cat\/ca\/#\/schema\/logo\/image\/","url":"https:\/\/www.icip.cat\/wp-content\/uploads\/2021\/02\/logo-2.png","contentUrl":"https:\/\/www.icip.cat\/wp-content\/uploads\/2021\/02\/logo-2.png","width":562,"height":391,"caption":"ICIP"},"image":{"@id":"https:\/\/www.icip.cat\/ca\/#\/schema\/logo\/image\/"}}]}},"_links":{"self":[{"href":"https:\/\/www.icip.cat\/ca\/wp-json\/wp\/v2\/icip_event\/16817","targetHints":{"allow":["GET"]}}],"collection":[{"href":"https:\/\/www.icip.cat\/ca\/wp-json\/wp\/v2\/icip_event"}],"about":[{"href":"https:\/\/www.icip.cat\/ca\/wp-json\/wp\/v2\/types\/icip_event"}],"version-history":[{"count":4,"href":"https:\/\/www.icip.cat\/ca\/wp-json\/wp\/v2\/icip_event\/16817\/revisions"}],"predecessor-version":[{"id":16940,"href":"https:\/\/www.icip.cat\/ca\/wp-json\/wp\/v2\/icip_event\/16817\/revisions\/16940"}],"wp:featuredmedia":[{"embeddable":true,"href":"https:\/\/www.icip.cat\/ca\/wp-json\/wp\/v2\/media\/16926"}],"wp:attachment":[{"href":"https:\/\/www.icip.cat\/ca\/wp-json\/wp\/v2\/media?parent=16817"}],"curies":[{"name":"wp","href":"https:\/\/api.w.org\/{rel}","templated":true}]}}