{"id":21831,"date":"2021-09-03T08:01:07","date_gmt":"2021-09-03T08:01:07","guid":{"rendered":"http:\/\/www.icip.cat\/?post_type=icip_event&#038;p=21831"},"modified":"2021-09-03T08:09:44","modified_gmt":"2021-09-03T08:09:44","slug":"canciones-de-ida-y-vuelta","status":"publish","type":"icip_event","link":"https:\/\/www.icip.cat\/ca\/event\/canciones-de-ida-y-vuelta\/","title":{"rendered":"Canciones de ida y vuelta"},"content":{"rendered":"\n<p>El proper divendres 17 de setembre, l\u2019ICIP estrenar\u00e0 dues can\u00e7ons compostes per 120 v\u00edctimes que van sortir de Col\u00f2mbia per causa del conflicte armat i la cantautora colombiana resident a Barcelona,&nbsp;<a href=\"https:\/\/martagomez.com\/\" target=\"_blank\" rel=\"noreferrer noopener\">Marta G\u00f3mez<\/a>. Es tracta d\u2019una iniciativa innovadora de participaci\u00f3 ciutadana afavorida per la&nbsp;<a rel=\"noreferrer noopener\" href=\"https:\/\/comisiondelaverdad.co\/\" target=\"_blank\">Comissi\u00f3 de la Veritat de Col\u00f2mbia<\/a>.<\/p>\n\n\n\n<p>Durant l&#8217;acte es presentaran les dues can\u00e7ons, &#8216;Surcos de amor&#8217; y &#8216;Vuelve&#8217;, que forman part d&#8217;un EP titulat &#8216;Canciones de ida y vuelta&#8217;. Tamb\u00e9 es presentar\u00e0 el documental &#8216;Tejiendo canciones&#8217; i el videoclip d&#8217;animaci\u00f3 de &#8216;Vuelve&#8217; elaborat per la productora MicuFilm. <\/p>\n\n\n\n<p>En l&#8217;acte participaran:<\/p>\n\n\n\n<p>&#8211;<strong>Marta G\u00f3mez<\/strong>, cantautora<\/p>\n\n\n\n<p>&#8211;<strong>Iv\u00e1n Guarnizo<\/strong>, realitzador<\/p>\n\n\n\n<p>&#8211;<strong>Karolina Villarraga<\/strong>, directora audiovisual<\/p>\n\n\n\n<p>&#8211;<strong>Helga Flamtermesky<\/strong>, Nido Catalunya<\/p>\n\n\n\n<p>&#8211;<strong>Ana Isabel Barrera<\/strong>, ICIP<\/p>\n\n\n\n<p>L&#8217;acte s&#8217;emetr\u00e0 en directe a trav\u00e9s del <a rel=\"noreferrer noopener\" href=\"https:\/\/www.youtube.com\/watch?v=UzcAHTbBKvM\" target=\"_blank\">canal de YouTube de l&#8217;ICIP<\/a> i la p\u00e0gina de <a rel=\"noreferrer noopener\" href=\"https:\/\/www.facebook.com\/martagomezmusic\" target=\"_blank\">Facebook de Marta G\u00f3mez<\/a>. Ser\u00e0 el divendres 17 de setembre a les 8 pm (1 pm a Col\u00f2mbia).  <\/p>\n\n\n\n<figure class=\"wp-block-image size-large\"><img fetchpriority=\"high\" decoding=\"async\" width=\"1024\" height=\"576\" src=\"http:\/\/www.icip.cat\/wp-content\/uploads\/2021\/09\/Canciones-de-ida-y-vuelta-flyer-1024x576.jpg\" alt=\"\" class=\"wp-image-21851\" srcset=\"https:\/\/www.icip.cat\/wp-content\/uploads\/2021\/09\/Canciones-de-ida-y-vuelta-flyer-1024x576.jpg 1024w, https:\/\/www.icip.cat\/wp-content\/uploads\/2021\/09\/Canciones-de-ida-y-vuelta-flyer-300x169.jpg 300w, https:\/\/www.icip.cat\/wp-content\/uploads\/2021\/09\/Canciones-de-ida-y-vuelta-flyer-768x432.jpg 768w, https:\/\/www.icip.cat\/wp-content\/uploads\/2021\/09\/Canciones-de-ida-y-vuelta-flyer-1536x864.jpg 1536w, https:\/\/www.icip.cat\/wp-content\/uploads\/2021\/09\/Canciones-de-ida-y-vuelta-flyer.jpg 1920w\" sizes=\"(max-width: 1024px) 100vw, 1024px\" \/><\/figure>\n","protected":false},"featured_media":21848,"template":"","class_list":["post-21831","icip_event","type-icip_event","status-publish","has-post-thumbnail","hentry"],"acf":[],"yoast_head":"<!-- This site is optimized with the Yoast SEO plugin v25.6 - https:\/\/yoast.com\/wordpress\/plugins\/seo\/ -->\n<title>Canciones de ida y vuelta - ICIP<\/title>\n<meta name=\"description\" content=\"El proper divendres 17 de setembre, l\u2019ICIP estrenar\u00e0 en un acte dues can\u00e7ons compostes per Marta G\u00f3mez i v\u00edctimes del conflicte colombi\u00e0.\" \/>\n<meta name=\"robots\" content=\"index, follow, max-snippet:-1, max-image-preview:large, max-video-preview:-1\" \/>\n<link rel=\"canonical\" href=\"https:\/\/www.icip.cat\/ca\/event\/canciones-de-ida-y-vuelta\/\" \/>\n<meta property=\"og:locale\" content=\"ca_ES\" \/>\n<meta property=\"og:type\" content=\"article\" \/>\n<meta property=\"og:title\" content=\"Canciones de ida y vuelta - ICIP\" \/>\n<meta property=\"og:description\" content=\"El proper divendres 17 de setembre, l\u2019ICIP estrenar\u00e0 en un acte dues can\u00e7ons compostes per Marta G\u00f3mez i v\u00edctimes del conflicte colombi\u00e0.\" \/>\n<meta property=\"og:url\" content=\"https:\/\/www.icip.cat\/ca\/event\/canciones-de-ida-y-vuelta\/\" \/>\n<meta property=\"og:site_name\" content=\"ICIP\" \/>\n<meta property=\"article:modified_time\" content=\"2021-09-03T08:09:44+00:00\" \/>\n<meta property=\"og:image\" content=\"https:\/\/www.icip.cat\/wp-content\/uploads\/2021\/09\/Canciones-de-ida-y-vuelta-2.jpg\" \/>\n\t<meta property=\"og:image:width\" content=\"2375\" \/>\n\t<meta property=\"og:image:height\" content=\"2218\" \/>\n\t<meta property=\"og:image:type\" content=\"image\/jpeg\" \/>\n<meta name=\"twitter:card\" content=\"summary_large_image\" \/>\n<meta name=\"twitter:label1\" content=\"Temps estimat de lectura\" \/>\n\t<meta name=\"twitter:data1\" content=\"1 minut\" \/>\n<script type=\"application\/ld+json\" class=\"yoast-schema-graph\">{\"@context\":\"https:\/\/schema.org\",\"@graph\":[{\"@type\":\"WebPage\",\"@id\":\"https:\/\/www.icip.cat\/ca\/event\/canciones-de-ida-y-vuelta\/\",\"url\":\"https:\/\/www.icip.cat\/ca\/event\/canciones-de-ida-y-vuelta\/\",\"name\":\"Canciones de ida y vuelta - ICIP\",\"isPartOf\":{\"@id\":\"https:\/\/www.icip.cat\/ca\/#website\"},\"primaryImageOfPage\":{\"@id\":\"https:\/\/www.icip.cat\/ca\/event\/canciones-de-ida-y-vuelta\/#primaryimage\"},\"image\":{\"@id\":\"https:\/\/www.icip.cat\/ca\/event\/canciones-de-ida-y-vuelta\/#primaryimage\"},\"thumbnailUrl\":\"https:\/\/www.icip.cat\/wp-content\/uploads\/2021\/09\/Canciones-de-ida-y-vuelta-2.jpg\",\"datePublished\":\"2021-09-03T08:01:07+00:00\",\"dateModified\":\"2021-09-03T08:09:44+00:00\",\"description\":\"El proper divendres 17 de setembre, l\u2019ICIP estrenar\u00e0 en un acte dues can\u00e7ons compostes per Marta G\u00f3mez i v\u00edctimes del conflicte colombi\u00e0.\",\"inLanguage\":\"ca\",\"potentialAction\":[{\"@type\":\"ReadAction\",\"target\":[\"https:\/\/www.icip.cat\/ca\/event\/canciones-de-ida-y-vuelta\/\"]}]},{\"@type\":\"ImageObject\",\"inLanguage\":\"ca\",\"@id\":\"https:\/\/www.icip.cat\/ca\/event\/canciones-de-ida-y-vuelta\/#primaryimage\",\"url\":\"https:\/\/www.icip.cat\/wp-content\/uploads\/2021\/09\/Canciones-de-ida-y-vuelta-2.jpg\",\"contentUrl\":\"https:\/\/www.icip.cat\/wp-content\/uploads\/2021\/09\/Canciones-de-ida-y-vuelta-2.jpg\",\"width\":2375,\"height\":2218},{\"@type\":\"WebSite\",\"@id\":\"https:\/\/www.icip.cat\/ca\/#website\",\"url\":\"https:\/\/www.icip.cat\/ca\/\",\"name\":\"ICIP\",\"description\":\"\",\"publisher\":{\"@id\":\"https:\/\/www.icip.cat\/ca\/#organization\"},\"potentialAction\":[{\"@type\":\"SearchAction\",\"target\":{\"@type\":\"EntryPoint\",\"urlTemplate\":\"https:\/\/www.icip.cat\/ca\/?s={search_term_string}\"},\"query-input\":{\"@type\":\"PropertyValueSpecification\",\"valueRequired\":true,\"valueName\":\"search_term_string\"}}],\"inLanguage\":\"ca\"},{\"@type\":\"Organization\",\"@id\":\"https:\/\/www.icip.cat\/ca\/#organization\",\"name\":\"ICIP\",\"url\":\"https:\/\/www.icip.cat\/ca\/\",\"logo\":{\"@type\":\"ImageObject\",\"inLanguage\":\"ca\",\"@id\":\"https:\/\/www.icip.cat\/ca\/#\/schema\/logo\/image\/\",\"url\":\"https:\/\/www.icip.cat\/wp-content\/uploads\/2021\/02\/logo-2.png\",\"contentUrl\":\"https:\/\/www.icip.cat\/wp-content\/uploads\/2021\/02\/logo-2.png\",\"width\":562,\"height\":391,\"caption\":\"ICIP\"},\"image\":{\"@id\":\"https:\/\/www.icip.cat\/ca\/#\/schema\/logo\/image\/\"}}]}<\/script>\n<!-- \/ Yoast SEO plugin. -->","yoast_head_json":{"title":"Canciones de ida y vuelta - ICIP","description":"El proper divendres 17 de setembre, l\u2019ICIP estrenar\u00e0 en un acte dues can\u00e7ons compostes per Marta G\u00f3mez i v\u00edctimes del conflicte colombi\u00e0.","robots":{"index":"index","follow":"follow","max-snippet":"max-snippet:-1","max-image-preview":"max-image-preview:large","max-video-preview":"max-video-preview:-1"},"canonical":"https:\/\/www.icip.cat\/ca\/event\/canciones-de-ida-y-vuelta\/","og_locale":"ca_ES","og_type":"article","og_title":"Canciones de ida y vuelta - ICIP","og_description":"El proper divendres 17 de setembre, l\u2019ICIP estrenar\u00e0 en un acte dues can\u00e7ons compostes per Marta G\u00f3mez i v\u00edctimes del conflicte colombi\u00e0.","og_url":"https:\/\/www.icip.cat\/ca\/event\/canciones-de-ida-y-vuelta\/","og_site_name":"ICIP","article_modified_time":"2021-09-03T08:09:44+00:00","og_image":[{"width":2375,"height":2218,"url":"https:\/\/www.icip.cat\/wp-content\/uploads\/2021\/09\/Canciones-de-ida-y-vuelta-2.jpg","type":"image\/jpeg"}],"twitter_card":"summary_large_image","twitter_misc":{"Temps estimat de lectura":"1 minut"},"schema":{"@context":"https:\/\/schema.org","@graph":[{"@type":"WebPage","@id":"https:\/\/www.icip.cat\/ca\/event\/canciones-de-ida-y-vuelta\/","url":"https:\/\/www.icip.cat\/ca\/event\/canciones-de-ida-y-vuelta\/","name":"Canciones de ida y vuelta - ICIP","isPartOf":{"@id":"https:\/\/www.icip.cat\/ca\/#website"},"primaryImageOfPage":{"@id":"https:\/\/www.icip.cat\/ca\/event\/canciones-de-ida-y-vuelta\/#primaryimage"},"image":{"@id":"https:\/\/www.icip.cat\/ca\/event\/canciones-de-ida-y-vuelta\/#primaryimage"},"thumbnailUrl":"https:\/\/www.icip.cat\/wp-content\/uploads\/2021\/09\/Canciones-de-ida-y-vuelta-2.jpg","datePublished":"2021-09-03T08:01:07+00:00","dateModified":"2021-09-03T08:09:44+00:00","description":"El proper divendres 17 de setembre, l\u2019ICIP estrenar\u00e0 en un acte dues can\u00e7ons compostes per Marta G\u00f3mez i v\u00edctimes del conflicte colombi\u00e0.","inLanguage":"ca","potentialAction":[{"@type":"ReadAction","target":["https:\/\/www.icip.cat\/ca\/event\/canciones-de-ida-y-vuelta\/"]}]},{"@type":"ImageObject","inLanguage":"ca","@id":"https:\/\/www.icip.cat\/ca\/event\/canciones-de-ida-y-vuelta\/#primaryimage","url":"https:\/\/www.icip.cat\/wp-content\/uploads\/2021\/09\/Canciones-de-ida-y-vuelta-2.jpg","contentUrl":"https:\/\/www.icip.cat\/wp-content\/uploads\/2021\/09\/Canciones-de-ida-y-vuelta-2.jpg","width":2375,"height":2218},{"@type":"WebSite","@id":"https:\/\/www.icip.cat\/ca\/#website","url":"https:\/\/www.icip.cat\/ca\/","name":"ICIP","description":"","publisher":{"@id":"https:\/\/www.icip.cat\/ca\/#organization"},"potentialAction":[{"@type":"SearchAction","target":{"@type":"EntryPoint","urlTemplate":"https:\/\/www.icip.cat\/ca\/?s={search_term_string}"},"query-input":{"@type":"PropertyValueSpecification","valueRequired":true,"valueName":"search_term_string"}}],"inLanguage":"ca"},{"@type":"Organization","@id":"https:\/\/www.icip.cat\/ca\/#organization","name":"ICIP","url":"https:\/\/www.icip.cat\/ca\/","logo":{"@type":"ImageObject","inLanguage":"ca","@id":"https:\/\/www.icip.cat\/ca\/#\/schema\/logo\/image\/","url":"https:\/\/www.icip.cat\/wp-content\/uploads\/2021\/02\/logo-2.png","contentUrl":"https:\/\/www.icip.cat\/wp-content\/uploads\/2021\/02\/logo-2.png","width":562,"height":391,"caption":"ICIP"},"image":{"@id":"https:\/\/www.icip.cat\/ca\/#\/schema\/logo\/image\/"}}]}},"_links":{"self":[{"href":"https:\/\/www.icip.cat\/ca\/wp-json\/wp\/v2\/icip_event\/21831","targetHints":{"allow":["GET"]}}],"collection":[{"href":"https:\/\/www.icip.cat\/ca\/wp-json\/wp\/v2\/icip_event"}],"about":[{"href":"https:\/\/www.icip.cat\/ca\/wp-json\/wp\/v2\/types\/icip_event"}],"version-history":[{"count":8,"href":"https:\/\/www.icip.cat\/ca\/wp-json\/wp\/v2\/icip_event\/21831\/revisions"}],"predecessor-version":[{"id":21854,"href":"https:\/\/www.icip.cat\/ca\/wp-json\/wp\/v2\/icip_event\/21831\/revisions\/21854"}],"wp:featuredmedia":[{"embeddable":true,"href":"https:\/\/www.icip.cat\/ca\/wp-json\/wp\/v2\/media\/21848"}],"wp:attachment":[{"href":"https:\/\/www.icip.cat\/ca\/wp-json\/wp\/v2\/media?parent=21831"}],"curies":[{"name":"wp","href":"https:\/\/api.w.org\/{rel}","templated":true}]}}