{"id":22123,"date":"2021-09-16T12:38:16","date_gmt":"2021-09-16T12:38:16","guid":{"rendered":"http:\/\/www.icip.cat\/?post_type=icip_event&#038;p=22123"},"modified":"2021-10-04T10:49:05","modified_gmt":"2021-10-04T10:49:05","slug":"el-casal-de-la-pau-de-barcelona-memoria-i-llegat","status":"publish","type":"icip_event","link":"https:\/\/www.icip.cat\/ca\/event\/el-casal-de-la-pau-de-barcelona-memoria-i-llegat\/","title":{"rendered":"El Casal de la Pau de Barcelona: Mem\u00f2ria i llegat"},"content":{"rendered":"\n<p>Amb motiu de la celebraci\u00f3 del Congr\u00e9s Mundial de la Pau a Barcelona, l\u2019ICIP, <a rel=\"noreferrer noopener\" href=\"https:\/\/www.lafede.cat\/ca\/\" target=\"_blank\">Lafede.cat<\/a> i el <a rel=\"noreferrer noopener\" href=\"https:\/\/centresderecerca.uab.cat\/cedid\/\" target=\"_blank\">Centre d&#8217;Estudis sobre Dictadures i Democr\u00e0cies (CEDID)<\/a>&nbsp;organitzen una jornada pr\u00e8via per les diferents etapes del Casal de la Pau i per posar en valor el seu llegat en el pacifisme d\u2019avui.  L&#8217;acte tindr\u00e0 lloc el dijous 7 d&#8217;octubre a les 17.30h a l&#8217;Espai Arcadi Oliveres de Lafede.cat (T\u00e0pies, 1-3, Barcelona).  <\/p>\n\n\n\n<p>Inspirat en la Maison de la Paix de Brussel\u00b7les, el Casal de la Pau va ser l&#8217;espai de trobada dels activistes i col\u00b7lectius de noviolents, pacifistes i antimilitaristes de la ciutat de Barcelona. Va esdevenir uns dels m\u00e9s destacats epicentres del moviment per la Pau de la ciutat, i lloc de desenvolupament de campanyes com la del refer\u00e8ndum de l&#8217;OTAN, la insubmissi\u00f3, com tamb\u00e9 espai de producci\u00f3 cultural amb l&#8217;edici\u00f3 de revistes antimilitaristes d&#8217;\u00e0mplia repercussi\u00f3 a Catalunya i la resta del territori espanyol com La Pu\u00e7a i el General i Mocador.<\/p>\n\n\n\n<figure class=\"wp-block-image size-large\"><img fetchpriority=\"high\" decoding=\"async\" width=\"1024\" height=\"683\" src=\"http:\/\/www.icip.cat\/wp-content\/uploads\/2021\/09\/19770323-inauguracio-Casal-de-la-Pau18-1024x683.jpg\" alt=\"\" class=\"wp-image-22127\" srcset=\"https:\/\/www.icip.cat\/wp-content\/uploads\/2021\/09\/19770323-inauguracio-Casal-de-la-Pau18-1024x683.jpg 1024w, https:\/\/www.icip.cat\/wp-content\/uploads\/2021\/09\/19770323-inauguracio-Casal-de-la-Pau18-300x200.jpg 300w, https:\/\/www.icip.cat\/wp-content\/uploads\/2021\/09\/19770323-inauguracio-Casal-de-la-Pau18-768x512.jpg 768w, https:\/\/www.icip.cat\/wp-content\/uploads\/2021\/09\/19770323-inauguracio-Casal-de-la-Pau18-1536x1024.jpg 1536w, https:\/\/www.icip.cat\/wp-content\/uploads\/2021\/09\/19770323-inauguracio-Casal-de-la-Pau18-2048x1365.jpg 2048w\" sizes=\"(max-width: 1024px) 100vw, 1024px\" \/><figcaption>Inauguraci\u00f3 del Casal de la Pau de Barcelona el 23 de mar\u00e7  de 1977. Foto: Robert Ramos. <\/figcaption><\/figure>\n\n\n\n<p>Aquest acte vol ser una primera iniciativa per recuperar-ne la mem\u00f2ria del Casal de la Pau vint anys despr\u00e9s de la seva desaparici\u00f3. L\u2019espai va tenir un paper rellevant en la configuraci\u00f3 de les xarxes d&#8217;associacionisme i activisme per la pau i antimilitarisme a la ciutat de Barcelona. Tamb\u00e9 va ser una veritable escola d&#8217;activisme que va influir en persones de traject\u00f2ries posteriors molt variades. <\/p>\n\n\n\n<p>D\u2019aquella experi\u00e8ncia primerenca en van sortir aprenentatges que podrien contribuir a fer front als reptes amb els qu\u00e8 es troba el moviment pacifista actual. Reptes de futur que es debatran amb m\u00e9s profunditat durant el <a rel=\"noreferrer noopener\" href=\"https:\/\/www.ipb2021.barcelona\/\" target=\"_blank\">Congr\u00e9s Mundial de la Pau<\/a> que tindr\u00e0 lloc a Barcelona del 15 al 17 d\u2019octubre.<\/p>\n\n\n\n<p>L&#8217;acte comptar\u00e0 amb la participaci\u00f3 de <strong>Mart\u00ed Olivella<\/strong> (Equip OC i objector de Can Serra); <strong>N\u00faria Breu<\/strong> (Marxa de la Llibertat i Col\u00b7lectiu d&#8217;Acci\u00f3 No-Violenta dels Pa\u00efsos Catalans); <strong>Dolors Sabater<\/strong> (Moviment d&#8217;Objecci\u00f3 de Consci\u00e8ncia); i <strong>Ar\u00e9s Perceval<\/strong> (IPB i Unipau). Ser\u00e0 presentat i condu\u00eft per <strong>Carlos \u00c1. Ord\u00e1s<\/strong> (CEDID).<\/p>\n\n\n\n<p>Per assistir-hi us podeu inscriure enviant un correu a activitats@icip.cat<\/p>\n\n\n\n<p>La jornada tindr\u00e0 dues hores de durada i es podr\u00e0 seguir en directe en <a rel=\"noreferrer noopener\" href=\"https:\/\/youtu.be\/Jc-dTpDPpfs\" target=\"_blank\">aquest enlla\u00e7<\/a>. <\/p>\n\n\n\n<div class=\"wp-block-image\"><figure class=\"aligncenter size-large\"><img decoding=\"async\" width=\"640\" height=\"360\" src=\"https:\/\/www.icip.cat\/wp-content\/uploads\/2021\/10\/FAjIta9WEAok496.jpg\" alt=\"\" class=\"wp-image-22705\" srcset=\"https:\/\/www.icip.cat\/wp-content\/uploads\/2021\/10\/FAjIta9WEAok496.jpg 640w, https:\/\/www.icip.cat\/wp-content\/uploads\/2021\/10\/FAjIta9WEAok496-300x169.jpg 300w\" sizes=\"(max-width: 640px) 100vw, 640px\" \/><\/figure><\/div>\n","protected":false},"featured_media":22124,"template":"","class_list":["post-22123","icip_event","type-icip_event","status-publish","has-post-thumbnail","hentry"],"acf":[],"yoast_head":"<!-- This site is optimized with the Yoast SEO plugin v25.6 - https:\/\/yoast.com\/wordpress\/plugins\/seo\/ -->\n<title>El Casal de la Pau de Barcelona: Mem\u00f2ria i llegat - ICIP<\/title>\n<meta name=\"description\" content=\"L&#039;ICIP, Lafede.cat i el CEDID organitzen una jornada pr\u00e8via per les diferents etapes del Casal de la Pau de Barcelona i per posar en valor el seu llegat en el pacifisme d\u2019avui.\" \/>\n<meta name=\"robots\" content=\"index, follow, max-snippet:-1, max-image-preview:large, max-video-preview:-1\" \/>\n<link rel=\"canonical\" href=\"https:\/\/www.icip.cat\/ca\/event\/el-casal-de-la-pau-de-barcelona-memoria-i-llegat\/\" \/>\n<meta property=\"og:locale\" content=\"ca_ES\" \/>\n<meta property=\"og:type\" content=\"article\" \/>\n<meta property=\"og:title\" content=\"El Casal de la Pau de Barcelona: Mem\u00f2ria i llegat - ICIP\" \/>\n<meta property=\"og:description\" content=\"L&#039;ICIP, Lafede.cat i el CEDID organitzen una jornada pr\u00e8via per les diferents etapes del Casal de la Pau de Barcelona i per posar en valor el seu llegat en el pacifisme d\u2019avui.\" \/>\n<meta property=\"og:url\" content=\"https:\/\/www.icip.cat\/ca\/event\/el-casal-de-la-pau-de-barcelona-memoria-i-llegat\/\" \/>\n<meta property=\"og:site_name\" content=\"ICIP\" \/>\n<meta property=\"article:modified_time\" content=\"2021-10-04T10:49:05+00:00\" \/>\n<meta property=\"og:image\" content=\"https:\/\/www.icip.cat\/wp-content\/uploads\/2021\/09\/19770323-inauguracio-Casal-de-la-Pau23-scaled.jpg\" \/>\n\t<meta property=\"og:image:width\" content=\"2560\" \/>\n\t<meta property=\"og:image:height\" content=\"1701\" \/>\n\t<meta property=\"og:image:type\" content=\"image\/jpeg\" \/>\n<meta name=\"twitter:card\" content=\"summary_large_image\" \/>\n<meta name=\"twitter:label1\" content=\"Temps estimat de lectura\" \/>\n\t<meta name=\"twitter:data1\" content=\"3 minuts\" \/>\n<script type=\"application\/ld+json\" class=\"yoast-schema-graph\">{\"@context\":\"https:\/\/schema.org\",\"@graph\":[{\"@type\":\"WebPage\",\"@id\":\"https:\/\/www.icip.cat\/ca\/event\/el-casal-de-la-pau-de-barcelona-memoria-i-llegat\/\",\"url\":\"https:\/\/www.icip.cat\/ca\/event\/el-casal-de-la-pau-de-barcelona-memoria-i-llegat\/\",\"name\":\"El Casal de la Pau de Barcelona: Mem\u00f2ria i llegat - ICIP\",\"isPartOf\":{\"@id\":\"https:\/\/www.icip.cat\/ca\/#website\"},\"primaryImageOfPage\":{\"@id\":\"https:\/\/www.icip.cat\/ca\/event\/el-casal-de-la-pau-de-barcelona-memoria-i-llegat\/#primaryimage\"},\"image\":{\"@id\":\"https:\/\/www.icip.cat\/ca\/event\/el-casal-de-la-pau-de-barcelona-memoria-i-llegat\/#primaryimage\"},\"thumbnailUrl\":\"https:\/\/www.icip.cat\/wp-content\/uploads\/2021\/09\/19770323-inauguracio-Casal-de-la-Pau23-scaled.jpg\",\"datePublished\":\"2021-09-16T12:38:16+00:00\",\"dateModified\":\"2021-10-04T10:49:05+00:00\",\"description\":\"L'ICIP, Lafede.cat i el CEDID organitzen una jornada pr\u00e8via per les diferents etapes del Casal de la Pau de Barcelona i per posar en valor el seu llegat en el pacifisme d\u2019avui.\",\"inLanguage\":\"ca\",\"potentialAction\":[{\"@type\":\"ReadAction\",\"target\":[\"https:\/\/www.icip.cat\/ca\/event\/el-casal-de-la-pau-de-barcelona-memoria-i-llegat\/\"]}]},{\"@type\":\"ImageObject\",\"inLanguage\":\"ca\",\"@id\":\"https:\/\/www.icip.cat\/ca\/event\/el-casal-de-la-pau-de-barcelona-memoria-i-llegat\/#primaryimage\",\"url\":\"https:\/\/www.icip.cat\/wp-content\/uploads\/2021\/09\/19770323-inauguracio-Casal-de-la-Pau23-scaled.jpg\",\"contentUrl\":\"https:\/\/www.icip.cat\/wp-content\/uploads\/2021\/09\/19770323-inauguracio-Casal-de-la-Pau23-scaled.jpg\",\"width\":2560,\"height\":1701,\"caption\":\"Barcelona. 23.03.1977 Inauguraci\u00f3 del Casal de la Pau.. Foto Robert Ramos\"},{\"@type\":\"WebSite\",\"@id\":\"https:\/\/www.icip.cat\/ca\/#website\",\"url\":\"https:\/\/www.icip.cat\/ca\/\",\"name\":\"ICIP\",\"description\":\"\",\"publisher\":{\"@id\":\"https:\/\/www.icip.cat\/ca\/#organization\"},\"potentialAction\":[{\"@type\":\"SearchAction\",\"target\":{\"@type\":\"EntryPoint\",\"urlTemplate\":\"https:\/\/www.icip.cat\/ca\/?s={search_term_string}\"},\"query-input\":{\"@type\":\"PropertyValueSpecification\",\"valueRequired\":true,\"valueName\":\"search_term_string\"}}],\"inLanguage\":\"ca\"},{\"@type\":\"Organization\",\"@id\":\"https:\/\/www.icip.cat\/ca\/#organization\",\"name\":\"ICIP\",\"url\":\"https:\/\/www.icip.cat\/ca\/\",\"logo\":{\"@type\":\"ImageObject\",\"inLanguage\":\"ca\",\"@id\":\"https:\/\/www.icip.cat\/ca\/#\/schema\/logo\/image\/\",\"url\":\"https:\/\/www.icip.cat\/wp-content\/uploads\/2021\/02\/logo-2.png\",\"contentUrl\":\"https:\/\/www.icip.cat\/wp-content\/uploads\/2021\/02\/logo-2.png\",\"width\":562,\"height\":391,\"caption\":\"ICIP\"},\"image\":{\"@id\":\"https:\/\/www.icip.cat\/ca\/#\/schema\/logo\/image\/\"}}]}<\/script>\n<!-- \/ Yoast SEO plugin. -->","yoast_head_json":{"title":"El Casal de la Pau de Barcelona: Mem\u00f2ria i llegat - ICIP","description":"L'ICIP, Lafede.cat i el CEDID organitzen una jornada pr\u00e8via per les diferents etapes del Casal de la Pau de Barcelona i per posar en valor el seu llegat en el pacifisme d\u2019avui.","robots":{"index":"index","follow":"follow","max-snippet":"max-snippet:-1","max-image-preview":"max-image-preview:large","max-video-preview":"max-video-preview:-1"},"canonical":"https:\/\/www.icip.cat\/ca\/event\/el-casal-de-la-pau-de-barcelona-memoria-i-llegat\/","og_locale":"ca_ES","og_type":"article","og_title":"El Casal de la Pau de Barcelona: Mem\u00f2ria i llegat - ICIP","og_description":"L'ICIP, Lafede.cat i el CEDID organitzen una jornada pr\u00e8via per les diferents etapes del Casal de la Pau de Barcelona i per posar en valor el seu llegat en el pacifisme d\u2019avui.","og_url":"https:\/\/www.icip.cat\/ca\/event\/el-casal-de-la-pau-de-barcelona-memoria-i-llegat\/","og_site_name":"ICIP","article_modified_time":"2021-10-04T10:49:05+00:00","og_image":[{"width":2560,"height":1701,"url":"https:\/\/www.icip.cat\/wp-content\/uploads\/2021\/09\/19770323-inauguracio-Casal-de-la-Pau23-scaled.jpg","type":"image\/jpeg"}],"twitter_card":"summary_large_image","twitter_misc":{"Temps estimat de lectura":"3 minuts"},"schema":{"@context":"https:\/\/schema.org","@graph":[{"@type":"WebPage","@id":"https:\/\/www.icip.cat\/ca\/event\/el-casal-de-la-pau-de-barcelona-memoria-i-llegat\/","url":"https:\/\/www.icip.cat\/ca\/event\/el-casal-de-la-pau-de-barcelona-memoria-i-llegat\/","name":"El Casal de la Pau de Barcelona: Mem\u00f2ria i llegat - ICIP","isPartOf":{"@id":"https:\/\/www.icip.cat\/ca\/#website"},"primaryImageOfPage":{"@id":"https:\/\/www.icip.cat\/ca\/event\/el-casal-de-la-pau-de-barcelona-memoria-i-llegat\/#primaryimage"},"image":{"@id":"https:\/\/www.icip.cat\/ca\/event\/el-casal-de-la-pau-de-barcelona-memoria-i-llegat\/#primaryimage"},"thumbnailUrl":"https:\/\/www.icip.cat\/wp-content\/uploads\/2021\/09\/19770323-inauguracio-Casal-de-la-Pau23-scaled.jpg","datePublished":"2021-09-16T12:38:16+00:00","dateModified":"2021-10-04T10:49:05+00:00","description":"L'ICIP, Lafede.cat i el CEDID organitzen una jornada pr\u00e8via per les diferents etapes del Casal de la Pau de Barcelona i per posar en valor el seu llegat en el pacifisme d\u2019avui.","inLanguage":"ca","potentialAction":[{"@type":"ReadAction","target":["https:\/\/www.icip.cat\/ca\/event\/el-casal-de-la-pau-de-barcelona-memoria-i-llegat\/"]}]},{"@type":"ImageObject","inLanguage":"ca","@id":"https:\/\/www.icip.cat\/ca\/event\/el-casal-de-la-pau-de-barcelona-memoria-i-llegat\/#primaryimage","url":"https:\/\/www.icip.cat\/wp-content\/uploads\/2021\/09\/19770323-inauguracio-Casal-de-la-Pau23-scaled.jpg","contentUrl":"https:\/\/www.icip.cat\/wp-content\/uploads\/2021\/09\/19770323-inauguracio-Casal-de-la-Pau23-scaled.jpg","width":2560,"height":1701,"caption":"Barcelona. 23.03.1977 Inauguraci\u00f3 del Casal de la Pau.. Foto Robert Ramos"},{"@type":"WebSite","@id":"https:\/\/www.icip.cat\/ca\/#website","url":"https:\/\/www.icip.cat\/ca\/","name":"ICIP","description":"","publisher":{"@id":"https:\/\/www.icip.cat\/ca\/#organization"},"potentialAction":[{"@type":"SearchAction","target":{"@type":"EntryPoint","urlTemplate":"https:\/\/www.icip.cat\/ca\/?s={search_term_string}"},"query-input":{"@type":"PropertyValueSpecification","valueRequired":true,"valueName":"search_term_string"}}],"inLanguage":"ca"},{"@type":"Organization","@id":"https:\/\/www.icip.cat\/ca\/#organization","name":"ICIP","url":"https:\/\/www.icip.cat\/ca\/","logo":{"@type":"ImageObject","inLanguage":"ca","@id":"https:\/\/www.icip.cat\/ca\/#\/schema\/logo\/image\/","url":"https:\/\/www.icip.cat\/wp-content\/uploads\/2021\/02\/logo-2.png","contentUrl":"https:\/\/www.icip.cat\/wp-content\/uploads\/2021\/02\/logo-2.png","width":562,"height":391,"caption":"ICIP"},"image":{"@id":"https:\/\/www.icip.cat\/ca\/#\/schema\/logo\/image\/"}}]}},"_links":{"self":[{"href":"https:\/\/www.icip.cat\/ca\/wp-json\/wp\/v2\/icip_event\/22123","targetHints":{"allow":["GET"]}}],"collection":[{"href":"https:\/\/www.icip.cat\/ca\/wp-json\/wp\/v2\/icip_event"}],"about":[{"href":"https:\/\/www.icip.cat\/ca\/wp-json\/wp\/v2\/types\/icip_event"}],"version-history":[{"count":17,"href":"https:\/\/www.icip.cat\/ca\/wp-json\/wp\/v2\/icip_event\/22123\/revisions"}],"predecessor-version":[{"id":22709,"href":"https:\/\/www.icip.cat\/ca\/wp-json\/wp\/v2\/icip_event\/22123\/revisions\/22709"}],"wp:featuredmedia":[{"embeddable":true,"href":"https:\/\/www.icip.cat\/ca\/wp-json\/wp\/v2\/media\/22124"}],"wp:attachment":[{"href":"https:\/\/www.icip.cat\/ca\/wp-json\/wp\/v2\/media?parent=22123"}],"curies":[{"name":"wp","href":"https:\/\/api.w.org\/{rel}","templated":true}]}}