{"id":28910,"date":"2022-06-08T10:02:26","date_gmt":"2022-06-08T10:02:26","guid":{"rendered":"https:\/\/www.icip.cat\/?post_type=icip_event&#038;p=28910"},"modified":"2022-06-09T21:41:19","modified_gmt":"2022-06-09T21:41:19","slug":"foroperiodismoypazmexico","status":"publish","type":"icip_event","link":"https:\/\/www.icip.cat\/ca\/event\/foroperiodismoypazmexico\/","title":{"rendered":"F\u00f2rum sobre Periodisme i Construcci\u00f3 de Pau a M\u00e8xic"},"content":{"rendered":"\n<p>L\u2019ICIP, l\u2019Ajuntament de Barcelona i&nbsp;<a href=\"https:\/\/www.taulapermexic.org\/\" target=\"_blank\" rel=\"noreferrer noopener\">Taula per M\u00e8xic<\/a>&nbsp;organitzen el f\u00f2rum \u201c<strong>Periodisme i Construcci\u00f3 de Pau a M\u00e8xic: protegir periodistes, garantir la llibertat de premsa<\/strong>\u201d, que se celebrar\u00e0 a Ciutat de M\u00e8xic els pr\u00f2xims 20 i 21 de juny. El prop\u00f2sit de l\u2019esdeveniment \u00e9s reflexionar sobre les necessitats que afronta el periodisme cr\u00edtic a M\u00e8xic i crear un espai de trobada entre professionals exposats a riscos i amenaces constants. Amb onze periodistes assassinats des de principis d\u2019any, M\u00e8xic \u00e9s avui en dia un dels pa\u00efsos m\u00e9s perillosos del m\u00f3n per exercir la llibertat de premsa, un dels pilars b\u00e0sics per a la construcci\u00f3 de pau.&nbsp;<\/p>\n\n\n\n<p>L\u2019organitzaci\u00f3 del f\u00f2rum pren com a punt de partida el programa d\u2019acollida temporal \u2018<a href=\"https:\/\/ajuntament.barcelona.cat\/relacionsinternacionalsicooperacio\/ca\/barcelona-protegeix-periodistes-de-mexic-0\">Barcelona protegeix periodistes de M\u00e8xic<\/a>\u2019 que impulsa l\u2019Ajuntament de Barcelona en col\u00b7laboraci\u00f3 amb la Taula per M\u00e8xic, i que t\u00e9 per objectiu facilitar l\u2019estada a la capital catalana de periodistes amena\u00e7ats com a conseq\u00fc\u00e8ncia de l\u2019exercici lliure de la professi\u00f3. \u00c9s per aix\u00f2 que les jornades comptaran amb la participaci\u00f3 de diferents periodistes acollits al programa i abordaran la import\u00e0ncia dels mecanismes de protecci\u00f3 i de l\u2019acompanyament psicosocial als i les professionals amena\u00e7ades.<\/p>\n\n\n\n<p>El f\u00f2rum \u201cPeriodisme i Construcci\u00f3 de Pau a M\u00e8xic\u201d se celebrar\u00e0 al Centro Cultural Bella \u00c9poca i compta amb la col\u00b7laboraci\u00f3 de diferents associacions de periodistes mexicanes com&nbsp;<a href=\"https:\/\/articulo19.org\/\">Art\u00edculo 19<\/a>,&nbsp;<a href=\"https:\/\/cimac.org.mx\/\">CIMAC<\/a>&nbsp;i&nbsp;<a href=\"https:\/\/periodistasdeapie.org.mx\/\">Periodistas de a Pie<\/a>, aix\u00ed com l\u2019entitat&nbsp;<a href=\"https:\/\/www.alunapsicosocial.org\/\">Aluna Acompa\u00f1amiento Psicosocial<\/a>.&nbsp;<\/p>\n\n\n\n<figure class=\"wp-block-image\"><img fetchpriority=\"high\" decoding=\"async\" width=\"764\" height=\"810\" src=\"https:\/\/www.icip.cat\/wp-content\/uploads\/2022\/06\/Forum-Mexic-Xarxes.png\" alt=\"\" class=\"wp-image-28609\" srcset=\"https:\/\/www.icip.cat\/wp-content\/uploads\/2022\/06\/Forum-Mexic-Xarxes.png 764w, https:\/\/www.icip.cat\/wp-content\/uploads\/2022\/06\/Forum-Mexic-Xarxes-283x300.png 283w\" sizes=\"(max-width: 764px) 100vw, 764px\" \/><\/figure>\n\n\n\n<p><strong>Una mirada de construcci\u00f3 de pau<\/strong><\/p>\n\n\n\n<p>Entre les persones participants hi ha destacats professionals de la comunicaci\u00f3 que fa temps s\u2019han erigit com actors imprescindibles tant per a la den\u00fancia com per a la transformaci\u00f3 social i la construcci\u00f3 de pau en un pa\u00eds, M\u00e8xic, on es registren greus violacions dels drets humans. El seu paper \u00e9s fonamental en la investigaci\u00f3, la documentaci\u00f3 i l\u2019an\u00e0lisi de les m\u00faltiples viol\u00e8ncies, identificar les inst\u00e0ncies responsables d\u2019aquestes viol\u00e8ncies i donar visibilitat a respostes ciutadanes i comunit\u00e0ries que s\u2019hi oposen i proposen alternatives.<\/p>\n\n\n\n<p>El f\u00f2rum s\u2019inaugurar\u00e0 el dilluns 20 de juny amb la benvinguda institucional a c\u00e0rrec dels representants de l\u2019ICIP, l\u2019Ajuntament de Barcelona i la Taula per M\u00e8xic. En la jornada inaugural participaran la directora general del Mecanisme de Protecci\u00f3 Integral de Persones Defensores de Drets Humans i Periodistes de la Ciutat de M\u00e8xic,&nbsp;<strong>Tobyanne Ledesma Rivera&nbsp;<\/strong>i el representant a M\u00e8xic de l\u2019Oficina de l\u2019Alt Comissionat de les Nacions Unides pels Drets Humans,<strong>&nbsp;Guillermo Fern\u00e1ndez-Maldonado<\/strong>. La periodista i documentalista mexicana,&nbsp;<strong>Daniela Rea<\/strong>, ser\u00e0 l\u2019encarregada de pronunciar&nbsp;la confer\u00e8ncia marc.<\/p>\n\n\n\n<p>Durant el dilluns i el dimarts 21 de juny tindran lloc diverses taules rodones en les quals participaran periodistes de M\u00e8xic, per\u00f2 tamb\u00e9 de Col\u00f2mbia, el Salvador i Catalunya. Durant els dos dies es tractar\u00e0 la situaci\u00f3 actual del periodisme cr\u00edtic a M\u00e8xic, els reptes d\u2019exercir el periodisme d\u2019investigaci\u00f3 en contextos violents, la contribuci\u00f3 del periodisme en la construcci\u00f3 de pau, l\u2019acompanyament psicosocial als i les periodistes amena\u00e7ades i els instruments de protecci\u00f3 integral a professionals de la comunicaci\u00f3 en risc.&nbsp;<\/p>\n\n\n\n<div class=\"wp-block-buttons is-content-justification-center is-layout-flex wp-container-core-buttons-is-layout-16018d1d wp-block-buttons-is-layout-flex\">\n<div class=\"wp-block-button\"><a class=\"wp-block-button__link has-black-color has-text-color has-background\" href=\"http:\/\/www.icip.cat\/wp-content\/uploads\/2022\/06\/Programa_PeriodismoyPaz.pdf\" style=\"background-color:#fee100\" target=\"_blank\" rel=\"noreferrer noopener\"><strong>PROGRAMA DEL F\u00d2RUM<\/strong><\/a><\/div>\n<\/div>\n\n\n\n<h2 class=\"wp-block-heading\">Inscriu-te aqu\u00ed<\/h2>\n\n\n","protected":false},"featured_media":28616,"template":"","class_list":["post-28910","icip_event","type-icip_event","status-publish","has-post-thumbnail","hentry"],"acf":[],"yoast_head":"<!-- This site is optimized with the Yoast SEO plugin v25.6 - https:\/\/yoast.com\/wordpress\/plugins\/seo\/ -->\n<title>F\u00f2rum sobre Periodisme i Construcci\u00f3 de Pau a M\u00e8xic - ICIP<\/title>\n<meta name=\"description\" content=\"Jornades per reflexionar sobre les necessitats que afronta el periodisme cr\u00edtic a M\u00e8xic i crear un espai de trobada entre professionals exposats a riscos i amenaces constants.\" \/>\n<meta name=\"robots\" content=\"index, follow, max-snippet:-1, max-image-preview:large, max-video-preview:-1\" \/>\n<link rel=\"canonical\" href=\"https:\/\/www.icip.cat\/ca\/event\/foroperiodismoypazmexico\/\" \/>\n<meta property=\"og:locale\" content=\"ca_ES\" \/>\n<meta property=\"og:type\" content=\"article\" \/>\n<meta property=\"og:title\" content=\"F\u00f2rum sobre Periodisme i Construcci\u00f3 de Pau a M\u00e8xic - ICIP\" \/>\n<meta property=\"og:description\" content=\"Jornades per reflexionar sobre les necessitats que afronta el periodisme cr\u00edtic a M\u00e8xic i crear un espai de trobada entre professionals exposats a riscos i amenaces constants.\" \/>\n<meta property=\"og:url\" content=\"https:\/\/www.icip.cat\/ca\/event\/foroperiodismoypazmexico\/\" \/>\n<meta property=\"og:site_name\" content=\"ICIP\" \/>\n<meta property=\"article:modified_time\" content=\"2022-06-09T21:41:19+00:00\" \/>\n<meta property=\"og:image\" content=\"https:\/\/www.icip.cat\/wp-content\/uploads\/2022\/06\/Forum-Mexic-Ma.png\" \/>\n\t<meta property=\"og:image:width\" content=\"733\" \/>\n\t<meta property=\"og:image:height\" content=\"456\" \/>\n\t<meta property=\"og:image:type\" content=\"image\/png\" \/>\n<meta name=\"twitter:card\" content=\"summary_large_image\" \/>\n<meta name=\"twitter:label1\" content=\"Temps estimat de lectura\" \/>\n\t<meta name=\"twitter:data1\" content=\"3 minuts\" \/>\n<script type=\"application\/ld+json\" class=\"yoast-schema-graph\">{\"@context\":\"https:\/\/schema.org\",\"@graph\":[{\"@type\":\"WebPage\",\"@id\":\"https:\/\/www.icip.cat\/ca\/event\/foroperiodismoypazmexico\/\",\"url\":\"https:\/\/www.icip.cat\/ca\/event\/foroperiodismoypazmexico\/\",\"name\":\"F\u00f2rum sobre Periodisme i Construcci\u00f3 de Pau a M\u00e8xic - ICIP\",\"isPartOf\":{\"@id\":\"https:\/\/www.icip.cat\/ca\/#website\"},\"primaryImageOfPage\":{\"@id\":\"https:\/\/www.icip.cat\/ca\/event\/foroperiodismoypazmexico\/#primaryimage\"},\"image\":{\"@id\":\"https:\/\/www.icip.cat\/ca\/event\/foroperiodismoypazmexico\/#primaryimage\"},\"thumbnailUrl\":\"https:\/\/www.icip.cat\/wp-content\/uploads\/2022\/06\/Forum-Mexic-Ma.png\",\"datePublished\":\"2022-06-08T10:02:26+00:00\",\"dateModified\":\"2022-06-09T21:41:19+00:00\",\"description\":\"Jornades per reflexionar sobre les necessitats que afronta el periodisme cr\u00edtic a M\u00e8xic i crear un espai de trobada entre professionals exposats a riscos i amenaces constants.\",\"inLanguage\":\"ca\",\"potentialAction\":[{\"@type\":\"ReadAction\",\"target\":[\"https:\/\/www.icip.cat\/ca\/event\/foroperiodismoypazmexico\/\"]}]},{\"@type\":\"ImageObject\",\"inLanguage\":\"ca\",\"@id\":\"https:\/\/www.icip.cat\/ca\/event\/foroperiodismoypazmexico\/#primaryimage\",\"url\":\"https:\/\/www.icip.cat\/wp-content\/uploads\/2022\/06\/Forum-Mexic-Ma.png\",\"contentUrl\":\"https:\/\/www.icip.cat\/wp-content\/uploads\/2022\/06\/Forum-Mexic-Ma.png\",\"width\":733,\"height\":456},{\"@type\":\"WebSite\",\"@id\":\"https:\/\/www.icip.cat\/ca\/#website\",\"url\":\"https:\/\/www.icip.cat\/ca\/\",\"name\":\"ICIP\",\"description\":\"\",\"publisher\":{\"@id\":\"https:\/\/www.icip.cat\/ca\/#organization\"},\"potentialAction\":[{\"@type\":\"SearchAction\",\"target\":{\"@type\":\"EntryPoint\",\"urlTemplate\":\"https:\/\/www.icip.cat\/ca\/?s={search_term_string}\"},\"query-input\":{\"@type\":\"PropertyValueSpecification\",\"valueRequired\":true,\"valueName\":\"search_term_string\"}}],\"inLanguage\":\"ca\"},{\"@type\":\"Organization\",\"@id\":\"https:\/\/www.icip.cat\/ca\/#organization\",\"name\":\"ICIP\",\"url\":\"https:\/\/www.icip.cat\/ca\/\",\"logo\":{\"@type\":\"ImageObject\",\"inLanguage\":\"ca\",\"@id\":\"https:\/\/www.icip.cat\/ca\/#\/schema\/logo\/image\/\",\"url\":\"https:\/\/www.icip.cat\/wp-content\/uploads\/2021\/02\/logo-2.png\",\"contentUrl\":\"https:\/\/www.icip.cat\/wp-content\/uploads\/2021\/02\/logo-2.png\",\"width\":562,\"height\":391,\"caption\":\"ICIP\"},\"image\":{\"@id\":\"https:\/\/www.icip.cat\/ca\/#\/schema\/logo\/image\/\"}}]}<\/script>\n<!-- \/ Yoast SEO plugin. -->","yoast_head_json":{"title":"F\u00f2rum sobre Periodisme i Construcci\u00f3 de Pau a M\u00e8xic - ICIP","description":"Jornades per reflexionar sobre les necessitats que afronta el periodisme cr\u00edtic a M\u00e8xic i crear un espai de trobada entre professionals exposats a riscos i amenaces constants.","robots":{"index":"index","follow":"follow","max-snippet":"max-snippet:-1","max-image-preview":"max-image-preview:large","max-video-preview":"max-video-preview:-1"},"canonical":"https:\/\/www.icip.cat\/ca\/event\/foroperiodismoypazmexico\/","og_locale":"ca_ES","og_type":"article","og_title":"F\u00f2rum sobre Periodisme i Construcci\u00f3 de Pau a M\u00e8xic - ICIP","og_description":"Jornades per reflexionar sobre les necessitats que afronta el periodisme cr\u00edtic a M\u00e8xic i crear un espai de trobada entre professionals exposats a riscos i amenaces constants.","og_url":"https:\/\/www.icip.cat\/ca\/event\/foroperiodismoypazmexico\/","og_site_name":"ICIP","article_modified_time":"2022-06-09T21:41:19+00:00","og_image":[{"width":733,"height":456,"url":"https:\/\/www.icip.cat\/wp-content\/uploads\/2022\/06\/Forum-Mexic-Ma.png","type":"image\/png"}],"twitter_card":"summary_large_image","twitter_misc":{"Temps estimat de lectura":"3 minuts"},"schema":{"@context":"https:\/\/schema.org","@graph":[{"@type":"WebPage","@id":"https:\/\/www.icip.cat\/ca\/event\/foroperiodismoypazmexico\/","url":"https:\/\/www.icip.cat\/ca\/event\/foroperiodismoypazmexico\/","name":"F\u00f2rum sobre Periodisme i Construcci\u00f3 de Pau a M\u00e8xic - ICIP","isPartOf":{"@id":"https:\/\/www.icip.cat\/ca\/#website"},"primaryImageOfPage":{"@id":"https:\/\/www.icip.cat\/ca\/event\/foroperiodismoypazmexico\/#primaryimage"},"image":{"@id":"https:\/\/www.icip.cat\/ca\/event\/foroperiodismoypazmexico\/#primaryimage"},"thumbnailUrl":"https:\/\/www.icip.cat\/wp-content\/uploads\/2022\/06\/Forum-Mexic-Ma.png","datePublished":"2022-06-08T10:02:26+00:00","dateModified":"2022-06-09T21:41:19+00:00","description":"Jornades per reflexionar sobre les necessitats que afronta el periodisme cr\u00edtic a M\u00e8xic i crear un espai de trobada entre professionals exposats a riscos i amenaces constants.","inLanguage":"ca","potentialAction":[{"@type":"ReadAction","target":["https:\/\/www.icip.cat\/ca\/event\/foroperiodismoypazmexico\/"]}]},{"@type":"ImageObject","inLanguage":"ca","@id":"https:\/\/www.icip.cat\/ca\/event\/foroperiodismoypazmexico\/#primaryimage","url":"https:\/\/www.icip.cat\/wp-content\/uploads\/2022\/06\/Forum-Mexic-Ma.png","contentUrl":"https:\/\/www.icip.cat\/wp-content\/uploads\/2022\/06\/Forum-Mexic-Ma.png","width":733,"height":456},{"@type":"WebSite","@id":"https:\/\/www.icip.cat\/ca\/#website","url":"https:\/\/www.icip.cat\/ca\/","name":"ICIP","description":"","publisher":{"@id":"https:\/\/www.icip.cat\/ca\/#organization"},"potentialAction":[{"@type":"SearchAction","target":{"@type":"EntryPoint","urlTemplate":"https:\/\/www.icip.cat\/ca\/?s={search_term_string}"},"query-input":{"@type":"PropertyValueSpecification","valueRequired":true,"valueName":"search_term_string"}}],"inLanguage":"ca"},{"@type":"Organization","@id":"https:\/\/www.icip.cat\/ca\/#organization","name":"ICIP","url":"https:\/\/www.icip.cat\/ca\/","logo":{"@type":"ImageObject","inLanguage":"ca","@id":"https:\/\/www.icip.cat\/ca\/#\/schema\/logo\/image\/","url":"https:\/\/www.icip.cat\/wp-content\/uploads\/2021\/02\/logo-2.png","contentUrl":"https:\/\/www.icip.cat\/wp-content\/uploads\/2021\/02\/logo-2.png","width":562,"height":391,"caption":"ICIP"},"image":{"@id":"https:\/\/www.icip.cat\/ca\/#\/schema\/logo\/image\/"}}]}},"_links":{"self":[{"href":"https:\/\/www.icip.cat\/ca\/wp-json\/wp\/v2\/icip_event\/28910","targetHints":{"allow":["GET"]}}],"collection":[{"href":"https:\/\/www.icip.cat\/ca\/wp-json\/wp\/v2\/icip_event"}],"about":[{"href":"https:\/\/www.icip.cat\/ca\/wp-json\/wp\/v2\/types\/icip_event"}],"version-history":[{"count":20,"href":"https:\/\/www.icip.cat\/ca\/wp-json\/wp\/v2\/icip_event\/28910\/revisions"}],"predecessor-version":[{"id":29011,"href":"https:\/\/www.icip.cat\/ca\/wp-json\/wp\/v2\/icip_event\/28910\/revisions\/29011"}],"wp:featuredmedia":[{"embeddable":true,"href":"https:\/\/www.icip.cat\/ca\/wp-json\/wp\/v2\/media\/28616"}],"wp:attachment":[{"href":"https:\/\/www.icip.cat\/ca\/wp-json\/wp\/v2\/media?parent=28910"}],"curies":[{"name":"wp","href":"https:\/\/api.w.org\/{rel}","templated":true}]}}