{"id":33486,"date":"2022-11-04T14:05:08","date_gmt":"2022-11-04T14:05:08","guid":{"rendered":"https:\/\/www.icip.cat\/?post_type=icip_event&#038;p=33486"},"modified":"2022-11-21T10:41:03","modified_gmt":"2022-11-21T10:41:03","slug":"presentacio-del-llibre-papers-de-pau","status":"publish","type":"icip_event","link":"https:\/\/www.icip.cat\/ca\/event\/presentacio-del-llibre-papers-de-pau\/","title":{"rendered":"Presentaci\u00f3 del llibre &#8220;Papers de Pau&#8221;"},"content":{"rendered":"\n<p>L&#8217;ICIP organitza un acte de presentaci\u00f3 del llibre <em><a href=\"https:\/\/www.icip.cat\/ca\/publication\/papers-de-pau\/\" target=\"_blank\" rel=\"noreferrer noopener\">Papers de Pau<\/a><\/em>, publicat aquesta tardor a la col\u00b7lecci\u00f3 &#8220;Cl\u00e0ssics de la Pau i la Noviol\u00e8ncia&#8221; (ICIP i Angle Editorial).<\/p>\n\n\n\n<p>Es tracta d&#8217;una recopilaci\u00f3 de textos de l&#8217;economista i activista Arcadi Oliveres que evoquen el seu pensament pacifista i la seva ingent tasca divulgadora de la cultura de pau i la just\u00edcia social. L&#8217;obra ha estat editada per <strong>Jordi Algu\u00e9<\/strong> i <strong>Mar Valldeoriola<\/strong> i cont\u00e9 41 textos, alguns d&#8217;in\u00e8dits, del fons personal d&#8217;Oliveres i de l&#8217;Arxiu Nacional de Catalunya. <\/p>\n\n\n\n<p>La selecci\u00f3 dels escrits tra\u00e7a un cam\u00ed que va de la den\u00fancia de la guerra fins a la necess\u00e0ria cultura de pau, passant per totes les possibilitats de desarmament, els referents i les entitats de pau que treballen per la just\u00edcia global. <\/p>\n\n\n\n<p>L&#8217;acte de presentaci\u00f3 tindr\u00e0 lloc a l&#8217;edifici de La Model de Barcelona, a una de les galeries, el <strong>dimarts 29 de novembre a dos quarts de 7 de la tarda<\/strong>, i comptar\u00e0 amb les intervencions dels editors del llibre i l&#8217;actuaci\u00f3 musical d<strong>&#8216;Albert Oliveres<\/strong>. <\/p>\n\n\n\n<p>En l&#8217;acte tamb\u00e9 hi participaran les entitats en les quals va participar activament l&#8217;Arcadi al llarg dels seus anys d&#8217;activisme: <strong>Eduard Ib\u00e1\u00f1ez<\/strong> (Just\u00edcia i Pau), <strong>Jessica Sotodosos<\/strong> (Universitat Internacional per la Pau), <strong>Antoni Soler<\/strong> (FundiPau) i <strong>Gabriela Serra<\/strong> (Centre Del\u00e0s d&#8217;Estudis per la Pau). <\/p>\n\n\n\n<div class=\"wp-block-image\"><figure class=\"aligncenter size-large\"><img fetchpriority=\"high\" decoding=\"async\" width=\"1024\" height=\"576\" src=\"https:\/\/www.icip.cat\/wp-content\/uploads\/2022\/11\/Targeto_Acte-29-11-1024x576.png\" alt=\"\" class=\"wp-image-33528\" srcset=\"https:\/\/www.icip.cat\/wp-content\/uploads\/2022\/11\/Targeto_Acte-29-11-1024x576.png 1024w, https:\/\/www.icip.cat\/wp-content\/uploads\/2022\/11\/Targeto_Acte-29-11-300x169.png 300w, https:\/\/www.icip.cat\/wp-content\/uploads\/2022\/11\/Targeto_Acte-29-11-768x432.png 768w, https:\/\/www.icip.cat\/wp-content\/uploads\/2022\/11\/Targeto_Acte-29-11-1536x864.png 1536w, https:\/\/www.icip.cat\/wp-content\/uploads\/2022\/11\/Targeto_Acte-29-11-2048x1152.png 2048w\" sizes=\"(max-width: 1024px) 100vw, 1024px\" \/><\/figure><\/div>\n","protected":false},"featured_media":33552,"template":"","class_list":["post-33486","icip_event","type-icip_event","status-publish","has-post-thumbnail","hentry"],"acf":[],"yoast_head":"<!-- This site is optimized with the Yoast SEO plugin v25.6 - https:\/\/yoast.com\/wordpress\/plugins\/seo\/ -->\n<title>Presentaci\u00f3 del llibre &quot;Papers de Pau&quot; - ICIP<\/title>\n<meta name=\"description\" content=\"L&#039;acte tindr\u00e0 lloc el dimarts 29 de novembre a La Model de Barcelona i comptar\u00e0 amb les intervencions dels editors del llibre.\" \/>\n<meta name=\"robots\" content=\"index, follow, max-snippet:-1, max-image-preview:large, max-video-preview:-1\" \/>\n<link rel=\"canonical\" href=\"https:\/\/www.icip.cat\/ca\/event\/presentacio-del-llibre-papers-de-pau\/\" \/>\n<meta property=\"og:locale\" content=\"ca_ES\" \/>\n<meta property=\"og:type\" content=\"article\" \/>\n<meta property=\"og:title\" content=\"Presentaci\u00f3 del llibre &quot;Papers de Pau&quot; - ICIP\" \/>\n<meta property=\"og:description\" content=\"L&#039;acte tindr\u00e0 lloc el dimarts 29 de novembre a La Model de Barcelona i comptar\u00e0 amb les intervencions dels editors del llibre.\" \/>\n<meta property=\"og:url\" content=\"https:\/\/www.icip.cat\/ca\/event\/presentacio-del-llibre-papers-de-pau\/\" \/>\n<meta property=\"og:site_name\" content=\"ICIP\" \/>\n<meta property=\"article:modified_time\" content=\"2022-11-21T10:41:03+00:00\" \/>\n<meta property=\"og:image\" content=\"https:\/\/www.icip.cat\/wp-content\/uploads\/2022\/11\/Papers-de-Pau-web.png\" \/>\n\t<meta property=\"og:image:width\" content=\"460\" \/>\n\t<meta property=\"og:image:height\" content=\"591\" \/>\n\t<meta property=\"og:image:type\" content=\"image\/png\" \/>\n<meta name=\"twitter:card\" content=\"summary_large_image\" \/>\n<meta name=\"twitter:label1\" content=\"Temps estimat de lectura\" \/>\n\t<meta name=\"twitter:data1\" content=\"2 minuts\" \/>\n<script type=\"application\/ld+json\" class=\"yoast-schema-graph\">{\"@context\":\"https:\/\/schema.org\",\"@graph\":[{\"@type\":\"WebPage\",\"@id\":\"https:\/\/www.icip.cat\/ca\/event\/presentacio-del-llibre-papers-de-pau\/\",\"url\":\"https:\/\/www.icip.cat\/ca\/event\/presentacio-del-llibre-papers-de-pau\/\",\"name\":\"Presentaci\u00f3 del llibre \\\"Papers de Pau\\\" - ICIP\",\"isPartOf\":{\"@id\":\"https:\/\/www.icip.cat\/ca\/#website\"},\"primaryImageOfPage\":{\"@id\":\"https:\/\/www.icip.cat\/ca\/event\/presentacio-del-llibre-papers-de-pau\/#primaryimage\"},\"image\":{\"@id\":\"https:\/\/www.icip.cat\/ca\/event\/presentacio-del-llibre-papers-de-pau\/#primaryimage\"},\"thumbnailUrl\":\"https:\/\/www.icip.cat\/wp-content\/uploads\/2022\/11\/Papers-de-Pau-web.png\",\"datePublished\":\"2022-11-04T14:05:08+00:00\",\"dateModified\":\"2022-11-21T10:41:03+00:00\",\"description\":\"L'acte tindr\u00e0 lloc el dimarts 29 de novembre a La Model de Barcelona i comptar\u00e0 amb les intervencions dels editors del llibre.\",\"inLanguage\":\"ca\",\"potentialAction\":[{\"@type\":\"ReadAction\",\"target\":[\"https:\/\/www.icip.cat\/ca\/event\/presentacio-del-llibre-papers-de-pau\/\"]}]},{\"@type\":\"ImageObject\",\"inLanguage\":\"ca\",\"@id\":\"https:\/\/www.icip.cat\/ca\/event\/presentacio-del-llibre-papers-de-pau\/#primaryimage\",\"url\":\"https:\/\/www.icip.cat\/wp-content\/uploads\/2022\/11\/Papers-de-Pau-web.png\",\"contentUrl\":\"https:\/\/www.icip.cat\/wp-content\/uploads\/2022\/11\/Papers-de-Pau-web.png\",\"width\":460,\"height\":591},{\"@type\":\"WebSite\",\"@id\":\"https:\/\/www.icip.cat\/ca\/#website\",\"url\":\"https:\/\/www.icip.cat\/ca\/\",\"name\":\"ICIP\",\"description\":\"\",\"publisher\":{\"@id\":\"https:\/\/www.icip.cat\/ca\/#organization\"},\"potentialAction\":[{\"@type\":\"SearchAction\",\"target\":{\"@type\":\"EntryPoint\",\"urlTemplate\":\"https:\/\/www.icip.cat\/ca\/?s={search_term_string}\"},\"query-input\":{\"@type\":\"PropertyValueSpecification\",\"valueRequired\":true,\"valueName\":\"search_term_string\"}}],\"inLanguage\":\"ca\"},{\"@type\":\"Organization\",\"@id\":\"https:\/\/www.icip.cat\/ca\/#organization\",\"name\":\"ICIP\",\"url\":\"https:\/\/www.icip.cat\/ca\/\",\"logo\":{\"@type\":\"ImageObject\",\"inLanguage\":\"ca\",\"@id\":\"https:\/\/www.icip.cat\/ca\/#\/schema\/logo\/image\/\",\"url\":\"https:\/\/www.icip.cat\/wp-content\/uploads\/2021\/02\/logo-2.png\",\"contentUrl\":\"https:\/\/www.icip.cat\/wp-content\/uploads\/2021\/02\/logo-2.png\",\"width\":562,\"height\":391,\"caption\":\"ICIP\"},\"image\":{\"@id\":\"https:\/\/www.icip.cat\/ca\/#\/schema\/logo\/image\/\"}}]}<\/script>\n<!-- \/ Yoast SEO plugin. -->","yoast_head_json":{"title":"Presentaci\u00f3 del llibre \"Papers de Pau\" - ICIP","description":"L'acte tindr\u00e0 lloc el dimarts 29 de novembre a La Model de Barcelona i comptar\u00e0 amb les intervencions dels editors del llibre.","robots":{"index":"index","follow":"follow","max-snippet":"max-snippet:-1","max-image-preview":"max-image-preview:large","max-video-preview":"max-video-preview:-1"},"canonical":"https:\/\/www.icip.cat\/ca\/event\/presentacio-del-llibre-papers-de-pau\/","og_locale":"ca_ES","og_type":"article","og_title":"Presentaci\u00f3 del llibre \"Papers de Pau\" - ICIP","og_description":"L'acte tindr\u00e0 lloc el dimarts 29 de novembre a La Model de Barcelona i comptar\u00e0 amb les intervencions dels editors del llibre.","og_url":"https:\/\/www.icip.cat\/ca\/event\/presentacio-del-llibre-papers-de-pau\/","og_site_name":"ICIP","article_modified_time":"2022-11-21T10:41:03+00:00","og_image":[{"width":460,"height":591,"url":"https:\/\/www.icip.cat\/wp-content\/uploads\/2022\/11\/Papers-de-Pau-web.png","type":"image\/png"}],"twitter_card":"summary_large_image","twitter_misc":{"Temps estimat de lectura":"2 minuts"},"schema":{"@context":"https:\/\/schema.org","@graph":[{"@type":"WebPage","@id":"https:\/\/www.icip.cat\/ca\/event\/presentacio-del-llibre-papers-de-pau\/","url":"https:\/\/www.icip.cat\/ca\/event\/presentacio-del-llibre-papers-de-pau\/","name":"Presentaci\u00f3 del llibre \"Papers de Pau\" - ICIP","isPartOf":{"@id":"https:\/\/www.icip.cat\/ca\/#website"},"primaryImageOfPage":{"@id":"https:\/\/www.icip.cat\/ca\/event\/presentacio-del-llibre-papers-de-pau\/#primaryimage"},"image":{"@id":"https:\/\/www.icip.cat\/ca\/event\/presentacio-del-llibre-papers-de-pau\/#primaryimage"},"thumbnailUrl":"https:\/\/www.icip.cat\/wp-content\/uploads\/2022\/11\/Papers-de-Pau-web.png","datePublished":"2022-11-04T14:05:08+00:00","dateModified":"2022-11-21T10:41:03+00:00","description":"L'acte tindr\u00e0 lloc el dimarts 29 de novembre a La Model de Barcelona i comptar\u00e0 amb les intervencions dels editors del llibre.","inLanguage":"ca","potentialAction":[{"@type":"ReadAction","target":["https:\/\/www.icip.cat\/ca\/event\/presentacio-del-llibre-papers-de-pau\/"]}]},{"@type":"ImageObject","inLanguage":"ca","@id":"https:\/\/www.icip.cat\/ca\/event\/presentacio-del-llibre-papers-de-pau\/#primaryimage","url":"https:\/\/www.icip.cat\/wp-content\/uploads\/2022\/11\/Papers-de-Pau-web.png","contentUrl":"https:\/\/www.icip.cat\/wp-content\/uploads\/2022\/11\/Papers-de-Pau-web.png","width":460,"height":591},{"@type":"WebSite","@id":"https:\/\/www.icip.cat\/ca\/#website","url":"https:\/\/www.icip.cat\/ca\/","name":"ICIP","description":"","publisher":{"@id":"https:\/\/www.icip.cat\/ca\/#organization"},"potentialAction":[{"@type":"SearchAction","target":{"@type":"EntryPoint","urlTemplate":"https:\/\/www.icip.cat\/ca\/?s={search_term_string}"},"query-input":{"@type":"PropertyValueSpecification","valueRequired":true,"valueName":"search_term_string"}}],"inLanguage":"ca"},{"@type":"Organization","@id":"https:\/\/www.icip.cat\/ca\/#organization","name":"ICIP","url":"https:\/\/www.icip.cat\/ca\/","logo":{"@type":"ImageObject","inLanguage":"ca","@id":"https:\/\/www.icip.cat\/ca\/#\/schema\/logo\/image\/","url":"https:\/\/www.icip.cat\/wp-content\/uploads\/2021\/02\/logo-2.png","contentUrl":"https:\/\/www.icip.cat\/wp-content\/uploads\/2021\/02\/logo-2.png","width":562,"height":391,"caption":"ICIP"},"image":{"@id":"https:\/\/www.icip.cat\/ca\/#\/schema\/logo\/image\/"}}]}},"_links":{"self":[{"href":"https:\/\/www.icip.cat\/ca\/wp-json\/wp\/v2\/icip_event\/33486","targetHints":{"allow":["GET"]}}],"collection":[{"href":"https:\/\/www.icip.cat\/ca\/wp-json\/wp\/v2\/icip_event"}],"about":[{"href":"https:\/\/www.icip.cat\/ca\/wp-json\/wp\/v2\/types\/icip_event"}],"version-history":[{"count":10,"href":"https:\/\/www.icip.cat\/ca\/wp-json\/wp\/v2\/icip_event\/33486\/revisions"}],"predecessor-version":[{"id":41301,"href":"https:\/\/www.icip.cat\/ca\/wp-json\/wp\/v2\/icip_event\/33486\/revisions\/41301"}],"wp:featuredmedia":[{"embeddable":true,"href":"https:\/\/www.icip.cat\/ca\/wp-json\/wp\/v2\/media\/33552"}],"wp:attachment":[{"href":"https:\/\/www.icip.cat\/ca\/wp-json\/wp\/v2\/media?parent=33486"}],"curies":[{"name":"wp","href":"https:\/\/api.w.org\/{rel}","templated":true}]}}