{"id":35300,"date":"2023-02-15T13:22:04","date_gmt":"2023-02-15T13:22:04","guid":{"rendered":"https:\/\/www.icip.cat\/?post_type=icip_event&#038;p=35300"},"modified":"2023-02-21T12:52:48","modified_gmt":"2023-02-21T12:52:48","slug":"jornada-politiques-locals-de-seguretat-humana-i-comunitaria","status":"publish","type":"icip_event","link":"https:\/\/www.icip.cat\/ca\/event\/jornada-politiques-locals-de-seguretat-humana-i-comunitaria\/","title":{"rendered":"Jornada: &#8220;Pol\u00edtiques locals de seguretat humana i comunit\u00e0ria&#8221;"},"content":{"rendered":"\n<p>L&#8217;ICIP ha publicat un nou llibre de la col\u00b7lecci\u00f3 &#8220;Eines de pau, seguretat i just\u00edcia&#8221;. Es titula <em>P<a href=\"https:\/\/www.icip.cat\/ca\/publication\/politiques-locals-de-seguretat-humana-i-comunitaria\/\" target=\"_blank\" rel=\"noreferrer noopener\">ol\u00edtiques locals de seguretat humana i comunit\u00e0ria. Bones pr\u00e0ctiques a la demarcaci\u00f3 de Barcelona<\/a><\/em>, de la investigadora Nora Miralles Crespo. <\/p>\n\n\n\n<p>Coincidint amb la publicaci\u00f3 del nou volum, l&#8217;ICIP vol promoure un espai de reflexi\u00f3 col\u00b7lectiva sobre la potencialitat que t\u00e9 l\u2019\u00e0mbit local per transformar la (in)seguretat de les persones.<\/p>\n\n\n\n<p>Per aquest motiu l&#8217;\u00e0rea de treball &#8220;<a href=\"https:\/\/www.icip.cat\/ca\/alternatives-de-seguretat\/\" target=\"_blank\" rel=\"noreferrer noopener\">Alternatives de Seguretat<\/a>&#8221; de l&#8217;ICIP ha organitzat una jornada de treball on s\u2019exposaran pr\u00e0ctiques municipals que contribueixen al desenvolupament de pol\u00edtiques p\u00fabliques de seguretat que tenen com a punt de partida l\u2019atenci\u00f3 a les necessitats humanes i la interrelaci\u00f3 entre actors institucionals i comunitaris. S\u00f3n iniciatives que es basen en la cultura de pau i la defensa dels drets humans i que defugen de la cultura merament punitiva. L\u2019espai busca visibilitzar eines de gesti\u00f3 de conflictes no \u00fanicament policials i que impliquin la ciutadania en el disseny de pol\u00edtiques.<\/p>\n\n\n\n<p>La jornada tindr\u00e0 lloc el divendres 3 de mar\u00e7 de 2023 de les 11h a les 13.30h a la sala d&#8217;actes de La Model (Enten\u00e7a 155, Barcelona). En <a href=\"http:\/\/www.icip.cat\/wp-content\/uploads\/2023\/02\/Programa-Eines-28-VF.pdf\" target=\"_blank\" rel=\"noreferrer noopener\">aquest enlla\u00e7<\/a> trobareu el programa. <\/p>\n\n\n\n<p>Les persones interessades en participar en la jornada cal que s&#8217;inscriguin a trav\u00e9s del seg\u00fcent formulari:<\/p>\n\n\n","protected":false},"featured_media":35307,"template":"","class_list":["post-35300","icip_event","type-icip_event","status-publish","has-post-thumbnail","hentry"],"acf":[],"yoast_head":"<!-- This site is optimized with the Yoast SEO plugin v25.6 - https:\/\/yoast.com\/wordpress\/plugins\/seo\/ -->\n<title>Jornada: &quot;Pol\u00edtiques locals de seguretat humana i comunit\u00e0ria&quot; - ICIP<\/title>\n<meta name=\"description\" content=\"Jornada de treball on s\u2019exposaran pr\u00e0ctiques municipals que contribueixen al desenvolupament de pol\u00edtiques p\u00fabliques de seguretat.\" \/>\n<meta name=\"robots\" content=\"index, follow, max-snippet:-1, max-image-preview:large, max-video-preview:-1\" \/>\n<link rel=\"canonical\" href=\"https:\/\/www.icip.cat\/ca\/event\/jornada-politiques-locals-de-seguretat-humana-i-comunitaria\/\" \/>\n<meta property=\"og:locale\" content=\"ca_ES\" \/>\n<meta property=\"og:type\" content=\"article\" \/>\n<meta property=\"og:title\" content=\"Jornada: &quot;Pol\u00edtiques locals de seguretat humana i comunit\u00e0ria&quot; - ICIP\" \/>\n<meta property=\"og:description\" content=\"Jornada de treball on s\u2019exposaran pr\u00e0ctiques municipals que contribueixen al desenvolupament de pol\u00edtiques p\u00fabliques de seguretat.\" \/>\n<meta property=\"og:url\" content=\"https:\/\/www.icip.cat\/ca\/event\/jornada-politiques-locals-de-seguretat-humana-i-comunitaria\/\" \/>\n<meta property=\"og:site_name\" content=\"ICIP\" \/>\n<meta property=\"article:modified_time\" content=\"2023-02-21T12:52:48+00:00\" \/>\n<meta property=\"og:image\" content=\"https:\/\/www.icip.cat\/wp-content\/uploads\/2023\/02\/Eines-Screenshot.png\" \/>\n\t<meta property=\"og:image:width\" content=\"786\" \/>\n\t<meta property=\"og:image:height\" content=\"684\" \/>\n\t<meta property=\"og:image:type\" content=\"image\/png\" \/>\n<meta name=\"twitter:card\" content=\"summary_large_image\" \/>\n<meta name=\"twitter:label1\" content=\"Temps estimat de lectura\" \/>\n\t<meta name=\"twitter:data1\" content=\"2 minuts\" \/>\n<script type=\"application\/ld+json\" class=\"yoast-schema-graph\">{\"@context\":\"https:\/\/schema.org\",\"@graph\":[{\"@type\":\"WebPage\",\"@id\":\"https:\/\/www.icip.cat\/ca\/event\/jornada-politiques-locals-de-seguretat-humana-i-comunitaria\/\",\"url\":\"https:\/\/www.icip.cat\/ca\/event\/jornada-politiques-locals-de-seguretat-humana-i-comunitaria\/\",\"name\":\"Jornada: \\\"Pol\u00edtiques locals de seguretat humana i comunit\u00e0ria\\\" - ICIP\",\"isPartOf\":{\"@id\":\"https:\/\/www.icip.cat\/ca\/#website\"},\"primaryImageOfPage\":{\"@id\":\"https:\/\/www.icip.cat\/ca\/event\/jornada-politiques-locals-de-seguretat-humana-i-comunitaria\/#primaryimage\"},\"image\":{\"@id\":\"https:\/\/www.icip.cat\/ca\/event\/jornada-politiques-locals-de-seguretat-humana-i-comunitaria\/#primaryimage\"},\"thumbnailUrl\":\"https:\/\/www.icip.cat\/wp-content\/uploads\/2023\/02\/Eines-Screenshot.png\",\"datePublished\":\"2023-02-15T13:22:04+00:00\",\"dateModified\":\"2023-02-21T12:52:48+00:00\",\"description\":\"Jornada de treball on s\u2019exposaran pr\u00e0ctiques municipals que contribueixen al desenvolupament de pol\u00edtiques p\u00fabliques de seguretat.\",\"inLanguage\":\"ca\",\"potentialAction\":[{\"@type\":\"ReadAction\",\"target\":[\"https:\/\/www.icip.cat\/ca\/event\/jornada-politiques-locals-de-seguretat-humana-i-comunitaria\/\"]}]},{\"@type\":\"ImageObject\",\"inLanguage\":\"ca\",\"@id\":\"https:\/\/www.icip.cat\/ca\/event\/jornada-politiques-locals-de-seguretat-humana-i-comunitaria\/#primaryimage\",\"url\":\"https:\/\/www.icip.cat\/wp-content\/uploads\/2023\/02\/Eines-Screenshot.png\",\"contentUrl\":\"https:\/\/www.icip.cat\/wp-content\/uploads\/2023\/02\/Eines-Screenshot.png\",\"width\":786,\"height\":684},{\"@type\":\"WebSite\",\"@id\":\"https:\/\/www.icip.cat\/ca\/#website\",\"url\":\"https:\/\/www.icip.cat\/ca\/\",\"name\":\"ICIP\",\"description\":\"\",\"publisher\":{\"@id\":\"https:\/\/www.icip.cat\/ca\/#organization\"},\"potentialAction\":[{\"@type\":\"SearchAction\",\"target\":{\"@type\":\"EntryPoint\",\"urlTemplate\":\"https:\/\/www.icip.cat\/ca\/?s={search_term_string}\"},\"query-input\":{\"@type\":\"PropertyValueSpecification\",\"valueRequired\":true,\"valueName\":\"search_term_string\"}}],\"inLanguage\":\"ca\"},{\"@type\":\"Organization\",\"@id\":\"https:\/\/www.icip.cat\/ca\/#organization\",\"name\":\"ICIP\",\"url\":\"https:\/\/www.icip.cat\/ca\/\",\"logo\":{\"@type\":\"ImageObject\",\"inLanguage\":\"ca\",\"@id\":\"https:\/\/www.icip.cat\/ca\/#\/schema\/logo\/image\/\",\"url\":\"https:\/\/www.icip.cat\/wp-content\/uploads\/2021\/02\/logo-2.png\",\"contentUrl\":\"https:\/\/www.icip.cat\/wp-content\/uploads\/2021\/02\/logo-2.png\",\"width\":562,\"height\":391,\"caption\":\"ICIP\"},\"image\":{\"@id\":\"https:\/\/www.icip.cat\/ca\/#\/schema\/logo\/image\/\"}}]}<\/script>\n<!-- \/ Yoast SEO plugin. -->","yoast_head_json":{"title":"Jornada: \"Pol\u00edtiques locals de seguretat humana i comunit\u00e0ria\" - ICIP","description":"Jornada de treball on s\u2019exposaran pr\u00e0ctiques municipals que contribueixen al desenvolupament de pol\u00edtiques p\u00fabliques de seguretat.","robots":{"index":"index","follow":"follow","max-snippet":"max-snippet:-1","max-image-preview":"max-image-preview:large","max-video-preview":"max-video-preview:-1"},"canonical":"https:\/\/www.icip.cat\/ca\/event\/jornada-politiques-locals-de-seguretat-humana-i-comunitaria\/","og_locale":"ca_ES","og_type":"article","og_title":"Jornada: \"Pol\u00edtiques locals de seguretat humana i comunit\u00e0ria\" - ICIP","og_description":"Jornada de treball on s\u2019exposaran pr\u00e0ctiques municipals que contribueixen al desenvolupament de pol\u00edtiques p\u00fabliques de seguretat.","og_url":"https:\/\/www.icip.cat\/ca\/event\/jornada-politiques-locals-de-seguretat-humana-i-comunitaria\/","og_site_name":"ICIP","article_modified_time":"2023-02-21T12:52:48+00:00","og_image":[{"width":786,"height":684,"url":"https:\/\/www.icip.cat\/wp-content\/uploads\/2023\/02\/Eines-Screenshot.png","type":"image\/png"}],"twitter_card":"summary_large_image","twitter_misc":{"Temps estimat de lectura":"2 minuts"},"schema":{"@context":"https:\/\/schema.org","@graph":[{"@type":"WebPage","@id":"https:\/\/www.icip.cat\/ca\/event\/jornada-politiques-locals-de-seguretat-humana-i-comunitaria\/","url":"https:\/\/www.icip.cat\/ca\/event\/jornada-politiques-locals-de-seguretat-humana-i-comunitaria\/","name":"Jornada: \"Pol\u00edtiques locals de seguretat humana i comunit\u00e0ria\" - ICIP","isPartOf":{"@id":"https:\/\/www.icip.cat\/ca\/#website"},"primaryImageOfPage":{"@id":"https:\/\/www.icip.cat\/ca\/event\/jornada-politiques-locals-de-seguretat-humana-i-comunitaria\/#primaryimage"},"image":{"@id":"https:\/\/www.icip.cat\/ca\/event\/jornada-politiques-locals-de-seguretat-humana-i-comunitaria\/#primaryimage"},"thumbnailUrl":"https:\/\/www.icip.cat\/wp-content\/uploads\/2023\/02\/Eines-Screenshot.png","datePublished":"2023-02-15T13:22:04+00:00","dateModified":"2023-02-21T12:52:48+00:00","description":"Jornada de treball on s\u2019exposaran pr\u00e0ctiques municipals que contribueixen al desenvolupament de pol\u00edtiques p\u00fabliques de seguretat.","inLanguage":"ca","potentialAction":[{"@type":"ReadAction","target":["https:\/\/www.icip.cat\/ca\/event\/jornada-politiques-locals-de-seguretat-humana-i-comunitaria\/"]}]},{"@type":"ImageObject","inLanguage":"ca","@id":"https:\/\/www.icip.cat\/ca\/event\/jornada-politiques-locals-de-seguretat-humana-i-comunitaria\/#primaryimage","url":"https:\/\/www.icip.cat\/wp-content\/uploads\/2023\/02\/Eines-Screenshot.png","contentUrl":"https:\/\/www.icip.cat\/wp-content\/uploads\/2023\/02\/Eines-Screenshot.png","width":786,"height":684},{"@type":"WebSite","@id":"https:\/\/www.icip.cat\/ca\/#website","url":"https:\/\/www.icip.cat\/ca\/","name":"ICIP","description":"","publisher":{"@id":"https:\/\/www.icip.cat\/ca\/#organization"},"potentialAction":[{"@type":"SearchAction","target":{"@type":"EntryPoint","urlTemplate":"https:\/\/www.icip.cat\/ca\/?s={search_term_string}"},"query-input":{"@type":"PropertyValueSpecification","valueRequired":true,"valueName":"search_term_string"}}],"inLanguage":"ca"},{"@type":"Organization","@id":"https:\/\/www.icip.cat\/ca\/#organization","name":"ICIP","url":"https:\/\/www.icip.cat\/ca\/","logo":{"@type":"ImageObject","inLanguage":"ca","@id":"https:\/\/www.icip.cat\/ca\/#\/schema\/logo\/image\/","url":"https:\/\/www.icip.cat\/wp-content\/uploads\/2021\/02\/logo-2.png","contentUrl":"https:\/\/www.icip.cat\/wp-content\/uploads\/2021\/02\/logo-2.png","width":562,"height":391,"caption":"ICIP"},"image":{"@id":"https:\/\/www.icip.cat\/ca\/#\/schema\/logo\/image\/"}}]}},"_links":{"self":[{"href":"https:\/\/www.icip.cat\/ca\/wp-json\/wp\/v2\/icip_event\/35300","targetHints":{"allow":["GET"]}}],"collection":[{"href":"https:\/\/www.icip.cat\/ca\/wp-json\/wp\/v2\/icip_event"}],"about":[{"href":"https:\/\/www.icip.cat\/ca\/wp-json\/wp\/v2\/types\/icip_event"}],"version-history":[{"count":9,"href":"https:\/\/www.icip.cat\/ca\/wp-json\/wp\/v2\/icip_event\/35300\/revisions"}],"predecessor-version":[{"id":35763,"href":"https:\/\/www.icip.cat\/ca\/wp-json\/wp\/v2\/icip_event\/35300\/revisions\/35763"}],"wp:featuredmedia":[{"embeddable":true,"href":"https:\/\/www.icip.cat\/ca\/wp-json\/wp\/v2\/media\/35307"}],"wp:attachment":[{"href":"https:\/\/www.icip.cat\/ca\/wp-json\/wp\/v2\/media?parent=35300"}],"curies":[{"name":"wp","href":"https:\/\/api.w.org\/{rel}","templated":true}]}}