{"id":38865,"date":"2023-08-01T07:32:40","date_gmt":"2023-08-01T07:32:40","guid":{"rendered":"https:\/\/www.icip.cat\/?post_type=icip_event&#038;p=38865"},"modified":"2023-09-29T11:12:27","modified_gmt":"2023-09-29T11:12:27","slug":"arteria-hip-hop","status":"publish","type":"icip_event","link":"https:\/\/www.icip.cat\/ca\/event\/arteria-hip-hop\/","title":{"rendered":"Trobada internacional Art\u00e8ria Hip Hop"},"content":{"rendered":"\n<p>L&#8217;ICIP, l\u2019<a href=\"https:\/\/dretssocials.gencat.cat\/ca\/agenciajoventut\/index.html\" target=\"_blank\" rel=\"noreferrer noopener\">Ag\u00e8ncia Catalana de la Joventut<\/a> i l\u2019<a href=\"https:\/\/cooperaciocatalana.gencat.cat\/ca\/qui-som\/agencia_catalana_de_cooperacio_al_desenvolupament\/index.html\" target=\"_blank\" rel=\"noreferrer noopener\">Ag\u00e8ncia Catalana de Cooperaci\u00f3 al Desenvolupament<\/a> estan preparant per al pr\u00f2xim mes d&#8217;octubre una trobada internacional de persones i col\u00b7lectius implicats en projectes de cultura de pau i educaci\u00f3 transformadora a trav\u00e9s de les diferents expressions art\u00edstiques del hip-hop. La iniciativa compta amb el suport de les entitats <a href=\"https:\/\/versembrant.cat\/\" target=\"_blank\" rel=\"noreferrer noopener\">Versembrant<\/a>, <a href=\"https:\/\/www.instagram.com\/heal_hop\/\" target=\"_blank\" rel=\"noreferrer noopener\">Heal Hop<\/a> i <a href=\"https:\/\/erolurba.org\/\" target=\"_blank\" rel=\"noreferrer noopener\">Erol Urb\u00e0<\/a> i porta per nom Art\u00e8ria Hip Hop. <\/p>\n\n\n\n<p>Aquesta trobada tindr\u00e0 lloc a Barcelona del 5 al 7 d\u2019octubre i compta amb la col\u00b7laboraci\u00f3 i participaci\u00f3 d\u2019actors catalans amb experi\u00e8ncia en aquest \u00e0mbit. <\/p>\n\n\n\n<p>Entre els objectius d&#8217;aquesta trobada hi ha generar un espai d\u2019intercanvi d\u2019experi\u00e8ncies \u2013locals i internacionals\u2013 d\u2019educaci\u00f3 transformadora a trav\u00e9s del hip-hop i aportar bones idees per millorar les pr\u00e0ctiques educatives dels participants i del p\u00fablic, a m\u00e9s d&#8217;evidenciar la cultura hip-hop com una eina educativa i transformadora v\u00e0lida per afrontar els reptes de l&#8217;educaci\u00f3 i per promoure valors i pr\u00e0ctiques associats a la cultura de pau.&nbsp;<\/p>\n\n\n\n<p>La trobada combinar\u00e0 activitats internes pensades per a una delegaci\u00f3 internacional d&#8217;una trentena de persones, i activitats obertes amb una mirada global pensades per a una audi\u00e8ncia especialitzada i per a la ciutadania jove en general. <\/p>\n\n\n\n<p>Trobareu m\u00e9s informaci\u00f3 sobre l&#8217;Art\u00e8ria Hip-Hop en <a href=\"https:\/\/www.icip.cat\/ca\/arteria-hip-hop\/\" target=\"_blank\" rel=\"noreferrer noopener\">aquest enlla\u00e7<\/a>. <\/p>\n\n\n\n<p><em>At\u00e8s que l\u2019aforament \u00e9s limitat, us demanem si us plau inscriure\u2019s abans del dia 3 d&#8217;octubre. A tal fi, ompliu el seg\u00fcent formulari:<\/em><\/p>\n\n\n","protected":false},"featured_media":38866,"template":"","class_list":["post-38865","icip_event","type-icip_event","status-publish","has-post-thumbnail","hentry"],"acf":[],"yoast_head":"<!-- This site is optimized with the Yoast SEO plugin v25.6 - https:\/\/yoast.com\/wordpress\/plugins\/seo\/ -->\n<title>Trobada internacional Art\u00e8ria Hip Hop - ICIP<\/title>\n<meta name=\"description\" content=\"La trobada tindr\u00e0 lloc a Barcelona del 5 al 7 d\u2019octubre i reunir\u00e0 persones i col\u00b7lectius implicats en projectes de cultura de pau.\" \/>\n<meta name=\"robots\" content=\"index, follow, max-snippet:-1, max-image-preview:large, max-video-preview:-1\" \/>\n<link rel=\"canonical\" href=\"https:\/\/www.icip.cat\/ca\/event\/arteria-hip-hop\/\" \/>\n<meta property=\"og:locale\" content=\"ca_ES\" \/>\n<meta property=\"og:type\" content=\"article\" \/>\n<meta property=\"og:title\" content=\"Trobada internacional Art\u00e8ria Hip Hop - ICIP\" \/>\n<meta property=\"og:description\" content=\"La trobada tindr\u00e0 lloc a Barcelona del 5 al 7 d\u2019octubre i reunir\u00e0 persones i col\u00b7lectius implicats en projectes de cultura de pau.\" \/>\n<meta property=\"og:url\" content=\"https:\/\/www.icip.cat\/ca\/event\/arteria-hip-hop\/\" \/>\n<meta property=\"og:site_name\" content=\"ICIP\" \/>\n<meta property=\"article:modified_time\" content=\"2023-09-29T11:12:27+00:00\" \/>\n<meta property=\"og:image\" content=\"https:\/\/www.icip.cat\/wp-content\/uploads\/2023\/08\/Logo-Principal-Arteria.jpg\" \/>\n\t<meta property=\"og:image:width\" content=\"1754\" \/>\n\t<meta property=\"og:image:height\" content=\"1241\" \/>\n\t<meta property=\"og:image:type\" content=\"image\/jpeg\" \/>\n<meta name=\"twitter:card\" content=\"summary_large_image\" \/>\n<meta name=\"twitter:label1\" content=\"Temps estimat de lectura\" \/>\n\t<meta name=\"twitter:data1\" content=\"2 minuts\" \/>\n<script type=\"application\/ld+json\" class=\"yoast-schema-graph\">{\"@context\":\"https:\/\/schema.org\",\"@graph\":[{\"@type\":\"WebPage\",\"@id\":\"https:\/\/www.icip.cat\/ca\/event\/arteria-hip-hop\/\",\"url\":\"https:\/\/www.icip.cat\/ca\/event\/arteria-hip-hop\/\",\"name\":\"Trobada internacional Art\u00e8ria Hip Hop - ICIP\",\"isPartOf\":{\"@id\":\"https:\/\/www.icip.cat\/ca\/#website\"},\"primaryImageOfPage\":{\"@id\":\"https:\/\/www.icip.cat\/ca\/event\/arteria-hip-hop\/#primaryimage\"},\"image\":{\"@id\":\"https:\/\/www.icip.cat\/ca\/event\/arteria-hip-hop\/#primaryimage\"},\"thumbnailUrl\":\"https:\/\/www.icip.cat\/wp-content\/uploads\/2023\/08\/Logo-Principal-Arteria.jpg\",\"datePublished\":\"2023-08-01T07:32:40+00:00\",\"dateModified\":\"2023-09-29T11:12:27+00:00\",\"description\":\"La trobada tindr\u00e0 lloc a Barcelona del 5 al 7 d\u2019octubre i reunir\u00e0 persones i col\u00b7lectius implicats en projectes de cultura de pau.\",\"inLanguage\":\"ca\",\"potentialAction\":[{\"@type\":\"ReadAction\",\"target\":[\"https:\/\/www.icip.cat\/ca\/event\/arteria-hip-hop\/\"]}]},{\"@type\":\"ImageObject\",\"inLanguage\":\"ca\",\"@id\":\"https:\/\/www.icip.cat\/ca\/event\/arteria-hip-hop\/#primaryimage\",\"url\":\"https:\/\/www.icip.cat\/wp-content\/uploads\/2023\/08\/Logo-Principal-Arteria.jpg\",\"contentUrl\":\"https:\/\/www.icip.cat\/wp-content\/uploads\/2023\/08\/Logo-Principal-Arteria.jpg\",\"width\":1754,\"height\":1241},{\"@type\":\"WebSite\",\"@id\":\"https:\/\/www.icip.cat\/ca\/#website\",\"url\":\"https:\/\/www.icip.cat\/ca\/\",\"name\":\"ICIP\",\"description\":\"\",\"publisher\":{\"@id\":\"https:\/\/www.icip.cat\/ca\/#organization\"},\"potentialAction\":[{\"@type\":\"SearchAction\",\"target\":{\"@type\":\"EntryPoint\",\"urlTemplate\":\"https:\/\/www.icip.cat\/ca\/?s={search_term_string}\"},\"query-input\":{\"@type\":\"PropertyValueSpecification\",\"valueRequired\":true,\"valueName\":\"search_term_string\"}}],\"inLanguage\":\"ca\"},{\"@type\":\"Organization\",\"@id\":\"https:\/\/www.icip.cat\/ca\/#organization\",\"name\":\"ICIP\",\"url\":\"https:\/\/www.icip.cat\/ca\/\",\"logo\":{\"@type\":\"ImageObject\",\"inLanguage\":\"ca\",\"@id\":\"https:\/\/www.icip.cat\/ca\/#\/schema\/logo\/image\/\",\"url\":\"https:\/\/www.icip.cat\/wp-content\/uploads\/2021\/02\/logo-2.png\",\"contentUrl\":\"https:\/\/www.icip.cat\/wp-content\/uploads\/2021\/02\/logo-2.png\",\"width\":562,\"height\":391,\"caption\":\"ICIP\"},\"image\":{\"@id\":\"https:\/\/www.icip.cat\/ca\/#\/schema\/logo\/image\/\"}}]}<\/script>\n<!-- \/ Yoast SEO plugin. -->","yoast_head_json":{"title":"Trobada internacional Art\u00e8ria Hip Hop - ICIP","description":"La trobada tindr\u00e0 lloc a Barcelona del 5 al 7 d\u2019octubre i reunir\u00e0 persones i col\u00b7lectius implicats en projectes de cultura de pau.","robots":{"index":"index","follow":"follow","max-snippet":"max-snippet:-1","max-image-preview":"max-image-preview:large","max-video-preview":"max-video-preview:-1"},"canonical":"https:\/\/www.icip.cat\/ca\/event\/arteria-hip-hop\/","og_locale":"ca_ES","og_type":"article","og_title":"Trobada internacional Art\u00e8ria Hip Hop - ICIP","og_description":"La trobada tindr\u00e0 lloc a Barcelona del 5 al 7 d\u2019octubre i reunir\u00e0 persones i col\u00b7lectius implicats en projectes de cultura de pau.","og_url":"https:\/\/www.icip.cat\/ca\/event\/arteria-hip-hop\/","og_site_name":"ICIP","article_modified_time":"2023-09-29T11:12:27+00:00","og_image":[{"width":1754,"height":1241,"url":"https:\/\/www.icip.cat\/wp-content\/uploads\/2023\/08\/Logo-Principal-Arteria.jpg","type":"image\/jpeg"}],"twitter_card":"summary_large_image","twitter_misc":{"Temps estimat de lectura":"2 minuts"},"schema":{"@context":"https:\/\/schema.org","@graph":[{"@type":"WebPage","@id":"https:\/\/www.icip.cat\/ca\/event\/arteria-hip-hop\/","url":"https:\/\/www.icip.cat\/ca\/event\/arteria-hip-hop\/","name":"Trobada internacional Art\u00e8ria Hip Hop - ICIP","isPartOf":{"@id":"https:\/\/www.icip.cat\/ca\/#website"},"primaryImageOfPage":{"@id":"https:\/\/www.icip.cat\/ca\/event\/arteria-hip-hop\/#primaryimage"},"image":{"@id":"https:\/\/www.icip.cat\/ca\/event\/arteria-hip-hop\/#primaryimage"},"thumbnailUrl":"https:\/\/www.icip.cat\/wp-content\/uploads\/2023\/08\/Logo-Principal-Arteria.jpg","datePublished":"2023-08-01T07:32:40+00:00","dateModified":"2023-09-29T11:12:27+00:00","description":"La trobada tindr\u00e0 lloc a Barcelona del 5 al 7 d\u2019octubre i reunir\u00e0 persones i col\u00b7lectius implicats en projectes de cultura de pau.","inLanguage":"ca","potentialAction":[{"@type":"ReadAction","target":["https:\/\/www.icip.cat\/ca\/event\/arteria-hip-hop\/"]}]},{"@type":"ImageObject","inLanguage":"ca","@id":"https:\/\/www.icip.cat\/ca\/event\/arteria-hip-hop\/#primaryimage","url":"https:\/\/www.icip.cat\/wp-content\/uploads\/2023\/08\/Logo-Principal-Arteria.jpg","contentUrl":"https:\/\/www.icip.cat\/wp-content\/uploads\/2023\/08\/Logo-Principal-Arteria.jpg","width":1754,"height":1241},{"@type":"WebSite","@id":"https:\/\/www.icip.cat\/ca\/#website","url":"https:\/\/www.icip.cat\/ca\/","name":"ICIP","description":"","publisher":{"@id":"https:\/\/www.icip.cat\/ca\/#organization"},"potentialAction":[{"@type":"SearchAction","target":{"@type":"EntryPoint","urlTemplate":"https:\/\/www.icip.cat\/ca\/?s={search_term_string}"},"query-input":{"@type":"PropertyValueSpecification","valueRequired":true,"valueName":"search_term_string"}}],"inLanguage":"ca"},{"@type":"Organization","@id":"https:\/\/www.icip.cat\/ca\/#organization","name":"ICIP","url":"https:\/\/www.icip.cat\/ca\/","logo":{"@type":"ImageObject","inLanguage":"ca","@id":"https:\/\/www.icip.cat\/ca\/#\/schema\/logo\/image\/","url":"https:\/\/www.icip.cat\/wp-content\/uploads\/2021\/02\/logo-2.png","contentUrl":"https:\/\/www.icip.cat\/wp-content\/uploads\/2021\/02\/logo-2.png","width":562,"height":391,"caption":"ICIP"},"image":{"@id":"https:\/\/www.icip.cat\/ca\/#\/schema\/logo\/image\/"}}]}},"_links":{"self":[{"href":"https:\/\/www.icip.cat\/ca\/wp-json\/wp\/v2\/icip_event\/38865","targetHints":{"allow":["GET"]}}],"collection":[{"href":"https:\/\/www.icip.cat\/ca\/wp-json\/wp\/v2\/icip_event"}],"about":[{"href":"https:\/\/www.icip.cat\/ca\/wp-json\/wp\/v2\/types\/icip_event"}],"version-history":[{"count":12,"href":"https:\/\/www.icip.cat\/ca\/wp-json\/wp\/v2\/icip_event\/38865\/revisions"}],"predecessor-version":[{"id":39782,"href":"https:\/\/www.icip.cat\/ca\/wp-json\/wp\/v2\/icip_event\/38865\/revisions\/39782"}],"wp:featuredmedia":[{"embeddable":true,"href":"https:\/\/www.icip.cat\/ca\/wp-json\/wp\/v2\/media\/38866"}],"wp:attachment":[{"href":"https:\/\/www.icip.cat\/ca\/wp-json\/wp\/v2\/media?parent=38865"}],"curies":[{"name":"wp","href":"https:\/\/api.w.org\/{rel}","templated":true}]}}