{"id":43161,"date":"2024-01-19T12:06:48","date_gmt":"2024-01-19T12:06:48","guid":{"rendered":"https:\/\/www.icip.cat\/?post_type=icip_event&#038;p=43161"},"modified":"2024-03-04T11:56:37","modified_gmt":"2024-03-04T11:56:37","slug":"club-de-lectura-sobre-pau-per-a-families-dalumnes-i-professorat","status":"publish","type":"icip_event","link":"https:\/\/www.icip.cat\/ca\/event\/club-de-lectura-sobre-pau-per-a-families-dalumnes-i-professorat\/","title":{"rendered":"Club de lectura sobre pau per a fam\u00edlies d&#8217;alumnes i professorat"},"content":{"rendered":"\n<p>L&#8217;ICIP, l&#8217;associaci\u00f3 Fam\u00edlies per la Pau, l&#8217;aFFaC-Associacions Federades de Fam\u00edlies d&#8217;Alumnes de Catalunya i la llibreria <a href=\"https:\/\/www.laimpossible.cat\/\" target=\"_blank\" rel=\"noreferrer noopener\">La Impossible<\/a> organitzen un club de lectura amb dues sessions sobre pau per a fam\u00edlies d&#8217;alumnes i professorat. Ser\u00e0 el dimecres 6 de mar\u00e7 i el dilluns 27 de maig de 2024 a les 18.30h a la llibreria del carrer Proven\u00e7a, 232.<\/p>\n\n\n\n<p>En la primera cita, el dimecres 6 de mar\u00e7, es parlar\u00e0 del llibre <em><a href=\"https:\/\/www.icip.cat\/ca\/publication\/papers-de-pau\/\" target=\"_blank\" rel=\"noreferrer noopener\">Papers de Pau<\/a><\/em>, d&#8217;<strong>Arcadi Oliveres<\/strong>. Es tracta d&#8217;una recopilaci\u00f3 del llegat pacifista d\u2019Oliveres (1945-2021) que reuneix bona part del seu pensament per a la construcci\u00f3 d\u2019un m\u00f3n m\u00e9s just i hum\u00e0. La selecci\u00f3 de textos, alguns in\u00e8dits,\u00a0la van fer <strong>Jordi Algu\u00e9<\/strong> i <strong>Mar Valldeoriola<\/strong>, que seran les persones encarregades de conduir el club de lectura. <\/p>\n\n\n\n<p>La segona sessi\u00f3, el dilluns 27 de maig, estar\u00e0 dedicada al llibre<a href=\"https:\/\/www.icip.cat\/ca\/publication\/jo-se-per-que-canta-locell-engabiat\/\" target=\"_blank\" rel=\"noreferrer noopener\"> <em>Jo s\u00e9 per qu\u00e8 canta l&#8217;ocell engabiat<\/em><\/a>, de <strong>Maya Angelou<\/strong>. Es tracta de, primer volum de les novel\u00b7les autobiogr\u00e0fiques que van catapultar Angelou, nascuda el 1928, com una veu reconeixible a tot el m\u00f3n. Publicada el 1969, narra la seva dur\u00edssima inf\u00e0ncia en un poblet d\u2019Arkansas i la seva adolesc\u00e8ncia en diverses ciutats de Calif\u00f2rnia. L&#8217;acte ser\u00e0 condu\u00eft per <strong>Irene Pujadas<\/strong>. <\/p>\n\n\n\n<p>Aquest acte est\u00e0 adre\u00e7at a fam\u00edlies d&#8217;alumnes i professorat i les places s\u00f3n limitades. Us podeu inscriure enviant un correu electr\u00f2nic a familiesperlapau@gmail.com.<\/p>\n\n\n\n<div class=\"wp-block-image\"><figure class=\"aligncenter size-large\"><img fetchpriority=\"high\" decoding=\"async\" width=\"1024\" height=\"576\" src=\"https:\/\/www.icip.cat\/wp-content\/uploads\/2024\/01\/Club-de-lectura-2024-Fami\u0301lies-dalumnes-1024x576.png\" alt=\"\" class=\"wp-image-43164\" srcset=\"https:\/\/www.icip.cat\/wp-content\/uploads\/2024\/01\/Club-de-lectura-2024-Fami\u0301lies-dalumnes-1024x576.png 1024w, https:\/\/www.icip.cat\/wp-content\/uploads\/2024\/01\/Club-de-lectura-2024-Fami\u0301lies-dalumnes-300x169.png 300w, https:\/\/www.icip.cat\/wp-content\/uploads\/2024\/01\/Club-de-lectura-2024-Fami\u0301lies-dalumnes-768x432.png 768w, https:\/\/www.icip.cat\/wp-content\/uploads\/2024\/01\/Club-de-lectura-2024-Fami\u0301lies-dalumnes-1536x864.png 1536w, https:\/\/www.icip.cat\/wp-content\/uploads\/2024\/01\/Club-de-lectura-2024-Fami\u0301lies-dalumnes.png 1920w\" sizes=\"(max-width: 1024px) 100vw, 1024px\" \/><\/figure><\/div>\n\n\n\n<p><\/p>\n","protected":false},"featured_media":41310,"template":"","class_list":["post-43161","icip_event","type-icip_event","status-publish","has-post-thumbnail","hentry"],"acf":[],"yoast_head":"<!-- This site is optimized with the Yoast SEO plugin v25.6 - https:\/\/yoast.com\/wordpress\/plugins\/seo\/ -->\n<title>Club de lectura sobre pau per a fam\u00edlies d&#039;alumnes i professorat - ICIP<\/title>\n<meta name=\"description\" content=\"Doble club de lectura organitzat per l&#039;ICIP i l&#039;associaci\u00f3 Fam\u00edlies per la Pau el 6 de mar\u00e7 i el 27 de maig de 2024.\" \/>\n<meta name=\"robots\" content=\"index, follow, max-snippet:-1, max-image-preview:large, max-video-preview:-1\" \/>\n<link rel=\"canonical\" href=\"https:\/\/www.icip.cat\/ca\/event\/club-de-lectura-sobre-pau-per-a-families-dalumnes-i-professorat\/\" \/>\n<meta property=\"og:locale\" content=\"ca_ES\" \/>\n<meta property=\"og:type\" content=\"article\" \/>\n<meta property=\"og:title\" content=\"Club de lectura sobre pau per a fam\u00edlies d&#039;alumnes i professorat - ICIP\" \/>\n<meta property=\"og:description\" content=\"Doble club de lectura organitzat per l&#039;ICIP i l&#039;associaci\u00f3 Fam\u00edlies per la Pau el 6 de mar\u00e7 i el 27 de maig de 2024.\" \/>\n<meta property=\"og:url\" content=\"https:\/\/www.icip.cat\/ca\/event\/club-de-lectura-sobre-pau-per-a-families-dalumnes-i-professorat\/\" \/>\n<meta property=\"og:site_name\" content=\"ICIP\" \/>\n<meta property=\"article:modified_time\" content=\"2024-03-04T11:56:37+00:00\" \/>\n<meta property=\"og:image\" content=\"https:\/\/www.icip.cat\/wp-content\/uploads\/2023\/11\/angelou.jpg\" \/>\n\t<meta property=\"og:image:width\" content=\"538\" \/>\n\t<meta property=\"og:image:height\" content=\"520\" \/>\n\t<meta property=\"og:image:type\" content=\"image\/jpeg\" \/>\n<meta name=\"twitter:card\" content=\"summary_large_image\" \/>\n<meta name=\"twitter:label1\" content=\"Temps estimat de lectura\" \/>\n\t<meta name=\"twitter:data1\" content=\"2 minuts\" \/>\n<script type=\"application\/ld+json\" class=\"yoast-schema-graph\">{\"@context\":\"https:\/\/schema.org\",\"@graph\":[{\"@type\":\"WebPage\",\"@id\":\"https:\/\/www.icip.cat\/ca\/event\/club-de-lectura-sobre-pau-per-a-families-dalumnes-i-professorat\/\",\"url\":\"https:\/\/www.icip.cat\/ca\/event\/club-de-lectura-sobre-pau-per-a-families-dalumnes-i-professorat\/\",\"name\":\"Club de lectura sobre pau per a fam\u00edlies d'alumnes i professorat - ICIP\",\"isPartOf\":{\"@id\":\"https:\/\/www.icip.cat\/ca\/#website\"},\"primaryImageOfPage\":{\"@id\":\"https:\/\/www.icip.cat\/ca\/event\/club-de-lectura-sobre-pau-per-a-families-dalumnes-i-professorat\/#primaryimage\"},\"image\":{\"@id\":\"https:\/\/www.icip.cat\/ca\/event\/club-de-lectura-sobre-pau-per-a-families-dalumnes-i-professorat\/#primaryimage\"},\"thumbnailUrl\":\"https:\/\/www.icip.cat\/wp-content\/uploads\/2023\/11\/angelou.jpg\",\"datePublished\":\"2024-01-19T12:06:48+00:00\",\"dateModified\":\"2024-03-04T11:56:37+00:00\",\"description\":\"Doble club de lectura organitzat per l'ICIP i l'associaci\u00f3 Fam\u00edlies per la Pau el 6 de mar\u00e7 i el 27 de maig de 2024.\",\"inLanguage\":\"ca\",\"potentialAction\":[{\"@type\":\"ReadAction\",\"target\":[\"https:\/\/www.icip.cat\/ca\/event\/club-de-lectura-sobre-pau-per-a-families-dalumnes-i-professorat\/\"]}]},{\"@type\":\"ImageObject\",\"inLanguage\":\"ca\",\"@id\":\"https:\/\/www.icip.cat\/ca\/event\/club-de-lectura-sobre-pau-per-a-families-dalumnes-i-professorat\/#primaryimage\",\"url\":\"https:\/\/www.icip.cat\/wp-content\/uploads\/2023\/11\/angelou.jpg\",\"contentUrl\":\"https:\/\/www.icip.cat\/wp-content\/uploads\/2023\/11\/angelou.jpg\",\"width\":538,\"height\":520},{\"@type\":\"WebSite\",\"@id\":\"https:\/\/www.icip.cat\/ca\/#website\",\"url\":\"https:\/\/www.icip.cat\/ca\/\",\"name\":\"ICIP\",\"description\":\"\",\"publisher\":{\"@id\":\"https:\/\/www.icip.cat\/ca\/#organization\"},\"potentialAction\":[{\"@type\":\"SearchAction\",\"target\":{\"@type\":\"EntryPoint\",\"urlTemplate\":\"https:\/\/www.icip.cat\/ca\/?s={search_term_string}\"},\"query-input\":{\"@type\":\"PropertyValueSpecification\",\"valueRequired\":true,\"valueName\":\"search_term_string\"}}],\"inLanguage\":\"ca\"},{\"@type\":\"Organization\",\"@id\":\"https:\/\/www.icip.cat\/ca\/#organization\",\"name\":\"ICIP\",\"url\":\"https:\/\/www.icip.cat\/ca\/\",\"logo\":{\"@type\":\"ImageObject\",\"inLanguage\":\"ca\",\"@id\":\"https:\/\/www.icip.cat\/ca\/#\/schema\/logo\/image\/\",\"url\":\"https:\/\/www.icip.cat\/wp-content\/uploads\/2021\/02\/logo-2.png\",\"contentUrl\":\"https:\/\/www.icip.cat\/wp-content\/uploads\/2021\/02\/logo-2.png\",\"width\":562,\"height\":391,\"caption\":\"ICIP\"},\"image\":{\"@id\":\"https:\/\/www.icip.cat\/ca\/#\/schema\/logo\/image\/\"}}]}<\/script>\n<!-- \/ Yoast SEO plugin. -->","yoast_head_json":{"title":"Club de lectura sobre pau per a fam\u00edlies d'alumnes i professorat - ICIP","description":"Doble club de lectura organitzat per l'ICIP i l'associaci\u00f3 Fam\u00edlies per la Pau el 6 de mar\u00e7 i el 27 de maig de 2024.","robots":{"index":"index","follow":"follow","max-snippet":"max-snippet:-1","max-image-preview":"max-image-preview:large","max-video-preview":"max-video-preview:-1"},"canonical":"https:\/\/www.icip.cat\/ca\/event\/club-de-lectura-sobre-pau-per-a-families-dalumnes-i-professorat\/","og_locale":"ca_ES","og_type":"article","og_title":"Club de lectura sobre pau per a fam\u00edlies d'alumnes i professorat - ICIP","og_description":"Doble club de lectura organitzat per l'ICIP i l'associaci\u00f3 Fam\u00edlies per la Pau el 6 de mar\u00e7 i el 27 de maig de 2024.","og_url":"https:\/\/www.icip.cat\/ca\/event\/club-de-lectura-sobre-pau-per-a-families-dalumnes-i-professorat\/","og_site_name":"ICIP","article_modified_time":"2024-03-04T11:56:37+00:00","og_image":[{"width":538,"height":520,"url":"https:\/\/www.icip.cat\/wp-content\/uploads\/2023\/11\/angelou.jpg","type":"image\/jpeg"}],"twitter_card":"summary_large_image","twitter_misc":{"Temps estimat de lectura":"2 minuts"},"schema":{"@context":"https:\/\/schema.org","@graph":[{"@type":"WebPage","@id":"https:\/\/www.icip.cat\/ca\/event\/club-de-lectura-sobre-pau-per-a-families-dalumnes-i-professorat\/","url":"https:\/\/www.icip.cat\/ca\/event\/club-de-lectura-sobre-pau-per-a-families-dalumnes-i-professorat\/","name":"Club de lectura sobre pau per a fam\u00edlies d'alumnes i professorat - ICIP","isPartOf":{"@id":"https:\/\/www.icip.cat\/ca\/#website"},"primaryImageOfPage":{"@id":"https:\/\/www.icip.cat\/ca\/event\/club-de-lectura-sobre-pau-per-a-families-dalumnes-i-professorat\/#primaryimage"},"image":{"@id":"https:\/\/www.icip.cat\/ca\/event\/club-de-lectura-sobre-pau-per-a-families-dalumnes-i-professorat\/#primaryimage"},"thumbnailUrl":"https:\/\/www.icip.cat\/wp-content\/uploads\/2023\/11\/angelou.jpg","datePublished":"2024-01-19T12:06:48+00:00","dateModified":"2024-03-04T11:56:37+00:00","description":"Doble club de lectura organitzat per l'ICIP i l'associaci\u00f3 Fam\u00edlies per la Pau el 6 de mar\u00e7 i el 27 de maig de 2024.","inLanguage":"ca","potentialAction":[{"@type":"ReadAction","target":["https:\/\/www.icip.cat\/ca\/event\/club-de-lectura-sobre-pau-per-a-families-dalumnes-i-professorat\/"]}]},{"@type":"ImageObject","inLanguage":"ca","@id":"https:\/\/www.icip.cat\/ca\/event\/club-de-lectura-sobre-pau-per-a-families-dalumnes-i-professorat\/#primaryimage","url":"https:\/\/www.icip.cat\/wp-content\/uploads\/2023\/11\/angelou.jpg","contentUrl":"https:\/\/www.icip.cat\/wp-content\/uploads\/2023\/11\/angelou.jpg","width":538,"height":520},{"@type":"WebSite","@id":"https:\/\/www.icip.cat\/ca\/#website","url":"https:\/\/www.icip.cat\/ca\/","name":"ICIP","description":"","publisher":{"@id":"https:\/\/www.icip.cat\/ca\/#organization"},"potentialAction":[{"@type":"SearchAction","target":{"@type":"EntryPoint","urlTemplate":"https:\/\/www.icip.cat\/ca\/?s={search_term_string}"},"query-input":{"@type":"PropertyValueSpecification","valueRequired":true,"valueName":"search_term_string"}}],"inLanguage":"ca"},{"@type":"Organization","@id":"https:\/\/www.icip.cat\/ca\/#organization","name":"ICIP","url":"https:\/\/www.icip.cat\/ca\/","logo":{"@type":"ImageObject","inLanguage":"ca","@id":"https:\/\/www.icip.cat\/ca\/#\/schema\/logo\/image\/","url":"https:\/\/www.icip.cat\/wp-content\/uploads\/2021\/02\/logo-2.png","contentUrl":"https:\/\/www.icip.cat\/wp-content\/uploads\/2021\/02\/logo-2.png","width":562,"height":391,"caption":"ICIP"},"image":{"@id":"https:\/\/www.icip.cat\/ca\/#\/schema\/logo\/image\/"}}]}},"_links":{"self":[{"href":"https:\/\/www.icip.cat\/ca\/wp-json\/wp\/v2\/icip_event\/43161","targetHints":{"allow":["GET"]}}],"collection":[{"href":"https:\/\/www.icip.cat\/ca\/wp-json\/wp\/v2\/icip_event"}],"about":[{"href":"https:\/\/www.icip.cat\/ca\/wp-json\/wp\/v2\/types\/icip_event"}],"version-history":[{"count":7,"href":"https:\/\/www.icip.cat\/ca\/wp-json\/wp\/v2\/icip_event\/43161\/revisions"}],"predecessor-version":[{"id":44208,"href":"https:\/\/www.icip.cat\/ca\/wp-json\/wp\/v2\/icip_event\/43161\/revisions\/44208"}],"wp:featuredmedia":[{"embeddable":true,"href":"https:\/\/www.icip.cat\/ca\/wp-json\/wp\/v2\/media\/41310"}],"wp:attachment":[{"href":"https:\/\/www.icip.cat\/ca\/wp-json\/wp\/v2\/media?parent=43161"}],"curies":[{"name":"wp","href":"https:\/\/api.w.org\/{rel}","templated":true}]}}