{"id":43576,"date":"2024-02-05T13:13:13","date_gmt":"2024-02-05T13:13:13","guid":{"rendered":"https:\/\/www.icip.cat\/?post_type=icip_event&#038;p=43576"},"modified":"2024-02-05T14:55:25","modified_gmt":"2024-02-05T14:55:25","slug":"presentacio-de-linforme-tractament-de-la-seguretat-a-les-universitats-publiques","status":"publish","type":"icip_event","link":"https:\/\/www.icip.cat\/ca\/event\/presentacio-de-linforme-tractament-de-la-seguretat-a-les-universitats-publiques\/","title":{"rendered":"Presentaci\u00f3 de l&#8217;informe &#8220;Tractament de la seguretat a les universitats p\u00fabliques&#8221;"},"content":{"rendered":"\n<p>El proper dimecres 21 de febrer tindr\u00e0 lloc la presentaci\u00f3 de l&#8217;Informe ICIP <a href=\"https:\/\/www.icip.cat\/wp-content\/uploads\/2024\/02\/Informe-ICIP-22-2024.pdf\" target=\"_blank\" rel=\"noreferrer noopener\">T<em>ractament de la seguretat a les universitats p\u00fabliques. Estudi exploratori sobre l\u2019an\u00e0lisi te\u00f2rica i pr\u00e0ctica de la seguretat als estudis de grau universitari i m\u00e0sters de Catalunya<\/em><\/a>. El document, realitzat per un grup d\u2019investigadors i investigadores de diferents universitats, analitza els plans docents de grau i m\u00e0ster que actualment inclouen el desplegament de la seguretat a les assignatures i pr\u00e0ctiques professionals.<\/p>\n\n\n\n<p>La recerca conclou que hi ha un ampli marge d\u2019oportunitat per fomentar estructuralment una noci\u00f3 de seguretat m\u00e9s pr\u00e0ctica i menys abstracta, i m\u00e9s \u00e0mplia alhora que inclusiva. L\u2019\u00e0mbit de la seguretat es troba en constant evoluci\u00f3 i, malgrat els evidents esfor\u00e7os del personal docent que incorpora diferents visions i pr\u00e0ctiques en les assignatures, el desenvolupament dels plans d&#8217;estudi resulta limitat i poc adaptatiu.<\/p>\n\n\n\n<p>L\u2019informe neix des del comprom\u00eds per teixir aliances entre ciutadania, administraci\u00f3 i acad\u00e8mia, i amb la creen\u00e7a que les universitats tenen un paper clau en la formaci\u00f3 de futurs professionals que, de manera m\u00e9s directa o indirecta, treballaran en l\u2019\u00e0mbit de la seguretat. Amb la voluntat de seguint promovent una reflexi\u00f3 col\u00b7lectiva, l\u2019informe es presentar\u00e0 en un acte aquest mes de febrer en el qual participaran dos dels autors: Cristina G\u00fcerri i Albert Pedrosa.<\/p>\n\n\n\n<p>Les persones interessades en assistir a la presentaci\u00f3 cal que emplenin el seg\u00fcent formulari:<\/p>\n\n\n\n\n\n<div class=\"wp-block-image\"><figure class=\"aligncenter size-large\"><img fetchpriority=\"high\" decoding=\"async\" width=\"1024\" height=\"576\" src=\"https:\/\/www.icip.cat\/wp-content\/uploads\/2024\/02\/informeSEG-1024x576.png\" alt=\"\" class=\"wp-image-43591\" srcset=\"https:\/\/www.icip.cat\/wp-content\/uploads\/2024\/02\/informeSEG-1024x576.png 1024w, https:\/\/www.icip.cat\/wp-content\/uploads\/2024\/02\/informeSEG-300x169.png 300w, https:\/\/www.icip.cat\/wp-content\/uploads\/2024\/02\/informeSEG-768x432.png 768w, https:\/\/www.icip.cat\/wp-content\/uploads\/2024\/02\/informeSEG.png 1280w\" sizes=\"(max-width: 1024px) 100vw, 1024px\" \/><\/figure><\/div>\n","protected":false},"featured_media":43582,"template":"","class_list":["post-43576","icip_event","type-icip_event","status-publish","has-post-thumbnail","hentry"],"acf":[],"yoast_head":"<!-- This site is optimized with the Yoast SEO plugin v25.6 - https:\/\/yoast.com\/wordpress\/plugins\/seo\/ -->\n<title>Presentaci\u00f3 de l&#039;informe &quot;Tractament de la seguretat a les universitats p\u00fabliques&quot; - ICIP<\/title>\n<meta name=\"description\" content=\"El document analitza de manera te\u00f2rica i pr\u00e0ctica els plans docents de grau i m\u00e0ster que inclouen l&#039;estudi de la seguretat\" \/>\n<meta name=\"robots\" content=\"index, follow, max-snippet:-1, max-image-preview:large, max-video-preview:-1\" \/>\n<link rel=\"canonical\" href=\"https:\/\/www.icip.cat\/ca\/event\/presentacio-de-linforme-tractament-de-la-seguretat-a-les-universitats-publiques\/\" \/>\n<meta property=\"og:locale\" content=\"ca_ES\" \/>\n<meta property=\"og:type\" content=\"article\" \/>\n<meta property=\"og:title\" content=\"Presentaci\u00f3 de l&#039;informe &quot;Tractament de la seguretat a les universitats p\u00fabliques&quot; - ICIP\" \/>\n<meta property=\"og:description\" content=\"El document analitza de manera te\u00f2rica i pr\u00e0ctica els plans docents de grau i m\u00e0ster que inclouen l&#039;estudi de la seguretat\" \/>\n<meta property=\"og:url\" content=\"https:\/\/www.icip.cat\/ca\/event\/presentacio-de-linforme-tractament-de-la-seguretat-a-les-universitats-publiques\/\" \/>\n<meta property=\"og:site_name\" content=\"ICIP\" \/>\n<meta property=\"article:modified_time\" content=\"2024-02-05T14:55:25+00:00\" \/>\n<meta property=\"og:image\" content=\"https:\/\/www.icip.cat\/wp-content\/uploads\/2024\/02\/informe.jpg\" \/>\n\t<meta property=\"og:image:width\" content=\"1280\" \/>\n\t<meta property=\"og:image:height\" content=\"853\" \/>\n\t<meta property=\"og:image:type\" content=\"image\/jpeg\" \/>\n<meta name=\"twitter:card\" content=\"summary_large_image\" \/>\n<meta name=\"twitter:label1\" content=\"Temps estimat de lectura\" \/>\n\t<meta name=\"twitter:data1\" content=\"2 minuts\" \/>\n<script type=\"application\/ld+json\" class=\"yoast-schema-graph\">{\"@context\":\"https:\/\/schema.org\",\"@graph\":[{\"@type\":\"WebPage\",\"@id\":\"https:\/\/www.icip.cat\/ca\/event\/presentacio-de-linforme-tractament-de-la-seguretat-a-les-universitats-publiques\/\",\"url\":\"https:\/\/www.icip.cat\/ca\/event\/presentacio-de-linforme-tractament-de-la-seguretat-a-les-universitats-publiques\/\",\"name\":\"Presentaci\u00f3 de l'informe \\\"Tractament de la seguretat a les universitats p\u00fabliques\\\" - ICIP\",\"isPartOf\":{\"@id\":\"https:\/\/www.icip.cat\/ca\/#website\"},\"primaryImageOfPage\":{\"@id\":\"https:\/\/www.icip.cat\/ca\/event\/presentacio-de-linforme-tractament-de-la-seguretat-a-les-universitats-publiques\/#primaryimage\"},\"image\":{\"@id\":\"https:\/\/www.icip.cat\/ca\/event\/presentacio-de-linforme-tractament-de-la-seguretat-a-les-universitats-publiques\/#primaryimage\"},\"thumbnailUrl\":\"https:\/\/www.icip.cat\/wp-content\/uploads\/2024\/02\/informe.jpg\",\"datePublished\":\"2024-02-05T13:13:13+00:00\",\"dateModified\":\"2024-02-05T14:55:25+00:00\",\"description\":\"El document analitza de manera te\u00f2rica i pr\u00e0ctica els plans docents de grau i m\u00e0ster que inclouen l'estudi de la seguretat\",\"inLanguage\":\"ca\",\"potentialAction\":[{\"@type\":\"ReadAction\",\"target\":[\"https:\/\/www.icip.cat\/ca\/event\/presentacio-de-linforme-tractament-de-la-seguretat-a-les-universitats-publiques\/\"]}]},{\"@type\":\"ImageObject\",\"inLanguage\":\"ca\",\"@id\":\"https:\/\/www.icip.cat\/ca\/event\/presentacio-de-linforme-tractament-de-la-seguretat-a-les-universitats-publiques\/#primaryimage\",\"url\":\"https:\/\/www.icip.cat\/wp-content\/uploads\/2024\/02\/informe.jpg\",\"contentUrl\":\"https:\/\/www.icip.cat\/wp-content\/uploads\/2024\/02\/informe.jpg\",\"width\":1280,\"height\":853},{\"@type\":\"WebSite\",\"@id\":\"https:\/\/www.icip.cat\/ca\/#website\",\"url\":\"https:\/\/www.icip.cat\/ca\/\",\"name\":\"ICIP\",\"description\":\"\",\"publisher\":{\"@id\":\"https:\/\/www.icip.cat\/ca\/#organization\"},\"potentialAction\":[{\"@type\":\"SearchAction\",\"target\":{\"@type\":\"EntryPoint\",\"urlTemplate\":\"https:\/\/www.icip.cat\/ca\/?s={search_term_string}\"},\"query-input\":{\"@type\":\"PropertyValueSpecification\",\"valueRequired\":true,\"valueName\":\"search_term_string\"}}],\"inLanguage\":\"ca\"},{\"@type\":\"Organization\",\"@id\":\"https:\/\/www.icip.cat\/ca\/#organization\",\"name\":\"ICIP\",\"url\":\"https:\/\/www.icip.cat\/ca\/\",\"logo\":{\"@type\":\"ImageObject\",\"inLanguage\":\"ca\",\"@id\":\"https:\/\/www.icip.cat\/ca\/#\/schema\/logo\/image\/\",\"url\":\"https:\/\/www.icip.cat\/wp-content\/uploads\/2021\/02\/logo-2.png\",\"contentUrl\":\"https:\/\/www.icip.cat\/wp-content\/uploads\/2021\/02\/logo-2.png\",\"width\":562,\"height\":391,\"caption\":\"ICIP\"},\"image\":{\"@id\":\"https:\/\/www.icip.cat\/ca\/#\/schema\/logo\/image\/\"}}]}<\/script>\n<!-- \/ Yoast SEO plugin. -->","yoast_head_json":{"title":"Presentaci\u00f3 de l'informe \"Tractament de la seguretat a les universitats p\u00fabliques\" - ICIP","description":"El document analitza de manera te\u00f2rica i pr\u00e0ctica els plans docents de grau i m\u00e0ster que inclouen l'estudi de la seguretat","robots":{"index":"index","follow":"follow","max-snippet":"max-snippet:-1","max-image-preview":"max-image-preview:large","max-video-preview":"max-video-preview:-1"},"canonical":"https:\/\/www.icip.cat\/ca\/event\/presentacio-de-linforme-tractament-de-la-seguretat-a-les-universitats-publiques\/","og_locale":"ca_ES","og_type":"article","og_title":"Presentaci\u00f3 de l'informe \"Tractament de la seguretat a les universitats p\u00fabliques\" - ICIP","og_description":"El document analitza de manera te\u00f2rica i pr\u00e0ctica els plans docents de grau i m\u00e0ster que inclouen l'estudi de la seguretat","og_url":"https:\/\/www.icip.cat\/ca\/event\/presentacio-de-linforme-tractament-de-la-seguretat-a-les-universitats-publiques\/","og_site_name":"ICIP","article_modified_time":"2024-02-05T14:55:25+00:00","og_image":[{"width":1280,"height":853,"url":"https:\/\/www.icip.cat\/wp-content\/uploads\/2024\/02\/informe.jpg","type":"image\/jpeg"}],"twitter_card":"summary_large_image","twitter_misc":{"Temps estimat de lectura":"2 minuts"},"schema":{"@context":"https:\/\/schema.org","@graph":[{"@type":"WebPage","@id":"https:\/\/www.icip.cat\/ca\/event\/presentacio-de-linforme-tractament-de-la-seguretat-a-les-universitats-publiques\/","url":"https:\/\/www.icip.cat\/ca\/event\/presentacio-de-linforme-tractament-de-la-seguretat-a-les-universitats-publiques\/","name":"Presentaci\u00f3 de l'informe \"Tractament de la seguretat a les universitats p\u00fabliques\" - ICIP","isPartOf":{"@id":"https:\/\/www.icip.cat\/ca\/#website"},"primaryImageOfPage":{"@id":"https:\/\/www.icip.cat\/ca\/event\/presentacio-de-linforme-tractament-de-la-seguretat-a-les-universitats-publiques\/#primaryimage"},"image":{"@id":"https:\/\/www.icip.cat\/ca\/event\/presentacio-de-linforme-tractament-de-la-seguretat-a-les-universitats-publiques\/#primaryimage"},"thumbnailUrl":"https:\/\/www.icip.cat\/wp-content\/uploads\/2024\/02\/informe.jpg","datePublished":"2024-02-05T13:13:13+00:00","dateModified":"2024-02-05T14:55:25+00:00","description":"El document analitza de manera te\u00f2rica i pr\u00e0ctica els plans docents de grau i m\u00e0ster que inclouen l'estudi de la seguretat","inLanguage":"ca","potentialAction":[{"@type":"ReadAction","target":["https:\/\/www.icip.cat\/ca\/event\/presentacio-de-linforme-tractament-de-la-seguretat-a-les-universitats-publiques\/"]}]},{"@type":"ImageObject","inLanguage":"ca","@id":"https:\/\/www.icip.cat\/ca\/event\/presentacio-de-linforme-tractament-de-la-seguretat-a-les-universitats-publiques\/#primaryimage","url":"https:\/\/www.icip.cat\/wp-content\/uploads\/2024\/02\/informe.jpg","contentUrl":"https:\/\/www.icip.cat\/wp-content\/uploads\/2024\/02\/informe.jpg","width":1280,"height":853},{"@type":"WebSite","@id":"https:\/\/www.icip.cat\/ca\/#website","url":"https:\/\/www.icip.cat\/ca\/","name":"ICIP","description":"","publisher":{"@id":"https:\/\/www.icip.cat\/ca\/#organization"},"potentialAction":[{"@type":"SearchAction","target":{"@type":"EntryPoint","urlTemplate":"https:\/\/www.icip.cat\/ca\/?s={search_term_string}"},"query-input":{"@type":"PropertyValueSpecification","valueRequired":true,"valueName":"search_term_string"}}],"inLanguage":"ca"},{"@type":"Organization","@id":"https:\/\/www.icip.cat\/ca\/#organization","name":"ICIP","url":"https:\/\/www.icip.cat\/ca\/","logo":{"@type":"ImageObject","inLanguage":"ca","@id":"https:\/\/www.icip.cat\/ca\/#\/schema\/logo\/image\/","url":"https:\/\/www.icip.cat\/wp-content\/uploads\/2021\/02\/logo-2.png","contentUrl":"https:\/\/www.icip.cat\/wp-content\/uploads\/2021\/02\/logo-2.png","width":562,"height":391,"caption":"ICIP"},"image":{"@id":"https:\/\/www.icip.cat\/ca\/#\/schema\/logo\/image\/"}}]}},"_links":{"self":[{"href":"https:\/\/www.icip.cat\/ca\/wp-json\/wp\/v2\/icip_event\/43576","targetHints":{"allow":["GET"]}}],"collection":[{"href":"https:\/\/www.icip.cat\/ca\/wp-json\/wp\/v2\/icip_event"}],"about":[{"href":"https:\/\/www.icip.cat\/ca\/wp-json\/wp\/v2\/types\/icip_event"}],"version-history":[{"count":5,"href":"https:\/\/www.icip.cat\/ca\/wp-json\/wp\/v2\/icip_event\/43576\/revisions"}],"predecessor-version":[{"id":43594,"href":"https:\/\/www.icip.cat\/ca\/wp-json\/wp\/v2\/icip_event\/43576\/revisions\/43594"}],"wp:featuredmedia":[{"embeddable":true,"href":"https:\/\/www.icip.cat\/ca\/wp-json\/wp\/v2\/media\/43582"}],"wp:attachment":[{"href":"https:\/\/www.icip.cat\/ca\/wp-json\/wp\/v2\/media?parent=43576"}],"curies":[{"name":"wp","href":"https:\/\/api.w.org\/{rel}","templated":true}]}}