{"id":44210,"date":"2024-03-05T09:21:07","date_gmt":"2024-03-05T09:21:07","guid":{"rendered":"https:\/\/www.icip.cat\/?post_type=icip_event&#038;p=44210"},"modified":"2024-03-05T09:23:19","modified_gmt":"2024-03-05T09:23:19","slug":"club-de-lectura-sobre-pau-i-drets-humans-a-girona-2","status":"publish","type":"icip_event","link":"https:\/\/www.icip.cat\/ca\/event\/club-de-lectura-sobre-pau-i-drets-humans-a-girona-2\/","title":{"rendered":"Club de Lectura sobre Pau i Drets Humans a Girona"},"content":{"rendered":"\n<p>La xarxa de Biblioteques de Girona, la Coordinadora d\u2019ONG Solid\u00e0ries i l\u2019ICIP proposen una nova edici\u00f3 del\u00a0Club de Lectura de Pau i Drets Humans, en aquesta ocasi\u00f3 sobre el llibre <em><a href=\"https:\/\/www.icip.cat\/ca\/publication\/el-cor-pensant-dels-barracons-cartes-des-damsterdam-i-el-camp-de-westerbork-etty-hillesum\/\" target=\"_blank\" rel=\"noreferrer noopener\">El cor pensant dels barracons. Cartes des d\u2019Amsterdam i el camp de Westerbork<\/a><\/em> d&#8217;Etty Hillesum, publicat per l&#8217;ICIP i Angle Editorial dins de la Col\u00b7lecci\u00f3 Cl\u00e0ssics de la pau i de la noviol\u00e8ncia. <\/p>\n\n\n\n<p>La sessi\u00f3 tindr\u00e0 lloc el dijous 21 de mar\u00e7, a les 7 de la tarda, a la Biblioteca Just M. Casero de Girona, i anir\u00e0 a c\u00e0rrec de l&#8217;escriptora Irene Pujadas. Per participar-hi cal inscriure\u2019s pr\u00e8viament en\u00a0<a href=\"https:\/\/www.girona.cat\/agenda\/cat\/agenda_fitxa.php?id=37926&amp;ta=age\" target=\"_blank\" rel=\"noreferrer noopener\">aquest enlla\u00e7<\/a>.<\/p>\n\n\n\n<p><strong>Sobre el llibre<\/strong><\/p>\n\n\n\n<p>El 1942, durant l\u2019ocupaci\u00f3 nazi d\u2019Holanda, Etty Hillesum treballa per al Consell Jueu a Amsterdam. Poc despr\u00e9s, per\u00f2, fruit d\u2019una creixent maduraci\u00f3 espiritual i una assumpci\u00f3 radical del seu comprom\u00eds, demana el trasllat al camp de concentraci\u00f3 de Westerbork per assumir el dest\u00ed del seu poble. Enmig del dolor personal i la trag\u00e8dia col\u00b7lectiva Hillesum ser\u00e0 capa\u00e7 de descobrir la bellesa de la vida, refugiada en l\u2019esperan\u00e7a que, aviat, havia d\u2019arribar un nou m\u00f3n, m\u00e9s just i hum\u00e0. Mantenint aquesta esperan\u00e7a va morir a Auschwitz el 1943. <\/p>\n\n\n\n<p>Tot i que els seus textos no es van publicar fins quaranta anys despr\u00e9s de la seva mort, Hillesum s\u2019ha convertit en un referent imprescindible i una figura especial: no \u00e9s una te\u00f2rica, ni una l\u00edder activista, sin\u00f3 una dona amb un profund comprom\u00eds hum\u00e0 davant una experi\u00e8ncia extrema.<\/p>\n\n\n\n<p><\/p>\n","protected":false},"featured_media":40940,"template":"","class_list":["post-44210","icip_event","type-icip_event","status-publish","has-post-thumbnail","hentry"],"acf":[],"yoast_head":"<!-- This site is optimized with the Yoast SEO plugin v25.6 - https:\/\/yoast.com\/wordpress\/plugins\/seo\/ -->\n<title>Club de Lectura sobre Pau i Drets Humans a Girona - ICIP<\/title>\n<meta name=\"description\" content=\"En aquesta ocasi\u00f3 sobre el llibre &#039;El cor pensant dels barracons. Cartes des d\u2019Amsterdam i el camp de Westerbork&#039; d&#039;Etty Hillesum.\" \/>\n<meta name=\"robots\" content=\"index, follow, max-snippet:-1, max-image-preview:large, max-video-preview:-1\" \/>\n<link rel=\"canonical\" href=\"https:\/\/www.icip.cat\/ca\/event\/club-de-lectura-sobre-pau-i-drets-humans-a-girona-2\/\" \/>\n<meta property=\"og:locale\" content=\"ca_ES\" \/>\n<meta property=\"og:type\" content=\"article\" \/>\n<meta property=\"og:title\" content=\"Club de Lectura sobre Pau i Drets Humans a Girona - ICIP\" \/>\n<meta property=\"og:description\" content=\"En aquesta ocasi\u00f3 sobre el llibre &#039;El cor pensant dels barracons. Cartes des d\u2019Amsterdam i el camp de Westerbork&#039; d&#039;Etty Hillesum.\" \/>\n<meta property=\"og:url\" content=\"https:\/\/www.icip.cat\/ca\/event\/club-de-lectura-sobre-pau-i-drets-humans-a-girona-2\/\" \/>\n<meta property=\"og:site_name\" content=\"ICIP\" \/>\n<meta property=\"article:modified_time\" content=\"2024-03-05T09:23:19+00:00\" \/>\n<meta property=\"og:image\" content=\"https:\/\/www.icip.cat\/wp-content\/uploads\/2023\/11\/Club-de-lectura-Girona-1.png\" \/>\n\t<meta property=\"og:image:width\" content=\"419\" \/>\n\t<meta property=\"og:image:height\" content=\"345\" \/>\n\t<meta property=\"og:image:type\" content=\"image\/png\" \/>\n<meta name=\"twitter:card\" content=\"summary_large_image\" \/>\n<meta name=\"twitter:label1\" content=\"Temps estimat de lectura\" \/>\n\t<meta name=\"twitter:data1\" content=\"2 minuts\" \/>\n<script type=\"application\/ld+json\" class=\"yoast-schema-graph\">{\"@context\":\"https:\/\/schema.org\",\"@graph\":[{\"@type\":\"WebPage\",\"@id\":\"https:\/\/www.icip.cat\/ca\/event\/club-de-lectura-sobre-pau-i-drets-humans-a-girona-2\/\",\"url\":\"https:\/\/www.icip.cat\/ca\/event\/club-de-lectura-sobre-pau-i-drets-humans-a-girona-2\/\",\"name\":\"Club de Lectura sobre Pau i Drets Humans a Girona - ICIP\",\"isPartOf\":{\"@id\":\"https:\/\/www.icip.cat\/ca\/#website\"},\"primaryImageOfPage\":{\"@id\":\"https:\/\/www.icip.cat\/ca\/event\/club-de-lectura-sobre-pau-i-drets-humans-a-girona-2\/#primaryimage\"},\"image\":{\"@id\":\"https:\/\/www.icip.cat\/ca\/event\/club-de-lectura-sobre-pau-i-drets-humans-a-girona-2\/#primaryimage\"},\"thumbnailUrl\":\"https:\/\/www.icip.cat\/wp-content\/uploads\/2023\/11\/Club-de-lectura-Girona-1.png\",\"datePublished\":\"2024-03-05T09:21:07+00:00\",\"dateModified\":\"2024-03-05T09:23:19+00:00\",\"description\":\"En aquesta ocasi\u00f3 sobre el llibre 'El cor pensant dels barracons. Cartes des d\u2019Amsterdam i el camp de Westerbork' d'Etty Hillesum.\",\"inLanguage\":\"ca\",\"potentialAction\":[{\"@type\":\"ReadAction\",\"target\":[\"https:\/\/www.icip.cat\/ca\/event\/club-de-lectura-sobre-pau-i-drets-humans-a-girona-2\/\"]}]},{\"@type\":\"ImageObject\",\"inLanguage\":\"ca\",\"@id\":\"https:\/\/www.icip.cat\/ca\/event\/club-de-lectura-sobre-pau-i-drets-humans-a-girona-2\/#primaryimage\",\"url\":\"https:\/\/www.icip.cat\/wp-content\/uploads\/2023\/11\/Club-de-lectura-Girona-1.png\",\"contentUrl\":\"https:\/\/www.icip.cat\/wp-content\/uploads\/2023\/11\/Club-de-lectura-Girona-1.png\",\"width\":419,\"height\":345},{\"@type\":\"WebSite\",\"@id\":\"https:\/\/www.icip.cat\/ca\/#website\",\"url\":\"https:\/\/www.icip.cat\/ca\/\",\"name\":\"ICIP\",\"description\":\"\",\"publisher\":{\"@id\":\"https:\/\/www.icip.cat\/ca\/#organization\"},\"potentialAction\":[{\"@type\":\"SearchAction\",\"target\":{\"@type\":\"EntryPoint\",\"urlTemplate\":\"https:\/\/www.icip.cat\/ca\/?s={search_term_string}\"},\"query-input\":{\"@type\":\"PropertyValueSpecification\",\"valueRequired\":true,\"valueName\":\"search_term_string\"}}],\"inLanguage\":\"ca\"},{\"@type\":\"Organization\",\"@id\":\"https:\/\/www.icip.cat\/ca\/#organization\",\"name\":\"ICIP\",\"url\":\"https:\/\/www.icip.cat\/ca\/\",\"logo\":{\"@type\":\"ImageObject\",\"inLanguage\":\"ca\",\"@id\":\"https:\/\/www.icip.cat\/ca\/#\/schema\/logo\/image\/\",\"url\":\"https:\/\/www.icip.cat\/wp-content\/uploads\/2021\/02\/logo-2.png\",\"contentUrl\":\"https:\/\/www.icip.cat\/wp-content\/uploads\/2021\/02\/logo-2.png\",\"width\":562,\"height\":391,\"caption\":\"ICIP\"},\"image\":{\"@id\":\"https:\/\/www.icip.cat\/ca\/#\/schema\/logo\/image\/\"}}]}<\/script>\n<!-- \/ Yoast SEO plugin. -->","yoast_head_json":{"title":"Club de Lectura sobre Pau i Drets Humans a Girona - ICIP","description":"En aquesta ocasi\u00f3 sobre el llibre 'El cor pensant dels barracons. Cartes des d\u2019Amsterdam i el camp de Westerbork' d'Etty Hillesum.","robots":{"index":"index","follow":"follow","max-snippet":"max-snippet:-1","max-image-preview":"max-image-preview:large","max-video-preview":"max-video-preview:-1"},"canonical":"https:\/\/www.icip.cat\/ca\/event\/club-de-lectura-sobre-pau-i-drets-humans-a-girona-2\/","og_locale":"ca_ES","og_type":"article","og_title":"Club de Lectura sobre Pau i Drets Humans a Girona - ICIP","og_description":"En aquesta ocasi\u00f3 sobre el llibre 'El cor pensant dels barracons. Cartes des d\u2019Amsterdam i el camp de Westerbork' d'Etty Hillesum.","og_url":"https:\/\/www.icip.cat\/ca\/event\/club-de-lectura-sobre-pau-i-drets-humans-a-girona-2\/","og_site_name":"ICIP","article_modified_time":"2024-03-05T09:23:19+00:00","og_image":[{"width":419,"height":345,"url":"https:\/\/www.icip.cat\/wp-content\/uploads\/2023\/11\/Club-de-lectura-Girona-1.png","type":"image\/png"}],"twitter_card":"summary_large_image","twitter_misc":{"Temps estimat de lectura":"2 minuts"},"schema":{"@context":"https:\/\/schema.org","@graph":[{"@type":"WebPage","@id":"https:\/\/www.icip.cat\/ca\/event\/club-de-lectura-sobre-pau-i-drets-humans-a-girona-2\/","url":"https:\/\/www.icip.cat\/ca\/event\/club-de-lectura-sobre-pau-i-drets-humans-a-girona-2\/","name":"Club de Lectura sobre Pau i Drets Humans a Girona - ICIP","isPartOf":{"@id":"https:\/\/www.icip.cat\/ca\/#website"},"primaryImageOfPage":{"@id":"https:\/\/www.icip.cat\/ca\/event\/club-de-lectura-sobre-pau-i-drets-humans-a-girona-2\/#primaryimage"},"image":{"@id":"https:\/\/www.icip.cat\/ca\/event\/club-de-lectura-sobre-pau-i-drets-humans-a-girona-2\/#primaryimage"},"thumbnailUrl":"https:\/\/www.icip.cat\/wp-content\/uploads\/2023\/11\/Club-de-lectura-Girona-1.png","datePublished":"2024-03-05T09:21:07+00:00","dateModified":"2024-03-05T09:23:19+00:00","description":"En aquesta ocasi\u00f3 sobre el llibre 'El cor pensant dels barracons. Cartes des d\u2019Amsterdam i el camp de Westerbork' d'Etty Hillesum.","inLanguage":"ca","potentialAction":[{"@type":"ReadAction","target":["https:\/\/www.icip.cat\/ca\/event\/club-de-lectura-sobre-pau-i-drets-humans-a-girona-2\/"]}]},{"@type":"ImageObject","inLanguage":"ca","@id":"https:\/\/www.icip.cat\/ca\/event\/club-de-lectura-sobre-pau-i-drets-humans-a-girona-2\/#primaryimage","url":"https:\/\/www.icip.cat\/wp-content\/uploads\/2023\/11\/Club-de-lectura-Girona-1.png","contentUrl":"https:\/\/www.icip.cat\/wp-content\/uploads\/2023\/11\/Club-de-lectura-Girona-1.png","width":419,"height":345},{"@type":"WebSite","@id":"https:\/\/www.icip.cat\/ca\/#website","url":"https:\/\/www.icip.cat\/ca\/","name":"ICIP","description":"","publisher":{"@id":"https:\/\/www.icip.cat\/ca\/#organization"},"potentialAction":[{"@type":"SearchAction","target":{"@type":"EntryPoint","urlTemplate":"https:\/\/www.icip.cat\/ca\/?s={search_term_string}"},"query-input":{"@type":"PropertyValueSpecification","valueRequired":true,"valueName":"search_term_string"}}],"inLanguage":"ca"},{"@type":"Organization","@id":"https:\/\/www.icip.cat\/ca\/#organization","name":"ICIP","url":"https:\/\/www.icip.cat\/ca\/","logo":{"@type":"ImageObject","inLanguage":"ca","@id":"https:\/\/www.icip.cat\/ca\/#\/schema\/logo\/image\/","url":"https:\/\/www.icip.cat\/wp-content\/uploads\/2021\/02\/logo-2.png","contentUrl":"https:\/\/www.icip.cat\/wp-content\/uploads\/2021\/02\/logo-2.png","width":562,"height":391,"caption":"ICIP"},"image":{"@id":"https:\/\/www.icip.cat\/ca\/#\/schema\/logo\/image\/"}}]}},"_links":{"self":[{"href":"https:\/\/www.icip.cat\/ca\/wp-json\/wp\/v2\/icip_event\/44210","targetHints":{"allow":["GET"]}}],"collection":[{"href":"https:\/\/www.icip.cat\/ca\/wp-json\/wp\/v2\/icip_event"}],"about":[{"href":"https:\/\/www.icip.cat\/ca\/wp-json\/wp\/v2\/types\/icip_event"}],"version-history":[{"count":4,"href":"https:\/\/www.icip.cat\/ca\/wp-json\/wp\/v2\/icip_event\/44210\/revisions"}],"predecessor-version":[{"id":44216,"href":"https:\/\/www.icip.cat\/ca\/wp-json\/wp\/v2\/icip_event\/44210\/revisions\/44216"}],"wp:featuredmedia":[{"embeddable":true,"href":"https:\/\/www.icip.cat\/ca\/wp-json\/wp\/v2\/media\/40940"}],"wp:attachment":[{"href":"https:\/\/www.icip.cat\/ca\/wp-json\/wp\/v2\/media?parent=44210"}],"curies":[{"name":"wp","href":"https:\/\/api.w.org\/{rel}","templated":true}]}}