{"id":49884,"date":"2024-10-10T09:37:02","date_gmt":"2024-10-10T09:37:02","guid":{"rendered":"https:\/\/www.icip.cat\/?post_type=icip_event&#038;p=49884"},"modified":"2024-10-10T09:54:14","modified_gmt":"2024-10-10T09:54:14","slug":"drets-culturals-per-a-la-construccio-de-pau","status":"publish","type":"icip_event","link":"https:\/\/www.icip.cat\/ca\/event\/drets-culturals-per-a-la-construccio-de-pau\/","title":{"rendered":"&#8220;Drets culturals per a la construcci\u00f3 de pau&#8221;"},"content":{"rendered":"\n<p>Els dies 24 i 25 d&#8217;octubre l&#8217;Associaci\u00f3 Espanyola d&#8217;Investigaci\u00f3 per a la Pau (<a href=\"https:\/\/aipaz.org\/\" target=\"_blank\" rel=\"noreferrer noopener\">AIPAZ<\/a>) celebra les seves jornades anuals, que en aquesta ocasi\u00f3 tindran lloc a la seu del Museu Pau Casals, al Vendrell (Baix Pened\u00e8s).<\/p>\n\n\n\n<p>Les jornades s\u00f3n un punt de trobada i reflexi\u00f3 entre les entitats i institucions membres &#8211; entre les quals hi ha l&#8217;ICIP &#8211; i enguany estan dedicades als &#8220;<strong><a href=\"https:\/\/www.icip.cat\/wp-content\/uploads\/2024\/10\/Programa-Jornadas-AIPAZ-cat-2024.pdf\" target=\"_blank\" rel=\"noreferrer noopener\">Drets culturals per a la construcci\u00f3 de pau<\/a><\/strong>&#8220;. Com \u00e9s habitual, en el marc de celebraci\u00f3 de l&#8217;esdeveniment es far\u00e0 entrega del Premi Francsico A. Mu\u00f1oz, que aquest 2024 recau en l&#8217;advocada madrilenya Francisca Sauquillo P\u00e9rez del Arco, reconeguda per la defensa de les llibertats democr\u00e0tiques durant la dictadura franquista. <\/p>\n\n\n\n<p>Entre les diferents pon\u00e8ncies, la t\u00e8cnica de l&#8217;ICIP S\u00edlvia Plana, responsable de l&#8217;\u00e0rea Aliances Estrat\u00e8giques, participar\u00e0 en una taula rodona dedicada al patrimoni cultural i els espais de mem\u00f2ria. Les jornades comptaran tamb\u00e9 amb una actuaci\u00f3 musical a c\u00e0rrec de l&#8217;artista ucra\u00efnesa Lyudmyla Gutik i una visita al b\u00fanquer de la platja de les Madrigueres.<\/p>\n\n\n\n<p>Les jornades compten amb la col\u00b7laboraci\u00f3 de l&#8217;ICIP, la C\u00e0tedra UNESCO Pau Casals i el Museu Pau Casals, i amb el suport del Govern basc. <\/p>\n","protected":false},"featured_media":49887,"template":"","class_list":["post-49884","icip_event","type-icip_event","status-publish","has-post-thumbnail","hentry"],"acf":[],"yoast_head":"<!-- This site is optimized with the Yoast SEO plugin v25.6 - https:\/\/yoast.com\/wordpress\/plugins\/seo\/ -->\n<title>&quot;Drets culturals per a la construcci\u00f3 de pau&quot; - ICIP<\/title>\n<meta name=\"robots\" content=\"index, follow, max-snippet:-1, max-image-preview:large, max-video-preview:-1\" \/>\n<link rel=\"canonical\" href=\"https:\/\/www.icip.cat\/ca\/event\/drets-culturals-per-a-la-construccio-de-pau\/\" \/>\n<meta property=\"og:locale\" content=\"ca_ES\" \/>\n<meta property=\"og:type\" content=\"article\" \/>\n<meta property=\"og:title\" content=\"&quot;Drets culturals per a la construcci\u00f3 de pau&quot; - ICIP\" \/>\n<meta property=\"og:description\" content=\"Els dies 24 i 25 d&#8217;octubre l&#8217;Associaci\u00f3 Espanyola d&#8217;Investigaci\u00f3 per a la Pau (AIPAZ) celebra les seves jornades anuals, que en aquesta ocasi\u00f3 tindran lloc a la seu del Museu Pau Casals, al Vendrell (Baix Pened\u00e8s). Les jornades s\u00f3n un punt de trobada i reflexi\u00f3 entre les entitats i institucions membres &#8211; entre les quals [&hellip;]\" \/>\n<meta property=\"og:url\" content=\"https:\/\/www.icip.cat\/ca\/event\/drets-culturals-per-a-la-construccio-de-pau\/\" \/>\n<meta property=\"og:site_name\" content=\"ICIP\" \/>\n<meta property=\"article:modified_time\" content=\"2024-10-10T09:54:14+00:00\" \/>\n<meta property=\"og:image\" content=\"https:\/\/www.icip.cat\/wp-content\/uploads\/2024\/10\/JornadesAIPAZ.png\" \/>\n\t<meta property=\"og:image:width\" content=\"849\" \/>\n\t<meta property=\"og:image:height\" content=\"657\" \/>\n\t<meta property=\"og:image:type\" content=\"image\/png\" \/>\n<meta name=\"twitter:card\" content=\"summary_large_image\" \/>\n<meta name=\"twitter:label1\" content=\"Temps estimat de lectura\" \/>\n\t<meta name=\"twitter:data1\" content=\"2 minuts\" \/>\n<script type=\"application\/ld+json\" class=\"yoast-schema-graph\">{\"@context\":\"https:\/\/schema.org\",\"@graph\":[{\"@type\":\"WebPage\",\"@id\":\"https:\/\/www.icip.cat\/ca\/event\/drets-culturals-per-a-la-construccio-de-pau\/\",\"url\":\"https:\/\/www.icip.cat\/ca\/event\/drets-culturals-per-a-la-construccio-de-pau\/\",\"name\":\"\\\"Drets culturals per a la construcci\u00f3 de pau\\\" - ICIP\",\"isPartOf\":{\"@id\":\"https:\/\/www.icip.cat\/ca\/#website\"},\"primaryImageOfPage\":{\"@id\":\"https:\/\/www.icip.cat\/ca\/event\/drets-culturals-per-a-la-construccio-de-pau\/#primaryimage\"},\"image\":{\"@id\":\"https:\/\/www.icip.cat\/ca\/event\/drets-culturals-per-a-la-construccio-de-pau\/#primaryimage\"},\"thumbnailUrl\":\"https:\/\/www.icip.cat\/wp-content\/uploads\/2024\/10\/JornadesAIPAZ.png\",\"datePublished\":\"2024-10-10T09:37:02+00:00\",\"dateModified\":\"2024-10-10T09:54:14+00:00\",\"inLanguage\":\"ca\",\"potentialAction\":[{\"@type\":\"ReadAction\",\"target\":[\"https:\/\/www.icip.cat\/ca\/event\/drets-culturals-per-a-la-construccio-de-pau\/\"]}]},{\"@type\":\"ImageObject\",\"inLanguage\":\"ca\",\"@id\":\"https:\/\/www.icip.cat\/ca\/event\/drets-culturals-per-a-la-construccio-de-pau\/#primaryimage\",\"url\":\"https:\/\/www.icip.cat\/wp-content\/uploads\/2024\/10\/JornadesAIPAZ.png\",\"contentUrl\":\"https:\/\/www.icip.cat\/wp-content\/uploads\/2024\/10\/JornadesAIPAZ.png\",\"width\":849,\"height\":657},{\"@type\":\"WebSite\",\"@id\":\"https:\/\/www.icip.cat\/ca\/#website\",\"url\":\"https:\/\/www.icip.cat\/ca\/\",\"name\":\"ICIP\",\"description\":\"\",\"publisher\":{\"@id\":\"https:\/\/www.icip.cat\/ca\/#organization\"},\"potentialAction\":[{\"@type\":\"SearchAction\",\"target\":{\"@type\":\"EntryPoint\",\"urlTemplate\":\"https:\/\/www.icip.cat\/ca\/?s={search_term_string}\"},\"query-input\":{\"@type\":\"PropertyValueSpecification\",\"valueRequired\":true,\"valueName\":\"search_term_string\"}}],\"inLanguage\":\"ca\"},{\"@type\":\"Organization\",\"@id\":\"https:\/\/www.icip.cat\/ca\/#organization\",\"name\":\"ICIP\",\"url\":\"https:\/\/www.icip.cat\/ca\/\",\"logo\":{\"@type\":\"ImageObject\",\"inLanguage\":\"ca\",\"@id\":\"https:\/\/www.icip.cat\/ca\/#\/schema\/logo\/image\/\",\"url\":\"https:\/\/www.icip.cat\/wp-content\/uploads\/2021\/02\/logo-2.png\",\"contentUrl\":\"https:\/\/www.icip.cat\/wp-content\/uploads\/2021\/02\/logo-2.png\",\"width\":562,\"height\":391,\"caption\":\"ICIP\"},\"image\":{\"@id\":\"https:\/\/www.icip.cat\/ca\/#\/schema\/logo\/image\/\"}}]}<\/script>\n<!-- \/ Yoast SEO plugin. -->","yoast_head_json":{"title":"\"Drets culturals per a la construcci\u00f3 de pau\" - ICIP","robots":{"index":"index","follow":"follow","max-snippet":"max-snippet:-1","max-image-preview":"max-image-preview:large","max-video-preview":"max-video-preview:-1"},"canonical":"https:\/\/www.icip.cat\/ca\/event\/drets-culturals-per-a-la-construccio-de-pau\/","og_locale":"ca_ES","og_type":"article","og_title":"\"Drets culturals per a la construcci\u00f3 de pau\" - ICIP","og_description":"Els dies 24 i 25 d&#8217;octubre l&#8217;Associaci\u00f3 Espanyola d&#8217;Investigaci\u00f3 per a la Pau (AIPAZ) celebra les seves jornades anuals, que en aquesta ocasi\u00f3 tindran lloc a la seu del Museu Pau Casals, al Vendrell (Baix Pened\u00e8s). Les jornades s\u00f3n un punt de trobada i reflexi\u00f3 entre les entitats i institucions membres &#8211; entre les quals [&hellip;]","og_url":"https:\/\/www.icip.cat\/ca\/event\/drets-culturals-per-a-la-construccio-de-pau\/","og_site_name":"ICIP","article_modified_time":"2024-10-10T09:54:14+00:00","og_image":[{"width":849,"height":657,"url":"https:\/\/www.icip.cat\/wp-content\/uploads\/2024\/10\/JornadesAIPAZ.png","type":"image\/png"}],"twitter_card":"summary_large_image","twitter_misc":{"Temps estimat de lectura":"2 minuts"},"schema":{"@context":"https:\/\/schema.org","@graph":[{"@type":"WebPage","@id":"https:\/\/www.icip.cat\/ca\/event\/drets-culturals-per-a-la-construccio-de-pau\/","url":"https:\/\/www.icip.cat\/ca\/event\/drets-culturals-per-a-la-construccio-de-pau\/","name":"\"Drets culturals per a la construcci\u00f3 de pau\" - ICIP","isPartOf":{"@id":"https:\/\/www.icip.cat\/ca\/#website"},"primaryImageOfPage":{"@id":"https:\/\/www.icip.cat\/ca\/event\/drets-culturals-per-a-la-construccio-de-pau\/#primaryimage"},"image":{"@id":"https:\/\/www.icip.cat\/ca\/event\/drets-culturals-per-a-la-construccio-de-pau\/#primaryimage"},"thumbnailUrl":"https:\/\/www.icip.cat\/wp-content\/uploads\/2024\/10\/JornadesAIPAZ.png","datePublished":"2024-10-10T09:37:02+00:00","dateModified":"2024-10-10T09:54:14+00:00","inLanguage":"ca","potentialAction":[{"@type":"ReadAction","target":["https:\/\/www.icip.cat\/ca\/event\/drets-culturals-per-a-la-construccio-de-pau\/"]}]},{"@type":"ImageObject","inLanguage":"ca","@id":"https:\/\/www.icip.cat\/ca\/event\/drets-culturals-per-a-la-construccio-de-pau\/#primaryimage","url":"https:\/\/www.icip.cat\/wp-content\/uploads\/2024\/10\/JornadesAIPAZ.png","contentUrl":"https:\/\/www.icip.cat\/wp-content\/uploads\/2024\/10\/JornadesAIPAZ.png","width":849,"height":657},{"@type":"WebSite","@id":"https:\/\/www.icip.cat\/ca\/#website","url":"https:\/\/www.icip.cat\/ca\/","name":"ICIP","description":"","publisher":{"@id":"https:\/\/www.icip.cat\/ca\/#organization"},"potentialAction":[{"@type":"SearchAction","target":{"@type":"EntryPoint","urlTemplate":"https:\/\/www.icip.cat\/ca\/?s={search_term_string}"},"query-input":{"@type":"PropertyValueSpecification","valueRequired":true,"valueName":"search_term_string"}}],"inLanguage":"ca"},{"@type":"Organization","@id":"https:\/\/www.icip.cat\/ca\/#organization","name":"ICIP","url":"https:\/\/www.icip.cat\/ca\/","logo":{"@type":"ImageObject","inLanguage":"ca","@id":"https:\/\/www.icip.cat\/ca\/#\/schema\/logo\/image\/","url":"https:\/\/www.icip.cat\/wp-content\/uploads\/2021\/02\/logo-2.png","contentUrl":"https:\/\/www.icip.cat\/wp-content\/uploads\/2021\/02\/logo-2.png","width":562,"height":391,"caption":"ICIP"},"image":{"@id":"https:\/\/www.icip.cat\/ca\/#\/schema\/logo\/image\/"}}]}},"_links":{"self":[{"href":"https:\/\/www.icip.cat\/ca\/wp-json\/wp\/v2\/icip_event\/49884","targetHints":{"allow":["GET"]}}],"collection":[{"href":"https:\/\/www.icip.cat\/ca\/wp-json\/wp\/v2\/icip_event"}],"about":[{"href":"https:\/\/www.icip.cat\/ca\/wp-json\/wp\/v2\/types\/icip_event"}],"version-history":[{"count":8,"href":"https:\/\/www.icip.cat\/ca\/wp-json\/wp\/v2\/icip_event\/49884\/revisions"}],"predecessor-version":[{"id":49918,"href":"https:\/\/www.icip.cat\/ca\/wp-json\/wp\/v2\/icip_event\/49884\/revisions\/49918"}],"wp:featuredmedia":[{"embeddable":true,"href":"https:\/\/www.icip.cat\/ca\/wp-json\/wp\/v2\/media\/49887"}],"wp:attachment":[{"href":"https:\/\/www.icip.cat\/ca\/wp-json\/wp\/v2\/media?parent=49884"}],"curies":[{"name":"wp","href":"https:\/\/api.w.org\/{rel}","templated":true}]}}