{"id":50366,"date":"2024-11-08T15:06:14","date_gmt":"2024-11-08T15:06:14","guid":{"rendered":"https:\/\/www.icip.cat\/event\/debate-cultura-y-conflicto\/"},"modified":"2024-11-11T10:45:00","modified_gmt":"2024-11-11T10:45:00","slug":"debate-cultura-y-conflicto","status":"publish","type":"icip_event","link":"https:\/\/www.icip.cat\/ca\/event\/debate-cultura-y-conflicto\/","title":{"rendered":"Debat: &#8220;Cultura i conflicte&#8221;"},"content":{"rendered":"\n<p>Quina funci\u00f3 i quins instruments t\u00e9 la cultura en situacions de conflicte? La cultura pot invocar universalismes com la humanitat, la llibertat i els drets humans? Les guerres actuals ens brinden l&#8217;oportunitat de reflexionar sobre aquestes i altres q\u00fcestions relatives a la cultura, recon\u00e8ixer-ne les possibilitats i limitacions i explicar per qu\u00e8 la cultura pot oferir una oportunitat per fer possible la pau despr\u00e9s de la viol\u00e8ncia.<\/p>\n\n\n\n<p>Aquestes q\u00fcestions centren el debat \u201c<strong>Cultura i conflicte<\/strong>\u201d, organitzat pel <a href=\"https:\/\/www.goethe.de\/ins\/es\/es\/sta\/bcn\/prf\/gzsd1.cfm?gad_source=1&amp;gclid=Cj0KCQiAire5BhCNARIsAM53K1jvM8426kDHHrMsExMO1xfQ-oBsIXaE-9BNNN7CBuTdr3j4ZCabW2waArpFEALw_wcB\" target=\"_blank\" rel=\"noreferrer noopener\">Goethe-Institut Barcelona<\/a>, \u200b\u200ben col\u00b7laboraci\u00f3 amb l&#8217;ICIP, que tindr\u00e0 lloc el dimecres 20 de novembre, a les 19:00h, a la seu del Goethe-Institut Barcelona (carrer Roger de Flor 224, Barcelona).<\/p>\n\n\n\n<p>L&#8217;acte comptar\u00e0 amb les intervencions d&#8217;<strong>Ulla Schmidt<\/strong>, exministra de Sanitat i Vicepresidenta del Parlament alemany; i <strong>Alfons Martinell<\/strong>, professor em\u00e8rit de la Universitat de Girona i expert en cultura i desenvolupament. El debat ser\u00e0 moderat per <strong>Ronald Gr\u00e4tz<\/strong>, exdirector de l&#8217;Institut f\u00fcr Auslandsbeziehungen a Stuttgart i del Goethe-Institut Barcelona. La sessi\u00f3 es far\u00e0 en castell\u00e0 i alemany amb traducci\u00f3 simult\u00e0nia.<\/p>\n\n\n\n<p>L&#8217;acte forma part del cicle &#8220;<a href=\"https:\/\/www.goethe.de\/ins\/es\/de\/ueb\/foe.html\" target=\"_blank\" rel=\"noreferrer noopener\">Europa pensa<\/a>&#8220;, organitzat pel Goethe-Institut Barcelona juntament amb el Goethe-Institut Madrid i amb el suport de l&#8217;associaci\u00f3 Amics del Goethe-Institut Espanya i socis locals del projecte.<\/p>\n","protected":false},"featured_media":50361,"template":"","class_list":["post-50366","icip_event","type-icip_event","status-publish","has-post-thumbnail","hentry"],"acf":[],"yoast_head":"<!-- This site is optimized with the Yoast SEO plugin v25.6 - https:\/\/yoast.com\/wordpress\/plugins\/seo\/ -->\n<title>Debat: &quot;Cultura i conflicte&quot; - ICIP<\/title>\n<meta name=\"robots\" content=\"index, follow, max-snippet:-1, max-image-preview:large, max-video-preview:-1\" \/>\n<link rel=\"canonical\" href=\"https:\/\/www.icip.cat\/ca\/event\/debate-cultura-y-conflicto\/\" \/>\n<meta property=\"og:locale\" content=\"ca_ES\" \/>\n<meta property=\"og:type\" content=\"article\" \/>\n<meta property=\"og:title\" content=\"Debat: &quot;Cultura i conflicte&quot; - ICIP\" \/>\n<meta property=\"og:description\" content=\"Quina funci\u00f3 i quins instruments t\u00e9 la cultura en situacions de conflicte? La cultura pot invocar universalismes com la humanitat, la llibertat i els drets humans? Les guerres actuals ens brinden l&#8217;oportunitat de reflexionar sobre aquestes i altres q\u00fcestions relatives a la cultura, recon\u00e8ixer-ne les possibilitats i limitacions i explicar per qu\u00e8 la cultura pot [&hellip;]\" \/>\n<meta property=\"og:url\" content=\"https:\/\/www.icip.cat\/ca\/event\/debate-cultura-y-conflicto\/\" \/>\n<meta property=\"og:site_name\" content=\"ICIP\" \/>\n<meta property=\"article:modified_time\" content=\"2024-11-11T10:45:00+00:00\" \/>\n<meta property=\"og:image\" content=\"https:\/\/www.icip.cat\/wp-content\/uploads\/2024\/11\/GOETHE.png\" \/>\n\t<meta property=\"og:image:width\" content=\"566\" \/>\n\t<meta property=\"og:image:height\" content=\"432\" \/>\n\t<meta property=\"og:image:type\" content=\"image\/png\" \/>\n<meta name=\"twitter:card\" content=\"summary_large_image\" \/>\n<meta name=\"twitter:label1\" content=\"Temps estimat de lectura\" \/>\n\t<meta name=\"twitter:data1\" content=\"2 minuts\" \/>\n<script type=\"application\/ld+json\" class=\"yoast-schema-graph\">{\"@context\":\"https:\/\/schema.org\",\"@graph\":[{\"@type\":\"WebPage\",\"@id\":\"https:\/\/www.icip.cat\/ca\/event\/debate-cultura-y-conflicto\/\",\"url\":\"https:\/\/www.icip.cat\/ca\/event\/debate-cultura-y-conflicto\/\",\"name\":\"Debat: \\\"Cultura i conflicte\\\" - ICIP\",\"isPartOf\":{\"@id\":\"https:\/\/www.icip.cat\/ca\/#website\"},\"primaryImageOfPage\":{\"@id\":\"https:\/\/www.icip.cat\/ca\/event\/debate-cultura-y-conflicto\/#primaryimage\"},\"image\":{\"@id\":\"https:\/\/www.icip.cat\/ca\/event\/debate-cultura-y-conflicto\/#primaryimage\"},\"thumbnailUrl\":\"https:\/\/www.icip.cat\/wp-content\/uploads\/2024\/11\/GOETHE.png\",\"datePublished\":\"2024-11-08T15:06:14+00:00\",\"dateModified\":\"2024-11-11T10:45:00+00:00\",\"inLanguage\":\"ca\",\"potentialAction\":[{\"@type\":\"ReadAction\",\"target\":[\"https:\/\/www.icip.cat\/ca\/event\/debate-cultura-y-conflicto\/\"]}]},{\"@type\":\"ImageObject\",\"inLanguage\":\"ca\",\"@id\":\"https:\/\/www.icip.cat\/ca\/event\/debate-cultura-y-conflicto\/#primaryimage\",\"url\":\"https:\/\/www.icip.cat\/wp-content\/uploads\/2024\/11\/GOETHE.png\",\"contentUrl\":\"https:\/\/www.icip.cat\/wp-content\/uploads\/2024\/11\/GOETHE.png\",\"width\":566,\"height\":432},{\"@type\":\"WebSite\",\"@id\":\"https:\/\/www.icip.cat\/ca\/#website\",\"url\":\"https:\/\/www.icip.cat\/ca\/\",\"name\":\"ICIP\",\"description\":\"\",\"publisher\":{\"@id\":\"https:\/\/www.icip.cat\/ca\/#organization\"},\"potentialAction\":[{\"@type\":\"SearchAction\",\"target\":{\"@type\":\"EntryPoint\",\"urlTemplate\":\"https:\/\/www.icip.cat\/ca\/?s={search_term_string}\"},\"query-input\":{\"@type\":\"PropertyValueSpecification\",\"valueRequired\":true,\"valueName\":\"search_term_string\"}}],\"inLanguage\":\"ca\"},{\"@type\":\"Organization\",\"@id\":\"https:\/\/www.icip.cat\/ca\/#organization\",\"name\":\"ICIP\",\"url\":\"https:\/\/www.icip.cat\/ca\/\",\"logo\":{\"@type\":\"ImageObject\",\"inLanguage\":\"ca\",\"@id\":\"https:\/\/www.icip.cat\/ca\/#\/schema\/logo\/image\/\",\"url\":\"https:\/\/www.icip.cat\/wp-content\/uploads\/2021\/02\/logo-2.png\",\"contentUrl\":\"https:\/\/www.icip.cat\/wp-content\/uploads\/2021\/02\/logo-2.png\",\"width\":562,\"height\":391,\"caption\":\"ICIP\"},\"image\":{\"@id\":\"https:\/\/www.icip.cat\/ca\/#\/schema\/logo\/image\/\"}}]}<\/script>\n<!-- \/ Yoast SEO plugin. -->","yoast_head_json":{"title":"Debat: \"Cultura i conflicte\" - ICIP","robots":{"index":"index","follow":"follow","max-snippet":"max-snippet:-1","max-image-preview":"max-image-preview:large","max-video-preview":"max-video-preview:-1"},"canonical":"https:\/\/www.icip.cat\/ca\/event\/debate-cultura-y-conflicto\/","og_locale":"ca_ES","og_type":"article","og_title":"Debat: \"Cultura i conflicte\" - ICIP","og_description":"Quina funci\u00f3 i quins instruments t\u00e9 la cultura en situacions de conflicte? La cultura pot invocar universalismes com la humanitat, la llibertat i els drets humans? Les guerres actuals ens brinden l&#8217;oportunitat de reflexionar sobre aquestes i altres q\u00fcestions relatives a la cultura, recon\u00e8ixer-ne les possibilitats i limitacions i explicar per qu\u00e8 la cultura pot [&hellip;]","og_url":"https:\/\/www.icip.cat\/ca\/event\/debate-cultura-y-conflicto\/","og_site_name":"ICIP","article_modified_time":"2024-11-11T10:45:00+00:00","og_image":[{"width":566,"height":432,"url":"https:\/\/www.icip.cat\/wp-content\/uploads\/2024\/11\/GOETHE.png","type":"image\/png"}],"twitter_card":"summary_large_image","twitter_misc":{"Temps estimat de lectura":"2 minuts"},"schema":{"@context":"https:\/\/schema.org","@graph":[{"@type":"WebPage","@id":"https:\/\/www.icip.cat\/ca\/event\/debate-cultura-y-conflicto\/","url":"https:\/\/www.icip.cat\/ca\/event\/debate-cultura-y-conflicto\/","name":"Debat: \"Cultura i conflicte\" - ICIP","isPartOf":{"@id":"https:\/\/www.icip.cat\/ca\/#website"},"primaryImageOfPage":{"@id":"https:\/\/www.icip.cat\/ca\/event\/debate-cultura-y-conflicto\/#primaryimage"},"image":{"@id":"https:\/\/www.icip.cat\/ca\/event\/debate-cultura-y-conflicto\/#primaryimage"},"thumbnailUrl":"https:\/\/www.icip.cat\/wp-content\/uploads\/2024\/11\/GOETHE.png","datePublished":"2024-11-08T15:06:14+00:00","dateModified":"2024-11-11T10:45:00+00:00","inLanguage":"ca","potentialAction":[{"@type":"ReadAction","target":["https:\/\/www.icip.cat\/ca\/event\/debate-cultura-y-conflicto\/"]}]},{"@type":"ImageObject","inLanguage":"ca","@id":"https:\/\/www.icip.cat\/ca\/event\/debate-cultura-y-conflicto\/#primaryimage","url":"https:\/\/www.icip.cat\/wp-content\/uploads\/2024\/11\/GOETHE.png","contentUrl":"https:\/\/www.icip.cat\/wp-content\/uploads\/2024\/11\/GOETHE.png","width":566,"height":432},{"@type":"WebSite","@id":"https:\/\/www.icip.cat\/ca\/#website","url":"https:\/\/www.icip.cat\/ca\/","name":"ICIP","description":"","publisher":{"@id":"https:\/\/www.icip.cat\/ca\/#organization"},"potentialAction":[{"@type":"SearchAction","target":{"@type":"EntryPoint","urlTemplate":"https:\/\/www.icip.cat\/ca\/?s={search_term_string}"},"query-input":{"@type":"PropertyValueSpecification","valueRequired":true,"valueName":"search_term_string"}}],"inLanguage":"ca"},{"@type":"Organization","@id":"https:\/\/www.icip.cat\/ca\/#organization","name":"ICIP","url":"https:\/\/www.icip.cat\/ca\/","logo":{"@type":"ImageObject","inLanguage":"ca","@id":"https:\/\/www.icip.cat\/ca\/#\/schema\/logo\/image\/","url":"https:\/\/www.icip.cat\/wp-content\/uploads\/2021\/02\/logo-2.png","contentUrl":"https:\/\/www.icip.cat\/wp-content\/uploads\/2021\/02\/logo-2.png","width":562,"height":391,"caption":"ICIP"},"image":{"@id":"https:\/\/www.icip.cat\/ca\/#\/schema\/logo\/image\/"}}]}},"_links":{"self":[{"href":"https:\/\/www.icip.cat\/ca\/wp-json\/wp\/v2\/icip_event\/50366","targetHints":{"allow":["GET"]}}],"collection":[{"href":"https:\/\/www.icip.cat\/ca\/wp-json\/wp\/v2\/icip_event"}],"about":[{"href":"https:\/\/www.icip.cat\/ca\/wp-json\/wp\/v2\/types\/icip_event"}],"version-history":[{"count":5,"href":"https:\/\/www.icip.cat\/ca\/wp-json\/wp\/v2\/icip_event\/50366\/revisions"}],"predecessor-version":[{"id":50372,"href":"https:\/\/www.icip.cat\/ca\/wp-json\/wp\/v2\/icip_event\/50366\/revisions\/50372"}],"wp:featuredmedia":[{"embeddable":true,"href":"https:\/\/www.icip.cat\/ca\/wp-json\/wp\/v2\/media\/50361"}],"wp:attachment":[{"href":"https:\/\/www.icip.cat\/ca\/wp-json\/wp\/v2\/media?parent=50366"}],"curies":[{"name":"wp","href":"https:\/\/api.w.org\/{rel}","templated":true}]}}