{"id":52964,"date":"2025-03-20T08:57:50","date_gmt":"2025-03-20T08:57:50","guid":{"rendered":"https:\/\/www.icip.cat\/?post_type=icip_event&#038;p=52964"},"modified":"2025-03-24T12:07:37","modified_gmt":"2025-03-24T12:07:37","slug":"presentacio-de-memoria-activa-una-metodologia-feminista-per-a-la-construccio-de-pau","status":"publish","type":"icip_event","link":"https:\/\/www.icip.cat\/ca\/event\/presentacio-de-memoria-activa-una-metodologia-feminista-per-a-la-construccio-de-pau\/","title":{"rendered":"Presentaci\u00f3 de &#8216;Memoria Activa&#8217;: una metodologia feminista per a la construcci\u00f3 de pau"},"content":{"rendered":"\n<p>El divendres 4 d&#8217;abril tindr\u00e0 lloc la presentaci\u00f3 del llibre <em><a href=\"https:\/\/www.icip.cat\/wp-content\/uploads\/eines_31.pdf\">Memoria Activa. Metodolog\u00eda psicosocial para la construcci\u00f3n de paz con mujeres inmigrantes y refugiadas<\/a><\/em>, la darrera publicaci\u00f3 de la col\u00b7lecci\u00f3 <strong>&#8220;<\/strong><a href=\"https:\/\/www.icip.cat\/ca\/eines-de-pau-seguretat-i-justicia\/\">Eines de pau, seguretat i just\u00edcia<\/a>&#8220;. Aquesta col\u00b7lecci\u00f3 vol ser un recurs \u00fatil per a totes aquelles persones que, amb diferents graus d\u2019implicaci\u00f3, es comprometen amb la construcci\u00f3 de la pau.<\/p>\n\n\n\n<p>En un context d\u2019augment de les migracions for\u00e7ades i dels moviments de persones refugiades i exiliades arreu del m\u00f3n, <em>Memoria Activa<\/em>, escrit per l\u2019organitzaci\u00f3 <strong>Mujer Di\u00e1spora<\/strong>, ofereix <strong>estrat\u00e8gies innovadores<\/strong> en els \u00e0mbits de la <strong>construcci\u00f3 de pau<\/strong> i la <strong>mem\u00f2ria col\u00b7lectiva<\/strong>.<\/p>\n\n\n\n<p>El llibre presenta una <strong>metodologia psicosocial amb perspectiva feminista<\/strong>, dissenyada per <strong>guarir i empoderar dones migrants i refugiades<\/strong>, especialment aquelles que provenen de pa\u00efsos en guerra, han patit conflictes armats o han viscut situacions de viol\u00e8ncia cr\u00f2nica. Aquesta metodologia posa en valor les seves experi\u00e8ncies de viol\u00e8ncia, despla\u00e7ament i exclusi\u00f3, transformant la <strong>mem\u00f2ria individual i col\u00b7lectiva<\/strong> en una eina de sanaci\u00f3 i empoderament. Aix\u00ed, es dona veu a dones hist\u00f2ricament silenciades i es refor\u00e7a el seu paper com a constructores de pau.<\/p>\n\n\n\n<p>L\u2019obra exposa els <strong>cinc eixos fonamentals<\/strong> que guien aquesta metodologia: <strong>sensorialitat, guariment, diversitat, espiritualitat i retorn simb\u00f2lic<\/strong>. A m\u00e9s, descriu t\u00e8cniques concretes per implementar aquest proc\u00e9s, com l\u2019\u00fas de la <strong>cuina com a eina de treball<\/strong>.<\/p>\n\n\n\n<p>L&#8217;acte comptar\u00e0 amb la participaci\u00f3 de persones de la di\u00e0spora colombiana i siriana, entre elles:<br>\ud83c\udfa4 Marta G\u00f3mez, cantautora.<br>\ud83c\udfac Iv\u00e1n Guarnizo, documentalista.<\/p>\n\n\n\n<p>\ud83d\udcf7 Ingrid Guyon, fot\u00f2grafa <br>\ud83d\udcdc Nour Salameh, doctora en hist\u00f2ria.<\/p>\n\n\n\n<p>\ud83d\udcc5 <strong>Divendres 4 d\u2019abril<\/strong><br>\u23f0<strong> A les 17h<\/strong><br>\ud83d\udccd <strong>Amics per a la Unesco de Barcelona<\/strong> (Mallorca, 207, Barcelona)<\/p>\n\n\n<div class=\"wp-block-image\">\n<figure class=\"aligncenter size-large\"><img fetchpriority=\"high\" decoding=\"async\" width=\"1024\" height=\"576\" src=\"https:\/\/www.icip.cat\/wp-content\/uploads\/2025\/03\/MemoriaActiva-1-1024x576.png\" alt=\"\" class=\"wp-image-53014\" srcset=\"https:\/\/www.icip.cat\/wp-content\/uploads\/2025\/03\/MemoriaActiva-1-1024x576.png 1024w, https:\/\/www.icip.cat\/wp-content\/uploads\/2025\/03\/MemoriaActiva-1-300x169.png 300w, https:\/\/www.icip.cat\/wp-content\/uploads\/2025\/03\/MemoriaActiva-1-768x432.png 768w, https:\/\/www.icip.cat\/wp-content\/uploads\/2025\/03\/MemoriaActiva-1-1536x864.png 1536w, https:\/\/www.icip.cat\/wp-content\/uploads\/2025\/03\/MemoriaActiva-1.png 1920w\" sizes=\"(max-width: 1024px) 100vw, 1024px\" \/><\/figure><\/div>","protected":false},"featured_media":52965,"template":"","class_list":["post-52964","icip_event","type-icip_event","status-publish","has-post-thumbnail","hentry"],"acf":[],"yoast_head":"<!-- This site is optimized with the Yoast SEO plugin v25.6 - https:\/\/yoast.com\/wordpress\/plugins\/seo\/ -->\n<title>Presentaci\u00f3 de &#039;Memoria Activa&#039;: una metodologia feminista per a la construcci\u00f3 de pau - ICIP<\/title>\n<meta name=\"description\" content=\"Presentaci\u00f3 de la darrera publicaci\u00f3 de la col\u00b7lecci\u00f3 &quot;Eines de pau, seguretat i just\u00edcia&quot; a la seu d&#039;Amics de la Unesco.\" \/>\n<meta name=\"robots\" content=\"index, follow, max-snippet:-1, max-image-preview:large, max-video-preview:-1\" \/>\n<link rel=\"canonical\" href=\"https:\/\/www.icip.cat\/ca\/event\/presentacio-de-memoria-activa-una-metodologia-feminista-per-a-la-construccio-de-pau\/\" \/>\n<meta property=\"og:locale\" content=\"ca_ES\" \/>\n<meta property=\"og:type\" content=\"article\" \/>\n<meta property=\"og:title\" content=\"Presentaci\u00f3 de &#039;Memoria Activa&#039;: una metodologia feminista per a la construcci\u00f3 de pau - ICIP\" \/>\n<meta property=\"og:description\" content=\"Presentaci\u00f3 de la darrera publicaci\u00f3 de la col\u00b7lecci\u00f3 &quot;Eines de pau, seguretat i just\u00edcia&quot; a la seu d&#039;Amics de la Unesco.\" \/>\n<meta property=\"og:url\" content=\"https:\/\/www.icip.cat\/ca\/event\/presentacio-de-memoria-activa-una-metodologia-feminista-per-a-la-construccio-de-pau\/\" \/>\n<meta property=\"og:site_name\" content=\"ICIP\" \/>\n<meta property=\"article:modified_time\" content=\"2025-03-24T12:07:37+00:00\" \/>\n<meta property=\"og:image\" content=\"https:\/\/www.icip.cat\/wp-content\/uploads\/2025\/03\/Cor-Memoria-Activa.png\" \/>\n\t<meta property=\"og:image:width\" content=\"367\" \/>\n\t<meta property=\"og:image:height\" content=\"370\" \/>\n\t<meta property=\"og:image:type\" content=\"image\/png\" \/>\n<meta name=\"twitter:card\" content=\"summary_large_image\" \/>\n<meta name=\"twitter:label1\" content=\"Temps estimat de lectura\" \/>\n\t<meta name=\"twitter:data1\" content=\"2 minuts\" \/>\n<script type=\"application\/ld+json\" class=\"yoast-schema-graph\">{\"@context\":\"https:\/\/schema.org\",\"@graph\":[{\"@type\":\"WebPage\",\"@id\":\"https:\/\/www.icip.cat\/ca\/event\/presentacio-de-memoria-activa-una-metodologia-feminista-per-a-la-construccio-de-pau\/\",\"url\":\"https:\/\/www.icip.cat\/ca\/event\/presentacio-de-memoria-activa-una-metodologia-feminista-per-a-la-construccio-de-pau\/\",\"name\":\"Presentaci\u00f3 de 'Memoria Activa': una metodologia feminista per a la construcci\u00f3 de pau - ICIP\",\"isPartOf\":{\"@id\":\"https:\/\/www.icip.cat\/ca\/#website\"},\"primaryImageOfPage\":{\"@id\":\"https:\/\/www.icip.cat\/ca\/event\/presentacio-de-memoria-activa-una-metodologia-feminista-per-a-la-construccio-de-pau\/#primaryimage\"},\"image\":{\"@id\":\"https:\/\/www.icip.cat\/ca\/event\/presentacio-de-memoria-activa-una-metodologia-feminista-per-a-la-construccio-de-pau\/#primaryimage\"},\"thumbnailUrl\":\"https:\/\/www.icip.cat\/wp-content\/uploads\/2025\/03\/Cor-Memoria-Activa.png\",\"datePublished\":\"2025-03-20T08:57:50+00:00\",\"dateModified\":\"2025-03-24T12:07:37+00:00\",\"description\":\"Presentaci\u00f3 de la darrera publicaci\u00f3 de la col\u00b7lecci\u00f3 \\\"Eines de pau, seguretat i just\u00edcia\\\" a la seu d'Amics de la Unesco.\",\"inLanguage\":\"ca\",\"potentialAction\":[{\"@type\":\"ReadAction\",\"target\":[\"https:\/\/www.icip.cat\/ca\/event\/presentacio-de-memoria-activa-una-metodologia-feminista-per-a-la-construccio-de-pau\/\"]}]},{\"@type\":\"ImageObject\",\"inLanguage\":\"ca\",\"@id\":\"https:\/\/www.icip.cat\/ca\/event\/presentacio-de-memoria-activa-una-metodologia-feminista-per-a-la-construccio-de-pau\/#primaryimage\",\"url\":\"https:\/\/www.icip.cat\/wp-content\/uploads\/2025\/03\/Cor-Memoria-Activa.png\",\"contentUrl\":\"https:\/\/www.icip.cat\/wp-content\/uploads\/2025\/03\/Cor-Memoria-Activa.png\",\"width\":367,\"height\":370},{\"@type\":\"WebSite\",\"@id\":\"https:\/\/www.icip.cat\/ca\/#website\",\"url\":\"https:\/\/www.icip.cat\/ca\/\",\"name\":\"ICIP\",\"description\":\"\",\"publisher\":{\"@id\":\"https:\/\/www.icip.cat\/ca\/#organization\"},\"potentialAction\":[{\"@type\":\"SearchAction\",\"target\":{\"@type\":\"EntryPoint\",\"urlTemplate\":\"https:\/\/www.icip.cat\/ca\/?s={search_term_string}\"},\"query-input\":{\"@type\":\"PropertyValueSpecification\",\"valueRequired\":true,\"valueName\":\"search_term_string\"}}],\"inLanguage\":\"ca\"},{\"@type\":\"Organization\",\"@id\":\"https:\/\/www.icip.cat\/ca\/#organization\",\"name\":\"ICIP\",\"url\":\"https:\/\/www.icip.cat\/ca\/\",\"logo\":{\"@type\":\"ImageObject\",\"inLanguage\":\"ca\",\"@id\":\"https:\/\/www.icip.cat\/ca\/#\/schema\/logo\/image\/\",\"url\":\"https:\/\/www.icip.cat\/wp-content\/uploads\/2021\/02\/logo-2.png\",\"contentUrl\":\"https:\/\/www.icip.cat\/wp-content\/uploads\/2021\/02\/logo-2.png\",\"width\":562,\"height\":391,\"caption\":\"ICIP\"},\"image\":{\"@id\":\"https:\/\/www.icip.cat\/ca\/#\/schema\/logo\/image\/\"}}]}<\/script>\n<!-- \/ Yoast SEO plugin. -->","yoast_head_json":{"title":"Presentaci\u00f3 de 'Memoria Activa': una metodologia feminista per a la construcci\u00f3 de pau - ICIP","description":"Presentaci\u00f3 de la darrera publicaci\u00f3 de la col\u00b7lecci\u00f3 \"Eines de pau, seguretat i just\u00edcia\" a la seu d'Amics de la Unesco.","robots":{"index":"index","follow":"follow","max-snippet":"max-snippet:-1","max-image-preview":"max-image-preview:large","max-video-preview":"max-video-preview:-1"},"canonical":"https:\/\/www.icip.cat\/ca\/event\/presentacio-de-memoria-activa-una-metodologia-feminista-per-a-la-construccio-de-pau\/","og_locale":"ca_ES","og_type":"article","og_title":"Presentaci\u00f3 de 'Memoria Activa': una metodologia feminista per a la construcci\u00f3 de pau - ICIP","og_description":"Presentaci\u00f3 de la darrera publicaci\u00f3 de la col\u00b7lecci\u00f3 \"Eines de pau, seguretat i just\u00edcia\" a la seu d'Amics de la Unesco.","og_url":"https:\/\/www.icip.cat\/ca\/event\/presentacio-de-memoria-activa-una-metodologia-feminista-per-a-la-construccio-de-pau\/","og_site_name":"ICIP","article_modified_time":"2025-03-24T12:07:37+00:00","og_image":[{"width":367,"height":370,"url":"https:\/\/www.icip.cat\/wp-content\/uploads\/2025\/03\/Cor-Memoria-Activa.png","type":"image\/png"}],"twitter_card":"summary_large_image","twitter_misc":{"Temps estimat de lectura":"2 minuts"},"schema":{"@context":"https:\/\/schema.org","@graph":[{"@type":"WebPage","@id":"https:\/\/www.icip.cat\/ca\/event\/presentacio-de-memoria-activa-una-metodologia-feminista-per-a-la-construccio-de-pau\/","url":"https:\/\/www.icip.cat\/ca\/event\/presentacio-de-memoria-activa-una-metodologia-feminista-per-a-la-construccio-de-pau\/","name":"Presentaci\u00f3 de 'Memoria Activa': una metodologia feminista per a la construcci\u00f3 de pau - ICIP","isPartOf":{"@id":"https:\/\/www.icip.cat\/ca\/#website"},"primaryImageOfPage":{"@id":"https:\/\/www.icip.cat\/ca\/event\/presentacio-de-memoria-activa-una-metodologia-feminista-per-a-la-construccio-de-pau\/#primaryimage"},"image":{"@id":"https:\/\/www.icip.cat\/ca\/event\/presentacio-de-memoria-activa-una-metodologia-feminista-per-a-la-construccio-de-pau\/#primaryimage"},"thumbnailUrl":"https:\/\/www.icip.cat\/wp-content\/uploads\/2025\/03\/Cor-Memoria-Activa.png","datePublished":"2025-03-20T08:57:50+00:00","dateModified":"2025-03-24T12:07:37+00:00","description":"Presentaci\u00f3 de la darrera publicaci\u00f3 de la col\u00b7lecci\u00f3 \"Eines de pau, seguretat i just\u00edcia\" a la seu d'Amics de la Unesco.","inLanguage":"ca","potentialAction":[{"@type":"ReadAction","target":["https:\/\/www.icip.cat\/ca\/event\/presentacio-de-memoria-activa-una-metodologia-feminista-per-a-la-construccio-de-pau\/"]}]},{"@type":"ImageObject","inLanguage":"ca","@id":"https:\/\/www.icip.cat\/ca\/event\/presentacio-de-memoria-activa-una-metodologia-feminista-per-a-la-construccio-de-pau\/#primaryimage","url":"https:\/\/www.icip.cat\/wp-content\/uploads\/2025\/03\/Cor-Memoria-Activa.png","contentUrl":"https:\/\/www.icip.cat\/wp-content\/uploads\/2025\/03\/Cor-Memoria-Activa.png","width":367,"height":370},{"@type":"WebSite","@id":"https:\/\/www.icip.cat\/ca\/#website","url":"https:\/\/www.icip.cat\/ca\/","name":"ICIP","description":"","publisher":{"@id":"https:\/\/www.icip.cat\/ca\/#organization"},"potentialAction":[{"@type":"SearchAction","target":{"@type":"EntryPoint","urlTemplate":"https:\/\/www.icip.cat\/ca\/?s={search_term_string}"},"query-input":{"@type":"PropertyValueSpecification","valueRequired":true,"valueName":"search_term_string"}}],"inLanguage":"ca"},{"@type":"Organization","@id":"https:\/\/www.icip.cat\/ca\/#organization","name":"ICIP","url":"https:\/\/www.icip.cat\/ca\/","logo":{"@type":"ImageObject","inLanguage":"ca","@id":"https:\/\/www.icip.cat\/ca\/#\/schema\/logo\/image\/","url":"https:\/\/www.icip.cat\/wp-content\/uploads\/2021\/02\/logo-2.png","contentUrl":"https:\/\/www.icip.cat\/wp-content\/uploads\/2021\/02\/logo-2.png","width":562,"height":391,"caption":"ICIP"},"image":{"@id":"https:\/\/www.icip.cat\/ca\/#\/schema\/logo\/image\/"}}]}},"_links":{"self":[{"href":"https:\/\/www.icip.cat\/ca\/wp-json\/wp\/v2\/icip_event\/52964","targetHints":{"allow":["GET"]}}],"collection":[{"href":"https:\/\/www.icip.cat\/ca\/wp-json\/wp\/v2\/icip_event"}],"about":[{"href":"https:\/\/www.icip.cat\/ca\/wp-json\/wp\/v2\/types\/icip_event"}],"version-history":[{"count":17,"href":"https:\/\/www.icip.cat\/ca\/wp-json\/wp\/v2\/icip_event\/52964\/revisions"}],"predecessor-version":[{"id":53044,"href":"https:\/\/www.icip.cat\/ca\/wp-json\/wp\/v2\/icip_event\/52964\/revisions\/53044"}],"wp:featuredmedia":[{"embeddable":true,"href":"https:\/\/www.icip.cat\/ca\/wp-json\/wp\/v2\/media\/52965"}],"wp:attachment":[{"href":"https:\/\/www.icip.cat\/ca\/wp-json\/wp\/v2\/media?parent=52964"}],"curies":[{"name":"wp","href":"https:\/\/api.w.org\/{rel}","templated":true}]}}