{"id":560,"date":"2020-10-28T18:38:58","date_gmt":"2020-10-28T18:38:58","guid":{"rendered":"http:\/\/www.icip.cat\/?post_type=icip_event&#038;p=560"},"modified":"2020-10-30T10:41:32","modified_gmt":"2020-10-30T10:41:32","slug":"4rt-congres-de-construccio-de-pau-amb-perspectiva-de-genere","status":"publish","type":"icip_event","link":"https:\/\/www.icip.cat\/ca\/event\/4rt-congres-de-construccio-de-pau-amb-perspectiva-de-genere\/","title":{"rendered":"4rt Congr\u00e9s de Construcci\u00f3 de Pau amb Perspectiva de G\u00e8nere"},"content":{"rendered":"\n<p>Del 3 al 13 de novembre la Universidad Iberoamericana de Ciutat de M\u00e8xic (IBERO) organitza el&nbsp;<a href=\"http:\/\/icip.gencat.cat\/web\/.content\/continguts\/agenda\/imatges_i_documents\/2020\/setembre_desembre\/PROGRAMA-Congreso-de-Paz-2020-ESPANOL.pdf\" target=\"_blank\" rel=\"noreferrer noopener\"><u>4rt Congr\u00e9s de Construcci\u00f3 de Pau amb Perspectiva de G\u00e8nere<\/u><\/a>, el qual compta amb la col\u00b7laboraci\u00f3 de l&#8217;ICIP i que t\u00e9 per&nbsp;objectiu compartir experi\u00e8ncies d\u2019organitzacions de la societat civil, organismes internacionals i institucions p\u00fabliques. El Congr\u00e9s abordar\u00e0 des d&#8217;experi\u00e8ncies de dones en la construcci\u00f3 de pau, l&#8217;an\u00e0lisi de les masculinitat, l&#8217;extremisme violent, l&#8217;educaci\u00f3 per la pau des d&#8217;una perspectiva de g\u00e8nere o els processos de just\u00edcia restaurativa i de just\u00edcia transicional.<\/p>\n\n\n\n<p>En el marc del Congr\u00e9s, l&#8217;ICIP, CIASE (Corporaci\u00f3n de Investigaci\u00f3n y Acci\u00f3n Social y Econ\u00f3mica), el CINEP\/PPP (Centro de Investigaci\u00f3n y Educaci\u00f3n Popular), JASS Mesoam\u00e9rica i Serapaz, coorganitzen la sessi\u00f3&nbsp;&#8220;Mujeres, seguridad y mediaci\u00f3n en Am\u00e9rica Latina: propuestas alternativas para la construcci\u00f3n de paz\u201d, que tindr\u00e0 lloc el dijous 5 de novembre, a les 15:00 hora catalana, i que vol ser&nbsp;un espai de reflexi\u00f3 sobre la seguretat des del feminisme en contextos de viol\u00e8ncia i conflictivitat, tant des d\u2019un punt de vista te\u00f2ric, com pr\u00e0ctic.<\/p>\n\n\n\n<p>Aquesta sessi\u00f3 es podr\u00e0 seguir en l\u00ednia mitjan\u00e7ant el&nbsp;<a href=\"https:\/\/www.youtube.com\/channel\/UC_I68J495e3F9uH0FfVQ1cw\">canal de YouTube de G\u00e8nere i Inclusi\u00f3 IBERO<\/a>. Tamb\u00e9 hi haur\u00e0 traducci\u00f3 simult\u00e0nia de l\u2019espanyol a l\u2019angl\u00e8s previ registre a la&nbsp;<a href=\"https:\/\/ibero.zoom.us\/meeting\/register\/tJYtdeyvqz0jH9YP3MHXd48lzbQmL3A9EKwv\" target=\"_blank\" rel=\"noreferrer noopener\">plataforma zoom<\/a>.&nbsp;<\/p>\n","protected":false},"featured_media":561,"template":"","class_list":["post-560","icip_event","type-icip_event","status-publish","has-post-thumbnail","hentry"],"acf":[],"yoast_head":"<!-- This site is optimized with the Yoast SEO plugin v25.6 - https:\/\/yoast.com\/wordpress\/plugins\/seo\/ -->\n<title>4rt Congr\u00e9s de Construcci\u00f3 de Pau amb Perspectiva de G\u00e8nere - ICIP<\/title>\n<meta name=\"robots\" content=\"index, follow, max-snippet:-1, max-image-preview:large, max-video-preview:-1\" \/>\n<link rel=\"canonical\" href=\"https:\/\/www.icip.cat\/ca\/event\/4rt-congres-de-construccio-de-pau-amb-perspectiva-de-genere\/\" \/>\n<meta property=\"og:locale\" content=\"ca_ES\" \/>\n<meta property=\"og:type\" content=\"article\" \/>\n<meta property=\"og:title\" content=\"4rt Congr\u00e9s de Construcci\u00f3 de Pau amb Perspectiva de G\u00e8nere - ICIP\" \/>\n<meta property=\"og:description\" content=\"Del 3 al 13 de novembre la Universidad Iberoamericana de Ciutat de M\u00e8xic (IBERO) organitza el&nbsp;4rt Congr\u00e9s de Construcci\u00f3 de Pau amb Perspectiva de G\u00e8nere, el qual compta amb la col\u00b7laboraci\u00f3 de l&#8217;ICIP i que t\u00e9 per&nbsp;objectiu compartir experi\u00e8ncies d\u2019organitzacions de la societat civil, organismes internacionals i institucions p\u00fabliques. El Congr\u00e9s abordar\u00e0 des d&#8217;experi\u00e8ncies de [&hellip;]\" \/>\n<meta property=\"og:url\" content=\"https:\/\/www.icip.cat\/ca\/event\/4rt-congres-de-construccio-de-pau-amb-perspectiva-de-genere\/\" \/>\n<meta property=\"og:site_name\" content=\"ICIP\" \/>\n<meta property=\"article:modified_time\" content=\"2020-10-30T10:41:32+00:00\" \/>\n<meta property=\"og:image\" content=\"https:\/\/www.icip.cat\/wp-content\/uploads\/2020\/10\/congres-construccio-pau-perspectiva-genere.png\" \/>\n\t<meta property=\"og:image:width\" content=\"557\" \/>\n\t<meta property=\"og:image:height\" content=\"395\" \/>\n\t<meta property=\"og:image:type\" content=\"image\/png\" \/>\n<meta name=\"twitter:card\" content=\"summary_large_image\" \/>\n<meta name=\"twitter:label1\" content=\"Temps estimat de lectura\" \/>\n\t<meta name=\"twitter:data1\" content=\"1 minut\" \/>\n<script type=\"application\/ld+json\" class=\"yoast-schema-graph\">{\"@context\":\"https:\/\/schema.org\",\"@graph\":[{\"@type\":\"WebPage\",\"@id\":\"https:\/\/www.icip.cat\/ca\/event\/4rt-congres-de-construccio-de-pau-amb-perspectiva-de-genere\/\",\"url\":\"https:\/\/www.icip.cat\/ca\/event\/4rt-congres-de-construccio-de-pau-amb-perspectiva-de-genere\/\",\"name\":\"4rt Congr\u00e9s de Construcci\u00f3 de Pau amb Perspectiva de G\u00e8nere - ICIP\",\"isPartOf\":{\"@id\":\"https:\/\/www.icip.cat\/ca\/#website\"},\"primaryImageOfPage\":{\"@id\":\"https:\/\/www.icip.cat\/ca\/event\/4rt-congres-de-construccio-de-pau-amb-perspectiva-de-genere\/#primaryimage\"},\"image\":{\"@id\":\"https:\/\/www.icip.cat\/ca\/event\/4rt-congres-de-construccio-de-pau-amb-perspectiva-de-genere\/#primaryimage\"},\"thumbnailUrl\":\"https:\/\/www.icip.cat\/wp-content\/uploads\/2020\/10\/congres-construccio-pau-perspectiva-genere.png\",\"datePublished\":\"2020-10-28T18:38:58+00:00\",\"dateModified\":\"2020-10-30T10:41:32+00:00\",\"inLanguage\":\"ca\",\"potentialAction\":[{\"@type\":\"ReadAction\",\"target\":[\"https:\/\/www.icip.cat\/ca\/event\/4rt-congres-de-construccio-de-pau-amb-perspectiva-de-genere\/\"]}]},{\"@type\":\"ImageObject\",\"inLanguage\":\"ca\",\"@id\":\"https:\/\/www.icip.cat\/ca\/event\/4rt-congres-de-construccio-de-pau-amb-perspectiva-de-genere\/#primaryimage\",\"url\":\"https:\/\/www.icip.cat\/wp-content\/uploads\/2020\/10\/congres-construccio-pau-perspectiva-genere.png\",\"contentUrl\":\"https:\/\/www.icip.cat\/wp-content\/uploads\/2020\/10\/congres-construccio-pau-perspectiva-genere.png\",\"width\":557,\"height\":395},{\"@type\":\"WebSite\",\"@id\":\"https:\/\/www.icip.cat\/ca\/#website\",\"url\":\"https:\/\/www.icip.cat\/ca\/\",\"name\":\"ICIP\",\"description\":\"\",\"publisher\":{\"@id\":\"https:\/\/www.icip.cat\/ca\/#organization\"},\"potentialAction\":[{\"@type\":\"SearchAction\",\"target\":{\"@type\":\"EntryPoint\",\"urlTemplate\":\"https:\/\/www.icip.cat\/ca\/?s={search_term_string}\"},\"query-input\":{\"@type\":\"PropertyValueSpecification\",\"valueRequired\":true,\"valueName\":\"search_term_string\"}}],\"inLanguage\":\"ca\"},{\"@type\":\"Organization\",\"@id\":\"https:\/\/www.icip.cat\/ca\/#organization\",\"name\":\"ICIP\",\"url\":\"https:\/\/www.icip.cat\/ca\/\",\"logo\":{\"@type\":\"ImageObject\",\"inLanguage\":\"ca\",\"@id\":\"https:\/\/www.icip.cat\/ca\/#\/schema\/logo\/image\/\",\"url\":\"https:\/\/www.icip.cat\/wp-content\/uploads\/2021\/02\/logo-2.png\",\"contentUrl\":\"https:\/\/www.icip.cat\/wp-content\/uploads\/2021\/02\/logo-2.png\",\"width\":562,\"height\":391,\"caption\":\"ICIP\"},\"image\":{\"@id\":\"https:\/\/www.icip.cat\/ca\/#\/schema\/logo\/image\/\"}}]}<\/script>\n<!-- \/ Yoast SEO plugin. -->","yoast_head_json":{"title":"4rt Congr\u00e9s de Construcci\u00f3 de Pau amb Perspectiva de G\u00e8nere - ICIP","robots":{"index":"index","follow":"follow","max-snippet":"max-snippet:-1","max-image-preview":"max-image-preview:large","max-video-preview":"max-video-preview:-1"},"canonical":"https:\/\/www.icip.cat\/ca\/event\/4rt-congres-de-construccio-de-pau-amb-perspectiva-de-genere\/","og_locale":"ca_ES","og_type":"article","og_title":"4rt Congr\u00e9s de Construcci\u00f3 de Pau amb Perspectiva de G\u00e8nere - ICIP","og_description":"Del 3 al 13 de novembre la Universidad Iberoamericana de Ciutat de M\u00e8xic (IBERO) organitza el&nbsp;4rt Congr\u00e9s de Construcci\u00f3 de Pau amb Perspectiva de G\u00e8nere, el qual compta amb la col\u00b7laboraci\u00f3 de l&#8217;ICIP i que t\u00e9 per&nbsp;objectiu compartir experi\u00e8ncies d\u2019organitzacions de la societat civil, organismes internacionals i institucions p\u00fabliques. El Congr\u00e9s abordar\u00e0 des d&#8217;experi\u00e8ncies de [&hellip;]","og_url":"https:\/\/www.icip.cat\/ca\/event\/4rt-congres-de-construccio-de-pau-amb-perspectiva-de-genere\/","og_site_name":"ICIP","article_modified_time":"2020-10-30T10:41:32+00:00","og_image":[{"width":557,"height":395,"url":"https:\/\/www.icip.cat\/wp-content\/uploads\/2020\/10\/congres-construccio-pau-perspectiva-genere.png","type":"image\/png"}],"twitter_card":"summary_large_image","twitter_misc":{"Temps estimat de lectura":"1 minut"},"schema":{"@context":"https:\/\/schema.org","@graph":[{"@type":"WebPage","@id":"https:\/\/www.icip.cat\/ca\/event\/4rt-congres-de-construccio-de-pau-amb-perspectiva-de-genere\/","url":"https:\/\/www.icip.cat\/ca\/event\/4rt-congres-de-construccio-de-pau-amb-perspectiva-de-genere\/","name":"4rt Congr\u00e9s de Construcci\u00f3 de Pau amb Perspectiva de G\u00e8nere - ICIP","isPartOf":{"@id":"https:\/\/www.icip.cat\/ca\/#website"},"primaryImageOfPage":{"@id":"https:\/\/www.icip.cat\/ca\/event\/4rt-congres-de-construccio-de-pau-amb-perspectiva-de-genere\/#primaryimage"},"image":{"@id":"https:\/\/www.icip.cat\/ca\/event\/4rt-congres-de-construccio-de-pau-amb-perspectiva-de-genere\/#primaryimage"},"thumbnailUrl":"https:\/\/www.icip.cat\/wp-content\/uploads\/2020\/10\/congres-construccio-pau-perspectiva-genere.png","datePublished":"2020-10-28T18:38:58+00:00","dateModified":"2020-10-30T10:41:32+00:00","inLanguage":"ca","potentialAction":[{"@type":"ReadAction","target":["https:\/\/www.icip.cat\/ca\/event\/4rt-congres-de-construccio-de-pau-amb-perspectiva-de-genere\/"]}]},{"@type":"ImageObject","inLanguage":"ca","@id":"https:\/\/www.icip.cat\/ca\/event\/4rt-congres-de-construccio-de-pau-amb-perspectiva-de-genere\/#primaryimage","url":"https:\/\/www.icip.cat\/wp-content\/uploads\/2020\/10\/congres-construccio-pau-perspectiva-genere.png","contentUrl":"https:\/\/www.icip.cat\/wp-content\/uploads\/2020\/10\/congres-construccio-pau-perspectiva-genere.png","width":557,"height":395},{"@type":"WebSite","@id":"https:\/\/www.icip.cat\/ca\/#website","url":"https:\/\/www.icip.cat\/ca\/","name":"ICIP","description":"","publisher":{"@id":"https:\/\/www.icip.cat\/ca\/#organization"},"potentialAction":[{"@type":"SearchAction","target":{"@type":"EntryPoint","urlTemplate":"https:\/\/www.icip.cat\/ca\/?s={search_term_string}"},"query-input":{"@type":"PropertyValueSpecification","valueRequired":true,"valueName":"search_term_string"}}],"inLanguage":"ca"},{"@type":"Organization","@id":"https:\/\/www.icip.cat\/ca\/#organization","name":"ICIP","url":"https:\/\/www.icip.cat\/ca\/","logo":{"@type":"ImageObject","inLanguage":"ca","@id":"https:\/\/www.icip.cat\/ca\/#\/schema\/logo\/image\/","url":"https:\/\/www.icip.cat\/wp-content\/uploads\/2021\/02\/logo-2.png","contentUrl":"https:\/\/www.icip.cat\/wp-content\/uploads\/2021\/02\/logo-2.png","width":562,"height":391,"caption":"ICIP"},"image":{"@id":"https:\/\/www.icip.cat\/ca\/#\/schema\/logo\/image\/"}}]}},"_links":{"self":[{"href":"https:\/\/www.icip.cat\/ca\/wp-json\/wp\/v2\/icip_event\/560","targetHints":{"allow":["GET"]}}],"collection":[{"href":"https:\/\/www.icip.cat\/ca\/wp-json\/wp\/v2\/icip_event"}],"about":[{"href":"https:\/\/www.icip.cat\/ca\/wp-json\/wp\/v2\/types\/icip_event"}],"version-history":[{"count":2,"href":"https:\/\/www.icip.cat\/ca\/wp-json\/wp\/v2\/icip_event\/560\/revisions"}],"predecessor-version":[{"id":565,"href":"https:\/\/www.icip.cat\/ca\/wp-json\/wp\/v2\/icip_event\/560\/revisions\/565"}],"wp:featuredmedia":[{"embeddable":true,"href":"https:\/\/www.icip.cat\/ca\/wp-json\/wp\/v2\/media\/561"}],"wp:attachment":[{"href":"https:\/\/www.icip.cat\/ca\/wp-json\/wp\/v2\/media?parent=560"}],"curies":[{"name":"wp","href":"https:\/\/api.w.org\/{rel}","templated":true}]}}