{"id":24717,"date":"2022-01-31T10:33:24","date_gmt":"2022-01-31T10:33:24","guid":{"rendered":"http:\/\/www.icip.cat\/?post_type=icip_opinion&#038;p=24717"},"modified":"2024-03-19T10:10:14","modified_gmt":"2024-03-19T10:10:14","slug":"jocs-de-guerra-a-ucraina","status":"publish","type":"icip_opinion","link":"https:\/\/www.icip.cat\/ca\/opinion\/jocs-de-guerra-a-ucraina\/","title":{"rendered":"Jocs de guerra a Ucra\u00efna"},"content":{"rendered":"\n<p>Tothom afirma que no vol la guerra: R\u00fassia, els Estats Units, l\u2019OTAN, la Uni\u00f3 Europea, i Ucra\u00efna. I, alhora, es multipliquen desplegaments de forces, maniobres militars i transfer\u00e8ncies d\u2019armes. Aquesta paradoxa genera un mar de confusions en l\u2019opini\u00f3 p\u00fablica i el risc de caure en simplificacions bin\u00e0ries buscant els bons i els dolents de la pel\u00b7l\u00edcula.<\/p>\n\n\n\n<p>Aquest article ofereix uns criteris d\u2019an\u00e0lisis, una br\u00faixola per no perdre\u2019ns en la complexitat del tema:<\/p>\n\n\n\n<p><strong>El context: tres en un<\/strong>. Els conflictes sempre tenen m\u00faltiples capes, com una ceba, que cal identificar i analitzar per tenir una visi\u00f3 m\u00e9s completa. En aquest cas la dimensi\u00f3 visible \u00e9s un pols de poder entre R\u00fassia i l\u2019OTAN. Per\u00f2 no cal perdre de vista dues altres perspectives. La dimensi\u00f3 local ens presenta un pa\u00eds \u2013Ucra\u00efna- que pateix les t\u00edpiques tensions d\u2019estats amb pluralitat identit\u00e0ria \u2013reconeixement de la diversitat cultural i ling\u00fc\u00edstica i la traducci\u00f3 d\u2019aquest reconeixement en la descentralitzaci\u00f3 del poder- i les tensions pr\u00f2pies d\u2019una democr\u00e0cia en construcci\u00f3, amb fortes disputes internes entre diferents grups d\u2019interessos. Aquestes tensions van desembocar en una <a href=\"https:\/\/www.crisisgroup.org\/content\/conflict-ukraines-donbas-visual-explainer\">guerra civil<\/a> al 2014 que ha causat m\u00e9s de 14.000 morts i tres milions de persones despla\u00e7ades.<\/p>\n\n\n\n<p>D\u2019altra banda, ampliar la mirada ens porta a parlar dels reptes de seguretat comuna en el marc europeu. Avui parlem d\u2019Ucra\u00efna. Ahir, de Bielor\u00fassia. Dem\u00e0 pot ser Ge\u00f2rgia, o B\u00f2snia o Xipre. Necessitem solucions per tancar la crisi actual, per\u00f2 aquestes solucions han de tenir en compte el context m\u00e9s ampli i ajudar a prevenir futures crisis.<\/p>\n\n\n\n<p><strong>Els actors: els visibles i els absents<\/strong>. El protagonista de la situaci\u00f3 \u00e9s <strong>R\u00fassia<\/strong>, que al desembre va estacionar tropes al voltant d\u2019Ucra\u00efna, probablement amb la intenci\u00f3 reeixida de provocar l\u2019actual enrenou. El principal contrincant formal \u00e9s <strong>l\u2019OTAN<\/strong>, a qui R\u00fassia acusa d\u2019amena\u00e7ar la seva seguretat degut a una pol\u00edtica d\u2019expansi\u00f3 cap a l\u2019est. A la pr\u00e0ctica el coprotagonista s\u00f3n els <strong>EUA<\/strong> donat que els pa\u00efsos europeus <a href=\"https:\/\/www.lavanguardia.com\/internacional\/20220125\/8009021\/europa-esta-mesa.html\">no tenen una visi\u00f3 comuna<\/a> i la <a href=\"https:\/\/eeas.europa.eu\/headquarters\/headquarters-homepage\/110084\/%E2%80%9Ceurope-danger-what-next-eu-security-and-defence%E2%80%9D-speech-high-representativevice-president_en\">pol\u00edtica europea de seguretat i defensa<\/a> encara est\u00e0 en construcci\u00f3. <strong>Fran\u00e7a<\/strong> i <strong>Alemanya<\/strong> procuren mantenir una certa visibilitat, tots dos amb un discurs menys agressiu que el dels americans<\/p>\n\n\n\n<p>Paradoxalment, qui menys veu t\u00e9 en aquesta disputa actual \u00e9s <strong>Ucra\u00efna<\/strong>, que s\u2019ha mostrat sorpresa i ha q\u00fcestionat l\u2019alarmisme dels EUA i els seus aliats m\u00e9s directes. Finalment, l\u2019organisme intergovernamental que est\u00e0 cridat a jugar un paper clau \u00e9s <a href=\"https:\/\/www.osce.org\/whatistheosce\"><strong>l\u2019Organitzaci\u00f3 per a la Seguretat i la Cooperaci\u00f3 d\u2019Europa<\/strong> (OSCE)<\/a>, de la qual formen part 57 estats. Un organisme creat en plena Guerra Freda precisament per garantir la pau, la democr\u00e0cia i l&#8217;estabilitat.<\/p>\n\n\n\n<blockquote class=\"wp-block-quote is-style-large is-layout-flow wp-block-quote-is-layout-flow\"><p>Cal una mirada \u00e0mplia i gestos de distensi\u00f3, i posar en valor el concepte de seguretat compartida. La guerra no pot ser mai una opci\u00f3.<\/p><\/blockquote>\n\n\n\n<p><strong>Les necessitats comunes: la seguretat<\/strong>. A ning\u00fa no li interessa la guerra. Si m\u00e9s no la guerra convencional, amb enfrontaments entre tropes russes i de l\u2019OTAN. Les guerres se sap com comencen per\u00f2 no com acaben. A banda del risc, tenen un cost econ\u00f2mic i pol\u00edtic que cap actor es pot permetre. I, malgrat aix\u00f2, no es pot descartar que una espiral de confrontaci\u00f3 verbal mal gestionada&nbsp; acabi amb una situaci\u00f3 que ning\u00fa no desitjava.<\/p>\n\n\n\n<p>Per prevenir-ho cal posar atenci\u00f3 a la necessitat comuna entre tots els actors: garanties de no agressi\u00f3. Aquest \u00e9s l\u2019objectiu de la diplom\u00e0cia. Sobre aquest tema hi ha molta feina a fer, en els tres nivells d\u2019an\u00e0lisi que esment\u00e0vem a l\u2019inici: R\u00fassia ha de deixar de percebre la resta dels pa\u00efsos europeus com una amena\u00e7a, i viceversa. Ucra\u00efna ha de poder consolidar la seva transici\u00f3 a la democr\u00e0cia i resoldre el seu conflicte armat intern. I el conjunt del continent europeu ha de poder canviar de paradigma: de la confrontaci\u00f3 per interessos nacionals a la col\u00b7laboraci\u00f3 per a fer front als reptes globals com ara salut i medi ambient.<\/p>\n\n\n\n<p><strong>Els interessos: el pes de la in\u00e8rcia<\/strong>. Aquests canvis requereixen una mirada \u00e0mplia i gestos de distensi\u00f3 per part de totes les bandes. Una mirada i uns gestos que no tothom est\u00e0 disposat a assumir perqu\u00e8 l\u2019statu quo beneficia molts interessos. En el cas de l\u2019OTAN, per exemple, implicaria q\u00fcestionar la seva naturalesa o, si m\u00e9s no, debatre si les seves actuacions despr\u00e9s de la Guerra Freda han generat m\u00e9s seguretat o inseguretat per als seus membres. I en el cas de R\u00fassia, que juga a recuperar un paper de gran pot\u00e8ncia, li pot interessar molt m\u00e9s alimentar els conflictes de baixa intensitat a la seva perif\u00e8ria com a eina per no perdre protagonisme en l\u2019escenari internacional. Per no parlar dels productors d\u2019armes, un sector en <a href=\"https:\/\/sipri.org\/media\/press-release\/2021\/business-usual-arms-sales-sipri-top-100-arms-companies-continue-grow-amid-pandemic\">constant creixement<\/a> degut a la nova carrera armamentista que experimenta el m\u00f3n.<\/p>\n\n\n\n<p><strong>Les opcions: des-escalar la crisi i prevenir-ne de noves<\/strong>. Malgrat els obstacles, si partim de la premissa que ning\u00fa no vol la guerra i que la necessitat compartida de seguretat \u00e9s m\u00e9s forta que els interessos en mantenir l\u2019statu quo, hi ha una s\u00e8rie de mesures que es poden prendre per reconduir la situaci\u00f3:<\/p>\n\n\n\n<ul class=\"wp-block-list\"><li>Cercar un <strong>llenguatge incloent<\/strong>: evitar declaracions bin\u00e0ries i polaritzants de \u201cnosaltres\u201d contra \u201cells\u201d i articular, en canvi, discursos que convidin al rencontre. Reprendre i posar en valor el concepte de \u201c<a href=\"https:\/\/www.ipb.org\/common-security\/\"><strong>seguretat compartida<\/strong><\/a>\u201d, desenvolupat en plena Guerra Freda per la Comissi\u00f3 Olof Palme i acceptat llavors per les parts en conflicte. El concepte est\u00e0 basat en les idees d\u2019interdepend\u00e8ncia, responsabilitat compartida i seguretat \u201camb\u201d m\u00e9s que no pas \u201ccontra\u201d l\u2019altre.<\/li><li>Refor\u00e7ar els <strong>instruments diplom\u00e0tics<\/strong> disponibles, generalment desconeguts per l\u2019opini\u00f3 p\u00fablica. L\u2019OSCE, com a espai per discutir la seguretat compartida. Tamb\u00e9 els acords presos en anys anteriors a les reunions OTAN-R\u00fassia, o el <a href=\"https:\/\/data.consilium.europa.eu\/doc\/document\/ST-9537-2001-REV-1\/en\/pdf\">programa de prevenci\u00f3 de conflictes violents de la UE<\/a>. Els protocols de Minsk encara s\u00f3n el referent per posar fi a la guerra civil d\u2019Ucra\u00efna. En definitiva, <a href=\"https:\/\/www.nytimes.com\/2022\/01\/24\/us\/politics\/us-russia-ukraine-war.html?campaign_id=51&amp;emc=edit_mbe_20220125&amp;instance_id=51200&amp;nl=morning-briefing%3A-europe-edition&amp;regi_id=171022624&amp;segment_id=80647&amp;te=1&amp;user_id=9e5900072014c601f041071d446879dc\">hi ha marge per a la negociaci\u00f3<\/a>.<\/li><li>Aprofitar la <strong>cimera de l\u2019OTAN<\/strong> a Madrid del juny per promoure an\u00e0lisi cr\u00edtica i propositiva sobre l\u2019alian\u00e7a, no nom\u00e9s per part de governs sin\u00f3 tamb\u00e9 per actors de la societat civil.<\/li><li>Apostar per la <strong>desmilitaritzaci\u00f3<\/strong>, tant d\u2019armes convencionals com d\u2019armes nuclears, com demana el <a href=\"http:\/\/centredelas.org\/actualitat\/comunicat-del-centre-delas-reduir-la-militaritzacio-del-conflicte-ucraines-per-evitar-la-guerra\/\">Centre Del\u00e0s<\/a>, entre d\u2019altres.<\/li><\/ul>\n\n\n\n<p>No hi ha solucions f\u00e0cils per a situacions complexes com aquesta. La guerra no pot ser mai una opci\u00f3. Una simple condemna de la guerra tampoc resol el conflicte. En comptes de polaritzar-nos en defensors i detractors de la m\u00e0 dura davant R\u00fassia, o del paper de l\u2019OTAN, calen m\u00e9s esfor\u00e7os per explorar i entendre el ventall d\u2019opcions disponibles per evitar que les tensions geopol\u00edtiques escalin cap a confrontacions armades.<\/p>\n\n\n\n<p><strong>Kristian Herbolzheimer, director de l&#8217;ICIP.<\/strong><\/p>\n","protected":false},"featured_media":19226,"template":"","class_list":["post-24717","icip_opinion","type-icip_opinion","status-publish","has-post-thumbnail","hentry"],"acf":[],"yoast_head":"<!-- This site is optimized with the Yoast SEO plugin v25.6 - https:\/\/yoast.com\/wordpress\/plugins\/seo\/ -->\n<title>Jocs de guerra a Ucra\u00efna - ICIP<\/title>\n<meta name=\"description\" content=\"No hi ha solucions f\u00e0cils per a situacions complexes com el conflicte a Ucra\u00efna. La guerra no pot ser mai una opci\u00f3.\" \/>\n<meta name=\"robots\" content=\"index, follow, max-snippet:-1, max-image-preview:large, max-video-preview:-1\" \/>\n<link rel=\"canonical\" href=\"https:\/\/www.icip.cat\/ca\/opinion\/jocs-de-guerra-a-ucraina\/\" \/>\n<meta property=\"og:locale\" content=\"ca_ES\" \/>\n<meta property=\"og:type\" content=\"article\" \/>\n<meta property=\"og:title\" content=\"Jocs de guerra a Ucra\u00efna - ICIP\" \/>\n<meta property=\"og:description\" content=\"No hi ha solucions f\u00e0cils per a situacions complexes com el conflicte a Ucra\u00efna. La guerra no pot ser mai una opci\u00f3.\" \/>\n<meta property=\"og:url\" content=\"https:\/\/www.icip.cat\/ca\/opinion\/jocs-de-guerra-a-ucraina\/\" \/>\n<meta property=\"og:site_name\" content=\"ICIP\" \/>\n<meta property=\"article:modified_time\" content=\"2024-03-19T10:10:14+00:00\" \/>\n<meta property=\"og:image\" content=\"https:\/\/www.icip.cat\/wp-content\/uploads\/2021\/05\/EQUIPO_ICIP_Kristian-2.jpg\" \/>\n\t<meta property=\"og:image:width\" content=\"235\" \/>\n\t<meta property=\"og:image:height\" content=\"235\" \/>\n\t<meta property=\"og:image:type\" content=\"image\/jpeg\" \/>\n<meta name=\"twitter:card\" content=\"summary_large_image\" \/>\n<meta name=\"twitter:label1\" content=\"Temps estimat de lectura\" \/>\n\t<meta name=\"twitter:data1\" content=\"6 minuts\" \/>\n<script type=\"application\/ld+json\" class=\"yoast-schema-graph\">{\"@context\":\"https:\/\/schema.org\",\"@graph\":[{\"@type\":\"WebPage\",\"@id\":\"https:\/\/www.icip.cat\/ca\/opinion\/jocs-de-guerra-a-ucraina\/\",\"url\":\"https:\/\/www.icip.cat\/ca\/opinion\/jocs-de-guerra-a-ucraina\/\",\"name\":\"Jocs de guerra a Ucra\u00efna - ICIP\",\"isPartOf\":{\"@id\":\"https:\/\/www.icip.cat\/ca\/#website\"},\"primaryImageOfPage\":{\"@id\":\"https:\/\/www.icip.cat\/ca\/opinion\/jocs-de-guerra-a-ucraina\/#primaryimage\"},\"image\":{\"@id\":\"https:\/\/www.icip.cat\/ca\/opinion\/jocs-de-guerra-a-ucraina\/#primaryimage\"},\"thumbnailUrl\":\"https:\/\/www.icip.cat\/wp-content\/uploads\/2021\/05\/EQUIPO_ICIP_Kristian-2.jpg\",\"datePublished\":\"2022-01-31T10:33:24+00:00\",\"dateModified\":\"2024-03-19T10:10:14+00:00\",\"description\":\"No hi ha solucions f\u00e0cils per a situacions complexes com el conflicte a Ucra\u00efna. La guerra no pot ser mai una opci\u00f3.\",\"inLanguage\":\"ca\",\"potentialAction\":[{\"@type\":\"ReadAction\",\"target\":[\"https:\/\/www.icip.cat\/ca\/opinion\/jocs-de-guerra-a-ucraina\/\"]}]},{\"@type\":\"ImageObject\",\"inLanguage\":\"ca\",\"@id\":\"https:\/\/www.icip.cat\/ca\/opinion\/jocs-de-guerra-a-ucraina\/#primaryimage\",\"url\":\"https:\/\/www.icip.cat\/wp-content\/uploads\/2021\/05\/EQUIPO_ICIP_Kristian-2.jpg\",\"contentUrl\":\"https:\/\/www.icip.cat\/wp-content\/uploads\/2021\/05\/EQUIPO_ICIP_Kristian-2.jpg\",\"width\":235,\"height\":235},{\"@type\":\"WebSite\",\"@id\":\"https:\/\/www.icip.cat\/ca\/#website\",\"url\":\"https:\/\/www.icip.cat\/ca\/\",\"name\":\"ICIP\",\"description\":\"\",\"publisher\":{\"@id\":\"https:\/\/www.icip.cat\/ca\/#organization\"},\"potentialAction\":[{\"@type\":\"SearchAction\",\"target\":{\"@type\":\"EntryPoint\",\"urlTemplate\":\"https:\/\/www.icip.cat\/ca\/?s={search_term_string}\"},\"query-input\":{\"@type\":\"PropertyValueSpecification\",\"valueRequired\":true,\"valueName\":\"search_term_string\"}}],\"inLanguage\":\"ca\"},{\"@type\":\"Organization\",\"@id\":\"https:\/\/www.icip.cat\/ca\/#organization\",\"name\":\"ICIP\",\"url\":\"https:\/\/www.icip.cat\/ca\/\",\"logo\":{\"@type\":\"ImageObject\",\"inLanguage\":\"ca\",\"@id\":\"https:\/\/www.icip.cat\/ca\/#\/schema\/logo\/image\/\",\"url\":\"https:\/\/www.icip.cat\/wp-content\/uploads\/2021\/02\/logo-2.png\",\"contentUrl\":\"https:\/\/www.icip.cat\/wp-content\/uploads\/2021\/02\/logo-2.png\",\"width\":562,\"height\":391,\"caption\":\"ICIP\"},\"image\":{\"@id\":\"https:\/\/www.icip.cat\/ca\/#\/schema\/logo\/image\/\"}}]}<\/script>\n<!-- \/ Yoast SEO plugin. -->","yoast_head_json":{"title":"Jocs de guerra a Ucra\u00efna - ICIP","description":"No hi ha solucions f\u00e0cils per a situacions complexes com el conflicte a Ucra\u00efna. La guerra no pot ser mai una opci\u00f3.","robots":{"index":"index","follow":"follow","max-snippet":"max-snippet:-1","max-image-preview":"max-image-preview:large","max-video-preview":"max-video-preview:-1"},"canonical":"https:\/\/www.icip.cat\/ca\/opinion\/jocs-de-guerra-a-ucraina\/","og_locale":"ca_ES","og_type":"article","og_title":"Jocs de guerra a Ucra\u00efna - ICIP","og_description":"No hi ha solucions f\u00e0cils per a situacions complexes com el conflicte a Ucra\u00efna. La guerra no pot ser mai una opci\u00f3.","og_url":"https:\/\/www.icip.cat\/ca\/opinion\/jocs-de-guerra-a-ucraina\/","og_site_name":"ICIP","article_modified_time":"2024-03-19T10:10:14+00:00","og_image":[{"width":235,"height":235,"url":"https:\/\/www.icip.cat\/wp-content\/uploads\/2021\/05\/EQUIPO_ICIP_Kristian-2.jpg","type":"image\/jpeg"}],"twitter_card":"summary_large_image","twitter_misc":{"Temps estimat de lectura":"6 minuts"},"schema":{"@context":"https:\/\/schema.org","@graph":[{"@type":"WebPage","@id":"https:\/\/www.icip.cat\/ca\/opinion\/jocs-de-guerra-a-ucraina\/","url":"https:\/\/www.icip.cat\/ca\/opinion\/jocs-de-guerra-a-ucraina\/","name":"Jocs de guerra a Ucra\u00efna - ICIP","isPartOf":{"@id":"https:\/\/www.icip.cat\/ca\/#website"},"primaryImageOfPage":{"@id":"https:\/\/www.icip.cat\/ca\/opinion\/jocs-de-guerra-a-ucraina\/#primaryimage"},"image":{"@id":"https:\/\/www.icip.cat\/ca\/opinion\/jocs-de-guerra-a-ucraina\/#primaryimage"},"thumbnailUrl":"https:\/\/www.icip.cat\/wp-content\/uploads\/2021\/05\/EQUIPO_ICIP_Kristian-2.jpg","datePublished":"2022-01-31T10:33:24+00:00","dateModified":"2024-03-19T10:10:14+00:00","description":"No hi ha solucions f\u00e0cils per a situacions complexes com el conflicte a Ucra\u00efna. La guerra no pot ser mai una opci\u00f3.","inLanguage":"ca","potentialAction":[{"@type":"ReadAction","target":["https:\/\/www.icip.cat\/ca\/opinion\/jocs-de-guerra-a-ucraina\/"]}]},{"@type":"ImageObject","inLanguage":"ca","@id":"https:\/\/www.icip.cat\/ca\/opinion\/jocs-de-guerra-a-ucraina\/#primaryimage","url":"https:\/\/www.icip.cat\/wp-content\/uploads\/2021\/05\/EQUIPO_ICIP_Kristian-2.jpg","contentUrl":"https:\/\/www.icip.cat\/wp-content\/uploads\/2021\/05\/EQUIPO_ICIP_Kristian-2.jpg","width":235,"height":235},{"@type":"WebSite","@id":"https:\/\/www.icip.cat\/ca\/#website","url":"https:\/\/www.icip.cat\/ca\/","name":"ICIP","description":"","publisher":{"@id":"https:\/\/www.icip.cat\/ca\/#organization"},"potentialAction":[{"@type":"SearchAction","target":{"@type":"EntryPoint","urlTemplate":"https:\/\/www.icip.cat\/ca\/?s={search_term_string}"},"query-input":{"@type":"PropertyValueSpecification","valueRequired":true,"valueName":"search_term_string"}}],"inLanguage":"ca"},{"@type":"Organization","@id":"https:\/\/www.icip.cat\/ca\/#organization","name":"ICIP","url":"https:\/\/www.icip.cat\/ca\/","logo":{"@type":"ImageObject","inLanguage":"ca","@id":"https:\/\/www.icip.cat\/ca\/#\/schema\/logo\/image\/","url":"https:\/\/www.icip.cat\/wp-content\/uploads\/2021\/02\/logo-2.png","contentUrl":"https:\/\/www.icip.cat\/wp-content\/uploads\/2021\/02\/logo-2.png","width":562,"height":391,"caption":"ICIP"},"image":{"@id":"https:\/\/www.icip.cat\/ca\/#\/schema\/logo\/image\/"}}]}},"_links":{"self":[{"href":"https:\/\/www.icip.cat\/ca\/wp-json\/wp\/v2\/icip_opinion\/24717","targetHints":{"allow":["GET"]}}],"collection":[{"href":"https:\/\/www.icip.cat\/ca\/wp-json\/wp\/v2\/icip_opinion"}],"about":[{"href":"https:\/\/www.icip.cat\/ca\/wp-json\/wp\/v2\/types\/icip_opinion"}],"version-history":[{"count":6,"href":"https:\/\/www.icip.cat\/ca\/wp-json\/wp\/v2\/icip_opinion\/24717\/revisions"}],"predecessor-version":[{"id":44495,"href":"https:\/\/www.icip.cat\/ca\/wp-json\/wp\/v2\/icip_opinion\/24717\/revisions\/44495"}],"wp:featuredmedia":[{"embeddable":true,"href":"https:\/\/www.icip.cat\/ca\/wp-json\/wp\/v2\/media\/19226"}],"wp:attachment":[{"href":"https:\/\/www.icip.cat\/ca\/wp-json\/wp\/v2\/media?parent=24717"}],"curies":[{"name":"wp","href":"https:\/\/api.w.org\/{rel}","templated":true}]}}