{"id":32651,"date":"2022-10-10T10:47:01","date_gmt":"2022-10-10T10:47:01","guid":{"rendered":"https:\/\/www.icip.cat\/?post_type=icip_opinion&#038;p=32651"},"modified":"2022-10-10T12:06:23","modified_gmt":"2022-10-10T12:06:23","slug":"reptes-per-a-la-seguretat-a-europa","status":"publish","type":"icip_opinion","link":"https:\/\/www.icip.cat\/ca\/opinion\/reptes-per-a-la-seguretat-a-europa\/","title":{"rendered":"Reptes per a la seguretat a Europa"},"content":{"rendered":"\n<p>El 29 de setembre, l\u2019ICIP va participar a la confer\u00e8ncia <a href=\"https:\/\/www.ifa.de\/en\/conference\/berlin-peace-dialogue-2022\/\">Berlin Peace Dialogue 2022<\/a>. Aquesta edici\u00f3 portava per t\u00edtol: \u00abEuropa en l&#8217;ombra de la guerra: nous reptes per a la prevenci\u00f3 de crisi civil i la gesti\u00f3 de conflictes\u00bb. Organitzada pel consell assessor del govern federal alemany per a la prevenci\u00f3 civil de crisi i la consolidaci\u00f3 de la pau, l\u2019objectiu de la confer\u00e8ncia era que professionals de l\u2019\u00e0mbit internacional, acad\u00e8mics, responsables pol\u00edtics, activistes i pacifistes conversessin sobre l&#8217;efic\u00e0cia i les limitacions de les estrat\u00e8gies utilitzades actualment en la prevenci\u00f3 de crisi, aix\u00ed com d\u2019innovacions en l\u2019\u00e0mbit esmentat.<\/p>\n\n\n\n<p>L\u2019acte inicial de la confer\u00e8ncia, a c\u00e0rrec de la ministra d\u2019Afers Exteriors alemanya Annalena Baerbock, es va centrar en dues reflexions b\u00e0siques: el canvi clim\u00e0tic com a principal repte de la seguretat nacional en el futur, i Ucra\u00efna com a punt d\u2019inflexi\u00f3 a Europa.<\/p>\n\n\n\n<p><strong>Canvi clim\u00e0tic com a repte de seguretat<\/strong><\/p>\n\n\n\n<p>La prevenci\u00f3 \u00e9s una eina clau i necess\u00e0ria per a la resoluci\u00f3 i transformaci\u00f3 de conflictes, ja sigui en la dimensi\u00f3 local, regional, o internacional. Quan parlem de canvi clim\u00e0tic, la prevenci\u00f3 adquireix un car\u00e0cter m\u00e9s central, m\u00e9s f\u00edsic, i m\u00e9s tangible: prevenci\u00f3 per a mitigar els efectes del canvi clim\u00e0tic sobre la vida de les persones, el seu estil de vida, etc.&nbsp; Episodis com les inundacions massives al Pakistan, on 33 milions de persones s\u2019han hagut de despla\u00e7ar for\u00e7osament, fan pal\u00e8s que seguretat tamb\u00e9 vol dir estar preparats i protegits del canvi clim\u00e0tic.<\/p>\n\n\n\n<p>La ministra Baerbock va expressar com, sota la visi\u00f3 alemanya, tenen clar que la preparaci\u00f3 i prevenci\u00f3 en clau clim\u00e0tica ser\u00e0 el que determini la resili\u00e8ncia de les nacions davant dels efectes del canvi clim\u00e0tic. \u201cLa seguretat clim\u00e0tica ser\u00e0 la base de la seguretat nacional del futur\u201d. En aquesta l\u00ednia, va afegir, <strong>la seguretat clim\u00e0tica ser\u00e0 un component clau de la pau del futur<\/strong>. Aix\u00ed, va defensar, tot i que Europa es trobi en un context de guerra, q\u00fcestions com la protecci\u00f3 del clima i la prevenci\u00f3 han de continuar ocupant un lloc preferencial en l&#8217;agenda pol\u00edtica. A m\u00e9s a m\u00e9s, incloure-ho com una part essencial de les estrat\u00e8gies de consolidaci\u00f3 de la pau, per tal de fer-les m\u00e9s sist\u00e8miques i cohesionades.<\/p>\n\n\n\n<p><strong>Ucra\u00efna com a \u00abZeitenweinde\u00bb<\/strong><\/p>\n\n\n\n<p>Ucra\u00efna marcar\u00e0, sense cap mena de dubte, un abans i un despr\u00e9s a Europa. El primer ministre alemany, Olaf Scholz, ja va descriure el 24 de febrer la guerra d\u2019Ucra\u00efna com un moment de <em>\u00abZeitenweinde\u00bb <\/em>al continent europeu, aix\u00f2 \u00e9s, un punt d\u2019inflexi\u00f3 en la hist\u00f2ria, un fet que marcava el canvi d\u2019una era. Tamb\u00e9 \u00e9s ben probable que el nou ordre de seguretat europeu es redefineixi en paral\u00b7lel a la resoluci\u00f3 del conflicte. La gran q\u00fcesti\u00f3 seguir\u00e0 essent R\u00fassia. <strong>\u00c9s la idea de pau i seguretat comuna a Europa (aquella que evocava un espai de seguretat cooperativa des de Vancouver fins a Vladivostok) una il\u00b7lusi\u00f3? Podem tenir esperances encara? O m\u00e9s aviat, acceptar el frac\u00e0s del projecte de seguretat comuna a Europa?<\/strong><\/p>\n\n\n\n<p>La idea de la seguretat comuna a Europa reflectia un temps de profund canvi i de grans expectatives. Pot semblar molt ingenu avui, per\u00f2 les persones que van negociar la <em>Carta de Par\u00eds \u2013 Per una nova Europa<\/em>, al 1990, no ho eren pas, d\u2019ing\u00e8nues. Aquest va ser tamb\u00e9 el moment en qu\u00e8 es van produir algunes de les majors fites en termes de construcci\u00f3 de confian\u00e7a en mat\u00e8ria de seguretat a Europa, com diversos tractats de control d&#8217;armes, o la Confer\u00e8ncia sobre la Seguretat i Cooperaci\u00f3 a Europa (CSCE).<\/p>\n\n\n\n<p>Heidi Grau, diplom\u00e0tica su\u00efssa, Representant Especial de l&#8217;Organitzaci\u00f3 de Seguretat i Cooperaci\u00f3 a Europa (OSCE) a Ucra\u00efna i al Trilateral Contact Group (TCG), critica la falta de voluntat pol\u00edtica i d\u2019inversi\u00f3 necess\u00e0ria en tenir estructures de seguretat cooperativa a l\u2019Europa Occidental: \u201cEuropa Occidental es va centrar massa en l&#8217;OTAN i la UE. No es va prestar suficient atenci\u00f3 a la CSCE, a l\u2019OSCE i a l&#8217;arquitectura de seguretat d&#8217;Europa Oriental\u201d. Certament, \u00e9s pertinent criticar que Europa Occidental no va tenir prou present el que passava a \u201cl\u2019altra Europa\u201d.&nbsp; Sigui quin sigui el resultat de la guerra, <strong>els problemes de funcionament de l\u2019OSCE s\u2019han arrossegat des dels anys noranta, i si volem mantenir (o rellan\u00e7ar) el rol d\u2019organitzacions com aquesta, s\u2019hi ha d\u2019invertir m\u00e9s, i adre\u00e7ar la q\u00fcesti\u00f3 dels mecanismes de presa de decisions.<\/strong><\/p>\n\n\n\n<p>Des d\u2019Europa hi ha el repte d\u2019establir una nova relaci\u00f3 amb R\u00fassia. Que no funcion\u00e9s amb l\u2019estrat\u00e8gia Merkel no vol dir que s\u2019hagi de plegar.<strong> No hi ha futur a Europa sense una relaci\u00f3 constructiva i bona amb la R\u00fassia post-Putin.<\/strong> Per molt dif\u00edcil que sembli ara, l\u2019esperit de l&#8217;Acta Final d&#8217;H\u00e8lsinki de 1975 hauria de ser la base de la nova manera de conviure amb R\u00fassia a Europa. Si ens movem fora d\u2019aquest marc, no hi haur\u00e0 cap escenari que no estigui basat en la pau armada. Aqu\u00ed tenim feina d\u2019elaborar, pensar, articular i proposar. Cap a la poblaci\u00f3 russa i els dirigents russos post-Putin. Aqu\u00ed hem d\u2019anar m\u00e9s enll\u00e0 del suport a Ucra\u00efna, i pensar en el gran marc de la seguretat europea. En aquest sentit, el naixement de la <a href=\"https:\/\/www.newtral.es\/comunidad-politica-europea\/20221006\/\">Comunitat Pol\u00edtica Europea<\/a> en el marc de les \u201cdram\u00e0tiques conseq\u00fc\u00e8ncies de la guerra d\u2019Ucra\u00efna\u201d, amb la voluntat de ser un f\u00f2rum de di\u00e0leg, que pugui \u201creunir als l\u00edders pol\u00edtics en igualtat de condicions, per fomentar el di\u00e0leg pol\u00edtic i la cooperaci\u00f3 en mat\u00e8ries d\u2019inter\u00e8s com\u00fa\u201c, i que agrupa 44 pa\u00efsos\u2014tot i que exclou R\u00fassia i Bielor\u00fassia, de moment\u2014\u00e9s un pas en la direcci\u00f3 correcta.<\/p>\n\n\n\n<p><\/p>\n\n\n\n<p><strong>Elisenda Comadran Casas<\/strong> \u00e9s t\u00e8cnica de l&#8217;\u00e0rea &#8220;<a href=\"https:\/\/www.icip.cat\/ca\/alternatives-de-seguretat\/\" target=\"_blank\" rel=\"noreferrer noopener\">Alternatives de seguretat<\/a>&#8221; de l&#8217;ICIP.<\/p>\n","protected":false},"featured_media":30606,"template":"","class_list":["post-32651","icip_opinion","type-icip_opinion","status-publish","has-post-thumbnail","hentry"],"acf":[],"yoast_head":"<!-- This site is optimized with the Yoast SEO plugin v25.6 - https:\/\/yoast.com\/wordpress\/plugins\/seo\/ -->\n<title>Reptes per a la seguretat a Europa - ICIP<\/title>\n<meta name=\"description\" content=\"La guerra d&#039;Ucra\u00efna i el canvi clim\u00e0tic marquen el futur europeu i obren nous desafiaments per a la pau i la seguretat comuna\" \/>\n<meta name=\"robots\" content=\"index, follow, max-snippet:-1, max-image-preview:large, max-video-preview:-1\" \/>\n<link rel=\"canonical\" href=\"https:\/\/www.icip.cat\/ca\/opinion\/reptes-per-a-la-seguretat-a-europa\/\" \/>\n<meta property=\"og:locale\" content=\"ca_ES\" \/>\n<meta property=\"og:type\" content=\"article\" \/>\n<meta property=\"og:title\" content=\"Reptes per a la seguretat a Europa - ICIP\" \/>\n<meta property=\"og:description\" content=\"La guerra d&#039;Ucra\u00efna i el canvi clim\u00e0tic marquen el futur europeu i obren nous desafiaments per a la pau i la seguretat comuna\" \/>\n<meta property=\"og:url\" content=\"https:\/\/www.icip.cat\/ca\/opinion\/reptes-per-a-la-seguretat-a-europa\/\" \/>\n<meta property=\"og:site_name\" content=\"ICIP\" \/>\n<meta property=\"article:modified_time\" content=\"2022-10-10T12:06:23+00:00\" \/>\n<meta property=\"og:image\" content=\"https:\/\/www.icip.cat\/wp-content\/uploads\/2022\/07\/elisenda2-e1665398993526.png\" \/>\n\t<meta property=\"og:image:width\" content=\"238\" \/>\n\t<meta property=\"og:image:height\" content=\"239\" \/>\n\t<meta property=\"og:image:type\" content=\"image\/png\" \/>\n<meta name=\"twitter:card\" content=\"summary_large_image\" \/>\n<meta name=\"twitter:label1\" content=\"Temps estimat de lectura\" \/>\n\t<meta name=\"twitter:data1\" content=\"6 minuts\" \/>\n<script type=\"application\/ld+json\" class=\"yoast-schema-graph\">{\"@context\":\"https:\/\/schema.org\",\"@graph\":[{\"@type\":\"WebPage\",\"@id\":\"https:\/\/www.icip.cat\/ca\/opinion\/reptes-per-a-la-seguretat-a-europa\/\",\"url\":\"https:\/\/www.icip.cat\/ca\/opinion\/reptes-per-a-la-seguretat-a-europa\/\",\"name\":\"Reptes per a la seguretat a Europa - ICIP\",\"isPartOf\":{\"@id\":\"https:\/\/www.icip.cat\/ca\/#website\"},\"primaryImageOfPage\":{\"@id\":\"https:\/\/www.icip.cat\/ca\/opinion\/reptes-per-a-la-seguretat-a-europa\/#primaryimage\"},\"image\":{\"@id\":\"https:\/\/www.icip.cat\/ca\/opinion\/reptes-per-a-la-seguretat-a-europa\/#primaryimage\"},\"thumbnailUrl\":\"https:\/\/www.icip.cat\/wp-content\/uploads\/2022\/07\/elisenda2-e1665398993526.png\",\"datePublished\":\"2022-10-10T10:47:01+00:00\",\"dateModified\":\"2022-10-10T12:06:23+00:00\",\"description\":\"La guerra d'Ucra\u00efna i el canvi clim\u00e0tic marquen el futur europeu i obren nous desafiaments per a la pau i la seguretat comuna\",\"inLanguage\":\"ca\",\"potentialAction\":[{\"@type\":\"ReadAction\",\"target\":[\"https:\/\/www.icip.cat\/ca\/opinion\/reptes-per-a-la-seguretat-a-europa\/\"]}]},{\"@type\":\"ImageObject\",\"inLanguage\":\"ca\",\"@id\":\"https:\/\/www.icip.cat\/ca\/opinion\/reptes-per-a-la-seguretat-a-europa\/#primaryimage\",\"url\":\"https:\/\/www.icip.cat\/wp-content\/uploads\/2022\/07\/elisenda2-e1665398993526.png\",\"contentUrl\":\"https:\/\/www.icip.cat\/wp-content\/uploads\/2022\/07\/elisenda2-e1665398993526.png\",\"width\":238,\"height\":239},{\"@type\":\"WebSite\",\"@id\":\"https:\/\/www.icip.cat\/ca\/#website\",\"url\":\"https:\/\/www.icip.cat\/ca\/\",\"name\":\"ICIP\",\"description\":\"\",\"publisher\":{\"@id\":\"https:\/\/www.icip.cat\/ca\/#organization\"},\"potentialAction\":[{\"@type\":\"SearchAction\",\"target\":{\"@type\":\"EntryPoint\",\"urlTemplate\":\"https:\/\/www.icip.cat\/ca\/?s={search_term_string}\"},\"query-input\":{\"@type\":\"PropertyValueSpecification\",\"valueRequired\":true,\"valueName\":\"search_term_string\"}}],\"inLanguage\":\"ca\"},{\"@type\":\"Organization\",\"@id\":\"https:\/\/www.icip.cat\/ca\/#organization\",\"name\":\"ICIP\",\"url\":\"https:\/\/www.icip.cat\/ca\/\",\"logo\":{\"@type\":\"ImageObject\",\"inLanguage\":\"ca\",\"@id\":\"https:\/\/www.icip.cat\/ca\/#\/schema\/logo\/image\/\",\"url\":\"https:\/\/www.icip.cat\/wp-content\/uploads\/2021\/02\/logo-2.png\",\"contentUrl\":\"https:\/\/www.icip.cat\/wp-content\/uploads\/2021\/02\/logo-2.png\",\"width\":562,\"height\":391,\"caption\":\"ICIP\"},\"image\":{\"@id\":\"https:\/\/www.icip.cat\/ca\/#\/schema\/logo\/image\/\"}}]}<\/script>\n<!-- \/ Yoast SEO plugin. -->","yoast_head_json":{"title":"Reptes per a la seguretat a Europa - ICIP","description":"La guerra d'Ucra\u00efna i el canvi clim\u00e0tic marquen el futur europeu i obren nous desafiaments per a la pau i la seguretat comuna","robots":{"index":"index","follow":"follow","max-snippet":"max-snippet:-1","max-image-preview":"max-image-preview:large","max-video-preview":"max-video-preview:-1"},"canonical":"https:\/\/www.icip.cat\/ca\/opinion\/reptes-per-a-la-seguretat-a-europa\/","og_locale":"ca_ES","og_type":"article","og_title":"Reptes per a la seguretat a Europa - ICIP","og_description":"La guerra d'Ucra\u00efna i el canvi clim\u00e0tic marquen el futur europeu i obren nous desafiaments per a la pau i la seguretat comuna","og_url":"https:\/\/www.icip.cat\/ca\/opinion\/reptes-per-a-la-seguretat-a-europa\/","og_site_name":"ICIP","article_modified_time":"2022-10-10T12:06:23+00:00","og_image":[{"width":238,"height":239,"url":"https:\/\/www.icip.cat\/wp-content\/uploads\/2022\/07\/elisenda2-e1665398993526.png","type":"image\/png"}],"twitter_card":"summary_large_image","twitter_misc":{"Temps estimat de lectura":"6 minuts"},"schema":{"@context":"https:\/\/schema.org","@graph":[{"@type":"WebPage","@id":"https:\/\/www.icip.cat\/ca\/opinion\/reptes-per-a-la-seguretat-a-europa\/","url":"https:\/\/www.icip.cat\/ca\/opinion\/reptes-per-a-la-seguretat-a-europa\/","name":"Reptes per a la seguretat a Europa - ICIP","isPartOf":{"@id":"https:\/\/www.icip.cat\/ca\/#website"},"primaryImageOfPage":{"@id":"https:\/\/www.icip.cat\/ca\/opinion\/reptes-per-a-la-seguretat-a-europa\/#primaryimage"},"image":{"@id":"https:\/\/www.icip.cat\/ca\/opinion\/reptes-per-a-la-seguretat-a-europa\/#primaryimage"},"thumbnailUrl":"https:\/\/www.icip.cat\/wp-content\/uploads\/2022\/07\/elisenda2-e1665398993526.png","datePublished":"2022-10-10T10:47:01+00:00","dateModified":"2022-10-10T12:06:23+00:00","description":"La guerra d'Ucra\u00efna i el canvi clim\u00e0tic marquen el futur europeu i obren nous desafiaments per a la pau i la seguretat comuna","inLanguage":"ca","potentialAction":[{"@type":"ReadAction","target":["https:\/\/www.icip.cat\/ca\/opinion\/reptes-per-a-la-seguretat-a-europa\/"]}]},{"@type":"ImageObject","inLanguage":"ca","@id":"https:\/\/www.icip.cat\/ca\/opinion\/reptes-per-a-la-seguretat-a-europa\/#primaryimage","url":"https:\/\/www.icip.cat\/wp-content\/uploads\/2022\/07\/elisenda2-e1665398993526.png","contentUrl":"https:\/\/www.icip.cat\/wp-content\/uploads\/2022\/07\/elisenda2-e1665398993526.png","width":238,"height":239},{"@type":"WebSite","@id":"https:\/\/www.icip.cat\/ca\/#website","url":"https:\/\/www.icip.cat\/ca\/","name":"ICIP","description":"","publisher":{"@id":"https:\/\/www.icip.cat\/ca\/#organization"},"potentialAction":[{"@type":"SearchAction","target":{"@type":"EntryPoint","urlTemplate":"https:\/\/www.icip.cat\/ca\/?s={search_term_string}"},"query-input":{"@type":"PropertyValueSpecification","valueRequired":true,"valueName":"search_term_string"}}],"inLanguage":"ca"},{"@type":"Organization","@id":"https:\/\/www.icip.cat\/ca\/#organization","name":"ICIP","url":"https:\/\/www.icip.cat\/ca\/","logo":{"@type":"ImageObject","inLanguage":"ca","@id":"https:\/\/www.icip.cat\/ca\/#\/schema\/logo\/image\/","url":"https:\/\/www.icip.cat\/wp-content\/uploads\/2021\/02\/logo-2.png","contentUrl":"https:\/\/www.icip.cat\/wp-content\/uploads\/2021\/02\/logo-2.png","width":562,"height":391,"caption":"ICIP"},"image":{"@id":"https:\/\/www.icip.cat\/ca\/#\/schema\/logo\/image\/"}}]}},"_links":{"self":[{"href":"https:\/\/www.icip.cat\/ca\/wp-json\/wp\/v2\/icip_opinion\/32651","targetHints":{"allow":["GET"]}}],"collection":[{"href":"https:\/\/www.icip.cat\/ca\/wp-json\/wp\/v2\/icip_opinion"}],"about":[{"href":"https:\/\/www.icip.cat\/ca\/wp-json\/wp\/v2\/types\/icip_opinion"}],"version-history":[{"count":14,"href":"https:\/\/www.icip.cat\/ca\/wp-json\/wp\/v2\/icip_opinion\/32651\/revisions"}],"predecessor-version":[{"id":32677,"href":"https:\/\/www.icip.cat\/ca\/wp-json\/wp\/v2\/icip_opinion\/32651\/revisions\/32677"}],"wp:featuredmedia":[{"embeddable":true,"href":"https:\/\/www.icip.cat\/ca\/wp-json\/wp\/v2\/media\/30606"}],"wp:attachment":[{"href":"https:\/\/www.icip.cat\/ca\/wp-json\/wp\/v2\/media?parent=32651"}],"curies":[{"name":"wp","href":"https:\/\/api.w.org\/{rel}","templated":true}]}}