{"id":42394,"date":"2023-12-19T09:00:29","date_gmt":"2023-12-19T09:00:29","guid":{"rendered":"https:\/\/www.icip.cat\/?post_type=icip_opinion&#038;p=42394"},"modified":"2024-03-13T10:55:12","modified_gmt":"2024-03-13T10:55:12","slug":"dones-buscadores-una-lluita-per-la-justicia-i-la-pau","status":"publish","type":"icip_opinion","link":"https:\/\/www.icip.cat\/ca\/opinion\/dones-buscadores-una-lluita-per-la-justicia-i-la-pau\/","title":{"rendered":"Dones buscadores, una lluita per la just\u00edcia i la pau"},"content":{"rendered":"\n<p>Fer desapar\u00e8ixer for\u00e7osament una persona \u00e9s sens dubte una de les pr\u00e0ctiques m\u00e9s cruels que existeixen. Tipificada pel dret internacional com una greu violaci\u00f3 dels drets humans, quan es practica de forma sistem\u00e0tica i generalitzada, arriba fins i tot a constituir un crim contra la humanitat. Darrera de cada desaparici\u00f3 for\u00e7ada s\u2019amaguen tota mena de viol\u00e8ncies contra la persona desapareguda, per\u00f2 tamb\u00e9 contra el seu entorn m\u00e9s proper, especialment la seva fam\u00edlia.<\/p>\n\n\n\n<p>No saber on es troba la persona estimada, si t\u00e9 fred o t\u00e9 gana, si est\u00e0 passant por, si ha caigut en mans de traficants, si ha estat torturada o fins i tot executada, si el seu cos ha rebut sepultura o s\u2019ha perdut en la profunditat d\u2019un oce\u00e0. Si un dia tornar\u00e0 o si cal resignar-se a fer el dol. Aquestes s\u00f3n les incerteses que han irromput en la vida de centenars de milers de persones, convertint el pas de les hores, dels dies i dels anys en un turment.<\/p>\n\n\n\n<p>El seu sofriment no acaba amb l\u2019angoixa de la desaparici\u00f3 del fill, la germana, el pare o company. La manca de suport i dilig\u00e8ncia per part de les autoritats que haurien d\u2019investigar els fets, el silenci que es fa entorn al cas i la indifer\u00e8ncia de la opini\u00f3 p\u00fablica no fan altra cosa que revictimitzar fam\u00edlies senceres, que veuen completament frustrada qualsevol expectativa de veritat, just\u00edcia o reparaci\u00f3.<\/p>\n\n\n\n<p>Davant la inacci\u00f3 de l\u2019Estat, moltes d\u2019aquestes fam\u00edlies \u2013 especialment les dones \u2013 es mobilitzen per buscar a les persones desaparegudes. Primer soles, despr\u00e9s en petits col\u00b7lectius locals que es van fent grans i s\u2019enxarxen amb altres moviments regionals i internacionals. Algunes ho fan recopilant informaci\u00f3 i presentant den\u00fancies judicials, altres a trav\u00e9s de campanyes de conscienciaci\u00f3, altres fent lobby a les inst\u00e0ncies pol\u00edtiques, altres geolocalitzant fosses comunes i desenterrant cossos, altres especialitzant-se en medicina forense i convertint-se en veritables expertes en reconeixement d\u2019ADN o tra\u00e7abilitat de proves.<\/p>\n\n\n\n<p>Per si no fos prou, a molts llocs del m\u00f3n aquesta feina ingrata i dolorosa que fan les fam\u00edlies buscant els seus desapareguts molesta. Hi ha cap\u00edtols de la pr\u00f2pia hist\u00f2ria que es vol oblidar, q\u00fcestions que ja no es volen remoure, persones poderoses a les que no es pot tocar. Tan \u00e9s aix\u00ed que moltes persones buscadores han sigut al seu torn assetjades, perseguides, criminalitzades, atacades i fins i tot assassinades.<\/p>\n\n\n\n<p>Malgrat la gravetat d\u2019aquesta violaci\u00f3 dels drets humans i la seva pres\u00e8ncia en tots els continents del m\u00f3n (el Grup de Treball de l\u2019ONU sobre Desaparicions For\u00e7ades o Involunt\u00e0ries ha documentat casos a cent dotze pa\u00efsos en els \u00faltims quaranta anys i noranta-set pa\u00efsos tenen encara avui casos oberts), <strong>la q\u00fcesti\u00f3 de les desaparicions for\u00e7ades no sembla ser considerada una q\u00fcesti\u00f3 priorit\u00e0ria en l\u2019agenda internacional.<\/strong><\/p>\n\n\n\n<p>La Convenci\u00f3 adoptada el 2006 per prevenir i perseguir aquest delicte i garantir els drets de les v\u00edctimes \u00e9s un dels tractats internacionals de drets humans amb menys ratificacions. <strong>Els col\u00b7lectius de familiars de persones desaparegudes treballen amb molt pocs recursos i no s\u00f3n suficientment tinguts en consideraci\u00f3, ni en l\u2019\u00e0mbit local ni en f\u00f2rums globals.<\/strong><\/p>\n\n\n\n<p>Des de l\u2019ICIP <strong>treballem des de la intu\u00efci\u00f3 i el convenciment que la tasca de les persones buscadores, en particular de les dones, \u00e9s un element central per a la construcci\u00f3 de pau. <\/strong>Si b\u00e9 en aquest caminar ens trobem amb qu\u00e8 no totes les buscadores s\u2019identifiquen com a constructores de pau, s\u00ed que hi ha un autoreconeixement que <strong>la feina incansable que fan t\u00e9 una contribuci\u00f3 directa a la pau, la just\u00edcia i la veritat.<\/strong><\/p>\n\n\n\n<p>Aquest mes de novembre <strong>l\u2019ICIP ha organitzat a Barcelona una trobada de dones buscadores de diferents pa\u00efsos i contextos hist\u00f2rics o socials<\/strong>: Alg\u00e8ria, Argentina, B\u00f2snia i Hercegovina, Col\u00f2mbia, El Salvador, Filipines, Hondures, L\u00edban, M\u00e8xic, el S\u00e0hara Occidental o S\u00edria, entre d\u2019altres. Tamb\u00e9 del Pa\u00eds Basc i de Catalunya. Totes elles busquen, o han buscat durant anys, un o m\u00e9s familiars v\u00edctimes de desaparici\u00f3 for\u00e7ada, ja sigui durant un conflicte armat, una dictadura, un proc\u00e9s migratori, una suposada lluita contra el terrorisme i la criminalitat, o un estat d\u2019excepci\u00f3. Tamb\u00e9 en r\u00e8gims reconeguts com a democr\u00e0tics. Algunes de les participants a la trobada van ser sotmeses a detenci\u00f3 arbitr\u00e0ria, desaparici\u00f3 for\u00e7ada i\/o tortura en el passat.<\/p>\n\n\n\n<p>La trobada va servir per ampliar la mirada, con\u00e8ixer altres realitats, teixir aliances d\u2019empatia i solidaritat, compartir coneixements i estrat\u00e8gies exitoses i refor\u00e7ar-se m\u00fatuament per seguir amb encara m\u00e9s empenta una carrera sempre plena d\u2019obstacles. I tamb\u00e9 per cuidar-se, adquirir i compartir eines per a l\u2019autocura i per a l\u2019acompanyament psicosocial i emocional d\u2019altres familiars i v\u00edctimes. I sobretot per fer valer la feina excepcional que fan aquestes dones extraordin\u00e0ries, no nom\u00e9s buscant la reparaci\u00f3 del dany sofert per la seva fam\u00edlia, sin\u00f3 tamb\u00e9 contribuint, en la immensa majoria dels casos, a acabar amb la impunitat, millorar les institucions, aprovar noves legislacions, reclamar una mem\u00f2ria col\u00b7lectiva i sacsejar consci\u00e8ncies perqu\u00e8 el que elles han sofert no ho torni a patir mai m\u00e9s ning\u00fa, enlloc.<\/p>\n\n\n\n<p><strong>I qu\u00e8 \u00e9s la construcci\u00f3 de pau si no precisament aix\u00f2? Crear condicions, impulsar transformacions per prevenir viol\u00e8ncies i posar en valor la vida i la dignitat de tots els \u00e9ssers humans.<\/strong> I fer-ho des de la resist\u00e8ncia civil, la noviol\u00e8ncia. Des d\u2019una necessitat de veritat per afluixar l\u2019angoixa del no saber. Des d\u2019un afany de just\u00edcia que no \u00e9s venjan\u00e7a ni odi sin\u00f3 restauraci\u00f3. Des d\u2019una demanda de reparaci\u00f3 que pugui reconfigurar lla\u00e7os i confiances trencades. Des d\u2019unes garanties de no-repetici\u00f3 que facin d\u2019aquest m\u00f3n un lloc m\u00e9s pac\u00edfic, segur i just per a tothom.<\/p>\n\n\n\n<p><strong>S\u00edlvia Plana i Sabina Puig, t\u00e8cniques de l&#8217;ICIP<\/strong><\/p>\n","protected":false},"featured_media":33249,"template":"","class_list":["post-42394","icip_opinion","type-icip_opinion","status-publish","has-post-thumbnail","hentry"],"acf":[],"yoast_head":"<!-- This site is optimized with the Yoast SEO plugin v25.6 - https:\/\/yoast.com\/wordpress\/plugins\/seo\/ -->\n<title>Dones buscadores, una lluita per la just\u00edcia i la pau - ICIP<\/title>\n<meta name=\"description\" content=\"La tasca de les persones buscadores, en particular de les dones, \u00e9s un element central per a la construcci\u00f3 de pau.\" \/>\n<meta name=\"robots\" content=\"index, follow, max-snippet:-1, max-image-preview:large, max-video-preview:-1\" \/>\n<link rel=\"canonical\" href=\"https:\/\/www.icip.cat\/ca\/opinion\/dones-buscadores-una-lluita-per-la-justicia-i-la-pau\/\" \/>\n<meta property=\"og:locale\" content=\"ca_ES\" \/>\n<meta property=\"og:type\" content=\"article\" \/>\n<meta property=\"og:title\" content=\"Dones buscadores, una lluita per la just\u00edcia i la pau - ICIP\" \/>\n<meta property=\"og:description\" content=\"La tasca de les persones buscadores, en particular de les dones, \u00e9s un element central per a la construcci\u00f3 de pau.\" \/>\n<meta property=\"og:url\" content=\"https:\/\/www.icip.cat\/ca\/opinion\/dones-buscadores-una-lluita-per-la-justicia-i-la-pau\/\" \/>\n<meta property=\"og:site_name\" content=\"ICIP\" \/>\n<meta property=\"article:modified_time\" content=\"2024-03-13T10:55:12+00:00\" \/>\n<meta property=\"og:image\" content=\"https:\/\/www.icip.cat\/wp-content\/uploads\/2022\/10\/silvia.png\" \/>\n\t<meta property=\"og:image:width\" content=\"298\" \/>\n\t<meta property=\"og:image:height\" content=\"298\" \/>\n\t<meta property=\"og:image:type\" content=\"image\/png\" \/>\n<meta name=\"twitter:card\" content=\"summary_large_image\" \/>\n<meta name=\"twitter:label1\" content=\"Temps estimat de lectura\" \/>\n\t<meta name=\"twitter:data1\" content=\"6 minuts\" \/>\n<script type=\"application\/ld+json\" class=\"yoast-schema-graph\">{\"@context\":\"https:\/\/schema.org\",\"@graph\":[{\"@type\":\"WebPage\",\"@id\":\"https:\/\/www.icip.cat\/ca\/opinion\/dones-buscadores-una-lluita-per-la-justicia-i-la-pau\/\",\"url\":\"https:\/\/www.icip.cat\/ca\/opinion\/dones-buscadores-una-lluita-per-la-justicia-i-la-pau\/\",\"name\":\"Dones buscadores, una lluita per la just\u00edcia i la pau - ICIP\",\"isPartOf\":{\"@id\":\"https:\/\/www.icip.cat\/ca\/#website\"},\"primaryImageOfPage\":{\"@id\":\"https:\/\/www.icip.cat\/ca\/opinion\/dones-buscadores-una-lluita-per-la-justicia-i-la-pau\/#primaryimage\"},\"image\":{\"@id\":\"https:\/\/www.icip.cat\/ca\/opinion\/dones-buscadores-una-lluita-per-la-justicia-i-la-pau\/#primaryimage\"},\"thumbnailUrl\":\"https:\/\/www.icip.cat\/wp-content\/uploads\/2022\/10\/silvia.png\",\"datePublished\":\"2023-12-19T09:00:29+00:00\",\"dateModified\":\"2024-03-13T10:55:12+00:00\",\"description\":\"La tasca de les persones buscadores, en particular de les dones, \u00e9s un element central per a la construcci\u00f3 de pau.\",\"inLanguage\":\"ca\",\"potentialAction\":[{\"@type\":\"ReadAction\",\"target\":[\"https:\/\/www.icip.cat\/ca\/opinion\/dones-buscadores-una-lluita-per-la-justicia-i-la-pau\/\"]}]},{\"@type\":\"ImageObject\",\"inLanguage\":\"ca\",\"@id\":\"https:\/\/www.icip.cat\/ca\/opinion\/dones-buscadores-una-lluita-per-la-justicia-i-la-pau\/#primaryimage\",\"url\":\"https:\/\/www.icip.cat\/wp-content\/uploads\/2022\/10\/silvia.png\",\"contentUrl\":\"https:\/\/www.icip.cat\/wp-content\/uploads\/2022\/10\/silvia.png\",\"width\":298,\"height\":298},{\"@type\":\"WebSite\",\"@id\":\"https:\/\/www.icip.cat\/ca\/#website\",\"url\":\"https:\/\/www.icip.cat\/ca\/\",\"name\":\"ICIP\",\"description\":\"\",\"publisher\":{\"@id\":\"https:\/\/www.icip.cat\/ca\/#organization\"},\"potentialAction\":[{\"@type\":\"SearchAction\",\"target\":{\"@type\":\"EntryPoint\",\"urlTemplate\":\"https:\/\/www.icip.cat\/ca\/?s={search_term_string}\"},\"query-input\":{\"@type\":\"PropertyValueSpecification\",\"valueRequired\":true,\"valueName\":\"search_term_string\"}}],\"inLanguage\":\"ca\"},{\"@type\":\"Organization\",\"@id\":\"https:\/\/www.icip.cat\/ca\/#organization\",\"name\":\"ICIP\",\"url\":\"https:\/\/www.icip.cat\/ca\/\",\"logo\":{\"@type\":\"ImageObject\",\"inLanguage\":\"ca\",\"@id\":\"https:\/\/www.icip.cat\/ca\/#\/schema\/logo\/image\/\",\"url\":\"https:\/\/www.icip.cat\/wp-content\/uploads\/2021\/02\/logo-2.png\",\"contentUrl\":\"https:\/\/www.icip.cat\/wp-content\/uploads\/2021\/02\/logo-2.png\",\"width\":562,\"height\":391,\"caption\":\"ICIP\"},\"image\":{\"@id\":\"https:\/\/www.icip.cat\/ca\/#\/schema\/logo\/image\/\"}}]}<\/script>\n<!-- \/ Yoast SEO plugin. -->","yoast_head_json":{"title":"Dones buscadores, una lluita per la just\u00edcia i la pau - ICIP","description":"La tasca de les persones buscadores, en particular de les dones, \u00e9s un element central per a la construcci\u00f3 de pau.","robots":{"index":"index","follow":"follow","max-snippet":"max-snippet:-1","max-image-preview":"max-image-preview:large","max-video-preview":"max-video-preview:-1"},"canonical":"https:\/\/www.icip.cat\/ca\/opinion\/dones-buscadores-una-lluita-per-la-justicia-i-la-pau\/","og_locale":"ca_ES","og_type":"article","og_title":"Dones buscadores, una lluita per la just\u00edcia i la pau - ICIP","og_description":"La tasca de les persones buscadores, en particular de les dones, \u00e9s un element central per a la construcci\u00f3 de pau.","og_url":"https:\/\/www.icip.cat\/ca\/opinion\/dones-buscadores-una-lluita-per-la-justicia-i-la-pau\/","og_site_name":"ICIP","article_modified_time":"2024-03-13T10:55:12+00:00","og_image":[{"width":298,"height":298,"url":"https:\/\/www.icip.cat\/wp-content\/uploads\/2022\/10\/silvia.png","type":"image\/png"}],"twitter_card":"summary_large_image","twitter_misc":{"Temps estimat de lectura":"6 minuts"},"schema":{"@context":"https:\/\/schema.org","@graph":[{"@type":"WebPage","@id":"https:\/\/www.icip.cat\/ca\/opinion\/dones-buscadores-una-lluita-per-la-justicia-i-la-pau\/","url":"https:\/\/www.icip.cat\/ca\/opinion\/dones-buscadores-una-lluita-per-la-justicia-i-la-pau\/","name":"Dones buscadores, una lluita per la just\u00edcia i la pau - ICIP","isPartOf":{"@id":"https:\/\/www.icip.cat\/ca\/#website"},"primaryImageOfPage":{"@id":"https:\/\/www.icip.cat\/ca\/opinion\/dones-buscadores-una-lluita-per-la-justicia-i-la-pau\/#primaryimage"},"image":{"@id":"https:\/\/www.icip.cat\/ca\/opinion\/dones-buscadores-una-lluita-per-la-justicia-i-la-pau\/#primaryimage"},"thumbnailUrl":"https:\/\/www.icip.cat\/wp-content\/uploads\/2022\/10\/silvia.png","datePublished":"2023-12-19T09:00:29+00:00","dateModified":"2024-03-13T10:55:12+00:00","description":"La tasca de les persones buscadores, en particular de les dones, \u00e9s un element central per a la construcci\u00f3 de pau.","inLanguage":"ca","potentialAction":[{"@type":"ReadAction","target":["https:\/\/www.icip.cat\/ca\/opinion\/dones-buscadores-una-lluita-per-la-justicia-i-la-pau\/"]}]},{"@type":"ImageObject","inLanguage":"ca","@id":"https:\/\/www.icip.cat\/ca\/opinion\/dones-buscadores-una-lluita-per-la-justicia-i-la-pau\/#primaryimage","url":"https:\/\/www.icip.cat\/wp-content\/uploads\/2022\/10\/silvia.png","contentUrl":"https:\/\/www.icip.cat\/wp-content\/uploads\/2022\/10\/silvia.png","width":298,"height":298},{"@type":"WebSite","@id":"https:\/\/www.icip.cat\/ca\/#website","url":"https:\/\/www.icip.cat\/ca\/","name":"ICIP","description":"","publisher":{"@id":"https:\/\/www.icip.cat\/ca\/#organization"},"potentialAction":[{"@type":"SearchAction","target":{"@type":"EntryPoint","urlTemplate":"https:\/\/www.icip.cat\/ca\/?s={search_term_string}"},"query-input":{"@type":"PropertyValueSpecification","valueRequired":true,"valueName":"search_term_string"}}],"inLanguage":"ca"},{"@type":"Organization","@id":"https:\/\/www.icip.cat\/ca\/#organization","name":"ICIP","url":"https:\/\/www.icip.cat\/ca\/","logo":{"@type":"ImageObject","inLanguage":"ca","@id":"https:\/\/www.icip.cat\/ca\/#\/schema\/logo\/image\/","url":"https:\/\/www.icip.cat\/wp-content\/uploads\/2021\/02\/logo-2.png","contentUrl":"https:\/\/www.icip.cat\/wp-content\/uploads\/2021\/02\/logo-2.png","width":562,"height":391,"caption":"ICIP"},"image":{"@id":"https:\/\/www.icip.cat\/ca\/#\/schema\/logo\/image\/"}}]}},"_links":{"self":[{"href":"https:\/\/www.icip.cat\/ca\/wp-json\/wp\/v2\/icip_opinion\/42394","targetHints":{"allow":["GET"]}}],"collection":[{"href":"https:\/\/www.icip.cat\/ca\/wp-json\/wp\/v2\/icip_opinion"}],"about":[{"href":"https:\/\/www.icip.cat\/ca\/wp-json\/wp\/v2\/types\/icip_opinion"}],"version-history":[{"count":6,"href":"https:\/\/www.icip.cat\/ca\/wp-json\/wp\/v2\/icip_opinion\/42394\/revisions"}],"predecessor-version":[{"id":42434,"href":"https:\/\/www.icip.cat\/ca\/wp-json\/wp\/v2\/icip_opinion\/42394\/revisions\/42434"}],"wp:featuredmedia":[{"embeddable":true,"href":"https:\/\/www.icip.cat\/ca\/wp-json\/wp\/v2\/media\/33249"}],"wp:attachment":[{"href":"https:\/\/www.icip.cat\/ca\/wp-json\/wp\/v2\/media?parent=42394"}],"curies":[{"name":"wp","href":"https:\/\/api.w.org\/{rel}","templated":true}]}}