{"id":51860,"date":"2025-02-07T11:27:19","date_gmt":"2025-02-07T11:27:19","guid":{"rendered":"https:\/\/www.icip.cat\/?post_type=icip_opinion&#038;p=51860"},"modified":"2025-02-19T11:28:29","modified_gmt":"2025-02-19T11:28:29","slug":"el-rol-del-castig-en-les-politiques-publiques","status":"publish","type":"icip_opinion","link":"https:\/\/www.icip.cat\/ca\/opinion\/el-rol-del-castig-en-les-politiques-publiques\/","title":{"rendered":"El rol del c\u00e0stig en les pol\u00edtiques p\u00fabliques"},"content":{"rendered":"\n<p>L\u2019acceptaci\u00f3 social del c\u00e0stig ha anat variant al llarg dels segles. La reconfiguraci\u00f3 de l\u2019exercici de l\u2019autoritat i el poder ha anat reavaluant cont\u00ednuament la seva forma, cada cop m\u00e9s circumscrita a la garantia d\u2019uns drets humans universalment reconeguts, tals com el dret a la integritat f\u00edsica i moral i la protecci\u00f3 davant la tortura.<\/p>\n\n\n\n<p>Aix\u00ed i tot, el c\u00e0stig continua sent habitual a Catalunya com a eina disciplin\u00e0ria, tant en l\u2019esfera privada com en la p\u00fablica, i la seva conveni\u00e8ncia en \u00e0mbits com l\u2019educaci\u00f3, la just\u00edcia i la seguretat p\u00fablica suscita molts debats. De fet, el naixement i l\u2019evoluci\u00f3 del dret penal i la pena, aix\u00ed com un dels seus m\u00e0xims exponents, la pres\u00f3, ha estat un dels temes que m\u00e9s inter\u00e8s i discussions ha generat en els camps de la filosofia pol\u00edtica, la criminologia o la sociologia. Aquesta atenci\u00f3 contrasta, per\u00f2, amb el poc q\u00fcestionament que se n\u2019ha fet des dels partits i la ciutadania. \u00c9s freq\u00fcent que, davant d\u2019un fet violent excepcional, s\u2019adopti una voluntat venjativa i s\u2019advoqui des d\u2019una postura prou acr\u00edtica per accions de m\u00e9s control i repressi\u00f3 o per un enduriment de la via penal, l\u2019anomenat<em>&nbsp;punitivisme<\/em>.<\/p>\n\n\n\n<p><strong>Com s\u2019expressa el punitivisme en la seguretat i la just\u00edcia?<\/strong><\/p>\n\n\n\n<p>En primer lloc, \u00e9s important assenyalar que no \u00e9s el mateix defensar la punici\u00f3 d\u2019un fet que mantenir una l\u00f2gica punitivista. Mentre que la primera fa refer\u00e8ncia a la resposta penal ordin\u00e0ria o coercitiva formal per combatre la viol\u00e8ncia i la impunitat, el punitivisme \u00e9s un sistema de creences i pr\u00e0ctiques on el c\u00e0stig i el seu enduriment esdev\u00e9 sempre el principal reclam i el mitj\u00e0 \u00fanic i prioritari per a la resoluci\u00f3 dels conflictes. El poder punitiu de l\u2019Estat \u00e9s el que representa la institucionalitzaci\u00f3 de la punici\u00f3. L\u2019anomenat&nbsp;<em>ius puniendi&nbsp;<\/em>\u00e9s la potestat estatal per castigar mitjan\u00e7ant els dos ordres repressius existents al nostre dret: el dret penal i el dret administratiu sancionador. Aquest poder punitiu t\u00e9 uns axiomes limitadors, com el \u201cprincipi de proporcionalitat de la pena\u201d i, en teoria, tamb\u00e9 ha d\u2019actuar com a&nbsp;<em>ultima ratio<\/em>; \u00e9s a dir, tan sols es pot aplicar per l\u2019Estat com a darrer recurs, quan altres mecanismes han resultat ineficients. Tot i aix\u00f2, <strong>el c\u00e0stig sovint s\u2019imposa per conductes considerades poc c\u00edviques o titllades de violentes per un marc ideol\u00f2gic conservador. Alhora, tamb\u00e9 compleix una funci\u00f3 simb\u00f2lica abans de ser aplicat: la producci\u00f3 d\u2019una por dissuas\u00f2ria<\/strong>. L\u2019amena\u00e7a de c\u00e0stig, i d\u2019una conseq\u00fc\u00e8ncia encara pitjor, \u00e9s una de les t\u00e0ctiques m\u00e9s esteses per tal de garantir l\u2019ordre social.<\/p>\n\n\n\n<p>D\u2019una banda, la dissuasi\u00f3 es basa en la idea que l\u2019advert\u00e8ncia latent de conseq\u00fc\u00e8ncies negatives pot mitigar la motivaci\u00f3 per actuar. D\u2019aquesta manera, la por no tan sols serviria per prevenir conductes delictives, sin\u00f3 tamb\u00e9 per evitar comportaments dissidents i mantenir l\u2019statu quo. D\u2019altra banda, la por tamb\u00e9 juga un rol decisiu en la quotidianitat quan la possibilitat de ser v\u00edctima d\u2019un delicte, encara que sigui m\u00ednima, condiciona la pr\u00f2pia percepci\u00f3 de seguretat. Per tot plegat, \u00e9s com\u00fa que s\u2019instrumentalitzi la por des dels partits pol\u00edtics, i es defensi com una soluci\u00f3 miraculosa les an\u00e0lisis vagues i les mesures urgents per fer front a la viol\u00e8ncia o a mers conflictes de conviv\u00e8ncia, malgrat que aix\u00f2 pugui implicar una retallada de garanties democr\u00e0tiques i de drets i llibertats.<\/p>\n\n\n\n<p>De manera paral\u00b7lela, l\u2019actual flux d\u2019informaci\u00f3 facilita l\u2019auge del populisme punitiu \u2013la multiplicaci\u00f3 de respostes socials a favor del c\u00e0stig\u2013, usant arguments estandarditzats mancats de reflexi\u00f3. La difusi\u00f3 de qualsevol not\u00edcia la marca la immediatesa i la viralitat i la multiplicitat de veus legitimades, especialment a les xarxes socials, que passen a ser creadores d\u2019opini\u00f3. Aix\u00ed, \u00e9s freq\u00fcent que davant de qualsevol conflicte la ciutadania tamb\u00e9 reclami respostes contundents i visibles, com s\u00f3n una dotaci\u00f3 policial m\u00e9s gran, m\u00e9s vigil\u00e0ncia i un enduriment de les penes.<\/p>\n\n\n\n<p><strong>Per tal d\u2019analitzar la conveni\u00e8ncia social del c\u00e0stig, ens hem de preguntar: qu\u00e8 busquem amb el c\u00e0stig? Quin objectiu t\u00e9?<\/strong> Si la finalitat \u00e9s neutralitzar l\u2019esclat violent, pot tenir un efecte immediat. Per\u00f2, si ampliem la mirada, cal tenir present que no hi ha cap dada que l\u2019avali per si sol com a mesura eficient per transformar positivament els conflictes o reduir els \u00edndex de delinq\u00fc\u00e8ncia a mitj\u00e0 i llarg termini. Al cap i a la fi, el c\u00e0stig es configura com una relaci\u00f3 violenta per se. D\u2019aqu\u00ed sorgeix l\u2019expressi\u00f3 que \u201cdos mals (el crim i el c\u00e0stig) no poden donar lloc a un b\u00e9\u201d. Com que no se centra en la causa ni t\u00e9 en compte altres viol\u00e8ncies subjacents, sovint s\u2019aplica a les persones que estan m\u00e9s discriminades socialment o que estan en una situaci\u00f3 de m\u00e9s vulnerabilitat. Alhora, com que no busca la transformaci\u00f3 positiva, la viol\u00e8ncia simplement canvia de forma, es despla\u00e7a de lloc o es repeteix en el temps.<\/p>\n\n\n\n<p><strong>El punitivisme resulta, per tant, un marc simplista i altament inefica\u00e7 per abordar la complexitat i multicausalitat de les viol\u00e8ncies, per\u00f2 \u00e9s cert que alimenta un cercle vici\u00f3s entre l\u2019esfera pol\u00edtica i personal<\/strong>: en abs\u00e8ncia d\u2019altres models relacionals de refer\u00e8ncia, sovint reprodu\u00efm pulsions punitives, sentenciem amb rapidesa i convertim la set de venjan\u00e7a en el nostre horitz\u00f3 d\u2019acci\u00f3, i l\u2019abracem sense prud\u00e8ncia ni mesura. Quan dediquem m\u00e9s esfor\u00e7 a buscar un desfogament immediat que a esbrinar com podem prevenir que certes conductes es repeteixin, estem contribuint a la perpetuaci\u00f3 de la viol\u00e8ncia. Hem de ser conscients que, des d\u2019un punt de vista individual, el c\u00e0stig esperona el malestar, el ressentiment i el retra\u00efment progressiu; des d\u2019un punt de vista social, atia la inseguretat i la desconfian\u00e7a i, en conseq\u00fc\u00e8ncia, la ruptura de vincles i l\u2019individualisme.<\/p>\n\n\n\n<p><strong>Quines alternatives es plantegen?<\/strong><\/p>\n\n\n\n<p>En l\u2019\u00e0mbit de la seguretat, les alternatives que es plantegen es basen en la inversi\u00f3 en pol\u00edtica social en detriment de la pol\u00edtica punitiva. Aix\u00f2 implica <strong>enfortir la prevenci\u00f3 de la viol\u00e8ncia atenent les seves causes i els contextos en qu\u00e8 tenen lloc, i promoure la prevenci\u00f3 dels conflictes<\/strong>, \u00e9s a dir, fomentar que les persones tinguin les aptituds necess\u00e0ries per afrontar pac\u00edficament un conflicte. Aquest marc antipunitivista tamb\u00e9 suposa l\u2019obertura de processos de di\u00e0leg i participaci\u00f3 amb la poblaci\u00f3, i la promoci\u00f3 de respostes coordinades a m\u00faltiples nivells \u2014institucional, social i policial. S\u2019ha demostrat que professionals no tradicionalment vinculats a la seguretat, com educadors de carrer o mediadors comunitaris, poden impulsar projectes amb un impacte evident en la millora de la qualitat de la conviv\u00e8ncia i la reducci\u00f3 de les viol\u00e8ncies.<\/p>\n\n\n\n<p>En l\u2019\u00e0mbit de la just\u00edcia, i en contraposici\u00f3 a la just\u00edcia retributiva, <strong>la promoci\u00f3 d\u2019una \u00f2ptica restaurativa se centra principalment a trobar la via m\u00e9s adequada i constructiva per reparar els danys causats per l\u2019acci\u00f3<\/strong>, i a restituir, en la mesura del possible, el benestar de totes les persones implicades. La just\u00edcia restaurativa promou la participaci\u00f3 activa tant de la v\u00edctima com de l\u2019acusat i, si s\u2019escau, tamb\u00e9 de la comunitat. T\u00e9 per finalitat l\u2019impuls d\u2019un abordatge integral de la viol\u00e8ncia, entesa com una violaci\u00f3 de les relacions i els drets de les persones. Si b\u00e9 no se sol parlar en termes de c\u00e0stig, no eximeix d\u2019obligacions i responsabilitats. En aquesta l\u00ednia, a Catalunya s\u2019ha aprovat aquest 2024 el Programa Marc de Just\u00edcia Restaurativa, i fa anys que es desenvolupen accions restauratives complement\u00e0ries a la condemna, com la mediaci\u00f3 penal, les entrevistes responsabilitzadores amb els victimaris i els cercles de di\u00e0leg, alhora que s\u2019apliquen mecanismes menys aflictius que la privaci\u00f3 de llibertat o les multes, com les Mesures Penals Alternatives (MPA) i les anomenades Mesures Alternatives a la Sanci\u00f3 Econ\u00f2mica (MASE), que tenen una intencionalitat educativa expressa i manifesta, i busquen enfortir el vincle amb la comunitat a trav\u00e9s del treball, la implicaci\u00f3 cultural o la formaci\u00f3. Totes aquestes accions estan obtenint resultats molt positius en la reparaci\u00f3 de les v\u00edctimes, la millora de la conviv\u00e8ncia i la disminuci\u00f3 de la reincid\u00e8ncia.<\/p>\n\n\n\n<p>En tot cas, <strong>les pr\u00e0ctiques antipunitivistes posen en valor la interdepend\u00e8ncia i parteixen de la capacitat de les persones i les comunitats per actuar creativament i col\u00b7lectivament en la promoci\u00f3 d\u2019una cultura de la pau enfront d\u2019una del c\u00e0stig. <\/strong>Si b\u00e9 tots experimentem impulsos punitius, i s\u00f3n comprensibles i incl\u00fas inevitables en certs moments, no per aix\u00f2 s\u00f3n l\u00f2giques a acceptar acr\u00edticament o de legitimar si el que busquem \u00e9s no agreujar el conflicte o obtenir garanties de no repetici\u00f3. El nostre sentit de la just\u00edcia i la nostra forma de buscar seguretat no poden ser l\u2019excusa per deshumanitzar els altres, i per gaudir fent-ho, perqu\u00e8 llavors reprodu\u00efm patrons abusius. Ho hem de tenir clar: la viol\u00e8ncia sempre engendra m\u00e9s viol\u00e8ncia. Proposar mesures reactives i coercitives \u00e9s la via m\u00e9s r\u00e0pida i f\u00e0cil, per\u00f2 no la m\u00e9s efectiva. L\u2019\u00fas del c\u00e0stig com a imperatiu alimenta una alarma social permanent, i promou alhora la segregaci\u00f3, la desigualtat i la desvinculaci\u00f3, factors de risc en la comissi\u00f3 de conductes reprovables o delictives. Les respostes pausades i integrals s\u00f3n m\u00e9s lentes i molt m\u00e9s complexes, per\u00f2 s\u00f3n les \u00faniques que asseguren resultats m\u00e9s transformadors.<\/p>\n\n\n\n<p>Article publicat inicialment a la <em><a href=\"https:\/\/valors.org\/el-rol-del-castig-en-les-politiques-publiques\/\">Revista Valors<\/a><\/em> el 18 de desembre de 2024.<\/p>\n\n\n\n<p><\/p>\n","protected":false},"featured_media":44625,"template":"","class_list":["post-51860","icip_opinion","type-icip_opinion","status-publish","has-post-thumbnail","hentry"],"acf":[],"yoast_head":"<!-- This site is optimized with the Yoast SEO plugin v25.6 - https:\/\/yoast.com\/wordpress\/plugins\/seo\/ -->\n<title>El rol del c\u00e0stig en les pol\u00edtiques p\u00fabliques - ICIP<\/title>\n<meta name=\"description\" content=\"Per tal d\u2019analitzar la conveni\u00e8ncia social del c\u00e0stig, ens hem de preguntar: qu\u00e8 busquem amb el c\u00e0stig? Quin objectiu t\u00e9?\" \/>\n<meta name=\"robots\" content=\"index, follow, max-snippet:-1, max-image-preview:large, max-video-preview:-1\" \/>\n<link rel=\"canonical\" href=\"https:\/\/www.icip.cat\/ca\/opinion\/el-rol-del-castig-en-les-politiques-publiques\/\" \/>\n<meta property=\"og:locale\" content=\"ca_ES\" \/>\n<meta property=\"og:type\" content=\"article\" \/>\n<meta property=\"og:title\" content=\"El rol del c\u00e0stig en les pol\u00edtiques p\u00fabliques - ICIP\" \/>\n<meta property=\"og:description\" content=\"Per tal d\u2019analitzar la conveni\u00e8ncia social del c\u00e0stig, ens hem de preguntar: qu\u00e8 busquem amb el c\u00e0stig? Quin objectiu t\u00e9?\" \/>\n<meta property=\"og:url\" content=\"https:\/\/www.icip.cat\/ca\/opinion\/el-rol-del-castig-en-les-politiques-publiques\/\" \/>\n<meta property=\"og:site_name\" content=\"ICIP\" \/>\n<meta property=\"article:modified_time\" content=\"2025-02-19T11:28:29+00:00\" \/>\n<meta property=\"og:image\" content=\"https:\/\/www.icip.cat\/wp-content\/uploads\/2024\/03\/Diseno-sin-titulo-3-1-e1711364724289.png\" \/>\n\t<meta property=\"og:image:width\" content=\"150\" \/>\n\t<meta property=\"og:image:height\" content=\"150\" \/>\n\t<meta property=\"og:image:type\" content=\"image\/png\" \/>\n<meta name=\"twitter:card\" content=\"summary_large_image\" \/>\n<meta name=\"twitter:label1\" content=\"Temps estimat de lectura\" \/>\n\t<meta name=\"twitter:data1\" content=\"9 minuts\" \/>\n<script type=\"application\/ld+json\" class=\"yoast-schema-graph\">{\"@context\":\"https:\/\/schema.org\",\"@graph\":[{\"@type\":\"WebPage\",\"@id\":\"https:\/\/www.icip.cat\/ca\/opinion\/el-rol-del-castig-en-les-politiques-publiques\/\",\"url\":\"https:\/\/www.icip.cat\/ca\/opinion\/el-rol-del-castig-en-les-politiques-publiques\/\",\"name\":\"El rol del c\u00e0stig en les pol\u00edtiques p\u00fabliques - ICIP\",\"isPartOf\":{\"@id\":\"https:\/\/www.icip.cat\/ca\/#website\"},\"primaryImageOfPage\":{\"@id\":\"https:\/\/www.icip.cat\/ca\/opinion\/el-rol-del-castig-en-les-politiques-publiques\/#primaryimage\"},\"image\":{\"@id\":\"https:\/\/www.icip.cat\/ca\/opinion\/el-rol-del-castig-en-les-politiques-publiques\/#primaryimage\"},\"thumbnailUrl\":\"https:\/\/www.icip.cat\/wp-content\/uploads\/2024\/03\/Diseno-sin-titulo-3-1-e1711364724289.png\",\"datePublished\":\"2025-02-07T11:27:19+00:00\",\"dateModified\":\"2025-02-19T11:28:29+00:00\",\"description\":\"Per tal d\u2019analitzar la conveni\u00e8ncia social del c\u00e0stig, ens hem de preguntar: qu\u00e8 busquem amb el c\u00e0stig? Quin objectiu t\u00e9?\",\"inLanguage\":\"ca\",\"potentialAction\":[{\"@type\":\"ReadAction\",\"target\":[\"https:\/\/www.icip.cat\/ca\/opinion\/el-rol-del-castig-en-les-politiques-publiques\/\"]}]},{\"@type\":\"ImageObject\",\"inLanguage\":\"ca\",\"@id\":\"https:\/\/www.icip.cat\/ca\/opinion\/el-rol-del-castig-en-les-politiques-publiques\/#primaryimage\",\"url\":\"https:\/\/www.icip.cat\/wp-content\/uploads\/2024\/03\/Diseno-sin-titulo-3-1-e1711364724289.png\",\"contentUrl\":\"https:\/\/www.icip.cat\/wp-content\/uploads\/2024\/03\/Diseno-sin-titulo-3-1-e1711364724289.png\",\"width\":150,\"height\":150},{\"@type\":\"WebSite\",\"@id\":\"https:\/\/www.icip.cat\/ca\/#website\",\"url\":\"https:\/\/www.icip.cat\/ca\/\",\"name\":\"ICIP\",\"description\":\"\",\"publisher\":{\"@id\":\"https:\/\/www.icip.cat\/ca\/#organization\"},\"potentialAction\":[{\"@type\":\"SearchAction\",\"target\":{\"@type\":\"EntryPoint\",\"urlTemplate\":\"https:\/\/www.icip.cat\/ca\/?s={search_term_string}\"},\"query-input\":{\"@type\":\"PropertyValueSpecification\",\"valueRequired\":true,\"valueName\":\"search_term_string\"}}],\"inLanguage\":\"ca\"},{\"@type\":\"Organization\",\"@id\":\"https:\/\/www.icip.cat\/ca\/#organization\",\"name\":\"ICIP\",\"url\":\"https:\/\/www.icip.cat\/ca\/\",\"logo\":{\"@type\":\"ImageObject\",\"inLanguage\":\"ca\",\"@id\":\"https:\/\/www.icip.cat\/ca\/#\/schema\/logo\/image\/\",\"url\":\"https:\/\/www.icip.cat\/wp-content\/uploads\/2021\/02\/logo-2.png\",\"contentUrl\":\"https:\/\/www.icip.cat\/wp-content\/uploads\/2021\/02\/logo-2.png\",\"width\":562,\"height\":391,\"caption\":\"ICIP\"},\"image\":{\"@id\":\"https:\/\/www.icip.cat\/ca\/#\/schema\/logo\/image\/\"}}]}<\/script>\n<!-- \/ Yoast SEO plugin. -->","yoast_head_json":{"title":"El rol del c\u00e0stig en les pol\u00edtiques p\u00fabliques - ICIP","description":"Per tal d\u2019analitzar la conveni\u00e8ncia social del c\u00e0stig, ens hem de preguntar: qu\u00e8 busquem amb el c\u00e0stig? Quin objectiu t\u00e9?","robots":{"index":"index","follow":"follow","max-snippet":"max-snippet:-1","max-image-preview":"max-image-preview:large","max-video-preview":"max-video-preview:-1"},"canonical":"https:\/\/www.icip.cat\/ca\/opinion\/el-rol-del-castig-en-les-politiques-publiques\/","og_locale":"ca_ES","og_type":"article","og_title":"El rol del c\u00e0stig en les pol\u00edtiques p\u00fabliques - ICIP","og_description":"Per tal d\u2019analitzar la conveni\u00e8ncia social del c\u00e0stig, ens hem de preguntar: qu\u00e8 busquem amb el c\u00e0stig? Quin objectiu t\u00e9?","og_url":"https:\/\/www.icip.cat\/ca\/opinion\/el-rol-del-castig-en-les-politiques-publiques\/","og_site_name":"ICIP","article_modified_time":"2025-02-19T11:28:29+00:00","og_image":[{"width":150,"height":150,"url":"https:\/\/www.icip.cat\/wp-content\/uploads\/2024\/03\/Diseno-sin-titulo-3-1-e1711364724289.png","type":"image\/png"}],"twitter_card":"summary_large_image","twitter_misc":{"Temps estimat de lectura":"9 minuts"},"schema":{"@context":"https:\/\/schema.org","@graph":[{"@type":"WebPage","@id":"https:\/\/www.icip.cat\/ca\/opinion\/el-rol-del-castig-en-les-politiques-publiques\/","url":"https:\/\/www.icip.cat\/ca\/opinion\/el-rol-del-castig-en-les-politiques-publiques\/","name":"El rol del c\u00e0stig en les pol\u00edtiques p\u00fabliques - ICIP","isPartOf":{"@id":"https:\/\/www.icip.cat\/ca\/#website"},"primaryImageOfPage":{"@id":"https:\/\/www.icip.cat\/ca\/opinion\/el-rol-del-castig-en-les-politiques-publiques\/#primaryimage"},"image":{"@id":"https:\/\/www.icip.cat\/ca\/opinion\/el-rol-del-castig-en-les-politiques-publiques\/#primaryimage"},"thumbnailUrl":"https:\/\/www.icip.cat\/wp-content\/uploads\/2024\/03\/Diseno-sin-titulo-3-1-e1711364724289.png","datePublished":"2025-02-07T11:27:19+00:00","dateModified":"2025-02-19T11:28:29+00:00","description":"Per tal d\u2019analitzar la conveni\u00e8ncia social del c\u00e0stig, ens hem de preguntar: qu\u00e8 busquem amb el c\u00e0stig? Quin objectiu t\u00e9?","inLanguage":"ca","potentialAction":[{"@type":"ReadAction","target":["https:\/\/www.icip.cat\/ca\/opinion\/el-rol-del-castig-en-les-politiques-publiques\/"]}]},{"@type":"ImageObject","inLanguage":"ca","@id":"https:\/\/www.icip.cat\/ca\/opinion\/el-rol-del-castig-en-les-politiques-publiques\/#primaryimage","url":"https:\/\/www.icip.cat\/wp-content\/uploads\/2024\/03\/Diseno-sin-titulo-3-1-e1711364724289.png","contentUrl":"https:\/\/www.icip.cat\/wp-content\/uploads\/2024\/03\/Diseno-sin-titulo-3-1-e1711364724289.png","width":150,"height":150},{"@type":"WebSite","@id":"https:\/\/www.icip.cat\/ca\/#website","url":"https:\/\/www.icip.cat\/ca\/","name":"ICIP","description":"","publisher":{"@id":"https:\/\/www.icip.cat\/ca\/#organization"},"potentialAction":[{"@type":"SearchAction","target":{"@type":"EntryPoint","urlTemplate":"https:\/\/www.icip.cat\/ca\/?s={search_term_string}"},"query-input":{"@type":"PropertyValueSpecification","valueRequired":true,"valueName":"search_term_string"}}],"inLanguage":"ca"},{"@type":"Organization","@id":"https:\/\/www.icip.cat\/ca\/#organization","name":"ICIP","url":"https:\/\/www.icip.cat\/ca\/","logo":{"@type":"ImageObject","inLanguage":"ca","@id":"https:\/\/www.icip.cat\/ca\/#\/schema\/logo\/image\/","url":"https:\/\/www.icip.cat\/wp-content\/uploads\/2021\/02\/logo-2.png","contentUrl":"https:\/\/www.icip.cat\/wp-content\/uploads\/2021\/02\/logo-2.png","width":562,"height":391,"caption":"ICIP"},"image":{"@id":"https:\/\/www.icip.cat\/ca\/#\/schema\/logo\/image\/"}}]}},"_links":{"self":[{"href":"https:\/\/www.icip.cat\/ca\/wp-json\/wp\/v2\/icip_opinion\/51860","targetHints":{"allow":["GET"]}}],"collection":[{"href":"https:\/\/www.icip.cat\/ca\/wp-json\/wp\/v2\/icip_opinion"}],"about":[{"href":"https:\/\/www.icip.cat\/ca\/wp-json\/wp\/v2\/types\/icip_opinion"}],"version-history":[{"count":4,"href":"https:\/\/www.icip.cat\/ca\/wp-json\/wp\/v2\/icip_opinion\/51860\/revisions"}],"predecessor-version":[{"id":52340,"href":"https:\/\/www.icip.cat\/ca\/wp-json\/wp\/v2\/icip_opinion\/51860\/revisions\/52340"}],"wp:featuredmedia":[{"embeddable":true,"href":"https:\/\/www.icip.cat\/ca\/wp-json\/wp\/v2\/media\/44625"}],"wp:attachment":[{"href":"https:\/\/www.icip.cat\/ca\/wp-json\/wp\/v2\/media?parent=51860"}],"curies":[{"name":"wp","href":"https:\/\/api.w.org\/{rel}","templated":true}]}}