{"id":42352,"date":"2023-12-18T08:34:58","date_gmt":"2023-12-18T08:34:58","guid":{"rendered":"https:\/\/www.icip.cat\/?post_type=icip_publication&#038;p=42352"},"modified":"2024-01-29T13:30:30","modified_gmt":"2024-01-29T13:30:30","slug":"exilios-y-lejanias","status":"publish","type":"icip_publication","link":"https:\/\/www.icip.cat\/ca\/publication\/exilios-y-lejanias\/","title":{"rendered":"Exilios y lejan\u00edas. Relatos de mujeres colombianas"},"featured_media":42353,"template":"","class_list":["post-42352","icip_publication","type-icip_publication","status-publish","has-post-thumbnail","hentry"],"acf":[],"yoast_head":"<!-- This site is optimized with the Yoast SEO plugin v25.6 - https:\/\/yoast.com\/wordpress\/plugins\/seo\/ -->\n<title>Exilios y lejan\u00edas. Relatos de mujeres colombianas - ICIP<\/title>\n<meta name=\"description\" content=\"Aquest \u00e9s un llibre escrit i il\u00b7lustrat per dones colombianes que viuen lluny de Col\u00f2mbia. En concret, s\u00f3n dones que viuen a Alemanya, Canad\u00e0, Dinamarca, Espanya, It\u00e0lia, Noruega i Su\u00e8cia.\" \/>\n<meta name=\"robots\" content=\"index, follow, max-snippet:-1, max-image-preview:large, max-video-preview:-1\" \/>\n<link rel=\"canonical\" href=\"https:\/\/www.icip.cat\/ca\/publication\/exilios-y-lejanias\/\" \/>\n<meta property=\"og:locale\" content=\"ca_ES\" \/>\n<meta property=\"og:type\" content=\"article\" \/>\n<meta property=\"og:title\" content=\"Exilios y lejan\u00edas. Relatos de mujeres colombianas - ICIP\" \/>\n<meta property=\"og:description\" content=\"Aquest \u00e9s un llibre escrit i il\u00b7lustrat per dones colombianes que viuen lluny de Col\u00f2mbia. En concret, s\u00f3n dones que viuen a Alemanya, Canad\u00e0, Dinamarca, Espanya, It\u00e0lia, Noruega i Su\u00e8cia.\" \/>\n<meta property=\"og:url\" content=\"https:\/\/www.icip.cat\/ca\/publication\/exilios-y-lejanias\/\" \/>\n<meta property=\"og:site_name\" content=\"ICIP\" \/>\n<meta property=\"article:modified_time\" content=\"2024-01-29T13:30:30+00:00\" \/>\n<meta property=\"og:image\" content=\"https:\/\/www.icip.cat\/wp-content\/uploads\/2023\/12\/Captura-266.png\" \/>\n\t<meta property=\"og:image:width\" content=\"564\" \/>\n\t<meta property=\"og:image:height\" content=\"806\" \/>\n\t<meta property=\"og:image:type\" content=\"image\/png\" \/>\n<meta name=\"twitter:card\" content=\"summary_large_image\" \/>\n<script type=\"application\/ld+json\" class=\"yoast-schema-graph\">{\"@context\":\"https:\/\/schema.org\",\"@graph\":[{\"@type\":\"WebPage\",\"@id\":\"https:\/\/www.icip.cat\/ca\/publication\/exilios-y-lejanias\/\",\"url\":\"https:\/\/www.icip.cat\/ca\/publication\/exilios-y-lejanias\/\",\"name\":\"Exilios y lejan\u00edas. Relatos de mujeres colombianas - ICIP\",\"isPartOf\":{\"@id\":\"https:\/\/www.icip.cat\/ca\/#website\"},\"primaryImageOfPage\":{\"@id\":\"https:\/\/www.icip.cat\/ca\/publication\/exilios-y-lejanias\/#primaryimage\"},\"image\":{\"@id\":\"https:\/\/www.icip.cat\/ca\/publication\/exilios-y-lejanias\/#primaryimage\"},\"thumbnailUrl\":\"https:\/\/www.icip.cat\/wp-content\/uploads\/2023\/12\/Captura-266.png\",\"datePublished\":\"2023-12-18T08:34:58+00:00\",\"dateModified\":\"2024-01-29T13:30:30+00:00\",\"description\":\"Aquest \u00e9s un llibre escrit i il\u00b7lustrat per dones colombianes que viuen lluny de Col\u00f2mbia. En concret, s\u00f3n dones que viuen a Alemanya, Canad\u00e0, Dinamarca, Espanya, It\u00e0lia, Noruega i Su\u00e8cia.\",\"inLanguage\":\"ca\",\"potentialAction\":[{\"@type\":\"ReadAction\",\"target\":[\"https:\/\/www.icip.cat\/ca\/publication\/exilios-y-lejanias\/\"]}]},{\"@type\":\"ImageObject\",\"inLanguage\":\"ca\",\"@id\":\"https:\/\/www.icip.cat\/ca\/publication\/exilios-y-lejanias\/#primaryimage\",\"url\":\"https:\/\/www.icip.cat\/wp-content\/uploads\/2023\/12\/Captura-266.png\",\"contentUrl\":\"https:\/\/www.icip.cat\/wp-content\/uploads\/2023\/12\/Captura-266.png\",\"width\":564,\"height\":806},{\"@type\":\"WebSite\",\"@id\":\"https:\/\/www.icip.cat\/ca\/#website\",\"url\":\"https:\/\/www.icip.cat\/ca\/\",\"name\":\"ICIP\",\"description\":\"\",\"publisher\":{\"@id\":\"https:\/\/www.icip.cat\/ca\/#organization\"},\"potentialAction\":[{\"@type\":\"SearchAction\",\"target\":{\"@type\":\"EntryPoint\",\"urlTemplate\":\"https:\/\/www.icip.cat\/ca\/?s={search_term_string}\"},\"query-input\":{\"@type\":\"PropertyValueSpecification\",\"valueRequired\":true,\"valueName\":\"search_term_string\"}}],\"inLanguage\":\"ca\"},{\"@type\":\"Organization\",\"@id\":\"https:\/\/www.icip.cat\/ca\/#organization\",\"name\":\"ICIP\",\"url\":\"https:\/\/www.icip.cat\/ca\/\",\"logo\":{\"@type\":\"ImageObject\",\"inLanguage\":\"ca\",\"@id\":\"https:\/\/www.icip.cat\/ca\/#\/schema\/logo\/image\/\",\"url\":\"https:\/\/www.icip.cat\/wp-content\/uploads\/2021\/02\/logo-2.png\",\"contentUrl\":\"https:\/\/www.icip.cat\/wp-content\/uploads\/2021\/02\/logo-2.png\",\"width\":562,\"height\":391,\"caption\":\"ICIP\"},\"image\":{\"@id\":\"https:\/\/www.icip.cat\/ca\/#\/schema\/logo\/image\/\"}}]}<\/script>\n<!-- \/ Yoast SEO plugin. -->","yoast_head_json":{"title":"Exilios y lejan\u00edas. Relatos de mujeres colombianas - ICIP","description":"Aquest \u00e9s un llibre escrit i il\u00b7lustrat per dones colombianes que viuen lluny de Col\u00f2mbia. En concret, s\u00f3n dones que viuen a Alemanya, Canad\u00e0, Dinamarca, Espanya, It\u00e0lia, Noruega i Su\u00e8cia.","robots":{"index":"index","follow":"follow","max-snippet":"max-snippet:-1","max-image-preview":"max-image-preview:large","max-video-preview":"max-video-preview:-1"},"canonical":"https:\/\/www.icip.cat\/ca\/publication\/exilios-y-lejanias\/","og_locale":"ca_ES","og_type":"article","og_title":"Exilios y lejan\u00edas. Relatos de mujeres colombianas - ICIP","og_description":"Aquest \u00e9s un llibre escrit i il\u00b7lustrat per dones colombianes que viuen lluny de Col\u00f2mbia. En concret, s\u00f3n dones que viuen a Alemanya, Canad\u00e0, Dinamarca, Espanya, It\u00e0lia, Noruega i Su\u00e8cia.","og_url":"https:\/\/www.icip.cat\/ca\/publication\/exilios-y-lejanias\/","og_site_name":"ICIP","article_modified_time":"2024-01-29T13:30:30+00:00","og_image":[{"width":564,"height":806,"url":"https:\/\/www.icip.cat\/wp-content\/uploads\/2023\/12\/Captura-266.png","type":"image\/png"}],"twitter_card":"summary_large_image","schema":{"@context":"https:\/\/schema.org","@graph":[{"@type":"WebPage","@id":"https:\/\/www.icip.cat\/ca\/publication\/exilios-y-lejanias\/","url":"https:\/\/www.icip.cat\/ca\/publication\/exilios-y-lejanias\/","name":"Exilios y lejan\u00edas. Relatos de mujeres colombianas - ICIP","isPartOf":{"@id":"https:\/\/www.icip.cat\/ca\/#website"},"primaryImageOfPage":{"@id":"https:\/\/www.icip.cat\/ca\/publication\/exilios-y-lejanias\/#primaryimage"},"image":{"@id":"https:\/\/www.icip.cat\/ca\/publication\/exilios-y-lejanias\/#primaryimage"},"thumbnailUrl":"https:\/\/www.icip.cat\/wp-content\/uploads\/2023\/12\/Captura-266.png","datePublished":"2023-12-18T08:34:58+00:00","dateModified":"2024-01-29T13:30:30+00:00","description":"Aquest \u00e9s un llibre escrit i il\u00b7lustrat per dones colombianes que viuen lluny de Col\u00f2mbia. En concret, s\u00f3n dones que viuen a Alemanya, Canad\u00e0, Dinamarca, Espanya, It\u00e0lia, Noruega i Su\u00e8cia.","inLanguage":"ca","potentialAction":[{"@type":"ReadAction","target":["https:\/\/www.icip.cat\/ca\/publication\/exilios-y-lejanias\/"]}]},{"@type":"ImageObject","inLanguage":"ca","@id":"https:\/\/www.icip.cat\/ca\/publication\/exilios-y-lejanias\/#primaryimage","url":"https:\/\/www.icip.cat\/wp-content\/uploads\/2023\/12\/Captura-266.png","contentUrl":"https:\/\/www.icip.cat\/wp-content\/uploads\/2023\/12\/Captura-266.png","width":564,"height":806},{"@type":"WebSite","@id":"https:\/\/www.icip.cat\/ca\/#website","url":"https:\/\/www.icip.cat\/ca\/","name":"ICIP","description":"","publisher":{"@id":"https:\/\/www.icip.cat\/ca\/#organization"},"potentialAction":[{"@type":"SearchAction","target":{"@type":"EntryPoint","urlTemplate":"https:\/\/www.icip.cat\/ca\/?s={search_term_string}"},"query-input":{"@type":"PropertyValueSpecification","valueRequired":true,"valueName":"search_term_string"}}],"inLanguage":"ca"},{"@type":"Organization","@id":"https:\/\/www.icip.cat\/ca\/#organization","name":"ICIP","url":"https:\/\/www.icip.cat\/ca\/","logo":{"@type":"ImageObject","inLanguage":"ca","@id":"https:\/\/www.icip.cat\/ca\/#\/schema\/logo\/image\/","url":"https:\/\/www.icip.cat\/wp-content\/uploads\/2021\/02\/logo-2.png","contentUrl":"https:\/\/www.icip.cat\/wp-content\/uploads\/2021\/02\/logo-2.png","width":562,"height":391,"caption":"ICIP"},"image":{"@id":"https:\/\/www.icip.cat\/ca\/#\/schema\/logo\/image\/"}}]}},"_links":{"self":[{"href":"https:\/\/www.icip.cat\/ca\/wp-json\/wp\/v2\/icip_publication\/42352","targetHints":{"allow":["GET"]}}],"collection":[{"href":"https:\/\/www.icip.cat\/ca\/wp-json\/wp\/v2\/icip_publication"}],"about":[{"href":"https:\/\/www.icip.cat\/ca\/wp-json\/wp\/v2\/types\/icip_publication"}],"version-history":[{"count":7,"href":"https:\/\/www.icip.cat\/ca\/wp-json\/wp\/v2\/icip_publication\/42352\/revisions"}],"predecessor-version":[{"id":43350,"href":"https:\/\/www.icip.cat\/ca\/wp-json\/wp\/v2\/icip_publication\/42352\/revisions\/43350"}],"wp:featuredmedia":[{"embeddable":true,"href":"https:\/\/www.icip.cat\/ca\/wp-json\/wp\/v2\/media\/42353"}],"wp:attachment":[{"href":"https:\/\/www.icip.cat\/ca\/wp-json\/wp\/v2\/media?parent=42352"}],"curies":[{"name":"wp","href":"https:\/\/api.w.org\/{rel}","templated":true}]}}