{"id":1081,"date":"2020-11-05T16:13:20","date_gmt":"2020-11-05T16:13:20","guid":{"rendered":"http:\/\/www.icip.cat\/?post_type=icip_seminar&#038;p=1081"},"modified":"2024-07-12T06:35:16","modified_gmt":"2024-07-12T06:35:16","slug":"pulsions-de-llatinoamerica","status":"publish","type":"icip_seminar","link":"https:\/\/www.icip.cat\/ca\/seminaris\/pulsions-de-llatinoamerica\/","title":{"rendered":"Pulsions de Llatinoam\u00e8rica"},"content":{"rendered":"\n<p>El cicle de debats<strong><em>&nbsp;<\/em><\/strong><a rel=\"noreferrer noopener\" href=\"http:\/\/icip.gencat.cat\/web\/.content\/continguts\/agenda\/imatges_i_documents\/2020\/gener-juliol\/DOSSIER_CATALA.pdf\" target=\"_blank\"><strong>Pulsions de Llatinoam\u00e8rica<\/strong><\/a>, organitzat per l&#8217;ICIP i Casa&nbsp;Am\u00e8rica Catalunya, ha tingut per objectiu aprofundir en les arrels i din\u00e0miques del malestar i les protestes socials desencadenades a la regi\u00f3 llatinoamericana. El cicle es va inaugurar el 5 de mar\u00e7 de 2020, de manera presencial, per\u00f2 va quedar interromput a causa de les&nbsp;mesures de confinament de poblaci\u00f3. El mes de juny de 2020, el cicle s&#8217;ha repr\u00e8s en format virtual a trav\u00e9s del canal de l&#8217;ICIP a YouTube.&nbsp;<\/p>\n\n\n\n<p>Aquestes s\u00f3n les sessions que han conformat el cicle (podeu recuperar els debats \u00edntegres de les quatre sessions celebrades en l\u00ednia en els seg\u00fcents enlla\u00e7os):<\/p>\n\n\n\n<h3 class=\"wp-block-heading\"><strong>&#8220;De l&#8217;erosi\u00f3 democr\u00e0tica a l&#8217;explosi\u00f3 de les revoltes socials&#8221;<\/strong> <\/h3>\n\n\n\n<p>L&#8217;Am\u00e8rica Llatina viu un brot generalitzat de protestes socials massives contra unes institucions i uns partits que no han aconseguit millorar les condicions de vida. Nous impulsos reivindicatius posen en joc els sistemes actuals i obren perspectives arriscades i a la vegada esperan\u00e7adores. Debat celebrat el 5 de mar\u00e7 de 2020 amb l&#8217;investigador<strong> Carlos Manamud <\/strong>(Real Instituto Elcano) i la soci\u00f2loga <strong>Erika M. Rodr\u00edguez Pinz\u00f3n<\/strong> (Universitat Aut\u00f2noma de Madrid).<\/p>\n\n\n\n<h3 class=\"wp-block-heading\"><strong>&#8220;Crisi econ\u00f2mica i polaritzaci\u00f3 social&#8221;<\/strong> <\/h3>\n\n\n\n<p>El sistema econ\u00f2mic neoliberal ha eixamplat les desigualtats i ha abocat a una part important de la poblaci\u00f3 a unes condicions de vida prec\u00e0ries. Sense expectatives de millora, creix la frustraci\u00f3 i augmenta l\u2019esquerda social. \u00c9s possible capgirar aquesta situaci\u00f3? Debat celebrat el 8 de juny de 2020 amb el professor <strong>H\u00e9ctor Casanueva Ojeda<\/strong> (IELAT) i la investigadora <strong>Mar\u00eda Mercedes Garc\u00eda Montero <\/strong>(Universitat de Salamanca).<\/p>\n\n\n\n<figure class=\"wp-block-embed aligncenter is-type-video is-provider-youtube wp-block-embed-youtube wp-embed-aspect-16-9 wp-has-aspect-ratio\"><div class=\"wp-block-embed__wrapper\">\n<iframe title=\"Crisis econ\u00f3mica y polarizaci\u00f3n social en Am\u00e9rica Latina\" width=\"640\" height=\"360\" src=\"https:\/\/www.youtube.com\/embed\/pg-X4BTRaaM?feature=oembed\" frameborder=\"0\" allow=\"accelerometer; autoplay; clipboard-write; encrypted-media; gyroscope; picture-in-picture; web-share\" referrerpolicy=\"strict-origin-when-cross-origin\" allowfullscreen><\/iframe>\n<\/div><\/figure>\n\n\n\n<h3 class=\"wp-block-heading\"><strong>&#8220;Una regi\u00f3 amena\u00e7ada per l\u2019espoliaci\u00f3 de la naturalesa&#8221;<\/strong> <\/h3>\n\n\n\n<p>Llatinoam\u00e8rica \u00e9s una de les regions del planeta amb major concentraci\u00f3 de biodiversitat. Un espai que hauria de ser patrimoni de la humanitat est\u00e0 al servei de la cultura consumista i d\u2019un progr\u00e9s econ\u00f2mic focalitzat en el creixement. Les persones i comunitats que s\u2019hi oposen s\u2019enfronten a tot tipus d\u2019atacs. La resta del planeta tamb\u00e9 protesta. Debat celebrat el 15 de juny amb els professors <strong>Judith Mu\u00f1oz Saavedra<\/strong> (UB) i <strong>Andr\u00e9s Barreda<\/strong> (UNAM).<\/p>\n\n\n\n<figure class=\"wp-block-embed aligncenter is-type-video is-provider-youtube wp-block-embed-youtube wp-embed-aspect-16-9 wp-has-aspect-ratio\"><div class=\"wp-block-embed__wrapper\">\n<iframe title=\"Am\u00e9rica Latina: Una regi\u00f3n amenazada por la expoliaci\u00f3n de la naturaleza\" width=\"640\" height=\"360\" src=\"https:\/\/www.youtube.com\/embed\/6PD_NjuzRws?feature=oembed\" frameborder=\"0\" allow=\"accelerometer; autoplay; clipboard-write; encrypted-media; gyroscope; picture-in-picture; web-share\" referrerpolicy=\"strict-origin-when-cross-origin\" allowfullscreen><\/iframe>\n<\/div><\/figure>\n\n\n\n<h3 class=\"wp-block-heading\"><strong>&#8220;La religi\u00f3 al poder&#8221;<\/strong> <\/h3>\n\n\n\n<p>Aquesta sessi\u00f3 aborda com en els darrers temps la religi\u00f3 ha anat guanyant protagonisme dins la pol\u00edtica, i fins i tot en pa\u00efsos com Brasil o Guatemala, la B\u00edblia ha esdevingut per als mandataris actuals un referent tan important com la Constituci\u00f3. Davant la recerca d\u2019una fe perduda en un m\u00f3n millor, quin paper hi juguen les religions? Debat celebrat el 22 de juny amb el professor\u00a0<strong>Daniel Rodr\u00edguez Su\u00e1rez <\/strong>(Universitat de Girona) i la fil\u00f2sofa i te\u00f2loga feminista\u00a0<strong>Ivone Gebara<\/strong>.\u00a0<\/p>\n\n\n\n<figure class=\"wp-block-embed aligncenter is-type-video is-provider-youtube wp-block-embed-youtube wp-embed-aspect-16-9 wp-has-aspect-ratio\"><div class=\"wp-block-embed__wrapper\">\n<iframe title=\"Am\u00e9rica Latina: La religi\u00f3n al poder\" width=\"640\" height=\"360\" src=\"https:\/\/www.youtube.com\/embed\/LjE40Z99Hjk?feature=oembed\" frameborder=\"0\" allow=\"accelerometer; autoplay; clipboard-write; encrypted-media; gyroscope; picture-in-picture; web-share\" referrerpolicy=\"strict-origin-when-cross-origin\" allowfullscreen><\/iframe>\n<\/div><\/figure>\n\n\n\n<h3 class=\"wp-block-heading\"><strong>&#8220;Contra les viol\u00e8ncies, cultura transformadora&#8221;<\/strong><\/h3>\n\n\n\n<p> Llatinoam\u00e8rica s\u2019est\u00e0 consolidant com la regi\u00f3 m\u00e9s insegura i amb m\u00e9s homicidis del m\u00f3n. Davant les m\u00faltiples cares de la viol\u00e8ncia, la creativitat, l\u2019expressi\u00f3 cr\u00edtica i la capacitat de resili\u00e8ncia i resist\u00e8ncia d\u2019aquestes societats ha estat excepcional. S\u00f3n sense dubte un factor clau en la seva lluita continua per aconseguir la pau. Debat celebrat el 29 de juny de 2020 amb\u00a0<strong>Sabine Kurtenbach<\/strong> (Instituto de Estudios Latinoamericanos del GIGA), el raper i fundador d&#8217;Agroarte <strong>El Aka<\/strong>, i l&#8217;escriptor i periodista <strong>Santiago Gamboa<\/strong>.\u00a0<\/p>\n\n\n\n<figure class=\"wp-block-embed aligncenter is-type-video is-provider-youtube wp-block-embed-youtube wp-embed-aspect-16-9 wp-has-aspect-ratio\"><div class=\"wp-block-embed__wrapper\">\n<iframe title=\"Am\u00e9rica Latina: Contra las violencias, cultura transformadora\" width=\"640\" height=\"360\" src=\"https:\/\/www.youtube.com\/embed\/SWMrzI4e5_0?feature=oembed\" frameborder=\"0\" allow=\"accelerometer; autoplay; clipboard-write; encrypted-media; gyroscope; picture-in-picture; web-share\" referrerpolicy=\"strict-origin-when-cross-origin\" allowfullscreen><\/iframe>\n<\/div><\/figure>\n","protected":false},"featured_media":14285,"template":"","class_list":["post-1081","icip_seminar","type-icip_seminar","status-publish","has-post-thumbnail","hentry"],"acf":[],"yoast_head":"<!-- This site is optimized with the Yoast SEO plugin v25.6 - https:\/\/yoast.com\/wordpress\/plugins\/seo\/ -->\n<title>Pulsions de Llatinoam\u00e8rica - ICIP<\/title>\n<meta name=\"robots\" content=\"index, follow, max-snippet:-1, max-image-preview:large, max-video-preview:-1\" \/>\n<link rel=\"canonical\" href=\"https:\/\/www.icip.cat\/ca\/seminaris\/pulsions-de-llatinoamerica\/\" \/>\n<meta property=\"og:locale\" content=\"ca_ES\" \/>\n<meta property=\"og:type\" content=\"article\" \/>\n<meta property=\"og:title\" content=\"Pulsions de Llatinoam\u00e8rica - ICIP\" \/>\n<meta property=\"og:description\" content=\"El cicle de debats&nbsp;Pulsions de Llatinoam\u00e8rica, organitzat per l&#8217;ICIP i Casa&nbsp;Am\u00e8rica Catalunya, ha tingut per objectiu aprofundir en les arrels i din\u00e0miques del malestar i les protestes socials desencadenades a la regi\u00f3 llatinoamericana. El cicle es va inaugurar el 5 de mar\u00e7 de 2020, de manera presencial, per\u00f2 va quedar interromput a causa de les&nbsp;mesures [&hellip;]\" \/>\n<meta property=\"og:url\" content=\"https:\/\/www.icip.cat\/ca\/seminaris\/pulsions-de-llatinoamerica\/\" \/>\n<meta property=\"og:site_name\" content=\"ICIP\" \/>\n<meta property=\"article:modified_time\" content=\"2024-07-12T06:35:16+00:00\" \/>\n<meta property=\"og:image\" content=\"https:\/\/www.icip.cat\/wp-content\/uploads\/2020\/11\/seminari2.png\" \/>\n\t<meta property=\"og:image:width\" content=\"560\" \/>\n\t<meta property=\"og:image:height\" content=\"398\" \/>\n\t<meta property=\"og:image:type\" content=\"image\/png\" \/>\n<meta name=\"twitter:card\" content=\"summary_large_image\" \/>\n<meta name=\"twitter:label1\" content=\"Temps estimat de lectura\" \/>\n\t<meta name=\"twitter:data1\" content=\"3 minuts\" \/>\n<script type=\"application\/ld+json\" class=\"yoast-schema-graph\">{\"@context\":\"https:\/\/schema.org\",\"@graph\":[{\"@type\":\"WebPage\",\"@id\":\"https:\/\/www.icip.cat\/ca\/seminaris\/pulsions-de-llatinoamerica\/\",\"url\":\"https:\/\/www.icip.cat\/ca\/seminaris\/pulsions-de-llatinoamerica\/\",\"name\":\"Pulsions de Llatinoam\u00e8rica - ICIP\",\"isPartOf\":{\"@id\":\"https:\/\/www.icip.cat\/ca\/#website\"},\"primaryImageOfPage\":{\"@id\":\"https:\/\/www.icip.cat\/ca\/seminaris\/pulsions-de-llatinoamerica\/#primaryimage\"},\"image\":{\"@id\":\"https:\/\/www.icip.cat\/ca\/seminaris\/pulsions-de-llatinoamerica\/#primaryimage\"},\"thumbnailUrl\":\"https:\/\/www.icip.cat\/wp-content\/uploads\/2020\/11\/seminari2.png\",\"datePublished\":\"2020-11-05T16:13:20+00:00\",\"dateModified\":\"2024-07-12T06:35:16+00:00\",\"inLanguage\":\"ca\",\"potentialAction\":[{\"@type\":\"ReadAction\",\"target\":[\"https:\/\/www.icip.cat\/ca\/seminaris\/pulsions-de-llatinoamerica\/\"]}]},{\"@type\":\"ImageObject\",\"inLanguage\":\"ca\",\"@id\":\"https:\/\/www.icip.cat\/ca\/seminaris\/pulsions-de-llatinoamerica\/#primaryimage\",\"url\":\"https:\/\/www.icip.cat\/wp-content\/uploads\/2020\/11\/seminari2.png\",\"contentUrl\":\"https:\/\/www.icip.cat\/wp-content\/uploads\/2020\/11\/seminari2.png\",\"width\":560,\"height\":398},{\"@type\":\"WebSite\",\"@id\":\"https:\/\/www.icip.cat\/ca\/#website\",\"url\":\"https:\/\/www.icip.cat\/ca\/\",\"name\":\"ICIP\",\"description\":\"\",\"publisher\":{\"@id\":\"https:\/\/www.icip.cat\/ca\/#organization\"},\"potentialAction\":[{\"@type\":\"SearchAction\",\"target\":{\"@type\":\"EntryPoint\",\"urlTemplate\":\"https:\/\/www.icip.cat\/ca\/?s={search_term_string}\"},\"query-input\":{\"@type\":\"PropertyValueSpecification\",\"valueRequired\":true,\"valueName\":\"search_term_string\"}}],\"inLanguage\":\"ca\"},{\"@type\":\"Organization\",\"@id\":\"https:\/\/www.icip.cat\/ca\/#organization\",\"name\":\"ICIP\",\"url\":\"https:\/\/www.icip.cat\/ca\/\",\"logo\":{\"@type\":\"ImageObject\",\"inLanguage\":\"ca\",\"@id\":\"https:\/\/www.icip.cat\/ca\/#\/schema\/logo\/image\/\",\"url\":\"https:\/\/www.icip.cat\/wp-content\/uploads\/2021\/02\/logo-2.png\",\"contentUrl\":\"https:\/\/www.icip.cat\/wp-content\/uploads\/2021\/02\/logo-2.png\",\"width\":562,\"height\":391,\"caption\":\"ICIP\"},\"image\":{\"@id\":\"https:\/\/www.icip.cat\/ca\/#\/schema\/logo\/image\/\"}}]}<\/script>\n<!-- \/ Yoast SEO plugin. -->","yoast_head_json":{"title":"Pulsions de Llatinoam\u00e8rica - ICIP","robots":{"index":"index","follow":"follow","max-snippet":"max-snippet:-1","max-image-preview":"max-image-preview:large","max-video-preview":"max-video-preview:-1"},"canonical":"https:\/\/www.icip.cat\/ca\/seminaris\/pulsions-de-llatinoamerica\/","og_locale":"ca_ES","og_type":"article","og_title":"Pulsions de Llatinoam\u00e8rica - ICIP","og_description":"El cicle de debats&nbsp;Pulsions de Llatinoam\u00e8rica, organitzat per l&#8217;ICIP i Casa&nbsp;Am\u00e8rica Catalunya, ha tingut per objectiu aprofundir en les arrels i din\u00e0miques del malestar i les protestes socials desencadenades a la regi\u00f3 llatinoamericana. El cicle es va inaugurar el 5 de mar\u00e7 de 2020, de manera presencial, per\u00f2 va quedar interromput a causa de les&nbsp;mesures [&hellip;]","og_url":"https:\/\/www.icip.cat\/ca\/seminaris\/pulsions-de-llatinoamerica\/","og_site_name":"ICIP","article_modified_time":"2024-07-12T06:35:16+00:00","og_image":[{"width":560,"height":398,"url":"https:\/\/www.icip.cat\/wp-content\/uploads\/2020\/11\/seminari2.png","type":"image\/png"}],"twitter_card":"summary_large_image","twitter_misc":{"Temps estimat de lectura":"3 minuts"},"schema":{"@context":"https:\/\/schema.org","@graph":[{"@type":"WebPage","@id":"https:\/\/www.icip.cat\/ca\/seminaris\/pulsions-de-llatinoamerica\/","url":"https:\/\/www.icip.cat\/ca\/seminaris\/pulsions-de-llatinoamerica\/","name":"Pulsions de Llatinoam\u00e8rica - ICIP","isPartOf":{"@id":"https:\/\/www.icip.cat\/ca\/#website"},"primaryImageOfPage":{"@id":"https:\/\/www.icip.cat\/ca\/seminaris\/pulsions-de-llatinoamerica\/#primaryimage"},"image":{"@id":"https:\/\/www.icip.cat\/ca\/seminaris\/pulsions-de-llatinoamerica\/#primaryimage"},"thumbnailUrl":"https:\/\/www.icip.cat\/wp-content\/uploads\/2020\/11\/seminari2.png","datePublished":"2020-11-05T16:13:20+00:00","dateModified":"2024-07-12T06:35:16+00:00","inLanguage":"ca","potentialAction":[{"@type":"ReadAction","target":["https:\/\/www.icip.cat\/ca\/seminaris\/pulsions-de-llatinoamerica\/"]}]},{"@type":"ImageObject","inLanguage":"ca","@id":"https:\/\/www.icip.cat\/ca\/seminaris\/pulsions-de-llatinoamerica\/#primaryimage","url":"https:\/\/www.icip.cat\/wp-content\/uploads\/2020\/11\/seminari2.png","contentUrl":"https:\/\/www.icip.cat\/wp-content\/uploads\/2020\/11\/seminari2.png","width":560,"height":398},{"@type":"WebSite","@id":"https:\/\/www.icip.cat\/ca\/#website","url":"https:\/\/www.icip.cat\/ca\/","name":"ICIP","description":"","publisher":{"@id":"https:\/\/www.icip.cat\/ca\/#organization"},"potentialAction":[{"@type":"SearchAction","target":{"@type":"EntryPoint","urlTemplate":"https:\/\/www.icip.cat\/ca\/?s={search_term_string}"},"query-input":{"@type":"PropertyValueSpecification","valueRequired":true,"valueName":"search_term_string"}}],"inLanguage":"ca"},{"@type":"Organization","@id":"https:\/\/www.icip.cat\/ca\/#organization","name":"ICIP","url":"https:\/\/www.icip.cat\/ca\/","logo":{"@type":"ImageObject","inLanguage":"ca","@id":"https:\/\/www.icip.cat\/ca\/#\/schema\/logo\/image\/","url":"https:\/\/www.icip.cat\/wp-content\/uploads\/2021\/02\/logo-2.png","contentUrl":"https:\/\/www.icip.cat\/wp-content\/uploads\/2021\/02\/logo-2.png","width":562,"height":391,"caption":"ICIP"},"image":{"@id":"https:\/\/www.icip.cat\/ca\/#\/schema\/logo\/image\/"}}]}},"_links":{"self":[{"href":"https:\/\/www.icip.cat\/ca\/wp-json\/wp\/v2\/icip_seminar\/1081","targetHints":{"allow":["GET"]}}],"collection":[{"href":"https:\/\/www.icip.cat\/ca\/wp-json\/wp\/v2\/icip_seminar"}],"about":[{"href":"https:\/\/www.icip.cat\/ca\/wp-json\/wp\/v2\/types\/icip_seminar"}],"version-history":[{"count":14,"href":"https:\/\/www.icip.cat\/ca\/wp-json\/wp\/v2\/icip_seminar\/1081\/revisions"}],"predecessor-version":[{"id":47434,"href":"https:\/\/www.icip.cat\/ca\/wp-json\/wp\/v2\/icip_seminar\/1081\/revisions\/47434"}],"wp:featuredmedia":[{"embeddable":true,"href":"https:\/\/www.icip.cat\/ca\/wp-json\/wp\/v2\/media\/14285"}],"wp:attachment":[{"href":"https:\/\/www.icip.cat\/ca\/wp-json\/wp\/v2\/media?parent=1081"}],"curies":[{"name":"wp","href":"https:\/\/api.w.org\/{rel}","templated":true}]}}