{"id":40375,"date":"2023-10-20T12:45:27","date_gmt":"2023-10-20T12:45:27","guid":{"rendered":"https:\/\/www.icip.cat\/seminars\/trobada-internacional-arteria-hip-hop\/"},"modified":"2023-10-20T12:45:31","modified_gmt":"2023-10-20T12:45:31","slug":"trobada-internacional-arteria-hip-hop","status":"publish","type":"icip_seminar","link":"https:\/\/www.icip.cat\/ca\/seminaris\/trobada-internacional-arteria-hip-hop\/","title":{"rendered":"Trobada internacional Art\u00e8ria Hip-Hop"},"content":{"rendered":"\n<p>L\u2019ICIP, conjuntament amb l\u2019Ag\u00e8ncia Catalana de la Joventut i l\u2019Ag\u00e8ncia Catalana de Cooperaci\u00f3 al Desenvolupament, va organitzar l\u2019Art\u00e8ria Hip-Hop del 5 al 7 d\u2019octubre de 2023 a Barcelona. Es tracta d&#8217;una trobada internacional de persones i col\u00b7lectius implicats en projectes de cultura de pau i educaci\u00f3 transformadora a trav\u00e9s de les diferents expressions art\u00edstiques del hip-hop. La iniciativa va comptar amb el suport de les entitats Versembrant, Heal Hop i Erol Urb\u00e0.<\/p>\n\n<p>La trobada va reunir a representants d\u2019una vintena de col\u00b7lectius d\u2019Am\u00e8rica Llatina, Espanya i Catalunya amb experi\u00e8ncia en aquest \u00e0mbit. Les activitats van servir per generar un espai d\u2019intercanvi d\u2019experi\u00e8ncies \u2013locals i internacionals\u2013 d\u2019educaci\u00f3 transformadora a trav\u00e9s del hip-hop i aportar bones idees per millorar les pr\u00e0ctiques educatives dels participants i del p\u00fablic, a m\u00e9s d\u2019evidenciar la cultura hip-hop com una eina educativa i transformadora v\u00e0lida per afrontar els reptes de l\u2019educaci\u00f3 i per promoure valors i pr\u00e0ctiques associats a la cultura de pau.<\/p>\n\n<p>La trobada va combinar activitats internes pensades per la delefgaci\u00f3 internacional i activitats obertes al p\u00fablic. Entre aquestes darreres, van destacar una s\u00e8rie de xerrades i taules rodones que van tenir lloc a la Lleialtat Santsenca el 5 i 6 d&#8217;octubre. <\/p>\n\n<p>El dissabte 7 d\u2019octubre, en col\u00b7laboraci\u00f3 amb el Festival Esperanzah, el Festival Perif\u00e8ria Beat i el Casal del Pou de la Figuera, l\u2019Art\u00e8ria Hip-hop va organitzar una s\u00e8rie de tallers i activitats musicals a c\u00e0rrec dels col\u00b7lectius convidats i adre\u00e7ades a tota la ciutadania, especialment a joves aficionats a la cultura urbana i a la transformaci\u00f3 social.<\/p>\n\n<figure class=\"wp-block-gallery has-nested-images columns-default is-cropped wp-block-gallery-1 is-layout-flex wp-block-gallery-is-layout-flex\">\n<figure class=\"wp-block-image size-large\"><img fetchpriority=\"high\" decoding=\"async\" width=\"1024\" height=\"689\" data-id=\"40346\" src=\"https:\/\/www.icip.cat\/wp-content\/uploads\/2023\/10\/IMG_4049-1024x689.jpg\" alt=\"\" class=\"wp-image-40346\" srcset=\"https:\/\/www.icip.cat\/wp-content\/uploads\/2023\/10\/IMG_4049-1024x689.jpg 1024w, https:\/\/www.icip.cat\/wp-content\/uploads\/2023\/10\/IMG_4049-300x202.jpg 300w, https:\/\/www.icip.cat\/wp-content\/uploads\/2023\/10\/IMG_4049-768x517.jpg 768w, https:\/\/www.icip.cat\/wp-content\/uploads\/2023\/10\/IMG_4049-1536x1034.jpg 1536w, https:\/\/www.icip.cat\/wp-content\/uploads\/2023\/10\/IMG_4049-2048x1378.jpg 2048w\" sizes=\"(max-width: 1024px) 100vw, 1024px\" \/><\/figure>\n\n\n\n<figure class=\"wp-block-image size-large\"><img decoding=\"async\" width=\"1024\" height=\"691\" data-id=\"40361\" src=\"https:\/\/www.icip.cat\/wp-content\/uploads\/2023\/10\/IMG_4055-1024x691.jpg\" alt=\"\" class=\"wp-image-40361\" srcset=\"https:\/\/www.icip.cat\/wp-content\/uploads\/2023\/10\/IMG_4055-1024x691.jpg 1024w, https:\/\/www.icip.cat\/wp-content\/uploads\/2023\/10\/IMG_4055-300x203.jpg 300w, https:\/\/www.icip.cat\/wp-content\/uploads\/2023\/10\/IMG_4055-768x519.jpg 768w, https:\/\/www.icip.cat\/wp-content\/uploads\/2023\/10\/IMG_4055-1536x1037.jpg 1536w, https:\/\/www.icip.cat\/wp-content\/uploads\/2023\/10\/IMG_4055-2048x1383.jpg 2048w\" sizes=\"(max-width: 1024px) 100vw, 1024px\" \/><\/figure>\n\n\n\n<figure class=\"wp-block-image size-large\"><img decoding=\"async\" width=\"1024\" height=\"718\" data-id=\"40358\" src=\"https:\/\/www.icip.cat\/wp-content\/uploads\/2023\/10\/IMG_4100-1024x718.jpg\" alt=\"\" class=\"wp-image-40358\" srcset=\"https:\/\/www.icip.cat\/wp-content\/uploads\/2023\/10\/IMG_4100-1024x718.jpg 1024w, https:\/\/www.icip.cat\/wp-content\/uploads\/2023\/10\/IMG_4100-300x210.jpg 300w, https:\/\/www.icip.cat\/wp-content\/uploads\/2023\/10\/IMG_4100-768x539.jpg 768w, https:\/\/www.icip.cat\/wp-content\/uploads\/2023\/10\/IMG_4100-1536x1077.jpg 1536w, https:\/\/www.icip.cat\/wp-content\/uploads\/2023\/10\/IMG_4100-2048x1436.jpg 2048w\" sizes=\"(max-width: 1024px) 100vw, 1024px\" \/><\/figure>\n\n\n\n<figure class=\"wp-block-image size-large\"><img loading=\"lazy\" decoding=\"async\" width=\"1024\" height=\"701\" data-id=\"40349\" src=\"https:\/\/www.icip.cat\/wp-content\/uploads\/2023\/10\/IMG_4157-1024x701.jpg\" alt=\"\" class=\"wp-image-40349\" srcset=\"https:\/\/www.icip.cat\/wp-content\/uploads\/2023\/10\/IMG_4157-1024x701.jpg 1024w, https:\/\/www.icip.cat\/wp-content\/uploads\/2023\/10\/IMG_4157-300x205.jpg 300w, https:\/\/www.icip.cat\/wp-content\/uploads\/2023\/10\/IMG_4157-768x526.jpg 768w, https:\/\/www.icip.cat\/wp-content\/uploads\/2023\/10\/IMG_4157-1536x1052.jpg 1536w, https:\/\/www.icip.cat\/wp-content\/uploads\/2023\/10\/IMG_4157-2048x1402.jpg 2048w\" sizes=\"(max-width: 1024px) 100vw, 1024px\" \/><\/figure>\n\n\n\n<figure class=\"wp-block-image size-large\"><img loading=\"lazy\" decoding=\"async\" width=\"1024\" height=\"681\" data-id=\"40352\" src=\"https:\/\/www.icip.cat\/wp-content\/uploads\/2023\/10\/IMG_4161-1024x681.jpg\" alt=\"\" class=\"wp-image-40352\" srcset=\"https:\/\/www.icip.cat\/wp-content\/uploads\/2023\/10\/IMG_4161-1024x681.jpg 1024w, https:\/\/www.icip.cat\/wp-content\/uploads\/2023\/10\/IMG_4161-300x200.jpg 300w, https:\/\/www.icip.cat\/wp-content\/uploads\/2023\/10\/IMG_4161-768x511.jpg 768w, https:\/\/www.icip.cat\/wp-content\/uploads\/2023\/10\/IMG_4161-1536x1022.jpg 1536w, https:\/\/www.icip.cat\/wp-content\/uploads\/2023\/10\/IMG_4161-2048x1362.jpg 2048w\" sizes=\"(max-width: 1024px) 100vw, 1024px\" \/><\/figure>\n\n\n\n<figure class=\"wp-block-image size-large\"><img loading=\"lazy\" decoding=\"async\" width=\"1024\" height=\"670\" data-id=\"40355\" src=\"https:\/\/www.icip.cat\/wp-content\/uploads\/2023\/10\/IMG_4230-1024x670.jpg\" alt=\"\" class=\"wp-image-40355\" srcset=\"https:\/\/www.icip.cat\/wp-content\/uploads\/2023\/10\/IMG_4230-1024x670.jpg 1024w, https:\/\/www.icip.cat\/wp-content\/uploads\/2023\/10\/IMG_4230-300x196.jpg 300w, https:\/\/www.icip.cat\/wp-content\/uploads\/2023\/10\/IMG_4230-768x503.jpg 768w, https:\/\/www.icip.cat\/wp-content\/uploads\/2023\/10\/IMG_4230-1536x1005.jpg 1536w, https:\/\/www.icip.cat\/wp-content\/uploads\/2023\/10\/IMG_4230-2048x1340.jpg 2048w\" sizes=\"(max-width: 1024px) 100vw, 1024px\" \/><\/figure>\n\n\n\n<figure class=\"wp-block-image size-large\"><img loading=\"lazy\" decoding=\"async\" width=\"1024\" height=\"683\" data-id=\"40364\" src=\"https:\/\/www.icip.cat\/wp-content\/uploads\/2023\/10\/IMG_4259-1024x683.jpg\" alt=\"\" class=\"wp-image-40364\" srcset=\"https:\/\/www.icip.cat\/wp-content\/uploads\/2023\/10\/IMG_4259-1024x683.jpg 1024w, https:\/\/www.icip.cat\/wp-content\/uploads\/2023\/10\/IMG_4259-300x200.jpg 300w, https:\/\/www.icip.cat\/wp-content\/uploads\/2023\/10\/IMG_4259-768x512.jpg 768w, https:\/\/www.icip.cat\/wp-content\/uploads\/2023\/10\/IMG_4259-1536x1025.jpg 1536w, https:\/\/www.icip.cat\/wp-content\/uploads\/2023\/10\/IMG_4259-2048x1367.jpg 2048w\" sizes=\"(max-width: 1024px) 100vw, 1024px\" \/><\/figure>\n\n\n\n<figure class=\"wp-block-image size-large\"><img loading=\"lazy\" decoding=\"async\" width=\"1024\" height=\"706\" data-id=\"40367\" src=\"https:\/\/www.icip.cat\/wp-content\/uploads\/2023\/10\/IMG_4278-1024x706.jpg\" alt=\"\" class=\"wp-image-40367\" srcset=\"https:\/\/www.icip.cat\/wp-content\/uploads\/2023\/10\/IMG_4278-1024x706.jpg 1024w, https:\/\/www.icip.cat\/wp-content\/uploads\/2023\/10\/IMG_4278-300x207.jpg 300w, https:\/\/www.icip.cat\/wp-content\/uploads\/2023\/10\/IMG_4278-768x529.jpg 768w, https:\/\/www.icip.cat\/wp-content\/uploads\/2023\/10\/IMG_4278-1536x1059.jpg 1536w, https:\/\/www.icip.cat\/wp-content\/uploads\/2023\/10\/IMG_4278-2048x1412.jpg 2048w\" sizes=\"(max-width: 1024px) 100vw, 1024px\" \/><\/figure>\n\n\n\n<figure class=\"wp-block-image size-large\"><img loading=\"lazy\" decoding=\"async\" width=\"1024\" height=\"696\" data-id=\"40368\" src=\"https:\/\/www.icip.cat\/wp-content\/uploads\/2023\/10\/IMG_4274-1024x696.jpg\" alt=\"\" class=\"wp-image-40368\" srcset=\"https:\/\/www.icip.cat\/wp-content\/uploads\/2023\/10\/IMG_4274-1024x696.jpg 1024w, https:\/\/www.icip.cat\/wp-content\/uploads\/2023\/10\/IMG_4274-300x204.jpg 300w, https:\/\/www.icip.cat\/wp-content\/uploads\/2023\/10\/IMG_4274-768x522.jpg 768w, https:\/\/www.icip.cat\/wp-content\/uploads\/2023\/10\/IMG_4274-1536x1044.jpg 1536w, https:\/\/www.icip.cat\/wp-content\/uploads\/2023\/10\/IMG_4274-2048x1392.jpg 2048w, https:\/\/www.icip.cat\/wp-content\/uploads\/2023\/10\/IMG_4274-500x340.jpg 500w\" sizes=\"(max-width: 1024px) 100vw, 1024px\" \/><\/figure>\n<\/figure>\n","protected":false},"featured_media":40356,"template":"","class_list":["post-40375","icip_seminar","type-icip_seminar","status-publish","has-post-thumbnail","hentry"],"acf":[],"yoast_head":"<!-- This site is optimized with the Yoast SEO plugin v25.6 - https:\/\/yoast.com\/wordpress\/plugins\/seo\/ -->\n<title>Trobada internacional Art\u00e8ria Hip-Hop - ICIP<\/title>\n<meta name=\"description\" content=\"La trobada internacional de persones i col\u00b7lectius implicats en projectes de cultura de pau va tenir lloc a Barcelona l&#039;octubre de 2023.\" \/>\n<meta name=\"robots\" content=\"index, follow, max-snippet:-1, max-image-preview:large, max-video-preview:-1\" \/>\n<link rel=\"canonical\" href=\"https:\/\/www.icip.cat\/ca\/seminaris\/trobada-internacional-arteria-hip-hop\/\" \/>\n<meta property=\"og:locale\" content=\"ca_ES\" \/>\n<meta property=\"og:type\" content=\"article\" \/>\n<meta property=\"og:title\" content=\"Trobada internacional Art\u00e8ria Hip-Hop - ICIP\" \/>\n<meta property=\"og:description\" content=\"La trobada internacional de persones i col\u00b7lectius implicats en projectes de cultura de pau va tenir lloc a Barcelona l&#039;octubre de 2023.\" \/>\n<meta property=\"og:url\" content=\"https:\/\/www.icip.cat\/ca\/seminaris\/trobada-internacional-arteria-hip-hop\/\" \/>\n<meta property=\"og:site_name\" content=\"ICIP\" \/>\n<meta property=\"article:modified_time\" content=\"2023-10-20T12:45:31+00:00\" \/>\n<meta property=\"og:image\" content=\"https:\/\/www.icip.cat\/wp-content\/uploads\/2023\/10\/IMG_4230-scaled.jpg\" \/>\n\t<meta property=\"og:image:width\" content=\"2560\" \/>\n\t<meta property=\"og:image:height\" content=\"1675\" \/>\n\t<meta property=\"og:image:type\" content=\"image\/jpeg\" \/>\n<meta name=\"twitter:card\" content=\"summary_large_image\" \/>\n<meta name=\"twitter:label1\" content=\"Temps estimat de lectura\" \/>\n\t<meta name=\"twitter:data1\" content=\"1 minut\" \/>\n<script type=\"application\/ld+json\" class=\"yoast-schema-graph\">{\"@context\":\"https:\/\/schema.org\",\"@graph\":[{\"@type\":\"WebPage\",\"@id\":\"https:\/\/www.icip.cat\/ca\/seminaris\/trobada-internacional-arteria-hip-hop\/\",\"url\":\"https:\/\/www.icip.cat\/ca\/seminaris\/trobada-internacional-arteria-hip-hop\/\",\"name\":\"Trobada internacional Art\u00e8ria Hip-Hop - ICIP\",\"isPartOf\":{\"@id\":\"https:\/\/www.icip.cat\/ca\/#website\"},\"primaryImageOfPage\":{\"@id\":\"https:\/\/www.icip.cat\/ca\/seminaris\/trobada-internacional-arteria-hip-hop\/#primaryimage\"},\"image\":{\"@id\":\"https:\/\/www.icip.cat\/ca\/seminaris\/trobada-internacional-arteria-hip-hop\/#primaryimage\"},\"thumbnailUrl\":\"https:\/\/www.icip.cat\/wp-content\/uploads\/2023\/10\/IMG_4230-scaled.jpg\",\"datePublished\":\"2023-10-20T12:45:27+00:00\",\"dateModified\":\"2023-10-20T12:45:31+00:00\",\"description\":\"La trobada internacional de persones i col\u00b7lectius implicats en projectes de cultura de pau va tenir lloc a Barcelona l'octubre de 2023.\",\"inLanguage\":\"ca\",\"potentialAction\":[{\"@type\":\"ReadAction\",\"target\":[\"https:\/\/www.icip.cat\/ca\/seminaris\/trobada-internacional-arteria-hip-hop\/\"]}]},{\"@type\":\"ImageObject\",\"inLanguage\":\"ca\",\"@id\":\"https:\/\/www.icip.cat\/ca\/seminaris\/trobada-internacional-arteria-hip-hop\/#primaryimage\",\"url\":\"https:\/\/www.icip.cat\/wp-content\/uploads\/2023\/10\/IMG_4230-scaled.jpg\",\"contentUrl\":\"https:\/\/www.icip.cat\/wp-content\/uploads\/2023\/10\/IMG_4230-scaled.jpg\",\"width\":2560,\"height\":1675},{\"@type\":\"WebSite\",\"@id\":\"https:\/\/www.icip.cat\/ca\/#website\",\"url\":\"https:\/\/www.icip.cat\/ca\/\",\"name\":\"ICIP\",\"description\":\"\",\"publisher\":{\"@id\":\"https:\/\/www.icip.cat\/ca\/#organization\"},\"potentialAction\":[{\"@type\":\"SearchAction\",\"target\":{\"@type\":\"EntryPoint\",\"urlTemplate\":\"https:\/\/www.icip.cat\/ca\/?s={search_term_string}\"},\"query-input\":{\"@type\":\"PropertyValueSpecification\",\"valueRequired\":true,\"valueName\":\"search_term_string\"}}],\"inLanguage\":\"ca\"},{\"@type\":\"Organization\",\"@id\":\"https:\/\/www.icip.cat\/ca\/#organization\",\"name\":\"ICIP\",\"url\":\"https:\/\/www.icip.cat\/ca\/\",\"logo\":{\"@type\":\"ImageObject\",\"inLanguage\":\"ca\",\"@id\":\"https:\/\/www.icip.cat\/ca\/#\/schema\/logo\/image\/\",\"url\":\"https:\/\/www.icip.cat\/wp-content\/uploads\/2021\/02\/logo-2.png\",\"contentUrl\":\"https:\/\/www.icip.cat\/wp-content\/uploads\/2021\/02\/logo-2.png\",\"width\":562,\"height\":391,\"caption\":\"ICIP\"},\"image\":{\"@id\":\"https:\/\/www.icip.cat\/ca\/#\/schema\/logo\/image\/\"}}]}<\/script>\n<!-- \/ Yoast SEO plugin. -->","yoast_head_json":{"title":"Trobada internacional Art\u00e8ria Hip-Hop - ICIP","description":"La trobada internacional de persones i col\u00b7lectius implicats en projectes de cultura de pau va tenir lloc a Barcelona l'octubre de 2023.","robots":{"index":"index","follow":"follow","max-snippet":"max-snippet:-1","max-image-preview":"max-image-preview:large","max-video-preview":"max-video-preview:-1"},"canonical":"https:\/\/www.icip.cat\/ca\/seminaris\/trobada-internacional-arteria-hip-hop\/","og_locale":"ca_ES","og_type":"article","og_title":"Trobada internacional Art\u00e8ria Hip-Hop - ICIP","og_description":"La trobada internacional de persones i col\u00b7lectius implicats en projectes de cultura de pau va tenir lloc a Barcelona l'octubre de 2023.","og_url":"https:\/\/www.icip.cat\/ca\/seminaris\/trobada-internacional-arteria-hip-hop\/","og_site_name":"ICIP","article_modified_time":"2023-10-20T12:45:31+00:00","og_image":[{"width":2560,"height":1675,"url":"https:\/\/www.icip.cat\/wp-content\/uploads\/2023\/10\/IMG_4230-scaled.jpg","type":"image\/jpeg"}],"twitter_card":"summary_large_image","twitter_misc":{"Temps estimat de lectura":"1 minut"},"schema":{"@context":"https:\/\/schema.org","@graph":[{"@type":"WebPage","@id":"https:\/\/www.icip.cat\/ca\/seminaris\/trobada-internacional-arteria-hip-hop\/","url":"https:\/\/www.icip.cat\/ca\/seminaris\/trobada-internacional-arteria-hip-hop\/","name":"Trobada internacional Art\u00e8ria Hip-Hop - ICIP","isPartOf":{"@id":"https:\/\/www.icip.cat\/ca\/#website"},"primaryImageOfPage":{"@id":"https:\/\/www.icip.cat\/ca\/seminaris\/trobada-internacional-arteria-hip-hop\/#primaryimage"},"image":{"@id":"https:\/\/www.icip.cat\/ca\/seminaris\/trobada-internacional-arteria-hip-hop\/#primaryimage"},"thumbnailUrl":"https:\/\/www.icip.cat\/wp-content\/uploads\/2023\/10\/IMG_4230-scaled.jpg","datePublished":"2023-10-20T12:45:27+00:00","dateModified":"2023-10-20T12:45:31+00:00","description":"La trobada internacional de persones i col\u00b7lectius implicats en projectes de cultura de pau va tenir lloc a Barcelona l'octubre de 2023.","inLanguage":"ca","potentialAction":[{"@type":"ReadAction","target":["https:\/\/www.icip.cat\/ca\/seminaris\/trobada-internacional-arteria-hip-hop\/"]}]},{"@type":"ImageObject","inLanguage":"ca","@id":"https:\/\/www.icip.cat\/ca\/seminaris\/trobada-internacional-arteria-hip-hop\/#primaryimage","url":"https:\/\/www.icip.cat\/wp-content\/uploads\/2023\/10\/IMG_4230-scaled.jpg","contentUrl":"https:\/\/www.icip.cat\/wp-content\/uploads\/2023\/10\/IMG_4230-scaled.jpg","width":2560,"height":1675},{"@type":"WebSite","@id":"https:\/\/www.icip.cat\/ca\/#website","url":"https:\/\/www.icip.cat\/ca\/","name":"ICIP","description":"","publisher":{"@id":"https:\/\/www.icip.cat\/ca\/#organization"},"potentialAction":[{"@type":"SearchAction","target":{"@type":"EntryPoint","urlTemplate":"https:\/\/www.icip.cat\/ca\/?s={search_term_string}"},"query-input":{"@type":"PropertyValueSpecification","valueRequired":true,"valueName":"search_term_string"}}],"inLanguage":"ca"},{"@type":"Organization","@id":"https:\/\/www.icip.cat\/ca\/#organization","name":"ICIP","url":"https:\/\/www.icip.cat\/ca\/","logo":{"@type":"ImageObject","inLanguage":"ca","@id":"https:\/\/www.icip.cat\/ca\/#\/schema\/logo\/image\/","url":"https:\/\/www.icip.cat\/wp-content\/uploads\/2021\/02\/logo-2.png","contentUrl":"https:\/\/www.icip.cat\/wp-content\/uploads\/2021\/02\/logo-2.png","width":562,"height":391,"caption":"ICIP"},"image":{"@id":"https:\/\/www.icip.cat\/ca\/#\/schema\/logo\/image\/"}}]}},"_links":{"self":[{"href":"https:\/\/www.icip.cat\/ca\/wp-json\/wp\/v2\/icip_seminar\/40375","targetHints":{"allow":["GET"]}}],"collection":[{"href":"https:\/\/www.icip.cat\/ca\/wp-json\/wp\/v2\/icip_seminar"}],"about":[{"href":"https:\/\/www.icip.cat\/ca\/wp-json\/wp\/v2\/types\/icip_seminar"}],"version-history":[{"count":3,"href":"https:\/\/www.icip.cat\/ca\/wp-json\/wp\/v2\/icip_seminar\/40375\/revisions"}],"predecessor-version":[{"id":40378,"href":"https:\/\/www.icip.cat\/ca\/wp-json\/wp\/v2\/icip_seminar\/40375\/revisions\/40378"}],"wp:featuredmedia":[{"embeddable":true,"href":"https:\/\/www.icip.cat\/ca\/wp-json\/wp\/v2\/media\/40356"}],"wp:attachment":[{"href":"https:\/\/www.icip.cat\/ca\/wp-json\/wp\/v2\/media?parent=40375"}],"curies":[{"name":"wp","href":"https:\/\/api.w.org\/{rel}","templated":true}]}}