{"id":46986,"date":"2024-07-04T07:42:47","date_gmt":"2024-07-04T07:42:47","guid":{"rendered":"https:\/\/www.icip.cat\/?post_type=icip_seminar&#038;p=46986"},"modified":"2024-12-18T10:36:56","modified_gmt":"2024-12-18T10:36:56","slug":"jornada-drets-humans-i-pau-a-lamerica-central-reptes-i-oportunitats","status":"publish","type":"icip_seminar","link":"https:\/\/www.icip.cat\/ca\/seminaris\/jornada-drets-humans-i-pau-a-lamerica-central-reptes-i-oportunitats\/","title":{"rendered":"Jornada &#8220;Drets humans i pau a l&#8217;Am\u00e8rica Central: reptes i oportunitats&#8221;"},"content":{"rendered":"\n<p>Els dies 18 i 19 de juny l&#8217;ICIP ha organitzat les jornades \u201c<a href=\"https:\/\/www.icip.cat\/ca\/jornades-drets-humans-i-pau-a-america-central\/\" target=\"_blank\" rel=\"noreferrer noopener\">Drets humans i pau a l\u2019Am\u00e8rica Central: reptes i oportunitats<\/a>\u201d&nbsp;juntament amb la nova Taula Catalana pels Drets humans i la Pau a l&#8217;Am\u00e8rica Central.<\/p>\n\n\n\n<p>Les jornades s&#8217;han celebrat al Museu d&#8217;Hist\u00f2ria de Barcelona i han perm\u00e8s reflexionar i debatre sobre els reptes per la pau i els drets humans a&nbsp;<strong>Nicaragua, Guatemala, El Salvador i Hondures<\/strong>, pa\u00efsos marcats per l\u2019auge dels autoritarismes, la securititzaci\u00f3 i militaritzaci\u00f3, la repressi\u00f3 i persecuci\u00f3 pol\u00edtica, l\u2019explotaci\u00f3 i extractivisme de recursos naturals, la viol\u00e8ncia contra les dones, els col\u00b7lectius LGTBI+ i les comunitats ind\u00edgenes.<\/p>\n\n\n\n<p>Els debats han comptat amb la participaci\u00f3 de quinze ponents, la gran majoria dones, procedents dels quatre pa\u00efsos. S\u00f3n expertes i activistes que lluiten per transformar les viol\u00e8ncies en el seu dia a dia, algunes d\u2019elles des de l\u2019exili. <\/p>\n\n\n\n<figure class=\"wp-block-embed aligncenter is-type-video is-provider-youtube wp-block-embed-youtube wp-embed-aspect-16-9 wp-has-aspect-ratio\"><div class=\"wp-block-embed__wrapper\">\n<iframe title=\"Jornades \u201cDrets humans i pau a l\u2019Am\u00e8rica Central: reptes i oportunitats\u201d\" width=\"640\" height=\"360\" src=\"https:\/\/www.youtube.com\/embed\/BrGiHK-N6ls?start=3&#038;feature=oembed\" frameborder=\"0\" allow=\"accelerometer; autoplay; clipboard-write; encrypted-media; gyroscope; picture-in-picture; web-share\" referrerpolicy=\"strict-origin-when-cross-origin\" allowfullscreen><\/iframe>\n<\/div><\/figure>\n\n\n\n<figure class=\"wp-block-gallery has-nested-images columns-default is-cropped wp-block-gallery-1 is-layout-flex wp-block-gallery-is-layout-flex\"><\/figure>\n\n\n\n<figure class=\"wp-block-gallery has-nested-images columns-default is-cropped wp-block-gallery-2 is-layout-flex wp-block-gallery-is-layout-flex\">\n<figure class=\"wp-block-image size-large\"><img fetchpriority=\"high\" decoding=\"async\" width=\"2560\" height=\"1707\" data-id=\"46726\" src=\"https:\/\/www.icip.cat\/wp-content\/uploads\/2024\/06\/IMG_8015-7-scaled.jpg\" alt=\"\" class=\"wp-image-46726\" srcset=\"https:\/\/www.icip.cat\/wp-content\/uploads\/2024\/06\/IMG_8015-7-scaled.jpg 2560w, https:\/\/www.icip.cat\/wp-content\/uploads\/2024\/06\/IMG_8015-7-300x200.jpg 300w, https:\/\/www.icip.cat\/wp-content\/uploads\/2024\/06\/IMG_8015-7-1024x683.jpg 1024w, https:\/\/www.icip.cat\/wp-content\/uploads\/2024\/06\/IMG_8015-7-768x512.jpg 768w, https:\/\/www.icip.cat\/wp-content\/uploads\/2024\/06\/IMG_8015-7-1536x1024.jpg 1536w, https:\/\/www.icip.cat\/wp-content\/uploads\/2024\/06\/IMG_8015-7-2048x1365.jpg 2048w\" sizes=\"(max-width: 2560px) 100vw, 2560px\" \/><\/figure>\n\n\n\n<figure class=\"wp-block-image size-large\"><img decoding=\"async\" width=\"2560\" height=\"1707\" data-id=\"46741\" src=\"https:\/\/www.icip.cat\/wp-content\/uploads\/2024\/06\/IMG_8002-1-scaled.jpg\" alt=\"\" class=\"wp-image-46741\" srcset=\"https:\/\/www.icip.cat\/wp-content\/uploads\/2024\/06\/IMG_8002-1-scaled.jpg 2560w, https:\/\/www.icip.cat\/wp-content\/uploads\/2024\/06\/IMG_8002-1-300x200.jpg 300w, https:\/\/www.icip.cat\/wp-content\/uploads\/2024\/06\/IMG_8002-1-1024x683.jpg 1024w, https:\/\/www.icip.cat\/wp-content\/uploads\/2024\/06\/IMG_8002-1-768x512.jpg 768w, https:\/\/www.icip.cat\/wp-content\/uploads\/2024\/06\/IMG_8002-1-1536x1024.jpg 1536w, https:\/\/www.icip.cat\/wp-content\/uploads\/2024\/06\/IMG_8002-1-2048x1365.jpg 2048w\" sizes=\"(max-width: 2560px) 100vw, 2560px\" \/><\/figure>\n\n\n\n<figure class=\"wp-block-image size-large\"><img decoding=\"async\" width=\"2560\" height=\"1707\" data-id=\"46735\" src=\"https:\/\/www.icip.cat\/wp-content\/uploads\/2024\/06\/IMG_8107-2-scaled.jpg\" alt=\"\" class=\"wp-image-46735\" srcset=\"https:\/\/www.icip.cat\/wp-content\/uploads\/2024\/06\/IMG_8107-2-scaled.jpg 2560w, https:\/\/www.icip.cat\/wp-content\/uploads\/2024\/06\/IMG_8107-2-300x200.jpg 300w, https:\/\/www.icip.cat\/wp-content\/uploads\/2024\/06\/IMG_8107-2-1024x683.jpg 1024w, https:\/\/www.icip.cat\/wp-content\/uploads\/2024\/06\/IMG_8107-2-768x512.jpg 768w, https:\/\/www.icip.cat\/wp-content\/uploads\/2024\/06\/IMG_8107-2-1536x1024.jpg 1536w, https:\/\/www.icip.cat\/wp-content\/uploads\/2024\/06\/IMG_8107-2-2048x1365.jpg 2048w\" sizes=\"(max-width: 2560px) 100vw, 2560px\" \/><\/figure>\n\n\n\n<figure class=\"wp-block-image size-large\"><img loading=\"lazy\" decoding=\"async\" width=\"2560\" height=\"1707\" data-id=\"46645\" src=\"https:\/\/www.icip.cat\/wp-content\/uploads\/2024\/06\/IMG_7887-scaled.jpg\" alt=\"\" class=\"wp-image-46645\" srcset=\"https:\/\/www.icip.cat\/wp-content\/uploads\/2024\/06\/IMG_7887-scaled.jpg 2560w, https:\/\/www.icip.cat\/wp-content\/uploads\/2024\/06\/IMG_7887-300x200.jpg 300w, https:\/\/www.icip.cat\/wp-content\/uploads\/2024\/06\/IMG_7887-1024x683.jpg 1024w, https:\/\/www.icip.cat\/wp-content\/uploads\/2024\/06\/IMG_7887-768x512.jpg 768w, https:\/\/www.icip.cat\/wp-content\/uploads\/2024\/06\/IMG_7887-1536x1024.jpg 1536w, https:\/\/www.icip.cat\/wp-content\/uploads\/2024\/06\/IMG_7887-2048x1365.jpg 2048w\" sizes=\"(max-width: 2560px) 100vw, 2560px\" \/><\/figure>\n\n\n\n<figure class=\"wp-block-image size-large\"><img loading=\"lazy\" decoding=\"async\" width=\"2560\" height=\"1707\" data-id=\"46675\" src=\"https:\/\/www.icip.cat\/wp-content\/uploads\/2024\/06\/IMG_7977-scaled.jpg\" alt=\"\" class=\"wp-image-46675\" srcset=\"https:\/\/www.icip.cat\/wp-content\/uploads\/2024\/06\/IMG_7977-scaled.jpg 2560w, https:\/\/www.icip.cat\/wp-content\/uploads\/2024\/06\/IMG_7977-300x200.jpg 300w, https:\/\/www.icip.cat\/wp-content\/uploads\/2024\/06\/IMG_7977-1024x683.jpg 1024w, https:\/\/www.icip.cat\/wp-content\/uploads\/2024\/06\/IMG_7977-768x512.jpg 768w, https:\/\/www.icip.cat\/wp-content\/uploads\/2024\/06\/IMG_7977-1536x1024.jpg 1536w, https:\/\/www.icip.cat\/wp-content\/uploads\/2024\/06\/IMG_7977-2048x1365.jpg 2048w\" sizes=\"(max-width: 2560px) 100vw, 2560px\" \/><\/figure>\n<\/figure>\n\n\n\n<h3 class=\"wp-block-heading\">Neix la Taula Catalana per l&#8217;Am\u00e8rica Central<\/h3>\n\n\n\n<p>Les jornades han estat l&#8217;escenari de la presentaci\u00f3 p\u00fablica de la nova Taula Catalana pels Drets humans i la Pau a l&#8217;Am\u00e8rica Central, una plataforma formada per vint entitats catalanes dedicades a la cooperaci\u00f3 amb Centream\u00e8rica que neix amb l\u2019objectiu de refor\u00e7ar el di\u00e0leg i la resposta de Catalunya davant les viol\u00e8ncies i crisis de drets humans a Guatemala, Hondures, El Salvador i Nicaragua.<\/p>\n\n\n\n<p>La nova plataforma s\u2019ha constitu\u00eft amb el suport i acompanyament de l\u2019ICIP, a trav\u00e9s de la l\u00ednia de treball \u201c<a href=\"https:\/\/www.icip.cat\/ca\/violencia-fora-dels-contextos-bel%c2%b7lics\/\" target=\"_blank\" rel=\"noreferrer noopener\">Viol\u00e8ncies fora de contextos b\u00e8l\u00b7lics<\/a>\u201c, que treballa per aportar eines d\u2019an\u00e0lisi i d\u2019actuaci\u00f3 en situacions de viol\u00e8ncies directes, estructurals i culturals com les que es viuen a l\u2019Am\u00e8rica Central.<\/p>\n","protected":false},"featured_media":46642,"template":"","class_list":["post-46986","icip_seminar","type-icip_seminar","status-publish","has-post-thumbnail","hentry"],"acf":[],"yoast_head":"<!-- This site is optimized with the Yoast SEO plugin v25.6 - https:\/\/yoast.com\/wordpress\/plugins\/seo\/ -->\n<title>Jornada &quot;Drets humans i pau a l&#039;Am\u00e8rica Central: reptes i oportunitats&quot; - ICIP<\/title>\n<meta name=\"robots\" content=\"index, follow, max-snippet:-1, max-image-preview:large, max-video-preview:-1\" \/>\n<link rel=\"canonical\" href=\"https:\/\/www.icip.cat\/ca\/seminaris\/jornada-drets-humans-i-pau-a-lamerica-central-reptes-i-oportunitats\/\" \/>\n<meta property=\"og:locale\" content=\"ca_ES\" \/>\n<meta property=\"og:type\" content=\"article\" \/>\n<meta property=\"og:title\" content=\"Jornada &quot;Drets humans i pau a l&#039;Am\u00e8rica Central: reptes i oportunitats&quot; - ICIP\" \/>\n<meta property=\"og:description\" content=\"Els dies 18 i 19 de juny l&#8217;ICIP ha organitzat les jornades \u201cDrets humans i pau a l\u2019Am\u00e8rica Central: reptes i oportunitats\u201d&nbsp;juntament amb la nova Taula Catalana pels Drets humans i la Pau a l&#8217;Am\u00e8rica Central. Les jornades s&#8217;han celebrat al Museu d&#8217;Hist\u00f2ria de Barcelona i han perm\u00e8s reflexionar i debatre sobre els reptes per [&hellip;]\" \/>\n<meta property=\"og:url\" content=\"https:\/\/www.icip.cat\/ca\/seminaris\/jornada-drets-humans-i-pau-a-lamerica-central-reptes-i-oportunitats\/\" \/>\n<meta property=\"og:site_name\" content=\"ICIP\" \/>\n<meta property=\"article:modified_time\" content=\"2024-12-18T10:36:56+00:00\" \/>\n<meta property=\"og:image\" content=\"https:\/\/www.icip.cat\/wp-content\/uploads\/2024\/06\/IMG_2258-1-scaled.jpeg\" \/>\n\t<meta property=\"og:image:width\" content=\"2560\" \/>\n\t<meta property=\"og:image:height\" content=\"1920\" \/>\n\t<meta property=\"og:image:type\" content=\"image\/jpeg\" \/>\n<meta name=\"twitter:card\" content=\"summary_large_image\" \/>\n<meta name=\"twitter:label1\" content=\"Temps estimat de lectura\" \/>\n\t<meta name=\"twitter:data1\" content=\"3 minuts\" \/>\n<script type=\"application\/ld+json\" class=\"yoast-schema-graph\">{\"@context\":\"https:\/\/schema.org\",\"@graph\":[{\"@type\":\"WebPage\",\"@id\":\"https:\/\/www.icip.cat\/ca\/seminaris\/jornada-drets-humans-i-pau-a-lamerica-central-reptes-i-oportunitats\/\",\"url\":\"https:\/\/www.icip.cat\/ca\/seminaris\/jornada-drets-humans-i-pau-a-lamerica-central-reptes-i-oportunitats\/\",\"name\":\"Jornada \\\"Drets humans i pau a l'Am\u00e8rica Central: reptes i oportunitats\\\" - ICIP\",\"isPartOf\":{\"@id\":\"https:\/\/www.icip.cat\/ca\/#website\"},\"primaryImageOfPage\":{\"@id\":\"https:\/\/www.icip.cat\/ca\/seminaris\/jornada-drets-humans-i-pau-a-lamerica-central-reptes-i-oportunitats\/#primaryimage\"},\"image\":{\"@id\":\"https:\/\/www.icip.cat\/ca\/seminaris\/jornada-drets-humans-i-pau-a-lamerica-central-reptes-i-oportunitats\/#primaryimage\"},\"thumbnailUrl\":\"https:\/\/www.icip.cat\/wp-content\/uploads\/2024\/06\/IMG_2258-1-scaled.jpeg\",\"datePublished\":\"2024-07-04T07:42:47+00:00\",\"dateModified\":\"2024-12-18T10:36:56+00:00\",\"inLanguage\":\"ca\",\"potentialAction\":[{\"@type\":\"ReadAction\",\"target\":[\"https:\/\/www.icip.cat\/ca\/seminaris\/jornada-drets-humans-i-pau-a-lamerica-central-reptes-i-oportunitats\/\"]}]},{\"@type\":\"ImageObject\",\"inLanguage\":\"ca\",\"@id\":\"https:\/\/www.icip.cat\/ca\/seminaris\/jornada-drets-humans-i-pau-a-lamerica-central-reptes-i-oportunitats\/#primaryimage\",\"url\":\"https:\/\/www.icip.cat\/wp-content\/uploads\/2024\/06\/IMG_2258-1-scaled.jpeg\",\"contentUrl\":\"https:\/\/www.icip.cat\/wp-content\/uploads\/2024\/06\/IMG_2258-1-scaled.jpeg\",\"width\":2560,\"height\":1920},{\"@type\":\"WebSite\",\"@id\":\"https:\/\/www.icip.cat\/ca\/#website\",\"url\":\"https:\/\/www.icip.cat\/ca\/\",\"name\":\"ICIP\",\"description\":\"\",\"publisher\":{\"@id\":\"https:\/\/www.icip.cat\/ca\/#organization\"},\"potentialAction\":[{\"@type\":\"SearchAction\",\"target\":{\"@type\":\"EntryPoint\",\"urlTemplate\":\"https:\/\/www.icip.cat\/ca\/?s={search_term_string}\"},\"query-input\":{\"@type\":\"PropertyValueSpecification\",\"valueRequired\":true,\"valueName\":\"search_term_string\"}}],\"inLanguage\":\"ca\"},{\"@type\":\"Organization\",\"@id\":\"https:\/\/www.icip.cat\/ca\/#organization\",\"name\":\"ICIP\",\"url\":\"https:\/\/www.icip.cat\/ca\/\",\"logo\":{\"@type\":\"ImageObject\",\"inLanguage\":\"ca\",\"@id\":\"https:\/\/www.icip.cat\/ca\/#\/schema\/logo\/image\/\",\"url\":\"https:\/\/www.icip.cat\/wp-content\/uploads\/2021\/02\/logo-2.png\",\"contentUrl\":\"https:\/\/www.icip.cat\/wp-content\/uploads\/2021\/02\/logo-2.png\",\"width\":562,\"height\":391,\"caption\":\"ICIP\"},\"image\":{\"@id\":\"https:\/\/www.icip.cat\/ca\/#\/schema\/logo\/image\/\"}}]}<\/script>\n<!-- \/ Yoast SEO plugin. -->","yoast_head_json":{"title":"Jornada \"Drets humans i pau a l'Am\u00e8rica Central: reptes i oportunitats\" - ICIP","robots":{"index":"index","follow":"follow","max-snippet":"max-snippet:-1","max-image-preview":"max-image-preview:large","max-video-preview":"max-video-preview:-1"},"canonical":"https:\/\/www.icip.cat\/ca\/seminaris\/jornada-drets-humans-i-pau-a-lamerica-central-reptes-i-oportunitats\/","og_locale":"ca_ES","og_type":"article","og_title":"Jornada \"Drets humans i pau a l'Am\u00e8rica Central: reptes i oportunitats\" - ICIP","og_description":"Els dies 18 i 19 de juny l&#8217;ICIP ha organitzat les jornades \u201cDrets humans i pau a l\u2019Am\u00e8rica Central: reptes i oportunitats\u201d&nbsp;juntament amb la nova Taula Catalana pels Drets humans i la Pau a l&#8217;Am\u00e8rica Central. Les jornades s&#8217;han celebrat al Museu d&#8217;Hist\u00f2ria de Barcelona i han perm\u00e8s reflexionar i debatre sobre els reptes per [&hellip;]","og_url":"https:\/\/www.icip.cat\/ca\/seminaris\/jornada-drets-humans-i-pau-a-lamerica-central-reptes-i-oportunitats\/","og_site_name":"ICIP","article_modified_time":"2024-12-18T10:36:56+00:00","og_image":[{"width":2560,"height":1920,"url":"https:\/\/www.icip.cat\/wp-content\/uploads\/2024\/06\/IMG_2258-1-scaled.jpeg","type":"image\/jpeg"}],"twitter_card":"summary_large_image","twitter_misc":{"Temps estimat de lectura":"3 minuts"},"schema":{"@context":"https:\/\/schema.org","@graph":[{"@type":"WebPage","@id":"https:\/\/www.icip.cat\/ca\/seminaris\/jornada-drets-humans-i-pau-a-lamerica-central-reptes-i-oportunitats\/","url":"https:\/\/www.icip.cat\/ca\/seminaris\/jornada-drets-humans-i-pau-a-lamerica-central-reptes-i-oportunitats\/","name":"Jornada \"Drets humans i pau a l'Am\u00e8rica Central: reptes i oportunitats\" - ICIP","isPartOf":{"@id":"https:\/\/www.icip.cat\/ca\/#website"},"primaryImageOfPage":{"@id":"https:\/\/www.icip.cat\/ca\/seminaris\/jornada-drets-humans-i-pau-a-lamerica-central-reptes-i-oportunitats\/#primaryimage"},"image":{"@id":"https:\/\/www.icip.cat\/ca\/seminaris\/jornada-drets-humans-i-pau-a-lamerica-central-reptes-i-oportunitats\/#primaryimage"},"thumbnailUrl":"https:\/\/www.icip.cat\/wp-content\/uploads\/2024\/06\/IMG_2258-1-scaled.jpeg","datePublished":"2024-07-04T07:42:47+00:00","dateModified":"2024-12-18T10:36:56+00:00","inLanguage":"ca","potentialAction":[{"@type":"ReadAction","target":["https:\/\/www.icip.cat\/ca\/seminaris\/jornada-drets-humans-i-pau-a-lamerica-central-reptes-i-oportunitats\/"]}]},{"@type":"ImageObject","inLanguage":"ca","@id":"https:\/\/www.icip.cat\/ca\/seminaris\/jornada-drets-humans-i-pau-a-lamerica-central-reptes-i-oportunitats\/#primaryimage","url":"https:\/\/www.icip.cat\/wp-content\/uploads\/2024\/06\/IMG_2258-1-scaled.jpeg","contentUrl":"https:\/\/www.icip.cat\/wp-content\/uploads\/2024\/06\/IMG_2258-1-scaled.jpeg","width":2560,"height":1920},{"@type":"WebSite","@id":"https:\/\/www.icip.cat\/ca\/#website","url":"https:\/\/www.icip.cat\/ca\/","name":"ICIP","description":"","publisher":{"@id":"https:\/\/www.icip.cat\/ca\/#organization"},"potentialAction":[{"@type":"SearchAction","target":{"@type":"EntryPoint","urlTemplate":"https:\/\/www.icip.cat\/ca\/?s={search_term_string}"},"query-input":{"@type":"PropertyValueSpecification","valueRequired":true,"valueName":"search_term_string"}}],"inLanguage":"ca"},{"@type":"Organization","@id":"https:\/\/www.icip.cat\/ca\/#organization","name":"ICIP","url":"https:\/\/www.icip.cat\/ca\/","logo":{"@type":"ImageObject","inLanguage":"ca","@id":"https:\/\/www.icip.cat\/ca\/#\/schema\/logo\/image\/","url":"https:\/\/www.icip.cat\/wp-content\/uploads\/2021\/02\/logo-2.png","contentUrl":"https:\/\/www.icip.cat\/wp-content\/uploads\/2021\/02\/logo-2.png","width":562,"height":391,"caption":"ICIP"},"image":{"@id":"https:\/\/www.icip.cat\/ca\/#\/schema\/logo\/image\/"}}]}},"_links":{"self":[{"href":"https:\/\/www.icip.cat\/ca\/wp-json\/wp\/v2\/icip_seminar\/46986","targetHints":{"allow":["GET"]}}],"collection":[{"href":"https:\/\/www.icip.cat\/ca\/wp-json\/wp\/v2\/icip_seminar"}],"about":[{"href":"https:\/\/www.icip.cat\/ca\/wp-json\/wp\/v2\/types\/icip_seminar"}],"version-history":[{"count":14,"href":"https:\/\/www.icip.cat\/ca\/wp-json\/wp\/v2\/icip_seminar\/46986\/revisions"}],"predecessor-version":[{"id":50825,"href":"https:\/\/www.icip.cat\/ca\/wp-json\/wp\/v2\/icip_seminar\/46986\/revisions\/50825"}],"wp:featuredmedia":[{"embeddable":true,"href":"https:\/\/www.icip.cat\/ca\/wp-json\/wp\/v2\/media\/46642"}],"wp:attachment":[{"href":"https:\/\/www.icip.cat\/ca\/wp-json\/wp\/v2\/media?parent=46986"}],"curies":[{"name":"wp","href":"https:\/\/api.w.org\/{rel}","templated":true}]}}