{"id":10738,"date":"2021-01-07T15:55:42","date_gmt":"2021-01-07T15:55:42","guid":{"rendered":"http:\/\/www.icip.cat\/what-we-do\/seminars-and-conferences\/"},"modified":"2021-01-07T15:55:42","modified_gmt":"2021-01-07T15:55:42","slug":"seminars-and-conferences","status":"publish","type":"page","link":"https:\/\/www.icip.cat\/ca\/what-we-do\/seminars-and-conferences\/","title":{"rendered":"Seminars and conferences"},"content":{"rendered":"\t\t<div data-elementor-type=\"wp-page\" data-elementor-id=\"10738\" class=\"elementor elementor-10738\" data-elementor-post-type=\"page\">\n\t\t\t\t\t\t<section class=\"elementor-section elementor-top-section elementor-element elementor-element-c29aa89 elementor-section-boxed elementor-section-height-default elementor-section-height-default\" data-id=\"c29aa89\" data-element_type=\"section\" data-settings=\"{&quot;background_background&quot;:&quot;classic&quot;}\">\n\t\t\t\t\t\t<div class=\"elementor-container elementor-column-gap-default\">\n\t\t\t\t\t<div class=\"elementor-column elementor-col-100 elementor-top-column elementor-element elementor-element-a6ca735\" data-id=\"a6ca735\" data-element_type=\"column\">\n\t\t\t<div class=\"elementor-widget-wrap elementor-element-populated\">\n\t\t\t\t\t\t<div class=\"elementor-element elementor-element-b6d839a elementor-widget elementor-widget-heading\" data-id=\"b6d839a\" data-element_type=\"widget\" data-widget_type=\"heading.default\">\n\t\t\t\t<div class=\"elementor-widget-container\">\n\t\t\t\t\t<h2 class=\"elementor-heading-title elementor-size-xl\">Seminaris i jornades<\/h2>\t\t\t\t<\/div>\n\t\t\t\t<\/div>\n\t\t\t\t<div class=\"elementor-element elementor-element-9295e30 elementor-widget elementor-widget-text-editor\" data-id=\"9295e30\" data-element_type=\"widget\" data-widget_type=\"text-editor.default\">\n\t\t\t\t<div class=\"elementor-widget-container\">\n\t\t\t\t\t\t\t\t\t<p>L\u2019ICIP organitza actes p\u00fablics per afavorir l\u2019intercanvi d\u2019experi\u00e8ncies i la transfer\u00e8ncia de coneixement.<\/p>\t\t\t\t\t\t\t\t<\/div>\n\t\t\t\t<\/div>\n\t\t\t\t<div class=\"elementor-element elementor-element-7e396bc elementor-widget elementor-widget-icip-seminarlisting\" data-id=\"7e396bc\" data-element_type=\"widget\" data-widget_type=\"icip-seminarlisting.default\">\n\t\t\t\t<div class=\"elementor-widget-container\">\n\t\t\t\t\t<div class=\"block-seminar-listing\"><div class=\"list\"><article class='entry'><a class='link' href='https:\/\/www.icip.cat\/ca\/seminaris\/closing-the-gaps\/' title='Closing the Gaps: jornades sobre mem\u00f2ria, prevenci\u00f3 i cohesi\u00f3 social a Europa'><div class='image'><img fetchpriority=\"high\" decoding=\"async\" width=\"730\" height=\"550\" src=\"https:\/\/www.icip.cat\/wp-content\/uploads\/2026\/02\/1-12-730x550.webp\" class=\"attachment-latestpostlisting-thumbnail size-latestpostlisting-thumbnail wp-post-image\" alt=\"\" \/><\/div><div class='details'><h2 class='title'>Closing the Gaps: jornades sobre mem\u00f2ria, prevenci\u00f3 i cohesi\u00f3 social a Europa<\/h2><div class=\"dates\"><span class=\"date\">24\/03\/2026<\/span><span class=\"date\">25\/03\/2026<\/span><\/div><\/div><\/a><\/article><article class='entry'><a class='link' href='https:\/\/www.icip.cat\/ca\/seminaris\/build-peace-2025-construir-pau-en-lera-digital\/' title='Build Peace 2025: construir pau en l\u2019era digital'><div class='image'><img decoding=\"async\" width=\"730\" height=\"550\" src=\"https:\/\/www.icip.cat\/wp-content\/uploads\/2025\/10\/logo2-730x550.png\" class=\"attachment-latestpostlisting-thumbnail size-latestpostlisting-thumbnail wp-post-image\" alt=\"\" \/><\/div><div class='details'><h2 class='title'>Build Peace 2025: construir pau en l\u2019era digital<\/h2><div class=\"dates\"><span class=\"date\">21\/11\/2025<\/span><span class=\"date\">23\/11\/2025<\/span><\/div><\/div><\/a><\/article><article class='entry'><a class='link' href='https:\/\/www.icip.cat\/ca\/seminaris\/on-son-la-pau-i-la-seguretat-propostes-feministes\/' title='\u201cOn s\u00f3n la pau i la seguretat? Propostes feministes\u201d'><div class='image'><img decoding=\"async\" width=\"730\" height=\"550\" src=\"https:\/\/www.icip.cat\/wp-content\/uploads\/2025\/11\/IMG_7960-730x550.jpg\" class=\"attachment-latestpostlisting-thumbnail size-latestpostlisting-thumbnail wp-post-image\" alt=\"\" \/><\/div><div class='details'><h2 class='title'>\u201cOn s\u00f3n la pau i la seguretat? Propostes feministes\u201d<\/h2><div class=\"dates\"><span class=\"date\">12\/11\/2025<\/span><\/div><\/div><\/a><\/article><article class='entry'><a class='link' href='https:\/\/www.icip.cat\/ca\/seminaris\/conferencies-de-ruth-wilson-gilmore\/' title='Confer\u00e8ncies de Ruth Wilson Gilmore'><div class='image'><img loading=\"lazy\" decoding=\"async\" width=\"730\" height=\"550\" src=\"https:\/\/www.icip.cat\/wp-content\/uploads\/2025\/05\/54551459209_6c496bc76b_o-730x550.jpg\" class=\"attachment-latestpostlisting-thumbnail size-latestpostlisting-thumbnail wp-post-image\" alt=\"\" \/><\/div><div class='details'><h2 class='title'>Confer\u00e8ncies de Ruth Wilson Gilmore<\/h2><div class=\"dates\"><span class=\"date\">25\/05\/2025<\/span><span class=\"date\">26\/05\/2025<\/span><\/div><\/div><\/a><\/article><article class='entry'><a class='link' href='https:\/\/www.icip.cat\/ca\/seminaris\/iii-jornada-de-la-pau-del-parlament-de-catalunya\/' title='III Jornada de la Pau del Parlament de Catalunya'><div class='image'><img loading=\"lazy\" decoding=\"async\" width=\"730\" height=\"550\" src=\"https:\/\/www.icip.cat\/wp-content\/uploads\/2025\/01\/9R3zXo5w-730x550.jpg\" class=\"attachment-latestpostlisting-thumbnail size-latestpostlisting-thumbnail wp-post-image\" alt=\"\" \/><\/div><div class='details'><h2 class='title'>III Jornada de la Pau del Parlament de Catalunya<\/h2><div class=\"dates\"><span class=\"date\">31\/01\/2025<\/span><\/div><\/div><\/a><\/article><article class='entry'><a class='link' href='https:\/\/www.icip.cat\/ca\/seminaris\/jornada-drets-humans-i-pau-a-lamerica-central-reptes-i-oportunitats\/' title='Jornada \"Drets humans i pau a l'Am\u00e8rica Central: reptes i oportunitats\"'><div class='image'><img loading=\"lazy\" decoding=\"async\" width=\"730\" height=\"550\" src=\"https:\/\/www.icip.cat\/wp-content\/uploads\/2024\/06\/IMG_2258-1-730x550.jpeg\" class=\"attachment-latestpostlisting-thumbnail size-latestpostlisting-thumbnail wp-post-image\" alt=\"\" srcset=\"https:\/\/www.icip.cat\/wp-content\/uploads\/2024\/06\/IMG_2258-1-730x550.jpeg 730w, https:\/\/www.icip.cat\/wp-content\/uploads\/2024\/06\/IMG_2258-1-300x225.jpeg 300w\" sizes=\"(max-width: 730px) 100vw, 730px\" \/><\/div><div class='details'><h2 class='title'>Jornada \"Drets humans i pau a l'Am\u00e8rica Central: reptes i oportunitats\"<\/h2><div class=\"dates\"><span class=\"date\">18\/06\/2024<\/span><span class=\"date\">19\/06\/2024<\/span><\/div><\/div><\/a><\/article><article class='entry'><a class='link' href='https:\/\/www.icip.cat\/ca\/seminaris\/converses-amb-rita-segato\/' title='Converses amb Rita Segato'><div class='image'><img loading=\"lazy\" decoding=\"async\" width=\"730\" height=\"550\" src=\"https:\/\/www.icip.cat\/wp-content\/uploads\/2024\/07\/SEGATO-1-730x550.png\" class=\"attachment-latestpostlisting-thumbnail size-latestpostlisting-thumbnail wp-post-image\" alt=\"\" \/><\/div><div class='details'><h2 class='title'>Converses amb Rita Segato<\/h2><div class=\"dates\"><span class=\"date\">26\/05\/2024<\/span><span class=\"date\">27\/05\/2024<\/span><\/div><\/div><\/a><\/article><article class='entry'><a class='link' href='https:\/\/www.icip.cat\/ca\/seminaris\/ii-jornada-de-la-pau-del-parlament-de-catalunya\/' title='II Jornada de la Pau del Parlament de Catalunya'><div class='image'><img loading=\"lazy\" decoding=\"async\" width=\"500\" height=\"340\" src=\"https:\/\/www.icip.cat\/wp-content\/uploads\/2024\/02\/Parlament-13-500x340.jpeg\" class=\"attachment-latestpostlisting-thumbnail size-latestpostlisting-thumbnail wp-post-image\" alt=\"\" \/><\/div><div class='details'><h2 class='title'>II Jornada de la Pau del Parlament de Catalunya<\/h2><div class=\"dates\"><span class=\"date\">14\/02\/2024<\/span><\/div><\/div><\/a><\/article><article class='entry'><a class='link' href='https:\/\/www.icip.cat\/ca\/seminaris\/trobada-internacional-de-familiars-de-persones-desaparegudes\/' title='Trobada internacional de familiars de persones desaparegudes'><div class='image'><img loading=\"lazy\" decoding=\"async\" width=\"500\" height=\"340\" src=\"https:\/\/www.icip.cat\/wp-content\/uploads\/2023\/11\/IMG_6549-500x340.jpeg\" class=\"attachment-latestpostlisting-thumbnail size-latestpostlisting-thumbnail wp-post-image\" alt=\"\" \/><\/div><div class='details'><h2 class='title'>Trobada internacional de familiars de persones desaparegudes<\/h2><div class=\"dates\"><span class=\"date\">27\/11\/2023<\/span><span class=\"date\">29\/11\/2023<\/span><\/div><\/div><\/a><\/article><article class='entry'><a class='link' href='https:\/\/www.icip.cat\/ca\/seminaris\/trobada-internacional-arteria-hip-hop\/' title='Trobada internacional Art\u00e8ria Hip-Hop'><div class='image'><img loading=\"lazy\" decoding=\"async\" width=\"500\" height=\"340\" src=\"https:\/\/www.icip.cat\/wp-content\/uploads\/2023\/10\/IMG_4230-500x340.jpg\" class=\"attachment-latestpostlisting-thumbnail size-latestpostlisting-thumbnail wp-post-image\" alt=\"\" \/><\/div><div class='details'><h2 class='title'>Trobada internacional Art\u00e8ria Hip-Hop<\/h2><div class=\"dates\"><span class=\"date\">05\/10\/2023<\/span><span class=\"date\">07\/10\/2023<\/span><\/div><\/div><\/a><\/article><article class='entry'><a class='link' href='https:\/\/www.icip.cat\/ca\/seminaris\/ii-trobada-presencial-de-la-plataforma-per-a-la-construccio-de-pau-a-mexic\/' title='II Trobada presencial de la Plataforma per a la Construcci\u00f3 de Pau a M\u00e8xic'><div class='image'><img loading=\"lazy\" decoding=\"async\" width=\"500\" height=\"340\" src=\"https:\/\/www.icip.cat\/wp-content\/uploads\/2023\/09\/IMG_3559-500x340.jpg\" class=\"attachment-latestpostlisting-thumbnail size-latestpostlisting-thumbnail wp-post-image\" alt=\"\" \/><\/div><div class='details'><h2 class='title'>II Trobada presencial de la Plataforma per a la Construcci\u00f3 de Pau a M\u00e8xic<\/h2><div class=\"dates\"><span class=\"date\">18\/09\/2023<\/span><span class=\"date\">20\/09\/2023<\/span><\/div><\/div><\/a><\/article><article class='entry'><a class='link' href='https:\/\/www.icip.cat\/ca\/seminaris\/presentacio-del-monografic-la-cultura-del-castig-una-mirada-critica\/' title='Presentaci\u00f3 del monogr\u00e0fic \"La cultura del c\u00e0stig: una mirada cr\u00edtica\"'><div class='image'><img loading=\"lazy\" decoding=\"async\" width=\"500\" height=\"340\" src=\"https:\/\/www.icip.cat\/wp-content\/uploads\/2023\/06\/revista-500x340.png\" class=\"attachment-latestpostlisting-thumbnail size-latestpostlisting-thumbnail wp-post-image\" alt=\"\" \/><\/div><div class='details'><h2 class='title'>Presentaci\u00f3 del monogr\u00e0fic \"La cultura del c\u00e0stig: una mirada cr\u00edtica\"<\/h2><div class=\"dates\"><span class=\"date\">12\/06\/2023<\/span><span class=\"date\">26\/06\/2023<\/span><\/div><\/div><\/a><\/article><article class='entry'><a class='link' href='https:\/\/www.icip.cat\/ca\/seminaris\/politiques-locals-de-seguretat-humana-i-comunitaria\/' title='Pol\u00edtiques locals de seguretat humana i comunit\u00e0ria'><div class='image'><img loading=\"lazy\" decoding=\"async\" width=\"500\" height=\"340\" src=\"https:\/\/www.icip.cat\/wp-content\/uploads\/2023\/06\/IMG_9897-500x340.jpg\" class=\"attachment-latestpostlisting-thumbnail size-latestpostlisting-thumbnail wp-post-image\" alt=\"\" \/><\/div><div class='details'><h2 class='title'>Pol\u00edtiques locals de seguretat humana i comunit\u00e0ria<\/h2><div class=\"dates\"><span class=\"date\">03\/03\/2023<\/span><\/div><\/div><\/a><\/article><article class='entry'><a class='link' href='https:\/\/www.icip.cat\/ca\/seminaris\/politiques-locals-de-seguretat-humana-i-comunitaria\/' title='Pol\u00edtiques locals de seguretat humana i comunit\u00e0ria'><div class='image'><img loading=\"lazy\" decoding=\"async\" width=\"500\" height=\"340\" src=\"https:\/\/www.icip.cat\/wp-content\/uploads\/2023\/06\/IMG_9897-500x340.jpg\" class=\"attachment-latestpostlisting-thumbnail size-latestpostlisting-thumbnail wp-post-image\" alt=\"\" \/><\/div><div class='details'><h2 class='title'>Pol\u00edtiques locals de seguretat humana i comunit\u00e0ria<\/h2><div class=\"dates\"><span class=\"date\">03\/03\/2023<\/span><\/div><\/div><\/a><\/article><article class='entry'><a class='link' href='https:\/\/www.icip.cat\/ca\/seminaris\/primera-jornada-de-la-pau-del-parlament-de-catalunya\/' title='I Jornada de la Pau del Parlament de Catalunya'><div class='image'><img loading=\"lazy\" decoding=\"async\" width=\"500\" height=\"340\" src=\"https:\/\/www.icip.cat\/wp-content\/uploads\/2023\/01\/Parlament-22-500x340.jpg\" class=\"attachment-latestpostlisting-thumbnail size-latestpostlisting-thumbnail wp-post-image\" alt=\"\" \/><\/div><div class='details'><h2 class='title'>I Jornada de la Pau del Parlament de Catalunya<\/h2><div class=\"dates\"><span class=\"date\">30\/01\/2023<\/span><\/div><\/div><\/a><\/article><\/div><div class=\"buttons\"><a href=\"#\" class=\"loadmore-button\" data-loadmore-text=\"Carregar m\u00e9s\" data-loading-text=\"Carregant...\" data-ajaxurl=\"https:\/\/www.icip.cat\/wp-admin\/admin-ajax.php\" data-posts=\"{&quot;post_type&quot;:&quot;icip_seminar&quot;,&quot;post_status&quot;:&quot;publish&quot;,&quot;no_found_rows&quot;:false,&quot;meta_key&quot;:&quot;icip_seminar_start_date&quot;,&quot;orderby&quot;:&quot;meta_value&quot;,&quot;order&quot;:&quot;DESC&quot;,&quot;posts_per_page&quot;:15,&quot;fields&quot;:&quot;ids&quot;,&quot;ignore_sticky&quot;:true,&quot;meta_query&quot;:[{&quot;key&quot;:&quot;icip_seminar_end_date&quot;,&quot;compare&quot;:&quot;&lt;&quot;,&quot;value&quot;:&quot;2026-04-30&quot;,&quot;type&quot;:&quot;DATE&quot;}],&quot;error&quot;:&quot;&quot;,&quot;m&quot;:&quot;&quot;,&quot;p&quot;:0,&quot;post_parent&quot;:&quot;&quot;,&quot;subpost&quot;:&quot;&quot;,&quot;subpost_id&quot;:&quot;&quot;,&quot;attachment&quot;:&quot;&quot;,&quot;attachment_id&quot;:0,&quot;name&quot;:&quot;&quot;,&quot;pagename&quot;:&quot;&quot;,&quot;page_id&quot;:0,&quot;second&quot;:&quot;&quot;,&quot;minute&quot;:&quot;&quot;,&quot;hour&quot;:&quot;&quot;,&quot;day&quot;:0,&quot;monthnum&quot;:0,&quot;year&quot;:0,&quot;w&quot;:0,&quot;category_name&quot;:&quot;&quot;,&quot;tag&quot;:&quot;&quot;,&quot;cat&quot;:&quot;&quot;,&quot;tag_id&quot;:&quot;&quot;,&quot;author&quot;:&quot;&quot;,&quot;author_name&quot;:&quot;&quot;,&quot;feed&quot;:&quot;&quot;,&quot;tb&quot;:&quot;&quot;,&quot;paged&quot;:0,&quot;meta_value&quot;:&quot;&quot;,&quot;preview&quot;:&quot;&quot;,&quot;s&quot;:&quot;&quot;,&quot;sentence&quot;:&quot;&quot;,&quot;title&quot;:&quot;&quot;,&quot;menu_order&quot;:&quot;&quot;,&quot;embed&quot;:&quot;&quot;,&quot;category__in&quot;:[],&quot;category__not_in&quot;:[],&quot;category__and&quot;:[],&quot;post__in&quot;:[],&quot;post__not_in&quot;:[],&quot;post_name__in&quot;:[],&quot;tag__in&quot;:[],&quot;tag__not_in&quot;:[],&quot;tag__and&quot;:[],&quot;tag_slug__in&quot;:[],&quot;tag_slug__and&quot;:[],&quot;post_parent__in&quot;:[],&quot;post_parent__not_in&quot;:[],&quot;author__in&quot;:[],&quot;author__not_in&quot;:[],&quot;search_columns&quot;:[],&quot;ignore_sticky_posts&quot;:false,&quot;suppress_filters&quot;:false,&quot;cache_results&quot;:true,&quot;update_post_term_cache&quot;:true,&quot;update_menu_item_cache&quot;:false,&quot;lazy_load_term_meta&quot;:true,&quot;update_post_meta_cache&quot;:true,&quot;nopaging&quot;:false,&quot;comments_per_page&quot;:&quot;50&quot;}\" data-currentpage=\"1\" data-maxpage=\"3\"> <span class=\"button-text\">Carregar m\u00e9s<\/span><\/a><\/div><\/div>\t\t\t\t<\/div>\n\t\t\t\t<\/div>\n\t\t\t\t\t<\/div>\n\t\t<\/div>\n\t\t\t\t\t<\/div>\n\t\t<\/section>\n\t\t\t\t<section class=\"elementor-section elementor-top-section elementor-element elementor-element-1fb527b elementor-section-boxed elementor-section-height-default elementor-section-height-default\" data-id=\"1fb527b\" data-element_type=\"section\" data-settings=\"{&quot;background_background&quot;:&quot;classic&quot;}\">\n\t\t\t\t\t\t<div class=\"elementor-container elementor-column-gap-default\">\n\t\t\t\t\t<div class=\"elementor-column elementor-col-100 elementor-top-column elementor-element elementor-element-e5b2c0c\" data-id=\"e5b2c0c\" data-element_type=\"column\">\n\t\t\t<div class=\"elementor-widget-wrap elementor-element-populated\">\n\t\t\t\t\t\t<div class=\"elementor-element elementor-element-3b08358 elementor-widget elementor-widget-heading\" data-id=\"3b08358\" data-element_type=\"widget\" data-widget_type=\"heading.default\">\n\t\t\t\t<div class=\"elementor-widget-container\">\n\t\t\t\t\t<h2 class=\"elementor-heading-title elementor-size-xl\">Subscriu-te ara al <b>butllet\u00ed de l'ICIP<\/b><\/h2>\t\t\t\t<\/div>\n\t\t\t\t<\/div>\n\t\t\t\t<div class=\"elementor-element elementor-element-9f2b688 elementor-widget elementor-widget-text-editor\" data-id=\"9f2b688\" data-element_type=\"widget\" data-widget_type=\"text-editor.default\">\n\t\t\t\t<div class=\"elementor-widget-container\">\n\t\t\t\t\t\t\t\t\t<p>Estigues al dia de totes les novetats de l&#8217;ICIP:&nbsp;<\/p><p>not\u00edcies, publicacions, agenda, subvencions i molt m\u00e9s.<\/p>\t\t\t\t\t\t\t\t<\/div>\n\t\t\t\t<\/div>\n\t\t\t\t<div class=\"elementor-element elementor-element-f77bb2a elementor-align-center elementor-widget elementor-widget-button\" data-id=\"f77bb2a\" data-element_type=\"widget\" data-widget_type=\"button.default\">\n\t\t\t\t<div class=\"elementor-widget-container\">\n\t\t\t\t\t\t\t\t\t<div class=\"elementor-button-wrapper\">\n\t\t\t\t\t<a class=\"elementor-button elementor-button-link elementor-size-lg elementor-animation-shrink\" href=\"http:\/\/www.icip.cat\/ca\/newsletter\/\">\n\t\t\t\t\t\t<span class=\"elementor-button-content-wrapper\">\n\t\t\t\t\t\t<span class=\"elementor-button-icon\">\n\t\t\t\t<i aria-hidden=\"true\" class=\"far fa-envelope\"><\/i>\t\t\t<\/span>\n\t\t\t\t\t\t\t\t\t<span class=\"elementor-button-text\">SUBSCRIURE-M'HI<\/span>\n\t\t\t\t\t<\/span>\n\t\t\t\t\t<\/a>\n\t\t\t\t<\/div>\n\t\t\t\t\t\t\t\t<\/div>\n\t\t\t\t<\/div>\n\t\t\t\t\t<\/div>\n\t\t<\/div>\n\t\t\t\t\t<\/div>\n\t\t<\/section>\n\t\t\t\t<\/div>\n\t\t","protected":false},"excerpt":{"rendered":"","protected":false},"author":1,"featured_media":0,"parent":10733,"menu_order":0,"comment_status":"closed","ping_status":"closed","template":"","meta":{"_acf_changed":false,"footnotes":""},"class_list":["post-10738","page","type-page","status-publish","hentry"],"acf":[],"yoast_head":"<!-- This site is optimized with the Yoast SEO plugin v25.6 - https:\/\/yoast.com\/wordpress\/plugins\/seo\/ -->\n<title>Seminars and conferences - ICIP<\/title>\n<meta name=\"robots\" content=\"index, follow, max-snippet:-1, max-image-preview:large, max-video-preview:-1\" \/>\n<link rel=\"canonical\" href=\"https:\/\/www.icip.cat\/ca\/what-we-do\/seminars-and-conferences\/\" \/>\n<meta property=\"og:locale\" content=\"ca_ES\" \/>\n<meta property=\"og:type\" content=\"article\" \/>\n<meta property=\"og:title\" content=\"Seminars and conferences - ICIP\" \/>\n<meta property=\"og:url\" content=\"https:\/\/www.icip.cat\/ca\/what-we-do\/seminars-and-conferences\/\" \/>\n<meta property=\"og:site_name\" content=\"ICIP\" \/>\n<meta name=\"twitter:card\" content=\"summary_large_image\" \/>\n<script type=\"application\/ld+json\" class=\"yoast-schema-graph\">{\"@context\":\"https:\/\/schema.org\",\"@graph\":[{\"@type\":\"WebPage\",\"@id\":\"https:\/\/www.icip.cat\/ca\/what-we-do\/seminars-and-conferences\/\",\"url\":\"https:\/\/www.icip.cat\/ca\/what-we-do\/seminars-and-conferences\/\",\"name\":\"Seminars and conferences - ICIP\",\"isPartOf\":{\"@id\":\"https:\/\/www.icip.cat\/ca\/#website\"},\"datePublished\":\"2021-01-07T15:55:42+00:00\",\"breadcrumb\":{\"@id\":\"https:\/\/www.icip.cat\/ca\/what-we-do\/seminars-and-conferences\/#breadcrumb\"},\"inLanguage\":\"ca\",\"potentialAction\":[{\"@type\":\"ReadAction\",\"target\":[\"https:\/\/www.icip.cat\/ca\/what-we-do\/seminars-and-conferences\/\"]}]},{\"@type\":\"BreadcrumbList\",\"@id\":\"https:\/\/www.icip.cat\/ca\/what-we-do\/seminars-and-conferences\/#breadcrumb\",\"itemListElement\":[{\"@type\":\"ListItem\",\"position\":1,\"name\":\"What we do\",\"item\":\"https:\/\/www.icip.cat\/es\/que-hacemos\/\"},{\"@type\":\"ListItem\",\"position\":2,\"name\":\"Seminars and conferences\"}]},{\"@type\":\"WebSite\",\"@id\":\"https:\/\/www.icip.cat\/ca\/#website\",\"url\":\"https:\/\/www.icip.cat\/ca\/\",\"name\":\"ICIP\",\"description\":\"\",\"publisher\":{\"@id\":\"https:\/\/www.icip.cat\/ca\/#organization\"},\"potentialAction\":[{\"@type\":\"SearchAction\",\"target\":{\"@type\":\"EntryPoint\",\"urlTemplate\":\"https:\/\/www.icip.cat\/ca\/?s={search_term_string}\"},\"query-input\":{\"@type\":\"PropertyValueSpecification\",\"valueRequired\":true,\"valueName\":\"search_term_string\"}}],\"inLanguage\":\"ca\"},{\"@type\":\"Organization\",\"@id\":\"https:\/\/www.icip.cat\/ca\/#organization\",\"name\":\"ICIP\",\"url\":\"https:\/\/www.icip.cat\/ca\/\",\"logo\":{\"@type\":\"ImageObject\",\"inLanguage\":\"ca\",\"@id\":\"https:\/\/www.icip.cat\/ca\/#\/schema\/logo\/image\/\",\"url\":\"https:\/\/www.icip.cat\/wp-content\/uploads\/2021\/02\/logo-2.png\",\"contentUrl\":\"https:\/\/www.icip.cat\/wp-content\/uploads\/2021\/02\/logo-2.png\",\"width\":562,\"height\":391,\"caption\":\"ICIP\"},\"image\":{\"@id\":\"https:\/\/www.icip.cat\/ca\/#\/schema\/logo\/image\/\"}}]}<\/script>\n<!-- \/ Yoast SEO plugin. -->","yoast_head_json":{"title":"Seminars and conferences - ICIP","robots":{"index":"index","follow":"follow","max-snippet":"max-snippet:-1","max-image-preview":"max-image-preview:large","max-video-preview":"max-video-preview:-1"},"canonical":"https:\/\/www.icip.cat\/ca\/what-we-do\/seminars-and-conferences\/","og_locale":"ca_ES","og_type":"article","og_title":"Seminars and conferences - ICIP","og_url":"https:\/\/www.icip.cat\/ca\/what-we-do\/seminars-and-conferences\/","og_site_name":"ICIP","twitter_card":"summary_large_image","schema":{"@context":"https:\/\/schema.org","@graph":[{"@type":"WebPage","@id":"https:\/\/www.icip.cat\/ca\/what-we-do\/seminars-and-conferences\/","url":"https:\/\/www.icip.cat\/ca\/what-we-do\/seminars-and-conferences\/","name":"Seminars and conferences - ICIP","isPartOf":{"@id":"https:\/\/www.icip.cat\/ca\/#website"},"datePublished":"2021-01-07T15:55:42+00:00","breadcrumb":{"@id":"https:\/\/www.icip.cat\/ca\/what-we-do\/seminars-and-conferences\/#breadcrumb"},"inLanguage":"ca","potentialAction":[{"@type":"ReadAction","target":["https:\/\/www.icip.cat\/ca\/what-we-do\/seminars-and-conferences\/"]}]},{"@type":"BreadcrumbList","@id":"https:\/\/www.icip.cat\/ca\/what-we-do\/seminars-and-conferences\/#breadcrumb","itemListElement":[{"@type":"ListItem","position":1,"name":"What we do","item":"https:\/\/www.icip.cat\/es\/que-hacemos\/"},{"@type":"ListItem","position":2,"name":"Seminars and conferences"}]},{"@type":"WebSite","@id":"https:\/\/www.icip.cat\/ca\/#website","url":"https:\/\/www.icip.cat\/ca\/","name":"ICIP","description":"","publisher":{"@id":"https:\/\/www.icip.cat\/ca\/#organization"},"potentialAction":[{"@type":"SearchAction","target":{"@type":"EntryPoint","urlTemplate":"https:\/\/www.icip.cat\/ca\/?s={search_term_string}"},"query-input":{"@type":"PropertyValueSpecification","valueRequired":true,"valueName":"search_term_string"}}],"inLanguage":"ca"},{"@type":"Organization","@id":"https:\/\/www.icip.cat\/ca\/#organization","name":"ICIP","url":"https:\/\/www.icip.cat\/ca\/","logo":{"@type":"ImageObject","inLanguage":"ca","@id":"https:\/\/www.icip.cat\/ca\/#\/schema\/logo\/image\/","url":"https:\/\/www.icip.cat\/wp-content\/uploads\/2021\/02\/logo-2.png","contentUrl":"https:\/\/www.icip.cat\/wp-content\/uploads\/2021\/02\/logo-2.png","width":562,"height":391,"caption":"ICIP"},"image":{"@id":"https:\/\/www.icip.cat\/ca\/#\/schema\/logo\/image\/"}}]}},"_links":{"self":[{"href":"https:\/\/www.icip.cat\/ca\/wp-json\/wp\/v2\/pages\/10738","targetHints":{"allow":["GET"]}}],"collection":[{"href":"https:\/\/www.icip.cat\/ca\/wp-json\/wp\/v2\/pages"}],"about":[{"href":"https:\/\/www.icip.cat\/ca\/wp-json\/wp\/v2\/types\/page"}],"author":[{"embeddable":true,"href":"https:\/\/www.icip.cat\/ca\/wp-json\/wp\/v2\/users\/1"}],"replies":[{"embeddable":true,"href":"https:\/\/www.icip.cat\/ca\/wp-json\/wp\/v2\/comments?post=10738"}],"version-history":[{"count":0,"href":"https:\/\/www.icip.cat\/ca\/wp-json\/wp\/v2\/pages\/10738\/revisions"}],"up":[{"embeddable":true,"href":"https:\/\/www.icip.cat\/ca\/wp-json\/wp\/v2\/pages\/10733"}],"wp:attachment":[{"href":"https:\/\/www.icip.cat\/ca\/wp-json\/wp\/v2\/media?parent=10738"}],"curies":[{"name":"wp","href":"https:\/\/api.w.org\/{rel}","templated":true}]}}