{"id":2406,"date":"2020-11-20T12:42:37","date_gmt":"2020-11-20T12:42:37","guid":{"rendered":"http:\/\/www.icip.cat\/?page_id=2406"},"modified":"2026-01-15T06:53:44","modified_gmt":"2026-01-15T06:53:44","slug":"premi-icip-construccio-de-pau","status":"publish","type":"page","link":"https:\/\/www.icip.cat\/ca\/premi-icip-construccio-de-pau\/","title":{"rendered":"Premi ICIP Constructors de Pau"},"content":{"rendered":"\t\t<div data-elementor-type=\"wp-page\" data-elementor-id=\"2406\" class=\"elementor elementor-2406\" data-elementor-post-type=\"page\">\n\t\t\t\t\t\t<section class=\"elementor-section elementor-top-section elementor-element elementor-element-558f838 elementor-section-boxed elementor-section-height-default elementor-section-height-default\" data-id=\"558f838\" data-element_type=\"section\" data-settings=\"{&quot;background_background&quot;:&quot;classic&quot;}\">\n\t\t\t\t\t\t\t<div class=\"elementor-background-overlay\"><\/div>\n\t\t\t\t\t\t\t<div class=\"elementor-container elementor-column-gap-default\">\n\t\t\t\t\t<div class=\"elementor-column elementor-col-100 elementor-top-column elementor-element elementor-element-10a49a1\" data-id=\"10a49a1\" data-element_type=\"column\">\n\t\t\t<div class=\"elementor-widget-wrap elementor-element-populated\">\n\t\t\t\t\t\t<div class=\"elementor-element elementor-element-8124d38 elementor-widget elementor-widget-heading\" data-id=\"8124d38\" data-element_type=\"widget\" data-widget_type=\"heading.default\">\n\t\t\t\t<div class=\"elementor-widget-container\">\n\t\t\t\t\t<h1 class=\"elementor-heading-title elementor-size-xl\">Premi ICIP Construcci\u00f3 de Pau<\/h1>\t\t\t\t<\/div>\n\t\t\t\t<\/div>\n\t\t\t\t\t<\/div>\n\t\t<\/div>\n\t\t\t\t\t<\/div>\n\t\t<\/section>\n\t\t\t\t<section class=\"elementor-section elementor-top-section elementor-element elementor-element-b51adf4 elementor-section-boxed elementor-section-height-default elementor-section-height-default\" data-id=\"b51adf4\" data-element_type=\"section\" data-settings=\"{&quot;background_background&quot;:&quot;classic&quot;}\">\n\t\t\t\t\t\t<div class=\"elementor-container elementor-column-gap-default\">\n\t\t\t\t\t<div class=\"elementor-column elementor-col-100 elementor-top-column elementor-element elementor-element-8868db5\" data-id=\"8868db5\" data-element_type=\"column\" data-settings=\"{&quot;background_background&quot;:&quot;classic&quot;}\">\n\t\t\t<div class=\"elementor-widget-wrap elementor-element-populated\">\n\t\t\t\t\t\t<div class=\"elementor-element elementor-element-9490905 elementor-widget elementor-widget-text-editor\" data-id=\"9490905\" data-element_type=\"widget\" data-widget_type=\"text-editor.default\">\n\t\t\t\t<div class=\"elementor-widget-container\">\n\t\t\t\t\t\t\t\t\t<p>L&#8217;ICIP convoca anualment, des de l&#8217;any 2011, el <strong>Premi ICIP Construcci\u00f3 de Pau<\/strong> amb la finalitat de guardonar i recon\u00e8ixer p\u00fablicament persones, entitats o institucions que han treballat i han contribu\u00eft de manera destacada i dilatada en el foment i la construcci\u00f3 de la pau.<\/p><p>El guard\u00f3 el concedeix la <a href=\"http:\/\/icip.gencat.cat\/ca\/institut\/estructura_i_organitzaci\/\">Junta de Govern<\/a> de l&#8217;ICIP i consisteix en un reconeixement p\u00fablic, una escultura creada pel Premi Nobel de la Pau, artista i activista Adolfo P\u00e9rez Esquivel, anomenada <em>Porta del Sol<\/em>, i una dotaci\u00f3 econ\u00f2mica. Com a novetat, a partir de la quinzena edici\u00f3 del premi, corresponent a l&#8217;any 2026, la dotaci\u00f3 augmenta a 10.000 euros. El lliurament del guard\u00f3 t\u00e9 lloc anualment en una cerim\u00f2nia institucional al Parlament de Catalunya.<\/p><p>En aquests moments\u00a0<a href=\"https:\/\/www.icip.cat\/ca\/obrim-la-convocatoria-del-premi-icip-construccio-de-pau-2026-enguany-dotat-amb-10-000-euros\/\" target=\"_blank\" rel=\"noopener\">est\u00e0 oberta la convocat\u00f2ria del Premi ICIP Construcci\u00f3 de Pau 2026<\/a>. Es poden presentar candidatures fins al 14 d&#8217;abril de 2026.<\/p>\t\t\t\t\t\t\t\t<\/div>\n\t\t\t\t<\/div>\n\t\t\t\t\t<\/div>\n\t\t<\/div>\n\t\t\t\t\t<\/div>\n\t\t<\/section>\n\t\t\t\t<section class=\"elementor-section elementor-top-section elementor-element elementor-element-f59664e elementor-section-boxed elementor-section-height-default elementor-section-height-default\" data-id=\"f59664e\" data-element_type=\"section\" data-settings=\"{&quot;background_background&quot;:&quot;classic&quot;}\">\n\t\t\t\t\t\t<div class=\"elementor-container elementor-column-gap-extended\">\n\t\t\t\t\t<div class=\"elementor-column elementor-col-100 elementor-top-column elementor-element elementor-element-469a602\" data-id=\"469a602\" data-element_type=\"column\">\n\t\t\t<div class=\"elementor-widget-wrap elementor-element-populated\">\n\t\t\t\t\t\t<div class=\"elementor-element elementor-element-034d48b elementor-widget elementor-widget-heading\" data-id=\"034d48b\" data-element_type=\"widget\" data-widget_type=\"heading.default\">\n\t\t\t\t<div class=\"elementor-widget-container\">\n\t\t\t\t\t<h2 class=\"elementor-heading-title elementor-size-default\">Persones i institucions guardonades<\/h2>\t\t\t\t<\/div>\n\t\t\t\t<\/div>\n\t\t\t\t<section class=\"elementor-section elementor-inner-section elementor-element elementor-element-f3bee28 elementor-section-boxed elementor-section-height-default elementor-section-height-default\" data-id=\"f3bee28\" data-element_type=\"section\">\n\t\t\t\t\t\t<div class=\"elementor-container elementor-column-gap-wider\">\n\t\t\t\t\t<div class=\"elementor-column elementor-col-50 elementor-inner-column elementor-element elementor-element-558fc5a\" data-id=\"558fc5a\" data-element_type=\"column\">\n\t\t\t<div class=\"elementor-widget-wrap elementor-element-populated\">\n\t\t\t\t\t\t<div class=\"elementor-element elementor-element-592d9c5 elementor-position-left elementor-vertical-align-middle elementor-widget elementor-widget-image-box\" data-id=\"592d9c5\" data-element_type=\"widget\" data-widget_type=\"image-box.default\">\n\t\t\t\t<div class=\"elementor-widget-container\">\n\t\t\t\t\t<div class=\"elementor-image-box-wrapper\"><figure class=\"elementor-image-box-img\"><a href=\"https:\/\/www.icip.cat\/ca\/lorganitzacio-siriana-women-now-for-development-rep-el-premi-icip-construccio-de-pau-2025\/\" tabindex=\"-1\"><img decoding=\"async\" width=\"150\" height=\"150\" src=\"https:\/\/www.icip.cat\/wp-content\/uploads\/2025\/05\/Women-Now-Centre-1-150x150.jpg\" class=\"elementor-animation-shrink attachment-thumbnail size-thumbnail wp-image-54386\" alt=\"\" srcset=\"https:\/\/www.icip.cat\/wp-content\/uploads\/2025\/05\/Women-Now-Centre-1-150x150.jpg 150w, https:\/\/www.icip.cat\/wp-content\/uploads\/2025\/05\/Women-Now-Centre-1-300x300.jpg 300w\" sizes=\"(max-width: 150px) 100vw, 150px\" \/><\/a><\/figure><div class=\"elementor-image-box-content\"><h3 class=\"elementor-image-box-title\"><a href=\"https:\/\/www.icip.cat\/ca\/lorganitzacio-siriana-women-now-for-development-rep-el-premi-icip-construccio-de-pau-2025\/\">Women Now for Development, Premi ICIP 2025<\/a><\/h3><\/div><\/div>\t\t\t\t<\/div>\n\t\t\t\t<\/div>\n\t\t\t\t\t<\/div>\n\t\t<\/div>\n\t\t\t\t<div class=\"elementor-column elementor-col-50 elementor-inner-column elementor-element elementor-element-3357bf0\" data-id=\"3357bf0\" data-element_type=\"column\">\n\t\t\t<div class=\"elementor-widget-wrap elementor-element-populated\">\n\t\t\t\t\t\t<div class=\"elementor-element elementor-element-c8d07be elementor-position-left elementor-vertical-align-middle elementor-widget elementor-widget-image-box\" data-id=\"c8d07be\" data-element_type=\"widget\" data-widget_type=\"image-box.default\">\n\t\t\t\t<div class=\"elementor-widget-container\">\n\t\t\t\t\t<div class=\"elementor-image-box-wrapper\"><figure class=\"elementor-image-box-img\"><a href=\"https:\/\/www.icip.cat\/ca\/vicenc-fisas-premi-icip-construccio-de-pau-2024\/\" tabindex=\"-1\"><img decoding=\"async\" width=\"150\" height=\"150\" src=\"https:\/\/www.icip.cat\/wp-content\/uploads\/2024\/05\/Vicenc-150x150.jpg\" class=\"elementor-animation-shrink attachment-thumbnail size-thumbnail wp-image-46036\" alt=\"\" srcset=\"https:\/\/www.icip.cat\/wp-content\/uploads\/2024\/05\/Vicenc-150x150.jpg 150w, https:\/\/www.icip.cat\/wp-content\/uploads\/2024\/05\/Vicenc-300x300.jpg 300w\" sizes=\"(max-width: 150px) 100vw, 150px\" \/><\/a><\/figure><div class=\"elementor-image-box-content\"><h3 class=\"elementor-image-box-title\"><a href=\"https:\/\/www.icip.cat\/ca\/vicenc-fisas-premi-icip-construccio-de-pau-2024\/\">Vicen\u00e7 Fisas i Armengol, Premi ICIP 2024<\/a><\/h3><\/div><\/div>\t\t\t\t<\/div>\n\t\t\t\t<\/div>\n\t\t\t\t\t<\/div>\n\t\t<\/div>\n\t\t\t\t\t<\/div>\n\t\t<\/section>\n\t\t\t\t<section class=\"elementor-section elementor-inner-section elementor-element elementor-element-6240e82 elementor-section-boxed elementor-section-height-default elementor-section-height-default\" data-id=\"6240e82\" data-element_type=\"section\">\n\t\t\t\t\t\t<div class=\"elementor-container elementor-column-gap-wider\">\n\t\t\t\t\t<div class=\"elementor-column elementor-col-50 elementor-inner-column elementor-element elementor-element-67734dc\" data-id=\"67734dc\" data-element_type=\"column\">\n\t\t\t<div class=\"elementor-widget-wrap elementor-element-populated\">\n\t\t\t\t\t\t<div class=\"elementor-element elementor-element-a5ef10a elementor-absolute elementor-widget-divider--view-line elementor-widget elementor-widget-divider\" data-id=\"a5ef10a\" data-element_type=\"widget\" data-settings=\"{&quot;_position&quot;:&quot;absolute&quot;}\" data-widget_type=\"divider.default\">\n\t\t\t\t<div class=\"elementor-widget-container\">\n\t\t\t\t\t\t\t<div class=\"elementor-divider\">\n\t\t\t<span class=\"elementor-divider-separator\">\n\t\t\t\t\t\t<\/span>\n\t\t<\/div>\n\t\t\t\t\t\t<\/div>\n\t\t\t\t<\/div>\n\t\t\t\t\t<\/div>\n\t\t<\/div>\n\t\t\t\t<div class=\"elementor-column elementor-col-50 elementor-inner-column elementor-element elementor-element-8f7d0fe\" data-id=\"8f7d0fe\" data-element_type=\"column\">\n\t\t\t<div class=\"elementor-widget-wrap elementor-element-populated\">\n\t\t\t\t\t\t<div class=\"elementor-element elementor-element-79d7c1c elementor-absolute elementor-widget-divider--view-line elementor-widget elementor-widget-divider\" data-id=\"79d7c1c\" data-element_type=\"widget\" data-settings=\"{&quot;_position&quot;:&quot;absolute&quot;}\" data-widget_type=\"divider.default\">\n\t\t\t\t<div class=\"elementor-widget-container\">\n\t\t\t\t\t\t\t<div class=\"elementor-divider\">\n\t\t\t<span class=\"elementor-divider-separator\">\n\t\t\t\t\t\t<\/span>\n\t\t<\/div>\n\t\t\t\t\t\t<\/div>\n\t\t\t\t<\/div>\n\t\t\t\t\t<\/div>\n\t\t<\/div>\n\t\t\t\t\t<\/div>\n\t\t<\/section>\n\t\t\t\t<section class=\"elementor-section elementor-inner-section elementor-element elementor-element-c2f0314 elementor-section-boxed elementor-section-height-default elementor-section-height-default\" data-id=\"c2f0314\" data-element_type=\"section\">\n\t\t\t\t\t\t<div class=\"elementor-container elementor-column-gap-wider\">\n\t\t\t\t\t<div class=\"elementor-column elementor-col-50 elementor-inner-column elementor-element elementor-element-0858c44\" data-id=\"0858c44\" data-element_type=\"column\">\n\t\t\t<div class=\"elementor-widget-wrap elementor-element-populated\">\n\t\t\t\t\t\t<div class=\"elementor-element elementor-element-3268f01 elementor-position-left elementor-vertical-align-middle elementor-widget elementor-widget-image-box\" data-id=\"3268f01\" data-element_type=\"widget\" data-widget_type=\"image-box.default\">\n\t\t\t\t<div class=\"elementor-widget-container\">\n\t\t\t\t\t<div class=\"elementor-image-box-wrapper\"><figure class=\"elementor-image-box-img\"><a href=\"https:\/\/www.icip.cat\/ca\/el-premi-icip-construccio-de-pau-2023-guardona-dues-entitats-de-victimes-de-la-guerra-de-bosnia\/\" tabindex=\"-1\"><img decoding=\"async\" width=\"150\" height=\"150\" src=\"https:\/\/www.icip.cat\/wp-content\/uploads\/2023\/09\/Premi-conjunt-150x150.jpg\" class=\"elementor-animation-shrink attachment-thumbnail size-thumbnail wp-image-39343\" alt=\"\" srcset=\"https:\/\/www.icip.cat\/wp-content\/uploads\/2023\/09\/Premi-conjunt-150x150.jpg 150w, https:\/\/www.icip.cat\/wp-content\/uploads\/2023\/09\/Premi-conjunt-300x300.jpg 300w\" sizes=\"(max-width: 150px) 100vw, 150px\" \/><\/a><\/figure><div class=\"elementor-image-box-content\"><h3 class=\"elementor-image-box-title\"><a href=\"https:\/\/www.icip.cat\/ca\/el-premi-icip-construccio-de-pau-2023-guardona-dues-entitats-de-victimes-de-la-guerra-de-bosnia\/\">Dones v\u00edctimes de la guerra i Infants oblidats de la guerra de B\u00f2snia, Premi ICIP 2023<\/a><\/h3><\/div><\/div>\t\t\t\t<\/div>\n\t\t\t\t<\/div>\n\t\t\t\t<div class=\"elementor-element elementor-element-56c83d3 elementor-absolute elementor-widget-divider--view-line elementor-widget elementor-widget-divider\" data-id=\"56c83d3\" data-element_type=\"widget\" data-settings=\"{&quot;_position&quot;:&quot;absolute&quot;}\" data-widget_type=\"divider.default\">\n\t\t\t\t<div class=\"elementor-widget-container\">\n\t\t\t\t\t\t\t<div class=\"elementor-divider\">\n\t\t\t<span class=\"elementor-divider-separator\">\n\t\t\t\t\t\t<\/span>\n\t\t<\/div>\n\t\t\t\t\t\t<\/div>\n\t\t\t\t<\/div>\n\t\t\t\t\t<\/div>\n\t\t<\/div>\n\t\t\t\t<div class=\"elementor-column elementor-col-50 elementor-inner-column elementor-element elementor-element-6ee7784\" data-id=\"6ee7784\" data-element_type=\"column\">\n\t\t\t<div class=\"elementor-widget-wrap elementor-element-populated\">\n\t\t\t\t\t\t<div class=\"elementor-element elementor-element-7160eed elementor-position-left elementor-vertical-align-middle elementor-widget elementor-widget-image-box\" data-id=\"7160eed\" data-element_type=\"widget\" data-widget_type=\"image-box.default\">\n\t\t\t\t<div class=\"elementor-widget-container\">\n\t\t\t\t\t<div class=\"elementor-image-box-wrapper\"><figure class=\"elementor-image-box-img\"><a href=\"https:\/\/www.icip.cat\/ca\/el-teixit-associatiu-en-favor-del-pais-basc-premi-icip-2022\/\" tabindex=\"-1\"><img loading=\"lazy\" decoding=\"async\" width=\"150\" height=\"150\" src=\"https:\/\/www.icip.cat\/wp-content\/uploads\/2022\/09\/Premi1-150x150.png\" class=\"elementor-animation-shrink attachment-thumbnail size-thumbnail wp-image-32243\" alt=\"\" srcset=\"https:\/\/www.icip.cat\/wp-content\/uploads\/2022\/09\/Premi1-150x150.png 150w, https:\/\/www.icip.cat\/wp-content\/uploads\/2022\/09\/Premi1-300x300.png 300w\" sizes=\"(max-width: 150px) 100vw, 150px\" \/><\/a><\/figure><div class=\"elementor-image-box-content\"><h3 class=\"elementor-image-box-title\"><a href=\"https:\/\/www.icip.cat\/ca\/el-teixit-associatiu-en-favor-del-pais-basc-premi-icip-2022\/\">El teixit associatiu en favor de la pau al Pa\u00eds Basc, Premi ICIP 2022<\/a><\/h3><\/div><\/div>\t\t\t\t<\/div>\n\t\t\t\t<\/div>\n\t\t\t\t<div class=\"elementor-element elementor-element-dfbd6ec elementor-absolute elementor-widget-divider--view-line elementor-widget elementor-widget-divider\" data-id=\"dfbd6ec\" data-element_type=\"widget\" data-settings=\"{&quot;_position&quot;:&quot;absolute&quot;}\" data-widget_type=\"divider.default\">\n\t\t\t\t<div class=\"elementor-widget-container\">\n\t\t\t\t\t\t\t<div class=\"elementor-divider\">\n\t\t\t<span class=\"elementor-divider-separator\">\n\t\t\t\t\t\t<\/span>\n\t\t<\/div>\n\t\t\t\t\t\t<\/div>\n\t\t\t\t<\/div>\n\t\t\t\t\t<\/div>\n\t\t<\/div>\n\t\t\t\t\t<\/div>\n\t\t<\/section>\n\t\t\t\t<section class=\"elementor-section elementor-inner-section elementor-element elementor-element-c8cae15 elementor-section-boxed elementor-section-height-default elementor-section-height-default\" data-id=\"c8cae15\" data-element_type=\"section\">\n\t\t\t\t\t\t<div class=\"elementor-container elementor-column-gap-wider\">\n\t\t\t\t\t<div class=\"elementor-column elementor-col-50 elementor-inner-column elementor-element elementor-element-148ebff\" data-id=\"148ebff\" data-element_type=\"column\">\n\t\t\t<div class=\"elementor-widget-wrap elementor-element-populated\">\n\t\t\t\t\t\t<div class=\"elementor-element elementor-element-15777d9 elementor-absolute elementor-widget-divider--view-line elementor-widget elementor-widget-divider\" data-id=\"15777d9\" data-element_type=\"widget\" data-settings=\"{&quot;_position&quot;:&quot;absolute&quot;}\" data-widget_type=\"divider.default\">\n\t\t\t\t<div class=\"elementor-widget-container\">\n\t\t\t\t\t\t\t<div class=\"elementor-divider\">\n\t\t\t<span class=\"elementor-divider-separator\">\n\t\t\t\t\t\t<\/span>\n\t\t<\/div>\n\t\t\t\t\t\t<\/div>\n\t\t\t\t<\/div>\n\t\t\t\t<div class=\"elementor-element elementor-element-3533626 elementor-position-left elementor-vertical-align-middle elementor-widget elementor-widget-image-box\" data-id=\"3533626\" data-element_type=\"widget\" data-widget_type=\"image-box.default\">\n\t\t\t\t<div class=\"elementor-widget-container\">\n\t\t\t\t\t<div class=\"elementor-image-box-wrapper\"><figure class=\"elementor-image-box-img\"><a href=\"https:\/\/www.icip.cat\/ca\/julienne-lusenge-premi-icip-2020-2\/\" tabindex=\"-1\"><img loading=\"lazy\" decoding=\"async\" width=\"150\" height=\"150\" src=\"https:\/\/www.icip.cat\/wp-content\/uploads\/2021\/09\/Premi2020_1-1-150x150.png\" class=\"elementor-animation-shrink attachment-thumbnail size-thumbnail wp-image-22355\" alt=\"\" srcset=\"https:\/\/www.icip.cat\/wp-content\/uploads\/2021\/09\/Premi2020_1-1-150x150.png 150w, https:\/\/www.icip.cat\/wp-content\/uploads\/2021\/09\/Premi2020_1-1-300x300.png 300w\" sizes=\"(max-width: 150px) 100vw, 150px\" \/><\/a><\/figure><div class=\"elementor-image-box-content\"><h3 class=\"elementor-image-box-title\"><a href=\"https:\/\/www.icip.cat\/ca\/julienne-lusenge-premi-icip-2020-2\/\">Julienne Lusenge, Premi ICIP 2020<\/a><\/h3><\/div><\/div>\t\t\t\t<\/div>\n\t\t\t\t<\/div>\n\t\t\t\t\t<\/div>\n\t\t<\/div>\n\t\t\t\t<div class=\"elementor-column elementor-col-50 elementor-inner-column elementor-element elementor-element-88da3b5\" data-id=\"88da3b5\" data-element_type=\"column\">\n\t\t\t<div class=\"elementor-widget-wrap elementor-element-populated\">\n\t\t\t\t\t\t<div class=\"elementor-element elementor-element-27f8327 elementor-position-left elementor-vertical-align-top elementor-widget elementor-widget-image-box\" data-id=\"27f8327\" data-element_type=\"widget\" data-widget_type=\"image-box.default\">\n\t\t\t\t<div class=\"elementor-widget-container\">\n\t\t\t\t\t<div class=\"elementor-image-box-wrapper\"><figure class=\"elementor-image-box-img\"><a href=\"http:\/\/www.icip.cat\/ca\/el-collectiu-de-families-de-persones-desaparegudes-a-algeria-premi-icip-constructors-de-pau-2019\/\" tabindex=\"-1\"><img loading=\"lazy\" decoding=\"async\" width=\"150\" height=\"150\" src=\"https:\/\/www.icip.cat\/wp-content\/uploads\/2020\/12\/2020-12-04-09_32_29-El-collectiu-de-families-de-persones-desaparegudes-a-Algeria-Premi-ICIP-Constr-150x150.png\" class=\"elementor-animation-shrink attachment-thumbnail size-thumbnail wp-image-7914\" alt=\"\" srcset=\"https:\/\/www.icip.cat\/wp-content\/uploads\/2020\/12\/2020-12-04-09_32_29-El-collectiu-de-families-de-persones-desaparegudes-a-Algeria-Premi-ICIP-Constr-150x150.png 150w, https:\/\/www.icip.cat\/wp-content\/uploads\/2020\/12\/2020-12-04-09_32_29-El-collectiu-de-families-de-persones-desaparegudes-a-Algeria-Premi-ICIP-Constr-300x300.png 300w\" sizes=\"(max-width: 150px) 100vw, 150px\" \/><\/a><\/figure><div class=\"elementor-image-box-content\"><h3 class=\"elementor-image-box-title\"><a href=\"http:\/\/www.icip.cat\/ca\/el-collectiu-de-families-de-persones-desaparegudes-a-algeria-premi-icip-constructors-de-pau-2019\/\">Col\u00b7lectiu de Fam\u00edlies de Persones Desaparegudes a Alg\u00e8ria, Premi ICIP 2019<\/a><\/h3><\/div><\/div>\t\t\t\t<\/div>\n\t\t\t\t<\/div>\n\t\t\t\t<div class=\"elementor-element elementor-element-92711a3 elementor-absolute elementor-widget-divider--view-line elementor-widget elementor-widget-divider\" data-id=\"92711a3\" data-element_type=\"widget\" data-settings=\"{&quot;_position&quot;:&quot;absolute&quot;}\" data-widget_type=\"divider.default\">\n\t\t\t\t<div class=\"elementor-widget-container\">\n\t\t\t\t\t\t\t<div class=\"elementor-divider\">\n\t\t\t<span class=\"elementor-divider-separator\">\n\t\t\t\t\t\t<\/span>\n\t\t<\/div>\n\t\t\t\t\t\t<\/div>\n\t\t\t\t<\/div>\n\t\t\t\t\t<\/div>\n\t\t<\/div>\n\t\t\t\t\t<\/div>\n\t\t<\/section>\n\t\t\t\t<section class=\"elementor-section elementor-inner-section elementor-element elementor-element-70dd981 elementor-section-boxed elementor-section-height-default elementor-section-height-default\" data-id=\"70dd981\" data-element_type=\"section\">\n\t\t\t\t\t\t<div class=\"elementor-container elementor-column-gap-wider\">\n\t\t\t\t\t<div class=\"elementor-column elementor-col-50 elementor-inner-column elementor-element elementor-element-1236c56\" data-id=\"1236c56\" data-element_type=\"column\">\n\t\t\t<div class=\"elementor-widget-wrap elementor-element-populated\">\n\t\t\t\t\t\t<div class=\"elementor-element elementor-element-3a61e0f elementor-absolute elementor-widget-divider--view-line elementor-widget elementor-widget-divider\" data-id=\"3a61e0f\" data-element_type=\"widget\" data-settings=\"{&quot;_position&quot;:&quot;absolute&quot;}\" data-widget_type=\"divider.default\">\n\t\t\t\t<div class=\"elementor-widget-container\">\n\t\t\t\t\t\t\t<div class=\"elementor-divider\">\n\t\t\t<span class=\"elementor-divider-separator\">\n\t\t\t\t\t\t<\/span>\n\t\t<\/div>\n\t\t\t\t\t\t<\/div>\n\t\t\t\t<\/div>\n\t\t\t\t<div class=\"elementor-element elementor-element-e240843 elementor-position-left elementor-vertical-align-middle elementor-widget elementor-widget-image-box\" data-id=\"e240843\" data-element_type=\"widget\" data-widget_type=\"image-box.default\">\n\t\t\t\t<div class=\"elementor-widget-container\">\n\t\t\t\t\t<div class=\"elementor-image-box-wrapper\"><figure class=\"elementor-image-box-img\"><a href=\"https:\/\/www.icip.cat\/ca\/cauce-ciudadano-premi-icip-constructors-de-pau-2018\/\" tabindex=\"-1\"><img loading=\"lazy\" decoding=\"async\" width=\"150\" height=\"150\" src=\"https:\/\/www.icip.cat\/wp-content\/uploads\/2020\/12\/unnamed-1-150x150.jpg\" class=\"elementor-animation-shrink attachment-thumbnail size-thumbnail wp-image-7921\" alt=\"\" srcset=\"https:\/\/www.icip.cat\/wp-content\/uploads\/2020\/12\/unnamed-1-150x150.jpg 150w, https:\/\/www.icip.cat\/wp-content\/uploads\/2020\/12\/unnamed-1-300x300.jpg 300w\" sizes=\"(max-width: 150px) 100vw, 150px\" \/><\/a><\/figure><div class=\"elementor-image-box-content\"><h3 class=\"elementor-image-box-title\"><a href=\"https:\/\/www.icip.cat\/ca\/cauce-ciudadano-premi-icip-constructors-de-pau-2018\/\">Cauce Ciudadano, Premi ICIP 2018  <br><\/a><\/h3><\/div><\/div>\t\t\t\t<\/div>\n\t\t\t\t<\/div>\n\t\t\t\t\t<\/div>\n\t\t<\/div>\n\t\t\t\t<div class=\"elementor-column elementor-col-50 elementor-inner-column elementor-element elementor-element-ec685b0\" data-id=\"ec685b0\" data-element_type=\"column\">\n\t\t\t<div class=\"elementor-widget-wrap elementor-element-populated\">\n\t\t\t\t\t\t<div class=\"elementor-element elementor-element-cfc7894 elementor-position-left elementor-vertical-align-middle elementor-widget elementor-widget-image-box\" data-id=\"cfc7894\" data-element_type=\"widget\" data-widget_type=\"image-box.default\">\n\t\t\t\t<div class=\"elementor-widget-container\">\n\t\t\t\t\t<div class=\"elementor-image-box-wrapper\"><figure class=\"elementor-image-box-img\"><a href=\"http:\/\/www.icip.cat\/ca\/arcadi-oliveres-premi-icip-constructors-de-pau-2017\" tabindex=\"-1\"><img loading=\"lazy\" decoding=\"async\" width=\"150\" height=\"150\" src=\"https:\/\/www.icip.cat\/wp-content\/uploads\/2020\/12\/arcadi-150x150.jpg\" class=\"elementor-animation-shrink attachment-thumbnail size-thumbnail wp-image-7926\" alt=\"\" srcset=\"https:\/\/www.icip.cat\/wp-content\/uploads\/2020\/12\/arcadi-150x150.jpg 150w, https:\/\/www.icip.cat\/wp-content\/uploads\/2020\/12\/arcadi-300x300.jpg 300w\" sizes=\"(max-width: 150px) 100vw, 150px\" \/><\/a><\/figure><div class=\"elementor-image-box-content\"><h3 class=\"elementor-image-box-title\"><a href=\"http:\/\/www.icip.cat\/ca\/arcadi-oliveres-premi-icip-constructors-de-pau-2017\">Arcadi Oliveres, Premi ICIP 2017  <br><\/a><\/h3><\/div><\/div>\t\t\t\t<\/div>\n\t\t\t\t<\/div>\n\t\t\t\t<div class=\"elementor-element elementor-element-fd028ea elementor-absolute elementor-widget-divider--view-line elementor-widget elementor-widget-divider\" data-id=\"fd028ea\" data-element_type=\"widget\" data-settings=\"{&quot;_position&quot;:&quot;absolute&quot;}\" data-widget_type=\"divider.default\">\n\t\t\t\t<div class=\"elementor-widget-container\">\n\t\t\t\t\t\t\t<div class=\"elementor-divider\">\n\t\t\t<span class=\"elementor-divider-separator\">\n\t\t\t\t\t\t<\/span>\n\t\t<\/div>\n\t\t\t\t\t\t<\/div>\n\t\t\t\t<\/div>\n\t\t\t\t\t<\/div>\n\t\t<\/div>\n\t\t\t\t\t<\/div>\n\t\t<\/section>\n\t\t\t\t<section class=\"elementor-section elementor-inner-section elementor-element elementor-element-0a717aa elementor-section-boxed elementor-section-height-default elementor-section-height-default\" data-id=\"0a717aa\" data-element_type=\"section\">\n\t\t\t\t\t\t<div class=\"elementor-container elementor-column-gap-wider\">\n\t\t\t\t\t<div class=\"elementor-column elementor-col-50 elementor-inner-column elementor-element elementor-element-9a3756a\" data-id=\"9a3756a\" data-element_type=\"column\">\n\t\t\t<div class=\"elementor-widget-wrap elementor-element-populated\">\n\t\t\t\t\t\t<div class=\"elementor-element elementor-element-263fe23 elementor-position-left elementor-vertical-align-middle elementor-widget elementor-widget-image-box\" data-id=\"263fe23\" data-element_type=\"widget\" data-widget_type=\"image-box.default\">\n\t\t\t\t<div class=\"elementor-widget-container\">\n\t\t\t\t\t<div class=\"elementor-image-box-wrapper\"><figure class=\"elementor-image-box-img\"><a href=\"http:\/\/www.icip.cat\/ca\/les-brigades-internacionals-de-pau-premi-icip-constructors-de-pau-2016\" tabindex=\"-1\"><img loading=\"lazy\" decoding=\"async\" width=\"150\" height=\"150\" src=\"https:\/\/www.icip.cat\/wp-content\/uploads\/2020\/12\/maxresdefault-1-150x150.jpg\" class=\"elementor-animation-shrink attachment-thumbnail size-thumbnail wp-image-7934\" alt=\"\" srcset=\"https:\/\/www.icip.cat\/wp-content\/uploads\/2020\/12\/maxresdefault-1-150x150.jpg 150w, https:\/\/www.icip.cat\/wp-content\/uploads\/2020\/12\/maxresdefault-1-300x300.jpg 300w\" sizes=\"(max-width: 150px) 100vw, 150px\" \/><\/a><\/figure><div class=\"elementor-image-box-content\"><h3 class=\"elementor-image-box-title\"><a href=\"http:\/\/www.icip.cat\/ca\/les-brigades-internacionals-de-pau-premi-icip-constructors-de-pau-2016\">Brigades Internacionals de Pau, Premi ICIP 2016 <br><\/a><\/h3><\/div><\/div>\t\t\t\t<\/div>\n\t\t\t\t<\/div>\n\t\t\t\t\t<\/div>\n\t\t<\/div>\n\t\t\t\t<div class=\"elementor-column elementor-col-50 elementor-inner-column elementor-element elementor-element-b23f562\" data-id=\"b23f562\" data-element_type=\"column\">\n\t\t\t<div class=\"elementor-widget-wrap elementor-element-populated\">\n\t\t\t\t\t\t<div class=\"elementor-element elementor-element-a405633 elementor-position-left elementor-vertical-align-middle elementor-widget elementor-widget-image-box\" data-id=\"a405633\" data-element_type=\"widget\" data-widget_type=\"image-box.default\">\n\t\t\t\t<div class=\"elementor-widget-container\">\n\t\t\t\t\t<div class=\"elementor-image-box-wrapper\"><figure class=\"elementor-image-box-img\"><a href=\"http:\/\/www.icip.cat\/ca\/joan-botam-premi-icip-2015\/\" tabindex=\"-1\"><img loading=\"lazy\" decoding=\"async\" width=\"150\" height=\"150\" src=\"https:\/\/www.icip.cat\/wp-content\/uploads\/2020\/12\/780_0008_5454874_a3d6e3595ae5de59c4aae8b5a684a5ac-150x150.jpg\" class=\"elementor-animation-shrink attachment-thumbnail size-thumbnail wp-image-7938\" alt=\"\" srcset=\"https:\/\/www.icip.cat\/wp-content\/uploads\/2020\/12\/780_0008_5454874_a3d6e3595ae5de59c4aae8b5a684a5ac-150x150.jpg 150w, https:\/\/www.icip.cat\/wp-content\/uploads\/2020\/12\/780_0008_5454874_a3d6e3595ae5de59c4aae8b5a684a5ac-300x300.jpg 300w\" sizes=\"(max-width: 150px) 100vw, 150px\" \/><\/a><\/figure><div class=\"elementor-image-box-content\"><h3 class=\"elementor-image-box-title\"><a href=\"http:\/\/www.icip.cat\/ca\/joan-botam-premi-icip-2015\/\">Joan Botam, Premi ICIP 2015  <\/a><\/h3><\/div><\/div>\t\t\t\t<\/div>\n\t\t\t\t<\/div>\n\t\t\t\t\t<\/div>\n\t\t<\/div>\n\t\t\t\t\t<\/div>\n\t\t<\/section>\n\t\t\t\t<section class=\"elementor-section elementor-inner-section elementor-element elementor-element-4b963f7 elementor-section-boxed elementor-section-height-default elementor-section-height-default\" data-id=\"4b963f7\" data-element_type=\"section\">\n\t\t\t\t\t\t<div class=\"elementor-container elementor-column-gap-wider\">\n\t\t\t\t\t<div class=\"elementor-column elementor-col-50 elementor-inner-column elementor-element elementor-element-ddd0edb\" data-id=\"ddd0edb\" data-element_type=\"column\">\n\t\t\t<div class=\"elementor-widget-wrap elementor-element-populated\">\n\t\t\t\t\t\t<div class=\"elementor-element elementor-element-b7ab784 elementor-absolute elementor-widget-divider--view-line elementor-widget elementor-widget-divider\" data-id=\"b7ab784\" data-element_type=\"widget\" data-settings=\"{&quot;_position&quot;:&quot;absolute&quot;}\" data-widget_type=\"divider.default\">\n\t\t\t\t<div class=\"elementor-widget-container\">\n\t\t\t\t\t\t\t<div class=\"elementor-divider\">\n\t\t\t<span class=\"elementor-divider-separator\">\n\t\t\t\t\t\t<\/span>\n\t\t<\/div>\n\t\t\t\t\t\t<\/div>\n\t\t\t\t<\/div>\n\t\t\t\t\t<\/div>\n\t\t<\/div>\n\t\t\t\t<div class=\"elementor-column elementor-col-50 elementor-inner-column elementor-element elementor-element-ffe784d\" data-id=\"ffe784d\" data-element_type=\"column\">\n\t\t\t<div class=\"elementor-widget-wrap elementor-element-populated\">\n\t\t\t\t\t\t<div class=\"elementor-element elementor-element-b0c963f elementor-absolute elementor-widget-divider--view-line elementor-widget elementor-widget-divider\" data-id=\"b0c963f\" data-element_type=\"widget\" data-settings=\"{&quot;_position&quot;:&quot;absolute&quot;}\" data-widget_type=\"divider.default\">\n\t\t\t\t<div class=\"elementor-widget-container\">\n\t\t\t\t\t\t\t<div class=\"elementor-divider\">\n\t\t\t<span class=\"elementor-divider-separator\">\n\t\t\t\t\t\t<\/span>\n\t\t<\/div>\n\t\t\t\t\t\t<\/div>\n\t\t\t\t<\/div>\n\t\t\t\t\t<\/div>\n\t\t<\/div>\n\t\t\t\t\t<\/div>\n\t\t<\/section>\n\t\t\t\t<section class=\"elementor-section elementor-inner-section elementor-element elementor-element-b51090b elementor-section-boxed elementor-section-height-default elementor-section-height-default\" data-id=\"b51090b\" data-element_type=\"section\">\n\t\t\t\t\t\t<div class=\"elementor-container elementor-column-gap-wider\">\n\t\t\t\t\t<div class=\"elementor-column elementor-col-50 elementor-inner-column elementor-element elementor-element-5780fda\" data-id=\"5780fda\" data-element_type=\"column\">\n\t\t\t<div class=\"elementor-widget-wrap elementor-element-populated\">\n\t\t\t\t\t\t<div class=\"elementor-element elementor-element-53f8a16 elementor-position-left elementor-vertical-align-middle elementor-widget elementor-widget-image-box\" data-id=\"53f8a16\" data-element_type=\"widget\" data-widget_type=\"image-box.default\">\n\t\t\t\t<div class=\"elementor-widget-container\">\n\t\t\t\t\t<div class=\"elementor-image-box-wrapper\"><figure class=\"elementor-image-box-img\"><a href=\"http:\/\/www.icip.cat\/ca\/licip-lliura-el-premi-icip-constructors-de-pau-2014\/\" tabindex=\"-1\"><img loading=\"lazy\" decoding=\"async\" width=\"150\" height=\"150\" src=\"https:\/\/www.icip.cat\/wp-content\/uploads\/2020\/12\/wilpf-150x150.png\" class=\"elementor-animation-shrink attachment-thumbnail size-thumbnail wp-image-7942\" alt=\"\" srcset=\"https:\/\/www.icip.cat\/wp-content\/uploads\/2020\/12\/wilpf-150x150.png 150w, https:\/\/www.icip.cat\/wp-content\/uploads\/2020\/12\/wilpf-300x300.png 300w\" sizes=\"(max-width: 150px) 100vw, 150px\" \/><\/a><\/figure><div class=\"elementor-image-box-content\"><h3 class=\"elementor-image-box-title\"><a href=\"http:\/\/www.icip.cat\/ca\/licip-lliura-el-premi-icip-constructors-de-pau-2014\/\">WILPF, Premi ICIP 2014 <\/a><\/h3><\/div><\/div>\t\t\t\t<\/div>\n\t\t\t\t<\/div>\n\t\t\t\t<div class=\"elementor-element elementor-element-7e000e0 elementor-absolute elementor-widget-divider--view-line elementor-widget elementor-widget-divider\" data-id=\"7e000e0\" data-element_type=\"widget\" data-settings=\"{&quot;_position&quot;:&quot;absolute&quot;}\" data-widget_type=\"divider.default\">\n\t\t\t\t<div class=\"elementor-widget-container\">\n\t\t\t\t\t\t\t<div class=\"elementor-divider\">\n\t\t\t<span class=\"elementor-divider-separator\">\n\t\t\t\t\t\t<\/span>\n\t\t<\/div>\n\t\t\t\t\t\t<\/div>\n\t\t\t\t<\/div>\n\t\t\t\t\t<\/div>\n\t\t<\/div>\n\t\t\t\t<div class=\"elementor-column elementor-col-50 elementor-inner-column elementor-element elementor-element-0e5a7cb\" data-id=\"0e5a7cb\" data-element_type=\"column\">\n\t\t\t<div class=\"elementor-widget-wrap elementor-element-populated\">\n\t\t\t\t\t\t<div class=\"elementor-element elementor-element-0564400 elementor-position-left elementor-vertical-align-middle elementor-widget elementor-widget-image-box\" data-id=\"0564400\" data-element_type=\"widget\" data-widget_type=\"image-box.default\">\n\t\t\t\t<div class=\"elementor-widget-container\">\n\t\t\t\t\t<div class=\"elementor-image-box-wrapper\"><figure class=\"elementor-image-box-img\"><a href=\"http:\/\/www.icip.cat\/ca\/jovan-divjak-premi-icip-constructors-de-pau-2013\/\" tabindex=\"-1\"><img loading=\"lazy\" decoding=\"async\" width=\"150\" height=\"150\" src=\"https:\/\/www.icip.cat\/wp-content\/uploads\/2020\/12\/jovan-divjak-150x150.png\" class=\"elementor-animation-shrink attachment-thumbnail size-thumbnail wp-image-7946\" alt=\"\" srcset=\"https:\/\/www.icip.cat\/wp-content\/uploads\/2020\/12\/jovan-divjak-150x150.png 150w, https:\/\/www.icip.cat\/wp-content\/uploads\/2020\/12\/jovan-divjak-298x300.png 298w, https:\/\/www.icip.cat\/wp-content\/uploads\/2020\/12\/jovan-divjak-300x300.png 300w, https:\/\/www.icip.cat\/wp-content\/uploads\/2020\/12\/jovan-divjak.png 540w\" sizes=\"(max-width: 150px) 100vw, 150px\" \/><\/a><\/figure><div class=\"elementor-image-box-content\"><h3 class=\"elementor-image-box-title\"><a href=\"http:\/\/www.icip.cat\/ca\/jovan-divjak-premi-icip-constructors-de-pau-2013\/\">Jovan Divjak, Premi ICIP 2013 <\/a><\/h3><\/div><\/div>\t\t\t\t<\/div>\n\t\t\t\t<\/div>\n\t\t\t\t<div class=\"elementor-element elementor-element-a41c363 elementor-absolute elementor-widget-divider--view-line elementor-widget elementor-widget-divider\" data-id=\"a41c363\" data-element_type=\"widget\" data-settings=\"{&quot;_position&quot;:&quot;absolute&quot;}\" data-widget_type=\"divider.default\">\n\t\t\t\t<div class=\"elementor-widget-container\">\n\t\t\t\t\t\t\t<div class=\"elementor-divider\">\n\t\t\t<span class=\"elementor-divider-separator\">\n\t\t\t\t\t\t<\/span>\n\t\t<\/div>\n\t\t\t\t\t\t<\/div>\n\t\t\t\t<\/div>\n\t\t\t\t\t<\/div>\n\t\t<\/div>\n\t\t\t\t\t<\/div>\n\t\t<\/section>\n\t\t\t\t<section class=\"elementor-section elementor-inner-section elementor-element elementor-element-9912728 elementor-section-boxed elementor-section-height-default elementor-section-height-default\" data-id=\"9912728\" data-element_type=\"section\">\n\t\t\t\t\t\t<div class=\"elementor-container elementor-column-gap-wider\">\n\t\t\t\t\t<div class=\"elementor-column elementor-col-50 elementor-inner-column elementor-element elementor-element-c05d7d7\" data-id=\"c05d7d7\" data-element_type=\"column\">\n\t\t\t<div class=\"elementor-widget-wrap elementor-element-populated\">\n\t\t\t\t\t\t<div class=\"elementor-element elementor-element-eda4d9b elementor-position-left elementor-vertical-align-middle elementor-widget elementor-widget-image-box\" data-id=\"eda4d9b\" data-element_type=\"widget\" data-widget_type=\"image-box.default\">\n\t\t\t\t<div class=\"elementor-widget-container\">\n\t\t\t\t\t<div class=\"elementor-image-box-wrapper\"><figure class=\"elementor-image-box-img\"><a href=\"http:\/\/www.icip.cat\/ca\/mares-de-soacha-premi-icip-2012\/\" tabindex=\"-1\"><img loading=\"lazy\" decoding=\"async\" width=\"150\" height=\"150\" src=\"https:\/\/www.icip.cat\/wp-content\/uploads\/2020\/12\/Acompanyada-Constructors-Internacional-ICIP-FARC_884921580_51839176_1500x1053-1-150x150.jpg\" class=\"elementor-animation-shrink attachment-thumbnail size-thumbnail wp-image-7952\" alt=\"\" srcset=\"https:\/\/www.icip.cat\/wp-content\/uploads\/2020\/12\/Acompanyada-Constructors-Internacional-ICIP-FARC_884921580_51839176_1500x1053-1-150x150.jpg 150w, https:\/\/www.icip.cat\/wp-content\/uploads\/2020\/12\/Acompanyada-Constructors-Internacional-ICIP-FARC_884921580_51839176_1500x1053-1-300x300.jpg 300w\" sizes=\"(max-width: 150px) 100vw, 150px\" \/><\/a><\/figure><div class=\"elementor-image-box-content\"><h3 class=\"elementor-image-box-title\"><a href=\"http:\/\/www.icip.cat\/ca\/mares-de-soacha-premi-icip-2012\/\">Mares de Soacha, Premi ICIP 2012<\/a><\/h3><\/div><\/div>\t\t\t\t<\/div>\n\t\t\t\t<\/div>\n\t\t\t\t<div class=\"elementor-element elementor-element-ee9fff6 elementor-absolute elementor-widget-divider--view-line elementor-widget elementor-widget-divider\" data-id=\"ee9fff6\" data-element_type=\"widget\" data-settings=\"{&quot;_position&quot;:&quot;absolute&quot;}\" data-widget_type=\"divider.default\">\n\t\t\t\t<div class=\"elementor-widget-container\">\n\t\t\t\t\t\t\t<div class=\"elementor-divider\">\n\t\t\t<span class=\"elementor-divider-separator\">\n\t\t\t\t\t\t<\/span>\n\t\t<\/div>\n\t\t\t\t\t\t<\/div>\n\t\t\t\t<\/div>\n\t\t\t\t\t<\/div>\n\t\t<\/div>\n\t\t\t\t<div class=\"elementor-column elementor-col-50 elementor-inner-column elementor-element elementor-element-db1f2f3\" data-id=\"db1f2f3\" data-element_type=\"column\">\n\t\t\t<div class=\"elementor-widget-wrap elementor-element-populated\">\n\t\t\t\t\t\t<div class=\"elementor-element elementor-element-4986de7 elementor-absolute elementor-widget-divider--view-line elementor-widget elementor-widget-divider\" data-id=\"4986de7\" data-element_type=\"widget\" data-settings=\"{&quot;_position&quot;:&quot;absolute&quot;}\" data-widget_type=\"divider.default\">\n\t\t\t\t<div class=\"elementor-widget-container\">\n\t\t\t\t\t\t\t<div class=\"elementor-divider\">\n\t\t\t<span class=\"elementor-divider-separator\">\n\t\t\t\t\t\t<\/span>\n\t\t<\/div>\n\t\t\t\t\t\t<\/div>\n\t\t\t\t<\/div>\n\t\t\t\t<div class=\"elementor-element elementor-element-af5c830 elementor-position-left elementor-vertical-align-middle elementor-widget elementor-widget-image-box\" data-id=\"af5c830\" data-element_type=\"widget\" data-widget_type=\"image-box.default\">\n\t\t\t\t<div class=\"elementor-widget-container\">\n\t\t\t\t\t<div class=\"elementor-image-box-wrapper\"><figure class=\"elementor-image-box-img\"><a href=\"http:\/\/www.icip.cat\/ca\/collectiu-dobjectors-i-insubmisos-premi-icip-2011\/\" tabindex=\"-1\"><img loading=\"lazy\" decoding=\"async\" width=\"150\" height=\"150\" src=\"https:\/\/www.icip.cat\/wp-content\/uploads\/2020\/12\/Beunza_pepe_paz-2-150x150.jpg\" class=\"elementor-animation-shrink attachment-thumbnail size-thumbnail wp-image-7961\" alt=\"\" srcset=\"https:\/\/www.icip.cat\/wp-content\/uploads\/2020\/12\/Beunza_pepe_paz-2-150x150.jpg 150w, https:\/\/www.icip.cat\/wp-content\/uploads\/2020\/12\/Beunza_pepe_paz-2-300x300.jpg 300w\" sizes=\"(max-width: 150px) 100vw, 150px\" \/><\/a><\/figure><div class=\"elementor-image-box-content\"><h3 class=\"elementor-image-box-title\"><a href=\"http:\/\/www.icip.cat\/ca\/collectiu-dobjectors-i-insubmisos-premi-icip-2011\/\">Col\u00b7lectiu d'objectors i insubmisos, Premi ICIP 2011 <\/a><\/h3><\/div><\/div>\t\t\t\t<\/div>\n\t\t\t\t<\/div>\n\t\t\t\t\t<\/div>\n\t\t<\/div>\n\t\t\t\t\t<\/div>\n\t\t<\/section>\n\t\t\t\t<section class=\"elementor-section elementor-inner-section elementor-element elementor-element-f8954c0 elementor-section-boxed elementor-section-height-default elementor-section-height-default\" data-id=\"f8954c0\" data-element_type=\"section\">\n\t\t\t\t\t\t<div class=\"elementor-container elementor-column-gap-wider\">\n\t\t\t\t\t<div class=\"elementor-column elementor-col-50 elementor-inner-column elementor-element elementor-element-b9c802f\" data-id=\"b9c802f\" data-element_type=\"column\">\n\t\t\t<div class=\"elementor-widget-wrap elementor-element-populated\">\n\t\t\t\t\t\t<div class=\"elementor-element elementor-element-af2c05d elementor-position-left elementor-vertical-align-middle elementor-widget elementor-widget-image-box\" data-id=\"af2c05d\" data-element_type=\"widget\" data-widget_type=\"image-box.default\">\n\t\t\t\t<div class=\"elementor-widget-container\">\n\t\t\t\t\t<div class=\"elementor-image-box-wrapper\"><figure class=\"elementor-image-box-img\"><a href=\"http:\/\/www.icip.cat\/ca\/el-parlament-rep-el-premi-icip-constructors-de-pau\/\" tabindex=\"-1\"><img loading=\"lazy\" decoding=\"async\" width=\"150\" height=\"150\" src=\"https:\/\/www.icip.cat\/wp-content\/uploads\/2020\/12\/589738-1-150x150.jpg\" class=\"elementor-animation-shrink attachment-thumbnail size-thumbnail wp-image-7969\" alt=\"\" srcset=\"https:\/\/www.icip.cat\/wp-content\/uploads\/2020\/12\/589738-1-150x150.jpg 150w, https:\/\/www.icip.cat\/wp-content\/uploads\/2020\/12\/589738-1-300x300.jpg 300w\" sizes=\"(max-width: 150px) 100vw, 150px\" \/><\/a><\/figure><div class=\"elementor-image-box-content\"><h3 class=\"elementor-image-box-title\"><a href=\"http:\/\/www.icip.cat\/ca\/el-parlament-rep-el-premi-icip-constructors-de-pau\/\">Parlament de Catalunya, Premi ICIP 2011 (edici\u00f3 extraordin\u00e0ria)  <\/a><\/h3><\/div><\/div>\t\t\t\t<\/div>\n\t\t\t\t<\/div>\n\t\t\t\t<div class=\"elementor-element elementor-element-72f596c elementor-absolute elementor-widget-divider--view-line elementor-widget elementor-widget-divider\" data-id=\"72f596c\" data-element_type=\"widget\" data-settings=\"{&quot;_position&quot;:&quot;absolute&quot;}\" data-widget_type=\"divider.default\">\n\t\t\t\t<div class=\"elementor-widget-container\">\n\t\t\t\t\t\t\t<div class=\"elementor-divider\">\n\t\t\t<span class=\"elementor-divider-separator\">\n\t\t\t\t\t\t<\/span>\n\t\t<\/div>\n\t\t\t\t\t\t<\/div>\n\t\t\t\t<\/div>\n\t\t\t\t\t<\/div>\n\t\t<\/div>\n\t\t\t\t<div class=\"elementor-column elementor-col-50 elementor-inner-column elementor-element elementor-element-59c6470\" data-id=\"59c6470\" data-element_type=\"column\">\n\t\t\t<div class=\"elementor-widget-wrap elementor-element-populated\">\n\t\t\t\t\t\t<div class=\"elementor-element elementor-element-a42dbf1 elementor-absolute elementor-widget-divider--view-line elementor-widget elementor-widget-divider\" data-id=\"a42dbf1\" data-element_type=\"widget\" data-settings=\"{&quot;_position&quot;:&quot;absolute&quot;}\" data-widget_type=\"divider.default\">\n\t\t\t\t<div class=\"elementor-widget-container\">\n\t\t\t\t\t\t\t<div class=\"elementor-divider\">\n\t\t\t<span class=\"elementor-divider-separator\">\n\t\t\t\t\t\t<\/span>\n\t\t<\/div>\n\t\t\t\t\t\t<\/div>\n\t\t\t\t<\/div>\n\t\t\t\t\t<\/div>\n\t\t<\/div>\n\t\t\t\t\t<\/div>\n\t\t<\/section>\n\t\t\t\t\t<\/div>\n\t\t<\/div>\n\t\t\t\t\t<\/div>\n\t\t<\/section>\n\t\t\t\t<section class=\"elementor-section elementor-top-section elementor-element elementor-element-f4a30e6 elementor-section-boxed elementor-section-height-default elementor-section-height-default\" data-id=\"f4a30e6\" data-element_type=\"section\" data-settings=\"{&quot;background_background&quot;:&quot;classic&quot;}\">\n\t\t\t\t\t\t<div class=\"elementor-container elementor-column-gap-default\">\n\t\t\t\t\t<div class=\"elementor-column elementor-col-100 elementor-top-column elementor-element elementor-element-fb323be\" data-id=\"fb323be\" data-element_type=\"column\" data-settings=\"{&quot;background_background&quot;:&quot;classic&quot;}\">\n\t\t\t<div class=\"elementor-widget-wrap elementor-element-populated\">\n\t\t\t\t\t\t<div class=\"elementor-element elementor-element-19d3682 elementor-widget elementor-widget-spacer\" data-id=\"19d3682\" data-element_type=\"widget\" data-widget_type=\"spacer.default\">\n\t\t\t\t<div class=\"elementor-widget-container\">\n\t\t\t\t\t\t\t<div class=\"elementor-spacer\">\n\t\t\t<div class=\"elementor-spacer-inner\"><\/div>\n\t\t<\/div>\n\t\t\t\t\t\t<\/div>\n\t\t\t\t<\/div>\n\t\t\t\t<div class=\"elementor-element elementor-element-dead707 elementor-widget elementor-widget-heading\" data-id=\"dead707\" data-element_type=\"widget\" data-widget_type=\"heading.default\">\n\t\t\t\t<div class=\"elementor-widget-container\">\n\t\t\t\t\t<h2 class=\"elementor-heading-title elementor-size-default\">Altres premis de l'ICIP<\/h2>\t\t\t\t<\/div>\n\t\t\t\t<\/div>\n\t\t\t\t<section class=\"elementor-section elementor-inner-section elementor-element elementor-element-f5fb2a6 elementor-section-boxed elementor-section-height-default elementor-section-height-default\" data-id=\"f5fb2a6\" data-element_type=\"section\">\n\t\t\t\t\t\t<div class=\"elementor-container elementor-column-gap-wide\">\n\t\t\t\t\t<div class=\"elementor-column elementor-col-50 elementor-inner-column elementor-element elementor-element-bdc0a30\" data-id=\"bdc0a30\" data-element_type=\"column\">\n\t\t\t<div class=\"elementor-widget-wrap elementor-element-populated\">\n\t\t\t\t\t\t<div class=\"elementor-element elementor-element-1be602d elementor-widget elementor-widget-heading\" data-id=\"1be602d\" data-element_type=\"widget\" data-widget_type=\"heading.default\">\n\t\t\t\t<div class=\"elementor-widget-container\">\n\t\t\t\t\t<h3 class=\"elementor-heading-title elementor-size-xl\">Premi ICIP Alfons Banda<\/h3>\t\t\t\t<\/div>\n\t\t\t\t<\/div>\n\t\t\t\t<div class=\"elementor-element elementor-element-c779b2c elementor-widget-divider--view-line elementor-widget elementor-widget-divider\" data-id=\"c779b2c\" data-element_type=\"widget\" data-widget_type=\"divider.default\">\n\t\t\t\t<div class=\"elementor-widget-container\">\n\t\t\t\t\t\t\t<div class=\"elementor-divider\">\n\t\t\t<span class=\"elementor-divider-separator\">\n\t\t\t\t\t\t<\/span>\n\t\t<\/div>\n\t\t\t\t\t\t<\/div>\n\t\t\t\t<\/div>\n\t\t\t\t<div class=\"elementor-element elementor-element-6652957 elementor-widget elementor-widget-text-editor\" data-id=\"6652957\" data-element_type=\"widget\" data-widget_type=\"text-editor.default\">\n\t\t\t\t<div class=\"elementor-widget-container\">\n\t\t\t\t\t\t\t\t\t<p>L\u2019objectiu \u00e9s donar visibilitat al comprom\u00eds i la creativitat dels joves en l\u2019\u00e0mbit de la cultura de pau. El guard\u00f3 forma part dels Premis de Recerca Jove.<\/p><p>\u00a0<\/p><p>\u00a0<\/p><p><a href=\"http:\/\/www.icip.cat\/ca\/premi-icip-alfons-banda\"><span style=\"text-decoration: underline;\"><strong>M\u00e9s informaci\u00f3<\/strong><\/span><\/a><\/p>\t\t\t\t\t\t\t\t<\/div>\n\t\t\t\t<\/div>\n\t\t\t\t\t<\/div>\n\t\t<\/div>\n\t\t\t\t<div class=\"elementor-column elementor-col-50 elementor-inner-column elementor-element elementor-element-8b318b4\" data-id=\"8b318b4\" data-element_type=\"column\">\n\t\t\t<div class=\"elementor-widget-wrap elementor-element-populated\">\n\t\t\t\t\t\t<div class=\"elementor-element elementor-element-0a6822e elementor-widget elementor-widget-heading\" data-id=\"0a6822e\" data-element_type=\"widget\" data-widget_type=\"heading.default\">\n\t\t\t\t<div class=\"elementor-widget-container\">\n\t\t\t\t\t<h3 class=\"elementor-heading-title elementor-size-xl\">Concurs de Hip-hop per la Pau<\/h3>\t\t\t\t<\/div>\n\t\t\t\t<\/div>\n\t\t\t\t<div class=\"elementor-element elementor-element-f0b314e elementor-widget-divider--view-line elementor-widget elementor-widget-divider\" data-id=\"f0b314e\" data-element_type=\"widget\" data-widget_type=\"divider.default\">\n\t\t\t\t<div class=\"elementor-widget-container\">\n\t\t\t\t\t\t\t<div class=\"elementor-divider\">\n\t\t\t<span class=\"elementor-divider-separator\">\n\t\t\t\t\t\t<\/span>\n\t\t<\/div>\n\t\t\t\t\t\t<\/div>\n\t\t\t\t<\/div>\n\t\t\t\t<div class=\"elementor-element elementor-element-cdcefe6 elementor-widget elementor-widget-text-editor\" data-id=\"cdcefe6\" data-element_type=\"widget\" data-widget_type=\"text-editor.default\">\n\t\t\t\t<div class=\"elementor-widget-container\">\n\t\t\t\t\t\t\t\t\t<p>L&#8217;objectiu \u00e9s donar visibilitat al comprom\u00eds i la creativitat dels joves en l&#8217;\u00e0mbit de la cultura de pau. Concurs adre\u00e7at a joves de Catalunya de 12 a 25 anys.&nbsp;<\/p>\n<p><\/p>\n<p><\/p>\n<p><br><\/p><p><br><\/p><p><a href=\"http:\/\/www.icip.cat\/ca\/premi-icip-hip-hop-per-la-pau\/\"><span style=\"text-decoration: underline;\"><strong>M\u00e9s informaci\u00f3<\/strong><\/span><\/a><\/p>\t\t\t\t\t\t\t\t<\/div>\n\t\t\t\t<\/div>\n\t\t\t\t\t<\/div>\n\t\t<\/div>\n\t\t\t\t\t<\/div>\n\t\t<\/section>\n\t\t\t\t\t<\/div>\n\t\t<\/div>\n\t\t\t\t\t<\/div>\n\t\t<\/section>\n\t\t\t\t<\/div>\n\t\t","protected":false},"excerpt":{"rendered":"<p>Premi ICIP Construcci\u00f3 de Pau L&#8217;ICIP convoca anualment, des de l&#8217;any 2011, el Premi ICIP Construcci\u00f3 de Pau amb la finalitat de guardonar i recon\u00e8ixer p\u00fablicament persones, entitats o institucions que han treballat i han contribu\u00eft de manera destacada i dilatada en el foment i la construcci\u00f3 de la pau. El guard\u00f3 el concedeix la [&hellip;]<\/p>\n","protected":false},"author":1,"featured_media":0,"parent":0,"menu_order":0,"comment_status":"closed","ping_status":"closed","template":"","meta":{"_acf_changed":false,"footnotes":""},"class_list":["post-2406","page","type-page","status-publish","hentry"],"acf":[],"yoast_head":"<!-- This site is optimized with the Yoast SEO plugin v25.6 - https:\/\/yoast.com\/wordpress\/plugins\/seo\/ -->\n<title>Premi ICIP Constructors de Pau - ICIP<\/title>\n<meta name=\"robots\" content=\"index, follow, max-snippet:-1, max-image-preview:large, max-video-preview:-1\" \/>\n<link rel=\"canonical\" href=\"https:\/\/www.icip.cat\/ca\/premi-icip-construccio-de-pau\/\" \/>\n<meta property=\"og:locale\" content=\"ca_ES\" \/>\n<meta property=\"og:type\" content=\"article\" \/>\n<meta property=\"og:title\" content=\"Premi ICIP Constructors de Pau - ICIP\" \/>\n<meta property=\"og:description\" content=\"Premi ICIP Construcci\u00f3 de Pau L&#8217;ICIP convoca anualment, des de l&#8217;any 2011, el Premi ICIP Construcci\u00f3 de Pau amb la finalitat de guardonar i recon\u00e8ixer p\u00fablicament persones, entitats o institucions que han treballat i han contribu\u00eft de manera destacada i dilatada en el foment i la construcci\u00f3 de la pau. El guard\u00f3 el concedeix la [&hellip;]\" \/>\n<meta property=\"og:url\" content=\"https:\/\/www.icip.cat\/ca\/premi-icip-construccio-de-pau\/\" \/>\n<meta property=\"og:site_name\" content=\"ICIP\" \/>\n<meta property=\"article:modified_time\" content=\"2026-01-15T06:53:44+00:00\" \/>\n<meta property=\"og:image\" content=\"https:\/\/www.icip.cat\/wp-content\/uploads\/2025\/05\/Women-Now-Centre-1-scaled.jpg\" \/>\n\t<meta property=\"og:image:width\" content=\"2560\" \/>\n\t<meta property=\"og:image:height\" content=\"1707\" \/>\n\t<meta property=\"og:image:type\" content=\"image\/jpeg\" \/>\n<meta name=\"twitter:card\" content=\"summary_large_image\" \/>\n<meta name=\"twitter:title\" content=\"Premi ICIP Construcci\u00f3 de la Pau\" \/>\n<meta name=\"twitter:label1\" content=\"Temps estimat de lectura\" \/>\n\t<meta name=\"twitter:data1\" content=\"5 minuts\" \/>\n<script type=\"application\/ld+json\" class=\"yoast-schema-graph\">{\"@context\":\"https:\/\/schema.org\",\"@graph\":[{\"@type\":\"WebPage\",\"@id\":\"https:\/\/www.icip.cat\/ca\/premi-icip-construccio-de-pau\/\",\"url\":\"https:\/\/www.icip.cat\/ca\/premi-icip-construccio-de-pau\/\",\"name\":\"Premi ICIP Constructors de Pau - ICIP\",\"isPartOf\":{\"@id\":\"https:\/\/www.icip.cat\/ca\/#website\"},\"primaryImageOfPage\":{\"@id\":\"https:\/\/www.icip.cat\/ca\/premi-icip-construccio-de-pau\/#primaryimage\"},\"image\":{\"@id\":\"https:\/\/www.icip.cat\/ca\/premi-icip-construccio-de-pau\/#primaryimage\"},\"thumbnailUrl\":\"https:\/\/www.icip.cat\/wp-content\/uploads\/2025\/05\/Women-Now-Centre-1-150x150.jpg\",\"datePublished\":\"2020-11-20T12:42:37+00:00\",\"dateModified\":\"2026-01-15T06:53:44+00:00\",\"inLanguage\":\"ca\",\"potentialAction\":[{\"@type\":\"ReadAction\",\"target\":[\"https:\/\/www.icip.cat\/ca\/premi-icip-construccio-de-pau\/\"]}]},{\"@type\":\"ImageObject\",\"inLanguage\":\"ca\",\"@id\":\"https:\/\/www.icip.cat\/ca\/premi-icip-construccio-de-pau\/#primaryimage\",\"url\":\"https:\/\/www.icip.cat\/wp-content\/uploads\/2025\/05\/Women-Now-Centre-1-150x150.jpg\",\"contentUrl\":\"https:\/\/www.icip.cat\/wp-content\/uploads\/2025\/05\/Women-Now-Centre-1-150x150.jpg\"},{\"@type\":\"WebSite\",\"@id\":\"https:\/\/www.icip.cat\/ca\/#website\",\"url\":\"https:\/\/www.icip.cat\/ca\/\",\"name\":\"ICIP\",\"description\":\"\",\"publisher\":{\"@id\":\"https:\/\/www.icip.cat\/ca\/#organization\"},\"potentialAction\":[{\"@type\":\"SearchAction\",\"target\":{\"@type\":\"EntryPoint\",\"urlTemplate\":\"https:\/\/www.icip.cat\/ca\/?s={search_term_string}\"},\"query-input\":{\"@type\":\"PropertyValueSpecification\",\"valueRequired\":true,\"valueName\":\"search_term_string\"}}],\"inLanguage\":\"ca\"},{\"@type\":\"Organization\",\"@id\":\"https:\/\/www.icip.cat\/ca\/#organization\",\"name\":\"ICIP\",\"url\":\"https:\/\/www.icip.cat\/ca\/\",\"logo\":{\"@type\":\"ImageObject\",\"inLanguage\":\"ca\",\"@id\":\"https:\/\/www.icip.cat\/ca\/#\/schema\/logo\/image\/\",\"url\":\"https:\/\/www.icip.cat\/wp-content\/uploads\/2021\/02\/logo-2.png\",\"contentUrl\":\"https:\/\/www.icip.cat\/wp-content\/uploads\/2021\/02\/logo-2.png\",\"width\":562,\"height\":391,\"caption\":\"ICIP\"},\"image\":{\"@id\":\"https:\/\/www.icip.cat\/ca\/#\/schema\/logo\/image\/\"}}]}<\/script>\n<!-- \/ Yoast SEO plugin. -->","yoast_head_json":{"title":"Premi ICIP Constructors de Pau - ICIP","robots":{"index":"index","follow":"follow","max-snippet":"max-snippet:-1","max-image-preview":"max-image-preview:large","max-video-preview":"max-video-preview:-1"},"canonical":"https:\/\/www.icip.cat\/ca\/premi-icip-construccio-de-pau\/","og_locale":"ca_ES","og_type":"article","og_title":"Premi ICIP Constructors de Pau - ICIP","og_description":"Premi ICIP Construcci\u00f3 de Pau L&#8217;ICIP convoca anualment, des de l&#8217;any 2011, el Premi ICIP Construcci\u00f3 de Pau amb la finalitat de guardonar i recon\u00e8ixer p\u00fablicament persones, entitats o institucions que han treballat i han contribu\u00eft de manera destacada i dilatada en el foment i la construcci\u00f3 de la pau. El guard\u00f3 el concedeix la [&hellip;]","og_url":"https:\/\/www.icip.cat\/ca\/premi-icip-construccio-de-pau\/","og_site_name":"ICIP","article_modified_time":"2026-01-15T06:53:44+00:00","og_image":[{"width":2560,"height":1707,"url":"https:\/\/www.icip.cat\/wp-content\/uploads\/2025\/05\/Women-Now-Centre-1-scaled.jpg","type":"image\/jpeg"}],"twitter_card":"summary_large_image","twitter_title":"Premi ICIP Construcci\u00f3 de la Pau","twitter_misc":{"Temps estimat de lectura":"5 minuts"},"schema":{"@context":"https:\/\/schema.org","@graph":[{"@type":"WebPage","@id":"https:\/\/www.icip.cat\/ca\/premi-icip-construccio-de-pau\/","url":"https:\/\/www.icip.cat\/ca\/premi-icip-construccio-de-pau\/","name":"Premi ICIP Constructors de Pau - ICIP","isPartOf":{"@id":"https:\/\/www.icip.cat\/ca\/#website"},"primaryImageOfPage":{"@id":"https:\/\/www.icip.cat\/ca\/premi-icip-construccio-de-pau\/#primaryimage"},"image":{"@id":"https:\/\/www.icip.cat\/ca\/premi-icip-construccio-de-pau\/#primaryimage"},"thumbnailUrl":"https:\/\/www.icip.cat\/wp-content\/uploads\/2025\/05\/Women-Now-Centre-1-150x150.jpg","datePublished":"2020-11-20T12:42:37+00:00","dateModified":"2026-01-15T06:53:44+00:00","inLanguage":"ca","potentialAction":[{"@type":"ReadAction","target":["https:\/\/www.icip.cat\/ca\/premi-icip-construccio-de-pau\/"]}]},{"@type":"ImageObject","inLanguage":"ca","@id":"https:\/\/www.icip.cat\/ca\/premi-icip-construccio-de-pau\/#primaryimage","url":"https:\/\/www.icip.cat\/wp-content\/uploads\/2025\/05\/Women-Now-Centre-1-150x150.jpg","contentUrl":"https:\/\/www.icip.cat\/wp-content\/uploads\/2025\/05\/Women-Now-Centre-1-150x150.jpg"},{"@type":"WebSite","@id":"https:\/\/www.icip.cat\/ca\/#website","url":"https:\/\/www.icip.cat\/ca\/","name":"ICIP","description":"","publisher":{"@id":"https:\/\/www.icip.cat\/ca\/#organization"},"potentialAction":[{"@type":"SearchAction","target":{"@type":"EntryPoint","urlTemplate":"https:\/\/www.icip.cat\/ca\/?s={search_term_string}"},"query-input":{"@type":"PropertyValueSpecification","valueRequired":true,"valueName":"search_term_string"}}],"inLanguage":"ca"},{"@type":"Organization","@id":"https:\/\/www.icip.cat\/ca\/#organization","name":"ICIP","url":"https:\/\/www.icip.cat\/ca\/","logo":{"@type":"ImageObject","inLanguage":"ca","@id":"https:\/\/www.icip.cat\/ca\/#\/schema\/logo\/image\/","url":"https:\/\/www.icip.cat\/wp-content\/uploads\/2021\/02\/logo-2.png","contentUrl":"https:\/\/www.icip.cat\/wp-content\/uploads\/2021\/02\/logo-2.png","width":562,"height":391,"caption":"ICIP"},"image":{"@id":"https:\/\/www.icip.cat\/ca\/#\/schema\/logo\/image\/"}}]}},"_links":{"self":[{"href":"https:\/\/www.icip.cat\/ca\/wp-json\/wp\/v2\/pages\/2406","targetHints":{"allow":["GET"]}}],"collection":[{"href":"https:\/\/www.icip.cat\/ca\/wp-json\/wp\/v2\/pages"}],"about":[{"href":"https:\/\/www.icip.cat\/ca\/wp-json\/wp\/v2\/types\/page"}],"author":[{"embeddable":true,"href":"https:\/\/www.icip.cat\/ca\/wp-json\/wp\/v2\/users\/1"}],"replies":[{"embeddable":true,"href":"https:\/\/www.icip.cat\/ca\/wp-json\/wp\/v2\/comments?post=2406"}],"version-history":[{"count":338,"href":"https:\/\/www.icip.cat\/ca\/wp-json\/wp\/v2\/pages\/2406\/revisions"}],"predecessor-version":[{"id":60550,"href":"https:\/\/www.icip.cat\/ca\/wp-json\/wp\/v2\/pages\/2406\/revisions\/60550"}],"wp:attachment":[{"href":"https:\/\/www.icip.cat\/ca\/wp-json\/wp\/v2\/media?parent=2406"}],"curies":[{"name":"wp","href":"https:\/\/api.w.org\/{rel}","templated":true}]}}