{"id":25112,"date":"2022-02-15T11:17:04","date_gmt":"2022-02-15T11:17:04","guid":{"rendered":"http:\/\/www.icip.cat\/?page_id=25112"},"modified":"2025-08-20T12:54:38","modified_gmt":"2025-08-20T12:54:38","slug":"ciutats-defensores-dels-drets-humans","status":"publish","type":"page","link":"https:\/\/www.icip.cat\/ca\/ciutats-defensores-dels-drets-humans\/","title":{"rendered":"Ciutats Defensores dels Drets Humans"},"content":{"rendered":"\t\t<div data-elementor-type=\"wp-page\" data-elementor-id=\"25112\" class=\"elementor elementor-25112\" data-elementor-post-type=\"page\">\n\t\t\t\t\t\t<section class=\"elementor-section elementor-top-section elementor-element elementor-element-45df66c elementor-section-boxed elementor-section-height-default elementor-section-height-default\" data-id=\"45df66c\" data-element_type=\"section\" data-settings=\"{&quot;background_background&quot;:&quot;classic&quot;}\">\n\t\t\t\t\t\t\t<div class=\"elementor-background-overlay\"><\/div>\n\t\t\t\t\t\t\t<div class=\"elementor-container elementor-column-gap-default\">\n\t\t\t\t\t<div class=\"elementor-column elementor-col-100 elementor-top-column elementor-element elementor-element-2b384b4\" data-id=\"2b384b4\" data-element_type=\"column\">\n\t\t\t<div class=\"elementor-widget-wrap elementor-element-populated\">\n\t\t\t\t\t\t<div class=\"elementor-element elementor-element-5d8b546 elementor-widget elementor-widget-heading\" data-id=\"5d8b546\" data-element_type=\"widget\" data-widget_type=\"heading.default\">\n\t\t\t\t<div class=\"elementor-widget-container\">\n\t\t\t\t\t<h1 class=\"elementor-heading-title elementor-size-xl\">Ciutats Defensores dels Drets Humans<\/h1>\t\t\t\t<\/div>\n\t\t\t\t<\/div>\n\t\t\t\t\t<\/div>\n\t\t<\/div>\n\t\t\t\t\t<\/div>\n\t\t<\/section>\n\t\t\t\t<section class=\"elementor-section elementor-top-section elementor-element elementor-element-cbd4b0f elementor-section-boxed elementor-section-height-default elementor-section-height-default\" data-id=\"cbd4b0f\" data-element_type=\"section\">\n\t\t\t\t\t\t<div class=\"elementor-container elementor-column-gap-default\">\n\t\t\t\t\t<div class=\"elementor-column elementor-col-100 elementor-top-column elementor-element elementor-element-2386ddb\" data-id=\"2386ddb\" data-element_type=\"column\">\n\t\t\t<div class=\"elementor-widget-wrap elementor-element-populated\">\n\t\t\t\t\t\t<div class=\"elementor-element elementor-element-062599d elementor-widget elementor-widget-text-editor\" data-id=\"062599d\" data-element_type=\"widget\" data-widget_type=\"text-editor.default\">\n\t\t\t\t<div class=\"elementor-widget-container\">\n\t\t\t\t\t\t\t\t\t<p>Des de l\u2019any 2013 l\u2019ICIP forma part de les institucions p\u00fabliques i organitzacions que donen vida i suport al projecte <a href=\"https:\/\/ciutatsdretshumans.cat\/\"><strong>Ciutats Defensores dels Drets Humans<\/strong><\/a>, en el qual participen diferents municipis catalans.<\/p><p>L\u2019objectiu de la iniciativa \u00e9s donar a con\u00e8ixer la tasca dels i les activistes pels drets humans d\u2019arreu del m\u00f3n a trav\u00e9s del seu propi testimoni i conscienciar la ciutadania sobre la import\u00e0ncia del suport internacional a les seves lluites, aix\u00ed com de la necessitat d\u2019integrar la defensa dels drets humans en la nostra tasca quotidiana.<\/p><p>Des de l\u2019inici del programa desenes d\u2019activistes procedents de tot el m\u00f3n han visitat Catalunya per participar en nombroses activitats de sensibilitzaci\u00f3 sobre el paper dels defensors en la promoci\u00f3 i protecci\u00f3 dels drets i les llibertats fonamentals i els perills als quals s\u2019enfronten en el desenvolupament de la seva tasca.<\/p>\t\t\t\t\t\t\t\t<\/div>\n\t\t\t\t<\/div>\n\t\t\t\t<div class=\"elementor-element elementor-element-0ce5ff7 elementor-button-warning elementor-align-center elementor-widget elementor-widget-button\" data-id=\"0ce5ff7\" data-element_type=\"widget\" data-widget_type=\"button.default\">\n\t\t\t\t<div class=\"elementor-widget-container\">\n\t\t\t\t\t\t\t\t\t<div class=\"elementor-button-wrapper\">\n\t\t\t\t\t<a class=\"elementor-button elementor-button-link elementor-size-lg\" href=\"https:\/\/ciutatsdretshumans.cat\/\">\n\t\t\t\t\t\t<span class=\"elementor-button-content-wrapper\">\n\t\t\t\t\t\t\t\t\t<span class=\"elementor-button-text\">Visita el web del projecte<\/span>\n\t\t\t\t\t<\/span>\n\t\t\t\t\t<\/a>\n\t\t\t\t<\/div>\n\t\t\t\t\t\t\t\t<\/div>\n\t\t\t\t<\/div>\n\t\t\t\t<div class=\"elementor-element elementor-element-a7cd29a elementor-widget elementor-widget-spacer\" data-id=\"a7cd29a\" data-element_type=\"widget\" data-widget_type=\"spacer.default\">\n\t\t\t\t<div class=\"elementor-widget-container\">\n\t\t\t\t\t\t\t<div class=\"elementor-spacer\">\n\t\t\t<div class=\"elementor-spacer-inner\"><\/div>\n\t\t<\/div>\n\t\t\t\t\t\t<\/div>\n\t\t\t\t<\/div>\n\t\t\t\t<div class=\"elementor-element elementor-element-7b56f89 elementor-widget elementor-widget-heading\" data-id=\"7b56f89\" data-element_type=\"widget\" data-widget_type=\"heading.default\">\n\t\t\t\t<div class=\"elementor-widget-container\">\n\t\t\t\t\t<h2 class=\"elementor-heading-title elementor-size-default\">Edici\u00f3 2025<\/h2>\t\t\t\t<\/div>\n\t\t\t\t<\/div>\n\t\t\t\t<div class=\"elementor-element elementor-element-1bf204f elementor-widget-divider--view-line elementor-widget elementor-widget-divider\" data-id=\"1bf204f\" data-element_type=\"widget\" data-widget_type=\"divider.default\">\n\t\t\t\t<div class=\"elementor-widget-container\">\n\t\t\t\t\t\t\t<div class=\"elementor-divider\">\n\t\t\t<span class=\"elementor-divider-separator\">\n\t\t\t\t\t\t<\/span>\n\t\t<\/div>\n\t\t\t\t\t\t<\/div>\n\t\t\t\t<\/div>\n\t\t\t\t<div class=\"elementor-element elementor-element-03b1f1f elementor-widget elementor-widget-text-editor\" data-id=\"03b1f1f\" data-element_type=\"widget\" data-widget_type=\"text-editor.default\">\n\t\t\t\t<div class=\"elementor-widget-container\">\n\t\t\t\t\t\t\t\t\t<p data-start=\"137\" data-end=\"283\">Com en altres edicions, la XV edici\u00f3 del programa <strong data-start=\"187\" data-end=\"227\">Ciutats Defensores dels Drets Humans<\/strong> ha comptat amb una gira de primavera i una de tardor.<\/p><p data-start=\"285\" data-end=\"425\">L\u2019edici\u00f3 de primavera es va celebrar del <strong data-start=\"326\" data-end=\"361\">31 de mar\u00e7 al 9 d\u2019abril de 2025<\/strong> i la de tardor del <strong data-start=\"381\" data-end=\"422\">30 de setembre al 9 d\u2019octubre de 2025<\/strong>.<\/p><p data-start=\"427\" data-end=\"843\">Un total de <strong data-start=\"439\" data-end=\"484\">nou persones defensores dels drets humans<\/strong> han visitat diversos municipis catalans per explicar la seva tasca i donar visibilitat a les seves lluites. Durant la seva estada, les activistes han participat en activitats de sensibilitzaci\u00f3 i tallers a les escoles, han mantingut reunions institucionals d\u2019incid\u00e8ncia pol\u00edtica i trobades amb entitats locals, i han ofert xerrades obertes a la ciutadania.<\/p><p data-start=\"845\" data-end=\"892\">Les persones defensores convidades han estat:<\/p><ul data-start=\"894\" data-end=\"1827\"><li data-start=\"894\" data-end=\"966\"><p data-start=\"896\" data-end=\"966\"><strong data-start=\"896\" data-end=\"919\">Ana Mar\u00eda Hern\u00e1ndez<\/strong>, defensora mexicana pels drets de les dones.<\/p><\/li><li data-start=\"967\" data-end=\"1049\"><p data-start=\"969\" data-end=\"1049\"><strong data-start=\"969\" data-end=\"983\">Mar\u00eda Caal<\/strong>, activista maia Q\u2019eqchi\u2019 i defensora ambiental i del territori.<\/p><\/li><li data-start=\"1050\" data-end=\"1140\"><p data-start=\"1052\" data-end=\"1140\"><strong data-start=\"1052\" data-end=\"1069\">Mar\u00eda Galindo<\/strong>, activista, escriptora i cofundadora de <em data-start=\"1110\" data-end=\"1127\">Mujeres Creando<\/em> (Bol\u00edvia).<\/p><\/li><li data-start=\"1141\" data-end=\"1188\"><p data-start=\"1143\" data-end=\"1188\"><strong data-start=\"1143\" data-end=\"1161\">Nadine Feghaly<\/strong>, il\u00b7lustradora libanesa.<\/p><\/li><li data-start=\"1189\" data-end=\"1272\"><p data-start=\"1191\" data-end=\"1272\"><strong data-start=\"1191\" data-end=\"1205\">Sani Ladan<\/strong>, activista camerun\u00e8s, especialista en migracions i drets humans.<\/p><\/li><li data-start=\"1273\" data-end=\"1430\"><p data-start=\"1275\" data-end=\"1430\"><strong data-start=\"1275\" data-end=\"1313\">Maria de Lourdes Ruiz, \u201cMama Lulu\u201d<\/strong>, directora del <em data-start=\"1329\" data-end=\"1357\">Colectivo Luz de Esperanza<\/em> (M\u00e8xic), que acompanya fam\u00edlies en la cerca de persones desaparegudes.<\/p><\/li><li data-start=\"1431\" data-end=\"1538\"><p data-start=\"1433\" data-end=\"1538\"><strong data-start=\"1433\" data-end=\"1447\">Itza L\u00f3pez<\/strong>, jove nicarag\u00fcenca exiliada a Barcelona, protagonista del documental <em data-start=\"1517\" data-end=\"1535\">El viatge d\u2019Itza<\/em>.<\/p><\/li><li data-start=\"1539\" data-end=\"1654\"><p data-start=\"1541\" data-end=\"1654\"><strong data-start=\"1541\" data-end=\"1556\">Yara Harake<\/strong>, defensora dels drets humans del L\u00edban, que advoca per la just\u00edcia, la dignitat i la llibertat.<\/p><\/li><li data-start=\"1655\" data-end=\"1827\"><p data-start=\"1657\" data-end=\"1827\"><strong data-start=\"1657\" data-end=\"1672\">Roland Ngoy<\/strong>, activista de la Rep\u00fablica Democr\u00e0tica del Congo que denuncia la situaci\u00f3 sociopol\u00edtica al pa\u00eds i la seva relaci\u00f3 amb l\u2019explotaci\u00f3 de recursos naturals.<\/p><\/li><\/ul><p data-start=\"1829\" data-end=\"2065\">Aquest projecte est\u00e0 coordinat pel <strong data-start=\"1864\" data-end=\"1912\">Fons Catal\u00e0 de Cooperaci\u00f3 al Desenvolupament<\/strong>, juntament amb la <strong data-start=\"1931\" data-end=\"1971\">Comissi\u00f3 Catalana d\u2019Acci\u00f3 pel Refugi<\/strong> i la participaci\u00f3 d\u2019ajuntaments, entitats i institucions, entre les quals hi ha l\u2019<strong data-start=\"2054\" data-end=\"2062\">ICIP<\/strong>.<\/p>\t\t\t\t\t\t\t\t<\/div>\n\t\t\t\t<\/div>\n\t\t\t\t<div class=\"elementor-element elementor-element-62f0d22 elementor-widget-divider--view-line elementor-widget elementor-widget-divider\" data-id=\"62f0d22\" data-element_type=\"widget\" data-widget_type=\"divider.default\">\n\t\t\t\t<div class=\"elementor-widget-container\">\n\t\t\t\t\t\t\t<div class=\"elementor-divider\">\n\t\t\t<span class=\"elementor-divider-separator\">\n\t\t\t\t\t\t<\/span>\n\t\t<\/div>\n\t\t\t\t\t\t<\/div>\n\t\t\t\t<\/div>\n\t\t\t\t<div class=\"elementor-element elementor-element-5b70503 elementor-widget elementor-widget-heading\" data-id=\"5b70503\" data-element_type=\"widget\" data-widget_type=\"heading.default\">\n\t\t\t\t<div class=\"elementor-widget-container\">\n\t\t\t\t\t<h2 class=\"elementor-heading-title elementor-size-default\">Edici\u00f3 2024<\/h2>\t\t\t\t<\/div>\n\t\t\t\t<\/div>\n\t\t\t\t<div class=\"elementor-element elementor-element-96e75c6 elementor-widget elementor-widget-text-editor\" data-id=\"96e75c6\" data-element_type=\"widget\" data-widget_type=\"text-editor.default\">\n\t\t\t\t<div class=\"elementor-widget-container\">\n\t\t\t\t\t\t\t\t\t<p>Com en altres edicions, la XIV edici\u00f3 del programa <strong>Ciutats Defensores dels Drets Humans<\/strong> consta d&#8217;una edici\u00f3 de primavera i una de tardor.\u00a0<\/p><p>L&#8217;edici\u00f3 de tardor s&#8217;ha celebrat del 30 de setembre al 9 d&#8217;octubre.\u00a0 L&#8217;edici\u00f3 de primavera es va celebrar del 8 al 17 d&#8217;abril del 2024.\u00a0<\/p><p>Set persones defensores dels drets humans han visitat trenta municipis catalans per explicar la seva tasca i donar visibilitat a les seves lluites.\u00a0Durant la seva estada, les activistes van participar en activitats de sensibilitzaci\u00f3 i tallers a les escoles, van fer reunions institucionals d\u2019incid\u00e8ncia pol\u00edtica i trobades amb entitats locals, i van oferir xerrades obertes a la ciutadania.<\/p><ul><li><strong>Sara L\u00f3pez<\/strong>, activista pels drets dels pobles ind\u00edgenes i el medi ambient de M\u00e8xic, i membre del Consell Regional Ind\u00edgena i Popular de Xpujil i Consell Nacional Ind\u00edgena (CNI).<\/li><li><strong>Bisharo Ali Hussein<\/strong>, defensora kenyana dels drets de les dones i les persones migrades i refugiades.<\/li><li><strong>Yslem Mohamed Salem Nafaa<\/strong>, raper sahrau\u00ed nascut als campaments de Tinduf, a Alg\u00e8ria.<\/li><li><strong>Karima Shujazada<\/strong>, periodista afganesa resident a Barcelona que ha treballat pels drets de les dones i les persones refugiades.<\/li><li><strong>Catalina Salazar<\/strong>, cantant de hip-hop de Xile centrada en temes com ara joventut, pau i educaci\u00f3.<\/li><li><strong>Mar Shanin<\/strong>\u00a0i\u00a0<strong>Iris Gur<\/strong>, dues activistes palestina i israeliana que formen part del moviment\u00a0<em>Combatants for Peace<\/em>.<\/li><\/ul><p>Aquest projecte est\u00e0 coordinat pel Fons Catal\u00e0 de Cooperaci\u00f3 al Desenvolupament, juntament amb la Comissi\u00f3 Catalana d\u2019Acci\u00f3 pel Refugi i la participaci\u00f3 d\u2019ajuntaments, entitats i institucions com ara l&#8217;ICIP.\u00a0<\/p>\t\t\t\t\t\t\t\t<\/div>\n\t\t\t\t<\/div>\n\t\t\t\t<section class=\"elementor-section elementor-inner-section elementor-element elementor-element-39ee048 elementor-section-boxed elementor-section-height-default elementor-section-height-default\" data-id=\"39ee048\" data-element_type=\"section\">\n\t\t\t\t\t\t<div class=\"elementor-container elementor-column-gap-default\">\n\t\t\t\t\t<div class=\"elementor-column elementor-col-50 elementor-inner-column elementor-element elementor-element-7b0e91a\" data-id=\"7b0e91a\" data-element_type=\"column\">\n\t\t\t<div class=\"elementor-widget-wrap elementor-element-populated\">\n\t\t\t\t\t\t<div class=\"elementor-element elementor-element-344eb0e elementor-widget elementor-widget-video\" data-id=\"344eb0e\" data-element_type=\"widget\" data-settings=\"{&quot;youtube_url&quot;:&quot;https:\\\/\\\/www.youtube.com\\\/watch?v=W4OzCELDVTU&quot;,&quot;video_type&quot;:&quot;youtube&quot;,&quot;controls&quot;:&quot;yes&quot;}\" data-widget_type=\"video.default\">\n\t\t\t\t<div class=\"elementor-widget-container\">\n\t\t\t\t\t\t\t<div class=\"elementor-wrapper elementor-open-inline\">\n\t\t\t<div class=\"elementor-video\"><\/div>\t\t<\/div>\n\t\t\t\t\t\t<\/div>\n\t\t\t\t<\/div>\n\t\t\t\t\t<\/div>\n\t\t<\/div>\n\t\t\t\t<div class=\"elementor-column elementor-col-50 elementor-inner-column elementor-element elementor-element-fcff076\" data-id=\"fcff076\" data-element_type=\"column\">\n\t\t\t<div class=\"elementor-widget-wrap elementor-element-populated\">\n\t\t\t\t\t\t<div class=\"elementor-element elementor-element-60ab8d5 elementor-widget elementor-widget-video\" data-id=\"60ab8d5\" data-element_type=\"widget\" data-settings=\"{&quot;youtube_url&quot;:&quot;https:\\\/\\\/www.youtube.com\\\/watch?v=-2YvR0W0qfY&quot;,&quot;video_type&quot;:&quot;youtube&quot;,&quot;controls&quot;:&quot;yes&quot;}\" data-widget_type=\"video.default\">\n\t\t\t\t<div class=\"elementor-widget-container\">\n\t\t\t\t\t\t\t<div class=\"elementor-wrapper elementor-open-inline\">\n\t\t\t<div class=\"elementor-video\"><\/div>\t\t<\/div>\n\t\t\t\t\t\t<\/div>\n\t\t\t\t<\/div>\n\t\t\t\t\t<\/div>\n\t\t<\/div>\n\t\t\t\t\t<\/div>\n\t\t<\/section>\n\t\t\t\t<div class=\"elementor-element elementor-element-5c02a71 elementor-widget-divider--view-line elementor-widget elementor-widget-divider\" data-id=\"5c02a71\" data-element_type=\"widget\" data-widget_type=\"divider.default\">\n\t\t\t\t<div class=\"elementor-widget-container\">\n\t\t\t\t\t\t\t<div class=\"elementor-divider\">\n\t\t\t<span class=\"elementor-divider-separator\">\n\t\t\t\t\t\t<\/span>\n\t\t<\/div>\n\t\t\t\t\t\t<\/div>\n\t\t\t\t<\/div>\n\t\t\t\t<div class=\"elementor-element elementor-element-5f143c5 elementor-button-warning elementor-align-center elementor-widget elementor-widget-button\" data-id=\"5f143c5\" data-element_type=\"widget\" data-widget_type=\"button.default\">\n\t\t\t\t<div class=\"elementor-widget-container\">\n\t\t\t\t\t\t\t\t\t<div class=\"elementor-button-wrapper\">\n\t\t\t\t\t<a class=\"elementor-button elementor-button-link elementor-size-lg\" href=\"https:\/\/ciutatsdretshumans.cat\/wp-content\/uploads\/2024\/09\/DOSSIER_TARDOR_CDDH_2024.pdf\">\n\t\t\t\t\t\t<span class=\"elementor-button-content-wrapper\">\n\t\t\t\t\t\t\t\t\t<span class=\"elementor-button-text\">Dossier Edici\u00f3 Tardor 2024<\/span>\n\t\t\t\t\t<\/span>\n\t\t\t\t\t<\/a>\n\t\t\t\t<\/div>\n\t\t\t\t\t\t\t\t<\/div>\n\t\t\t\t<\/div>\n\t\t\t\t<div class=\"elementor-element elementor-element-58e0e8f elementor-button-warning elementor-align-center elementor-widget elementor-widget-button\" data-id=\"58e0e8f\" data-element_type=\"widget\" data-widget_type=\"button.default\">\n\t\t\t\t<div class=\"elementor-widget-container\">\n\t\t\t\t\t\t\t\t\t<div class=\"elementor-button-wrapper\">\n\t\t\t\t\t<a class=\"elementor-button elementor-button-link elementor-size-lg\" href=\"https:\/\/ciutatsdretshumans.cat\/wp-content\/uploads\/2024\/03\/DOSSIER_PRIMAVERA_CDDH_2024-1.pdf\">\n\t\t\t\t\t\t<span class=\"elementor-button-content-wrapper\">\n\t\t\t\t\t\t\t\t\t<span class=\"elementor-button-text\">Dossier Edici\u00f3 Primavera 2024<\/span>\n\t\t\t\t\t<\/span>\n\t\t\t\t\t<\/a>\n\t\t\t\t<\/div>\n\t\t\t\t\t\t\t\t<\/div>\n\t\t\t\t<\/div>\n\t\t\t\t<div class=\"elementor-element elementor-element-95f5f0b elementor-widget-divider--view-line elementor-widget elementor-widget-divider\" data-id=\"95f5f0b\" data-element_type=\"widget\" data-widget_type=\"divider.default\">\n\t\t\t\t<div class=\"elementor-widget-container\">\n\t\t\t\t\t\t\t<div class=\"elementor-divider\">\n\t\t\t<span class=\"elementor-divider-separator\">\n\t\t\t\t\t\t<\/span>\n\t\t<\/div>\n\t\t\t\t\t\t<\/div>\n\t\t\t\t<\/div>\n\t\t\t\t<div class=\"elementor-element elementor-element-e8e76dc elementor-widget elementor-widget-heading\" data-id=\"e8e76dc\" data-element_type=\"widget\" data-widget_type=\"heading.default\">\n\t\t\t\t<div class=\"elementor-widget-container\">\n\t\t\t\t\t<h2 class=\"elementor-heading-title elementor-size-default\">Edicions anteriors<\/h2>\t\t\t\t<\/div>\n\t\t\t\t<\/div>\n\t\t\t\t<div class=\"elementor-element elementor-element-9f260a6 elementor-widget elementor-widget-text-editor\" data-id=\"9f260a6\" data-element_type=\"widget\" data-widget_type=\"text-editor.default\">\n\t\t\t\t<div class=\"elementor-widget-container\">\n\t\t\t\t\t\t\t\t\t<h3>2023<\/h3><p>L\u2019any 2023 s&#8217;ha celebrat la XIII edici\u00f3 del projecte, la qual ha constat de dues gires. La primera part va tenir lloc a la primavera, del 19 al 28 d&#8217;abril, i la segona, del 2 a l\u201911 d\u2019octubre.<\/p><p>Els eixos tem\u00e0tics han estat la defensa de la terra i el medi ambient; la defensa de les dones i el col\u00b7lectiu LGTBIQ+; el dret a la pau, drets civils i pol\u00edtics; i el dret de les persones migrades i refugiades.<\/p><p>En total, tretze activistes han participat en aquesta edici\u00f3.\u00a0 Els protagonistes de la gira de primavera han estat <b>Thiat<\/b> (Senegal),<b> Wendy Quintero<\/b> (Nicaragua), <b>Laila Ajjawi<\/b> (Palestina\/Jord\u00e0nia), <b>Trifonia Melibea Obono <\/b>(Guinea Equatorial), <b>Justino Piaguaje<\/b> (Equador) i <b>Nadia Gulham<\/b> (Afganistan\/Catalunya).<\/p><p>Els protagonistes de la gira de tardor han estat <strong>Adenike Oladosu<\/strong>, de Nig\u00e8ria,\u00a0<strong>Carlos Andr\u00e9s Tobar<\/strong>, de Col\u00f2mbia,\u00a0<strong>Yezli Mic<\/strong>, d\u2019El Salvador,\u00a0<strong>Jorge Weke<\/strong>, de Xile,<strong>\u00a0Fatimah Hossaini<\/strong>, de l\u2019Afganistan,\u00a0<strong>Dora Mu\u00f1oz,<\/strong>\u00a0de Col\u00f2mbia i\u00a0<strong>Martha Moreno<\/strong>, de M\u00e8xic.\u00a0\u00a0<\/p>\t\t\t\t\t\t\t\t<\/div>\n\t\t\t\t<\/div>\n\t\t\t\t<div class=\"elementor-element elementor-element-30a9ca1 elementor-button-warning elementor-align-center elementor-widget elementor-widget-button\" data-id=\"30a9ca1\" data-element_type=\"widget\" data-widget_type=\"button.default\">\n\t\t\t\t<div class=\"elementor-widget-container\">\n\t\t\t\t\t\t\t\t\t<div class=\"elementor-button-wrapper\">\n\t\t\t\t\t<a class=\"elementor-button elementor-button-link elementor-size-lg\" href=\"http:\/\/www.icip.cat\/wp-content\/uploads\/2023\/07\/Dossier-primavera-CDDH-2023.pdf\">\n\t\t\t\t\t\t<span class=\"elementor-button-content-wrapper\">\n\t\t\t\t\t\t\t\t\t<span class=\"elementor-button-text\">Dossier Edici\u00f3 primavera 2023<\/span>\n\t\t\t\t\t<\/span>\n\t\t\t\t\t<\/a>\n\t\t\t\t<\/div>\n\t\t\t\t\t\t\t\t<\/div>\n\t\t\t\t<\/div>\n\t\t\t\t<div class=\"elementor-element elementor-element-3530a75 elementor-button-warning elementor-align-center elementor-widget elementor-widget-button\" data-id=\"3530a75\" data-element_type=\"widget\" data-widget_type=\"button.default\">\n\t\t\t\t<div class=\"elementor-widget-container\">\n\t\t\t\t\t\t\t\t\t<div class=\"elementor-button-wrapper\">\n\t\t\t\t\t<a class=\"elementor-button elementor-button-link elementor-size-lg\" href=\"https:\/\/ciutatsdretshumans.cat\/wp-content\/uploads\/2023\/09\/DOSSIER_TARDOR_CDDH_2023-1.pdf\">\n\t\t\t\t\t\t<span class=\"elementor-button-content-wrapper\">\n\t\t\t\t\t\t\t\t\t<span class=\"elementor-button-text\">       Dossier Edici\u00f3 tardor 2023        <\/span>\n\t\t\t\t\t<\/span>\n\t\t\t\t\t<\/a>\n\t\t\t\t<\/div>\n\t\t\t\t\t\t\t\t<\/div>\n\t\t\t\t<\/div>\n\t\t\t\t<div class=\"elementor-element elementor-element-668ecb0 elementor-widget-divider--view-line elementor-widget elementor-widget-divider\" data-id=\"668ecb0\" data-element_type=\"widget\" data-widget_type=\"divider.default\">\n\t\t\t\t<div class=\"elementor-widget-container\">\n\t\t\t\t\t\t\t<div class=\"elementor-divider\">\n\t\t\t<span class=\"elementor-divider-separator\">\n\t\t\t\t\t\t<\/span>\n\t\t<\/div>\n\t\t\t\t\t\t<\/div>\n\t\t\t\t<\/div>\n\t\t\t\t<div class=\"elementor-element elementor-element-17fd1ee elementor-widget elementor-widget-text-editor\" data-id=\"17fd1ee\" data-element_type=\"widget\" data-widget_type=\"text-editor.default\">\n\t\t\t\t<div class=\"elementor-widget-container\">\n\t\t\t\t\t\t\t\t\t<h3>2022: Defensem qui defensa<\/h3><p>La XII edici\u00f3 del projecte, l&#8217;any 2022, va constar de dues gires. La primera part va tenir lloc a la primavera, del 25 d\u2019abril al 24 de maig, i la segona part a la tardor, del 3 a l\u201911 d\u2019octubre.<\/p><p>Els eixos tem\u00e0tics van ser la defensa de la terra i el medi ambient; la defensa de les dones i el col\u00b7lectiu LGTBIQ+; el dret a la pau, drets civils i pol\u00edtics; i el dret de les persones migrades i refugiades.<\/p><p>A la primavera, Mike Anane, Yurany Cuellar, Morena Herrera, Maria Sol Taule, Nataniel\u00a0Herna\u0301ndez i Vania Arana van fer activitats d\u2019incide\u0300ncia poli\u0301tica, incide\u0300ncia social i sensibilitzacio\u0301 als 28 municipis catalans que formen part del projecte.<\/p><p>A la tardor, els participants van ser Nahun Lalin, activista hondureny per la defensa dels drets de les comunitats; Lucinda Evans, activista sud-africana i cara visible de la lluita contra les viol\u00e8ncies masclistes; Genith Quitiaquez, agr\u00f2noma colombiana i professional de dret propi i legislaci\u00f3 ind\u00edgena; Lorraine Leete, advocada i coordinadora del Legal Centre Lesvos; Ahmed Ettanji, periodista al S\u00e0hara Occidental; Teresa Monta\u00f1o i Reyna Ram\u00edrez, periodistes mexicanes.<\/p>\t\t\t\t\t\t\t\t<\/div>\n\t\t\t\t<\/div>\n\t\t\t\t<div class=\"elementor-element elementor-element-0cf83eb elementor-button-warning elementor-align-center elementor-widget elementor-widget-button\" data-id=\"0cf83eb\" data-element_type=\"widget\" data-widget_type=\"button.default\">\n\t\t\t\t<div class=\"elementor-widget-container\">\n\t\t\t\t\t\t\t\t\t<div class=\"elementor-button-wrapper\">\n\t\t\t\t\t<a class=\"elementor-button elementor-button-link elementor-size-lg\" href=\"http:\/\/www.icip.cat\/wp-content\/uploads\/2022\/10\/DOSSIER_TARDOR_CDDH_2022.pdf\">\n\t\t\t\t\t\t<span class=\"elementor-button-content-wrapper\">\n\t\t\t\t\t\t\t\t\t<span class=\"elementor-button-text\">Dossier Edici\u00f3 tardor 2022<\/span>\n\t\t\t\t\t<\/span>\n\t\t\t\t\t<\/a>\n\t\t\t\t<\/div>\n\t\t\t\t\t\t\t\t<\/div>\n\t\t\t\t<\/div>\n\t\t\t\t<div class=\"elementor-element elementor-element-1218ff8 elementor-widget elementor-widget-video\" data-id=\"1218ff8\" data-element_type=\"widget\" data-settings=\"{&quot;youtube_url&quot;:&quot;https:\\\/\\\/www.youtube.com\\\/watch?v=9jztZa4wQug&quot;,&quot;video_type&quot;:&quot;youtube&quot;,&quot;controls&quot;:&quot;yes&quot;}\" data-widget_type=\"video.default\">\n\t\t\t\t<div class=\"elementor-widget-container\">\n\t\t\t\t\t\t\t<div class=\"elementor-wrapper elementor-open-inline\">\n\t\t\t<div class=\"elementor-video\"><\/div>\t\t<\/div>\n\t\t\t\t\t\t<\/div>\n\t\t\t\t<\/div>\n\t\t\t\t<div class=\"elementor-element elementor-element-e7bd287 elementor-widget-divider--view-line elementor-widget elementor-widget-divider\" data-id=\"e7bd287\" data-element_type=\"widget\" data-widget_type=\"divider.default\">\n\t\t\t\t<div class=\"elementor-widget-container\">\n\t\t\t\t\t\t\t<div class=\"elementor-divider\">\n\t\t\t<span class=\"elementor-divider-separator\">\n\t\t\t\t\t\t<\/span>\n\t\t<\/div>\n\t\t\t\t\t\t<\/div>\n\t\t\t\t<\/div>\n\t\t\t\t<div class=\"elementor-element elementor-element-5621edb elementor-widget elementor-widget-text-editor\" data-id=\"5621edb\" data-element_type=\"widget\" data-widget_type=\"text-editor.default\">\n\t\t\t\t<div class=\"elementor-widget-container\">\n\t\t\t\t\t\t\t\t\t<h3>2021: En defensa de la terra i el medi ambient<\/h3><p>L\u2019edici\u00f3 de 2021 va estar centrada en la defensa de la terra i el medi ambient, amb intersecci\u00f3 en la defensa dels drets de les persones migrades i refugiades, el dret a la pau i els drets de les dones i del col\u00b7lectiu LGBTIQ+.<\/p><p>A causa de la situaci\u00f3 de pand\u00e8mia, en aquesta ocasi\u00f3, igual que el 2020, les activitats i tallers amb les persones defensores es van portar a terme de manera virtual.<\/p><p>Com a instituci\u00f3 col\u00b7laboradora del projecte, l\u2019ICIP va organitzar conjuntament amb Casa Am\u00e8rica Catalunya i l\u2019Institut de Drets Humans de Catalunya l\u2019acte \u201cDefensa dels Drets Humans: Qu\u00e8 estem aprenent amb la pand\u00e8mia?\u2019\u201d.<\/p><p>En representaci\u00f3 del programa Ciutats Defensores dels Drets Humans, l\u2019ICIP tamb\u00e9 va organitzar una taula rodona amb defensores i defensors en el marc del II Congr\u00e9s Mundial per la Pau, celebrat el mes d\u2019octubre a Barcelona<\/p>\t\t\t\t\t\t\t\t<\/div>\n\t\t\t\t<\/div>\n\t\t\t\t<div class=\"elementor-element elementor-element-880eabd elementor-widget elementor-widget-video\" data-id=\"880eabd\" data-element_type=\"widget\" data-settings=\"{&quot;youtube_url&quot;:&quot;https:\\\/\\\/www.youtube.com\\\/watch?v=13E9arP2SFM&quot;,&quot;video_type&quot;:&quot;youtube&quot;,&quot;controls&quot;:&quot;yes&quot;}\" data-widget_type=\"video.default\">\n\t\t\t\t<div class=\"elementor-widget-container\">\n\t\t\t\t\t\t\t<div class=\"elementor-wrapper elementor-open-inline\">\n\t\t\t<div class=\"elementor-video\"><\/div>\t\t<\/div>\n\t\t\t\t\t\t<\/div>\n\t\t\t\t<\/div>\n\t\t\t\t<section class=\"elementor-section elementor-inner-section elementor-element elementor-element-38968ac elementor-section-boxed elementor-section-height-default elementor-section-height-default\" data-id=\"38968ac\" data-element_type=\"section\">\n\t\t\t\t\t\t<div class=\"elementor-container elementor-column-gap-default\">\n\t\t\t\t\t<div class=\"elementor-column elementor-col-100 elementor-inner-column elementor-element elementor-element-9e1797f\" data-id=\"9e1797f\" data-element_type=\"column\">\n\t\t\t<div class=\"elementor-widget-wrap elementor-element-populated\">\n\t\t\t\t\t\t<div class=\"elementor-element elementor-element-5e7473a elementor-widget-divider--view-line elementor-widget elementor-widget-divider\" data-id=\"5e7473a\" data-element_type=\"widget\" data-widget_type=\"divider.default\">\n\t\t\t\t<div class=\"elementor-widget-container\">\n\t\t\t\t\t\t\t<div class=\"elementor-divider\">\n\t\t\t<span class=\"elementor-divider-separator\">\n\t\t\t\t\t\t<\/span>\n\t\t<\/div>\n\t\t\t\t\t\t<\/div>\n\t\t\t\t<\/div>\n\t\t\t\t<div class=\"elementor-element elementor-element-b205a0d elementor-widget elementor-widget-text-editor\" data-id=\"b205a0d\" data-element_type=\"widget\" data-widget_type=\"text-editor.default\">\n\t\t\t\t<div class=\"elementor-widget-container\">\n\t\t\t\t\t\t\t\t\t<h3>2020: Defensors i defensores davant de la pand\u00e8mia<\/h3><p>L\u2019edici\u00f3 de 2020 es va veure afectada per l\u2019emerg\u00e8ncia sanit\u00e0ria del coronavirus, fet que va provocar la cancel\u00b7laci\u00f3 de les activitats presencials de primavera i tardor del projecte. Tanmateix, el projecte es va reconduir a trav\u00e9s de varies accions en l\u00ednia. Destaca, en aquest sentit, la trobada virtual \u2018Defensors i defensores de drets humans davant la pand\u00e8mia: amenaces, reptes i resist\u00e8ncies\u2019.<\/p>\t\t\t\t\t\t\t\t<\/div>\n\t\t\t\t<\/div>\n\t\t\t\t<div class=\"elementor-element elementor-element-b8fd00f elementor-widget elementor-widget-video\" data-id=\"b8fd00f\" data-element_type=\"widget\" data-settings=\"{&quot;youtube_url&quot;:&quot;https:\\\/\\\/www.youtube.com\\\/watch?v=as24oP0VUuU&quot;,&quot;video_type&quot;:&quot;youtube&quot;,&quot;controls&quot;:&quot;yes&quot;}\" data-widget_type=\"video.default\">\n\t\t\t\t<div class=\"elementor-widget-container\">\n\t\t\t\t\t\t\t<div class=\"elementor-wrapper elementor-open-inline\">\n\t\t\t<div class=\"elementor-video\"><\/div>\t\t<\/div>\n\t\t\t\t\t\t<\/div>\n\t\t\t\t<\/div>\n\t\t\t\t<div class=\"elementor-element elementor-element-4f8e25b elementor-widget-divider--view-line elementor-widget elementor-widget-divider\" data-id=\"4f8e25b\" data-element_type=\"widget\" data-widget_type=\"divider.default\">\n\t\t\t\t<div class=\"elementor-widget-container\">\n\t\t\t\t\t\t\t<div class=\"elementor-divider\">\n\t\t\t<span class=\"elementor-divider-separator\">\n\t\t\t\t\t\t<\/span>\n\t\t<\/div>\n\t\t\t\t\t\t<\/div>\n\t\t\t\t<\/div>\n\t\t\t\t<div class=\"elementor-element elementor-element-6e9f301 elementor-widget elementor-widget-text-editor\" data-id=\"6e9f301\" data-element_type=\"widget\" data-widget_type=\"text-editor.default\">\n\t\t\t\t<div class=\"elementor-widget-container\">\n\t\t\t\t\t\t\t\t\t<h3>2019: Drets humans i societats polaritzades<\/h3><p>En l\u2019edici\u00f3 del 2019 van participar tretze defensors i defensores dels drets humans, els quals van explicar els seu testimoni a diferents municipis de Catalunya. L\u2019ICIP, l\u2019Institut de Drets Humans de Catalunya i Casa Am\u00e8rica Catalunya van organitzar una jornada inaugural del projecte, que va tenir lloc el 5 d\u2019octubre a Casa Am\u00e8rica Catalunya. La jornada va consistir en un debat amb els activistes convidats sota el t\u00edtol \u2018Drets humans i societats polaritzades\u2019 i l\u2019espai \u2018Micro x Tothom\u2019 obert a la participaci\u00f3 del p\u00fablic assistent.<\/p>\t\t\t\t\t\t\t\t<\/div>\n\t\t\t\t<\/div>\n\t\t\t\t<div class=\"elementor-element elementor-element-bd1c1a8 elementor-widget-divider--view-line elementor-widget elementor-widget-divider\" data-id=\"bd1c1a8\" data-element_type=\"widget\" data-widget_type=\"divider.default\">\n\t\t\t\t<div class=\"elementor-widget-container\">\n\t\t\t\t\t\t\t<div class=\"elementor-divider\">\n\t\t\t<span class=\"elementor-divider-separator\">\n\t\t\t\t\t\t<\/span>\n\t\t<\/div>\n\t\t\t\t\t\t<\/div>\n\t\t\t\t<\/div>\n\t\t\t\t<div class=\"elementor-element elementor-element-65718f5 elementor-widget elementor-widget-text-editor\" data-id=\"65718f5\" data-element_type=\"widget\" data-widget_type=\"text-editor.default\">\n\t\t\t\t<div class=\"elementor-widget-container\">\n\t\t\t\t\t\t\t\t\t<h3>2018: Per qu\u00e8 \u00e9s un risc defensar els drets humans a Am\u00e8rica Llatina?<\/h3>\nEn l\u2019edici\u00f3 del 2018 van participar onze defensors i defensores dels drets humans, els quals van explicar el seu testimoni a diferents municipis de Catalunya. En el marc d\u2019aquest projecte, l\u2019ICIP va organitzar la jornada \u2018Per qu\u00e8 \u00e9s un risc defensar els drets humans a Am\u00e8rica Llatina?\u2019, que va comptar amb la participaci\u00f3 d\u2019activistes del continent llatinoameric\u00e0. La sessi\u00f3 va tenir lloc al Museu d\u2019Hist\u00f2ria de Barcelona el 6 d\u2019octubre.\t\t\t\t\t\t\t\t<\/div>\n\t\t\t\t<\/div>\n\t\t\t\t<div class=\"elementor-element elementor-element-cc4f8ec elementor-widget-divider--view-line elementor-widget elementor-widget-divider\" data-id=\"cc4f8ec\" data-element_type=\"widget\" data-widget_type=\"divider.default\">\n\t\t\t\t<div class=\"elementor-widget-container\">\n\t\t\t\t\t\t\t<div class=\"elementor-divider\">\n\t\t\t<span class=\"elementor-divider-separator\">\n\t\t\t\t\t\t<\/span>\n\t\t<\/div>\n\t\t\t\t\t\t<\/div>\n\t\t\t\t<\/div>\n\t\t\t\t<div class=\"elementor-element elementor-element-8dfc348 elementor-widget elementor-widget-text-editor\" data-id=\"8dfc348\" data-element_type=\"widget\" data-widget_type=\"text-editor.default\">\n\t\t\t\t<div class=\"elementor-widget-container\">\n\t\t\t\t\t\t\t\t\t<h3>2017: Drets de les dones i igualtat de g\u00e8nere<\/h3><p>El 2017 va tenir lloc la cinquena edici\u00f3 del projecte amb la visita dels activistes Wafae Charaf (Marroc), Hatice Kamer (Turquia), Aliya Harir (Pakistan), Vald\u00eania Paulino (Brasil), Diana Avella (Col\u00f2mbia), Aisha Dabo (Senegal), Aisha Altubuly (L\u00edbia) i Felipe Moreno (Catalunya). Els vuit activistes van participar en nombroses activitats com xerrades, col\u00b7loquis i trobades que es van organitzar en diversos municipis del territori catal\u00e0.<\/p>\t\t\t\t\t\t\t\t<\/div>\n\t\t\t\t<\/div>\n\t\t\t\t<div class=\"elementor-element elementor-element-de746a4 elementor-widget-divider--view-line elementor-widget elementor-widget-divider\" data-id=\"de746a4\" data-element_type=\"widget\" data-widget_type=\"divider.default\">\n\t\t\t\t<div class=\"elementor-widget-container\">\n\t\t\t\t\t\t\t<div class=\"elementor-divider\">\n\t\t\t<span class=\"elementor-divider-separator\">\n\t\t\t\t\t\t<\/span>\n\t\t<\/div>\n\t\t\t\t\t\t<\/div>\n\t\t\t\t<\/div>\n\t\t\t\t<div class=\"elementor-element elementor-element-deb64cf elementor-widget elementor-widget-text-editor\" data-id=\"deb64cf\" data-element_type=\"widget\" data-widget_type=\"text-editor.default\">\n\t\t\t\t<div class=\"elementor-widget-container\">\n\t\t\t\t\t\t\t\t\t<h3>2016: Els joves en la construcci\u00f3 de pau<\/h3><p>En el marc de la iniciativa, l\u2019ICIP va organitzar la jornada \u2018Els joves en la construcci\u00f3 de pau\u2019 amb l\u2019objectiu de donar visibilitat al protagonisme i a la veu pr\u00f2pia que manifesten els joves a l\u2019hora de liderar projectes de promoci\u00f3 i consolidaci\u00f3 de pau. La jornada va tenir lloc a l\u2019octubre a Casa Am\u00e8rica Catalunya i va comptar amb les intervencions de Romeral Ortiz, representant de UNOY-United Network of Young Peacebuilders; Victor Ochen, fundador de l\u2019African Youth Initiative Network (AYINET); Essam Daod, fundador de Humanity Crew; Jeihhco, promotor d\u2019accions a favor de la conviv\u00e8ncia i la noviol\u00e8ncia a Medell\u00edn (Col\u00f2mbia) a trav\u00e9s del hip-hop; i Elisabet Puigdollers, del Servei Civil Internacional\/Ravaluci\u00f3.<\/p>\t\t\t\t\t\t\t\t<\/div>\n\t\t\t\t<\/div>\n\t\t\t\t<div class=\"elementor-element elementor-element-365ede6 elementor-widget-divider--view-line elementor-widget elementor-widget-divider\" data-id=\"365ede6\" data-element_type=\"widget\" data-widget_type=\"divider.default\">\n\t\t\t\t<div class=\"elementor-widget-container\">\n\t\t\t\t\t\t\t<div class=\"elementor-divider\">\n\t\t\t<span class=\"elementor-divider-separator\">\n\t\t\t\t\t\t<\/span>\n\t\t<\/div>\n\t\t\t\t\t\t<\/div>\n\t\t\t\t<\/div>\n\t\t\t\t<div class=\"elementor-element elementor-element-8828c9a elementor-widget elementor-widget-text-editor\" data-id=\"8828c9a\" data-element_type=\"widget\" data-widget_type=\"text-editor.default\">\n\t\t\t\t<div class=\"elementor-widget-container\">\n\t\t\t\t\t\t\t\t\t<h3>2015: Denunciant abusos. Buscant respostes<\/h3><p>En el marc de la iniciativa, l\u2019ICIP va participar en la organitzaci\u00f3 de la jornada \u201cDenunciant abusos. Buscant respostes. El Tribunal Permanent dels Pobles i altres experi\u00e8ncies per reclamar just\u00edcia\u201d.<\/p><p>La jornada va tenir lloc el mes d\u2019octubre a Barcelona i va oferir un debat i una reflexi\u00f3 sobre com donar visibilitat a diferents lluites a favor dels drets humans a partir de diverses experi\u00e8ncies locals i internacionals.<\/p>\t\t\t\t\t\t\t\t<\/div>\n\t\t\t\t<\/div>\n\t\t\t\t<div class=\"elementor-element elementor-element-be04e79 elementor-widget-divider--view-line elementor-widget elementor-widget-divider\" data-id=\"be04e79\" data-element_type=\"widget\" data-widget_type=\"divider.default\">\n\t\t\t\t<div class=\"elementor-widget-container\">\n\t\t\t\t\t\t\t<div class=\"elementor-divider\">\n\t\t\t<span class=\"elementor-divider-separator\">\n\t\t\t\t\t\t<\/span>\n\t\t<\/div>\n\t\t\t\t\t\t<\/div>\n\t\t\t\t<\/div>\n\t\t\t\t\t<\/div>\n\t\t<\/div>\n\t\t\t\t\t<\/div>\n\t\t<\/section>\n\t\t\t\t\t<\/div>\n\t\t<\/div>\n\t\t\t\t\t<\/div>\n\t\t<\/section>\n\t\t\t\t<section class=\"elementor-section elementor-top-section elementor-element elementor-element-9b22239 elementor-section-boxed elementor-section-height-default elementor-section-height-default\" data-id=\"9b22239\" data-element_type=\"section\">\n\t\t\t\t\t\t<div class=\"elementor-container elementor-column-gap-default\">\n\t\t\t\t\t<div class=\"elementor-column elementor-col-100 elementor-top-column elementor-element elementor-element-fac34b8\" data-id=\"fac34b8\" data-element_type=\"column\">\n\t\t\t<div class=\"elementor-widget-wrap elementor-element-populated\">\n\t\t\t\t\t\t\t<\/div>\n\t\t<\/div>\n\t\t\t\t\t<\/div>\n\t\t<\/section>\n\t\t\t\t<\/div>\n\t\t","protected":false},"excerpt":{"rendered":"<p>Ciutats Defensores dels Drets Humans Des de l\u2019any 2013 l\u2019ICIP forma part de les institucions p\u00fabliques i organitzacions que donen vida i suport al projecte Ciutats Defensores dels Drets Humans, en el qual participen diferents municipis catalans. L\u2019objectiu de la iniciativa \u00e9s donar a con\u00e8ixer la tasca dels i les activistes pels drets humans d\u2019arreu [&hellip;]<\/p>\n","protected":false},"author":4,"featured_media":0,"parent":0,"menu_order":0,"comment_status":"closed","ping_status":"closed","template":"","meta":{"_acf_changed":false,"footnotes":""},"class_list":["post-25112","page","type-page","status-publish","hentry"],"acf":[],"yoast_head":"<!-- This site is optimized with the Yoast SEO plugin v25.6 - https:\/\/yoast.com\/wordpress\/plugins\/seo\/ -->\n<title>Ciutats Defensores dels Drets Humans - ICIP<\/title>\n<meta name=\"robots\" content=\"index, follow, max-snippet:-1, max-image-preview:large, max-video-preview:-1\" \/>\n<link rel=\"canonical\" href=\"https:\/\/www.icip.cat\/ca\/ciutats-defensores-dels-drets-humans\/\" \/>\n<meta property=\"og:locale\" content=\"ca_ES\" \/>\n<meta property=\"og:type\" content=\"article\" \/>\n<meta property=\"og:title\" content=\"Ciutats Defensores dels Drets Humans - ICIP\" \/>\n<meta property=\"og:description\" content=\"Ciutats Defensores dels Drets Humans Des de l\u2019any 2013 l\u2019ICIP forma part de les institucions p\u00fabliques i organitzacions que donen vida i suport al projecte Ciutats Defensores dels Drets Humans, en el qual participen diferents municipis catalans. L\u2019objectiu de la iniciativa \u00e9s donar a con\u00e8ixer la tasca dels i les activistes pels drets humans d\u2019arreu [&hellip;]\" \/>\n<meta property=\"og:url\" content=\"https:\/\/www.icip.cat\/ca\/ciutats-defensores-dels-drets-humans\/\" \/>\n<meta property=\"og:site_name\" content=\"ICIP\" \/>\n<meta property=\"article:modified_time\" content=\"2025-08-20T12:54:38+00:00\" \/>\n<meta name=\"twitter:card\" content=\"summary_large_image\" \/>\n<meta name=\"twitter:label1\" content=\"Temps estimat de lectura\" \/>\n\t<meta name=\"twitter:data1\" content=\"10 minuts\" \/>\n<script type=\"application\/ld+json\" class=\"yoast-schema-graph\">{\"@context\":\"https:\/\/schema.org\",\"@graph\":[{\"@type\":\"WebPage\",\"@id\":\"https:\/\/www.icip.cat\/ca\/ciutats-defensores-dels-drets-humans\/\",\"url\":\"https:\/\/www.icip.cat\/ca\/ciutats-defensores-dels-drets-humans\/\",\"name\":\"Ciutats Defensores dels Drets Humans - ICIP\",\"isPartOf\":{\"@id\":\"https:\/\/www.icip.cat\/ca\/#website\"},\"datePublished\":\"2022-02-15T11:17:04+00:00\",\"dateModified\":\"2025-08-20T12:54:38+00:00\",\"inLanguage\":\"ca\",\"potentialAction\":[{\"@type\":\"ReadAction\",\"target\":[\"https:\/\/www.icip.cat\/ca\/ciutats-defensores-dels-drets-humans\/\"]}]},{\"@type\":\"WebSite\",\"@id\":\"https:\/\/www.icip.cat\/ca\/#website\",\"url\":\"https:\/\/www.icip.cat\/ca\/\",\"name\":\"ICIP\",\"description\":\"\",\"publisher\":{\"@id\":\"https:\/\/www.icip.cat\/ca\/#organization\"},\"potentialAction\":[{\"@type\":\"SearchAction\",\"target\":{\"@type\":\"EntryPoint\",\"urlTemplate\":\"https:\/\/www.icip.cat\/ca\/?s={search_term_string}\"},\"query-input\":{\"@type\":\"PropertyValueSpecification\",\"valueRequired\":true,\"valueName\":\"search_term_string\"}}],\"inLanguage\":\"ca\"},{\"@type\":\"Organization\",\"@id\":\"https:\/\/www.icip.cat\/ca\/#organization\",\"name\":\"ICIP\",\"url\":\"https:\/\/www.icip.cat\/ca\/\",\"logo\":{\"@type\":\"ImageObject\",\"inLanguage\":\"ca\",\"@id\":\"https:\/\/www.icip.cat\/ca\/#\/schema\/logo\/image\/\",\"url\":\"https:\/\/www.icip.cat\/wp-content\/uploads\/2021\/02\/logo-2.png\",\"contentUrl\":\"https:\/\/www.icip.cat\/wp-content\/uploads\/2021\/02\/logo-2.png\",\"width\":562,\"height\":391,\"caption\":\"ICIP\"},\"image\":{\"@id\":\"https:\/\/www.icip.cat\/ca\/#\/schema\/logo\/image\/\"}}]}<\/script>\n<!-- \/ Yoast SEO plugin. -->","yoast_head_json":{"title":"Ciutats Defensores dels Drets Humans - ICIP","robots":{"index":"index","follow":"follow","max-snippet":"max-snippet:-1","max-image-preview":"max-image-preview:large","max-video-preview":"max-video-preview:-1"},"canonical":"https:\/\/www.icip.cat\/ca\/ciutats-defensores-dels-drets-humans\/","og_locale":"ca_ES","og_type":"article","og_title":"Ciutats Defensores dels Drets Humans - ICIP","og_description":"Ciutats Defensores dels Drets Humans Des de l\u2019any 2013 l\u2019ICIP forma part de les institucions p\u00fabliques i organitzacions que donen vida i suport al projecte Ciutats Defensores dels Drets Humans, en el qual participen diferents municipis catalans. L\u2019objectiu de la iniciativa \u00e9s donar a con\u00e8ixer la tasca dels i les activistes pels drets humans d\u2019arreu [&hellip;]","og_url":"https:\/\/www.icip.cat\/ca\/ciutats-defensores-dels-drets-humans\/","og_site_name":"ICIP","article_modified_time":"2025-08-20T12:54:38+00:00","twitter_card":"summary_large_image","twitter_misc":{"Temps estimat de lectura":"10 minuts"},"schema":{"@context":"https:\/\/schema.org","@graph":[{"@type":"WebPage","@id":"https:\/\/www.icip.cat\/ca\/ciutats-defensores-dels-drets-humans\/","url":"https:\/\/www.icip.cat\/ca\/ciutats-defensores-dels-drets-humans\/","name":"Ciutats Defensores dels Drets Humans - ICIP","isPartOf":{"@id":"https:\/\/www.icip.cat\/ca\/#website"},"datePublished":"2022-02-15T11:17:04+00:00","dateModified":"2025-08-20T12:54:38+00:00","inLanguage":"ca","potentialAction":[{"@type":"ReadAction","target":["https:\/\/www.icip.cat\/ca\/ciutats-defensores-dels-drets-humans\/"]}]},{"@type":"WebSite","@id":"https:\/\/www.icip.cat\/ca\/#website","url":"https:\/\/www.icip.cat\/ca\/","name":"ICIP","description":"","publisher":{"@id":"https:\/\/www.icip.cat\/ca\/#organization"},"potentialAction":[{"@type":"SearchAction","target":{"@type":"EntryPoint","urlTemplate":"https:\/\/www.icip.cat\/ca\/?s={search_term_string}"},"query-input":{"@type":"PropertyValueSpecification","valueRequired":true,"valueName":"search_term_string"}}],"inLanguage":"ca"},{"@type":"Organization","@id":"https:\/\/www.icip.cat\/ca\/#organization","name":"ICIP","url":"https:\/\/www.icip.cat\/ca\/","logo":{"@type":"ImageObject","inLanguage":"ca","@id":"https:\/\/www.icip.cat\/ca\/#\/schema\/logo\/image\/","url":"https:\/\/www.icip.cat\/wp-content\/uploads\/2021\/02\/logo-2.png","contentUrl":"https:\/\/www.icip.cat\/wp-content\/uploads\/2021\/02\/logo-2.png","width":562,"height":391,"caption":"ICIP"},"image":{"@id":"https:\/\/www.icip.cat\/ca\/#\/schema\/logo\/image\/"}}]}},"_links":{"self":[{"href":"https:\/\/www.icip.cat\/ca\/wp-json\/wp\/v2\/pages\/25112","targetHints":{"allow":["GET"]}}],"collection":[{"href":"https:\/\/www.icip.cat\/ca\/wp-json\/wp\/v2\/pages"}],"about":[{"href":"https:\/\/www.icip.cat\/ca\/wp-json\/wp\/v2\/types\/page"}],"author":[{"embeddable":true,"href":"https:\/\/www.icip.cat\/ca\/wp-json\/wp\/v2\/users\/4"}],"replies":[{"embeddable":true,"href":"https:\/\/www.icip.cat\/ca\/wp-json\/wp\/v2\/comments?post=25112"}],"version-history":[{"count":132,"href":"https:\/\/www.icip.cat\/ca\/wp-json\/wp\/v2\/pages\/25112\/revisions"}],"predecessor-version":[{"id":56358,"href":"https:\/\/www.icip.cat\/ca\/wp-json\/wp\/v2\/pages\/25112\/revisions\/56358"}],"wp:attachment":[{"href":"https:\/\/www.icip.cat\/ca\/wp-json\/wp\/v2\/media?parent=25112"}],"curies":[{"name":"wp","href":"https:\/\/api.w.org\/{rel}","templated":true}]}}