{"id":26128,"date":"2022-03-18T12:49:25","date_gmt":"2022-03-18T12:49:25","guid":{"rendered":"http:\/\/www.icip.cat\/?page_id=26128"},"modified":"2025-08-05T09:05:57","modified_gmt":"2025-08-05T09:05:57","slug":"projectes-subvencionats-entitats-2019","status":"publish","type":"page","link":"https:\/\/www.icip.cat\/ca\/projectes-subvencionats-entitats-2019\/","title":{"rendered":"Projectes subvencionats &#8211; 2019"},"content":{"rendered":"\t\t<div data-elementor-type=\"wp-page\" data-elementor-id=\"26128\" class=\"elementor elementor-26128\" data-elementor-post-type=\"page\">\n\t\t\t\t\t\t<section class=\"elementor-section elementor-top-section elementor-element elementor-element-713f473 elementor-section-boxed elementor-section-height-default elementor-section-height-default\" data-id=\"713f473\" data-element_type=\"section\" data-settings=\"{&quot;background_background&quot;:&quot;classic&quot;}\">\n\t\t\t\t\t\t\t<div class=\"elementor-background-overlay\"><\/div>\n\t\t\t\t\t\t\t<div class=\"elementor-container elementor-column-gap-default\">\n\t\t\t\t\t<div class=\"elementor-column elementor-col-100 elementor-top-column elementor-element elementor-element-933136c\" data-id=\"933136c\" data-element_type=\"column\">\n\t\t\t<div class=\"elementor-widget-wrap elementor-element-populated\">\n\t\t\t\t\t\t<div class=\"elementor-element elementor-element-19011bf elementor-widget elementor-widget-heading\" data-id=\"19011bf\" data-element_type=\"widget\" data-widget_type=\"heading.default\">\n\t\t\t\t<div class=\"elementor-widget-container\">\n\t\t\t\t\t<h1 class=\"elementor-heading-title elementor-size-default\">Projectes subvencionats <\/h1>\t\t\t\t<\/div>\n\t\t\t\t<\/div>\n\t\t\t\t\t<\/div>\n\t\t<\/div>\n\t\t\t\t\t<\/div>\n\t\t<\/section>\n\t\t\t\t<section class=\"elementor-section elementor-top-section elementor-element elementor-element-3f66d8a elementor-section-boxed elementor-section-height-default elementor-section-height-default\" data-id=\"3f66d8a\" data-element_type=\"section\">\n\t\t\t\t\t\t<div class=\"elementor-container elementor-column-gap-default\">\n\t\t\t\t\t<div class=\"elementor-column elementor-col-100 elementor-top-column elementor-element elementor-element-f735a5b\" data-id=\"f735a5b\" data-element_type=\"column\">\n\t\t\t<div class=\"elementor-widget-wrap elementor-element-populated\">\n\t\t\t\t\t\t<div class=\"elementor-element elementor-element-ac6c57a elementor-widget elementor-widget-text-editor\" data-id=\"ac6c57a\" data-element_type=\"widget\" data-widget_type=\"text-editor.default\">\n\t\t\t\t<div class=\"elementor-widget-container\">\n\t\t\t\t\t\t\t\t\t<section style=\"align-self: auto; flex: 0 1 auto; order: 0; --widgets-spacing: 20px 20px; --widgets-spacing-row: 20px; --widgets-spacing-column: 20px;\" data-id=\"bb75ef6\" data-element_type=\"section\"><div><div style=\"align-self: auto; flex: 0 1 auto; order: 0; --widgets-spacing: 20px 20px; --widgets-spacing-row: 20px; --widgets-spacing-column: 20px; width: 1140px;\" data-id=\"39ba864\" data-element_type=\"column\"><div style=\"width: 1140px;\"><div style=\"align-self: auto; flex: 0 1 auto; order: 0; place-content: normal; align-items: normal; flex-flow: row; gap: normal; --widgets-spacing: 20px 20px; --widgets-spacing-row: 20px; --widgets-spacing-column: 20px; width: 1120px; text-align: center;\" data-id=\"8b24744\" data-element_type=\"widget\" data-widget_type=\"text-editor.default\"><div style=\"transition: background 0.3s, border 0.3s, border-radius 0.3s, box-shadow 0.3s, transform 0.4s;\"><p>En aquesta p\u00e0gina podeu consultar els projectes subvencionats en la convocat\u00f2ria de l\u2019any 2019:<\/p><\/div><\/div><\/div><\/div><\/div><\/section><section style=\"align-self: auto; flex: 0 1 auto; order: 0; --widgets-spacing: 20px 20px; --widgets-spacing-row: 20px; --widgets-spacing-column: 20px;\" data-id=\"d2704f9\" data-element_type=\"section\"><div><div style=\"align-self: auto; flex: 0 1 auto; order: 0; --widgets-spacing: 20px 20px; --widgets-spacing-row: 20px; --widgets-spacing-column: 20px; width: 1140px;\" data-id=\"a7d6a54\" data-element_type=\"column\"><div style=\"width: 1140px;\"><div style=\"align-self: auto; flex: 0 1 auto; order: 0; place-content: normal; align-items: normal; flex-flow: row; gap: normal; --widgets-spacing: 20px 20px; --widgets-spacing-row: 20px; --widgets-spacing-column: 20px; width: 1120px; text-align: center;\" data-id=\"df10193\" data-element_type=\"widget\" data-widget_type=\"heading.default\"><div style=\"transition: background 0.3s, border 0.3s, border-radius 0.3s, box-shadow 0.3s, transform 0.4s;\">\u00a0<\/div><\/div><\/div><\/div><\/div><\/section>\t\t\t\t\t\t\t\t<\/div>\n\t\t\t\t<\/div>\n\t\t\t\t\t<\/div>\n\t\t<\/div>\n\t\t\t\t\t<\/div>\n\t\t<\/section>\n\t\t\t\t<section class=\"elementor-section elementor-top-section elementor-element elementor-element-7e2dc83 elementor-section-boxed elementor-section-height-default elementor-section-height-default\" data-id=\"7e2dc83\" data-element_type=\"section\">\n\t\t\t\t\t\t<div class=\"elementor-container elementor-column-gap-default\">\n\t\t\t\t\t<div class=\"elementor-column elementor-col-100 elementor-top-column elementor-element elementor-element-c07d5f2\" data-id=\"c07d5f2\" data-element_type=\"column\">\n\t\t\t<div class=\"elementor-widget-wrap elementor-element-populated\">\n\t\t\t\t\t\t<div class=\"elementor-element elementor-element-5881fd6 elementor-widget elementor-widget-heading\" data-id=\"5881fd6\" data-element_type=\"widget\" data-widget_type=\"heading.default\">\n\t\t\t\t<div class=\"elementor-widget-container\">\n\t\t\t\t\t<h4 class=\"elementor-heading-title elementor-size-default\"><a href=\"https:\/\/fundipau.org\/pacifiquemlesxarxes\/\">Pacifiquem les xarxes socials <\/a><\/h4>\t\t\t\t<\/div>\n\t\t\t\t<\/div>\n\t\t\t\t\t<\/div>\n\t\t<\/div>\n\t\t\t\t\t<\/div>\n\t\t<\/section>\n\t\t\t\t<section class=\"elementor-section elementor-top-section elementor-element elementor-element-de89328 elementor-section-boxed elementor-section-height-default elementor-section-height-default\" data-id=\"de89328\" data-element_type=\"section\">\n\t\t\t\t\t\t<div class=\"elementor-container elementor-column-gap-default\">\n\t\t\t\t\t<div class=\"elementor-column elementor-col-100 elementor-top-column elementor-element elementor-element-fc1baaf\" data-id=\"fc1baaf\" data-element_type=\"column\">\n\t\t\t<div class=\"elementor-widget-wrap elementor-element-populated\">\n\t\t\t\t\t\t<div class=\"elementor-element elementor-element-9566f7e elementor-widget elementor-widget-text-editor\" data-id=\"9566f7e\" data-element_type=\"widget\" data-widget_type=\"text-editor.default\">\n\t\t\t\t<div class=\"elementor-widget-container\">\n\t\t\t\t\t\t\t\t\t<p><a href=\"https:\/\/fundipau.org\/\">\u00a0FundiPau (Fundaci\u00f3 per la Pau)<\/a><\/p>\t\t\t\t\t\t\t\t<\/div>\n\t\t\t\t<\/div>\n\t\t\t\t<div class=\"elementor-element elementor-element-a2c1a1c elementor-widget elementor-widget-image\" data-id=\"a2c1a1c\" data-element_type=\"widget\" data-widget_type=\"image.default\">\n\t\t\t\t<div class=\"elementor-widget-container\">\n\t\t\t\t\t\t\t\t\t\t\t\t\t\t\t<img fetchpriority=\"high\" decoding=\"async\" width=\"640\" height=\"360\" src=\"https:\/\/www.icip.cat\/wp-content\/uploads\/2022\/03\/pacifiquem-768x432.jpg\" class=\"attachment-medium_large size-medium_large wp-image-26130\" alt=\"\" srcset=\"https:\/\/www.icip.cat\/wp-content\/uploads\/2022\/03\/pacifiquem-768x432.jpg 768w, https:\/\/www.icip.cat\/wp-content\/uploads\/2022\/03\/pacifiquem-300x169.jpg 300w, https:\/\/www.icip.cat\/wp-content\/uploads\/2022\/03\/pacifiquem-1024x576.jpg 1024w, https:\/\/www.icip.cat\/wp-content\/uploads\/2022\/03\/pacifiquem.jpg 1280w\" sizes=\"(max-width: 640px) 100vw, 640px\" \/>\t\t\t\t\t\t\t\t\t\t\t\t\t\t\t<\/div>\n\t\t\t\t<\/div>\n\t\t\t\t<div class=\"elementor-element elementor-element-c2c8a57 elementor-widget elementor-widget-text-editor\" data-id=\"c2c8a57\" data-element_type=\"widget\" data-widget_type=\"text-editor.default\">\n\t\t\t\t<div class=\"elementor-widget-container\">\n\t\t\t\t\t\t\t\t\t<p>Les xarxes socials formen part de la vida i de la quotidianitat d\u2019un gran nombre de persones i s\u2019han convertit en un mitj\u00e0 habitual de relacionar-se, debatre i discutir.<\/p><p><a href=\"https:\/\/fundipau.org\/pacifiquemlesxarxes\/\">Aquest projecte<\/a> de FundiPau promou una participaci\u00f3 en l\u2019entorn digital m\u00e9s respectuosa, creativa i positiva, lluny de la bronca, el menyspreu i els discursos d\u2019odi que, massa sovint, es produeixen a les xarxes socials.<\/p>\t\t\t\t\t\t\t\t<\/div>\n\t\t\t\t<\/div>\n\t\t\t\t\t<\/div>\n\t\t<\/div>\n\t\t\t\t\t<\/div>\n\t\t<\/section>\n\t\t\t\t<section class=\"elementor-section elementor-top-section elementor-element elementor-element-79dbbee elementor-section-boxed elementor-section-height-default elementor-section-height-default\" data-id=\"79dbbee\" data-element_type=\"section\">\n\t\t\t\t\t\t<div class=\"elementor-container elementor-column-gap-default\">\n\t\t\t\t\t<div class=\"elementor-column elementor-col-100 elementor-top-column elementor-element elementor-element-9f757ae\" data-id=\"9f757ae\" data-element_type=\"column\">\n\t\t\t<div class=\"elementor-widget-wrap elementor-element-populated\">\n\t\t\t\t\t\t<div class=\"elementor-element elementor-element-8501430 elementor-widget-divider--view-line elementor-widget elementor-widget-divider\" data-id=\"8501430\" data-element_type=\"widget\" data-widget_type=\"divider.default\">\n\t\t\t\t<div class=\"elementor-widget-container\">\n\t\t\t\t\t\t\t<div class=\"elementor-divider\">\n\t\t\t<span class=\"elementor-divider-separator\">\n\t\t\t\t\t\t<\/span>\n\t\t<\/div>\n\t\t\t\t\t\t<\/div>\n\t\t\t\t<\/div>\n\t\t\t\t\t<\/div>\n\t\t<\/div>\n\t\t\t\t\t<\/div>\n\t\t<\/section>\n\t\t\t\t<section class=\"elementor-section elementor-top-section elementor-element elementor-element-038eeab elementor-section-boxed elementor-section-height-default elementor-section-height-default\" data-id=\"038eeab\" data-element_type=\"section\">\n\t\t\t\t\t\t<div class=\"elementor-container elementor-column-gap-default\">\n\t\t\t\t\t<div class=\"elementor-column elementor-col-100 elementor-top-column elementor-element elementor-element-616426e\" data-id=\"616426e\" data-element_type=\"column\">\n\t\t\t<div class=\"elementor-widget-wrap elementor-element-populated\">\n\t\t\t\t\t\t<div class=\"elementor-element elementor-element-23510e7 elementor-widget elementor-widget-heading\" data-id=\"23510e7\" data-element_type=\"widget\" data-widget_type=\"heading.default\">\n\t\t\t\t<div class=\"elementor-widget-container\">\n\t\t\t\t\t<h4 class=\"elementor-heading-title elementor-size-default\"><a href=\"http:\/\/enpalabrasbcn.com\/\">En Palabras [relatos migrantes]<\/a><\/h4>\t\t\t\t<\/div>\n\t\t\t\t<\/div>\n\t\t\t\t\t<\/div>\n\t\t<\/div>\n\t\t\t\t\t<\/div>\n\t\t<\/section>\n\t\t\t\t<section class=\"elementor-section elementor-top-section elementor-element elementor-element-3c6ab0c elementor-section-boxed elementor-section-height-default elementor-section-height-default\" data-id=\"3c6ab0c\" data-element_type=\"section\">\n\t\t\t\t\t\t<div class=\"elementor-container elementor-column-gap-default\">\n\t\t\t\t\t<div class=\"elementor-column elementor-col-100 elementor-top-column elementor-element elementor-element-0a691a2\" data-id=\"0a691a2\" data-element_type=\"column\">\n\t\t\t<div class=\"elementor-widget-wrap elementor-element-populated\">\n\t\t\t\t\t\t<div class=\"elementor-element elementor-element-853d761 elementor-widget elementor-widget-text-editor\" data-id=\"853d761\" data-element_type=\"widget\" data-widget_type=\"text-editor.default\">\n\t\t\t\t<div class=\"elementor-widget-container\">\n\t\t\t\t\t\t\t\t\t<p><a href=\"http:\/\/connectats.org\/\">Connectats, SCCL<\/a><\/p>\t\t\t\t\t\t\t\t<\/div>\n\t\t\t\t<\/div>\n\t\t\t\t<div class=\"elementor-element elementor-element-c67f422 elementor-widget elementor-widget-image\" data-id=\"c67f422\" data-element_type=\"widget\" data-widget_type=\"image.default\">\n\t\t\t\t<div class=\"elementor-widget-container\">\n\t\t\t\t\t\t\t\t\t\t\t\t\t\t\t<img decoding=\"async\" width=\"640\" height=\"427\" src=\"https:\/\/www.icip.cat\/wp-content\/uploads\/2022\/03\/En-Palabras-768x512.jpg\" class=\"attachment-medium_large size-medium_large wp-image-26222\" alt=\"\" srcset=\"https:\/\/www.icip.cat\/wp-content\/uploads\/2022\/03\/En-Palabras-768x512.jpg 768w, https:\/\/www.icip.cat\/wp-content\/uploads\/2022\/03\/En-Palabras-300x200.jpg 300w, https:\/\/www.icip.cat\/wp-content\/uploads\/2022\/03\/En-Palabras-1024x683.jpg 1024w, https:\/\/www.icip.cat\/wp-content\/uploads\/2022\/03\/En-Palabras-1536x1024.jpg 1536w, https:\/\/www.icip.cat\/wp-content\/uploads\/2022\/03\/En-Palabras.jpg 1800w\" sizes=\"(max-width: 640px) 100vw, 640px\" \/>\t\t\t\t\t\t\t\t\t\t\t\t\t\t\t<\/div>\n\t\t\t\t<\/div>\n\t\t\t\t<div class=\"elementor-element elementor-element-ed6ce95 elementor-widget elementor-widget-text-editor\" data-id=\"ed6ce95\" data-element_type=\"widget\" data-widget_type=\"text-editor.default\">\n\t\t\t\t<div class=\"elementor-widget-container\">\n\t\t\t\t\t\t\t\t\t<p>\u00c9s un projecte col\u00b7lectiu de creaci\u00f3 i edici\u00f3 liter\u00e0ria que reuneix persones migrants, exiliades i refugiades d\u2019Am\u00e8rica Llatina residents a Barcelona. La finalitat \u00e9s desenvolupar un proc\u00e9s de documentaci\u00f3 comunit\u00e0ria i construcci\u00f3 de mem\u00f2ria entorn de les situacions de viol\u00e8ncia i vulneraci\u00f3 de drets que obliguen persones d\u2019aquesta regi\u00f3 a abandonar els seus llocs d\u2019origen, i a les dificultats que troben en el transcurs del viatge i en el lloc d\u2019acolliment.<\/p><p>La proposta facilita espais de confian\u00e7a i reconeixement mutu al voltant de l\u2019escriptura creativa, on es gesten i es comparteixen relats de vida.<\/p>\t\t\t\t\t\t\t\t<\/div>\n\t\t\t\t<\/div>\n\t\t\t\t\t<\/div>\n\t\t<\/div>\n\t\t\t\t\t<\/div>\n\t\t<\/section>\n\t\t\t\t<section class=\"elementor-section elementor-top-section elementor-element elementor-element-60e278c elementor-section-boxed elementor-section-height-default elementor-section-height-default\" data-id=\"60e278c\" data-element_type=\"section\">\n\t\t\t\t\t\t<div class=\"elementor-container elementor-column-gap-default\">\n\t\t\t\t\t<div class=\"elementor-column elementor-col-100 elementor-top-column elementor-element elementor-element-8c961ed\" data-id=\"8c961ed\" data-element_type=\"column\">\n\t\t\t<div class=\"elementor-widget-wrap elementor-element-populated\">\n\t\t\t\t\t\t<div class=\"elementor-element elementor-element-b936059 elementor-widget-divider--view-line elementor-widget elementor-widget-divider\" data-id=\"b936059\" data-element_type=\"widget\" data-widget_type=\"divider.default\">\n\t\t\t\t<div class=\"elementor-widget-container\">\n\t\t\t\t\t\t\t<div class=\"elementor-divider\">\n\t\t\t<span class=\"elementor-divider-separator\">\n\t\t\t\t\t\t<\/span>\n\t\t<\/div>\n\t\t\t\t\t\t<\/div>\n\t\t\t\t<\/div>\n\t\t\t\t\t<\/div>\n\t\t<\/div>\n\t\t\t\t\t<\/div>\n\t\t<\/section>\n\t\t\t\t<section class=\"elementor-section elementor-top-section elementor-element elementor-element-53aa9da elementor-section-boxed elementor-section-height-default elementor-section-height-default\" data-id=\"53aa9da\" data-element_type=\"section\">\n\t\t\t\t\t\t<div class=\"elementor-container elementor-column-gap-default\">\n\t\t\t\t\t<div class=\"elementor-column elementor-col-100 elementor-top-column elementor-element elementor-element-3897710\" data-id=\"3897710\" data-element_type=\"column\">\n\t\t\t<div class=\"elementor-widget-wrap elementor-element-populated\">\n\t\t\t\t\t\t<div class=\"elementor-element elementor-element-132f278 elementor-widget elementor-widget-heading\" data-id=\"132f278\" data-element_type=\"widget\" data-widget_type=\"heading.default\">\n\t\t\t\t<div class=\"elementor-widget-container\">\n\t\t\t\t\t<h4 class=\"elementor-heading-title elementor-size-default\">Apropem el cicle econ\u00f2mic militar a les campanyes del moviment per la pau: Una base de dades millorada i m\u00e9s accessible<\/h4>\t\t\t\t<\/div>\n\t\t\t\t<\/div>\n\t\t\t\t\t<\/div>\n\t\t<\/div>\n\t\t\t\t\t<\/div>\n\t\t<\/section>\n\t\t\t\t<section class=\"elementor-section elementor-top-section elementor-element elementor-element-a1806eb elementor-section-boxed elementor-section-height-default elementor-section-height-default\" data-id=\"a1806eb\" data-element_type=\"section\">\n\t\t\t\t\t\t<div class=\"elementor-container elementor-column-gap-default\">\n\t\t\t\t\t<div class=\"elementor-column elementor-col-100 elementor-top-column elementor-element elementor-element-eec0c4b\" data-id=\"eec0c4b\" data-element_type=\"column\">\n\t\t\t<div class=\"elementor-widget-wrap elementor-element-populated\">\n\t\t\t\t\t\t<div class=\"elementor-element elementor-element-be22382 elementor-widget elementor-widget-text-editor\" data-id=\"be22382\" data-element_type=\"widget\" data-widget_type=\"text-editor.default\">\n\t\t\t\t<div class=\"elementor-widget-container\">\n\t\t\t\t\t\t\t\t\t<p><a href=\"http:\/\/centredelas.org\/\">Centre Del\u00e0s d&#8217;Estudis per la Pau<\/a><\/p>\t\t\t\t\t\t\t\t<\/div>\n\t\t\t\t<\/div>\n\t\t\t\t\t<\/div>\n\t\t<\/div>\n\t\t\t\t\t<\/div>\n\t\t<\/section>\n\t\t\t\t<section class=\"elementor-section elementor-top-section elementor-element elementor-element-38c3938 elementor-section-boxed elementor-section-height-default elementor-section-height-default\" data-id=\"38c3938\" data-element_type=\"section\">\n\t\t\t\t\t\t<div class=\"elementor-container elementor-column-gap-default\">\n\t\t\t\t\t<div class=\"elementor-column elementor-col-100 elementor-top-column elementor-element elementor-element-32e1d16\" data-id=\"32e1d16\" data-element_type=\"column\">\n\t\t\t<div class=\"elementor-widget-wrap elementor-element-populated\">\n\t\t\t\t\t\t<div class=\"elementor-element elementor-element-ebc6075 elementor-widget-divider--view-line elementor-widget elementor-widget-divider\" data-id=\"ebc6075\" data-element_type=\"widget\" data-widget_type=\"divider.default\">\n\t\t\t\t<div class=\"elementor-widget-container\">\n\t\t\t\t\t\t\t<div class=\"elementor-divider\">\n\t\t\t<span class=\"elementor-divider-separator\">\n\t\t\t\t\t\t<\/span>\n\t\t<\/div>\n\t\t\t\t\t\t<\/div>\n\t\t\t\t<\/div>\n\t\t\t\t\t<\/div>\n\t\t<\/div>\n\t\t\t\t\t<\/div>\n\t\t<\/section>\n\t\t\t\t<section class=\"elementor-section elementor-top-section elementor-element elementor-element-482ae1a elementor-section-boxed elementor-section-height-default elementor-section-height-default\" data-id=\"482ae1a\" data-element_type=\"section\">\n\t\t\t\t\t\t<div class=\"elementor-container elementor-column-gap-default\">\n\t\t\t\t\t<div class=\"elementor-column elementor-col-100 elementor-top-column elementor-element elementor-element-340a732\" data-id=\"340a732\" data-element_type=\"column\">\n\t\t\t<div class=\"elementor-widget-wrap elementor-element-populated\">\n\t\t\t\t\t\t<div class=\"elementor-element elementor-element-99dbb9e elementor-widget elementor-widget-heading\" data-id=\"99dbb9e\" data-element_type=\"widget\" data-widget_type=\"heading.default\">\n\t\t\t\t<div class=\"elementor-widget-container\">\n\t\t\t\t\t<h4 class=\"elementor-heading-title elementor-size-default\"><a href=\"http:\/\/perillderiqueses.dretsdelspobles.org\/mm\/file\/Dossier%20material%20dida%CC%80ctic.pdf\">Cathy Furaha, defensora de la pau i DDHH\na la RD del Congo: campanya de sensibilitzaci\u00f3 a Catalunya<\/a><\/h4>\t\t\t\t<\/div>\n\t\t\t\t<\/div>\n\t\t\t\t\t<\/div>\n\t\t<\/div>\n\t\t\t\t\t<\/div>\n\t\t<\/section>\n\t\t\t\t<section class=\"elementor-section elementor-top-section elementor-element elementor-element-76acf96 elementor-section-boxed elementor-section-height-default elementor-section-height-default\" data-id=\"76acf96\" data-element_type=\"section\">\n\t\t\t\t\t\t<div class=\"elementor-container elementor-column-gap-default\">\n\t\t\t\t\t<div class=\"elementor-column elementor-col-100 elementor-top-column elementor-element elementor-element-cc333c4\" data-id=\"cc333c4\" data-element_type=\"column\">\n\t\t\t<div class=\"elementor-widget-wrap elementor-element-populated\">\n\t\t\t\t\t\t<div class=\"elementor-element elementor-element-c703daf elementor-widget elementor-widget-text-editor\" data-id=\"c703daf\" data-element_type=\"widget\" data-widget_type=\"text-editor.default\">\n\t\t\t\t<div class=\"elementor-widget-container\">\n\t\t\t\t\t\t\t\t\t<p><a href=\"https:\/\/dretsdelspobles.org\/ca\/\">Lliga dels Drets dels Pobles<\/a><\/p>\t\t\t\t\t\t\t\t<\/div>\n\t\t\t\t<\/div>\n\t\t\t\t\t<\/div>\n\t\t<\/div>\n\t\t\t\t\t<\/div>\n\t\t<\/section>\n\t\t\t\t<section class=\"elementor-section elementor-top-section elementor-element elementor-element-5ebb25d elementor-section-boxed elementor-section-height-default elementor-section-height-default\" data-id=\"5ebb25d\" data-element_type=\"section\">\n\t\t\t\t\t\t<div class=\"elementor-container elementor-column-gap-default\">\n\t\t\t\t\t<div class=\"elementor-column elementor-col-100 elementor-top-column elementor-element elementor-element-fefbf0c\" data-id=\"fefbf0c\" data-element_type=\"column\">\n\t\t\t<div class=\"elementor-widget-wrap elementor-element-populated\">\n\t\t\t\t\t\t<div class=\"elementor-element elementor-element-e1a0e8c elementor-widget-divider--view-line elementor-widget elementor-widget-divider\" data-id=\"e1a0e8c\" data-element_type=\"widget\" data-widget_type=\"divider.default\">\n\t\t\t\t<div class=\"elementor-widget-container\">\n\t\t\t\t\t\t\t<div class=\"elementor-divider\">\n\t\t\t<span class=\"elementor-divider-separator\">\n\t\t\t\t\t\t<\/span>\n\t\t<\/div>\n\t\t\t\t\t\t<\/div>\n\t\t\t\t<\/div>\n\t\t\t\t\t<\/div>\n\t\t<\/div>\n\t\t\t\t\t<\/div>\n\t\t<\/section>\n\t\t\t\t<section class=\"elementor-section elementor-top-section elementor-element elementor-element-ec11f2e elementor-section-boxed elementor-section-height-default elementor-section-height-default\" data-id=\"ec11f2e\" data-element_type=\"section\">\n\t\t\t\t\t\t<div class=\"elementor-container elementor-column-gap-default\">\n\t\t\t\t\t<div class=\"elementor-column elementor-col-100 elementor-top-column elementor-element elementor-element-58175ea\" data-id=\"58175ea\" data-element_type=\"column\">\n\t\t\t<div class=\"elementor-widget-wrap elementor-element-populated\">\n\t\t\t\t\t\t<div class=\"elementor-element elementor-element-377a607 elementor-widget elementor-widget-heading\" data-id=\"377a607\" data-element_type=\"widget\" data-widget_type=\"heading.default\">\n\t\t\t\t<div class=\"elementor-widget-container\">\n\t\t\t\t\t<h4 class=\"elementor-heading-title elementor-size-default\">Mitos y realidades sobre la justicia transicional en Colombia <\/h4>\t\t\t\t<\/div>\n\t\t\t\t<\/div>\n\t\t\t\t\t<\/div>\n\t\t<\/div>\n\t\t\t\t\t<\/div>\n\t\t<\/section>\n\t\t\t\t<section class=\"elementor-section elementor-top-section elementor-element elementor-element-07df66c elementor-section-boxed elementor-section-height-default elementor-section-height-default\" data-id=\"07df66c\" data-element_type=\"section\">\n\t\t\t\t\t\t<div class=\"elementor-container elementor-column-gap-default\">\n\t\t\t\t\t<div class=\"elementor-column elementor-col-100 elementor-top-column elementor-element elementor-element-534306c\" data-id=\"534306c\" data-element_type=\"column\">\n\t\t\t<div class=\"elementor-widget-wrap elementor-element-populated\">\n\t\t\t\t\t\t<div class=\"elementor-element elementor-element-049e957 elementor-widget elementor-widget-text-editor\" data-id=\"049e957\" data-element_type=\"widget\" data-widget_type=\"text-editor.default\">\n\t\t\t\t<div class=\"elementor-widget-container\">\n\t\t\t\t\t\t\t\t\t<p><a href=\"https:\/\/www.peacebrigades.org\/es\">Brigades Internacionals de Pau de Catalunya<\/a><\/p>\t\t\t\t\t\t\t\t<\/div>\n\t\t\t\t<\/div>\n\t\t\t\t\t<\/div>\n\t\t<\/div>\n\t\t\t\t\t<\/div>\n\t\t<\/section>\n\t\t\t\t<section class=\"elementor-section elementor-top-section elementor-element elementor-element-3e4015a elementor-section-boxed elementor-section-height-default elementor-section-height-default\" data-id=\"3e4015a\" data-element_type=\"section\">\n\t\t\t\t\t\t<div class=\"elementor-container elementor-column-gap-default\">\n\t\t\t\t\t<div class=\"elementor-column elementor-col-100 elementor-top-column elementor-element elementor-element-bbb1090\" data-id=\"bbb1090\" data-element_type=\"column\">\n\t\t\t<div class=\"elementor-widget-wrap elementor-element-populated\">\n\t\t\t\t\t\t<div class=\"elementor-element elementor-element-c05605b elementor-widget-divider--view-line elementor-widget elementor-widget-divider\" data-id=\"c05605b\" data-element_type=\"widget\" data-widget_type=\"divider.default\">\n\t\t\t\t<div class=\"elementor-widget-container\">\n\t\t\t\t\t\t\t<div class=\"elementor-divider\">\n\t\t\t<span class=\"elementor-divider-separator\">\n\t\t\t\t\t\t<\/span>\n\t\t<\/div>\n\t\t\t\t\t\t<\/div>\n\t\t\t\t<\/div>\n\t\t\t\t\t<\/div>\n\t\t<\/div>\n\t\t\t\t\t<\/div>\n\t\t<\/section>\n\t\t\t\t<\/div>\n\t\t","protected":false},"excerpt":{"rendered":"<p>Projectes subvencionats En aquesta p\u00e0gina podeu consultar els projectes subvencionats en la convocat\u00f2ria de l\u2019any 2019: \u00a0 Pacifiquem les xarxes socials \u00a0FundiPau (Fundaci\u00f3 per la Pau) Les xarxes socials formen part de la vida i de la quotidianitat d\u2019un gran nombre de persones i s\u2019han convertit en un mitj\u00e0 habitual de relacionar-se, debatre i discutir. [&hellip;]<\/p>\n","protected":false},"author":4,"featured_media":0,"parent":0,"menu_order":0,"comment_status":"closed","ping_status":"closed","template":"","meta":{"_acf_changed":false,"footnotes":""},"class_list":["post-26128","page","type-page","status-publish","hentry"],"acf":[],"yoast_head":"<!-- This site is optimized with the Yoast SEO plugin v25.6 - https:\/\/yoast.com\/wordpress\/plugins\/seo\/ -->\n<title>Projectes subvencionats - 2019 - ICIP<\/title>\n<meta name=\"robots\" content=\"index, follow, max-snippet:-1, max-image-preview:large, max-video-preview:-1\" \/>\n<link rel=\"canonical\" href=\"https:\/\/www.icip.cat\/ca\/projectes-subvencionats-entitats-2019\/\" \/>\n<meta property=\"og:locale\" content=\"ca_ES\" \/>\n<meta property=\"og:type\" content=\"article\" \/>\n<meta property=\"og:title\" content=\"Projectes subvencionats - 2019 - ICIP\" \/>\n<meta property=\"og:description\" content=\"Projectes subvencionats En aquesta p\u00e0gina podeu consultar els projectes subvencionats en la convocat\u00f2ria de l\u2019any 2019: \u00a0 Pacifiquem les xarxes socials \u00a0FundiPau (Fundaci\u00f3 per la Pau) Les xarxes socials formen part de la vida i de la quotidianitat d\u2019un gran nombre de persones i s\u2019han convertit en un mitj\u00e0 habitual de relacionar-se, debatre i discutir. [&hellip;]\" \/>\n<meta property=\"og:url\" content=\"https:\/\/www.icip.cat\/ca\/projectes-subvencionats-entitats-2019\/\" \/>\n<meta property=\"og:site_name\" content=\"ICIP\" \/>\n<meta property=\"article:modified_time\" content=\"2025-08-05T09:05:57+00:00\" \/>\n<meta property=\"og:image\" content=\"https:\/\/www.icip.cat\/wp-content\/uploads\/2022\/03\/pacifiquem.jpg\" \/>\n\t<meta property=\"og:image:width\" content=\"1280\" \/>\n\t<meta property=\"og:image:height\" content=\"720\" \/>\n\t<meta property=\"og:image:type\" content=\"image\/jpeg\" \/>\n<meta name=\"twitter:card\" content=\"summary_large_image\" \/>\n<meta name=\"twitter:label1\" content=\"Temps estimat de lectura\" \/>\n\t<meta name=\"twitter:data1\" content=\"2 minuts\" \/>\n<script type=\"application\/ld+json\" class=\"yoast-schema-graph\">{\"@context\":\"https:\/\/schema.org\",\"@graph\":[{\"@type\":\"WebPage\",\"@id\":\"https:\/\/www.icip.cat\/ca\/projectes-subvencionats-entitats-2019\/\",\"url\":\"https:\/\/www.icip.cat\/ca\/projectes-subvencionats-entitats-2019\/\",\"name\":\"Projectes subvencionats - 2019 - ICIP\",\"isPartOf\":{\"@id\":\"https:\/\/www.icip.cat\/ca\/#website\"},\"primaryImageOfPage\":{\"@id\":\"https:\/\/www.icip.cat\/ca\/projectes-subvencionats-entitats-2019\/#primaryimage\"},\"image\":{\"@id\":\"https:\/\/www.icip.cat\/ca\/projectes-subvencionats-entitats-2019\/#primaryimage\"},\"thumbnailUrl\":\"https:\/\/www.icip.cat\/wp-content\/uploads\/2022\/03\/pacifiquem-768x432.jpg\",\"datePublished\":\"2022-03-18T12:49:25+00:00\",\"dateModified\":\"2025-08-05T09:05:57+00:00\",\"inLanguage\":\"ca\",\"potentialAction\":[{\"@type\":\"ReadAction\",\"target\":[\"https:\/\/www.icip.cat\/ca\/projectes-subvencionats-entitats-2019\/\"]}]},{\"@type\":\"ImageObject\",\"inLanguage\":\"ca\",\"@id\":\"https:\/\/www.icip.cat\/ca\/projectes-subvencionats-entitats-2019\/#primaryimage\",\"url\":\"https:\/\/www.icip.cat\/wp-content\/uploads\/2022\/03\/pacifiquem-768x432.jpg\",\"contentUrl\":\"https:\/\/www.icip.cat\/wp-content\/uploads\/2022\/03\/pacifiquem-768x432.jpg\"},{\"@type\":\"WebSite\",\"@id\":\"https:\/\/www.icip.cat\/ca\/#website\",\"url\":\"https:\/\/www.icip.cat\/ca\/\",\"name\":\"ICIP\",\"description\":\"\",\"publisher\":{\"@id\":\"https:\/\/www.icip.cat\/ca\/#organization\"},\"potentialAction\":[{\"@type\":\"SearchAction\",\"target\":{\"@type\":\"EntryPoint\",\"urlTemplate\":\"https:\/\/www.icip.cat\/ca\/?s={search_term_string}\"},\"query-input\":{\"@type\":\"PropertyValueSpecification\",\"valueRequired\":true,\"valueName\":\"search_term_string\"}}],\"inLanguage\":\"ca\"},{\"@type\":\"Organization\",\"@id\":\"https:\/\/www.icip.cat\/ca\/#organization\",\"name\":\"ICIP\",\"url\":\"https:\/\/www.icip.cat\/ca\/\",\"logo\":{\"@type\":\"ImageObject\",\"inLanguage\":\"ca\",\"@id\":\"https:\/\/www.icip.cat\/ca\/#\/schema\/logo\/image\/\",\"url\":\"https:\/\/www.icip.cat\/wp-content\/uploads\/2021\/02\/logo-2.png\",\"contentUrl\":\"https:\/\/www.icip.cat\/wp-content\/uploads\/2021\/02\/logo-2.png\",\"width\":562,\"height\":391,\"caption\":\"ICIP\"},\"image\":{\"@id\":\"https:\/\/www.icip.cat\/ca\/#\/schema\/logo\/image\/\"}}]}<\/script>\n<!-- \/ Yoast SEO plugin. -->","yoast_head_json":{"title":"Projectes subvencionats - 2019 - ICIP","robots":{"index":"index","follow":"follow","max-snippet":"max-snippet:-1","max-image-preview":"max-image-preview:large","max-video-preview":"max-video-preview:-1"},"canonical":"https:\/\/www.icip.cat\/ca\/projectes-subvencionats-entitats-2019\/","og_locale":"ca_ES","og_type":"article","og_title":"Projectes subvencionats - 2019 - ICIP","og_description":"Projectes subvencionats En aquesta p\u00e0gina podeu consultar els projectes subvencionats en la convocat\u00f2ria de l\u2019any 2019: \u00a0 Pacifiquem les xarxes socials \u00a0FundiPau (Fundaci\u00f3 per la Pau) Les xarxes socials formen part de la vida i de la quotidianitat d\u2019un gran nombre de persones i s\u2019han convertit en un mitj\u00e0 habitual de relacionar-se, debatre i discutir. [&hellip;]","og_url":"https:\/\/www.icip.cat\/ca\/projectes-subvencionats-entitats-2019\/","og_site_name":"ICIP","article_modified_time":"2025-08-05T09:05:57+00:00","og_image":[{"width":1280,"height":720,"url":"https:\/\/www.icip.cat\/wp-content\/uploads\/2022\/03\/pacifiquem.jpg","type":"image\/jpeg"}],"twitter_card":"summary_large_image","twitter_misc":{"Temps estimat de lectura":"2 minuts"},"schema":{"@context":"https:\/\/schema.org","@graph":[{"@type":"WebPage","@id":"https:\/\/www.icip.cat\/ca\/projectes-subvencionats-entitats-2019\/","url":"https:\/\/www.icip.cat\/ca\/projectes-subvencionats-entitats-2019\/","name":"Projectes subvencionats - 2019 - ICIP","isPartOf":{"@id":"https:\/\/www.icip.cat\/ca\/#website"},"primaryImageOfPage":{"@id":"https:\/\/www.icip.cat\/ca\/projectes-subvencionats-entitats-2019\/#primaryimage"},"image":{"@id":"https:\/\/www.icip.cat\/ca\/projectes-subvencionats-entitats-2019\/#primaryimage"},"thumbnailUrl":"https:\/\/www.icip.cat\/wp-content\/uploads\/2022\/03\/pacifiquem-768x432.jpg","datePublished":"2022-03-18T12:49:25+00:00","dateModified":"2025-08-05T09:05:57+00:00","inLanguage":"ca","potentialAction":[{"@type":"ReadAction","target":["https:\/\/www.icip.cat\/ca\/projectes-subvencionats-entitats-2019\/"]}]},{"@type":"ImageObject","inLanguage":"ca","@id":"https:\/\/www.icip.cat\/ca\/projectes-subvencionats-entitats-2019\/#primaryimage","url":"https:\/\/www.icip.cat\/wp-content\/uploads\/2022\/03\/pacifiquem-768x432.jpg","contentUrl":"https:\/\/www.icip.cat\/wp-content\/uploads\/2022\/03\/pacifiquem-768x432.jpg"},{"@type":"WebSite","@id":"https:\/\/www.icip.cat\/ca\/#website","url":"https:\/\/www.icip.cat\/ca\/","name":"ICIP","description":"","publisher":{"@id":"https:\/\/www.icip.cat\/ca\/#organization"},"potentialAction":[{"@type":"SearchAction","target":{"@type":"EntryPoint","urlTemplate":"https:\/\/www.icip.cat\/ca\/?s={search_term_string}"},"query-input":{"@type":"PropertyValueSpecification","valueRequired":true,"valueName":"search_term_string"}}],"inLanguage":"ca"},{"@type":"Organization","@id":"https:\/\/www.icip.cat\/ca\/#organization","name":"ICIP","url":"https:\/\/www.icip.cat\/ca\/","logo":{"@type":"ImageObject","inLanguage":"ca","@id":"https:\/\/www.icip.cat\/ca\/#\/schema\/logo\/image\/","url":"https:\/\/www.icip.cat\/wp-content\/uploads\/2021\/02\/logo-2.png","contentUrl":"https:\/\/www.icip.cat\/wp-content\/uploads\/2021\/02\/logo-2.png","width":562,"height":391,"caption":"ICIP"},"image":{"@id":"https:\/\/www.icip.cat\/ca\/#\/schema\/logo\/image\/"}}]}},"_links":{"self":[{"href":"https:\/\/www.icip.cat\/ca\/wp-json\/wp\/v2\/pages\/26128","targetHints":{"allow":["GET"]}}],"collection":[{"href":"https:\/\/www.icip.cat\/ca\/wp-json\/wp\/v2\/pages"}],"about":[{"href":"https:\/\/www.icip.cat\/ca\/wp-json\/wp\/v2\/types\/page"}],"author":[{"embeddable":true,"href":"https:\/\/www.icip.cat\/ca\/wp-json\/wp\/v2\/users\/4"}],"replies":[{"embeddable":true,"href":"https:\/\/www.icip.cat\/ca\/wp-json\/wp\/v2\/comments?post=26128"}],"version-history":[{"count":20,"href":"https:\/\/www.icip.cat\/ca\/wp-json\/wp\/v2\/pages\/26128\/revisions"}],"predecessor-version":[{"id":55998,"href":"https:\/\/www.icip.cat\/ca\/wp-json\/wp\/v2\/pages\/26128\/revisions\/55998"}],"wp:attachment":[{"href":"https:\/\/www.icip.cat\/ca\/wp-json\/wp\/v2\/media?parent=26128"}],"curies":[{"name":"wp","href":"https:\/\/api.w.org\/{rel}","templated":true}]}}