{"id":48669,"date":"2024-08-06T09:58:56","date_gmt":"2024-08-06T09:58:56","guid":{"rendered":"https:\/\/www.icip.cat\/?page_id=48669"},"modified":"2026-01-14T14:26:42","modified_gmt":"2026-01-14T14:26:42","slug":"reorientar-les-politiques-publiques","status":"publish","type":"page","link":"https:\/\/www.icip.cat\/ca\/alternatives-de-seguretat\/reorientar-les-politiques-publiques\/","title":{"rendered":"Reorientar les pol\u00edtiques p\u00fabliques"},"content":{"rendered":"\t\t<div data-elementor-type=\"wp-page\" data-elementor-id=\"48669\" class=\"elementor elementor-48669\" data-elementor-post-type=\"page\">\n\t\t\t\t\t\t<section class=\"elementor-section elementor-top-section elementor-element elementor-element-e6e0092 elementor-section-boxed elementor-section-height-default elementor-section-height-default\" data-id=\"e6e0092\" data-element_type=\"section\" data-settings=\"{&quot;background_background&quot;:&quot;classic&quot;}\">\n\t\t\t\t\t\t\t<div class=\"elementor-background-overlay\"><\/div>\n\t\t\t\t\t\t\t<div class=\"elementor-container elementor-column-gap-default\">\n\t\t\t\t\t<div class=\"elementor-column elementor-col-100 elementor-top-column elementor-element elementor-element-544249c\" data-id=\"544249c\" data-element_type=\"column\">\n\t\t\t<div class=\"elementor-widget-wrap elementor-element-populated\">\n\t\t\t\t\t\t<div class=\"elementor-element elementor-element-12abc74 elementor-widget elementor-widget-heading\" data-id=\"12abc74\" data-element_type=\"widget\" data-widget_type=\"heading.default\">\n\t\t\t\t<div class=\"elementor-widget-container\">\n\t\t\t\t\t<h1 class=\"elementor-heading-title elementor-size-xl\">Reorientar les pol\u00edtiques p\u00fabliques de seguretat<\/h1>\t\t\t\t<\/div>\n\t\t\t\t<\/div>\n\t\t\t\t\t<\/div>\n\t\t<\/div>\n\t\t\t\t\t<\/div>\n\t\t<\/section>\n\t\t\t\t<section class=\"elementor-section elementor-top-section elementor-element elementor-element-56adc83 elementor-section-boxed elementor-section-height-default elementor-section-height-default\" data-id=\"56adc83\" data-element_type=\"section\">\n\t\t\t\t\t\t<div class=\"elementor-container elementor-column-gap-default\">\n\t\t\t\t\t<div class=\"elementor-column elementor-col-100 elementor-top-column elementor-element elementor-element-98f50b6\" data-id=\"98f50b6\" data-element_type=\"column\">\n\t\t\t<div class=\"elementor-widget-wrap elementor-element-populated\">\n\t\t\t\t\t\t<div class=\"elementor-element elementor-element-d0cdc5a elementor-widget elementor-widget-spacer\" data-id=\"d0cdc5a\" data-element_type=\"widget\" data-widget_type=\"spacer.default\">\n\t\t\t\t<div class=\"elementor-widget-container\">\n\t\t\t\t\t\t\t<div class=\"elementor-spacer\">\n\t\t\t<div class=\"elementor-spacer-inner\"><\/div>\n\t\t<\/div>\n\t\t\t\t\t\t<\/div>\n\t\t\t\t<\/div>\n\t\t\t\t<section class=\"elementor-section elementor-inner-section elementor-element elementor-element-8c402a6 elementor-section-boxed elementor-section-height-default elementor-section-height-default\" data-id=\"8c402a6\" data-element_type=\"section\">\n\t\t\t\t\t\t<div class=\"elementor-container elementor-column-gap-default\">\n\t\t\t\t\t<div class=\"elementor-column elementor-col-100 elementor-inner-column elementor-element elementor-element-e778450\" data-id=\"e778450\" data-element_type=\"column\">\n\t\t\t<div class=\"elementor-widget-wrap elementor-element-populated\">\n\t\t\t\t\t\t<div class=\"elementor-element elementor-element-15b0fb5 elementor-widget elementor-widget-text-editor\" data-id=\"15b0fb5\" data-element_type=\"widget\" data-widget_type=\"text-editor.default\">\n\t\t\t\t<div class=\"elementor-widget-container\">\n\t\t\t\t\t\t\t\t\t<p>Arreu del m\u00f3n proliferen pol\u00edtiques de seguretat basades en la l\u00f2gica de suma-zero (\u201csi tu perds, jo guanyo\u201d). S\u00f3n models de seguretat que se centren en assenyalar enemics i amenaces i que tenen per objectiu la confrontaci\u00f3 i dissuasi\u00f3 immediata, per\u00f2 no pas la cooperaci\u00f3 i <strong>la transformaci\u00f3 profunda de les relacions de viol\u00e8ncia<\/strong>, tant interpersonals, com comunit\u00e0ries.<\/p><p>Aix\u00ed, a l\u2019\u00e0mbit local, la seguretat t\u00e9 com a prioritat combatre el delicte i garantir l\u2019ordre p\u00fablic i l\u2019estabilitat pol\u00edtica, mentre que a l\u2019\u00e0mbit internacional, la seguretat est\u00e0 completament lligada a unes estructures de defensa armada i militaritzada que busquen protegir la sobirania nacional i les fronteres geopol\u00edtiques.<\/p><p>Des de fa d\u00e8cades, per\u00f2, hi ha cert consens en la necessitat d\u2019ampliar-ne la interpretaci\u00f3. Des de l\u2019ICIP ens preguntem: <strong>Quines s\u00f3n les necessitats i els drets que cal protegir en nom de la seguretat?<\/strong> Qui ha de fer-ho? Com combinem la seguretat tradicional amb propostes m\u00e9s emergents i complexes com la seguretat humana? Quines opcions hi ha de corresponsabilitzaci\u00f3 entre els actors socials i els actors institucionals?<\/p>\t\t\t\t\t\t\t\t<\/div>\n\t\t\t\t<\/div>\n\t\t\t\t<div class=\"elementor-element elementor-element-96f6451 elementor-widget elementor-widget-heading\" data-id=\"96f6451\" data-element_type=\"widget\" data-widget_type=\"heading.default\">\n\t\t\t\t<div class=\"elementor-widget-container\">\n\t\t\t\t\t<h2 class=\"elementor-heading-title elementor-size-default\">Grup de treball sobre seguretat p\u00fablica a Catalunya<\/h2>\t\t\t\t<\/div>\n\t\t\t\t<\/div>\n\t\t\t\t\t<\/div>\n\t\t<\/div>\n\t\t\t\t\t<\/div>\n\t\t<\/section>\n\t\t\t\t<div class=\"elementor-element elementor-element-2d4e873 elementor-widget-divider--view-line elementor-widget elementor-widget-divider\" data-id=\"2d4e873\" data-element_type=\"widget\" data-widget_type=\"divider.default\">\n\t\t\t\t<div class=\"elementor-widget-container\">\n\t\t\t\t\t\t\t<div class=\"elementor-divider\">\n\t\t\t<span class=\"elementor-divider-separator\">\n\t\t\t\t\t\t<\/span>\n\t\t<\/div>\n\t\t\t\t\t\t<\/div>\n\t\t\t\t<\/div>\n\t\t\t\t<div class=\"elementor-element elementor-element-4268a6a elementor-widget elementor-widget-text-editor\" data-id=\"4268a6a\" data-element_type=\"widget\" data-widget_type=\"text-editor.default\">\n\t\t\t\t<div class=\"elementor-widget-container\">\n\t\t\t\t\t\t\t\t\t<p>Amb l\u2019objectiu de promoure discursos i pr\u00e0ctiques alternatives a la noci\u00f3 cl\u00e0ssica de seguretat p\u00fablica, l\u2019ICIP coordina des de 2021 el Grup de treball sobre seguretat p\u00fablica a Catalunya. Des del grup es treballa per fonamentar la recerca aplicada en aquest camp i per promoure espais de di\u00e0leg i reflexi\u00f3 entre diferents agents de seguretat estrat\u00e8gics a Catalunya, tant institucionals com socials.<\/p><p>Entre les seves darreres actuacions, hi destaquen tallers sobre gesti\u00f3 alternativa de conflictes dirigides a cossos policials i projectes de recerca sobre la noci\u00f3 de conviv\u00e8ncia i seguretat a municipis de Catalunya, i sobre com les viol\u00e8ncies sexuals tenen un impacte en la securititzaci\u00f3 a l\u2019espai p\u00fablic.<\/p>\t\t\t\t\t\t\t\t<\/div>\n\t\t\t\t<\/div>\n\t\t\t\t<div class=\"elementor-element elementor-element-9ada8e6 elementor-widget elementor-widget-spacer\" data-id=\"9ada8e6\" data-element_type=\"widget\" data-widget_type=\"spacer.default\">\n\t\t\t\t<div class=\"elementor-widget-container\">\n\t\t\t\t\t\t\t<div class=\"elementor-spacer\">\n\t\t\t<div class=\"elementor-spacer-inner\"><\/div>\n\t\t<\/div>\n\t\t\t\t\t\t<\/div>\n\t\t\t\t<\/div>\n\t\t\t\t<div class=\"elementor-element elementor-element-d040213 elementor-widget elementor-widget-heading\" data-id=\"d040213\" data-element_type=\"widget\" data-widget_type=\"heading.default\">\n\t\t\t\t<div class=\"elementor-widget-container\">\n\t\t\t\t\t<h2 class=\"elementor-heading-title elementor-size-default\">Publicacions<\/h2>\t\t\t\t<\/div>\n\t\t\t\t<\/div>\n\t\t\t\t<div class=\"elementor-element elementor-element-c42a477 elementor-widget-divider--view-line elementor-widget elementor-widget-divider\" data-id=\"c42a477\" data-element_type=\"widget\" data-widget_type=\"divider.default\">\n\t\t\t\t<div class=\"elementor-widget-container\">\n\t\t\t\t\t\t\t<div class=\"elementor-divider\">\n\t\t\t<span class=\"elementor-divider-separator\">\n\t\t\t\t\t\t<\/span>\n\t\t<\/div>\n\t\t\t\t\t\t<\/div>\n\t\t\t\t<\/div>\n\t\t\t\t<div class=\"elementor-element elementor-element-21c17d1 elementor-widget elementor-widget-icip-publicationlisting\" data-id=\"21c17d1\" data-element_type=\"widget\" data-widget_type=\"icip-publicationlisting.default\">\n\t\t\t\t<div class=\"elementor-widget-container\">\n\t\t\t\t\t<div class=\"block-publication-listing\"  data-view-type=\"cover\"><div class=\"list\"><article class=\"entry\"><a href=\"https:\/\/www.icip.cat\/ca\/publication\/politiques-locals-de-seguretat-humana-i-comunitaria\/\" class=\"link\" title=\"Pol\u00edtiques locals de seguretat humana i comunit\u00e0ria\"><div class=\"image\"><img fetchpriority=\"high\" decoding=\"async\" width=\"400\" height=\"570\" src=\"https:\/\/www.icip.cat\/wp-content\/uploads\/2023\/02\/coberta_web-400x570.jpg\" class=\"attachment-publicationlisting-thumbnail size-publicationlisting-thumbnail wp-post-image\" alt=\"\" srcset=\"https:\/\/www.icip.cat\/wp-content\/uploads\/2023\/02\/coberta_web-400x570.jpg 400w, https:\/\/www.icip.cat\/wp-content\/uploads\/2023\/02\/coberta_web-211x300.jpg 211w, https:\/\/www.icip.cat\/wp-content\/uploads\/2023\/02\/coberta_web.jpg 422w\" sizes=\"(max-width: 400px) 100vw, 400px\" \/><\/div><div class=\"details\"><h2 class=\"title\">Pol\u00edtiques locals de seguretat humana i comunit\u00e0ria<\/h2><p class=\"author\">Nora Miralles Crespo<\/p><\/div><\/a><\/article><article class=\"entry\"><a href=\"https:\/\/www.icip.cat\/ca\/publication\/el-tractament-de-la-seguretat-a-les-universitats-catalanes\/\" class=\"link\" title=\"El tractament de la seguretat a les universitats catalanes\"><div class=\"image\"><img decoding=\"async\" width=\"400\" height=\"570\" src=\"https:\/\/www.icip.cat\/wp-content\/uploads\/2024\/02\/Informe22-400x570.png\" class=\"attachment-publicationlisting-thumbnail size-publicationlisting-thumbnail wp-post-image\" alt=\"\" \/><\/div><div class=\"details\"><h2 class=\"title\">El tractament de la seguretat a les universitats catalanes<\/h2><p class=\"author\">Informes 22\/2024. C. G\u00fcerri, J.M. L\u00f3pez, J.J. Medina, A. Pedrosa, C. Sobrino<\/p><\/div><\/a><\/article><article class=\"entry\"><a href=\"https:\/\/www.icip.cat\/ca\/publication\/interseccionalitat-i-politiques-locals-de-seguretat-un-dialeg-possible\/\" class=\"link\" title=\"Interseccionalitat i pol\u00edtiques locals de seguretat: un di\u00e0leg possible\"><div class=\"image\"><img decoding=\"async\" width=\"400\" height=\"570\" src=\"https:\/\/www.icip.cat\/wp-content\/uploads\/2024\/06\/Eines-30-400x570.png\" class=\"attachment-publicationlisting-thumbnail size-publicationlisting-thumbnail wp-post-image\" alt=\"\" \/><\/div><div class=\"details\"><h2 class=\"title\">Interseccionalitat i pol\u00edtiques locals de seguretat: un di\u00e0leg possible<\/h2><p class=\"author\">Gerard Coll-Planas, Marina Garcia-Castillo i Gloria Garc\u00eda-Romeral<\/p><\/div><\/a><\/article><article class=\"entry\"><a href=\"http:\/\/www.icip.cat\/wp-content\/uploads\/2023\/11\/Enquesta-ICIP-2023.pdf\" class=\"link\" title=\"Enquesta ICIP 2023 &#8220;Conviv\u00e8ncia i seguretat a Catalunya&#8221;\"><div class=\"image\"><img loading=\"lazy\" decoding=\"async\" width=\"400\" height=\"570\" src=\"https:\/\/www.icip.cat\/wp-content\/uploads\/2023\/12\/Enquesta-web-400x570.png\" class=\"attachment-publicationlisting-thumbnail size-publicationlisting-thumbnail wp-post-image\" alt=\"\" \/><\/div><div class=\"details\"><h2 class=\"title\">Enquesta ICIP 2023 &#8220;Conviv\u00e8ncia i seguretat a Catalunya&#8221;<\/h2><p class=\"author\">ICIP 2023<\/p><\/div><\/a><\/article><\/div><\/div>\t\t\t\t<\/div>\n\t\t\t\t<\/div>\n\t\t\t\t<div class=\"elementor-element elementor-element-fa76c37 elementor-widget elementor-widget-icip-relatedlisting\" data-id=\"fa76c37\" data-element_type=\"widget\" data-widget_type=\"icip-relatedlisting.default\">\n\t\t\t\t<div class=\"elementor-widget-container\">\n\t\t\t\t\t<div class=\"block-related-listing\"  data-view-type=\"list\"><div class=\"list\"><article class=\"entry\"><a href=\"https:\/\/www.icip.cat\/ca\/la-comissio-destudi-sobre-el-model-policial-del-parlament-de-catalunya-recull-les-aportacions-de-licip\/\" class=\"link post\"><div class=\"icon\"><svg height='100px' width='100px'  fill=\"#000000\" xmlns=\"http:\/\/www.w3.org\/2000\/svg\" xmlns:xlink=\"http:\/\/www.w3.org\/1999\/xlink\" version=\"1.1\" x=\"0px\" y=\"0px\" viewBox=\"0 0 32 32\" enable-background=\"new 0 0 32 32\" xml:space=\"preserve\"><path d=\"M30.928,12.947h-6.77V4.369c0-0.348-0.283-0.63-0.631-0.63H1.072c-0.348,0-0.629,0.282-0.629,0.63v19.143  c0,3.418,1.213,4.749,4.328,4.749c0,0,22.23,0,22.457,0c3.115,0,4.328-1.331,4.328-4.749v-9.935  C31.557,13.229,31.275,12.947,30.928,12.947z M4.771,27.001c-2.121,0-3.068-0.504-3.068-3.489V4.999h21.195v18.513  c0,1.588,0.262,2.726,0.855,3.489H4.771z M30.297,23.512c0,2.985-0.945,3.489-3.068,3.489s-3.07-0.504-3.07-3.489v-9.305h6.139  V23.512z\"><\/path><rect x=\"4.402\" y=\"9.306\" width=\"15.797\" height=\"1.26\"><\/rect><rect x=\"14.244\" y=\"14.276\" width=\"5.955\" height=\"1.26\"><\/rect><rect x=\"14.244\" y=\"20.539\" width=\"5.955\" height=\"1.26\"><\/rect><rect x=\"14.244\" y=\"17.408\" width=\"5.955\" height=\"1.26\"><\/rect><path d=\"M12.301,12.388h-7.27c-0.348,0-0.629,0.282-0.629,0.63v10.041c0,0.348,0.281,0.63,0.629,0.63h7.27  c0.348,0,0.631-0.282,0.631-0.63V13.018C12.932,12.67,12.648,12.388,12.301,12.388z M11.672,22.428h-6.01v-8.78h6.01V22.428z\"><\/path><\/svg><\/div><div class=\"details\"><h2 class=\"title\">La Comissi\u00f3 d&#8217;Estudi sobre el Model Policial del Parlament de Catalunya recull les aportacions de l&#8217;ICIP<\/h2><\/div><\/a><\/article><\/div><\/div>\t\t\t\t<\/div>\n\t\t\t\t<\/div>\n\t\t\t\t<div class=\"elementor-element elementor-element-4c79cc0 elementor-widget elementor-widget-heading\" data-id=\"4c79cc0\" data-element_type=\"widget\" id=\"colombia\" data-widget_type=\"heading.default\">\n\t\t\t\t<div class=\"elementor-widget-container\">\n\t\t\t\t\t<h2 class=\"elementor-heading-title elementor-size-default\">Activitats d'an\u00e0lisi i reflexi\u00f3<\/h2>\t\t\t\t<\/div>\n\t\t\t\t<\/div>\n\t\t\t\t<div class=\"elementor-element elementor-element-48cb4f7 elementor-widget-divider--view-line elementor-widget elementor-widget-divider\" data-id=\"48cb4f7\" data-element_type=\"widget\" data-widget_type=\"divider.default\">\n\t\t\t\t<div class=\"elementor-widget-container\">\n\t\t\t\t\t\t\t<div class=\"elementor-divider\">\n\t\t\t<span class=\"elementor-divider-separator\">\n\t\t\t\t\t\t<\/span>\n\t\t<\/div>\n\t\t\t\t\t\t<\/div>\n\t\t\t\t<\/div>\n\t\t\t\t<div class=\"elementor-element elementor-element-f4351bf elementor-widget elementor-widget-icip-relatedlisting\" data-id=\"f4351bf\" data-element_type=\"widget\" data-widget_type=\"icip-relatedlisting.default\">\n\t\t\t\t<div class=\"elementor-widget-container\">\n\t\t\t\t\t<div class=\"block-related-listing\"  data-view-type=\"list\"><div class=\"list\"><article class=\"entry\"><a href=\"https:\/\/www.icip.cat\/ca\/event\/jornada-politiques-locals-de-seguretat-humana-i-comunitaria\/\" class=\"link icip_event\"><div class=\"icon\"><svg height='100px' width='100px'  fill=\"#000000\" xmlns=\"http:\/\/www.w3.org\/2000\/svg\" data-name=\"Layer 1\" viewBox=\"0 0 100 100\" x=\"0px\" y=\"0px\"><title>50<\/title><path d=\"M66.81836,26.66357V20.77881H61.33984v-6h5.47852V8a3,3,0,0,1,6,0V26.66357a3,3,0,1,1-6,0Zm-12.87891,3a2.99983,2.99983,0,0,0,3-3V8a3,3,0,0,0-6,0v6.77881H45.46v6h5.47949v5.88476A2.99984,2.99984,0,0,0,53.93945,29.66357Zm-15.8789,0a2.99984,2.99984,0,0,0,3-3V8a3,3,0,0,0-6,0v6.77881H29.58008v6h5.48047v5.88476A2.99983,2.99983,0,0,0,38.06055,29.66357ZM95,72A22.9849,22.9849,0,0,1,54.58643,87H14.84961A9.86143,9.86143,0,0,1,5,77.1499V24.64014a9.86643,9.86643,0,0,1,9.84961-9.86035h4.332V8a3,3,0,0,1,6,0V26.66357a3,3,0,0,1-6,0V20.77979h-4.332A3.85924,3.85924,0,0,0,11,24.64014V36.00342H81V24.63867a3.8696,3.8696,0,0,0-3.8125-3.85986l.06445-6A9.89016,9.89016,0,0,1,87,24.63867V54.5863A22.94994,22.94994,0,0,1,95,72ZM50.83557,81A22.99691,22.99691,0,0,1,81,50.83557V42.00342H11V77.1499A3.85392,3.85392,0,0,0,14.84961,81ZM89,72A17,17,0,1,0,72,89,17.019,17.019,0,0,0,89,72ZM70.03516,74.49463l-4.10059-4.1001-4.24219,4.24219L70.03516,82.98,86.11328,66.90234l-4.24219-4.24316Z\"><\/path><\/svg><\/div><div class=\"details\"><h2 class=\"title\">Jornada: &#8220;Pol\u00edtiques locals de seguretat humana i comunit\u00e0ria&#8221;<\/h2><\/div><\/a><\/article><\/div><\/div>\t\t\t\t<\/div>\n\t\t\t\t<\/div>\n\t\t\t\t\t<\/div>\n\t\t<\/div>\n\t\t\t\t\t<\/div>\n\t\t<\/section>\n\t\t\t\t<section class=\"elementor-section elementor-top-section elementor-element elementor-element-7ce8567 elementor-section-boxed elementor-section-height-default elementor-section-height-default\" data-id=\"7ce8567\" data-element_type=\"section\">\n\t\t\t\t\t\t<div class=\"elementor-container elementor-column-gap-default\">\n\t\t\t\t\t<div class=\"elementor-column elementor-col-100 elementor-top-column elementor-element elementor-element-b3aecc9\" data-id=\"b3aecc9\" data-element_type=\"column\">\n\t\t\t<div class=\"elementor-widget-wrap elementor-element-populated\">\n\t\t\t\t\t\t<div class=\"elementor-element elementor-element-f18e0cd elementor-widget elementor-widget-text-editor\" data-id=\"f18e0cd\" data-element_type=\"widget\" data-widget_type=\"text-editor.default\">\n\t\t\t\t<div class=\"elementor-widget-container\">\n\t\t\t\t\t\t\t\t\t<h3>Webinars sobre pol\u00edtiques de seguretat comunit\u00e0ries:<\/h3>\t\t\t\t\t\t\t\t<\/div>\n\t\t\t\t<\/div>\n\t\t\t\t<section class=\"elementor-section elementor-inner-section elementor-element elementor-element-986827f elementor-section-boxed elementor-section-height-default elementor-section-height-default\" data-id=\"986827f\" data-element_type=\"section\">\n\t\t\t\t\t\t<div class=\"elementor-container elementor-column-gap-default\">\n\t\t\t\t\t<div class=\"elementor-column elementor-col-50 elementor-inner-column elementor-element elementor-element-577ff4f\" data-id=\"577ff4f\" data-element_type=\"column\">\n\t\t\t<div class=\"elementor-widget-wrap elementor-element-populated\">\n\t\t\t\t\t\t<div class=\"elementor-element elementor-element-e532e0e elementor-widget elementor-widget-video\" data-id=\"e532e0e\" data-element_type=\"widget\" data-settings=\"{&quot;youtube_url&quot;:&quot;https:\\\/\\\/www.youtube.com\\\/watch?v=ucw6yu4CLSA&quot;,&quot;video_type&quot;:&quot;youtube&quot;,&quot;controls&quot;:&quot;yes&quot;}\" data-widget_type=\"video.default\">\n\t\t\t\t<div class=\"elementor-widget-container\">\n\t\t\t\t\t\t\t<div class=\"elementor-wrapper elementor-open-inline\">\n\t\t\t<div class=\"elementor-video\"><\/div>\t\t<\/div>\n\t\t\t\t\t\t<\/div>\n\t\t\t\t<\/div>\n\t\t\t\t\t<\/div>\n\t\t<\/div>\n\t\t\t\t<div class=\"elementor-column elementor-col-50 elementor-inner-column elementor-element elementor-element-2deb0d1\" data-id=\"2deb0d1\" data-element_type=\"column\">\n\t\t\t<div class=\"elementor-widget-wrap elementor-element-populated\">\n\t\t\t\t\t\t<div class=\"elementor-element elementor-element-d606fa3 elementor-widget elementor-widget-video\" data-id=\"d606fa3\" data-element_type=\"widget\" data-settings=\"{&quot;youtube_url&quot;:&quot;https:\\\/\\\/www.youtube.com\\\/watch?app=desktop&amp;v=kwz5z02MU10&amp;t=3538s&quot;,&quot;video_type&quot;:&quot;youtube&quot;,&quot;controls&quot;:&quot;yes&quot;}\" data-widget_type=\"video.default\">\n\t\t\t\t<div class=\"elementor-widget-container\">\n\t\t\t\t\t\t\t<div class=\"elementor-wrapper elementor-open-inline\">\n\t\t\t<div class=\"elementor-video\"><\/div>\t\t<\/div>\n\t\t\t\t\t\t<\/div>\n\t\t\t\t<\/div>\n\t\t\t\t\t<\/div>\n\t\t<\/div>\n\t\t\t\t\t<\/div>\n\t\t<\/section>\n\t\t\t\t<div class=\"elementor-element elementor-element-4fcd5d6 elementor-widget elementor-widget-spacer\" data-id=\"4fcd5d6\" data-element_type=\"widget\" data-widget_type=\"spacer.default\">\n\t\t\t\t<div class=\"elementor-widget-container\">\n\t\t\t\t\t\t\t<div class=\"elementor-spacer\">\n\t\t\t<div class=\"elementor-spacer-inner\"><\/div>\n\t\t<\/div>\n\t\t\t\t\t\t<\/div>\n\t\t\t\t<\/div>\n\t\t\t\t\t<\/div>\n\t\t<\/div>\n\t\t\t\t\t<\/div>\n\t\t<\/section>\n\t\t\t\t<section class=\"elementor-section elementor-top-section elementor-element elementor-element-7e7f4fb elementor-section-boxed elementor-section-height-default elementor-section-height-default\" data-id=\"7e7f4fb\" data-element_type=\"section\">\n\t\t\t\t\t\t<div class=\"elementor-container elementor-column-gap-default\">\n\t\t\t\t\t<div class=\"elementor-column elementor-col-100 elementor-top-column elementor-element elementor-element-4e8f69a\" data-id=\"4e8f69a\" data-element_type=\"column\">\n\t\t\t<div class=\"elementor-widget-wrap elementor-element-populated\">\n\t\t\t\t\t\t<div class=\"elementor-element elementor-element-d957440 elementor-widget-divider--view-line elementor-widget elementor-widget-divider\" data-id=\"d957440\" data-element_type=\"widget\" data-widget_type=\"divider.default\">\n\t\t\t\t<div class=\"elementor-widget-container\">\n\t\t\t\t\t\t\t<div class=\"elementor-divider\">\n\t\t\t<span class=\"elementor-divider-separator\">\n\t\t\t\t\t\t<\/span>\n\t\t<\/div>\n\t\t\t\t\t\t<\/div>\n\t\t\t\t<\/div>\n\t\t\t\t<div class=\"elementor-element elementor-element-541cdb7 elementor-widget elementor-widget-heading\" data-id=\"541cdb7\" data-element_type=\"widget\" data-widget_type=\"heading.default\">\n\t\t\t\t<div class=\"elementor-widget-container\">\n\t\t\t\t\t<h2 class=\"elementor-heading-title elementor-size-default\">Arquitectura de seguretat a Europa<\/h2>\t\t\t\t<\/div>\n\t\t\t\t<\/div>\n\t\t\t\t<div class=\"elementor-element elementor-element-f02861d elementor-widget elementor-widget-text-editor\" data-id=\"f02861d\" data-element_type=\"widget\" data-widget_type=\"text-editor.default\">\n\t\t\t\t<div class=\"elementor-widget-container\">\n\t\t\t\t\t\t\t\t\t<p>L\u2019actual ritme de cursa armamentista i despesa militar creixent es mou en l\u2019esfera d\u2019immediatesa pr\u00f2pia de la guerra i de l\u2019augment de la tensi\u00f3 geopol\u00edtica, per\u00f2 aquesta tend\u00e8ncia s\u2019allunya d\u2019un esquema de seguretat europeu que tingui com a objectiu \u00faltim la sostenibilitat de la vida, el que realment hauria de ser l\u2019epicentre de tota pol\u00edtica p\u00fablica.<\/p><p>L\u2019ICIP alerta sobre els riscos d\u2019aquest rearmament i sobre la necessitat de plantejar altres opcions possibles que s\u2019allunyin de l\u00f2giques de confrontaci\u00f3 i que impliquin recon\u00e8ixer i advocar per la interdepend\u00e8ncia, la cooperaci\u00f3, la responsabilitat compartida i la construcci\u00f3 de confiances.<\/p><p>Des de l\u2019ICIP defensem que la seguretat nom\u00e9s es pot (re)trobar a mitj\u00e0 i llarg termini a trav\u00e9s de la defensa a ultran\u00e7a del di\u00e0leg. Mitjan\u00e7ant espais d\u2019an\u00e0lisi i intercanvi, reflexionem sobre la necessitat i viabilitat d\u2019una reforma de l\u2019arquitectura de seguretat i cooperaci\u00f3 a Europa, i treballem per divulgar un arquetip basat en la \u00abseguretat comuna\u00bb, argumentant que cap pa\u00eds no pot obtenir seguretat des d\u2019un model antagonista, on es prenen decisions unilaterals, perqu\u00e8 la seguretat pr\u00f2pia dep\u00e8n tamb\u00e9 de les accions i reaccions de l\u2019altre.<\/p>\t\t\t\t\t\t\t\t<\/div>\n\t\t\t\t<\/div>\n\t\t\t\t<div class=\"elementor-element elementor-element-54a0645 elementor-widget elementor-widget-heading\" data-id=\"54a0645\" data-element_type=\"widget\" data-widget_type=\"heading.default\">\n\t\t\t\t<div class=\"elementor-widget-container\">\n\t\t\t\t\t<h2 class=\"elementor-heading-title elementor-size-default\">Activitat relacionada<\/h2>\t\t\t\t<\/div>\n\t\t\t\t<\/div>\n\t\t\t\t\t<\/div>\n\t\t<\/div>\n\t\t\t\t\t<\/div>\n\t\t<\/section>\n\t\t\t\t<section class=\"elementor-section elementor-top-section elementor-element elementor-element-51ee9bf elementor-section-boxed elementor-section-height-default elementor-section-height-default\" data-id=\"51ee9bf\" data-element_type=\"section\">\n\t\t\t\t\t\t<div class=\"elementor-container elementor-column-gap-default\">\n\t\t\t\t\t<div class=\"elementor-column elementor-col-100 elementor-top-column elementor-element elementor-element-69b623a\" data-id=\"69b623a\" data-element_type=\"column\">\n\t\t\t<div class=\"elementor-widget-wrap elementor-element-populated\">\n\t\t\t\t\t\t<div class=\"elementor-element elementor-element-d5bdb83 elementor-widget-divider--view-line elementor-widget elementor-widget-divider\" data-id=\"d5bdb83\" data-element_type=\"widget\" data-widget_type=\"divider.default\">\n\t\t\t\t<div class=\"elementor-widget-container\">\n\t\t\t\t\t\t\t<div class=\"elementor-divider\">\n\t\t\t<span class=\"elementor-divider-separator\">\n\t\t\t\t\t\t<\/span>\n\t\t<\/div>\n\t\t\t\t\t\t<\/div>\n\t\t\t\t<\/div>\n\t\t\t\t\t<\/div>\n\t\t<\/div>\n\t\t\t\t\t<\/div>\n\t\t<\/section>\n\t\t\t\t<section class=\"elementor-section elementor-top-section elementor-element elementor-element-0d2043d elementor-section-boxed elementor-section-height-default elementor-section-height-default\" data-id=\"0d2043d\" data-element_type=\"section\">\n\t\t\t\t\t\t<div class=\"elementor-container elementor-column-gap-default\">\n\t\t\t\t\t<div class=\"elementor-column elementor-col-100 elementor-top-column elementor-element elementor-element-e94654e\" data-id=\"e94654e\" data-element_type=\"column\">\n\t\t\t<div class=\"elementor-widget-wrap elementor-element-populated\">\n\t\t\t\t\t\t<div class=\"elementor-element elementor-element-68ee758 elementor-widget elementor-widget-text-editor\" data-id=\"68ee758\" data-element_type=\"widget\" data-widget_type=\"text-editor.default\">\n\t\t\t\t<div class=\"elementor-widget-container\">\n\t\t\t\t\t\t\t\t\t<h3>Sessi\u00f3 d&#8217;an\u00e0lisi &#8220;<a href=\"https:\/\/www.youtube.com\/watch?app=desktop&amp;v=1PTUDu-k5ZQ&amp;t=1290s\">Jocs de guerra a Ucra\u00efna. Opcions per a una seguretat compartida<\/a>&#8220;, amb Pilar Bonet i Vicen\u00e7 Fisas (febrer 2022)<\/h3>\t\t\t\t\t\t\t\t<\/div>\n\t\t\t\t<\/div>\n\t\t\t\t\t<\/div>\n\t\t<\/div>\n\t\t\t\t\t<\/div>\n\t\t<\/section>\n\t\t\t\t<section class=\"elementor-section elementor-top-section elementor-element elementor-element-0ea1eec elementor-section-boxed elementor-section-height-default elementor-section-height-default\" data-id=\"0ea1eec\" data-element_type=\"section\">\n\t\t\t\t\t\t<div class=\"elementor-container elementor-column-gap-default\">\n\t\t\t\t\t<div class=\"elementor-column elementor-col-100 elementor-top-column elementor-element elementor-element-badf0c1\" data-id=\"badf0c1\" data-element_type=\"column\">\n\t\t\t<div class=\"elementor-widget-wrap elementor-element-populated\">\n\t\t\t\t\t\t<div class=\"elementor-element elementor-element-4ff9c69 elementor-widget elementor-widget-video\" data-id=\"4ff9c69\" data-element_type=\"widget\" data-settings=\"{&quot;youtube_url&quot;:&quot;https:\\\/\\\/www.youtube.com\\\/watch?app=desktop&amp;v=1PTUDu-k5ZQ&amp;t=1290s&quot;,&quot;video_type&quot;:&quot;youtube&quot;,&quot;controls&quot;:&quot;yes&quot;}\" data-widget_type=\"video.default\">\n\t\t\t\t<div class=\"elementor-widget-container\">\n\t\t\t\t\t\t\t<div class=\"elementor-wrapper elementor-open-inline\">\n\t\t\t<div class=\"elementor-video\"><\/div>\t\t<\/div>\n\t\t\t\t\t\t<\/div>\n\t\t\t\t<\/div>\n\t\t\t\t<div class=\"elementor-element elementor-element-963c1ee elementor-widget elementor-widget-heading\" data-id=\"963c1ee\" data-element_type=\"widget\" data-widget_type=\"heading.default\">\n\t\t\t\t<div class=\"elementor-widget-container\">\n\t\t\t\t\t<h2 class=\"elementor-heading-title elementor-size-default\">Opini\u00f3 ICIP<\/h2>\t\t\t\t<\/div>\n\t\t\t\t<\/div>\n\t\t\t\t\t<\/div>\n\t\t<\/div>\n\t\t\t\t\t<\/div>\n\t\t<\/section>\n\t\t\t\t<section class=\"elementor-section elementor-top-section elementor-element elementor-element-a00780d elementor-section-boxed elementor-section-height-default elementor-section-height-default\" data-id=\"a00780d\" data-element_type=\"section\">\n\t\t\t\t\t\t<div class=\"elementor-container elementor-column-gap-default\">\n\t\t\t\t\t<div class=\"elementor-column elementor-col-100 elementor-top-column elementor-element elementor-element-f782af8\" data-id=\"f782af8\" data-element_type=\"column\">\n\t\t\t<div class=\"elementor-widget-wrap elementor-element-populated\">\n\t\t\t\t\t\t<div class=\"elementor-element elementor-element-acff170 elementor-widget-divider--view-line elementor-widget elementor-widget-divider\" data-id=\"acff170\" data-element_type=\"widget\" data-widget_type=\"divider.default\">\n\t\t\t\t<div class=\"elementor-widget-container\">\n\t\t\t\t\t\t\t<div class=\"elementor-divider\">\n\t\t\t<span class=\"elementor-divider-separator\">\n\t\t\t\t\t\t<\/span>\n\t\t<\/div>\n\t\t\t\t\t\t<\/div>\n\t\t\t\t<\/div>\n\t\t\t\t\t<\/div>\n\t\t<\/div>\n\t\t\t\t\t<\/div>\n\t\t<\/section>\n\t\t\t\t<section class=\"elementor-section elementor-top-section elementor-element elementor-element-30f88c8 elementor-section-boxed elementor-section-height-default elementor-section-height-default\" data-id=\"30f88c8\" data-element_type=\"section\">\n\t\t\t\t\t\t<div class=\"elementor-container elementor-column-gap-default\">\n\t\t\t\t\t<div class=\"elementor-column elementor-col-100 elementor-top-column elementor-element elementor-element-e5d9eaf\" data-id=\"e5d9eaf\" data-element_type=\"column\">\n\t\t\t<div class=\"elementor-widget-wrap elementor-element-populated\">\n\t\t\t\t\t\t<div class=\"elementor-element elementor-element-932ef3e elementor-widget elementor-widget-icip-opinionlisting\" data-id=\"932ef3e\" data-element_type=\"widget\" data-widget_type=\"icip-opinionlisting.default\">\n\t\t\t\t<div class=\"elementor-widget-container\">\n\t\t\t\t\t<div class=\"block-opinion-listing\"><div class=\"list\"><a class='entry' href='https:\/\/www.icip.cat\/ca\/opinion\/la-instrumentalitzacio-politica-de-la-seguretat\/' title='Instrumentalitzaci\u00f3 pol\u00edtica de la seguretat' ><div class='image_container'><img src='https:\/\/www.icip.cat\/wp-content\/uploads\/2022\/03\/sandraweb.jpg' alt='Instrumentalitzaci\u00f3 pol\u00edtica de la seguretat' title='Instrumentalitzaci\u00f3 pol\u00edtica de la seguretat'\/><\/div><div class='content_container'><div class='author'>Nora Miralles i Sandra Mart\u00ednez<\/div><div class='opiniondate' style='font-size: 14px;'>31\/03\/2023<\/div><h3>Instrumentalitzaci\u00f3 pol\u00edtica de la seguretat<\/h3><\/div><\/a><a class='entry' href='https:\/\/www.icip.cat\/ca\/opinion\/conferencia-de-seguretat-de-munic-quina-seguretat\/' title='\u201cConfer\u00e8ncia de Seguretat de Munic\u201d: quina seguretat?' ><div class='image_container'><img src='https:\/\/www.icip.cat\/wp-content\/uploads\/2022\/03\/sandraweb.jpg' alt='\u201cConfer\u00e8ncia de Seguretat de Munic\u201d: quina seguretat?' title='\u201cConfer\u00e8ncia de Seguretat de Munic\u201d: quina seguretat?'\/><\/div><div class='content_container'><div class='author'>Sandra Mart\u00ednez<\/div><div class='opiniondate' style='font-size: 14px;'>21\/02\/2023<\/div><h3>\u201cConfer\u00e8ncia de Seguretat de Munic\u201d: quina seguretat?<\/h3><\/div><\/a><a class='entry' href='https:\/\/www.icip.cat\/ca\/opinion\/reptes-per-a-la-seguretat-a-europa\/' title='Reptes per a la seguretat a Europa' ><div class='image_container'><img src='https:\/\/www.icip.cat\/wp-content\/uploads\/2022\/07\/elisenda2-e1665398993526.png' alt='Reptes per a la seguretat a Europa' title='Reptes per a la seguretat a Europa'\/><\/div><div class='content_container'><div class='author'>Elisenda Comadran Casas<\/div><div class='opiniondate' style='font-size: 14px;'>10\/10\/2022<\/div><h3>Reptes per a la seguretat a Europa<\/h3><\/div><\/a><a class='entry' href='https:\/\/www.icip.cat\/ca\/opinion\/la-seguretat-en-temps-de-guerra\/' title='La seguretat en temps de guerra' ><div class='image_container'><img src='https:\/\/www.icip.cat\/wp-content\/uploads\/2022\/03\/sandraweb.jpg' alt='La seguretat en temps de guerra' title='La seguretat en temps de guerra'\/><\/div><div class='content_container'><div class='author'>Sandra Mart\u00ednez<\/div><div class='opiniondate' style='font-size: 14px;'>01\/03\/2022<\/div><h3>La seguretat en temps de guerra<\/h3><\/div><\/a><a class='entry' href='https:\/\/www.icip.cat\/ca\/opinion\/seguretat-defensa-o-militarisme-10-preguntes-sobre-el-rearmament-europeu\/' title='Seguretat, defensa o militarisme? 10 preguntes sobre el rearmament europeu' ><div class='image_container'><img src='https:\/\/www.icip.cat\/wp-content\/uploads\/2025\/09\/sandra.png' alt='Seguretat, defensa o militarisme? 10 preguntes sobre el rearmament europeu' title='Seguretat, defensa o militarisme? 10 preguntes sobre el rearmament europeu'\/><\/div><div class='content_container'><div class='author'>Sandra Mart\u00ednez<\/div><div class='opiniondate' style='font-size: 14px;'>07\/04\/2025<\/div><h3>Seguretat, defensa o militarisme? 10 preguntes sobre el rearmament europeu<\/h3><\/div><\/a><\/div><\/div>\t\t\t\t<\/div>\n\t\t\t\t<\/div>\n\t\t\t\t\t<\/div>\n\t\t<\/div>\n\t\t\t\t\t<\/div>\n\t\t<\/section>\n\t\t\t\t<section class=\"elementor-section elementor-top-section elementor-element elementor-element-7dd3811 elementor-section-boxed elementor-section-height-default elementor-section-height-default\" data-id=\"7dd3811\" data-element_type=\"section\">\n\t\t\t\t\t\t<div class=\"elementor-container elementor-column-gap-default\">\n\t\t\t\t\t<div class=\"elementor-column elementor-col-100 elementor-top-column elementor-element elementor-element-396c81c\" data-id=\"396c81c\" data-element_type=\"column\">\n\t\t\t<div class=\"elementor-widget-wrap elementor-element-populated\">\n\t\t\t\t\t\t<div class=\"elementor-element elementor-element-b510b6c elementor-widget elementor-widget-icip-relatedlisting\" data-id=\"b510b6c\" data-element_type=\"widget\" data-widget_type=\"icip-relatedlisting.default\">\n\t\t\t\t<div class=\"elementor-widget-container\">\n\t\t\t\t\t<div class=\"block-related-listing\"  data-view-type=\"list\"><div class=\"list\"><article class=\"entry\"><a href=\"https:\/\/www.icip.cat\/ca\/publication\/per-una-seguretat-comuna-per-elisenda-comadran-i-sandra-martinez-a-aprenentatges-pendents-arran-de-la-guerra-a-ucraina-fundipau\/\" class=\"link icip_publication\"><div class=\"icon\"><svg height='100px' width='100px'  fill=\"#000000\" xmlns=\"http:\/\/www.w3.org\/2000\/svg\" xmlns:xlink=\"http:\/\/www.w3.org\/1999\/xlink\" version=\"1.1\" x=\"0px\" y=\"0px\" viewBox=\"0 0 100 100\" enable-background=\"new 0 0 100 100\" xml:space=\"preserve\"><path d=\"M81.69,100H18.313c-4.753,0-8.618-3.865-8.618-8.618V8.618C9.696,3.865,13.56,0,18.313,0h49.288  c0.782,0,1.529,0.312,2.082,0.859L89.443,20.6c0.553,0.553,0.859,1.3,0.859,2.082v68.7C90.302,96.129,86.437,100,81.69,100z   M18.313,5.882c-1.506,0-2.735,1.224-2.735,2.735v82.765c0,1.506,1.229,2.735,2.735,2.735h63.371c1.482,0,2.735-1.253,2.735-2.735  V23.9L66.384,5.882L18.313,5.882z\"><\/path><path d=\"M87.36,25.624H67.619c-1.624,0-2.941-1.318-2.941-2.941V2.941c0-1.188,0.718-2.265,1.818-2.718  c1.094-0.453,2.365-0.206,3.206,0.635L89.443,20.6c0.841,0.841,1.094,2.106,0.635,3.206S88.555,25.624,87.36,25.624z M70.56,19.741  h9.7l-9.7-9.7V19.741z\"><\/path><path d=\"M71.284,80.935H28.719c-1.624,0-2.941-1.318-2.941-2.941c0-1.624,1.318-2.941,2.941-2.941h42.565  c1.624,0,2.941,1.318,2.941,2.941C74.225,79.618,72.908,80.935,71.284,80.935z\"><\/path><path d=\"M71.284,63.288H28.719c-1.624,0-2.941-1.318-2.941-2.941c0-1.624,1.318-2.941,2.941-2.941h42.565  c1.624,0,2.941,1.318,2.941,2.941C74.225,61.971,72.908,63.288,71.284,63.288z\"><\/path><path d=\"M71.284,45.641H28.719c-1.624,0-2.941-1.318-2.941-2.941c0-1.624,1.318-2.941,2.941-2.941h42.565  c1.624,0,2.941,1.318,2.941,2.941C74.225,44.324,72.908,45.641,71.284,45.641z\"><\/path><\/svg><\/div><div class=\"details\"><h2 class=\"title\">&#8220;Per una seguretat comuna&#8221;, per Elisenda Comadran i Sandra Mart\u00ednez a &#8220;Aprenentatges pendents arran de la guerra a Ucra\u00efna&#8221; (FundiPau)<\/h2><\/div><\/a><\/article><\/div><\/div>\t\t\t\t<\/div>\n\t\t\t\t<\/div>\n\t\t\t\t\t<\/div>\n\t\t<\/div>\n\t\t\t\t\t<\/div>\n\t\t<\/section>\n\t\t\t\t<section class=\"elementor-section elementor-top-section elementor-element elementor-element-e4ee7c3 elementor-section-boxed elementor-section-height-default elementor-section-height-default\" data-id=\"e4ee7c3\" data-element_type=\"section\">\n\t\t\t\t\t\t<div class=\"elementor-container elementor-column-gap-default\">\n\t\t\t\t\t<div class=\"elementor-column elementor-col-100 elementor-top-column elementor-element elementor-element-7c69d7f\" data-id=\"7c69d7f\" data-element_type=\"column\">\n\t\t\t<div class=\"elementor-widget-wrap elementor-element-populated\">\n\t\t\t\t\t\t<div class=\"elementor-element elementor-element-5568350 elementor-widget elementor-widget-heading\" data-id=\"5568350\" data-element_type=\"widget\" data-widget_type=\"heading.default\">\n\t\t\t\t<div class=\"elementor-widget-container\">\n\t\t\t\t\t<h2 class=\"elementor-heading-title elementor-size-default\">Altres articles <\/h2>\t\t\t\t<\/div>\n\t\t\t\t<\/div>\n\t\t\t\t\t<\/div>\n\t\t<\/div>\n\t\t\t\t\t<\/div>\n\t\t<\/section>\n\t\t\t\t<section class=\"elementor-section elementor-top-section elementor-element elementor-element-df74c93 elementor-section-boxed elementor-section-height-default elementor-section-height-default\" data-id=\"df74c93\" data-element_type=\"section\">\n\t\t\t\t\t\t<div class=\"elementor-container elementor-column-gap-default\">\n\t\t\t\t\t<div class=\"elementor-column elementor-col-100 elementor-top-column elementor-element elementor-element-872fb63\" data-id=\"872fb63\" data-element_type=\"column\">\n\t\t\t<div class=\"elementor-widget-wrap elementor-element-populated\">\n\t\t\t\t\t\t<div class=\"elementor-element elementor-element-7436e24 elementor-widget-divider--view-line elementor-widget elementor-widget-divider\" data-id=\"7436e24\" data-element_type=\"widget\" data-widget_type=\"divider.default\">\n\t\t\t\t<div class=\"elementor-widget-container\">\n\t\t\t\t\t\t\t<div class=\"elementor-divider\">\n\t\t\t<span class=\"elementor-divider-separator\">\n\t\t\t\t\t\t<\/span>\n\t\t<\/div>\n\t\t\t\t\t\t<\/div>\n\t\t\t\t<\/div>\n\t\t\t\t\t<\/div>\n\t\t<\/div>\n\t\t\t\t\t<\/div>\n\t\t<\/section>\n\t\t\t\t<section class=\"elementor-section elementor-top-section elementor-element elementor-element-44c25d6 elementor-section-boxed elementor-section-height-default elementor-section-height-default\" data-id=\"44c25d6\" data-element_type=\"section\">\n\t\t\t\t\t\t<div class=\"elementor-container elementor-column-gap-default\">\n\t\t\t\t\t<div class=\"elementor-column elementor-col-100 elementor-top-column elementor-element elementor-element-ae0d92d\" data-id=\"ae0d92d\" data-element_type=\"column\">\n\t\t\t<div class=\"elementor-widget-wrap elementor-element-populated\">\n\t\t\t\t\t\t<div class=\"elementor-element elementor-element-7c43040 elementor-widget elementor-widget-text-editor\" data-id=\"7c43040\" data-element_type=\"widget\" data-widget_type=\"text-editor.default\">\n\t\t\t\t<div class=\"elementor-widget-container\">\n\t\t\t\t\t\t\t\t\t<p><a href=\"https:\/\/raco.cat\/index.php\/PapersIERMB\/article\/view\/10000009255\/542170\"><span style=\"text-decoration: underline;\">Processos populars de seguretat comunit\u00e0ria a Catalunya: transformant les viol\u00e8ncies als barris<\/span><\/a>, per Nora Miralles i Sandra Mart\u00ednez.<\/p><p><span style=\"text-decoration: underline;\"><a href=\"https:\/\/raco.cat\/index.php\/QuadernsEducacioSocial\/article\/view\/423314\/517769\">Entrevista a Nora Miralles: \u00abLa inseguretat \u00e9s un fet profundament vinculat a les experi\u00e8ncies i viv\u00e8ncies quotidianes, travessades pel g\u00e8nere, la ra\u00e7a, l\u2019edat, la classe o les capacitats corporals.\u00bb<\/a><\/span><\/p>\t\t\t\t\t\t\t\t<\/div>\n\t\t\t\t<\/div>\n\t\t\t\t\t<\/div>\n\t\t<\/div>\n\t\t\t\t\t<\/div>\n\t\t<\/section>\n\t\t\t\t<\/div>\n\t\t","protected":false},"excerpt":{"rendered":"<p>Reorientar les pol\u00edtiques p\u00fabliques de seguretat Arreu del m\u00f3n proliferen pol\u00edtiques de seguretat basades en la l\u00f2gica de suma-zero (\u201csi tu perds, jo guanyo\u201d). S\u00f3n models de seguretat que se centren en assenyalar enemics i amenaces i que tenen per objectiu la confrontaci\u00f3 i dissuasi\u00f3 immediata, per\u00f2 no pas la cooperaci\u00f3 i la transformaci\u00f3 profunda [&hellip;]<\/p>\n","protected":false},"author":4,"featured_media":0,"parent":48600,"menu_order":0,"comment_status":"closed","ping_status":"closed","template":"","meta":{"_acf_changed":false,"footnotes":""},"class_list":["post-48669","page","type-page","status-publish","hentry"],"acf":[],"yoast_head":"<!-- This site is optimized with the Yoast SEO plugin v25.6 - https:\/\/yoast.com\/wordpress\/plugins\/seo\/ -->\n<title>Reorientar les pol\u00edtiques p\u00fabliques - ICIP<\/title>\n<meta name=\"robots\" content=\"index, follow, max-snippet:-1, max-image-preview:large, max-video-preview:-1\" \/>\n<link rel=\"canonical\" href=\"https:\/\/www.icip.cat\/ca\/alternatives-de-seguretat\/reorientar-les-politiques-publiques\/\" \/>\n<meta property=\"og:locale\" content=\"ca_ES\" \/>\n<meta property=\"og:type\" content=\"article\" \/>\n<meta property=\"og:title\" content=\"Reorientar les pol\u00edtiques p\u00fabliques - ICIP\" \/>\n<meta property=\"og:description\" content=\"Reorientar les pol\u00edtiques p\u00fabliques de seguretat Arreu del m\u00f3n proliferen pol\u00edtiques de seguretat basades en la l\u00f2gica de suma-zero (\u201csi tu perds, jo guanyo\u201d). S\u00f3n models de seguretat que se centren en assenyalar enemics i amenaces i que tenen per objectiu la confrontaci\u00f3 i dissuasi\u00f3 immediata, per\u00f2 no pas la cooperaci\u00f3 i la transformaci\u00f3 profunda [&hellip;]\" \/>\n<meta property=\"og:url\" content=\"https:\/\/www.icip.cat\/ca\/alternatives-de-seguretat\/reorientar-les-politiques-publiques\/\" \/>\n<meta property=\"og:site_name\" content=\"ICIP\" \/>\n<meta property=\"article:modified_time\" content=\"2026-01-14T14:26:42+00:00\" \/>\n<meta property=\"og:image\" content=\"https:\/\/www.icip.cat\/wp-content\/uploads\/2023\/02\/coberta_web-400x570.jpg\" \/>\n<meta name=\"twitter:card\" content=\"summary_large_image\" \/>\n<meta name=\"twitter:label1\" content=\"Temps estimat de lectura\" \/>\n\t<meta name=\"twitter:data1\" content=\"6 minuts\" \/>\n<script type=\"application\/ld+json\" class=\"yoast-schema-graph\">{\"@context\":\"https:\/\/schema.org\",\"@graph\":[{\"@type\":\"WebPage\",\"@id\":\"https:\/\/www.icip.cat\/ca\/alternatives-de-seguretat\/reorientar-les-politiques-publiques\/\",\"url\":\"https:\/\/www.icip.cat\/ca\/alternatives-de-seguretat\/reorientar-les-politiques-publiques\/\",\"name\":\"Reorientar les pol\u00edtiques p\u00fabliques - ICIP\",\"isPartOf\":{\"@id\":\"https:\/\/www.icip.cat\/ca\/#website\"},\"primaryImageOfPage\":{\"@id\":\"https:\/\/www.icip.cat\/ca\/alternatives-de-seguretat\/reorientar-les-politiques-publiques\/#primaryimage\"},\"image\":{\"@id\":\"https:\/\/www.icip.cat\/ca\/alternatives-de-seguretat\/reorientar-les-politiques-publiques\/#primaryimage\"},\"thumbnailUrl\":\"https:\/\/www.icip.cat\/wp-content\/uploads\/2023\/02\/coberta_web-400x570.jpg\",\"datePublished\":\"2024-08-06T09:58:56+00:00\",\"dateModified\":\"2026-01-14T14:26:42+00:00\",\"breadcrumb\":{\"@id\":\"https:\/\/www.icip.cat\/ca\/alternatives-de-seguretat\/reorientar-les-politiques-publiques\/#breadcrumb\"},\"inLanguage\":\"ca\",\"potentialAction\":[{\"@type\":\"ReadAction\",\"target\":[\"https:\/\/www.icip.cat\/ca\/alternatives-de-seguretat\/reorientar-les-politiques-publiques\/\"]}]},{\"@type\":\"ImageObject\",\"inLanguage\":\"ca\",\"@id\":\"https:\/\/www.icip.cat\/ca\/alternatives-de-seguretat\/reorientar-les-politiques-publiques\/#primaryimage\",\"url\":\"https:\/\/www.icip.cat\/wp-content\/uploads\/2023\/02\/coberta_web-400x570.jpg\",\"contentUrl\":\"https:\/\/www.icip.cat\/wp-content\/uploads\/2023\/02\/coberta_web-400x570.jpg\"},{\"@type\":\"BreadcrumbList\",\"@id\":\"https:\/\/www.icip.cat\/ca\/alternatives-de-seguretat\/reorientar-les-politiques-publiques\/#breadcrumb\",\"itemListElement\":[{\"@type\":\"ListItem\",\"position\":1,\"name\":\"Alternatives de seguretat\",\"item\":\"https:\/\/www.icip.cat\/ca\/alternatives-de-seguretat\/\"},{\"@type\":\"ListItem\",\"position\":2,\"name\":\"Reorientar les pol\u00edtiques p\u00fabliques\"}]},{\"@type\":\"WebSite\",\"@id\":\"https:\/\/www.icip.cat\/ca\/#website\",\"url\":\"https:\/\/www.icip.cat\/ca\/\",\"name\":\"ICIP\",\"description\":\"\",\"publisher\":{\"@id\":\"https:\/\/www.icip.cat\/ca\/#organization\"},\"potentialAction\":[{\"@type\":\"SearchAction\",\"target\":{\"@type\":\"EntryPoint\",\"urlTemplate\":\"https:\/\/www.icip.cat\/ca\/?s={search_term_string}\"},\"query-input\":{\"@type\":\"PropertyValueSpecification\",\"valueRequired\":true,\"valueName\":\"search_term_string\"}}],\"inLanguage\":\"ca\"},{\"@type\":\"Organization\",\"@id\":\"https:\/\/www.icip.cat\/ca\/#organization\",\"name\":\"ICIP\",\"url\":\"https:\/\/www.icip.cat\/ca\/\",\"logo\":{\"@type\":\"ImageObject\",\"inLanguage\":\"ca\",\"@id\":\"https:\/\/www.icip.cat\/ca\/#\/schema\/logo\/image\/\",\"url\":\"https:\/\/www.icip.cat\/wp-content\/uploads\/2021\/02\/logo-2.png\",\"contentUrl\":\"https:\/\/www.icip.cat\/wp-content\/uploads\/2021\/02\/logo-2.png\",\"width\":562,\"height\":391,\"caption\":\"ICIP\"},\"image\":{\"@id\":\"https:\/\/www.icip.cat\/ca\/#\/schema\/logo\/image\/\"}}]}<\/script>\n<!-- \/ Yoast SEO plugin. -->","yoast_head_json":{"title":"Reorientar les pol\u00edtiques p\u00fabliques - ICIP","robots":{"index":"index","follow":"follow","max-snippet":"max-snippet:-1","max-image-preview":"max-image-preview:large","max-video-preview":"max-video-preview:-1"},"canonical":"https:\/\/www.icip.cat\/ca\/alternatives-de-seguretat\/reorientar-les-politiques-publiques\/","og_locale":"ca_ES","og_type":"article","og_title":"Reorientar les pol\u00edtiques p\u00fabliques - ICIP","og_description":"Reorientar les pol\u00edtiques p\u00fabliques de seguretat Arreu del m\u00f3n proliferen pol\u00edtiques de seguretat basades en la l\u00f2gica de suma-zero (\u201csi tu perds, jo guanyo\u201d). S\u00f3n models de seguretat que se centren en assenyalar enemics i amenaces i que tenen per objectiu la confrontaci\u00f3 i dissuasi\u00f3 immediata, per\u00f2 no pas la cooperaci\u00f3 i la transformaci\u00f3 profunda [&hellip;]","og_url":"https:\/\/www.icip.cat\/ca\/alternatives-de-seguretat\/reorientar-les-politiques-publiques\/","og_site_name":"ICIP","article_modified_time":"2026-01-14T14:26:42+00:00","og_image":[{"url":"https:\/\/www.icip.cat\/wp-content\/uploads\/2023\/02\/coberta_web-400x570.jpg","type":"","width":"","height":""}],"twitter_card":"summary_large_image","twitter_misc":{"Temps estimat de lectura":"6 minuts"},"schema":{"@context":"https:\/\/schema.org","@graph":[{"@type":"WebPage","@id":"https:\/\/www.icip.cat\/ca\/alternatives-de-seguretat\/reorientar-les-politiques-publiques\/","url":"https:\/\/www.icip.cat\/ca\/alternatives-de-seguretat\/reorientar-les-politiques-publiques\/","name":"Reorientar les pol\u00edtiques p\u00fabliques - ICIP","isPartOf":{"@id":"https:\/\/www.icip.cat\/ca\/#website"},"primaryImageOfPage":{"@id":"https:\/\/www.icip.cat\/ca\/alternatives-de-seguretat\/reorientar-les-politiques-publiques\/#primaryimage"},"image":{"@id":"https:\/\/www.icip.cat\/ca\/alternatives-de-seguretat\/reorientar-les-politiques-publiques\/#primaryimage"},"thumbnailUrl":"https:\/\/www.icip.cat\/wp-content\/uploads\/2023\/02\/coberta_web-400x570.jpg","datePublished":"2024-08-06T09:58:56+00:00","dateModified":"2026-01-14T14:26:42+00:00","breadcrumb":{"@id":"https:\/\/www.icip.cat\/ca\/alternatives-de-seguretat\/reorientar-les-politiques-publiques\/#breadcrumb"},"inLanguage":"ca","potentialAction":[{"@type":"ReadAction","target":["https:\/\/www.icip.cat\/ca\/alternatives-de-seguretat\/reorientar-les-politiques-publiques\/"]}]},{"@type":"ImageObject","inLanguage":"ca","@id":"https:\/\/www.icip.cat\/ca\/alternatives-de-seguretat\/reorientar-les-politiques-publiques\/#primaryimage","url":"https:\/\/www.icip.cat\/wp-content\/uploads\/2023\/02\/coberta_web-400x570.jpg","contentUrl":"https:\/\/www.icip.cat\/wp-content\/uploads\/2023\/02\/coberta_web-400x570.jpg"},{"@type":"BreadcrumbList","@id":"https:\/\/www.icip.cat\/ca\/alternatives-de-seguretat\/reorientar-les-politiques-publiques\/#breadcrumb","itemListElement":[{"@type":"ListItem","position":1,"name":"Alternatives de seguretat","item":"https:\/\/www.icip.cat\/ca\/alternatives-de-seguretat\/"},{"@type":"ListItem","position":2,"name":"Reorientar les pol\u00edtiques p\u00fabliques"}]},{"@type":"WebSite","@id":"https:\/\/www.icip.cat\/ca\/#website","url":"https:\/\/www.icip.cat\/ca\/","name":"ICIP","description":"","publisher":{"@id":"https:\/\/www.icip.cat\/ca\/#organization"},"potentialAction":[{"@type":"SearchAction","target":{"@type":"EntryPoint","urlTemplate":"https:\/\/www.icip.cat\/ca\/?s={search_term_string}"},"query-input":{"@type":"PropertyValueSpecification","valueRequired":true,"valueName":"search_term_string"}}],"inLanguage":"ca"},{"@type":"Organization","@id":"https:\/\/www.icip.cat\/ca\/#organization","name":"ICIP","url":"https:\/\/www.icip.cat\/ca\/","logo":{"@type":"ImageObject","inLanguage":"ca","@id":"https:\/\/www.icip.cat\/ca\/#\/schema\/logo\/image\/","url":"https:\/\/www.icip.cat\/wp-content\/uploads\/2021\/02\/logo-2.png","contentUrl":"https:\/\/www.icip.cat\/wp-content\/uploads\/2021\/02\/logo-2.png","width":562,"height":391,"caption":"ICIP"},"image":{"@id":"https:\/\/www.icip.cat\/ca\/#\/schema\/logo\/image\/"}}]}},"_links":{"self":[{"href":"https:\/\/www.icip.cat\/ca\/wp-json\/wp\/v2\/pages\/48669","targetHints":{"allow":["GET"]}}],"collection":[{"href":"https:\/\/www.icip.cat\/ca\/wp-json\/wp\/v2\/pages"}],"about":[{"href":"https:\/\/www.icip.cat\/ca\/wp-json\/wp\/v2\/types\/page"}],"author":[{"embeddable":true,"href":"https:\/\/www.icip.cat\/ca\/wp-json\/wp\/v2\/users\/4"}],"replies":[{"embeddable":true,"href":"https:\/\/www.icip.cat\/ca\/wp-json\/wp\/v2\/comments?post=48669"}],"version-history":[{"count":68,"href":"https:\/\/www.icip.cat\/ca\/wp-json\/wp\/v2\/pages\/48669\/revisions"}],"predecessor-version":[{"id":60505,"href":"https:\/\/www.icip.cat\/ca\/wp-json\/wp\/v2\/pages\/48669\/revisions\/60505"}],"up":[{"embeddable":true,"href":"https:\/\/www.icip.cat\/ca\/wp-json\/wp\/v2\/pages\/48600"}],"wp:attachment":[{"href":"https:\/\/www.icip.cat\/ca\/wp-json\/wp\/v2\/media?parent=48669"}],"curies":[{"name":"wp","href":"https:\/\/api.w.org\/{rel}","templated":true}]}}