{"id":11573,"date":"2021-01-11T14:57:49","date_gmt":"2021-01-11T14:57:49","guid":{"rendered":"http:\/\/www.icip.cat\/nonviolence-and-the-struggle-for-freedom\/"},"modified":"2021-02-19T10:52:04","modified_gmt":"2021-02-19T10:52:04","slug":"nonviolence-and-the-struggle-for-freedom","status":"publish","type":"page","link":"https:\/\/www.icip.cat\/en\/nonviolence-and-the-struggle-for-freedom\/","title":{"rendered":"Nonviolence and the Struggle for Freedom"},"content":{"rendered":"\t\t<div data-elementor-type=\"wp-page\" data-elementor-id=\"11573\" class=\"elementor elementor-11573 elementor-8895\" data-elementor-post-type=\"page\">\n\t\t\t\t\t\t<section class=\"elementor-section elementor-top-section elementor-element elementor-element-c96dfeb elementor-section-boxed elementor-section-height-default elementor-section-height-default\" data-id=\"c96dfeb\" data-element_type=\"section\" data-settings=\"{&quot;background_background&quot;:&quot;classic&quot;}\">\n\t\t\t\t\t\t\t<div class=\"elementor-background-overlay\"><\/div>\n\t\t\t\t\t\t\t<div class=\"elementor-container elementor-column-gap-default\">\n\t\t\t\t\t<div class=\"elementor-column elementor-col-100 elementor-top-column elementor-element elementor-element-306c921\" data-id=\"306c921\" data-element_type=\"column\">\n\t\t\t<div class=\"elementor-widget-wrap elementor-element-populated\">\n\t\t\t\t\t\t<div class=\"elementor-element elementor-element-5872114 elementor-widget elementor-widget-heading\" data-id=\"5872114\" data-element_type=\"widget\" data-widget_type=\"heading.default\">\n\t\t\t\t<div class=\"elementor-widget-container\">\n\t\t\t\t\t<h1 class=\"elementor-heading-title elementor-size-default\">Nonviolence and the Struggle for Freedom<\/h1>\t\t\t\t<\/div>\n\t\t\t\t<\/div>\n\t\t\t\t\t<\/div>\n\t\t<\/div>\n\t\t\t\t\t<\/div>\n\t\t<\/section>\n\t\t\t\t<section class=\"elementor-section elementor-top-section elementor-element elementor-element-60ac567 elementor-section-boxed elementor-section-height-default elementor-section-height-default\" data-id=\"60ac567\" data-element_type=\"section\" data-settings=\"{&quot;background_background&quot;:&quot;classic&quot;}\">\n\t\t\t\t\t\t<div class=\"elementor-container elementor-column-gap-default\">\n\t\t\t\t\t<div class=\"elementor-column elementor-col-100 elementor-top-column elementor-element elementor-element-55ee9e6\" data-id=\"55ee9e6\" data-element_type=\"column\">\n\t\t\t<div class=\"elementor-widget-wrap elementor-element-populated\">\n\t\t\t\t\t\t<div class=\"elementor-element elementor-element-c80839f elementor-widget elementor-widget-spacer\" data-id=\"c80839f\" data-element_type=\"widget\" data-widget_type=\"spacer.default\">\n\t\t\t\t<div class=\"elementor-widget-container\">\n\t\t\t\t\t\t\t<div class=\"elementor-spacer\">\n\t\t\t<div class=\"elementor-spacer-inner\"><\/div>\n\t\t<\/div>\n\t\t\t\t\t\t<\/div>\n\t\t\t\t<\/div>\n\t\t\t\t<section class=\"elementor-section elementor-inner-section elementor-element elementor-element-6e7d2be elementor-section-boxed elementor-section-height-default elementor-section-height-default\" data-id=\"6e7d2be\" data-element_type=\"section\">\n\t\t\t\t\t\t<div class=\"elementor-container elementor-column-gap-default\">\n\t\t\t\t\t<div class=\"elementor-column elementor-col-100 elementor-inner-column elementor-element elementor-element-e2b0828\" data-id=\"e2b0828\" data-element_type=\"column\">\n\t\t\t<div class=\"elementor-widget-wrap elementor-element-populated\">\n\t\t\t\t\t\t<div class=\"elementor-element elementor-element-a7cd725 elementor-widget elementor-widget-text-editor\" data-id=\"a7cd725\" data-element_type=\"widget\" data-widget_type=\"text-editor.default\">\n\t\t\t\t<div class=\"elementor-widget-container\">\n\t\t\t\t\t\t\t\t\t<p>The Nonviolence and the Struggle for Freedom series aims to make available to society, academia and public administrations instruments of reflection and action that demonstrate that nonviolence is desirable, viable and effective. This collection is published in Catalan.<\/p>\t\t\t\t\t\t\t\t<\/div>\n\t\t\t\t<\/div>\n\t\t\t\t<div class=\"elementor-element elementor-element-3fb570f elementor-widget elementor-widget-spacer\" data-id=\"3fb570f\" data-element_type=\"widget\" data-widget_type=\"spacer.default\">\n\t\t\t\t<div class=\"elementor-widget-container\">\n\t\t\t\t\t\t\t<div class=\"elementor-spacer\">\n\t\t\t<div class=\"elementor-spacer-inner\"><\/div>\n\t\t<\/div>\n\t\t\t\t\t\t<\/div>\n\t\t\t\t<\/div>\n\t\t\t\t\t<\/div>\n\t\t<\/div>\n\t\t\t\t\t<\/div>\n\t\t<\/section>\n\t\t\t\t\t<\/div>\n\t\t<\/div>\n\t\t\t\t\t<\/div>\n\t\t<\/section>\n\t\t\t\t<section class=\"elementor-section elementor-top-section elementor-element elementor-element-db9b9b9 elementor-section-boxed elementor-section-height-default elementor-section-height-default\" data-id=\"db9b9b9\" data-element_type=\"section\">\n\t\t\t\t\t\t<div class=\"elementor-container elementor-column-gap-default\">\n\t\t\t\t\t<div class=\"elementor-column elementor-col-100 elementor-top-column elementor-element elementor-element-27ddb9a\" data-id=\"27ddb9a\" data-element_type=\"column\">\n\t\t\t<div class=\"elementor-widget-wrap elementor-element-populated\">\n\t\t\t\t\t\t<div class=\"elementor-element elementor-element-4d829d6 elementor-widget elementor-widget-icip-publicationlisting\" data-id=\"4d829d6\" data-element_type=\"widget\" data-widget_type=\"icip-publicationlisting.default\">\n\t\t\t\t<div class=\"elementor-widget-container\">\n\t\t\t\t\t<div class=\"block-publication-listing\"  data-view-type=\"cover\"><div class=\"list\"><article class=\"entry\"><a href=\"https:\/\/www.icip.cat\/en\/publication\/a-theory-of-nonviolent-action-stellan-vinthagen\/\" class=\"link\" title=\"A Theory of Nonviolent Action\"><div class=\"image\"><img fetchpriority=\"high\" decoding=\"async\" width=\"400\" height=\"570\" src=\"https:\/\/www.icip.cat\/wp-content\/uploads\/2019\/12\/noviolencia12-400x570.jpg\" class=\"attachment-publicationlisting-thumbnail size-publicationlisting-thumbnail wp-post-image\" alt=\"\" srcset=\"https:\/\/www.icip.cat\/wp-content\/uploads\/2019\/12\/noviolencia12.jpg 400w, https:\/\/www.icip.cat\/wp-content\/uploads\/2019\/12\/noviolencia12-211x300.jpg 211w\" sizes=\"(max-width: 400px) 100vw, 400px\" \/><\/div><div class=\"details\"><h2 class=\"title\">A Theory of Nonviolent Action<\/h2><p class=\"author\">Stellan Vinthagen<\/p><\/div><\/a><\/article><article class=\"entry\"><a href=\"https:\/\/www.icip.cat\/en\/publication\/origens-i-evolucio-del-moviment-per-la-pau-a-catalunya-1950-1980-xavier-gari-2\/\" class=\"link\" title=\"Or\u00edgens i evoluci\u00f3 del moviment per la pau a Catalunya (1950-1980)\"><div class=\"image\"><img decoding=\"async\" width=\"400\" height=\"570\" src=\"https:\/\/www.icip.cat\/wp-content\/uploads\/2019\/02\/noviolencia11-400x570.jpg\" class=\"attachment-publicationlisting-thumbnail size-publicationlisting-thumbnail wp-post-image\" alt=\"\" srcset=\"https:\/\/www.icip.cat\/wp-content\/uploads\/2019\/02\/noviolencia11.jpg 400w, https:\/\/www.icip.cat\/wp-content\/uploads\/2019\/02\/noviolencia11-211x300.jpg 211w\" sizes=\"(max-width: 400px) 100vw, 400px\" \/><\/div><div class=\"details\"><h2 class=\"title\">Or\u00edgens i evoluci\u00f3 del moviment per la pau a Catalunya (1950-1980)<\/h2><p class=\"author\">Xavier Gar\u00ed<\/p><\/div><\/a><\/article><article class=\"entry\"><a href=\"https:\/\/www.icip.cat\/en\/publication\/introduccio-a-la-noviolencia-ramin-jahanbegloo-2\/\" class=\"link\" title=\"Introducci\u00f3 a la noviol\u00e8ncia\"><div class=\"image\"><img decoding=\"async\" width=\"400\" height=\"570\" src=\"https:\/\/www.icip.cat\/wp-content\/uploads\/2017\/06\/noviolencia10-400x570.jpg\" class=\"attachment-publicationlisting-thumbnail size-publicationlisting-thumbnail wp-post-image\" alt=\"\" srcset=\"https:\/\/www.icip.cat\/wp-content\/uploads\/2017\/06\/noviolencia10.jpg 400w, https:\/\/www.icip.cat\/wp-content\/uploads\/2017\/06\/noviolencia10-211x300.jpg 211w\" sizes=\"(max-width: 400px) 100vw, 400px\" \/><\/div><div class=\"details\"><h2 class=\"title\">Introducci\u00f3 a la noviol\u00e8ncia<\/h2><p class=\"author\">Ramin Jahanbegloo<\/p><\/div><\/a><\/article><article class=\"entry\"><a href=\"https:\/\/www.icip.cat\/en\/publication\/educacio-per-la-pau-com-arribem-a-estimar-i-a-odiar-la-guerra-nel-noddings-2\/\" class=\"link\" title=\"Educaci\u00f3 per la pau: com arribem a estimar i a odiar la guerra\"><div class=\"image\"><img loading=\"lazy\" decoding=\"async\" width=\"400\" height=\"570\" src=\"https:\/\/www.icip.cat\/wp-content\/uploads\/2016\/05\/noviolencia9-400x570.jpg\" class=\"attachment-publicationlisting-thumbnail size-publicationlisting-thumbnail wp-post-image\" alt=\"\" srcset=\"https:\/\/www.icip.cat\/wp-content\/uploads\/2016\/05\/noviolencia9.jpg 400w, https:\/\/www.icip.cat\/wp-content\/uploads\/2016\/05\/noviolencia9-211x300.jpg 211w\" sizes=\"(max-width: 400px) 100vw, 400px\" \/><\/div><div class=\"details\"><h2 class=\"title\">Educaci\u00f3 per la pau: com arribem a estimar i a odiar la guerra<\/h2><p class=\"author\">Nel Noddings<\/p><\/div><\/a><\/article><article class=\"entry\"><a href=\"https:\/\/www.icip.cat\/en\/publication\/lobjeccio-de-consciencia-ozgur-heval-cinar-and-coskun-usterci-ed\/\" class=\"link\" title=\"L&#8217;objecci\u00f3 de consci\u00e8ncia\"><div class=\"image\"><img loading=\"lazy\" decoding=\"async\" width=\"400\" height=\"570\" src=\"https:\/\/www.icip.cat\/wp-content\/uploads\/2015\/06\/noviolencia8-400x570.jpg\" class=\"attachment-publicationlisting-thumbnail size-publicationlisting-thumbnail wp-post-image\" alt=\"\" srcset=\"https:\/\/www.icip.cat\/wp-content\/uploads\/2015\/06\/noviolencia8.jpg 400w, https:\/\/www.icip.cat\/wp-content\/uploads\/2015\/06\/noviolencia8-211x300.jpg 211w\" sizes=\"(max-width: 400px) 100vw, 400px\" \/><\/div><div class=\"details\"><h2 class=\"title\">L&#8217;objecci\u00f3 de consci\u00e8ncia<\/h2><p class=\"author\">\u00d6zg\u00fcr Heval \u00c7inar and Coskun \u00dcsterci (ed.)<\/p><\/div><\/a><\/article><article class=\"entry\"><a href=\"https:\/\/www.icip.cat\/en\/publication\/antimilitarisme-dinamiques-politiques-i-de-genere-dels-moviments-per-la-pau-cynthia-cockburn-2\/\" class=\"link\" title=\"Antimilitarisme. Din\u00e0miques pol\u00edtiques i de g\u00e8nere dels moviments per la pau\"><div class=\"image\"><img loading=\"lazy\" decoding=\"async\" width=\"400\" height=\"570\" src=\"https:\/\/www.icip.cat\/wp-content\/uploads\/2014\/10\/noviolencia7-400x570.jpg\" class=\"attachment-publicationlisting-thumbnail size-publicationlisting-thumbnail wp-post-image\" alt=\"\" srcset=\"https:\/\/www.icip.cat\/wp-content\/uploads\/2014\/10\/noviolencia7.jpg 400w, https:\/\/www.icip.cat\/wp-content\/uploads\/2014\/10\/noviolencia7-211x300.jpg 211w\" sizes=\"(max-width: 400px) 100vw, 400px\" \/><\/div><div class=\"details\"><h2 class=\"title\">Antimilitarisme. Din\u00e0miques pol\u00edtiques i de g\u00e8nere dels moviments per la pau<\/h2><p class=\"author\">Cynthia Cockburn<\/p><\/div><\/a><\/article><article class=\"entry\"><a href=\"https:\/\/www.icip.cat\/en\/publication\/revolucions-noviolentes-resistencia-civil-al-final-del-s-xx-sharon-erickson-nepstad-2\/\" class=\"link\" title=\"Revolucions noviolentes. Resist\u00e8ncia civil al final del s.XX\"><div class=\"image\"><img loading=\"lazy\" decoding=\"async\" width=\"400\" height=\"570\" src=\"https:\/\/www.icip.cat\/wp-content\/uploads\/2013\/10\/noviolencia6-400x570.jpg\" class=\"attachment-publicationlisting-thumbnail size-publicationlisting-thumbnail wp-post-image\" alt=\"\" srcset=\"https:\/\/www.icip.cat\/wp-content\/uploads\/2013\/10\/noviolencia6.jpg 400w, https:\/\/www.icip.cat\/wp-content\/uploads\/2013\/10\/noviolencia6-211x300.jpg 211w\" sizes=\"(max-width: 400px) 100vw, 400px\" \/><\/div><div class=\"details\"><h2 class=\"title\">Revolucions noviolentes. Resist\u00e8ncia civil al final del s.XX<\/h2><p class=\"author\">Sharon Erickson Nepstad<\/p><\/div><\/a><\/article><article class=\"entry\"><a href=\"https:\/\/www.icip.cat\/en\/publication\/noviolencia-historia-duna-idea-perillosa-mark-kurlansky-2\/\" class=\"link\" title=\"Noviol\u00e8ncia: hist\u00f2ria d&#8217;una idea perillosa\"><div class=\"image\"><img loading=\"lazy\" decoding=\"async\" width=\"400\" height=\"570\" src=\"https:\/\/www.icip.cat\/wp-content\/uploads\/2012\/01\/noviolencia5-400x570.jpg\" class=\"attachment-publicationlisting-thumbnail size-publicationlisting-thumbnail wp-post-image\" alt=\"\" srcset=\"https:\/\/www.icip.cat\/wp-content\/uploads\/2012\/01\/noviolencia5.jpg 400w, https:\/\/www.icip.cat\/wp-content\/uploads\/2012\/01\/noviolencia5-211x300.jpg 211w\" sizes=\"(max-width: 400px) 100vw, 400px\" \/><\/div><div class=\"details\"><h2 class=\"title\">Noviol\u00e8ncia: hist\u00f2ria d&#8217;una idea perillosa<\/h2><p class=\"author\">Mark Kurlansky<\/p><\/div><\/a><\/article><article class=\"entry\"><a href=\"https:\/\/www.icip.cat\/en\/publication\/la-forca-de-la-gent-howard-clark-ed-2\/\" class=\"link\" title=\"La for\u00e7a de la gent\"><div class=\"image\"><img loading=\"lazy\" decoding=\"async\" width=\"400\" height=\"570\" src=\"https:\/\/www.icip.cat\/wp-content\/uploads\/2012\/01\/noviolencia4-400x570.jpg\" class=\"attachment-publicationlisting-thumbnail size-publicationlisting-thumbnail wp-post-image\" alt=\"\" srcset=\"https:\/\/www.icip.cat\/wp-content\/uploads\/2012\/01\/noviolencia4.jpg 400w, https:\/\/www.icip.cat\/wp-content\/uploads\/2012\/01\/noviolencia4-211x300.jpg 211w\" sizes=\"(max-width: 400px) 100vw, 400px\" \/><\/div><div class=\"details\"><h2 class=\"title\">La for\u00e7a de la gent<\/h2><p class=\"author\">Howard Clark (ed.)<\/p><\/div><\/a><\/article><article class=\"entry\"><a href=\"https:\/\/www.icip.cat\/en\/publication\/els-anomenats-pacifistes-john-paul-lederach-2\/\" class=\"link\" title=\"Els anomenats pacifistes\"><div class=\"image\"><img loading=\"lazy\" decoding=\"async\" width=\"400\" height=\"570\" src=\"https:\/\/www.icip.cat\/wp-content\/uploads\/2012\/01\/noviolencia3-400x570.jpg\" class=\"attachment-publicationlisting-thumbnail size-publicationlisting-thumbnail wp-post-image\" alt=\"\" srcset=\"https:\/\/www.icip.cat\/wp-content\/uploads\/2012\/01\/noviolencia3.jpg 400w, https:\/\/www.icip.cat\/wp-content\/uploads\/2012\/01\/noviolencia3-211x300.jpg 211w\" sizes=\"(max-width: 400px) 100vw, 400px\" \/><\/div><div class=\"details\"><h2 class=\"title\">Els anomenats pacifistes<\/h2><p class=\"author\">John Paul Lederach<\/p><\/div><\/a><\/article><article class=\"entry\"><a href=\"https:\/\/www.icip.cat\/en\/publication\/el-metode-de-la-noviolencia-aldo-capitini-2\/\" class=\"link\" title=\"El m\u00e8tode de la noviol\u00e8ncia\"><div class=\"image\"><img loading=\"lazy\" decoding=\"async\" width=\"400\" height=\"570\" src=\"https:\/\/www.icip.cat\/wp-content\/uploads\/2011\/03\/noviolencia1-400x570.jpg\" class=\"attachment-publicationlisting-thumbnail size-publicationlisting-thumbnail wp-post-image\" alt=\"\" srcset=\"https:\/\/www.icip.cat\/wp-content\/uploads\/2011\/03\/noviolencia1.jpg 400w, https:\/\/www.icip.cat\/wp-content\/uploads\/2011\/03\/noviolencia1-211x300.jpg 211w\" sizes=\"(max-width: 400px) 100vw, 400px\" \/><\/div><div class=\"details\"><h2 class=\"title\">El m\u00e8tode de la noviol\u00e8ncia<\/h2><p class=\"author\">Aldo Capitini<\/p><\/div><\/a><\/article><article class=\"entry\"><a href=\"https:\/\/www.icip.cat\/en\/publication\/gandhi-avui-david-cortright-2\/\" class=\"link\" title=\"Gandhi avui\"><div class=\"image\"><img loading=\"lazy\" decoding=\"async\" width=\"400\" height=\"570\" src=\"https:\/\/www.icip.cat\/wp-content\/uploads\/2011\/03\/noviolencia2-400x570.jpg\" class=\"attachment-publicationlisting-thumbnail size-publicationlisting-thumbnail wp-post-image\" alt=\"\" srcset=\"https:\/\/www.icip.cat\/wp-content\/uploads\/2011\/03\/noviolencia2.jpg 400w, https:\/\/www.icip.cat\/wp-content\/uploads\/2011\/03\/noviolencia2-211x300.jpg 211w\" sizes=\"(max-width: 400px) 100vw, 400px\" \/><\/div><div class=\"details\"><h2 class=\"title\">Gandhi avui<\/h2><p class=\"author\"> David Cortright<\/p><\/div><\/a><\/article><\/div><\/div>\t\t\t\t<\/div>\n\t\t\t\t<\/div>\n\t\t\t\t\t<\/div>\n\t\t<\/div>\n\t\t\t\t\t<\/div>\n\t\t<\/section>\n\t\t\t\t<section class=\"elementor-section elementor-top-section elementor-element elementor-element-9e725e8 elementor-section-boxed elementor-section-height-default elementor-section-height-default\" data-id=\"9e725e8\" data-element_type=\"section\">\n\t\t\t\t\t\t<div class=\"elementor-container elementor-column-gap-default\">\n\t\t\t\t\t<div class=\"elementor-column elementor-col-100 elementor-top-column elementor-element elementor-element-c3d11d9\" data-id=\"c3d11d9\" data-element_type=\"column\">\n\t\t\t<div class=\"elementor-widget-wrap elementor-element-populated\">\n\t\t\t\t\t\t<div class=\"elementor-element elementor-element-7569425 elementor-widget elementor-widget-spacer\" data-id=\"7569425\" data-element_type=\"widget\" data-widget_type=\"spacer.default\">\n\t\t\t\t<div class=\"elementor-widget-container\">\n\t\t\t\t\t\t\t<div class=\"elementor-spacer\">\n\t\t\t<div class=\"elementor-spacer-inner\"><\/div>\n\t\t<\/div>\n\t\t\t\t\t\t<\/div>\n\t\t\t\t<\/div>\n\t\t\t\t\t<\/div>\n\t\t<\/div>\n\t\t\t\t\t<\/div>\n\t\t<\/section>\n\t\t\t\t<\/div>\n\t\t","protected":false},"excerpt":{"rendered":"<p>Nonviolence and the Struggle for Freedom The Nonviolence and the Struggle for Freedom series aims to make available to society, academia and public administrations instruments of reflection and action that demonstrate that nonviolence is desirable, viable and effective. This collection is published in Catalan. Una teoria de l&#8217;acci\u00f3 noviolenta Stellan Vinthagen Or\u00edgens i evoluci\u00f3 del [&hellip;]<\/p>\n","protected":false},"author":1,"featured_media":0,"parent":0,"menu_order":0,"comment_status":"closed","ping_status":"closed","template":"","meta":{"_acf_changed":false,"footnotes":""},"class_list":["post-11573","page","type-page","status-publish","hentry"],"acf":[],"yoast_head":"<!-- This site is optimized with the Yoast SEO plugin v25.6 - https:\/\/yoast.com\/wordpress\/plugins\/seo\/ -->\n<title>Nonviolence and the Struggle for Freedom - ICIP<\/title>\n<meta name=\"robots\" content=\"index, follow, max-snippet:-1, max-image-preview:large, max-video-preview:-1\" \/>\n<link rel=\"canonical\" href=\"https:\/\/www.icip.cat\/en\/nonviolence-and-the-struggle-for-freedom\/\" \/>\n<meta property=\"og:locale\" content=\"en_US\" \/>\n<meta property=\"og:type\" content=\"article\" \/>\n<meta property=\"og:title\" content=\"Nonviolence and the Struggle for Freedom - ICIP\" \/>\n<meta property=\"og:description\" content=\"Nonviolence and the Struggle for Freedom The Nonviolence and the Struggle for Freedom series aims to make available to society, academia and public administrations instruments of reflection and action that demonstrate that nonviolence is desirable, viable and effective. This collection is published in Catalan. Una teoria de l&#8217;acci\u00f3 noviolenta Stellan Vinthagen Or\u00edgens i evoluci\u00f3 del [&hellip;]\" \/>\n<meta property=\"og:url\" content=\"https:\/\/www.icip.cat\/en\/nonviolence-and-the-struggle-for-freedom\/\" \/>\n<meta property=\"og:site_name\" content=\"ICIP\" \/>\n<meta property=\"article:modified_time\" content=\"2021-02-19T10:52:04+00:00\" \/>\n<meta property=\"og:image\" content=\"http:\/\/www.icip.cat\/wp-content\/uploads\/2019\/12\/noviolencia12-400x570.jpg\" \/>\n<meta name=\"twitter:card\" content=\"summary_large_image\" \/>\n<meta name=\"twitter:label1\" content=\"Est. reading time\" \/>\n\t<meta name=\"twitter:data1\" content=\"4 minutes\" \/>\n<script type=\"application\/ld+json\" class=\"yoast-schema-graph\">{\"@context\":\"https:\/\/schema.org\",\"@graph\":[{\"@type\":\"WebPage\",\"@id\":\"https:\/\/www.icip.cat\/en\/nonviolence-and-the-struggle-for-freedom\/\",\"url\":\"https:\/\/www.icip.cat\/en\/nonviolence-and-the-struggle-for-freedom\/\",\"name\":\"Nonviolence and the Struggle for Freedom - ICIP\",\"isPartOf\":{\"@id\":\"https:\/\/www.icip.cat\/ca\/#website\"},\"primaryImageOfPage\":{\"@id\":\"https:\/\/www.icip.cat\/en\/nonviolence-and-the-struggle-for-freedom\/#primaryimage\"},\"image\":{\"@id\":\"https:\/\/www.icip.cat\/en\/nonviolence-and-the-struggle-for-freedom\/#primaryimage\"},\"thumbnailUrl\":\"http:\/\/www.icip.cat\/wp-content\/uploads\/2019\/12\/noviolencia12-400x570.jpg\",\"datePublished\":\"2021-01-11T14:57:49+00:00\",\"dateModified\":\"2021-02-19T10:52:04+00:00\",\"inLanguage\":\"en-US\",\"potentialAction\":[{\"@type\":\"ReadAction\",\"target\":[\"https:\/\/www.icip.cat\/en\/nonviolence-and-the-struggle-for-freedom\/\"]}]},{\"@type\":\"ImageObject\",\"inLanguage\":\"en-US\",\"@id\":\"https:\/\/www.icip.cat\/en\/nonviolence-and-the-struggle-for-freedom\/#primaryimage\",\"url\":\"http:\/\/www.icip.cat\/wp-content\/uploads\/2019\/12\/noviolencia12-400x570.jpg\",\"contentUrl\":\"http:\/\/www.icip.cat\/wp-content\/uploads\/2019\/12\/noviolencia12-400x570.jpg\"},{\"@type\":\"WebSite\",\"@id\":\"https:\/\/www.icip.cat\/ca\/#website\",\"url\":\"https:\/\/www.icip.cat\/ca\/\",\"name\":\"ICIP\",\"description\":\"\",\"publisher\":{\"@id\":\"https:\/\/www.icip.cat\/ca\/#organization\"},\"potentialAction\":[{\"@type\":\"SearchAction\",\"target\":{\"@type\":\"EntryPoint\",\"urlTemplate\":\"https:\/\/www.icip.cat\/ca\/?s={search_term_string}\"},\"query-input\":{\"@type\":\"PropertyValueSpecification\",\"valueRequired\":true,\"valueName\":\"search_term_string\"}}],\"inLanguage\":\"en-US\"},{\"@type\":\"Organization\",\"@id\":\"https:\/\/www.icip.cat\/ca\/#organization\",\"name\":\"ICIP\",\"url\":\"https:\/\/www.icip.cat\/ca\/\",\"logo\":{\"@type\":\"ImageObject\",\"inLanguage\":\"en-US\",\"@id\":\"https:\/\/www.icip.cat\/ca\/#\/schema\/logo\/image\/\",\"url\":\"https:\/\/www.icip.cat\/wp-content\/uploads\/2021\/02\/logo-2.png\",\"contentUrl\":\"https:\/\/www.icip.cat\/wp-content\/uploads\/2021\/02\/logo-2.png\",\"width\":562,\"height\":391,\"caption\":\"ICIP\"},\"image\":{\"@id\":\"https:\/\/www.icip.cat\/ca\/#\/schema\/logo\/image\/\"}}]}<\/script>\n<!-- \/ Yoast SEO plugin. -->","yoast_head_json":{"title":"Nonviolence and the Struggle for Freedom - ICIP","robots":{"index":"index","follow":"follow","max-snippet":"max-snippet:-1","max-image-preview":"max-image-preview:large","max-video-preview":"max-video-preview:-1"},"canonical":"https:\/\/www.icip.cat\/en\/nonviolence-and-the-struggle-for-freedom\/","og_locale":"en_US","og_type":"article","og_title":"Nonviolence and the Struggle for Freedom - ICIP","og_description":"Nonviolence and the Struggle for Freedom The Nonviolence and the Struggle for Freedom series aims to make available to society, academia and public administrations instruments of reflection and action that demonstrate that nonviolence is desirable, viable and effective. This collection is published in Catalan. Una teoria de l&#8217;acci\u00f3 noviolenta Stellan Vinthagen Or\u00edgens i evoluci\u00f3 del [&hellip;]","og_url":"https:\/\/www.icip.cat\/en\/nonviolence-and-the-struggle-for-freedom\/","og_site_name":"ICIP","article_modified_time":"2021-02-19T10:52:04+00:00","og_image":[{"url":"http:\/\/www.icip.cat\/wp-content\/uploads\/2019\/12\/noviolencia12-400x570.jpg","type":"","width":"","height":""}],"twitter_card":"summary_large_image","twitter_misc":{"Est. reading time":"4 minutes"},"schema":{"@context":"https:\/\/schema.org","@graph":[{"@type":"WebPage","@id":"https:\/\/www.icip.cat\/en\/nonviolence-and-the-struggle-for-freedom\/","url":"https:\/\/www.icip.cat\/en\/nonviolence-and-the-struggle-for-freedom\/","name":"Nonviolence and the Struggle for Freedom - ICIP","isPartOf":{"@id":"https:\/\/www.icip.cat\/ca\/#website"},"primaryImageOfPage":{"@id":"https:\/\/www.icip.cat\/en\/nonviolence-and-the-struggle-for-freedom\/#primaryimage"},"image":{"@id":"https:\/\/www.icip.cat\/en\/nonviolence-and-the-struggle-for-freedom\/#primaryimage"},"thumbnailUrl":"http:\/\/www.icip.cat\/wp-content\/uploads\/2019\/12\/noviolencia12-400x570.jpg","datePublished":"2021-01-11T14:57:49+00:00","dateModified":"2021-02-19T10:52:04+00:00","inLanguage":"en-US","potentialAction":[{"@type":"ReadAction","target":["https:\/\/www.icip.cat\/en\/nonviolence-and-the-struggle-for-freedom\/"]}]},{"@type":"ImageObject","inLanguage":"en-US","@id":"https:\/\/www.icip.cat\/en\/nonviolence-and-the-struggle-for-freedom\/#primaryimage","url":"http:\/\/www.icip.cat\/wp-content\/uploads\/2019\/12\/noviolencia12-400x570.jpg","contentUrl":"http:\/\/www.icip.cat\/wp-content\/uploads\/2019\/12\/noviolencia12-400x570.jpg"},{"@type":"WebSite","@id":"https:\/\/www.icip.cat\/ca\/#website","url":"https:\/\/www.icip.cat\/ca\/","name":"ICIP","description":"","publisher":{"@id":"https:\/\/www.icip.cat\/ca\/#organization"},"potentialAction":[{"@type":"SearchAction","target":{"@type":"EntryPoint","urlTemplate":"https:\/\/www.icip.cat\/ca\/?s={search_term_string}"},"query-input":{"@type":"PropertyValueSpecification","valueRequired":true,"valueName":"search_term_string"}}],"inLanguage":"en-US"},{"@type":"Organization","@id":"https:\/\/www.icip.cat\/ca\/#organization","name":"ICIP","url":"https:\/\/www.icip.cat\/ca\/","logo":{"@type":"ImageObject","inLanguage":"en-US","@id":"https:\/\/www.icip.cat\/ca\/#\/schema\/logo\/image\/","url":"https:\/\/www.icip.cat\/wp-content\/uploads\/2021\/02\/logo-2.png","contentUrl":"https:\/\/www.icip.cat\/wp-content\/uploads\/2021\/02\/logo-2.png","width":562,"height":391,"caption":"ICIP"},"image":{"@id":"https:\/\/www.icip.cat\/ca\/#\/schema\/logo\/image\/"}}]}},"_links":{"self":[{"href":"https:\/\/www.icip.cat\/en\/wp-json\/wp\/v2\/pages\/11573","targetHints":{"allow":["GET"]}}],"collection":[{"href":"https:\/\/www.icip.cat\/en\/wp-json\/wp\/v2\/pages"}],"about":[{"href":"https:\/\/www.icip.cat\/en\/wp-json\/wp\/v2\/types\/page"}],"author":[{"embeddable":true,"href":"https:\/\/www.icip.cat\/en\/wp-json\/wp\/v2\/users\/1"}],"replies":[{"embeddable":true,"href":"https:\/\/www.icip.cat\/en\/wp-json\/wp\/v2\/comments?post=11573"}],"version-history":[{"count":15,"href":"https:\/\/www.icip.cat\/en\/wp-json\/wp\/v2\/pages\/11573\/revisions"}],"predecessor-version":[{"id":17302,"href":"https:\/\/www.icip.cat\/en\/wp-json\/wp\/v2\/pages\/11573\/revisions\/17302"}],"wp:attachment":[{"href":"https:\/\/www.icip.cat\/en\/wp-json\/wp\/v2\/media?parent=11573"}],"curies":[{"name":"wp","href":"https:\/\/api.w.org\/{rel}","templated":true}]}}