{"id":20084,"date":"2021-06-25T10:58:47","date_gmt":"2021-06-25T10:58:47","guid":{"rendered":"http:\/\/www.icip.cat\/event\/segon-congres-internacional-de-pau\/"},"modified":"2021-10-13T07:33:34","modified_gmt":"2021-10-13T07:33:34","slug":"segundo-congreso-mundial-por-la-paz","status":"publish","type":"icip_event","link":"https:\/\/www.icip.cat\/es\/event\/segundo-congreso-mundial-por-la-paz\/","title":{"rendered":"Segundo Congreso Mundial por la Paz"},"content":{"rendered":"\n<p>El International Peace Bureau <a rel=\"noreferrer noopener\" href=\"https:\/\/www.ipb.org\/\" target=\"_blank\">(IPB<\/a>) y el ICIP son los organizadores del <a rel=\"noreferrer noopener\" href=\"https:\/\/www.ipb2021.barcelona\/\" target=\"_blank\">Segundo Congreso Mundial por l<\/a><a rel=\"noreferrer noopener\" href=\"https:\/\/www.ipb2021.barcelona\/\" target=\"_blank\">a<\/a><a rel=\"noreferrer noopener\" href=\"https:\/\/www.ipb2021.barcelona\/\" target=\"_blank\"> Paz<\/a> que tendr\u00e1 lugar en Barcelona del 15 al 17 de octubre.<\/p>\n\n\n\n<p>Bajo el t\u00edtulo \u00ab(Re) imagina el mundo. Acci\u00f3n por la paz y la justicia\u00bb, participantes de 40 pa\u00edses asistir\u00e1n a este evento con actividades presenciales, conferencias y talleres, la mayor\u00eda de los cuales tendr\u00e1n lugar en el Centro de Cultura Contempor\u00e1nea de Barcelona (<a href=\"https:\/\/www.cccb.org\/es\" target=\"_blank\" rel=\"noreferrer noopener\">CCCB<\/a>).<\/p>\n\n\n\n<p>El congreso tendr\u00e1 un formato h\u00edbrido y muchas de las actividades tambi\u00e9n se podr\u00e1n seguir a trav\u00e9s de internet.<\/p>\n\n\n\n<figure class=\"wp-block-embed-youtube aligncenter wp-block-embed is-type-video is-provider-youtube wp-embed-aspect-16-9 wp-has-aspect-ratio\"><div class=\"wp-block-embed__wrapper\">\n<iframe title=\"Second IPB World Peace Congress Teaser (Feat. Noam Chomsky)\" width=\"640\" height=\"360\" src=\"https:\/\/www.youtube.com\/embed\/yfMSOOKghd8?feature=oembed\" frameborder=\"0\" allow=\"accelerometer; autoplay; clipboard-write; encrypted-media; gyroscope; picture-in-picture; web-share\" referrerpolicy=\"strict-origin-when-cross-origin\" allowfullscreen><\/iframe>\n<\/div><\/figure>\n\n\n\n<p>El principal objetivo del congreso es dinamizar el pacifismo internacional, ser un punto de encuentro de diferentes actores, redefinir la acci\u00f3n por la paz y, como dice el lema del congreso, <strong>reimaginar el mundo bajo el prisma de la cultura de paz<\/strong>.<\/p>\n\n\n\n<p>Al mismo tiempo se quiere favorecer sinergias entre organizaciones e individuos, y entre movimientos sociales interconectados que luchan por la justicia global: defensoras de la paz y el desarme, activistas feministas y LGBTQ+, ecologistas y activistas del clima, antirracistas y ind\u00edgenas, defensores de los derechos humanos y sindicalistas.<\/p>\n\n\n\n<p><strong>M\u00e1s de 30 ponentes<\/strong><\/p>\n\n\n\n<p>Durante los tres d\u00edas del congreso habr\u00e1 charlas y conferencias a cargo de m\u00e1s de una treintena de ponentes. Entre los participantes hay nombres destacados como <strong>Noam Chomsky<\/strong>, <strong>Vandana Shiva<\/strong>, <strong>Jody Williams<\/strong>, <strong>Martin Chungong<\/strong>, <strong>Wada Masako<\/strong> y <strong>Beatrice Fihn<\/strong>. Tambi\u00e9n se har\u00e1n diferentes talleres sobre &#8216;Econom\u00eda de paz&#8217;, &#8216;Acuerdos de paz para terminar guerras&#8217;, &#8216;Periodismo noviolento para la paz&#8217; o &#8216;Paz, racismo y migraciones&#8217;.<\/p>\n\n\n\n<p>Se puede descargar la \u00faltima versi\u00f3n del programa <a href=\"https:\/\/www.ipb2021.barcelona\/wp-content\/uploads\/2021\/10\/ipb_congress2021_programaA4_ENG_1110b_pp.pdf\" target=\"_blank\" rel=\"noreferrer noopener\">aqu\u00ed.<\/a><\/p>\n\n\n\n<figure class=\"wp-block-embed-twitter wp-block-embed is-type-rich is-provider-twitter\"><div class=\"wp-block-embed__wrapper\">\n<blockquote class=\"twitter-tweet\" data-width=\"550\" data-dnt=\"true\"><p lang=\"ca\" dir=\"ltr\">Estem orgullosos d&#39;anunciar el llan\u00e7ament del segon esborrany del programa per al <a href=\"https:\/\/twitter.com\/hashtag\/WorldPeaceCongress?src=hash&amp;ref_src=twsrc%5Etfw\">#WorldPeaceCongress<\/a>! Aquest esborrany mostra com ser\u00e0 la trobada internacional, intergeneracional i intersectorial. Podeu veure els \u00faltims afegits i canvis aqu\u00ed: <a href=\"https:\/\/t.co\/558qn4ZQit\">https:\/\/t.co\/558qn4ZQit<\/a> <a href=\"https:\/\/t.co\/UNl3M2xhhT\">pic.twitter.com\/UNl3M2xhhT<\/a><\/p>&mdash; IPB World Peace Congress 2021 (@IPBWPC2021) <a href=\"https:\/\/twitter.com\/IPBWPC2021\/status\/1387024865983619079?ref_src=twsrc%5Etfw\">April 27, 2021<\/a><\/blockquote><script async src=\"https:\/\/platform.twitter.com\/widgets.js\" charset=\"utf-8\"><\/script>\n<\/div><\/figure>\n\n\n\n<p>El organizador principal del congreso es el IPB, una entidad que tiene su oficina central en Berl\u00edn y cuenta con oficinas en Barcelona y Ginebra.<\/p>\n\n\n\n<p>La oficina de la capital catalana funciona desde hace cuatro a\u00f1os y desde ah\u00ed se dinamiza la campa\u00f1a internacional para la reducci\u00f3n de los gastos militares, la <a href=\"https:\/\/www.ipb.org\/global-campaign-on-military-spending\/\" target=\"_blank\" rel=\"noreferrer noopener\">Global Campaign on Military Spending (GCOMS)<\/a>, gestionada en colaboraci\u00f3n con el <a href=\"http:\/\/centredelas.org\/\" target=\"_blank\" rel=\"noreferrer noopener\">Centre Del\u00e0s<\/a> .<\/p>\n\n\n\n<p>El IPB tiene una red de 400 miembros y el Centro Del\u00e0s forma parte de la junta directiva. En Catalu\u00f1a, adem\u00e1s del Centro Del\u00e0s, hay otras entidades que forman parte del IPB: <a href=\"https:\/\/www.justiciaipau.org\/\" target=\"_blank\" rel=\"noreferrer noopener\">Just\u00edcia i Pau<\/a>, <a href=\"https:\/\/fundipau.org\/\" target=\"_blank\" rel=\"noreferrer noopener\">Fundipau<\/a>, <a href=\"https:\/\/www.unipau.org\/\" target=\"_blank\" rel=\"noreferrer noopener\">Unipau<\/a>, <a href=\"https:\/\/escolapau.uab.cat\/\" target=\"_blank\" rel=\"noreferrer noopener\">Escola de Cultura de Pau<\/a> y <a href=\"https:\/\/cartadelapau.org\/\" target=\"_blank\" rel=\"noreferrer noopener\">Fundaci\u00f3 Carta de la Pau dirigida a l&#8217;ONU<\/a>.<\/p>\n\n\n\n<p>El primer congreso de paz de la historia se celebr\u00f3 en 1843 en Londres, luego en Par\u00eds en 1889 y en Roma en 1891, momento en que se cre\u00f3 el IPB. <\/p>\n\n\n\n<p>En 2016 se reiniciaron estos congresos mundiales con la idea de poner el desarme mundial en la agenda. Este primer congreso de la nueva etapa se hizo en Berl\u00edn y el de Barcelona ser\u00e1 la continuaci\u00f3n.<\/p>\n\n\n\n<div class=\"wp-block-buttons aligncenter is-layout-flex wp-block-buttons-is-layout-flex\">\n<div class=\"wp-block-button\"><a class=\"wp-block-button__link\" href=\"https:\/\/www.ipb2021.barcelona\/register\/\" target=\"_blank\" rel=\"noreferrer noopener\">\u00a1INSCR\u00cdBETE!<\/a><\/div>\n<\/div>\n","protected":false},"featured_media":20047,"template":"","class_list":["post-20084","icip_event","type-icip_event","status-publish","has-post-thumbnail","hentry"],"acf":[],"yoast_head":"<!-- This site is optimized with the Yoast SEO plugin v25.6 - https:\/\/yoast.com\/wordpress\/plugins\/seo\/ -->\n<title>Segundo Congreso Mundial por la Paz - ICIP<\/title>\n<meta name=\"description\" content=\"Barcelona acoger\u00e1 el Segundo Congreso Internacional de Paz del 15 al 17 de octubre, con actividades presenciales, conferencias y talleres en el CCCB.\" \/>\n<meta name=\"robots\" content=\"index, follow, max-snippet:-1, max-image-preview:large, max-video-preview:-1\" \/>\n<link rel=\"canonical\" href=\"https:\/\/www.icip.cat\/es\/event\/segundo-congreso-mundial-por-la-paz\/\" \/>\n<meta property=\"og:locale\" content=\"es_ES\" \/>\n<meta property=\"og:type\" content=\"article\" \/>\n<meta property=\"og:title\" content=\"Segundo Congreso Mundial por la Paz - ICIP\" \/>\n<meta property=\"og:description\" content=\"Barcelona acoger\u00e1 el Segundo Congreso Internacional de Paz del 15 al 17 de octubre, con actividades presenciales, conferencias y talleres en el CCCB.\" \/>\n<meta property=\"og:url\" content=\"https:\/\/www.icip.cat\/es\/event\/segundo-congreso-mundial-por-la-paz\/\" \/>\n<meta property=\"og:site_name\" content=\"ICIP\" \/>\n<meta property=\"article:modified_time\" content=\"2021-10-13T07:33:34+00:00\" \/>\n<meta property=\"og:image\" content=\"https:\/\/www.icip.cat\/wp-content\/uploads\/2021\/06\/Imatge_Congres_BCN.png\" \/>\n\t<meta property=\"og:image:width\" content=\"1052\" \/>\n\t<meta property=\"og:image:height\" content=\"1394\" \/>\n\t<meta property=\"og:image:type\" content=\"image\/png\" \/>\n<meta name=\"twitter:card\" content=\"summary_large_image\" \/>\n<meta name=\"twitter:label1\" content=\"Tiempo de lectura\" \/>\n\t<meta name=\"twitter:data1\" content=\"2 minutos\" \/>\n<script type=\"application\/ld+json\" class=\"yoast-schema-graph\">{\"@context\":\"https:\/\/schema.org\",\"@graph\":[{\"@type\":\"WebPage\",\"@id\":\"https:\/\/www.icip.cat\/es\/event\/segundo-congreso-mundial-por-la-paz\/\",\"url\":\"https:\/\/www.icip.cat\/es\/event\/segundo-congreso-mundial-por-la-paz\/\",\"name\":\"Segundo Congreso Mundial por la Paz - ICIP\",\"isPartOf\":{\"@id\":\"https:\/\/www.icip.cat\/ca\/#website\"},\"primaryImageOfPage\":{\"@id\":\"https:\/\/www.icip.cat\/es\/event\/segundo-congreso-mundial-por-la-paz\/#primaryimage\"},\"image\":{\"@id\":\"https:\/\/www.icip.cat\/es\/event\/segundo-congreso-mundial-por-la-paz\/#primaryimage\"},\"thumbnailUrl\":\"https:\/\/www.icip.cat\/wp-content\/uploads\/2021\/06\/Imatge_Congres_BCN.png\",\"datePublished\":\"2021-06-25T10:58:47+00:00\",\"dateModified\":\"2021-10-13T07:33:34+00:00\",\"description\":\"Barcelona acoger\u00e1 el Segundo Congreso Internacional de Paz del 15 al 17 de octubre, con actividades presenciales, conferencias y talleres en el CCCB.\",\"inLanguage\":\"es\",\"potentialAction\":[{\"@type\":\"ReadAction\",\"target\":[\"https:\/\/www.icip.cat\/es\/event\/segundo-congreso-mundial-por-la-paz\/\"]}]},{\"@type\":\"ImageObject\",\"inLanguage\":\"es\",\"@id\":\"https:\/\/www.icip.cat\/es\/event\/segundo-congreso-mundial-por-la-paz\/#primaryimage\",\"url\":\"https:\/\/www.icip.cat\/wp-content\/uploads\/2021\/06\/Imatge_Congres_BCN.png\",\"contentUrl\":\"https:\/\/www.icip.cat\/wp-content\/uploads\/2021\/06\/Imatge_Congres_BCN.png\",\"width\":1052,\"height\":1394},{\"@type\":\"WebSite\",\"@id\":\"https:\/\/www.icip.cat\/ca\/#website\",\"url\":\"https:\/\/www.icip.cat\/ca\/\",\"name\":\"ICIP\",\"description\":\"\",\"publisher\":{\"@id\":\"https:\/\/www.icip.cat\/ca\/#organization\"},\"potentialAction\":[{\"@type\":\"SearchAction\",\"target\":{\"@type\":\"EntryPoint\",\"urlTemplate\":\"https:\/\/www.icip.cat\/ca\/?s={search_term_string}\"},\"query-input\":{\"@type\":\"PropertyValueSpecification\",\"valueRequired\":true,\"valueName\":\"search_term_string\"}}],\"inLanguage\":\"es\"},{\"@type\":\"Organization\",\"@id\":\"https:\/\/www.icip.cat\/ca\/#organization\",\"name\":\"ICIP\",\"url\":\"https:\/\/www.icip.cat\/ca\/\",\"logo\":{\"@type\":\"ImageObject\",\"inLanguage\":\"es\",\"@id\":\"https:\/\/www.icip.cat\/ca\/#\/schema\/logo\/image\/\",\"url\":\"https:\/\/www.icip.cat\/wp-content\/uploads\/2021\/02\/logo-2.png\",\"contentUrl\":\"https:\/\/www.icip.cat\/wp-content\/uploads\/2021\/02\/logo-2.png\",\"width\":562,\"height\":391,\"caption\":\"ICIP\"},\"image\":{\"@id\":\"https:\/\/www.icip.cat\/ca\/#\/schema\/logo\/image\/\"}}]}<\/script>\n<!-- \/ Yoast SEO plugin. -->","yoast_head_json":{"title":"Segundo Congreso Mundial por la Paz - ICIP","description":"Barcelona acoger\u00e1 el Segundo Congreso Internacional de Paz del 15 al 17 de octubre, con actividades presenciales, conferencias y talleres en el CCCB.","robots":{"index":"index","follow":"follow","max-snippet":"max-snippet:-1","max-image-preview":"max-image-preview:large","max-video-preview":"max-video-preview:-1"},"canonical":"https:\/\/www.icip.cat\/es\/event\/segundo-congreso-mundial-por-la-paz\/","og_locale":"es_ES","og_type":"article","og_title":"Segundo Congreso Mundial por la Paz - ICIP","og_description":"Barcelona acoger\u00e1 el Segundo Congreso Internacional de Paz del 15 al 17 de octubre, con actividades presenciales, conferencias y talleres en el CCCB.","og_url":"https:\/\/www.icip.cat\/es\/event\/segundo-congreso-mundial-por-la-paz\/","og_site_name":"ICIP","article_modified_time":"2021-10-13T07:33:34+00:00","og_image":[{"width":1052,"height":1394,"url":"https:\/\/www.icip.cat\/wp-content\/uploads\/2021\/06\/Imatge_Congres_BCN.png","type":"image\/png"}],"twitter_card":"summary_large_image","twitter_misc":{"Tiempo de lectura":"2 minutos"},"schema":{"@context":"https:\/\/schema.org","@graph":[{"@type":"WebPage","@id":"https:\/\/www.icip.cat\/es\/event\/segundo-congreso-mundial-por-la-paz\/","url":"https:\/\/www.icip.cat\/es\/event\/segundo-congreso-mundial-por-la-paz\/","name":"Segundo Congreso Mundial por la Paz - ICIP","isPartOf":{"@id":"https:\/\/www.icip.cat\/ca\/#website"},"primaryImageOfPage":{"@id":"https:\/\/www.icip.cat\/es\/event\/segundo-congreso-mundial-por-la-paz\/#primaryimage"},"image":{"@id":"https:\/\/www.icip.cat\/es\/event\/segundo-congreso-mundial-por-la-paz\/#primaryimage"},"thumbnailUrl":"https:\/\/www.icip.cat\/wp-content\/uploads\/2021\/06\/Imatge_Congres_BCN.png","datePublished":"2021-06-25T10:58:47+00:00","dateModified":"2021-10-13T07:33:34+00:00","description":"Barcelona acoger\u00e1 el Segundo Congreso Internacional de Paz del 15 al 17 de octubre, con actividades presenciales, conferencias y talleres en el CCCB.","inLanguage":"es","potentialAction":[{"@type":"ReadAction","target":["https:\/\/www.icip.cat\/es\/event\/segundo-congreso-mundial-por-la-paz\/"]}]},{"@type":"ImageObject","inLanguage":"es","@id":"https:\/\/www.icip.cat\/es\/event\/segundo-congreso-mundial-por-la-paz\/#primaryimage","url":"https:\/\/www.icip.cat\/wp-content\/uploads\/2021\/06\/Imatge_Congres_BCN.png","contentUrl":"https:\/\/www.icip.cat\/wp-content\/uploads\/2021\/06\/Imatge_Congres_BCN.png","width":1052,"height":1394},{"@type":"WebSite","@id":"https:\/\/www.icip.cat\/ca\/#website","url":"https:\/\/www.icip.cat\/ca\/","name":"ICIP","description":"","publisher":{"@id":"https:\/\/www.icip.cat\/ca\/#organization"},"potentialAction":[{"@type":"SearchAction","target":{"@type":"EntryPoint","urlTemplate":"https:\/\/www.icip.cat\/ca\/?s={search_term_string}"},"query-input":{"@type":"PropertyValueSpecification","valueRequired":true,"valueName":"search_term_string"}}],"inLanguage":"es"},{"@type":"Organization","@id":"https:\/\/www.icip.cat\/ca\/#organization","name":"ICIP","url":"https:\/\/www.icip.cat\/ca\/","logo":{"@type":"ImageObject","inLanguage":"es","@id":"https:\/\/www.icip.cat\/ca\/#\/schema\/logo\/image\/","url":"https:\/\/www.icip.cat\/wp-content\/uploads\/2021\/02\/logo-2.png","contentUrl":"https:\/\/www.icip.cat\/wp-content\/uploads\/2021\/02\/logo-2.png","width":562,"height":391,"caption":"ICIP"},"image":{"@id":"https:\/\/www.icip.cat\/ca\/#\/schema\/logo\/image\/"}}]}},"_links":{"self":[{"href":"https:\/\/www.icip.cat\/es\/wp-json\/wp\/v2\/icip_event\/20084","targetHints":{"allow":["GET"]}}],"collection":[{"href":"https:\/\/www.icip.cat\/es\/wp-json\/wp\/v2\/icip_event"}],"about":[{"href":"https:\/\/www.icip.cat\/es\/wp-json\/wp\/v2\/types\/icip_event"}],"version-history":[{"count":11,"href":"https:\/\/www.icip.cat\/es\/wp-json\/wp\/v2\/icip_event\/20084\/revisions"}],"predecessor-version":[{"id":22982,"href":"https:\/\/www.icip.cat\/es\/wp-json\/wp\/v2\/icip_event\/20084\/revisions\/22982"}],"wp:featuredmedia":[{"embeddable":true,"href":"https:\/\/www.icip.cat\/es\/wp-json\/wp\/v2\/media\/20047"}],"wp:attachment":[{"href":"https:\/\/www.icip.cat\/es\/wp-json\/wp\/v2\/media?parent=20084"}],"curies":[{"name":"wp","href":"https:\/\/api.w.org\/{rel}","templated":true}]}}