{"id":22154,"date":"2021-09-17T06:44:11","date_gmt":"2021-09-17T06:44:11","guid":{"rendered":"http:\/\/www.icip.cat\/event\/el-casal-de-la-pau-de-barcelona-memoria-i-llegat\/"},"modified":"2021-09-30T08:01:07","modified_gmt":"2021-09-30T08:01:07","slug":"el-casal-de-la-pau-de-barcelona-memoria-i-llegat","status":"publish","type":"icip_event","link":"https:\/\/www.icip.cat\/es\/event\/el-casal-de-la-pau-de-barcelona-memoria-i-llegat\/","title":{"rendered":"El Casal de la Pau de Barcelona: Memoria y legado"},"content":{"rendered":"\n<p>Con motivo de la celebraci\u00f3n del Congreso Mundial de la Paz en Barcelona, el ICIP, <a href=\"https:\/\/www.lafede.cat\/ca\/\" target=\"_blank\" rel=\"noreferrer noopener\">Lafede.cat<\/a> y el <a href=\"https:\/\/centresderecerca.uab.cat\/cedid\/es\" target=\"_blank\" rel=\"noreferrer noopener\">Centro de Estudios sobre Dictaduras y Democracias<\/a> (CEDID) organizan una jornada sobre las diferentes etapas del Casal de la Pau y para poner en valor su legado en el pacifismo de hoy. <\/p>\n\n\n\n<p>El acto tendr\u00e1 lugar el jueves 7 de octubre a las 17.30h en el Espacio Arcadi Oliveres de Lafede.cat (T\u00e0pies, 1-3, Barcelona).<\/p>\n\n\n\n<p>Inspirado en la Maison de la Paix de Bruselas, el Casal de la Pau fue el espacio de encuentro de los activistas y colectivos no-violentos, pacifistas y antimilitaristas de la ciudad de Barcelona. Se convirti\u00f3 unos de los m\u00e1s destacados epicentros del movimiento por la paz de la ciudad, y lugar de desarrollo de campa\u00f1as como la del refer\u00e9ndum de la OTAN y la insumisi\u00f3n, as\u00ed como espacio de producci\u00f3n cultural con la edici\u00f3n de revistas antimilitaristas de amplia repercusi\u00f3n en Catalu\u00f1a y el resto del territorio espa\u00f1ol como La Pu\u00e7a y General y Mocador.<\/p>\n\n\n\n<figure class=\"wp-block-image size-large\"><img fetchpriority=\"high\" decoding=\"async\" width=\"1024\" height=\"683\" src=\"http:\/\/www.icip.cat\/wp-content\/uploads\/2021\/09\/19770323-inauguracio-Casal-de-la-Pau18-1024x683.jpg\" alt=\"\" class=\"wp-image-22129\" srcset=\"https:\/\/www.icip.cat\/wp-content\/uploads\/2021\/09\/19770323-inauguracio-Casal-de-la-Pau18-1024x683.jpg 1024w, https:\/\/www.icip.cat\/wp-content\/uploads\/2021\/09\/19770323-inauguracio-Casal-de-la-Pau18-300x200.jpg 300w, https:\/\/www.icip.cat\/wp-content\/uploads\/2021\/09\/19770323-inauguracio-Casal-de-la-Pau18-768x512.jpg 768w, https:\/\/www.icip.cat\/wp-content\/uploads\/2021\/09\/19770323-inauguracio-Casal-de-la-Pau18-1536x1024.jpg 1536w, https:\/\/www.icip.cat\/wp-content\/uploads\/2021\/09\/19770323-inauguracio-Casal-de-la-Pau18-2048x1365.jpg 2048w\" sizes=\"(max-width: 1024px) 100vw, 1024px\" \/><figcaption>Inauguraci\u00f3n del Casal de la Pau de Barcelona el 23 de marzo de 1977. Foto: Robert Ramos. <\/figcaption><\/figure>\n\n\n\n<p>Este acto pretende ser una primera iniciativa para recuperar la memoria del Casal de la Pau veinte a\u00f1os despu\u00e9s de su desaparici\u00f3n. El espacio tuvo un papel relevante en la configuraci\u00f3n de las redes de asociacionismo y activismo por la paz y antimilitarismo en la ciudad de Barcelona. Tambi\u00e9n fue una verdadera escuela de activismo que influy\u00f3 en personas de trayectorias posteriores muy variadas.<\/p>\n\n\n\n<p>De aquella experiencia temprana salieron aprendizajes que podr\u00edan contribuir a hacer frente a los retos con los que se encuentra el movimiento pacifista actual. Retos de futuro que se debatir\u00e1n con m\u00e1s profundidad durante el <a rel=\"noreferrer noopener\" href=\"https:\/\/www.ipb2021.barcelona\/\" target=\"_blank\">Congreso Mundial de la Paz <\/a>que tendr\u00e1 lugar en Barcelona del 15 al 17 de octubre.<\/p>\n\n\n\n<p>El acto contar\u00e1 con la participaci\u00f3n de Mart\u00ed Olivella (Equipo OC y objetor de Can Serra); Nuria Breve (Marxa de la Llibertat y Colectivo de Acci\u00f3n No-Violenta de los Pa\u00edses Catalanes); Dolores Sabater (Movimiento de Objeci\u00f3n de Conciencia); y Ar\u00e9s Perceval (IPB y Unipau). Ser\u00e1 presentado y conducido por Carlos \u00c1. Ord\u00e1s (CEDID).<\/p>\n\n\n\n<p>La jornada del 7 de octubre tendr\u00e1 dos horas de duraci\u00f3n. Se podr\u00e1 seguir en directo en <a href=\"https:\/\/youtu.be\/Jc-dTpDPpfs\" target=\"_blank\" rel=\"noreferrer noopener\">este enlace<\/a>. <\/p>\n","protected":false},"featured_media":22126,"template":"","class_list":["post-22154","icip_event","type-icip_event","status-publish","has-post-thumbnail","hentry"],"acf":[],"yoast_head":"<!-- This site is optimized with the Yoast SEO plugin v25.6 - https:\/\/yoast.com\/wordpress\/plugins\/seo\/ -->\n<title>El Casal de la Pau de Barcelona: Memoria y legado - ICIP<\/title>\n<meta name=\"description\" content=\"L&#039;ICIP, Lafede.cat i el CEDID organitzen una jornada pr\u00e8via per les diferents etapes del Casal de la Pau de Barcelona i per posar en valor el seu llegat en el pacifisme d\u2019avui.\" \/>\n<meta name=\"robots\" content=\"index, follow, max-snippet:-1, max-image-preview:large, max-video-preview:-1\" \/>\n<link rel=\"canonical\" href=\"https:\/\/www.icip.cat\/es\/event\/el-casal-de-la-pau-de-barcelona-memoria-i-llegat\/\" \/>\n<meta property=\"og:locale\" content=\"es_ES\" \/>\n<meta property=\"og:type\" content=\"article\" \/>\n<meta property=\"og:title\" content=\"El Casal de la Pau de Barcelona: Memoria y legado - ICIP\" \/>\n<meta property=\"og:description\" content=\"L&#039;ICIP, Lafede.cat i el CEDID organitzen una jornada pr\u00e8via per les diferents etapes del Casal de la Pau de Barcelona i per posar en valor el seu llegat en el pacifisme d\u2019avui.\" \/>\n<meta property=\"og:url\" content=\"https:\/\/www.icip.cat\/es\/event\/el-casal-de-la-pau-de-barcelona-memoria-i-llegat\/\" \/>\n<meta property=\"og:site_name\" content=\"ICIP\" \/>\n<meta property=\"article:modified_time\" content=\"2021-09-30T08:01:07+00:00\" \/>\n<meta property=\"og:image\" content=\"https:\/\/www.icip.cat\/wp-content\/uploads\/2021\/09\/19770323-inauguracio-Casal-de-la-Pau23-scaled.jpg\" \/>\n\t<meta property=\"og:image:width\" content=\"2560\" \/>\n\t<meta property=\"og:image:height\" content=\"1701\" \/>\n\t<meta property=\"og:image:type\" content=\"image\/jpeg\" \/>\n<meta name=\"twitter:card\" content=\"summary_large_image\" \/>\n<meta name=\"twitter:label1\" content=\"Tiempo de lectura\" \/>\n\t<meta name=\"twitter:data1\" content=\"2 minutos\" \/>\n<script type=\"application\/ld+json\" class=\"yoast-schema-graph\">{\"@context\":\"https:\/\/schema.org\",\"@graph\":[{\"@type\":\"WebPage\",\"@id\":\"https:\/\/www.icip.cat\/es\/event\/el-casal-de-la-pau-de-barcelona-memoria-i-llegat\/\",\"url\":\"https:\/\/www.icip.cat\/es\/event\/el-casal-de-la-pau-de-barcelona-memoria-i-llegat\/\",\"name\":\"El Casal de la Pau de Barcelona: Memoria y legado - ICIP\",\"isPartOf\":{\"@id\":\"https:\/\/www.icip.cat\/ca\/#website\"},\"primaryImageOfPage\":{\"@id\":\"https:\/\/www.icip.cat\/es\/event\/el-casal-de-la-pau-de-barcelona-memoria-i-llegat\/#primaryimage\"},\"image\":{\"@id\":\"https:\/\/www.icip.cat\/es\/event\/el-casal-de-la-pau-de-barcelona-memoria-i-llegat\/#primaryimage\"},\"thumbnailUrl\":\"https:\/\/www.icip.cat\/wp-content\/uploads\/2021\/09\/19770323-inauguracio-Casal-de-la-Pau23-scaled.jpg\",\"datePublished\":\"2021-09-17T06:44:11+00:00\",\"dateModified\":\"2021-09-30T08:01:07+00:00\",\"description\":\"L'ICIP, Lafede.cat i el CEDID organitzen una jornada pr\u00e8via per les diferents etapes del Casal de la Pau de Barcelona i per posar en valor el seu llegat en el pacifisme d\u2019avui.\",\"inLanguage\":\"es\",\"potentialAction\":[{\"@type\":\"ReadAction\",\"target\":[\"https:\/\/www.icip.cat\/es\/event\/el-casal-de-la-pau-de-barcelona-memoria-i-llegat\/\"]}]},{\"@type\":\"ImageObject\",\"inLanguage\":\"es\",\"@id\":\"https:\/\/www.icip.cat\/es\/event\/el-casal-de-la-pau-de-barcelona-memoria-i-llegat\/#primaryimage\",\"url\":\"https:\/\/www.icip.cat\/wp-content\/uploads\/2021\/09\/19770323-inauguracio-Casal-de-la-Pau23-scaled.jpg\",\"contentUrl\":\"https:\/\/www.icip.cat\/wp-content\/uploads\/2021\/09\/19770323-inauguracio-Casal-de-la-Pau23-scaled.jpg\",\"width\":2560,\"height\":1701,\"caption\":\"Barcelona. 23.03.1977 Inauguraci\u00f3 del Casal de la Pau.. Foto Robert Ramos\"},{\"@type\":\"WebSite\",\"@id\":\"https:\/\/www.icip.cat\/ca\/#website\",\"url\":\"https:\/\/www.icip.cat\/ca\/\",\"name\":\"ICIP\",\"description\":\"\",\"publisher\":{\"@id\":\"https:\/\/www.icip.cat\/ca\/#organization\"},\"potentialAction\":[{\"@type\":\"SearchAction\",\"target\":{\"@type\":\"EntryPoint\",\"urlTemplate\":\"https:\/\/www.icip.cat\/ca\/?s={search_term_string}\"},\"query-input\":{\"@type\":\"PropertyValueSpecification\",\"valueRequired\":true,\"valueName\":\"search_term_string\"}}],\"inLanguage\":\"es\"},{\"@type\":\"Organization\",\"@id\":\"https:\/\/www.icip.cat\/ca\/#organization\",\"name\":\"ICIP\",\"url\":\"https:\/\/www.icip.cat\/ca\/\",\"logo\":{\"@type\":\"ImageObject\",\"inLanguage\":\"es\",\"@id\":\"https:\/\/www.icip.cat\/ca\/#\/schema\/logo\/image\/\",\"url\":\"https:\/\/www.icip.cat\/wp-content\/uploads\/2021\/02\/logo-2.png\",\"contentUrl\":\"https:\/\/www.icip.cat\/wp-content\/uploads\/2021\/02\/logo-2.png\",\"width\":562,\"height\":391,\"caption\":\"ICIP\"},\"image\":{\"@id\":\"https:\/\/www.icip.cat\/ca\/#\/schema\/logo\/image\/\"}}]}<\/script>\n<!-- \/ Yoast SEO plugin. -->","yoast_head_json":{"title":"El Casal de la Pau de Barcelona: Memoria y legado - ICIP","description":"L'ICIP, Lafede.cat i el CEDID organitzen una jornada pr\u00e8via per les diferents etapes del Casal de la Pau de Barcelona i per posar en valor el seu llegat en el pacifisme d\u2019avui.","robots":{"index":"index","follow":"follow","max-snippet":"max-snippet:-1","max-image-preview":"max-image-preview:large","max-video-preview":"max-video-preview:-1"},"canonical":"https:\/\/www.icip.cat\/es\/event\/el-casal-de-la-pau-de-barcelona-memoria-i-llegat\/","og_locale":"es_ES","og_type":"article","og_title":"El Casal de la Pau de Barcelona: Memoria y legado - ICIP","og_description":"L'ICIP, Lafede.cat i el CEDID organitzen una jornada pr\u00e8via per les diferents etapes del Casal de la Pau de Barcelona i per posar en valor el seu llegat en el pacifisme d\u2019avui.","og_url":"https:\/\/www.icip.cat\/es\/event\/el-casal-de-la-pau-de-barcelona-memoria-i-llegat\/","og_site_name":"ICIP","article_modified_time":"2021-09-30T08:01:07+00:00","og_image":[{"width":2560,"height":1701,"url":"https:\/\/www.icip.cat\/wp-content\/uploads\/2021\/09\/19770323-inauguracio-Casal-de-la-Pau23-scaled.jpg","type":"image\/jpeg"}],"twitter_card":"summary_large_image","twitter_misc":{"Tiempo de lectura":"2 minutos"},"schema":{"@context":"https:\/\/schema.org","@graph":[{"@type":"WebPage","@id":"https:\/\/www.icip.cat\/es\/event\/el-casal-de-la-pau-de-barcelona-memoria-i-llegat\/","url":"https:\/\/www.icip.cat\/es\/event\/el-casal-de-la-pau-de-barcelona-memoria-i-llegat\/","name":"El Casal de la Pau de Barcelona: Memoria y legado - ICIP","isPartOf":{"@id":"https:\/\/www.icip.cat\/ca\/#website"},"primaryImageOfPage":{"@id":"https:\/\/www.icip.cat\/es\/event\/el-casal-de-la-pau-de-barcelona-memoria-i-llegat\/#primaryimage"},"image":{"@id":"https:\/\/www.icip.cat\/es\/event\/el-casal-de-la-pau-de-barcelona-memoria-i-llegat\/#primaryimage"},"thumbnailUrl":"https:\/\/www.icip.cat\/wp-content\/uploads\/2021\/09\/19770323-inauguracio-Casal-de-la-Pau23-scaled.jpg","datePublished":"2021-09-17T06:44:11+00:00","dateModified":"2021-09-30T08:01:07+00:00","description":"L'ICIP, Lafede.cat i el CEDID organitzen una jornada pr\u00e8via per les diferents etapes del Casal de la Pau de Barcelona i per posar en valor el seu llegat en el pacifisme d\u2019avui.","inLanguage":"es","potentialAction":[{"@type":"ReadAction","target":["https:\/\/www.icip.cat\/es\/event\/el-casal-de-la-pau-de-barcelona-memoria-i-llegat\/"]}]},{"@type":"ImageObject","inLanguage":"es","@id":"https:\/\/www.icip.cat\/es\/event\/el-casal-de-la-pau-de-barcelona-memoria-i-llegat\/#primaryimage","url":"https:\/\/www.icip.cat\/wp-content\/uploads\/2021\/09\/19770323-inauguracio-Casal-de-la-Pau23-scaled.jpg","contentUrl":"https:\/\/www.icip.cat\/wp-content\/uploads\/2021\/09\/19770323-inauguracio-Casal-de-la-Pau23-scaled.jpg","width":2560,"height":1701,"caption":"Barcelona. 23.03.1977 Inauguraci\u00f3 del Casal de la Pau.. Foto Robert Ramos"},{"@type":"WebSite","@id":"https:\/\/www.icip.cat\/ca\/#website","url":"https:\/\/www.icip.cat\/ca\/","name":"ICIP","description":"","publisher":{"@id":"https:\/\/www.icip.cat\/ca\/#organization"},"potentialAction":[{"@type":"SearchAction","target":{"@type":"EntryPoint","urlTemplate":"https:\/\/www.icip.cat\/ca\/?s={search_term_string}"},"query-input":{"@type":"PropertyValueSpecification","valueRequired":true,"valueName":"search_term_string"}}],"inLanguage":"es"},{"@type":"Organization","@id":"https:\/\/www.icip.cat\/ca\/#organization","name":"ICIP","url":"https:\/\/www.icip.cat\/ca\/","logo":{"@type":"ImageObject","inLanguage":"es","@id":"https:\/\/www.icip.cat\/ca\/#\/schema\/logo\/image\/","url":"https:\/\/www.icip.cat\/wp-content\/uploads\/2021\/02\/logo-2.png","contentUrl":"https:\/\/www.icip.cat\/wp-content\/uploads\/2021\/02\/logo-2.png","width":562,"height":391,"caption":"ICIP"},"image":{"@id":"https:\/\/www.icip.cat\/ca\/#\/schema\/logo\/image\/"}}]}},"_links":{"self":[{"href":"https:\/\/www.icip.cat\/es\/wp-json\/wp\/v2\/icip_event\/22154","targetHints":{"allow":["GET"]}}],"collection":[{"href":"https:\/\/www.icip.cat\/es\/wp-json\/wp\/v2\/icip_event"}],"about":[{"href":"https:\/\/www.icip.cat\/es\/wp-json\/wp\/v2\/types\/icip_event"}],"version-history":[{"count":13,"href":"https:\/\/www.icip.cat\/es\/wp-json\/wp\/v2\/icip_event\/22154\/revisions"}],"predecessor-version":[{"id":22566,"href":"https:\/\/www.icip.cat\/es\/wp-json\/wp\/v2\/icip_event\/22154\/revisions\/22566"}],"wp:featuredmedia":[{"embeddable":true,"href":"https:\/\/www.icip.cat\/es\/wp-json\/wp\/v2\/media\/22126"}],"wp:attachment":[{"href":"https:\/\/www.icip.cat\/es\/wp-json\/wp\/v2\/media?parent=22154"}],"curies":[{"name":"wp","href":"https:\/\/api.w.org\/{rel}","templated":true}]}}