{"id":35398,"date":"2023-02-21T12:43:01","date_gmt":"2023-02-21T12:43:01","guid":{"rendered":"https:\/\/www.icip.cat\/event\/jornada-politiques-locals-de-seguretat-humana-i-comunitaria\/"},"modified":"2023-02-21T12:50:07","modified_gmt":"2023-02-21T12:50:07","slug":"jornada-politicas-locales-de-seguridad-humana-y-comunitaria","status":"publish","type":"icip_event","link":"https:\/\/www.icip.cat\/es\/event\/jornada-politicas-locales-de-seguridad-humana-y-comunitaria\/","title":{"rendered":"Jornada: \u00abPol\u00edticas locales de seguridad humana y comunitaria\u00bb"},"content":{"rendered":"\n<p>El ICIP ha publicado un nuevo libro <em><a href=\"https:\/\/www.icip.cat\/ca\/publication\/politiques-locals-de-seguretat-humana-i-comunitaria\/\" target=\"_blank\" rel=\"noreferrer noopener\">Pol\u00edtiques locals de seguretat humana i comunit\u00e0ria. Bones pr\u00e0ctiques a la demarcaci\u00f3 de Barcelona<\/a><\/em>, de la investigadora Nora Miralles Crespo, dentro de la coleci\u00f3n \u00abEines de pau, seguretat i just\u00edcia\u00bb.<\/p>\n\n\n\n<p>Coincidiendo con esta publicaci\u00f3n, el ICIP quiere promover un espacio de reflexi\u00f3n colectiva sobre la potencialidad que tiene el \u00e1mbito local para transformar la (in)seguridad de las personas.<\/p>\n\n\n\n<p>Por este motivo el \u00e1rea de trabajo \u00ab<a href=\"https:\/\/www.icip.cat\/es\/alternativas-de-seguridad\/\" target=\"_blank\" rel=\"noreferrer noopener\">Alternativas de Seguridad<\/a>\u00bb organiza una jornada de trabajo (<a href=\"https:\/\/www.icip.cat\/wp-content\/uploads\/2023\/02\/Programa-Eines-28-VF.pdf\" target=\"_blank\" rel=\"noreferrer noopener\">ver el programa<\/a>) d\u00f3nde se expondr\u00e1n pr\u00e1cticas municipales que contribuyen al desarrollo de pol\u00edticas p\u00fablicas de seguridad que tienen como punto de partida la atenci\u00f3n a las necesidades humanas y la interrelaci\u00f3n entre actores institucionales y comunitarios. Son iniciativas que se basan en la cultura de paz y la defensa de los derechos humanos y que eluden la cultura meramente punitiva. El espacio busca visibilizar herramientas de gesti\u00f3n de conflictos no \u00fanicamente policiales y que impliquen a la ciudadan\u00eda en el dise\u00f1o de pol\u00edticas.<\/p>\n\n\n\n<p>La jornada tendr\u00e1 lugar el<strong> viernes 3 de marzo de 2023 <\/strong>de las 11h a las 13.30h en La Model (Enten\u00e7a 155, de Barcelona). <\/p>\n\n\n\n<p>Para participar en la jornada hay que inscribirse a trav\u00e9s de este formulario,<\/p>\n\n\n\n\n\n<p><\/p>\n","protected":false},"featured_media":35309,"template":"","class_list":["post-35398","icip_event","type-icip_event","status-publish","has-post-thumbnail","hentry"],"acf":[],"yoast_head":"<!-- This site is optimized with the Yoast SEO plugin v25.6 - https:\/\/yoast.com\/wordpress\/plugins\/seo\/ -->\n<title>Jornada: &quot;Pol\u00edticas locales de seguridad humana y comunitaria&quot; - ICIP<\/title>\n<meta name=\"description\" content=\"Jornada de trabajo donde se expondr\u00e1n pr\u00e1cticas municipales que contribuyen al desarrollo de pol\u00edticas p\u00fablicas de seguridad.\" \/>\n<meta name=\"robots\" content=\"index, follow, max-snippet:-1, max-image-preview:large, max-video-preview:-1\" \/>\n<link rel=\"canonical\" href=\"https:\/\/www.icip.cat\/es\/event\/jornada-politicas-locales-de-seguridad-humana-y-comunitaria\/\" \/>\n<meta property=\"og:locale\" content=\"es_ES\" \/>\n<meta property=\"og:type\" content=\"article\" \/>\n<meta property=\"og:title\" content=\"Jornada: &quot;Pol\u00edticas locales de seguridad humana y comunitaria&quot; - ICIP\" \/>\n<meta property=\"og:description\" content=\"Jornada de trabajo donde se expondr\u00e1n pr\u00e1cticas municipales que contribuyen al desarrollo de pol\u00edticas p\u00fablicas de seguridad.\" \/>\n<meta property=\"og:url\" content=\"https:\/\/www.icip.cat\/es\/event\/jornada-politicas-locales-de-seguridad-humana-y-comunitaria\/\" \/>\n<meta property=\"og:site_name\" content=\"ICIP\" \/>\n<meta property=\"article:modified_time\" content=\"2023-02-21T12:50:07+00:00\" \/>\n<meta property=\"og:image\" content=\"https:\/\/www.icip.cat\/wp-content\/uploads\/2023\/02\/Eines-Screenshot.png\" \/>\n\t<meta property=\"og:image:width\" content=\"786\" \/>\n\t<meta property=\"og:image:height\" content=\"684\" \/>\n\t<meta property=\"og:image:type\" content=\"image\/png\" \/>\n<meta name=\"twitter:card\" content=\"summary_large_image\" \/>\n<meta name=\"twitter:label1\" content=\"Tiempo de lectura\" \/>\n\t<meta name=\"twitter:data1\" content=\"2 minutos\" \/>\n<script type=\"application\/ld+json\" class=\"yoast-schema-graph\">{\"@context\":\"https:\/\/schema.org\",\"@graph\":[{\"@type\":\"WebPage\",\"@id\":\"https:\/\/www.icip.cat\/es\/event\/jornada-politicas-locales-de-seguridad-humana-y-comunitaria\/\",\"url\":\"https:\/\/www.icip.cat\/es\/event\/jornada-politicas-locales-de-seguridad-humana-y-comunitaria\/\",\"name\":\"Jornada: \\\"Pol\u00edticas locales de seguridad humana y comunitaria\\\" - ICIP\",\"isPartOf\":{\"@id\":\"https:\/\/www.icip.cat\/ca\/#website\"},\"primaryImageOfPage\":{\"@id\":\"https:\/\/www.icip.cat\/es\/event\/jornada-politicas-locales-de-seguridad-humana-y-comunitaria\/#primaryimage\"},\"image\":{\"@id\":\"https:\/\/www.icip.cat\/es\/event\/jornada-politicas-locales-de-seguridad-humana-y-comunitaria\/#primaryimage\"},\"thumbnailUrl\":\"https:\/\/www.icip.cat\/wp-content\/uploads\/2023\/02\/Eines-Screenshot.png\",\"datePublished\":\"2023-02-21T12:43:01+00:00\",\"dateModified\":\"2023-02-21T12:50:07+00:00\",\"description\":\"Jornada de trabajo donde se expondr\u00e1n pr\u00e1cticas municipales que contribuyen al desarrollo de pol\u00edticas p\u00fablicas de seguridad.\",\"inLanguage\":\"es\",\"potentialAction\":[{\"@type\":\"ReadAction\",\"target\":[\"https:\/\/www.icip.cat\/es\/event\/jornada-politicas-locales-de-seguridad-humana-y-comunitaria\/\"]}]},{\"@type\":\"ImageObject\",\"inLanguage\":\"es\",\"@id\":\"https:\/\/www.icip.cat\/es\/event\/jornada-politicas-locales-de-seguridad-humana-y-comunitaria\/#primaryimage\",\"url\":\"https:\/\/www.icip.cat\/wp-content\/uploads\/2023\/02\/Eines-Screenshot.png\",\"contentUrl\":\"https:\/\/www.icip.cat\/wp-content\/uploads\/2023\/02\/Eines-Screenshot.png\",\"width\":786,\"height\":684},{\"@type\":\"WebSite\",\"@id\":\"https:\/\/www.icip.cat\/ca\/#website\",\"url\":\"https:\/\/www.icip.cat\/ca\/\",\"name\":\"ICIP\",\"description\":\"\",\"publisher\":{\"@id\":\"https:\/\/www.icip.cat\/ca\/#organization\"},\"potentialAction\":[{\"@type\":\"SearchAction\",\"target\":{\"@type\":\"EntryPoint\",\"urlTemplate\":\"https:\/\/www.icip.cat\/ca\/?s={search_term_string}\"},\"query-input\":{\"@type\":\"PropertyValueSpecification\",\"valueRequired\":true,\"valueName\":\"search_term_string\"}}],\"inLanguage\":\"es\"},{\"@type\":\"Organization\",\"@id\":\"https:\/\/www.icip.cat\/ca\/#organization\",\"name\":\"ICIP\",\"url\":\"https:\/\/www.icip.cat\/ca\/\",\"logo\":{\"@type\":\"ImageObject\",\"inLanguage\":\"es\",\"@id\":\"https:\/\/www.icip.cat\/ca\/#\/schema\/logo\/image\/\",\"url\":\"https:\/\/www.icip.cat\/wp-content\/uploads\/2021\/02\/logo-2.png\",\"contentUrl\":\"https:\/\/www.icip.cat\/wp-content\/uploads\/2021\/02\/logo-2.png\",\"width\":562,\"height\":391,\"caption\":\"ICIP\"},\"image\":{\"@id\":\"https:\/\/www.icip.cat\/ca\/#\/schema\/logo\/image\/\"}}]}<\/script>\n<!-- \/ Yoast SEO plugin. -->","yoast_head_json":{"title":"Jornada: \"Pol\u00edticas locales de seguridad humana y comunitaria\" - ICIP","description":"Jornada de trabajo donde se expondr\u00e1n pr\u00e1cticas municipales que contribuyen al desarrollo de pol\u00edticas p\u00fablicas de seguridad.","robots":{"index":"index","follow":"follow","max-snippet":"max-snippet:-1","max-image-preview":"max-image-preview:large","max-video-preview":"max-video-preview:-1"},"canonical":"https:\/\/www.icip.cat\/es\/event\/jornada-politicas-locales-de-seguridad-humana-y-comunitaria\/","og_locale":"es_ES","og_type":"article","og_title":"Jornada: \"Pol\u00edticas locales de seguridad humana y comunitaria\" - ICIP","og_description":"Jornada de trabajo donde se expondr\u00e1n pr\u00e1cticas municipales que contribuyen al desarrollo de pol\u00edticas p\u00fablicas de seguridad.","og_url":"https:\/\/www.icip.cat\/es\/event\/jornada-politicas-locales-de-seguridad-humana-y-comunitaria\/","og_site_name":"ICIP","article_modified_time":"2023-02-21T12:50:07+00:00","og_image":[{"width":786,"height":684,"url":"https:\/\/www.icip.cat\/wp-content\/uploads\/2023\/02\/Eines-Screenshot.png","type":"image\/png"}],"twitter_card":"summary_large_image","twitter_misc":{"Tiempo de lectura":"2 minutos"},"schema":{"@context":"https:\/\/schema.org","@graph":[{"@type":"WebPage","@id":"https:\/\/www.icip.cat\/es\/event\/jornada-politicas-locales-de-seguridad-humana-y-comunitaria\/","url":"https:\/\/www.icip.cat\/es\/event\/jornada-politicas-locales-de-seguridad-humana-y-comunitaria\/","name":"Jornada: \"Pol\u00edticas locales de seguridad humana y comunitaria\" - ICIP","isPartOf":{"@id":"https:\/\/www.icip.cat\/ca\/#website"},"primaryImageOfPage":{"@id":"https:\/\/www.icip.cat\/es\/event\/jornada-politicas-locales-de-seguridad-humana-y-comunitaria\/#primaryimage"},"image":{"@id":"https:\/\/www.icip.cat\/es\/event\/jornada-politicas-locales-de-seguridad-humana-y-comunitaria\/#primaryimage"},"thumbnailUrl":"https:\/\/www.icip.cat\/wp-content\/uploads\/2023\/02\/Eines-Screenshot.png","datePublished":"2023-02-21T12:43:01+00:00","dateModified":"2023-02-21T12:50:07+00:00","description":"Jornada de trabajo donde se expondr\u00e1n pr\u00e1cticas municipales que contribuyen al desarrollo de pol\u00edticas p\u00fablicas de seguridad.","inLanguage":"es","potentialAction":[{"@type":"ReadAction","target":["https:\/\/www.icip.cat\/es\/event\/jornada-politicas-locales-de-seguridad-humana-y-comunitaria\/"]}]},{"@type":"ImageObject","inLanguage":"es","@id":"https:\/\/www.icip.cat\/es\/event\/jornada-politicas-locales-de-seguridad-humana-y-comunitaria\/#primaryimage","url":"https:\/\/www.icip.cat\/wp-content\/uploads\/2023\/02\/Eines-Screenshot.png","contentUrl":"https:\/\/www.icip.cat\/wp-content\/uploads\/2023\/02\/Eines-Screenshot.png","width":786,"height":684},{"@type":"WebSite","@id":"https:\/\/www.icip.cat\/ca\/#website","url":"https:\/\/www.icip.cat\/ca\/","name":"ICIP","description":"","publisher":{"@id":"https:\/\/www.icip.cat\/ca\/#organization"},"potentialAction":[{"@type":"SearchAction","target":{"@type":"EntryPoint","urlTemplate":"https:\/\/www.icip.cat\/ca\/?s={search_term_string}"},"query-input":{"@type":"PropertyValueSpecification","valueRequired":true,"valueName":"search_term_string"}}],"inLanguage":"es"},{"@type":"Organization","@id":"https:\/\/www.icip.cat\/ca\/#organization","name":"ICIP","url":"https:\/\/www.icip.cat\/ca\/","logo":{"@type":"ImageObject","inLanguage":"es","@id":"https:\/\/www.icip.cat\/ca\/#\/schema\/logo\/image\/","url":"https:\/\/www.icip.cat\/wp-content\/uploads\/2021\/02\/logo-2.png","contentUrl":"https:\/\/www.icip.cat\/wp-content\/uploads\/2021\/02\/logo-2.png","width":562,"height":391,"caption":"ICIP"},"image":{"@id":"https:\/\/www.icip.cat\/ca\/#\/schema\/logo\/image\/"}}]}},"_links":{"self":[{"href":"https:\/\/www.icip.cat\/es\/wp-json\/wp\/v2\/icip_event\/35398","targetHints":{"allow":["GET"]}}],"collection":[{"href":"https:\/\/www.icip.cat\/es\/wp-json\/wp\/v2\/icip_event"}],"about":[{"href":"https:\/\/www.icip.cat\/es\/wp-json\/wp\/v2\/types\/icip_event"}],"version-history":[{"count":5,"href":"https:\/\/www.icip.cat\/es\/wp-json\/wp\/v2\/icip_event\/35398\/revisions"}],"predecessor-version":[{"id":35404,"href":"https:\/\/www.icip.cat\/es\/wp-json\/wp\/v2\/icip_event\/35398\/revisions\/35404"}],"wp:featuredmedia":[{"embeddable":true,"href":"https:\/\/www.icip.cat\/es\/wp-json\/wp\/v2\/media\/35309"}],"wp:attachment":[{"href":"https:\/\/www.icip.cat\/es\/wp-json\/wp\/v2\/media?parent=35398"}],"curies":[{"name":"wp","href":"https:\/\/api.w.org\/{rel}","templated":true}]}}