{"id":51233,"date":"2025-01-20T12:43:31","date_gmt":"2025-01-20T12:43:31","guid":{"rendered":"https:\/\/www.icip.cat\/event\/iii-jornada-de-la-pau-del-parlament-de-catalunya-perspectives-africanes-de-pau-politiques-i-practiques\/"},"modified":"2025-01-28T08:03:12","modified_gmt":"2025-01-28T08:03:12","slug":"iii-jornada-de-la-pau-del-parlament-de-catalunya-perspectives-africanes-de-pau-politiques-i-practiques","status":"publish","type":"icip_event","link":"https:\/\/www.icip.cat\/es\/event\/iii-jornada-de-la-pau-del-parlament-de-catalunya-perspectives-africanes-de-pau-politiques-i-practiques\/","title":{"rendered":"III Jornada de la Paz del Parlamento de Catalu\u00f1a: \u00abPerspectivas africanas de paz: pol\u00edticas y pr\u00e1cticas\u00bb"},"content":{"rendered":"\n<p>A iniciativa de la Mesa del Parlamento de Catalu\u00f1a, el ICIP, en colaboraci\u00f3n con Lafede.cat y el Consejo Catal\u00e1n de Fomento de la Paz, organiza la tercera edici\u00f3n de la Jornada de la Paz del Parlamento, con el objetivo de contribuir a sensibilizar a la sociedad sobre la importancia de construir un futuro m\u00e1s justo y pac\u00edfico, y debatir iniciativas concretas que fomenten la convivencia y la resoluci\u00f3n pac\u00edfica de los conflictos.<\/p>\n\n\n\n<p>En 2024, \u00c1frica ha sido la regi\u00f3n del mundo con el mayor n\u00famero de tensiones. Asimismo, el continente africano y la di\u00e1spora africana acumulan innumerables experiencias de resoluci\u00f3n de conflictos y construcci\u00f3n de paz.<\/p>\n\n\n\n<p>La III Jornada de la Paz del Parlamento de Catalu\u00f1a est\u00e1 dedicada a las \u201c<strong>Perspectivas africanas de paz: pol\u00edticas y pr\u00e1cticas<\/strong>\u201d e incluir\u00e1 voces de la di\u00e1spora africana en Catalu\u00f1a y de entidades y acad\u00e9micos con apuestas por la paz en \u00c1frica y en Catalu\u00f1a . Es una oportunidad para reivindicar el valor de experiencias africanas de construcci\u00f3n de paz en un mundo convulso, tanto en lo que se refiere a las pol\u00edticas como a las pr\u00e1cticas, que a su vez permitan enriquecer el proceso de elaboraci\u00f3n de una pol\u00edtica p\u00fablica de paz catalana.<\/p>\n\n\n\n<p>La jornada tendr\u00e1 lugar el viernes 31 de enero de 10 a 13h. Para asistir hay que inscribirse a trav\u00e9s de<a href=\"https:\/\/www.parlament.cat\/web\/actualitat\/actes-2\/index.html\" target=\"_blank\" rel=\"noreferrer noopener\"> este formulario.<\/a><\/p>\n\n\n\n<h3 class=\"wp-block-heading\"><strong>Programa<\/strong><\/h3>\n\n\n\n<p>10.00 Apertura de puertas y acreditaciones<\/p>\n\n\n\n<p>10:30 Inicio de la III Jornada de la Paz del Parlamento de Catalu\u00f1a<\/p>\n\n\n\n<p>Presenta y conduce la jornada: <strong>Maria Bouabdellah Shaimi<\/strong><\/p>\n\n\n\n<p>Inauguraci\u00f3n<\/p>\n\n\n\n<p><strong>Raquel Sans Guerra<\/strong>, vicepresidenta primera del Parlamento de Catalu\u00f1a<\/p>\n\n\n\n<p><strong>Remei Sipi Mayo<\/strong>, miembro de la Junta del ICIP<\/p>\n\n\n\n<p><strong>Ar\u00e9s Perceval Camps<\/strong>, copresidenta de Lafede.cat<\/p>\n\n\n\n<p>Ponencia<\/p>\n\n\n\n<p><strong>Florence N. Mpaayei<\/strong>, miembro del Equipo Ad Hoc de Asesores Senior de Mediaci\u00f3n, G\u00e9nero e Inclusi\u00f3n de Naciones Unidas<\/p>\n\n\n\n<p>11:15 Primera mesa \u00abExperiencias africanas de construcci\u00f3n de paz\u00bb <\/p>\n\n\n\n<p>\u00bfQu\u00e9 miradas y pr\u00e1cticas para la paz aportan las voces africanas?<\/p>\n\n\n\n<p><strong>Sani Ladan<\/strong>, analista geopol\u00edtico, experto en relaciones internacionales y migraciones<br><strong>Bombo Ndir<\/strong>, activista afro y defensora de los derechos humanos<br><strong>Jean-Bosco Botsho<\/strong>, presidente de AFRICAT &#8211; Asociaci\u00f3n Africana y Catalana de Cooperaci\u00f3n<\/p>\n\n\n\n<p>Presenta y modera: <strong>Ramia Chaoui Yacubi<\/strong><\/p>\n\n\n\n<p>12:00 Segunda mesa. \u00abLas relaciones Catalu\u00f1a &#8211; \u00c1frica y las oportunidades de construcci\u00f3n de paz\u00bb<\/p>\n\n\n\n<p>\u00bfC\u00f3mo podemos trabajar para una descolonizaci\u00f3n de las relaciones catalanas con el continente africano en cuesti\u00f3n de construcci\u00f3n de paz?<\/p>\n\n\n\n<p>Representantes de los grupos parlamentarios del Parlamento de Catalu\u00f1a<\/p>\n\n\n\n<p>Presenta y modera: <strong>M\u00edriam Hatibi<\/strong><\/p>\n\n\n\n<p>12:50 Clausura<\/p>\n\n\n\n<p><strong>Josep Rull i Andreu<\/strong>, presidente del Parlamento de Catalu\u00f1a<\/p>\n","protected":false},"featured_media":43803,"template":"","class_list":["post-51233","icip_event","type-icip_event","status-publish","has-post-thumbnail","hentry"],"acf":[],"yoast_head":"<!-- This site is optimized with the Yoast SEO plugin v25.6 - https:\/\/yoast.com\/wordpress\/plugins\/seo\/ -->\n<title>III Jornada de la Paz del Parlamento de Catalu\u00f1a: \u00abPerspectivas africanas de paz: pol\u00edticas y pr\u00e1cticas\u00bb - ICIP<\/title>\n<meta name=\"description\" content=\"Una oportunitat per reivindicar el valor d\u2019experi\u00e8ncies africanes de construcci\u00f3 de pau en un m\u00f3n convuls.\" \/>\n<meta name=\"robots\" content=\"index, follow, max-snippet:-1, max-image-preview:large, max-video-preview:-1\" \/>\n<link rel=\"canonical\" href=\"https:\/\/www.icip.cat\/es\/event\/iii-jornada-de-la-pau-del-parlament-de-catalunya-perspectives-africanes-de-pau-politiques-i-practiques\/\" \/>\n<meta property=\"og:locale\" content=\"es_ES\" \/>\n<meta property=\"og:type\" content=\"article\" \/>\n<meta property=\"og:title\" content=\"III Jornada de la Paz del Parlamento de Catalu\u00f1a: \u00abPerspectivas africanas de paz: pol\u00edticas y pr\u00e1cticas\u00bb - ICIP\" \/>\n<meta property=\"og:description\" content=\"Una oportunitat per reivindicar el valor d\u2019experi\u00e8ncies africanes de construcci\u00f3 de pau en un m\u00f3n convuls.\" \/>\n<meta property=\"og:url\" content=\"https:\/\/www.icip.cat\/es\/event\/iii-jornada-de-la-pau-del-parlament-de-catalunya-perspectives-africanes-de-pau-politiques-i-practiques\/\" \/>\n<meta property=\"og:site_name\" content=\"ICIP\" \/>\n<meta property=\"article:modified_time\" content=\"2025-01-28T08:03:12+00:00\" \/>\n<meta property=\"og:image\" content=\"https:\/\/www.icip.cat\/wp-content\/uploads\/2024\/02\/Parlament-13-scaled.jpeg\" \/>\n\t<meta property=\"og:image:width\" content=\"2560\" \/>\n\t<meta property=\"og:image:height\" content=\"1706\" \/>\n\t<meta property=\"og:image:type\" content=\"image\/jpeg\" \/>\n<meta name=\"twitter:card\" content=\"summary_large_image\" \/>\n<meta name=\"twitter:label1\" content=\"Tiempo de lectura\" \/>\n\t<meta name=\"twitter:data1\" content=\"3 minutos\" \/>\n<script type=\"application\/ld+json\" class=\"yoast-schema-graph\">{\"@context\":\"https:\/\/schema.org\",\"@graph\":[{\"@type\":\"WebPage\",\"@id\":\"https:\/\/www.icip.cat\/es\/event\/iii-jornada-de-la-pau-del-parlament-de-catalunya-perspectives-africanes-de-pau-politiques-i-practiques\/\",\"url\":\"https:\/\/www.icip.cat\/es\/event\/iii-jornada-de-la-pau-del-parlament-de-catalunya-perspectives-africanes-de-pau-politiques-i-practiques\/\",\"name\":\"III Jornada de la Paz del Parlamento de Catalu\u00f1a: \u00abPerspectivas africanas de paz: pol\u00edticas y pr\u00e1cticas\u00bb - ICIP\",\"isPartOf\":{\"@id\":\"https:\/\/www.icip.cat\/ca\/#website\"},\"primaryImageOfPage\":{\"@id\":\"https:\/\/www.icip.cat\/es\/event\/iii-jornada-de-la-pau-del-parlament-de-catalunya-perspectives-africanes-de-pau-politiques-i-practiques\/#primaryimage\"},\"image\":{\"@id\":\"https:\/\/www.icip.cat\/es\/event\/iii-jornada-de-la-pau-del-parlament-de-catalunya-perspectives-africanes-de-pau-politiques-i-practiques\/#primaryimage\"},\"thumbnailUrl\":\"https:\/\/www.icip.cat\/wp-content\/uploads\/2024\/02\/Parlament-13-scaled.jpeg\",\"datePublished\":\"2025-01-20T12:43:31+00:00\",\"dateModified\":\"2025-01-28T08:03:12+00:00\",\"description\":\"Una oportunitat per reivindicar el valor d\u2019experi\u00e8ncies africanes de construcci\u00f3 de pau en un m\u00f3n convuls.\",\"inLanguage\":\"es\",\"potentialAction\":[{\"@type\":\"ReadAction\",\"target\":[\"https:\/\/www.icip.cat\/es\/event\/iii-jornada-de-la-pau-del-parlament-de-catalunya-perspectives-africanes-de-pau-politiques-i-practiques\/\"]}]},{\"@type\":\"ImageObject\",\"inLanguage\":\"es\",\"@id\":\"https:\/\/www.icip.cat\/es\/event\/iii-jornada-de-la-pau-del-parlament-de-catalunya-perspectives-africanes-de-pau-politiques-i-practiques\/#primaryimage\",\"url\":\"https:\/\/www.icip.cat\/wp-content\/uploads\/2024\/02\/Parlament-13-scaled.jpeg\",\"contentUrl\":\"https:\/\/www.icip.cat\/wp-content\/uploads\/2024\/02\/Parlament-13-scaled.jpeg\",\"width\":2560,\"height\":1706},{\"@type\":\"WebSite\",\"@id\":\"https:\/\/www.icip.cat\/ca\/#website\",\"url\":\"https:\/\/www.icip.cat\/ca\/\",\"name\":\"ICIP\",\"description\":\"\",\"publisher\":{\"@id\":\"https:\/\/www.icip.cat\/ca\/#organization\"},\"potentialAction\":[{\"@type\":\"SearchAction\",\"target\":{\"@type\":\"EntryPoint\",\"urlTemplate\":\"https:\/\/www.icip.cat\/ca\/?s={search_term_string}\"},\"query-input\":{\"@type\":\"PropertyValueSpecification\",\"valueRequired\":true,\"valueName\":\"search_term_string\"}}],\"inLanguage\":\"es\"},{\"@type\":\"Organization\",\"@id\":\"https:\/\/www.icip.cat\/ca\/#organization\",\"name\":\"ICIP\",\"url\":\"https:\/\/www.icip.cat\/ca\/\",\"logo\":{\"@type\":\"ImageObject\",\"inLanguage\":\"es\",\"@id\":\"https:\/\/www.icip.cat\/ca\/#\/schema\/logo\/image\/\",\"url\":\"https:\/\/www.icip.cat\/wp-content\/uploads\/2021\/02\/logo-2.png\",\"contentUrl\":\"https:\/\/www.icip.cat\/wp-content\/uploads\/2021\/02\/logo-2.png\",\"width\":562,\"height\":391,\"caption\":\"ICIP\"},\"image\":{\"@id\":\"https:\/\/www.icip.cat\/ca\/#\/schema\/logo\/image\/\"}}]}<\/script>\n<!-- \/ Yoast SEO plugin. -->","yoast_head_json":{"title":"III Jornada de la Paz del Parlamento de Catalu\u00f1a: \u00abPerspectivas africanas de paz: pol\u00edticas y pr\u00e1cticas\u00bb - ICIP","description":"Una oportunitat per reivindicar el valor d\u2019experi\u00e8ncies africanes de construcci\u00f3 de pau en un m\u00f3n convuls.","robots":{"index":"index","follow":"follow","max-snippet":"max-snippet:-1","max-image-preview":"max-image-preview:large","max-video-preview":"max-video-preview:-1"},"canonical":"https:\/\/www.icip.cat\/es\/event\/iii-jornada-de-la-pau-del-parlament-de-catalunya-perspectives-africanes-de-pau-politiques-i-practiques\/","og_locale":"es_ES","og_type":"article","og_title":"III Jornada de la Paz del Parlamento de Catalu\u00f1a: \u00abPerspectivas africanas de paz: pol\u00edticas y pr\u00e1cticas\u00bb - ICIP","og_description":"Una oportunitat per reivindicar el valor d\u2019experi\u00e8ncies africanes de construcci\u00f3 de pau en un m\u00f3n convuls.","og_url":"https:\/\/www.icip.cat\/es\/event\/iii-jornada-de-la-pau-del-parlament-de-catalunya-perspectives-africanes-de-pau-politiques-i-practiques\/","og_site_name":"ICIP","article_modified_time":"2025-01-28T08:03:12+00:00","og_image":[{"width":2560,"height":1706,"url":"https:\/\/www.icip.cat\/wp-content\/uploads\/2024\/02\/Parlament-13-scaled.jpeg","type":"image\/jpeg"}],"twitter_card":"summary_large_image","twitter_misc":{"Tiempo de lectura":"3 minutos"},"schema":{"@context":"https:\/\/schema.org","@graph":[{"@type":"WebPage","@id":"https:\/\/www.icip.cat\/es\/event\/iii-jornada-de-la-pau-del-parlament-de-catalunya-perspectives-africanes-de-pau-politiques-i-practiques\/","url":"https:\/\/www.icip.cat\/es\/event\/iii-jornada-de-la-pau-del-parlament-de-catalunya-perspectives-africanes-de-pau-politiques-i-practiques\/","name":"III Jornada de la Paz del Parlamento de Catalu\u00f1a: \u00abPerspectivas africanas de paz: pol\u00edticas y pr\u00e1cticas\u00bb - ICIP","isPartOf":{"@id":"https:\/\/www.icip.cat\/ca\/#website"},"primaryImageOfPage":{"@id":"https:\/\/www.icip.cat\/es\/event\/iii-jornada-de-la-pau-del-parlament-de-catalunya-perspectives-africanes-de-pau-politiques-i-practiques\/#primaryimage"},"image":{"@id":"https:\/\/www.icip.cat\/es\/event\/iii-jornada-de-la-pau-del-parlament-de-catalunya-perspectives-africanes-de-pau-politiques-i-practiques\/#primaryimage"},"thumbnailUrl":"https:\/\/www.icip.cat\/wp-content\/uploads\/2024\/02\/Parlament-13-scaled.jpeg","datePublished":"2025-01-20T12:43:31+00:00","dateModified":"2025-01-28T08:03:12+00:00","description":"Una oportunitat per reivindicar el valor d\u2019experi\u00e8ncies africanes de construcci\u00f3 de pau en un m\u00f3n convuls.","inLanguage":"es","potentialAction":[{"@type":"ReadAction","target":["https:\/\/www.icip.cat\/es\/event\/iii-jornada-de-la-pau-del-parlament-de-catalunya-perspectives-africanes-de-pau-politiques-i-practiques\/"]}]},{"@type":"ImageObject","inLanguage":"es","@id":"https:\/\/www.icip.cat\/es\/event\/iii-jornada-de-la-pau-del-parlament-de-catalunya-perspectives-africanes-de-pau-politiques-i-practiques\/#primaryimage","url":"https:\/\/www.icip.cat\/wp-content\/uploads\/2024\/02\/Parlament-13-scaled.jpeg","contentUrl":"https:\/\/www.icip.cat\/wp-content\/uploads\/2024\/02\/Parlament-13-scaled.jpeg","width":2560,"height":1706},{"@type":"WebSite","@id":"https:\/\/www.icip.cat\/ca\/#website","url":"https:\/\/www.icip.cat\/ca\/","name":"ICIP","description":"","publisher":{"@id":"https:\/\/www.icip.cat\/ca\/#organization"},"potentialAction":[{"@type":"SearchAction","target":{"@type":"EntryPoint","urlTemplate":"https:\/\/www.icip.cat\/ca\/?s={search_term_string}"},"query-input":{"@type":"PropertyValueSpecification","valueRequired":true,"valueName":"search_term_string"}}],"inLanguage":"es"},{"@type":"Organization","@id":"https:\/\/www.icip.cat\/ca\/#organization","name":"ICIP","url":"https:\/\/www.icip.cat\/ca\/","logo":{"@type":"ImageObject","inLanguage":"es","@id":"https:\/\/www.icip.cat\/ca\/#\/schema\/logo\/image\/","url":"https:\/\/www.icip.cat\/wp-content\/uploads\/2021\/02\/logo-2.png","contentUrl":"https:\/\/www.icip.cat\/wp-content\/uploads\/2021\/02\/logo-2.png","width":562,"height":391,"caption":"ICIP"},"image":{"@id":"https:\/\/www.icip.cat\/ca\/#\/schema\/logo\/image\/"}}]}},"_links":{"self":[{"href":"https:\/\/www.icip.cat\/es\/wp-json\/wp\/v2\/icip_event\/51233","targetHints":{"allow":["GET"]}}],"collection":[{"href":"https:\/\/www.icip.cat\/es\/wp-json\/wp\/v2\/icip_event"}],"about":[{"href":"https:\/\/www.icip.cat\/es\/wp-json\/wp\/v2\/types\/icip_event"}],"version-history":[{"count":4,"href":"https:\/\/www.icip.cat\/es\/wp-json\/wp\/v2\/icip_event\/51233\/revisions"}],"predecessor-version":[{"id":51599,"href":"https:\/\/www.icip.cat\/es\/wp-json\/wp\/v2\/icip_event\/51233\/revisions\/51599"}],"wp:featuredmedia":[{"embeddable":true,"href":"https:\/\/www.icip.cat\/es\/wp-json\/wp\/v2\/media\/43803"}],"wp:attachment":[{"href":"https:\/\/www.icip.cat\/es\/wp-json\/wp\/v2\/media?parent=51233"}],"curies":[{"name":"wp","href":"https:\/\/api.w.org\/{rel}","templated":true}]}}