{"id":10430,"date":"2021-01-04T16:27:41","date_gmt":"2021-01-04T16:27:41","guid":{"rendered":"http:\/\/www.icip.cat\/exposition\/efectegezi\/"},"modified":"2021-02-19T09:53:08","modified_gmt":"2021-02-19T09:53:08","slug":"efectegezi","status":"publish","type":"icip_exposition","link":"https:\/\/www.icip.cat\/es\/exposition\/efectegezi\/","title":{"rendered":"#efecteGEZI. El poder transformador del arte"},"content":{"rendered":"\n<p>A trav\u00e9s del relato de lo que sucedi\u00f3 en Estambul durante el a\u00f1o 2013, la exposici\u00f3n ilustra como personas de origen, cultura, formas de vivir y pensamiento tan dispar como las que se reunieron en el parque Gezi pueden aparcar sus diferencias y unir fuerzas para protestar de forma noviolenta contra una situaci\u00f3n que consideraban injusta. En este caso, kurdos, kemalistas, armenios, laicos, musulmanes, activistas del movimiento LGTB, aficionados del Galasataray y del Besiktas y muchos otros colectivos superaron los antiguos antagonismos, estereotipos y desconfianzas mutuas en unas protestas eminentemente pac\u00edficas que tambi\u00e9n se caracterizaron por su creatividad.<\/p>\n\n\n\n<p>El recurso de la creatividad y el arte como herramientas noviolentes y transformadoras es precisamente uno de los otros aspectos en los que el ICIP quiere dar visibilidad con esta exposici\u00f3n.<\/p>\n\n\n\n<p>La exposici\u00f3n, que consta de 16 retratos teatralizados en gran formato, viene acompa\u00f1ada de una <strong>pieza audiovisual<\/strong> de una duraci\u00f3n de casi 25 minutos con intervenciones en turco, castellano e ingl\u00e9s, subtitulada al catal\u00e1n.<\/p>\n\n\n\n<figure class=\"wp-block-embed-youtube wp-block-embed is-type-video is-provider-youtube wp-embed-aspect-16-9 wp-has-aspect-ratio\"><div class=\"wp-block-embed__wrapper\">\n<iframe title=\"#efecteGEZI El poder transformador de l\u2019art\" width=\"640\" height=\"360\" src=\"https:\/\/www.youtube.com\/embed\/9t9SKi40f5A?feature=oembed\" frameborder=\"0\" allow=\"accelerometer; autoplay; clipboard-write; encrypted-media; gyroscope; picture-in-picture; web-share\" referrerpolicy=\"strict-origin-when-cross-origin\" allowfullscreen><\/iframe>\n<\/div><\/figure>\n\n\n\n<p>La muestra est\u00e1 pensada para ser instalada tanto en espacios interiores como exteriores.<\/p>\n\n\n\n<p><strong>La autora<\/strong><\/p>\n\n\n\n<p>Oriana Eli\u00e7abe (Argentina 1972) es fot\u00f3grafa documentalista y agitadora cultural. Es miembro del colectivo Enmedio, que trabaja combinando el arte y el activismo social, desde donde coordina el TAF (Taller de Acci\u00f3n Fotogr\u00e1fica) , un taller de fotograf\u00eda aplicada a la intervenci\u00f3n urbana en el cual se fomenta una actitud cr\u00edtica hacia los usos contempor\u00e1neos de la fotograf\u00eda y su relaci\u00f3n con la realidad social.<\/p>\n","protected":false},"featured_media":10416,"template":"","class_list":["post-10430","icip_exposition","type-icip_exposition","status-publish","has-post-thumbnail","hentry"],"acf":[],"yoast_head":"<!-- This site is optimized with the Yoast SEO plugin v25.6 - https:\/\/yoast.com\/wordpress\/plugins\/seo\/ -->\n<title>#efecteGEZI. El poder transformador del arte - ICIP<\/title>\n<meta name=\"robots\" content=\"index, follow, max-snippet:-1, max-image-preview:large, max-video-preview:-1\" \/>\n<link rel=\"canonical\" href=\"https:\/\/www.icip.cat\/es\/exposition\/efectegezi\/\" \/>\n<meta property=\"og:locale\" content=\"es_ES\" \/>\n<meta property=\"og:type\" content=\"article\" \/>\n<meta property=\"og:title\" content=\"#efecteGEZI. El poder transformador del arte - ICIP\" \/>\n<meta property=\"og:description\" content=\"A trav\u00e9s del relato de lo que sucedi\u00f3 en Estambul durante el a\u00f1o 2013, la exposici\u00f3n ilustra como personas de origen, cultura, formas de vivir y pensamiento tan dispar como las que se reunieron en el parque Gezi pueden aparcar sus diferencias y unir fuerzas para protestar de forma noviolenta contra una situaci\u00f3n que consideraban [&hellip;]\" \/>\n<meta property=\"og:url\" content=\"https:\/\/www.icip.cat\/es\/exposition\/efectegezi\/\" \/>\n<meta property=\"og:site_name\" content=\"ICIP\" \/>\n<meta property=\"article:modified_time\" content=\"2021-02-19T09:53:08+00:00\" \/>\n<meta property=\"og:image\" content=\"https:\/\/www.icip.cat\/wp-content\/uploads\/2021\/01\/expoEfecteGEZI.jpg_1690408569.jpg\" \/>\n\t<meta property=\"og:image:width\" content=\"190\" \/>\n\t<meta property=\"og:image:height\" content=\"154\" \/>\n\t<meta property=\"og:image:type\" content=\"image\/jpeg\" \/>\n<meta name=\"twitter:card\" content=\"summary_large_image\" \/>\n<meta name=\"twitter:label1\" content=\"Tiempo de lectura\" \/>\n\t<meta name=\"twitter:data1\" content=\"2 minutos\" \/>\n<script type=\"application\/ld+json\" class=\"yoast-schema-graph\">{\"@context\":\"https:\/\/schema.org\",\"@graph\":[{\"@type\":\"WebPage\",\"@id\":\"https:\/\/www.icip.cat\/es\/exposition\/efectegezi\/\",\"url\":\"https:\/\/www.icip.cat\/es\/exposition\/efectegezi\/\",\"name\":\"#efecteGEZI. El poder transformador del arte - ICIP\",\"isPartOf\":{\"@id\":\"https:\/\/www.icip.cat\/ca\/#website\"},\"primaryImageOfPage\":{\"@id\":\"https:\/\/www.icip.cat\/es\/exposition\/efectegezi\/#primaryimage\"},\"image\":{\"@id\":\"https:\/\/www.icip.cat\/es\/exposition\/efectegezi\/#primaryimage\"},\"thumbnailUrl\":\"https:\/\/www.icip.cat\/wp-content\/uploads\/2021\/01\/expoEfecteGEZI.jpg_1690408569.jpg\",\"datePublished\":\"2021-01-04T16:27:41+00:00\",\"dateModified\":\"2021-02-19T09:53:08+00:00\",\"inLanguage\":\"es\",\"potentialAction\":[{\"@type\":\"ReadAction\",\"target\":[\"https:\/\/www.icip.cat\/es\/exposition\/efectegezi\/\"]}]},{\"@type\":\"ImageObject\",\"inLanguage\":\"es\",\"@id\":\"https:\/\/www.icip.cat\/es\/exposition\/efectegezi\/#primaryimage\",\"url\":\"https:\/\/www.icip.cat\/wp-content\/uploads\/2021\/01\/expoEfecteGEZI.jpg_1690408569.jpg\",\"contentUrl\":\"https:\/\/www.icip.cat\/wp-content\/uploads\/2021\/01\/expoEfecteGEZI.jpg_1690408569.jpg\",\"width\":190,\"height\":154},{\"@type\":\"WebSite\",\"@id\":\"https:\/\/www.icip.cat\/ca\/#website\",\"url\":\"https:\/\/www.icip.cat\/ca\/\",\"name\":\"ICIP\",\"description\":\"\",\"publisher\":{\"@id\":\"https:\/\/www.icip.cat\/ca\/#organization\"},\"potentialAction\":[{\"@type\":\"SearchAction\",\"target\":{\"@type\":\"EntryPoint\",\"urlTemplate\":\"https:\/\/www.icip.cat\/ca\/?s={search_term_string}\"},\"query-input\":{\"@type\":\"PropertyValueSpecification\",\"valueRequired\":true,\"valueName\":\"search_term_string\"}}],\"inLanguage\":\"es\"},{\"@type\":\"Organization\",\"@id\":\"https:\/\/www.icip.cat\/ca\/#organization\",\"name\":\"ICIP\",\"url\":\"https:\/\/www.icip.cat\/ca\/\",\"logo\":{\"@type\":\"ImageObject\",\"inLanguage\":\"es\",\"@id\":\"https:\/\/www.icip.cat\/ca\/#\/schema\/logo\/image\/\",\"url\":\"https:\/\/www.icip.cat\/wp-content\/uploads\/2021\/02\/logo-2.png\",\"contentUrl\":\"https:\/\/www.icip.cat\/wp-content\/uploads\/2021\/02\/logo-2.png\",\"width\":562,\"height\":391,\"caption\":\"ICIP\"},\"image\":{\"@id\":\"https:\/\/www.icip.cat\/ca\/#\/schema\/logo\/image\/\"}}]}<\/script>\n<!-- \/ Yoast SEO plugin. -->","yoast_head_json":{"title":"#efecteGEZI. El poder transformador del arte - ICIP","robots":{"index":"index","follow":"follow","max-snippet":"max-snippet:-1","max-image-preview":"max-image-preview:large","max-video-preview":"max-video-preview:-1"},"canonical":"https:\/\/www.icip.cat\/es\/exposition\/efectegezi\/","og_locale":"es_ES","og_type":"article","og_title":"#efecteGEZI. El poder transformador del arte - ICIP","og_description":"A trav\u00e9s del relato de lo que sucedi\u00f3 en Estambul durante el a\u00f1o 2013, la exposici\u00f3n ilustra como personas de origen, cultura, formas de vivir y pensamiento tan dispar como las que se reunieron en el parque Gezi pueden aparcar sus diferencias y unir fuerzas para protestar de forma noviolenta contra una situaci\u00f3n que consideraban [&hellip;]","og_url":"https:\/\/www.icip.cat\/es\/exposition\/efectegezi\/","og_site_name":"ICIP","article_modified_time":"2021-02-19T09:53:08+00:00","og_image":[{"width":190,"height":154,"url":"https:\/\/www.icip.cat\/wp-content\/uploads\/2021\/01\/expoEfecteGEZI.jpg_1690408569.jpg","type":"image\/jpeg"}],"twitter_card":"summary_large_image","twitter_misc":{"Tiempo de lectura":"2 minutos"},"schema":{"@context":"https:\/\/schema.org","@graph":[{"@type":"WebPage","@id":"https:\/\/www.icip.cat\/es\/exposition\/efectegezi\/","url":"https:\/\/www.icip.cat\/es\/exposition\/efectegezi\/","name":"#efecteGEZI. El poder transformador del arte - ICIP","isPartOf":{"@id":"https:\/\/www.icip.cat\/ca\/#website"},"primaryImageOfPage":{"@id":"https:\/\/www.icip.cat\/es\/exposition\/efectegezi\/#primaryimage"},"image":{"@id":"https:\/\/www.icip.cat\/es\/exposition\/efectegezi\/#primaryimage"},"thumbnailUrl":"https:\/\/www.icip.cat\/wp-content\/uploads\/2021\/01\/expoEfecteGEZI.jpg_1690408569.jpg","datePublished":"2021-01-04T16:27:41+00:00","dateModified":"2021-02-19T09:53:08+00:00","inLanguage":"es","potentialAction":[{"@type":"ReadAction","target":["https:\/\/www.icip.cat\/es\/exposition\/efectegezi\/"]}]},{"@type":"ImageObject","inLanguage":"es","@id":"https:\/\/www.icip.cat\/es\/exposition\/efectegezi\/#primaryimage","url":"https:\/\/www.icip.cat\/wp-content\/uploads\/2021\/01\/expoEfecteGEZI.jpg_1690408569.jpg","contentUrl":"https:\/\/www.icip.cat\/wp-content\/uploads\/2021\/01\/expoEfecteGEZI.jpg_1690408569.jpg","width":190,"height":154},{"@type":"WebSite","@id":"https:\/\/www.icip.cat\/ca\/#website","url":"https:\/\/www.icip.cat\/ca\/","name":"ICIP","description":"","publisher":{"@id":"https:\/\/www.icip.cat\/ca\/#organization"},"potentialAction":[{"@type":"SearchAction","target":{"@type":"EntryPoint","urlTemplate":"https:\/\/www.icip.cat\/ca\/?s={search_term_string}"},"query-input":{"@type":"PropertyValueSpecification","valueRequired":true,"valueName":"search_term_string"}}],"inLanguage":"es"},{"@type":"Organization","@id":"https:\/\/www.icip.cat\/ca\/#organization","name":"ICIP","url":"https:\/\/www.icip.cat\/ca\/","logo":{"@type":"ImageObject","inLanguage":"es","@id":"https:\/\/www.icip.cat\/ca\/#\/schema\/logo\/image\/","url":"https:\/\/www.icip.cat\/wp-content\/uploads\/2021\/02\/logo-2.png","contentUrl":"https:\/\/www.icip.cat\/wp-content\/uploads\/2021\/02\/logo-2.png","width":562,"height":391,"caption":"ICIP"},"image":{"@id":"https:\/\/www.icip.cat\/ca\/#\/schema\/logo\/image\/"}}]}},"_links":{"self":[{"href":"https:\/\/www.icip.cat\/es\/wp-json\/wp\/v2\/icip_exposition\/10430","targetHints":{"allow":["GET"]}}],"collection":[{"href":"https:\/\/www.icip.cat\/es\/wp-json\/wp\/v2\/icip_exposition"}],"about":[{"href":"https:\/\/www.icip.cat\/es\/wp-json\/wp\/v2\/types\/icip_exposition"}],"version-history":[{"count":5,"href":"https:\/\/www.icip.cat\/es\/wp-json\/wp\/v2\/icip_exposition\/10430\/revisions"}],"predecessor-version":[{"id":17134,"href":"https:\/\/www.icip.cat\/es\/wp-json\/wp\/v2\/icip_exposition\/10430\/revisions\/17134"}],"wp:featuredmedia":[{"embeddable":true,"href":"https:\/\/www.icip.cat\/es\/wp-json\/wp\/v2\/media\/10416"}],"wp:attachment":[{"href":"https:\/\/www.icip.cat\/es\/wp-json\/wp\/v2\/media?parent=10430"}],"curies":[{"name":"wp","href":"https:\/\/api.w.org\/{rel}","templated":true}]}}