{"id":10434,"date":"2021-01-04T16:30:48","date_gmt":"2021-01-04T16:30:48","guid":{"rendered":"http:\/\/www.icip.cat\/exposition\/mon-tanca\/"},"modified":"2024-03-20T11:52:43","modified_gmt":"2024-03-20T11:52:43","slug":"mon-tanca","status":"publish","type":"icip_exposition","link":"https:\/\/www.icip.cat\/es\/exposition\/mon-tanca\/","title":{"rendered":"M\u00f3n-tanca"},"content":{"rendered":"\n<p>M\u00f3n-tanca (Mundo-valla) explora maneras de subvertir la l\u00f3gica de la separaci\u00f3n y la estigmatizaci\u00f3n con ejemplos de acciones creativas y reivindicativas que se est\u00e1n llevando a cabo en distintos pa\u00edses.<\/p>\n\n\n\n<p>El proyecto consiste en la edici\u00f3n de seis diarios que se combinan entre s\u00ed para componer una muestra fotogr\u00e1fica en torno a los muros y las fronteras. Cuando se despliegan las publicaciones, por un lado se configuran seis fotograf\u00edas de grandes dimensiones y por el otro, un p\u00f3ster con ejemplos de las acciones llevadas a cabo por los colectivos de arte y activistas <a href=\"http:\/\/nomadmakers.org\/\" target=\"_blank\" rel=\"noreferrer noopener\">No Mad Makers<\/a>, <a href=\"https:\/\/pen.gg\/\" target=\"_blank\" rel=\"noreferrer noopener\">Peng!<\/a>,  <a href=\"https:\/\/en.wikipedia.org\/wiki\/Electronic_Disturbance_Theater\" target=\"_blank\" rel=\"noreferrer noopener\">The Electronic Disturbance Theatre<\/a>, <a href=\"http:\/\/www.politicalbeauty.com\/\" target=\"_blank\" rel=\"noreferrer noopener\">Center for Political Beauty<\/a>, <a href=\"http:\/\/www.dailymotion.com\/video\/xcqodo_avatar-manifestation-palestine-cont_webcam\" target=\"_blank\" rel=\"noreferrer noopener\">The Bil&#8217;in Friends of Freedom and Justice<\/a> y el Taller de Acci\u00f3n Fotogr\u00e1fica d&#8217;Enmedio.<\/p>\n\n\n\n<p>Los diarios proponen dos modos de lectura: la lineal que ofrece cualquier tabloide, y una lectura mural que pone en relaci\u00f3n diferentes aspectos del mundo-valla con las acciones que los cuestionan, as\u00ed como un ensayo escrito por el colectivo Enmedio.<\/p>\n\n\n\n<p>Los autores El Colectivo Enmedio es un grupo de profesionales de la imagen que, insatisfechos por la falta de conexiones entre el arte y la acci\u00f3n pol\u00edtica, ha decidido abandonar su terreno habitual de trabajo y situar-se Enmedio, en ning\u00fan sitio determinado y en todos a la vez. Des de aqu\u00ed exploran la potencia transformadora de las im\u00e1genes y los relatos.<\/p>\n\n\n\n<p><strong>Video promocional de la exposici\u00f3n<\/strong><\/p>\n\n\n\n<figure class=\"wp-block-embed is-type-video is-provider-youtube wp-block-embed-youtube wp-embed-aspect-16-9 wp-has-aspect-ratio\"><div class=\"wp-block-embed__wrapper\">\n<iframe title=\"V\u00eddeo promocioanl de l&#039;exposici\u00f3 &quot;M\u00f3n-tanca&quot;\" width=\"640\" height=\"360\" src=\"https:\/\/www.youtube.com\/embed\/gfclvx69Xfw?feature=oembed\" frameborder=\"0\" allow=\"accelerometer; autoplay; clipboard-write; encrypted-media; gyroscope; picture-in-picture; web-share\" referrerpolicy=\"strict-origin-when-cross-origin\" allowfullscreen><\/iframe>\n<\/div><\/figure>\n","protected":false},"featured_media":10391,"template":"","class_list":["post-10434","icip_exposition","type-icip_exposition","status-publish","has-post-thumbnail","hentry"],"acf":[],"yoast_head":"<!-- This site is optimized with the Yoast SEO plugin v25.6 - https:\/\/yoast.com\/wordpress\/plugins\/seo\/ -->\n<title>M\u00f3n-tanca - ICIP<\/title>\n<meta name=\"robots\" content=\"index, follow, max-snippet:-1, max-image-preview:large, max-video-preview:-1\" \/>\n<link rel=\"canonical\" href=\"https:\/\/www.icip.cat\/es\/exposition\/mon-tanca\/\" \/>\n<meta property=\"og:locale\" content=\"es_ES\" \/>\n<meta property=\"og:type\" content=\"article\" \/>\n<meta property=\"og:title\" content=\"M\u00f3n-tanca - ICIP\" \/>\n<meta property=\"og:description\" content=\"M\u00f3n-tanca (Mundo-valla) explora maneras de subvertir la l\u00f3gica de la separaci\u00f3n y la estigmatizaci\u00f3n con ejemplos de acciones creativas y reivindicativas que se est\u00e1n llevando a cabo en distintos pa\u00edses. El proyecto consiste en la edici\u00f3n de seis diarios que se combinan entre s\u00ed para componer una muestra fotogr\u00e1fica en torno a los muros y [&hellip;]\" \/>\n<meta property=\"og:url\" content=\"https:\/\/www.icip.cat\/es\/exposition\/mon-tanca\/\" \/>\n<meta property=\"og:site_name\" content=\"ICIP\" \/>\n<meta property=\"article:modified_time\" content=\"2024-03-20T11:52:43+00:00\" \/>\n<meta property=\"og:image\" content=\"https:\/\/www.icip.cat\/wp-content\/uploads\/2021\/01\/montanca.jpg_1772601938.jpg\" \/>\n\t<meta property=\"og:image:width\" content=\"190\" \/>\n\t<meta property=\"og:image:height\" content=\"128\" \/>\n\t<meta property=\"og:image:type\" content=\"image\/jpeg\" \/>\n<meta name=\"twitter:card\" content=\"summary_large_image\" \/>\n<meta name=\"twitter:label1\" content=\"Tiempo de lectura\" \/>\n\t<meta name=\"twitter:data1\" content=\"2 minutos\" \/>\n<script type=\"application\/ld+json\" class=\"yoast-schema-graph\">{\"@context\":\"https:\/\/schema.org\",\"@graph\":[{\"@type\":\"WebPage\",\"@id\":\"https:\/\/www.icip.cat\/es\/exposition\/mon-tanca\/\",\"url\":\"https:\/\/www.icip.cat\/es\/exposition\/mon-tanca\/\",\"name\":\"M\u00f3n-tanca - ICIP\",\"isPartOf\":{\"@id\":\"https:\/\/www.icip.cat\/ca\/#website\"},\"primaryImageOfPage\":{\"@id\":\"https:\/\/www.icip.cat\/es\/exposition\/mon-tanca\/#primaryimage\"},\"image\":{\"@id\":\"https:\/\/www.icip.cat\/es\/exposition\/mon-tanca\/#primaryimage\"},\"thumbnailUrl\":\"https:\/\/www.icip.cat\/wp-content\/uploads\/2021\/01\/montanca.jpg_1772601938.jpg\",\"datePublished\":\"2021-01-04T16:30:48+00:00\",\"dateModified\":\"2024-03-20T11:52:43+00:00\",\"inLanguage\":\"es\",\"potentialAction\":[{\"@type\":\"ReadAction\",\"target\":[\"https:\/\/www.icip.cat\/es\/exposition\/mon-tanca\/\"]}]},{\"@type\":\"ImageObject\",\"inLanguage\":\"es\",\"@id\":\"https:\/\/www.icip.cat\/es\/exposition\/mon-tanca\/#primaryimage\",\"url\":\"https:\/\/www.icip.cat\/wp-content\/uploads\/2021\/01\/montanca.jpg_1772601938.jpg\",\"contentUrl\":\"https:\/\/www.icip.cat\/wp-content\/uploads\/2021\/01\/montanca.jpg_1772601938.jpg\",\"width\":190,\"height\":128},{\"@type\":\"WebSite\",\"@id\":\"https:\/\/www.icip.cat\/ca\/#website\",\"url\":\"https:\/\/www.icip.cat\/ca\/\",\"name\":\"ICIP\",\"description\":\"\",\"publisher\":{\"@id\":\"https:\/\/www.icip.cat\/ca\/#organization\"},\"potentialAction\":[{\"@type\":\"SearchAction\",\"target\":{\"@type\":\"EntryPoint\",\"urlTemplate\":\"https:\/\/www.icip.cat\/ca\/?s={search_term_string}\"},\"query-input\":{\"@type\":\"PropertyValueSpecification\",\"valueRequired\":true,\"valueName\":\"search_term_string\"}}],\"inLanguage\":\"es\"},{\"@type\":\"Organization\",\"@id\":\"https:\/\/www.icip.cat\/ca\/#organization\",\"name\":\"ICIP\",\"url\":\"https:\/\/www.icip.cat\/ca\/\",\"logo\":{\"@type\":\"ImageObject\",\"inLanguage\":\"es\",\"@id\":\"https:\/\/www.icip.cat\/ca\/#\/schema\/logo\/image\/\",\"url\":\"https:\/\/www.icip.cat\/wp-content\/uploads\/2021\/02\/logo-2.png\",\"contentUrl\":\"https:\/\/www.icip.cat\/wp-content\/uploads\/2021\/02\/logo-2.png\",\"width\":562,\"height\":391,\"caption\":\"ICIP\"},\"image\":{\"@id\":\"https:\/\/www.icip.cat\/ca\/#\/schema\/logo\/image\/\"}}]}<\/script>\n<!-- \/ Yoast SEO plugin. -->","yoast_head_json":{"title":"M\u00f3n-tanca - ICIP","robots":{"index":"index","follow":"follow","max-snippet":"max-snippet:-1","max-image-preview":"max-image-preview:large","max-video-preview":"max-video-preview:-1"},"canonical":"https:\/\/www.icip.cat\/es\/exposition\/mon-tanca\/","og_locale":"es_ES","og_type":"article","og_title":"M\u00f3n-tanca - ICIP","og_description":"M\u00f3n-tanca (Mundo-valla) explora maneras de subvertir la l\u00f3gica de la separaci\u00f3n y la estigmatizaci\u00f3n con ejemplos de acciones creativas y reivindicativas que se est\u00e1n llevando a cabo en distintos pa\u00edses. El proyecto consiste en la edici\u00f3n de seis diarios que se combinan entre s\u00ed para componer una muestra fotogr\u00e1fica en torno a los muros y [&hellip;]","og_url":"https:\/\/www.icip.cat\/es\/exposition\/mon-tanca\/","og_site_name":"ICIP","article_modified_time":"2024-03-20T11:52:43+00:00","og_image":[{"width":190,"height":128,"url":"https:\/\/www.icip.cat\/wp-content\/uploads\/2021\/01\/montanca.jpg_1772601938.jpg","type":"image\/jpeg"}],"twitter_card":"summary_large_image","twitter_misc":{"Tiempo de lectura":"2 minutos"},"schema":{"@context":"https:\/\/schema.org","@graph":[{"@type":"WebPage","@id":"https:\/\/www.icip.cat\/es\/exposition\/mon-tanca\/","url":"https:\/\/www.icip.cat\/es\/exposition\/mon-tanca\/","name":"M\u00f3n-tanca - ICIP","isPartOf":{"@id":"https:\/\/www.icip.cat\/ca\/#website"},"primaryImageOfPage":{"@id":"https:\/\/www.icip.cat\/es\/exposition\/mon-tanca\/#primaryimage"},"image":{"@id":"https:\/\/www.icip.cat\/es\/exposition\/mon-tanca\/#primaryimage"},"thumbnailUrl":"https:\/\/www.icip.cat\/wp-content\/uploads\/2021\/01\/montanca.jpg_1772601938.jpg","datePublished":"2021-01-04T16:30:48+00:00","dateModified":"2024-03-20T11:52:43+00:00","inLanguage":"es","potentialAction":[{"@type":"ReadAction","target":["https:\/\/www.icip.cat\/es\/exposition\/mon-tanca\/"]}]},{"@type":"ImageObject","inLanguage":"es","@id":"https:\/\/www.icip.cat\/es\/exposition\/mon-tanca\/#primaryimage","url":"https:\/\/www.icip.cat\/wp-content\/uploads\/2021\/01\/montanca.jpg_1772601938.jpg","contentUrl":"https:\/\/www.icip.cat\/wp-content\/uploads\/2021\/01\/montanca.jpg_1772601938.jpg","width":190,"height":128},{"@type":"WebSite","@id":"https:\/\/www.icip.cat\/ca\/#website","url":"https:\/\/www.icip.cat\/ca\/","name":"ICIP","description":"","publisher":{"@id":"https:\/\/www.icip.cat\/ca\/#organization"},"potentialAction":[{"@type":"SearchAction","target":{"@type":"EntryPoint","urlTemplate":"https:\/\/www.icip.cat\/ca\/?s={search_term_string}"},"query-input":{"@type":"PropertyValueSpecification","valueRequired":true,"valueName":"search_term_string"}}],"inLanguage":"es"},{"@type":"Organization","@id":"https:\/\/www.icip.cat\/ca\/#organization","name":"ICIP","url":"https:\/\/www.icip.cat\/ca\/","logo":{"@type":"ImageObject","inLanguage":"es","@id":"https:\/\/www.icip.cat\/ca\/#\/schema\/logo\/image\/","url":"https:\/\/www.icip.cat\/wp-content\/uploads\/2021\/02\/logo-2.png","contentUrl":"https:\/\/www.icip.cat\/wp-content\/uploads\/2021\/02\/logo-2.png","width":562,"height":391,"caption":"ICIP"},"image":{"@id":"https:\/\/www.icip.cat\/ca\/#\/schema\/logo\/image\/"}}]}},"_links":{"self":[{"href":"https:\/\/www.icip.cat\/es\/wp-json\/wp\/v2\/icip_exposition\/10434","targetHints":{"allow":["GET"]}}],"collection":[{"href":"https:\/\/www.icip.cat\/es\/wp-json\/wp\/v2\/icip_exposition"}],"about":[{"href":"https:\/\/www.icip.cat\/es\/wp-json\/wp\/v2\/types\/icip_exposition"}],"version-history":[{"count":5,"href":"https:\/\/www.icip.cat\/es\/wp-json\/wp\/v2\/icip_exposition\/10434\/revisions"}],"predecessor-version":[{"id":44565,"href":"https:\/\/www.icip.cat\/es\/wp-json\/wp\/v2\/icip_exposition\/10434\/revisions\/44565"}],"wp:featuredmedia":[{"embeddable":true,"href":"https:\/\/www.icip.cat\/es\/wp-json\/wp\/v2\/media\/10391"}],"wp:attachment":[{"href":"https:\/\/www.icip.cat\/es\/wp-json\/wp\/v2\/media?parent=10434"}],"curies":[{"name":"wp","href":"https:\/\/api.w.org\/{rel}","templated":true}]}}