{"id":19526,"date":"2019-10-15T10:14:26","date_gmt":"2019-10-15T10:14:26","guid":{"rendered":"http:\/\/www.icip.cat\/?post_type=icip_opinion&#038;p=19526"},"modified":"2021-06-28T05:45:28","modified_gmt":"2021-06-28T05:45:28","slug":"la-gestion-del-desacuerdo","status":"publish","type":"icip_opinion","link":"https:\/\/www.icip.cat\/es\/opinion\/la-gestion-del-desacuerdo\/","title":{"rendered":"La gesti\u00f3n del desacuerdo"},"content":{"rendered":"\n<p>El conflicto de autodeterminaci\u00f3n de Catalunya est\u00e1 condenado a la cronificaci\u00f3n mientras no haya un cambio importante de actitudes y posiciones. Es una opci\u00f3n que hoy parece lejana: la confrontaci\u00f3n pol\u00edtica alimenta y se retro-alimenta de una espiral de agravios.<\/p>\n\n\n\n<p>Desde una perspectiva te\u00f3rica el marco normativo estatal podr\u00eda ajustarse para responder a las aspiraciones representadas por una mayor\u00eda del Parlament. Hay f\u00f3rmulas que permiten un debate m\u00e1s elaborado que la disyuntiva entre refer\u00e9ndum de independencia s\u00ed o no. En la pr\u00e1ctica esta opci\u00f3n parece inveros\u00edmil porque la confrontaci\u00f3n ha creado marcos mentales y emocionales muy cerrados. Hoy los adversarios se ven como enemigos, en una din\u00e1mica de confrontaci\u00f3n enfocada a la mutua des-legitimaci\u00f3n. Predomina la voluntad de vencer sobre el esfuerzo por convencer.<\/p>\n\n\n\n<p>Los conflictos de autodeterminaci\u00f3n son especialmente dif\u00edciles de tratar dado que las posturas en disputa cuestionan la identidad, la esencia de las partes en disputa. Pero tambi\u00e9n hay referentes de conflictos que han dado con una salida a trav\u00e9s del di\u00e1logo y la negociaci\u00f3n, que no necesariamente es definitiva pero que ofrece un marco temporal de convivencia social y colaboraci\u00f3n institucional, como ha pasado en Groenlandia o en Quebec.<\/p>\n\n\n\n<p>Las condiciones para un di\u00e1logo social y pol\u00edtico se pueden resumir en:<\/p>\n\n\n\n<ol class=\"wp-block-list\"><li>Reconocimiento del problema. No hay que pedir un consenso sobre las ra\u00edces del problema, ni sobre los grados de responsabilidad de los diferentes actores: empezar por aqu\u00ed llevar\u00eda a un callej\u00f3n sin salida. Pero sin un reconocimiento de la existencia de un conflicto, y de la corresponsabilidad en su resoluci\u00f3n, no se puede adelantar.<\/li><li>Acuerdo en el desacuerdo. Hay que volver a normalizar la diferencia: le gente debe poder estar de acuerdo o en desacuerdo con las aspiraciones independentistas. Tiene que poder estar de acuerdo o en desacuerdo con la sentencia del Tribunal Supremo sobre el juicio del Proceso. Y tiene que poder defender lo que piensa sin que se le cuestione la legitimidad. Hay que detener la criminalizaci\u00f3n del independentismo y la demonizaci\u00f3n de la democracia espa\u00f1ola.<\/li><li>Disposici\u00f3n a ceder. No tiene sentido entrar en un proceso de negociaci\u00f3n sin la voluntad (y capacidad) de ceder en ciertos aspectos que inicialmente parecen intocables. Nadie debe renunciar a sus principios y aspiraciones. No se trata de encontrar una soluci\u00f3n intermedia. Se trata de llegar a acuerdos transversales sobre unos mecanismos y unas nuevas reglas del juego que puedan ser aceptadas por mayor\u00edas amplias y transversales.<\/li><\/ol>\n\n\n\n<p>Aparte de estas tres condiciones elementales, los procesos de di\u00e1logo y negociaci\u00f3n necesitan:<\/p>\n\n\n\n<ul class=\"wp-block-list\"><li>Creatividad. No hay soluciones obvias o f\u00e1ciles para problemas complejos. Nadie tiene la receta de c\u00f3mo solucionar el problema. Los retos del siglo XXI exigen buscar alternativas que no tienen antecedentes.<\/li><li>Inclusi\u00f3n. El conflicto no se resolver\u00e1 s\u00f3lo con una mesa de negociaci\u00f3n entre gobiernos. Todo actor social, econ\u00f3mico y pol\u00edtico afectado tiene que poder sentirse co-part\u00edcipe de la soluci\u00f3n. Cuando mayor apropiaci\u00f3n colectiva, m\u00e1s opciones de \u00e9xito. Har\u00e1 falta pues, empezar m\u00faltiples espacios de encuentro y di\u00e1logo entre diferentes, y pensar en m\u00faltiples mesas de negociaci\u00f3n.<\/li><li>Audacia. Para tender puentes hacen falta personas dispuestas a salir de su \u00e1mbito de referencia. Es una tarea arriesgada porque puede ser recibida con desconfianza u hostilidad tanto por propios como por extra\u00f1os.<\/li><li>Dignidad. Un c\u00famulo de opiniones pol\u00edticas, sentencias judiciales y relatos de medios de comunicaci\u00f3n han sido percibidos como una humillaci\u00f3n por gran parte de la ciudadan\u00eda catalana. Por otra parte, el independentismo ha sido percibido como condescendiente y hostil por sectores de la sociedad catalana no independentista, y no ha medido los efectos en la ciudadan\u00eda espa\u00f1ola del cuestionamiento de su salud democr\u00e1tica.<\/li><\/ul>\n\n\n\n<p>El conflicto viene de antiguo y va para largo. Mientras dure debemos aprender a vivir con \u00e9l sin hacernos da\u00f1o como sociedad. Aparte de las pautas sugeridas es importante que aprendamos a tratarnos con CURA (cuidado en catal\u00e1n), en resumen: con Curiosidad por quien piensa de forma diferente; Con respecto a las personas independientemente de sus ideas, y Auto-cr\u00edtica porque nadie tiene la verdad absoluta.<\/p>\n\n\n\n<p>Los conflictos son inherentes a la naturaleza humana. Naturales, inevitables, incluso necesarios. La salud democr\u00e1tica de una sociedad y de sus instituciones se puede medir a partir de su capacidad de gestionarlos de forma constructiva. La cronificaci\u00f3n del conflicto supondr\u00eda el fracaso de la pol\u00edtica catalana y espa\u00f1ola, y nos a\u00f1adir\u00eda a la lista de pa\u00edses democr\u00e1ticos con dificultades para gestionar el desacuerdo. El reto nos apela a las personas, las entidades sociales, y a los partidos pol\u00edticos y las instituciones.<\/p>\n\n\n\n<p><strong>Kristian Herbolzheimer, director del ICIP<\/strong><\/p>\n\n\n\n<p>(Art\u00edculo publicado a <em><a href=\"https:\/\/elmondedema.cat\/es\/la-gestion-del-desacuerdo\/\" target=\"_blank\" rel=\"noreferrer noopener\">El m\u00f3n de dem\u00e0<\/a><\/em>, octubre de 2019)<\/p>\n","protected":false},"featured_media":19228,"template":"","class_list":["post-19526","icip_opinion","type-icip_opinion","status-publish","has-post-thumbnail","hentry"],"acf":[],"yoast_head":"<!-- This site is optimized with the Yoast SEO plugin v25.6 - https:\/\/yoast.com\/wordpress\/plugins\/seo\/ -->\n<title>La gesti\u00f3n del desacuerdo - ICIP<\/title>\n<meta name=\"robots\" content=\"index, follow, max-snippet:-1, max-image-preview:large, max-video-preview:-1\" \/>\n<link rel=\"canonical\" href=\"https:\/\/www.icip.cat\/es\/opinion\/la-gestion-del-desacuerdo\/\" \/>\n<meta property=\"og:locale\" content=\"es_ES\" \/>\n<meta property=\"og:type\" content=\"article\" \/>\n<meta property=\"og:title\" content=\"La gesti\u00f3n del desacuerdo - ICIP\" \/>\n<meta property=\"og:description\" content=\"El conflicto de autodeterminaci\u00f3n de Catalunya est\u00e1 condenado a la cronificaci\u00f3n mientras no haya un cambio importante de actitudes y posiciones. Es una opci\u00f3n que hoy parece lejana: la confrontaci\u00f3n pol\u00edtica alimenta y se retro-alimenta de una espiral de agravios. Desde una perspectiva te\u00f3rica el marco normativo estatal podr\u00eda ajustarse para responder a las aspiraciones [&hellip;]\" \/>\n<meta property=\"og:url\" content=\"https:\/\/www.icip.cat\/es\/opinion\/la-gestion-del-desacuerdo\/\" \/>\n<meta property=\"og:site_name\" content=\"ICIP\" \/>\n<meta property=\"article:modified_time\" content=\"2021-06-28T05:45:28+00:00\" \/>\n<meta property=\"og:image\" content=\"https:\/\/www.icip.cat\/wp-content\/uploads\/2021\/05\/EQUIPO_ICIP_Kristian-2.jpg\" \/>\n\t<meta property=\"og:image:width\" content=\"235\" \/>\n\t<meta property=\"og:image:height\" content=\"235\" \/>\n\t<meta property=\"og:image:type\" content=\"image\/jpeg\" \/>\n<meta name=\"twitter:card\" content=\"summary_large_image\" \/>\n<meta name=\"twitter:label1\" content=\"Tiempo de lectura\" \/>\n\t<meta name=\"twitter:data1\" content=\"4 minutos\" \/>\n<script type=\"application\/ld+json\" class=\"yoast-schema-graph\">{\"@context\":\"https:\/\/schema.org\",\"@graph\":[{\"@type\":\"WebPage\",\"@id\":\"https:\/\/www.icip.cat\/es\/opinion\/la-gestion-del-desacuerdo\/\",\"url\":\"https:\/\/www.icip.cat\/es\/opinion\/la-gestion-del-desacuerdo\/\",\"name\":\"La gesti\u00f3n del desacuerdo - ICIP\",\"isPartOf\":{\"@id\":\"https:\/\/www.icip.cat\/ca\/#website\"},\"primaryImageOfPage\":{\"@id\":\"https:\/\/www.icip.cat\/es\/opinion\/la-gestion-del-desacuerdo\/#primaryimage\"},\"image\":{\"@id\":\"https:\/\/www.icip.cat\/es\/opinion\/la-gestion-del-desacuerdo\/#primaryimage\"},\"thumbnailUrl\":\"https:\/\/www.icip.cat\/wp-content\/uploads\/2021\/05\/EQUIPO_ICIP_Kristian-2.jpg\",\"datePublished\":\"2019-10-15T10:14:26+00:00\",\"dateModified\":\"2021-06-28T05:45:28+00:00\",\"inLanguage\":\"es\",\"potentialAction\":[{\"@type\":\"ReadAction\",\"target\":[\"https:\/\/www.icip.cat\/es\/opinion\/la-gestion-del-desacuerdo\/\"]}]},{\"@type\":\"ImageObject\",\"inLanguage\":\"es\",\"@id\":\"https:\/\/www.icip.cat\/es\/opinion\/la-gestion-del-desacuerdo\/#primaryimage\",\"url\":\"https:\/\/www.icip.cat\/wp-content\/uploads\/2021\/05\/EQUIPO_ICIP_Kristian-2.jpg\",\"contentUrl\":\"https:\/\/www.icip.cat\/wp-content\/uploads\/2021\/05\/EQUIPO_ICIP_Kristian-2.jpg\",\"width\":235,\"height\":235},{\"@type\":\"WebSite\",\"@id\":\"https:\/\/www.icip.cat\/ca\/#website\",\"url\":\"https:\/\/www.icip.cat\/ca\/\",\"name\":\"ICIP\",\"description\":\"\",\"publisher\":{\"@id\":\"https:\/\/www.icip.cat\/ca\/#organization\"},\"potentialAction\":[{\"@type\":\"SearchAction\",\"target\":{\"@type\":\"EntryPoint\",\"urlTemplate\":\"https:\/\/www.icip.cat\/ca\/?s={search_term_string}\"},\"query-input\":{\"@type\":\"PropertyValueSpecification\",\"valueRequired\":true,\"valueName\":\"search_term_string\"}}],\"inLanguage\":\"es\"},{\"@type\":\"Organization\",\"@id\":\"https:\/\/www.icip.cat\/ca\/#organization\",\"name\":\"ICIP\",\"url\":\"https:\/\/www.icip.cat\/ca\/\",\"logo\":{\"@type\":\"ImageObject\",\"inLanguage\":\"es\",\"@id\":\"https:\/\/www.icip.cat\/ca\/#\/schema\/logo\/image\/\",\"url\":\"https:\/\/www.icip.cat\/wp-content\/uploads\/2021\/02\/logo-2.png\",\"contentUrl\":\"https:\/\/www.icip.cat\/wp-content\/uploads\/2021\/02\/logo-2.png\",\"width\":562,\"height\":391,\"caption\":\"ICIP\"},\"image\":{\"@id\":\"https:\/\/www.icip.cat\/ca\/#\/schema\/logo\/image\/\"}}]}<\/script>\n<!-- \/ Yoast SEO plugin. -->","yoast_head_json":{"title":"La gesti\u00f3n del desacuerdo - ICIP","robots":{"index":"index","follow":"follow","max-snippet":"max-snippet:-1","max-image-preview":"max-image-preview:large","max-video-preview":"max-video-preview:-1"},"canonical":"https:\/\/www.icip.cat\/es\/opinion\/la-gestion-del-desacuerdo\/","og_locale":"es_ES","og_type":"article","og_title":"La gesti\u00f3n del desacuerdo - ICIP","og_description":"El conflicto de autodeterminaci\u00f3n de Catalunya est\u00e1 condenado a la cronificaci\u00f3n mientras no haya un cambio importante de actitudes y posiciones. Es una opci\u00f3n que hoy parece lejana: la confrontaci\u00f3n pol\u00edtica alimenta y se retro-alimenta de una espiral de agravios. Desde una perspectiva te\u00f3rica el marco normativo estatal podr\u00eda ajustarse para responder a las aspiraciones [&hellip;]","og_url":"https:\/\/www.icip.cat\/es\/opinion\/la-gestion-del-desacuerdo\/","og_site_name":"ICIP","article_modified_time":"2021-06-28T05:45:28+00:00","og_image":[{"width":235,"height":235,"url":"https:\/\/www.icip.cat\/wp-content\/uploads\/2021\/05\/EQUIPO_ICIP_Kristian-2.jpg","type":"image\/jpeg"}],"twitter_card":"summary_large_image","twitter_misc":{"Tiempo de lectura":"4 minutos"},"schema":{"@context":"https:\/\/schema.org","@graph":[{"@type":"WebPage","@id":"https:\/\/www.icip.cat\/es\/opinion\/la-gestion-del-desacuerdo\/","url":"https:\/\/www.icip.cat\/es\/opinion\/la-gestion-del-desacuerdo\/","name":"La gesti\u00f3n del desacuerdo - ICIP","isPartOf":{"@id":"https:\/\/www.icip.cat\/ca\/#website"},"primaryImageOfPage":{"@id":"https:\/\/www.icip.cat\/es\/opinion\/la-gestion-del-desacuerdo\/#primaryimage"},"image":{"@id":"https:\/\/www.icip.cat\/es\/opinion\/la-gestion-del-desacuerdo\/#primaryimage"},"thumbnailUrl":"https:\/\/www.icip.cat\/wp-content\/uploads\/2021\/05\/EQUIPO_ICIP_Kristian-2.jpg","datePublished":"2019-10-15T10:14:26+00:00","dateModified":"2021-06-28T05:45:28+00:00","inLanguage":"es","potentialAction":[{"@type":"ReadAction","target":["https:\/\/www.icip.cat\/es\/opinion\/la-gestion-del-desacuerdo\/"]}]},{"@type":"ImageObject","inLanguage":"es","@id":"https:\/\/www.icip.cat\/es\/opinion\/la-gestion-del-desacuerdo\/#primaryimage","url":"https:\/\/www.icip.cat\/wp-content\/uploads\/2021\/05\/EQUIPO_ICIP_Kristian-2.jpg","contentUrl":"https:\/\/www.icip.cat\/wp-content\/uploads\/2021\/05\/EQUIPO_ICIP_Kristian-2.jpg","width":235,"height":235},{"@type":"WebSite","@id":"https:\/\/www.icip.cat\/ca\/#website","url":"https:\/\/www.icip.cat\/ca\/","name":"ICIP","description":"","publisher":{"@id":"https:\/\/www.icip.cat\/ca\/#organization"},"potentialAction":[{"@type":"SearchAction","target":{"@type":"EntryPoint","urlTemplate":"https:\/\/www.icip.cat\/ca\/?s={search_term_string}"},"query-input":{"@type":"PropertyValueSpecification","valueRequired":true,"valueName":"search_term_string"}}],"inLanguage":"es"},{"@type":"Organization","@id":"https:\/\/www.icip.cat\/ca\/#organization","name":"ICIP","url":"https:\/\/www.icip.cat\/ca\/","logo":{"@type":"ImageObject","inLanguage":"es","@id":"https:\/\/www.icip.cat\/ca\/#\/schema\/logo\/image\/","url":"https:\/\/www.icip.cat\/wp-content\/uploads\/2021\/02\/logo-2.png","contentUrl":"https:\/\/www.icip.cat\/wp-content\/uploads\/2021\/02\/logo-2.png","width":562,"height":391,"caption":"ICIP"},"image":{"@id":"https:\/\/www.icip.cat\/ca\/#\/schema\/logo\/image\/"}}]}},"_links":{"self":[{"href":"https:\/\/www.icip.cat\/es\/wp-json\/wp\/v2\/icip_opinion\/19526","targetHints":{"allow":["GET"]}}],"collection":[{"href":"https:\/\/www.icip.cat\/es\/wp-json\/wp\/v2\/icip_opinion"}],"about":[{"href":"https:\/\/www.icip.cat\/es\/wp-json\/wp\/v2\/types\/icip_opinion"}],"version-history":[{"count":5,"href":"https:\/\/www.icip.cat\/es\/wp-json\/wp\/v2\/icip_opinion\/19526\/revisions"}],"predecessor-version":[{"id":19532,"href":"https:\/\/www.icip.cat\/es\/wp-json\/wp\/v2\/icip_opinion\/19526\/revisions\/19532"}],"wp:featuredmedia":[{"embeddable":true,"href":"https:\/\/www.icip.cat\/es\/wp-json\/wp\/v2\/media\/19228"}],"wp:attachment":[{"href":"https:\/\/www.icip.cat\/es\/wp-json\/wp\/v2\/media?parent=19526"}],"curies":[{"name":"wp","href":"https:\/\/api.w.org\/{rel}","templated":true}]}}