{"id":19561,"date":"2021-03-25T10:12:00","date_gmt":"2021-03-25T10:12:00","guid":{"rendered":"http:\/\/www.icip.cat\/?post_type=icip_opinion&#038;p=19561"},"modified":"2021-06-16T10:25:21","modified_gmt":"2021-06-16T10:25:21","slug":"polarizacion-en-cataluna-motivo-de-preocupacion","status":"publish","type":"icip_opinion","link":"https:\/\/www.icip.cat\/es\/opinion\/polarizacion-en-cataluna-motivo-de-preocupacion\/","title":{"rendered":"Polarizaci\u00f3n en Catalu\u00f1a \u00bfmotivo de preocupaci\u00f3n?"},"content":{"rendered":"\n<p>En el campo de la cultura de paz es una constante explicar que el conflicto no es negativo, que es natural en las sociedades y que las dificultades afloran cuando no somos capaces de gestionar ese conflicto positivamente. La m\u00e1xima expresi\u00f3n de un conflicto mal gestionado es la aparici\u00f3n de la violencia. Pero los conflictos son fruto de las diferencias: en intereses, en ideolog\u00eda, o por cualquier otro motivo y, por lo tanto, forman parte del funcionamiento normal de cualquier sociedad compleja. Lograr gestionar siempre positivamente los conflictos es un reto, tanto individual como colectivo, que la humanidad va aprendiendo a ritmo de caracol.<\/p>\n\n\n\n<p>En el \u00e1mbito pol\u00edtico otro de los restos m\u00e1s recientes es el de ser capaces de gestionar la polarizaci\u00f3n. Estados Unidos de Am\u00e9rica, Brasil o el Reino Unido han sido ejemplos en fechas pr\u00f3ximas, aunque se trata de una realidad que se extiende por la mayor\u00eda de democracias del planeta. Pero existen diversos tipos de polarizaci\u00f3n, y conviene tenerlo en cuenta. Para tratar de ser sint\u00e9ticos nos referiremos tan s\u00f3lo a los dos m\u00e1s relevantes.<\/p>\n\n\n\n<p>Por un lado, tenemos la polarizaci\u00f3n ideol\u00f3gica, es decir, la din\u00e1mica seg\u00fan la cual partidos pol\u00edticos o ciudadanos adoptan un posicionamiento extremado respecto de determinados temas de la agenda pol\u00edtica. Este hecho tiene consecuencias para el sistema, pues puede dificultar las posibilidades de acuerdo, y derivar en otros perjuicios. Pero no necesariamente. Conviene no olvidar que ser extremado ideol\u00f3gicamente tiene mucho que ver con el contexto hist\u00f3rico, pol\u00edtico y social en el que se vive. Hubo un tiempo en que luchar por la abolici\u00f3n de la esclavitud o reclamar el sufragio femenino eran muestras de extremismo pol\u00edtico exacerbado. La consecuci\u00f3n de muchos derechos y avances sociales tienen como antecedente la lucha de personas y colectivos que fueron estigmatizados como extremados hasta lograr su \u00e9xito. La polarizaci\u00f3n ideol\u00f3gica no es necesariamente negativa, ni positiva tampoco.<\/p>\n\n\n\n<p>Por el contrario, s\u00ed que hay otro tipo de polarizaci\u00f3n que siempre resulta negativa. La polarizaci\u00f3n emocional, tambi\u00e9n llamada afectiva, o simplemente nociva, un problema que se extiende en nuestros sistemas democr\u00e1ticos. Esta polarizaci\u00f3n se da cuando sentimos desafecto (o en grado m\u00e1ximo, odio) hacia las personas con planteamientos pol\u00edticos que no son el propio. En vez de aceptar la diferencia como un s\u00edntoma de riqueza, la polarizaci\u00f3n nociva convierte al diferente en enemigo, deteriora el debate pol\u00edtico, dificulta la posibilidad de consensos y genera riesgos de fractura social. La polarizaci\u00f3n afectiva estigmatiza al rival pol\u00edtico hasta el punto de caricaturizarlo y elude completamente la autocr\u00edtica del \u00abbando propio\u00bb. Tratar de comprender las razones que llevan a otros a pensar diferente es siempre un ejercicio positivo. No resulta sencillo establecer l\u00edmites al respecto, obviamente el incumplimiento de la ley o la falta de voluntad de aceptar la legitimidad de los postulados pol\u00edticos propios son dos de ellos.<\/p>\n\n\n\n<p>Veamos un caso concreto, en Catalu\u00f1a vivimos una situaci\u00f3n de alta polarizaci\u00f3n ideol\u00f3gica. \u00bfPero se produce tambi\u00e9n una alta polarizaci\u00f3n emocional? Para analizarlo desde el ICIP (<a href=\"http:\/\/icip.gencat.cat\/es\/index.html\" target=\"_blank\" rel=\"noreferrer noopener\">Instituto Catal\u00e1n Internacional para la Paz<\/a>) hemos realizado la encuesta \u00abPolarizaci\u00f3n y Convivencia en Catalu\u00f1a\u00bb. Tanto el&nbsp;<a href=\"http:\/\/icip.gencat.cat\/web\/.content\/continguts\/publicacions\/documents_i_informes\/AltresPublicacions\/EnquestaICIP2020_cast.pdf\" target=\"_blank\" rel=\"noreferrer noopener\">resumen de los resultados<\/a>&nbsp;como el&nbsp;<a href=\"http:\/\/icip.gencat.cat\/web\/.content\/continguts\/publicacions\/documents_i_informes\/2020\/informes_2020-17_cas.pdf\" target=\"_blank\" rel=\"noreferrer noopener\">an\u00e1lisis pormenorizado<\/a>&nbsp;ofrecen se\u00f1ales de alerta y tambi\u00e9n de moderada satisfacci\u00f3n. &nbsp;&nbsp;<\/p>\n\n\n\n<p>Las valoraciones globales de la convivencia en Catalu\u00f1a son buenas, con una puntuaci\u00f3n media de 7,1 sobre 10. Aun as\u00ed, existen diferencias en la percepci\u00f3n de la convivencia entre las personas a favor y en contra de la independencia de hasta casi tres puntos dependiendo de la identidad (\u00absolo espa\u00f1ol\/a\u00bb = 4,94 y \u00absolo catal\u00e1n\/a\u00bb =7,77). &nbsp;Adem\u00e1s, en relaci\u00f3n al&nbsp;<em>proc\u00e9s,<\/em>&nbsp;un porcentaje importante de personas se han sentido muy agredidas (7 o m\u00e1s sobre 10) en entornos cercanos (10% en la familia; un 13% en el trabajo, y un 16% entre las amistades).<\/p>\n\n\n\n<p><strong>Gr\u00e1fico 1. Percepci\u00f3n de agresi\u00f3n en el entorno social<\/strong><\/p>\n\n\n\n<div class=\"wp-block-image\"><figure class=\"aligncenter size-large\"><img fetchpriority=\"high\" decoding=\"async\" width=\"1024\" height=\"685\" src=\"http:\/\/www.icip.cat\/wp-content\/uploads\/2021\/06\/grafic-1-1024x685.jpg\" alt=\"\" class=\"wp-image-19563\" srcset=\"https:\/\/www.icip.cat\/wp-content\/uploads\/2021\/06\/grafic-1-1024x685.jpg 1024w, https:\/\/www.icip.cat\/wp-content\/uploads\/2021\/06\/grafic-1-300x201.jpg 300w, https:\/\/www.icip.cat\/wp-content\/uploads\/2021\/06\/grafic-1-768x514.jpg 768w, https:\/\/www.icip.cat\/wp-content\/uploads\/2021\/06\/grafic-1.jpg 1118w\" sizes=\"(max-width: 1024px) 100vw, 1024px\" \/><figcaption>Encuesta \u201cPolarizaci\u00f3n y Convivencia en Catalu\u00f1a\u201d http:\/\/www.icip.cat\/wp-content\/uploads\/2021\/01\/informes_2020-17_cat.pdf<\/figcaption><\/figure><\/div>\n\n\n\n<p>Repasemos ahora la polarizaci\u00f3n ideol\u00f3gica. El&nbsp;<em>proc\u00e9s<\/em>&nbsp;es el tema percibido como m\u00e1s divisivo para los catalanes. En torno a este tema frecuentemente se simplifica hablando de dos bloques enfrentados pero los resultados nos muestran que en realidad existen tres grupos, casi estancos: muy a favor, muy en contra y a la misma distancia de ambos. Pero en el resto de temas los resultados presentan una sociedad dividida en diferentes grados, en diferentes cuestiones y con fidelidades cruzadas que permiten albergar las posibilidades de acuerdos. Los posicionamientos en el eje independencia\/contra la independencia no determinan la opini\u00f3n de los ciudadanos en el resto de temas de la agenda pol\u00edtica<a href=\"https:\/#_ftn1\" target=\"_blank\" rel=\"noreferrer noopener\">[1]<\/a>.<\/p>\n\n\n\n<p>En el \u00e1mbito de la polarizaci\u00f3n afectiva la encuesta identifica las emociones que nos generan aquellos que piensan diferente puntu\u00e1ndolas del 1 al 10 (siendo 1 \u00abNada\u00bb y 10 \u00abMucho\u00bb)<a href=\"https:\/#_ftn2\" target=\"_blank\" rel=\"noreferrer noopener\">[2]<\/a>. De nuevo resultados ambivalentes: por un lado, la nota m\u00e1s alta es el \u00abRespeto\u00bb: 6,1; aunque un 22% lo sit\u00faan en niveles inferiores al 5. Por otro lado, la nota m\u00e1s baja se corresponde con el \u00abDesprecio\u00bb 3,7, pero aqu\u00ed tambi\u00e9n un porcentaje relevante del 15% punt\u00faa con notas iguales al 7 o superiores.<\/p>\n\n\n\n<p><strong>Gr\u00e1fico 2. Emociones hacia los que nos sentimos diferentes<\/strong><\/p>\n\n\n\n<div class=\"wp-block-image\"><figure class=\"aligncenter size-large\"><img decoding=\"async\" width=\"1024\" height=\"559\" src=\"http:\/\/www.icip.cat\/wp-content\/uploads\/2021\/06\/grafic2-1024x559.jpg\" alt=\"\" class=\"wp-image-19566\" srcset=\"https:\/\/www.icip.cat\/wp-content\/uploads\/2021\/06\/grafic2-1024x559.jpg 1024w, https:\/\/www.icip.cat\/wp-content\/uploads\/2021\/06\/grafic2-300x164.jpg 300w, https:\/\/www.icip.cat\/wp-content\/uploads\/2021\/06\/grafic2-768x419.jpg 768w, https:\/\/www.icip.cat\/wp-content\/uploads\/2021\/06\/grafic2.jpg 1088w\" sizes=\"(max-width: 1024px) 100vw, 1024px\" \/><figcaption>Encuesta \u201cPolarizaci\u00f3n y Convivencia en Catalu\u00f1a\u201d http:\/\/www.icip.cat\/wp-content\/uploads\/2021\/01\/informes_2020-17_cat.pdf<\/figcaption><\/figure><\/div>\n\n\n\n<p>El an\u00e1lisis de los resultados revela que contar con posicionamientos extremados respecto de la agenda pol\u00edtica, incluyendo el conflicto territorial, no implica un mayor grado de polarizaci\u00f3n afectiva. No existe una relaci\u00f3n directa entre los que se sit\u00faan en los extremos ideol\u00f3gicos y quienes odian a los que opinan diferente pol\u00edticamente. As\u00ed lo muestra el trabajo pormenorizado de Berta Barbet, quien al examinar los datos afirma: \u00abLa gente que se sit\u00faa m\u00e1s en los extremos en los diferentes debates no es m\u00e1s proclive a tener emociones negativas hacia quien piensa distinto y la diferencia en las emociones positivas es muy peque\u00f1a y estad\u00edsticamente insignificante, por lo tanto, probablemente inexistente\u00bb (Barbet, 2020).&nbsp;<\/p>\n\n\n\n<p>Sin embargo, s\u00ed se detecta correlaci\u00f3n entre las personas m\u00e1s polarizadas emocionalmente y quienes perciben que su forma de vida o cultura est\u00e1n amenazadas. Las posibilidades de que una persona tenga sentimientos negativos hacia quien piensa diferente es m\u00e1s del doble si percibe que su modo de vida est\u00e1 en peligro. Entender el origen de esos temores, y tratar de revertirlos, puede ser una senda m\u00e1s prometedora para reducir la polarizaci\u00f3n afectiva que alarmarse por la existencia de posicionamientos pol\u00edticos extremos.&nbsp;<\/p>\n\n\n\n<p><strong>Gr\u00e1fico 3. Emociones negativas hacia quien piensa distinto seg\u00fan sensaci\u00f3n de amenaza cultura (1, m\u00ednima sensaci\u00f3n de amenaza, 10 m\u00e1xima sensaci\u00f3n de amenaza)<\/strong><\/p>\n\n\n\n<div class=\"wp-block-image\"><figure class=\"aligncenter size-large\"><img decoding=\"async\" width=\"880\" height=\"495\" src=\"http:\/\/www.icip.cat\/wp-content\/uploads\/2021\/06\/grafic3.jpg\" alt=\"\" class=\"wp-image-19569\" srcset=\"https:\/\/www.icip.cat\/wp-content\/uploads\/2021\/06\/grafic3.jpg 880w, https:\/\/www.icip.cat\/wp-content\/uploads\/2021\/06\/grafic3-300x169.jpg 300w, https:\/\/www.icip.cat\/wp-content\/uploads\/2021\/06\/grafic3-768x432.jpg 768w\" sizes=\"(max-width: 880px) 100vw, 880px\" \/><figcaption>Encuesta \u201cPolarizaci\u00f3n y Convivencia en Catalu\u00f1a\u201d http:\/\/www.icip.cat\/wp-content\/uploads\/2021\/01\/informes_2020-17_cat.pdf<\/figcaption><\/figure><\/div>\n\n\n\n<p>Para concluir, estudios cient\u00edficos recientes muestran que en los momentos electorales el grado de polarizaci\u00f3n afectiva aumenta (Hern\u00e1ndez, Anduiza y Rico 2020). Pero hasta ahora estamos mucho m\u00e1s dotados para identificarla que para revertirla. Por eso es importante que profundicemos nuestro conocimiento acerca de ella. Para tratar de hacerle frente, los resultados de la encuesta realizada y la experiencia de organizaciones como&nbsp;<a href=\"https:\/\/braverangels.org\/\" target=\"_blank\" rel=\"noreferrer noopener\">Braver Angels<\/a>&nbsp;en Estados Unidos, o&nbsp;<a href=\"https:\/\/www.moreincommon.com\/\" target=\"_blank\" rel=\"noreferrer noopener\">More in Common<\/a>, &nbsp;sugieren que debemos fomentar tres actitudes:<\/p>\n\n\n\n<p>&#8211;&nbsp;Aumentar la curiosidad por las opiniones pol\u00edticas diferentes. Renunciar la caricaturizaci\u00f3n del oponente pol\u00edtico y esforzarnos por comprender sus \u00abporqu\u00e9s\u00bb<\/p>\n\n\n\n<p>&#8211;&nbsp;&nbsp;Mantener el respeto hacia las personas, independientemente de las opiniones que sustenten. &nbsp;<\/p>\n\n\n\n<p>&#8211;&nbsp;&nbsp;Ser capaces de realizar autocr\u00edticas de los posicionamientos propios, pues ninguno puede aspirar a estar en posesi\u00f3n de una verdad absoluta.&nbsp;<\/p>\n\n\n\n<p>Nuestra salud democr\u00e1tica depende en buena medida de ello, la nuestra y la del resto de pa\u00edses de nuestro entorno. La suerte (y a la vez desgracia) es que no estamos solos en este viaje.<\/p>\n\n\n\n<p><strong>Pablo Aguiar, coordinador del \u00e1rea de trabajo del ICIP \u00abDi\u00e1logo social y pol\u00edtico\u00bb<\/strong><\/p>\n\n\n\n<p>(Art\u00edculo publicado en el blog <em><a href=\"https:\/\/www.eldiario.es\/piedrasdepapel\/polarizacion-cataluna-motivo-preocupacion_132_7341879.html\">Piedras de Papel<\/a><\/em>, ElDiario.es. Marzo 2021)<\/p>\n","protected":false},"featured_media":19578,"template":"","class_list":["post-19561","icip_opinion","type-icip_opinion","status-publish","has-post-thumbnail","hentry"],"acf":[],"yoast_head":"<!-- This site is optimized with the Yoast SEO plugin v25.6 - https:\/\/yoast.com\/wordpress\/plugins\/seo\/ -->\n<title>Polarizaci\u00f3n en Catalu\u00f1a \u00bfmotivo de preocupaci\u00f3n? - ICIP<\/title>\n<meta name=\"robots\" content=\"index, follow, max-snippet:-1, max-image-preview:large, max-video-preview:-1\" \/>\n<link rel=\"canonical\" href=\"https:\/\/www.icip.cat\/es\/opinion\/polarizacion-en-cataluna-motivo-de-preocupacion\/\" \/>\n<meta property=\"og:locale\" content=\"es_ES\" \/>\n<meta property=\"og:type\" content=\"article\" \/>\n<meta property=\"og:title\" content=\"Polarizaci\u00f3n en Catalu\u00f1a \u00bfmotivo de preocupaci\u00f3n? - ICIP\" \/>\n<meta property=\"og:description\" content=\"En el campo de la cultura de paz es una constante explicar que el conflicto no es negativo, que es natural en las sociedades y que las dificultades afloran cuando no somos capaces de gestionar ese conflicto positivamente. La m\u00e1xima expresi\u00f3n de un conflicto mal gestionado es la aparici\u00f3n de la violencia. Pero los conflictos [&hellip;]\" \/>\n<meta property=\"og:url\" content=\"https:\/\/www.icip.cat\/es\/opinion\/polarizacion-en-cataluna-motivo-de-preocupacion\/\" \/>\n<meta property=\"og:site_name\" content=\"ICIP\" \/>\n<meta property=\"article:modified_time\" content=\"2021-06-16T10:25:21+00:00\" \/>\n<meta property=\"og:image\" content=\"https:\/\/www.icip.cat\/wp-content\/uploads\/2021\/03\/pabloaweb-1.png\" \/>\n\t<meta property=\"og:image:width\" content=\"238\" \/>\n\t<meta property=\"og:image:height\" content=\"189\" \/>\n\t<meta property=\"og:image:type\" content=\"image\/png\" \/>\n<meta name=\"twitter:card\" content=\"summary_large_image\" \/>\n<meta name=\"twitter:label1\" content=\"Tiempo de lectura\" \/>\n\t<meta name=\"twitter:data1\" content=\"7 minutos\" \/>\n<script type=\"application\/ld+json\" class=\"yoast-schema-graph\">{\"@context\":\"https:\/\/schema.org\",\"@graph\":[{\"@type\":\"WebPage\",\"@id\":\"https:\/\/www.icip.cat\/es\/opinion\/polarizacion-en-cataluna-motivo-de-preocupacion\/\",\"url\":\"https:\/\/www.icip.cat\/es\/opinion\/polarizacion-en-cataluna-motivo-de-preocupacion\/\",\"name\":\"Polarizaci\u00f3n en Catalu\u00f1a \u00bfmotivo de preocupaci\u00f3n? - ICIP\",\"isPartOf\":{\"@id\":\"https:\/\/www.icip.cat\/ca\/#website\"},\"primaryImageOfPage\":{\"@id\":\"https:\/\/www.icip.cat\/es\/opinion\/polarizacion-en-cataluna-motivo-de-preocupacion\/#primaryimage\"},\"image\":{\"@id\":\"https:\/\/www.icip.cat\/es\/opinion\/polarizacion-en-cataluna-motivo-de-preocupacion\/#primaryimage\"},\"thumbnailUrl\":\"https:\/\/www.icip.cat\/wp-content\/uploads\/2021\/03\/pabloaweb-1.png\",\"datePublished\":\"2021-03-25T10:12:00+00:00\",\"dateModified\":\"2021-06-16T10:25:21+00:00\",\"inLanguage\":\"es\",\"potentialAction\":[{\"@type\":\"ReadAction\",\"target\":[\"https:\/\/www.icip.cat\/es\/opinion\/polarizacion-en-cataluna-motivo-de-preocupacion\/\"]}]},{\"@type\":\"ImageObject\",\"inLanguage\":\"es\",\"@id\":\"https:\/\/www.icip.cat\/es\/opinion\/polarizacion-en-cataluna-motivo-de-preocupacion\/#primaryimage\",\"url\":\"https:\/\/www.icip.cat\/wp-content\/uploads\/2021\/03\/pabloaweb-1.png\",\"contentUrl\":\"https:\/\/www.icip.cat\/wp-content\/uploads\/2021\/03\/pabloaweb-1.png\",\"width\":238,\"height\":189},{\"@type\":\"WebSite\",\"@id\":\"https:\/\/www.icip.cat\/ca\/#website\",\"url\":\"https:\/\/www.icip.cat\/ca\/\",\"name\":\"ICIP\",\"description\":\"\",\"publisher\":{\"@id\":\"https:\/\/www.icip.cat\/ca\/#organization\"},\"potentialAction\":[{\"@type\":\"SearchAction\",\"target\":{\"@type\":\"EntryPoint\",\"urlTemplate\":\"https:\/\/www.icip.cat\/ca\/?s={search_term_string}\"},\"query-input\":{\"@type\":\"PropertyValueSpecification\",\"valueRequired\":true,\"valueName\":\"search_term_string\"}}],\"inLanguage\":\"es\"},{\"@type\":\"Organization\",\"@id\":\"https:\/\/www.icip.cat\/ca\/#organization\",\"name\":\"ICIP\",\"url\":\"https:\/\/www.icip.cat\/ca\/\",\"logo\":{\"@type\":\"ImageObject\",\"inLanguage\":\"es\",\"@id\":\"https:\/\/www.icip.cat\/ca\/#\/schema\/logo\/image\/\",\"url\":\"https:\/\/www.icip.cat\/wp-content\/uploads\/2021\/02\/logo-2.png\",\"contentUrl\":\"https:\/\/www.icip.cat\/wp-content\/uploads\/2021\/02\/logo-2.png\",\"width\":562,\"height\":391,\"caption\":\"ICIP\"},\"image\":{\"@id\":\"https:\/\/www.icip.cat\/ca\/#\/schema\/logo\/image\/\"}}]}<\/script>\n<!-- \/ Yoast SEO plugin. -->","yoast_head_json":{"title":"Polarizaci\u00f3n en Catalu\u00f1a \u00bfmotivo de preocupaci\u00f3n? - ICIP","robots":{"index":"index","follow":"follow","max-snippet":"max-snippet:-1","max-image-preview":"max-image-preview:large","max-video-preview":"max-video-preview:-1"},"canonical":"https:\/\/www.icip.cat\/es\/opinion\/polarizacion-en-cataluna-motivo-de-preocupacion\/","og_locale":"es_ES","og_type":"article","og_title":"Polarizaci\u00f3n en Catalu\u00f1a \u00bfmotivo de preocupaci\u00f3n? - ICIP","og_description":"En el campo de la cultura de paz es una constante explicar que el conflicto no es negativo, que es natural en las sociedades y que las dificultades afloran cuando no somos capaces de gestionar ese conflicto positivamente. La m\u00e1xima expresi\u00f3n de un conflicto mal gestionado es la aparici\u00f3n de la violencia. Pero los conflictos [&hellip;]","og_url":"https:\/\/www.icip.cat\/es\/opinion\/polarizacion-en-cataluna-motivo-de-preocupacion\/","og_site_name":"ICIP","article_modified_time":"2021-06-16T10:25:21+00:00","og_image":[{"width":238,"height":189,"url":"https:\/\/www.icip.cat\/wp-content\/uploads\/2021\/03\/pabloaweb-1.png","type":"image\/png"}],"twitter_card":"summary_large_image","twitter_misc":{"Tiempo de lectura":"7 minutos"},"schema":{"@context":"https:\/\/schema.org","@graph":[{"@type":"WebPage","@id":"https:\/\/www.icip.cat\/es\/opinion\/polarizacion-en-cataluna-motivo-de-preocupacion\/","url":"https:\/\/www.icip.cat\/es\/opinion\/polarizacion-en-cataluna-motivo-de-preocupacion\/","name":"Polarizaci\u00f3n en Catalu\u00f1a \u00bfmotivo de preocupaci\u00f3n? - ICIP","isPartOf":{"@id":"https:\/\/www.icip.cat\/ca\/#website"},"primaryImageOfPage":{"@id":"https:\/\/www.icip.cat\/es\/opinion\/polarizacion-en-cataluna-motivo-de-preocupacion\/#primaryimage"},"image":{"@id":"https:\/\/www.icip.cat\/es\/opinion\/polarizacion-en-cataluna-motivo-de-preocupacion\/#primaryimage"},"thumbnailUrl":"https:\/\/www.icip.cat\/wp-content\/uploads\/2021\/03\/pabloaweb-1.png","datePublished":"2021-03-25T10:12:00+00:00","dateModified":"2021-06-16T10:25:21+00:00","inLanguage":"es","potentialAction":[{"@type":"ReadAction","target":["https:\/\/www.icip.cat\/es\/opinion\/polarizacion-en-cataluna-motivo-de-preocupacion\/"]}]},{"@type":"ImageObject","inLanguage":"es","@id":"https:\/\/www.icip.cat\/es\/opinion\/polarizacion-en-cataluna-motivo-de-preocupacion\/#primaryimage","url":"https:\/\/www.icip.cat\/wp-content\/uploads\/2021\/03\/pabloaweb-1.png","contentUrl":"https:\/\/www.icip.cat\/wp-content\/uploads\/2021\/03\/pabloaweb-1.png","width":238,"height":189},{"@type":"WebSite","@id":"https:\/\/www.icip.cat\/ca\/#website","url":"https:\/\/www.icip.cat\/ca\/","name":"ICIP","description":"","publisher":{"@id":"https:\/\/www.icip.cat\/ca\/#organization"},"potentialAction":[{"@type":"SearchAction","target":{"@type":"EntryPoint","urlTemplate":"https:\/\/www.icip.cat\/ca\/?s={search_term_string}"},"query-input":{"@type":"PropertyValueSpecification","valueRequired":true,"valueName":"search_term_string"}}],"inLanguage":"es"},{"@type":"Organization","@id":"https:\/\/www.icip.cat\/ca\/#organization","name":"ICIP","url":"https:\/\/www.icip.cat\/ca\/","logo":{"@type":"ImageObject","inLanguage":"es","@id":"https:\/\/www.icip.cat\/ca\/#\/schema\/logo\/image\/","url":"https:\/\/www.icip.cat\/wp-content\/uploads\/2021\/02\/logo-2.png","contentUrl":"https:\/\/www.icip.cat\/wp-content\/uploads\/2021\/02\/logo-2.png","width":562,"height":391,"caption":"ICIP"},"image":{"@id":"https:\/\/www.icip.cat\/ca\/#\/schema\/logo\/image\/"}}]}},"_links":{"self":[{"href":"https:\/\/www.icip.cat\/es\/wp-json\/wp\/v2\/icip_opinion\/19561","targetHints":{"allow":["GET"]}}],"collection":[{"href":"https:\/\/www.icip.cat\/es\/wp-json\/wp\/v2\/icip_opinion"}],"about":[{"href":"https:\/\/www.icip.cat\/es\/wp-json\/wp\/v2\/types\/icip_opinion"}],"version-history":[{"count":4,"href":"https:\/\/www.icip.cat\/es\/wp-json\/wp\/v2\/icip_opinion\/19561\/revisions"}],"predecessor-version":[{"id":19581,"href":"https:\/\/www.icip.cat\/es\/wp-json\/wp\/v2\/icip_opinion\/19561\/revisions\/19581"}],"wp:featuredmedia":[{"embeddable":true,"href":"https:\/\/www.icip.cat\/es\/wp-json\/wp\/v2\/media\/19578"}],"wp:attachment":[{"href":"https:\/\/www.icip.cat\/es\/wp-json\/wp\/v2\/media?parent=19561"}],"curies":[{"name":"wp","href":"https:\/\/api.w.org\/{rel}","templated":true}]}}