{"id":33270,"date":"2022-10-28T08:02:26","date_gmt":"2022-10-28T08:02:26","guid":{"rendered":"https:\/\/www.icip.cat\/opinion\/dones-a-la-diaspora-amb-veu-propia\/"},"modified":"2022-11-02T14:08:36","modified_gmt":"2022-11-02T14:08:36","slug":"mujeres-en-la-diaspora-con-voz-propia","status":"publish","type":"icip_opinion","link":"https:\/\/www.icip.cat\/es\/opinion\/mujeres-en-la-diaspora-con-voz-propia\/","title":{"rendered":"Mujeres en la di\u00e1spora con voz propia"},"content":{"rendered":"\n<p>\u201cVa llorando un r\u00edo<br>va llorando un r\u00edo que antes se o\u00eda cantar<br>Lleva muerte lleva olvido, quien lo escuchar\u00e1<\/p>\n\n\n\n<p>Me voy dejando a los m\u00edos<br>me voy quebrada por dentro<br>me voy, siempre sintiendo que mi fuerza crecer\u00e1<br>que mi fuerza crecer\u00e1 como crece el r\u00edo\u201d<br><\/p>\n\n\n\n<p><em>Surcos de amor<\/em>, de Marta G\u00f3mez<\/p>\n\n\n\n<p>El n\u00famero de personas que actualmente tienen que salir de su pa\u00eds a causa de las amenazas contra su vida no tiene precedentes desde la Segunda Guerra Mundial. En la \u00faltima d\u00e9cada ha habido un crecimiento constante de migraci\u00f3n forzada derivada de conflictos armados, violencia extrema, inestabilidad y represi\u00f3n pol\u00edtica<a href=\"#_ftn1\" id=\"_ftnref1\">[1]<\/a>. En el 2021, hab\u00eda 27,1 millones de personas refugiadas en el mundo (m\u00e1s del doble de los 10,5 millones que hace una d\u00e9cada estaban bajo el mandato de Naciones <a href=\"#_ftn2\" id=\"_ftnref2\">[2]<\/a>Unidas). Y esta cifra no recoge a muchas personas que no solicitan protecci\u00f3n internacional y, estad\u00edsticamente, se contabilizan como migrantes.<\/p>\n\n\n\n<p><strong>El impacto de las migraciones forzadas, es m\u00faltiple<\/strong>: la victimizaci\u00f3n que ha tenido lugar en el pa\u00eds de origen, las dificultades de aceptaci\u00f3n y de adaptaci\u00f3n al pa\u00eds receptor, hecho que se suma a la invisibilizaci\u00f3n y la falta de reconocimiento que tienen las personas a la di\u00e1spora, migradas y refugiadas, al suyos pa\u00edses de origen. Estos impactos se agravan en el caso de personas con una trayectoria de compromiso social y pol\u00edtico, que con el exilio pierden su capacidad de incidencia y trabajo para reforzar la democracia y la justicia social.<\/p>\n\n\n\n<p>En el caso de las mujeres, esta doble identificaci\u00f3n como mujeres y como personas migrantes, hace que se perciban socialmente, e incluso pol\u00edticamente, como v\u00edctimas sin agencia. Ante este discurso,<strong> las mujeres se deben reconocer como agentes de cambio y sujetos de derecho, con voz propia y liderazgo.<\/strong> Hay innumerables ejemplos de mujeres que han sabido posicionarse a pesar del contexto desfavorable, y lo han hecho a menudo mediante el arte como herramienta que permite favorecer el di\u00e1logo, generar procesos de transformaci\u00f3n personal y colectiva, a la vez que facilita la divulgaci\u00f3n y sensibilizaci\u00f3n de situaciones y contextos conmovedores e impactantes, en ocasiones complejos, y de los que surgen iniciativas de resiliencia y resistencia.<\/p>\n\n\n\n<p>Encontramos experiencias, por ejemplo, en Colombia, Siria y Ucrania. Tres contextos diversos:<strong> Colombia<\/strong>, un pa\u00eds en que 60 a\u00f1os de conflicto armado han provocado m\u00e1s de un mill\u00f3n de personas exiliadas<a id=\"_ftnref3\" href=\"#_ftn3\">[3]<\/a>; <strong>Siria<\/strong>, diez a\u00f1os despu\u00e9s del inicio de la revoluci\u00f3n y de la guerra civil, es el pa\u00eds con m\u00e1s refugiados a nivel mundial, con casi 7 millones de personas en 2021<a id=\"_ftnref4\" href=\"#_ftn4\">[4]<\/a>; y por \u00faltimo, el caso m\u00e1s reciente de <strong>Ucrania <\/strong>donde 7,7 millones de personas<a id=\"_ftnref5\" href=\"#_ftn5\">[5]<\/a> han abandonado el pa\u00eds desde el inicio de la invasi\u00f3n rusa, principalmente mujeres y ni\u00f1os.<\/p>\n\n\n\n<p>De estos tres contextos pudimos conocer experiencias concretas el pasado 20 de octubre en el acto \u00ab<a href=\"https:\/\/www.icip.cat\/ca\/event\/dones-a-la-diaspora-el-poder-de-lart-en-la-construccio-de-pau\/\">Mujeres a la di\u00e1spora: el poder del arte en la construcci\u00f3n de paz<\/a>\u00ab, organizado por el ICIP dentro de la programaci\u00f3n de la Bienal de Pensamiento de Barcelona, y que cont\u00f3 con la participaci\u00f3n de Mar\u00eda del Rosario V\u00e0squez (Colombia), Lina Al (Siria) y Anna Slizinova (Ucrania).<\/p>\n\n\n\n<p><strong>El arte como constructor de paz en Colombia, Siria y Ucrania<\/strong><\/p>\n\n\n\n<p>En Colombia, la existencia de una di\u00e1spora y exilio organizados durante d\u00e9cadas ha permitido posicionar las demandas y propuestas de la llamada \u201cColombia fuera de Colombia\u201d, durante diferentes momentos del proceso de paz que vive el pa\u00eds. Por ejemplo, la Comisi\u00f3n de la Verdad de Colombia, <a href=\"https:\/\/www.icip.cat\/es\/cevcolombia\/\" target=\"_blank\" rel=\"noreferrer noopener\">con el apoyo del ICIP en Europa<\/a>, ha sido la primera en la historia en promover y garantizar la participaci\u00f3n de las v\u00edctimas y la poblaci\u00f3n colombiana en el exterior. En este proceso de construcci\u00f3n de una memoria polif\u00f3nica, herramientas art\u00edsticas como el teatro, la m\u00fasica o la escritura han sido instrumentos centrales para la sanaci\u00f3 individual y colectiva y para explicar la historia del conflicto con lenguajes diversos.<\/p>\n\n\n\n<p>La di\u00e1spora tambi\u00e9n ha tenido un rol central en la movilizaci\u00f3n y organizaci\u00f3n de la sociedad civil siria. Desde antes del inicio del estallido de la guerra civil en 2011 y hasta la actualidad, la di\u00e1spora siria ha actuado de apoyo y de altavoz para las iniciativas de construcci\u00f3n de paz y defensa de derechos humanos liderando la creaci\u00f3n y el establecimiento de organizaciones en el exterior. Esta sociedad civil organizada en la di\u00e1spora ha facilitado, por ejemplo, el proceso de documentaci\u00f3n y denuncia de lo que ha pasado y pasa en el pa\u00eds. Adem\u00e1s, ante un conflicto complejo, en qu\u00e9 durante a\u00f1os se ha difundido mucha informaci\u00f3n sin contar con todo el contexto necesario, las personas sirias migradas y refugiadas por todo el mundo han utilizado el cine documental, la pintura o la escultura para explicar el conflicto de una manera m\u00e1s integral, desde una \u00f3ptica diferente y que permite interpelar directamente a las personas espectadoras<\/p>\n\n\n\n<p>En el caso de Ucrania, a partir de la invasi\u00f3n rusa del pasado 24 de febrero, la poblaci\u00f3n en el exterior tuvo que organizarse y dar respuesta r\u00e1pidamente haci\u00e9ndose constantemente la pregunta \u201c\u00bfQu\u00e9 m\u00e1s podemos hacer\u201d? De maner voluntaria,se crearon redes centradas en movilizar ayuda humanitaria y acoger a las personas refugiadas. La m\u00fasica y los conciertos solidarios son una herramienta esencial para recaudar fondos para estas tareas, as\u00ed como para dar a conocer y difundir la situaci\u00f3n que est\u00e1 viviendo el pa\u00eds. Al mismo tiempo, en estos espacios se han generado sinergias y trabajo conjunto entre personas de origen ucraniano y ruso contrarias a la invasi\u00f3n.<\/p>\n\n\n\n<p>Ejemplos como estos nos demuestran que tenemos ante nosotras <strong>la oportunidad de reconocer el potencial y aportaciones de las di\u00e1sporas en la construcci\u00f3n de procesos de paz inclusivos y participativos<\/strong>, as\u00ed como de visibilizar y dar apoyo a iniciativas innovadoras de transformaci\u00f3n social y pol\u00edtica. Aprovech\u00e9mosla.<\/p>\n\n\n\n<hr class=\"wp-block-separator\"\/>\n\n\n\n<p><a id=\"_ftn1\" href=\"#_ftnref1\">[1]<\/a> Miralles, Nora (2021). <em><a href=\"https:\/\/www.icip.cat\/wp-content\/uploads\/2021\/10\/informe19_CAS_1410.pdf\" target=\"_blank\" rel=\"noreferrer noopener\">Mujeres y construcci\u00f3n de paz desde la di\u00e1spora y el exilio en Europa<\/a><\/em>. Instituto Catal\u00e1n Internacional para la Paz.<\/p>\n\n\n\n<p><a id=\"_ftn2\" href=\"#_ftnref2\">[2]<\/a> UNHCR (2022). <em><a href=\"https:\/\/www.unhcr.org\/publications\/brochures\/62a9d1494\/global-trends-report-2021.html\" target=\"_blank\" rel=\"noreferrer noopener\">Global Trends. Forced Displacement in 2021<\/a>. <\/em><\/p>\n\n\n\n<p><a id=\"_ftn3\" href=\"#_ftnref3\">[3]<\/a> Comisi\u00f3n para el Esclarecimiento de la Verdad, la Convivencia y la No Repetici\u00f3n (2022). \u201c<a href=\"https:\/\/www.comisiondelaverdad.co\/hay-futuro-si-hay-verdad\" target=\"_blank\" rel=\"noreferrer noopener\">La Colombia fuera de Colombia. La verdad del exilio<\/a>\u201d en <em>Hay futuro si hay verdad. Informe Final<\/em>. <\/p>\n\n\n\n<p><a href=\"#_ftnref4\" id=\"_ftn4\">[4]<\/a> UNHCR (2022)<\/p>\n\n\n\n<p><a id=\"_ftn5\" href=\"#_ftnref5\">[5]<\/a> UNHCR. <em><a href=\"https:\/\/reporting.unhcr.org\/ukraine-situation\" target=\"_blank\" rel=\"noreferrer noopener\">Ukraine situation<\/a><\/em>. Recuperado el 25 de octubre de 2022<\/p>\n\n\n\n<p><strong>S\u00edlvia Plana Subirana<\/strong>, \u00e1rea \u00ab<a href=\"https:\/\/www.icip.cat\/es\/memoria-convivencia-y-reconciliacion\/\" target=\"_blank\" rel=\"noreferrer noopener\">Memoria, convivencia y reconciliaci\u00f3n<\/a>\u00bb del ICIP.<\/p>\n","protected":false},"featured_media":33251,"template":"","class_list":["post-33270","icip_opinion","type-icip_opinion","status-publish","has-post-thumbnail","hentry"],"acf":[],"yoast_head":"<!-- This site is optimized with the Yoast SEO plugin v25.6 - https:\/\/yoast.com\/wordpress\/plugins\/seo\/ -->\n<title>Mujeres en la di\u00e1spora con voz propia - ICIP<\/title>\n<meta name=\"description\" content=\"Tenemos la oportunidad de reconocer las aportaciones de las di\u00e1sporas en la construcci\u00f3n de procesos de paz inclusivos y participativos,\" \/>\n<meta name=\"robots\" content=\"index, follow, max-snippet:-1, max-image-preview:large, max-video-preview:-1\" \/>\n<link rel=\"canonical\" href=\"https:\/\/www.icip.cat\/es\/opinion\/mujeres-en-la-diaspora-con-voz-propia\/\" \/>\n<meta property=\"og:locale\" content=\"es_ES\" \/>\n<meta property=\"og:type\" content=\"article\" \/>\n<meta property=\"og:title\" content=\"Mujeres en la di\u00e1spora con voz propia - ICIP\" \/>\n<meta property=\"og:description\" content=\"Tenemos la oportunidad de reconocer las aportaciones de las di\u00e1sporas en la construcci\u00f3n de procesos de paz inclusivos y participativos,\" \/>\n<meta property=\"og:url\" content=\"https:\/\/www.icip.cat\/es\/opinion\/mujeres-en-la-diaspora-con-voz-propia\/\" \/>\n<meta property=\"og:site_name\" content=\"ICIP\" \/>\n<meta property=\"article:modified_time\" content=\"2022-11-02T14:08:36+00:00\" \/>\n<meta property=\"og:image\" content=\"https:\/\/www.icip.cat\/wp-content\/uploads\/2022\/10\/silvia.png\" \/>\n\t<meta property=\"og:image:width\" content=\"298\" \/>\n\t<meta property=\"og:image:height\" content=\"298\" \/>\n\t<meta property=\"og:image:type\" content=\"image\/png\" \/>\n<meta name=\"twitter:card\" content=\"summary_large_image\" \/>\n<meta name=\"twitter:label1\" content=\"Tiempo de lectura\" \/>\n\t<meta name=\"twitter:data1\" content=\"6 minutos\" \/>\n<script type=\"application\/ld+json\" class=\"yoast-schema-graph\">{\"@context\":\"https:\/\/schema.org\",\"@graph\":[{\"@type\":\"WebPage\",\"@id\":\"https:\/\/www.icip.cat\/es\/opinion\/mujeres-en-la-diaspora-con-voz-propia\/\",\"url\":\"https:\/\/www.icip.cat\/es\/opinion\/mujeres-en-la-diaspora-con-voz-propia\/\",\"name\":\"Mujeres en la di\u00e1spora con voz propia - ICIP\",\"isPartOf\":{\"@id\":\"https:\/\/www.icip.cat\/ca\/#website\"},\"primaryImageOfPage\":{\"@id\":\"https:\/\/www.icip.cat\/es\/opinion\/mujeres-en-la-diaspora-con-voz-propia\/#primaryimage\"},\"image\":{\"@id\":\"https:\/\/www.icip.cat\/es\/opinion\/mujeres-en-la-diaspora-con-voz-propia\/#primaryimage\"},\"thumbnailUrl\":\"https:\/\/www.icip.cat\/wp-content\/uploads\/2022\/10\/silvia.png\",\"datePublished\":\"2022-10-28T08:02:26+00:00\",\"dateModified\":\"2022-11-02T14:08:36+00:00\",\"description\":\"Tenemos la oportunidad de reconocer las aportaciones de las di\u00e1sporas en la construcci\u00f3n de procesos de paz inclusivos y participativos,\",\"inLanguage\":\"es\",\"potentialAction\":[{\"@type\":\"ReadAction\",\"target\":[\"https:\/\/www.icip.cat\/es\/opinion\/mujeres-en-la-diaspora-con-voz-propia\/\"]}]},{\"@type\":\"ImageObject\",\"inLanguage\":\"es\",\"@id\":\"https:\/\/www.icip.cat\/es\/opinion\/mujeres-en-la-diaspora-con-voz-propia\/#primaryimage\",\"url\":\"https:\/\/www.icip.cat\/wp-content\/uploads\/2022\/10\/silvia.png\",\"contentUrl\":\"https:\/\/www.icip.cat\/wp-content\/uploads\/2022\/10\/silvia.png\",\"width\":298,\"height\":298},{\"@type\":\"WebSite\",\"@id\":\"https:\/\/www.icip.cat\/ca\/#website\",\"url\":\"https:\/\/www.icip.cat\/ca\/\",\"name\":\"ICIP\",\"description\":\"\",\"publisher\":{\"@id\":\"https:\/\/www.icip.cat\/ca\/#organization\"},\"potentialAction\":[{\"@type\":\"SearchAction\",\"target\":{\"@type\":\"EntryPoint\",\"urlTemplate\":\"https:\/\/www.icip.cat\/ca\/?s={search_term_string}\"},\"query-input\":{\"@type\":\"PropertyValueSpecification\",\"valueRequired\":true,\"valueName\":\"search_term_string\"}}],\"inLanguage\":\"es\"},{\"@type\":\"Organization\",\"@id\":\"https:\/\/www.icip.cat\/ca\/#organization\",\"name\":\"ICIP\",\"url\":\"https:\/\/www.icip.cat\/ca\/\",\"logo\":{\"@type\":\"ImageObject\",\"inLanguage\":\"es\",\"@id\":\"https:\/\/www.icip.cat\/ca\/#\/schema\/logo\/image\/\",\"url\":\"https:\/\/www.icip.cat\/wp-content\/uploads\/2021\/02\/logo-2.png\",\"contentUrl\":\"https:\/\/www.icip.cat\/wp-content\/uploads\/2021\/02\/logo-2.png\",\"width\":562,\"height\":391,\"caption\":\"ICIP\"},\"image\":{\"@id\":\"https:\/\/www.icip.cat\/ca\/#\/schema\/logo\/image\/\"}}]}<\/script>\n<!-- \/ Yoast SEO plugin. -->","yoast_head_json":{"title":"Mujeres en la di\u00e1spora con voz propia - ICIP","description":"Tenemos la oportunidad de reconocer las aportaciones de las di\u00e1sporas en la construcci\u00f3n de procesos de paz inclusivos y participativos,","robots":{"index":"index","follow":"follow","max-snippet":"max-snippet:-1","max-image-preview":"max-image-preview:large","max-video-preview":"max-video-preview:-1"},"canonical":"https:\/\/www.icip.cat\/es\/opinion\/mujeres-en-la-diaspora-con-voz-propia\/","og_locale":"es_ES","og_type":"article","og_title":"Mujeres en la di\u00e1spora con voz propia - ICIP","og_description":"Tenemos la oportunidad de reconocer las aportaciones de las di\u00e1sporas en la construcci\u00f3n de procesos de paz inclusivos y participativos,","og_url":"https:\/\/www.icip.cat\/es\/opinion\/mujeres-en-la-diaspora-con-voz-propia\/","og_site_name":"ICIP","article_modified_time":"2022-11-02T14:08:36+00:00","og_image":[{"width":298,"height":298,"url":"https:\/\/www.icip.cat\/wp-content\/uploads\/2022\/10\/silvia.png","type":"image\/png"}],"twitter_card":"summary_large_image","twitter_misc":{"Tiempo de lectura":"6 minutos"},"schema":{"@context":"https:\/\/schema.org","@graph":[{"@type":"WebPage","@id":"https:\/\/www.icip.cat\/es\/opinion\/mujeres-en-la-diaspora-con-voz-propia\/","url":"https:\/\/www.icip.cat\/es\/opinion\/mujeres-en-la-diaspora-con-voz-propia\/","name":"Mujeres en la di\u00e1spora con voz propia - ICIP","isPartOf":{"@id":"https:\/\/www.icip.cat\/ca\/#website"},"primaryImageOfPage":{"@id":"https:\/\/www.icip.cat\/es\/opinion\/mujeres-en-la-diaspora-con-voz-propia\/#primaryimage"},"image":{"@id":"https:\/\/www.icip.cat\/es\/opinion\/mujeres-en-la-diaspora-con-voz-propia\/#primaryimage"},"thumbnailUrl":"https:\/\/www.icip.cat\/wp-content\/uploads\/2022\/10\/silvia.png","datePublished":"2022-10-28T08:02:26+00:00","dateModified":"2022-11-02T14:08:36+00:00","description":"Tenemos la oportunidad de reconocer las aportaciones de las di\u00e1sporas en la construcci\u00f3n de procesos de paz inclusivos y participativos,","inLanguage":"es","potentialAction":[{"@type":"ReadAction","target":["https:\/\/www.icip.cat\/es\/opinion\/mujeres-en-la-diaspora-con-voz-propia\/"]}]},{"@type":"ImageObject","inLanguage":"es","@id":"https:\/\/www.icip.cat\/es\/opinion\/mujeres-en-la-diaspora-con-voz-propia\/#primaryimage","url":"https:\/\/www.icip.cat\/wp-content\/uploads\/2022\/10\/silvia.png","contentUrl":"https:\/\/www.icip.cat\/wp-content\/uploads\/2022\/10\/silvia.png","width":298,"height":298},{"@type":"WebSite","@id":"https:\/\/www.icip.cat\/ca\/#website","url":"https:\/\/www.icip.cat\/ca\/","name":"ICIP","description":"","publisher":{"@id":"https:\/\/www.icip.cat\/ca\/#organization"},"potentialAction":[{"@type":"SearchAction","target":{"@type":"EntryPoint","urlTemplate":"https:\/\/www.icip.cat\/ca\/?s={search_term_string}"},"query-input":{"@type":"PropertyValueSpecification","valueRequired":true,"valueName":"search_term_string"}}],"inLanguage":"es"},{"@type":"Organization","@id":"https:\/\/www.icip.cat\/ca\/#organization","name":"ICIP","url":"https:\/\/www.icip.cat\/ca\/","logo":{"@type":"ImageObject","inLanguage":"es","@id":"https:\/\/www.icip.cat\/ca\/#\/schema\/logo\/image\/","url":"https:\/\/www.icip.cat\/wp-content\/uploads\/2021\/02\/logo-2.png","contentUrl":"https:\/\/www.icip.cat\/wp-content\/uploads\/2021\/02\/logo-2.png","width":562,"height":391,"caption":"ICIP"},"image":{"@id":"https:\/\/www.icip.cat\/ca\/#\/schema\/logo\/image\/"}}]}},"_links":{"self":[{"href":"https:\/\/www.icip.cat\/es\/wp-json\/wp\/v2\/icip_opinion\/33270","targetHints":{"allow":["GET"]}}],"collection":[{"href":"https:\/\/www.icip.cat\/es\/wp-json\/wp\/v2\/icip_opinion"}],"about":[{"href":"https:\/\/www.icip.cat\/es\/wp-json\/wp\/v2\/types\/icip_opinion"}],"version-history":[{"count":6,"href":"https:\/\/www.icip.cat\/es\/wp-json\/wp\/v2\/icip_opinion\/33270\/revisions"}],"predecessor-version":[{"id":33436,"href":"https:\/\/www.icip.cat\/es\/wp-json\/wp\/v2\/icip_opinion\/33270\/revisions\/33436"}],"wp:featuredmedia":[{"embeddable":true,"href":"https:\/\/www.icip.cat\/es\/wp-json\/wp\/v2\/media\/33251"}],"wp:attachment":[{"href":"https:\/\/www.icip.cat\/es\/wp-json\/wp\/v2\/media?parent=33270"}],"curies":[{"name":"wp","href":"https:\/\/api.w.org\/{rel}","templated":true}]}}