{"id":33654,"date":"2022-11-14T12:31:58","date_gmt":"2022-11-14T12:31:58","guid":{"rendered":"https:\/\/www.icip.cat\/opinion\/el-reclam-per-una-vida-digna-a-liran\/"},"modified":"2022-11-14T12:50:40","modified_gmt":"2022-11-14T12:50:40","slug":"el-reclamo-de-una-vida-digna-en-iran","status":"publish","type":"icip_opinion","link":"https:\/\/www.icip.cat\/es\/opinion\/el-reclamo-de-una-vida-digna-en-iran\/","title":{"rendered":"El reclamo de una vida digna en Ir\u00e1n"},"content":{"rendered":"\n<p>La muerte de la joven iran\u00ed Mahsa Amini durante custodia policial, detenida por la polic\u00eda de la moral por no llevar el velo adecuadamente, ha encendido una ola de protestas multitudinarias en Ir\u00e1n. La magnitud de estas protestas, a pesar de tener un fuerte componente de oposici\u00f3n a la imposici\u00f3n del velo, se debe enmarcar en un contexto de profundo descontento social con la situaci\u00f3n econ\u00f3mica, pol\u00edtica y social del pa\u00eds. Ya sea el gobierno conservador de Ibrahim Raisi, como el L\u00edder Supremo, el ayatol\u00e1 Ali Khamenei, se\u00f1alan a agentes externos y enemigos del pa\u00eds como instigadores de la revuelta. La respuesta del gobierno ha sido duramente represiva, y las muertes de manifestantes por todo el pa\u00eds ya superan las trescientas.<\/p>\n\n\n\n<p>El soci\u00f3logo iran\u00ed-estadounidense, Asef Bayat, <a href=\"https:\/\/newlinesmag.com\/writers\/asef-bayat\/\" target=\"_blank\" rel=\"noreferrer noopener\">explica<\/a> c\u00f3mo <strong>una de las caracter\u00edsticas claves del descontento de la sociedad iran\u00ed actual es la acumulaci\u00f3n de varias demandas pol\u00edticas, sociales, econ\u00f3micas y culturales desatendidas<\/strong>, que, en momentos como este, van de la mano. Aunque Ir\u00e1n ya ha vivido episodios de protestas similares en el pasado &#8211; en 2009, 2017 o 2019- analistas y expertos se\u00f1alan este estallido social como un punto de inflexi\u00f3n que tendr\u00e1 consecuencias significativas para el futuro del pa\u00eds. El lastre de d\u00e9cadas de sanciones econ\u00f3micas, y un cambio generacional que aleja a la juventud del pa\u00eds de los valores de la Revoluci\u00f3n Isl\u00e1mica de 1979, parecen poner en peligro la continuidad del sistema pol\u00edtico de Ir\u00e1n.<\/p>\n\n\n\n<p>Este levantamiento sin embargo, ha ido aun m\u00e1s lejos. Significativamente, <strong>se trata de un levantamiento en el que las mujeres y la juventud ejercen un papel central, donde se exige no s\u00f3lo una mejora de los derechos civiles y pol\u00edticos de las iran\u00edes, sino que se reclama de manera m\u00e1s amplia la dignidad humana<\/strong>, recuperar el derecho a una existencia digna, alejada de la precariedad y la falta de futuro. A pesar de su car\u00e1cter multitudinario, es dif\u00edcil anticipar cu\u00e1l ser\u00e1 el impacto social y pol\u00edtico de las movilizaciones. Las protestas, hoy por hoy, no se est\u00e1n organizando en un movimiento pol\u00edtico o una campa\u00f1a definida (como por ejemplo s\u00ed que pas\u00f3 en e2009 con el Movimiento Verde, y la campa\u00f1a \u201cWhere is my vote?\u201d a ra\u00edz de las sospechas de fraude a las elecciones). Dicho de otra manera, no hay un liderazgo claro de las protestas. La juventud, y las mujeres en particular, est\u00e1n siendo las protagonistas principales &#8211; especialmente en el \u00e1mbito universitario\u2014pero no se puede hablar de un movimiento pol\u00edtico definido todav\u00eda.<\/p>\n\n\n\n<p>Varios analistas, en un ejercicio de prospectiva, temen un posible escenario de rotura violenta del statu quo, donde las facciones de l\u00ednea dura, especialmente aquellas vinculadas a los Cuerpos de la Guardia Revolucionaria de Ir\u00e1n (IRGC, en ingl\u00e9s), podr\u00edan hacer un golpe de estado y acabar con las pocas estructuras democr\u00e1ticas del pa\u00eds, liquidando de paso, y completamente, el sector pol\u00edtico reformista. Este escenario, apuntan, ser\u00eda posible en dos casu\u00edsticas: en primer lugar, si las protestas dan pie a un periodo de reforma social que sea rechazado por los sectores de l\u00ednea dura, m\u00e1s fieles a los principios de la revoluci\u00f3n. En segundo lugar, si el gobierno y los cuerpos de seguridad fallan a la hora de contener las protestas a medio-largo plazo.<\/p>\n\n\n\n<p><strong>La dimensi\u00f3n internacional de las protestas<\/strong><\/p>\n\n\n\n<p>Manifestaciones multitudinarias por todo el mundo en apoyo a los manifestantes en Ir\u00e1n &#8211; como nos ilustra el caso de Berl\u00edn- denotan, en primer lugar, una <strong>gran atenci\u00f3n internacional hacia lo que est\u00e1 pasando en la Rep\u00fablica Isl\u00e1mica.<\/strong> En segundo lugar, una pl\u00e9tora de sensibilidades pol\u00edticas y actitudes hacia la di\u00e1spora iran\u00ed. Podemos ver banderas imperiales que piden la vuelta de la dinast\u00eda Pahlavi, proclamas que reclaman un cambio de r\u00e9gimen, un derribo del sistema clerical de poder, el cierre de embajadas iran\u00edes en Europa, condenar a Ir\u00e1n al ostracismo internacional. <strong>Ante esta di\u00e1spora, polarizada y activa, los pa\u00edses europeos responden con cautela, para no desbaratar y dinamitar las negociaciones sobre el acuerdo nuclear<\/strong>.<\/p>\n\n\n\n<p>Antes del estallido de las protestas parec\u00eda que un acuerdo para la reactivaci\u00f3n del acuerdo nuclear del 2015, conocido como en JCPOA, estaba a punto de alcanzarse. El JCPOA tiene un rol central, cr\u00edtico, sobre las relaciones entre Estados Unidos e Ir\u00e1n, entre Europa e Ir\u00e1n, y en la dimensi\u00f3n de seguridad regional e internacional. Teniendo en cuenta eso, <strong>la evoluci\u00f3n de la situaci\u00f3n en Ir\u00e1n debe entenderse tambi\u00e9n como un proceso conectado a las negociaciones para la reactivaci\u00f3n del acuerdo nuclear<\/strong>: la econom\u00eda de Ir\u00e1n vivi\u00f3 un momento de pausa y breve recuperaci\u00f3n durante los escasos tres a\u00f1os en que fue vigente, antes de que Donald Trump se retirara del acuerdo unilateralmente, en 2018. Desde entonces, la situaci\u00f3n econ\u00f3mica, pol\u00edtica y social iran\u00ed se encuentra en una espiral descendente: conforme empeora la econom\u00eda, crece el malestar social, Ir\u00e1n da pasos adelante en el desarrollo de sus capacidades nucleares, y la situaci\u00f3n regional de seguridad se vuelve m\u00e1s fr\u00e1gil.<\/p>\n\n\n\n<p>Hoy por hoy, es complicado predecir cu\u00e1l ser\u00e1 el impacto de las protestas a largo plazo. Hay quien predica que un nuevo Ir\u00e1n ha nacido, hay quien pide un retorno del antiguo Ir\u00e1n. Lo que es evidente, es que Ir\u00e1n vive un momento hist\u00f3rico, y que los siguientes meses ser\u00e1n centrales para el futuro del pa\u00eds.<\/p>\n\n\n\n<p><strong>Elisenda Comadran Casas<\/strong> \u00e9s t\u00e8cnica de l&#8217;\u00e0rea \u00ab<a href=\"https:\/\/www.icip.cat\/ca\/alternatives-de-seguretat\/\" target=\"_blank\" rel=\"noreferrer noopener\">Alternatives de seguretat<\/a>\u00bb de l&#8217;ICIP.<\/p>\n","protected":false},"featured_media":30608,"template":"","class_list":["post-33654","icip_opinion","type-icip_opinion","status-publish","has-post-thumbnail","hentry"],"acf":[],"yoast_head":"<!-- This site is optimized with the Yoast SEO plugin v25.6 - https:\/\/yoast.com\/wordpress\/plugins\/seo\/ -->\n<title>El reclamo de una vida digna en Ir\u00e1n - ICIP<\/title>\n<meta name=\"description\" content=\"Las mujeres y la juventud tienen un papel central en las protestas en Ir\u00e1n para exigir una vida digna.\" \/>\n<meta name=\"robots\" content=\"index, follow, max-snippet:-1, max-image-preview:large, max-video-preview:-1\" \/>\n<link rel=\"canonical\" href=\"https:\/\/www.icip.cat\/es\/opinion\/el-reclamo-de-una-vida-digna-en-iran\/\" \/>\n<meta property=\"og:locale\" content=\"es_ES\" \/>\n<meta property=\"og:type\" content=\"article\" \/>\n<meta property=\"og:title\" content=\"El reclamo de una vida digna en Ir\u00e1n - ICIP\" \/>\n<meta property=\"og:description\" content=\"Las mujeres y la juventud tienen un papel central en las protestas en Ir\u00e1n para exigir una vida digna.\" \/>\n<meta property=\"og:url\" content=\"https:\/\/www.icip.cat\/es\/opinion\/el-reclamo-de-una-vida-digna-en-iran\/\" \/>\n<meta property=\"og:site_name\" content=\"ICIP\" \/>\n<meta property=\"article:modified_time\" content=\"2022-11-14T12:50:40+00:00\" \/>\n<meta property=\"og:image\" content=\"https:\/\/www.icip.cat\/wp-content\/uploads\/2022\/07\/elisenda2-e1665398993526.png\" \/>\n\t<meta property=\"og:image:width\" content=\"560\" \/>\n\t<meta property=\"og:image:height\" content=\"562\" \/>\n\t<meta property=\"og:image:type\" content=\"image\/png\" \/>\n<meta name=\"twitter:card\" content=\"summary_large_image\" \/>\n<meta name=\"twitter:label1\" content=\"Tiempo de lectura\" \/>\n\t<meta name=\"twitter:data1\" content=\"5 minutos\" \/>\n<script type=\"application\/ld+json\" class=\"yoast-schema-graph\">{\"@context\":\"https:\/\/schema.org\",\"@graph\":[{\"@type\":\"WebPage\",\"@id\":\"https:\/\/www.icip.cat\/es\/opinion\/el-reclamo-de-una-vida-digna-en-iran\/\",\"url\":\"https:\/\/www.icip.cat\/es\/opinion\/el-reclamo-de-una-vida-digna-en-iran\/\",\"name\":\"El reclamo de una vida digna en Ir\u00e1n - ICIP\",\"isPartOf\":{\"@id\":\"https:\/\/www.icip.cat\/ca\/#website\"},\"primaryImageOfPage\":{\"@id\":\"https:\/\/www.icip.cat\/es\/opinion\/el-reclamo-de-una-vida-digna-en-iran\/#primaryimage\"},\"image\":{\"@id\":\"https:\/\/www.icip.cat\/es\/opinion\/el-reclamo-de-una-vida-digna-en-iran\/#primaryimage\"},\"thumbnailUrl\":\"https:\/\/www.icip.cat\/wp-content\/uploads\/2022\/07\/elisenda2-e1665398993526.png\",\"datePublished\":\"2022-11-14T12:31:58+00:00\",\"dateModified\":\"2022-11-14T12:50:40+00:00\",\"description\":\"Las mujeres y la juventud tienen un papel central en las protestas en Ir\u00e1n para exigir una vida digna.\",\"inLanguage\":\"es\",\"potentialAction\":[{\"@type\":\"ReadAction\",\"target\":[\"https:\/\/www.icip.cat\/es\/opinion\/el-reclamo-de-una-vida-digna-en-iran\/\"]}]},{\"@type\":\"ImageObject\",\"inLanguage\":\"es\",\"@id\":\"https:\/\/www.icip.cat\/es\/opinion\/el-reclamo-de-una-vida-digna-en-iran\/#primaryimage\",\"url\":\"https:\/\/www.icip.cat\/wp-content\/uploads\/2022\/07\/elisenda2-e1665398993526.png\",\"contentUrl\":\"https:\/\/www.icip.cat\/wp-content\/uploads\/2022\/07\/elisenda2-e1665398993526.png\",\"width\":560,\"height\":562},{\"@type\":\"WebSite\",\"@id\":\"https:\/\/www.icip.cat\/ca\/#website\",\"url\":\"https:\/\/www.icip.cat\/ca\/\",\"name\":\"ICIP\",\"description\":\"\",\"publisher\":{\"@id\":\"https:\/\/www.icip.cat\/ca\/#organization\"},\"potentialAction\":[{\"@type\":\"SearchAction\",\"target\":{\"@type\":\"EntryPoint\",\"urlTemplate\":\"https:\/\/www.icip.cat\/ca\/?s={search_term_string}\"},\"query-input\":{\"@type\":\"PropertyValueSpecification\",\"valueRequired\":true,\"valueName\":\"search_term_string\"}}],\"inLanguage\":\"es\"},{\"@type\":\"Organization\",\"@id\":\"https:\/\/www.icip.cat\/ca\/#organization\",\"name\":\"ICIP\",\"url\":\"https:\/\/www.icip.cat\/ca\/\",\"logo\":{\"@type\":\"ImageObject\",\"inLanguage\":\"es\",\"@id\":\"https:\/\/www.icip.cat\/ca\/#\/schema\/logo\/image\/\",\"url\":\"https:\/\/www.icip.cat\/wp-content\/uploads\/2021\/02\/logo-2.png\",\"contentUrl\":\"https:\/\/www.icip.cat\/wp-content\/uploads\/2021\/02\/logo-2.png\",\"width\":562,\"height\":391,\"caption\":\"ICIP\"},\"image\":{\"@id\":\"https:\/\/www.icip.cat\/ca\/#\/schema\/logo\/image\/\"}}]}<\/script>\n<!-- \/ Yoast SEO plugin. -->","yoast_head_json":{"title":"El reclamo de una vida digna en Ir\u00e1n - ICIP","description":"Las mujeres y la juventud tienen un papel central en las protestas en Ir\u00e1n para exigir una vida digna.","robots":{"index":"index","follow":"follow","max-snippet":"max-snippet:-1","max-image-preview":"max-image-preview:large","max-video-preview":"max-video-preview:-1"},"canonical":"https:\/\/www.icip.cat\/es\/opinion\/el-reclamo-de-una-vida-digna-en-iran\/","og_locale":"es_ES","og_type":"article","og_title":"El reclamo de una vida digna en Ir\u00e1n - ICIP","og_description":"Las mujeres y la juventud tienen un papel central en las protestas en Ir\u00e1n para exigir una vida digna.","og_url":"https:\/\/www.icip.cat\/es\/opinion\/el-reclamo-de-una-vida-digna-en-iran\/","og_site_name":"ICIP","article_modified_time":"2022-11-14T12:50:40+00:00","og_image":[{"width":560,"height":562,"url":"https:\/\/www.icip.cat\/wp-content\/uploads\/2022\/07\/elisenda2-e1665398993526.png","type":"image\/png"}],"twitter_card":"summary_large_image","twitter_misc":{"Tiempo de lectura":"5 minutos"},"schema":{"@context":"https:\/\/schema.org","@graph":[{"@type":"WebPage","@id":"https:\/\/www.icip.cat\/es\/opinion\/el-reclamo-de-una-vida-digna-en-iran\/","url":"https:\/\/www.icip.cat\/es\/opinion\/el-reclamo-de-una-vida-digna-en-iran\/","name":"El reclamo de una vida digna en Ir\u00e1n - ICIP","isPartOf":{"@id":"https:\/\/www.icip.cat\/ca\/#website"},"primaryImageOfPage":{"@id":"https:\/\/www.icip.cat\/es\/opinion\/el-reclamo-de-una-vida-digna-en-iran\/#primaryimage"},"image":{"@id":"https:\/\/www.icip.cat\/es\/opinion\/el-reclamo-de-una-vida-digna-en-iran\/#primaryimage"},"thumbnailUrl":"https:\/\/www.icip.cat\/wp-content\/uploads\/2022\/07\/elisenda2-e1665398993526.png","datePublished":"2022-11-14T12:31:58+00:00","dateModified":"2022-11-14T12:50:40+00:00","description":"Las mujeres y la juventud tienen un papel central en las protestas en Ir\u00e1n para exigir una vida digna.","inLanguage":"es","potentialAction":[{"@type":"ReadAction","target":["https:\/\/www.icip.cat\/es\/opinion\/el-reclamo-de-una-vida-digna-en-iran\/"]}]},{"@type":"ImageObject","inLanguage":"es","@id":"https:\/\/www.icip.cat\/es\/opinion\/el-reclamo-de-una-vida-digna-en-iran\/#primaryimage","url":"https:\/\/www.icip.cat\/wp-content\/uploads\/2022\/07\/elisenda2-e1665398993526.png","contentUrl":"https:\/\/www.icip.cat\/wp-content\/uploads\/2022\/07\/elisenda2-e1665398993526.png","width":560,"height":562},{"@type":"WebSite","@id":"https:\/\/www.icip.cat\/ca\/#website","url":"https:\/\/www.icip.cat\/ca\/","name":"ICIP","description":"","publisher":{"@id":"https:\/\/www.icip.cat\/ca\/#organization"},"potentialAction":[{"@type":"SearchAction","target":{"@type":"EntryPoint","urlTemplate":"https:\/\/www.icip.cat\/ca\/?s={search_term_string}"},"query-input":{"@type":"PropertyValueSpecification","valueRequired":true,"valueName":"search_term_string"}}],"inLanguage":"es"},{"@type":"Organization","@id":"https:\/\/www.icip.cat\/ca\/#organization","name":"ICIP","url":"https:\/\/www.icip.cat\/ca\/","logo":{"@type":"ImageObject","inLanguage":"es","@id":"https:\/\/www.icip.cat\/ca\/#\/schema\/logo\/image\/","url":"https:\/\/www.icip.cat\/wp-content\/uploads\/2021\/02\/logo-2.png","contentUrl":"https:\/\/www.icip.cat\/wp-content\/uploads\/2021\/02\/logo-2.png","width":562,"height":391,"caption":"ICIP"},"image":{"@id":"https:\/\/www.icip.cat\/ca\/#\/schema\/logo\/image\/"}}]}},"_links":{"self":[{"href":"https:\/\/www.icip.cat\/es\/wp-json\/wp\/v2\/icip_opinion\/33654","targetHints":{"allow":["GET"]}}],"collection":[{"href":"https:\/\/www.icip.cat\/es\/wp-json\/wp\/v2\/icip_opinion"}],"about":[{"href":"https:\/\/www.icip.cat\/es\/wp-json\/wp\/v2\/types\/icip_opinion"}],"version-history":[{"count":9,"href":"https:\/\/www.icip.cat\/es\/wp-json\/wp\/v2\/icip_opinion\/33654\/revisions"}],"predecessor-version":[{"id":33666,"href":"https:\/\/www.icip.cat\/es\/wp-json\/wp\/v2\/icip_opinion\/33654\/revisions\/33666"}],"wp:featuredmedia":[{"embeddable":true,"href":"https:\/\/www.icip.cat\/es\/wp-json\/wp\/v2\/media\/30608"}],"wp:attachment":[{"href":"https:\/\/www.icip.cat\/es\/wp-json\/wp\/v2\/media?parent=33654"}],"curies":[{"name":"wp","href":"https:\/\/api.w.org\/{rel}","templated":true}]}}