{"id":46993,"date":"2024-07-04T07:50:39","date_gmt":"2024-07-04T07:50:39","guid":{"rendered":"https:\/\/www.icip.cat\/seminars\/jornada-drets-humans-i-pau-a-lamerica-central-reptes-i-oportunitats\/"},"modified":"2024-12-18T10:33:39","modified_gmt":"2024-12-18T10:33:39","slug":"jornada-drets-humans-i-pau-a-lamerica-central-reptes-i-oportunitats","status":"publish","type":"icip_seminar","link":"https:\/\/www.icip.cat\/es\/seminarios\/jornada-drets-humans-i-pau-a-lamerica-central-reptes-i-oportunitats\/","title":{"rendered":"Jornada \u00abDerechos humanos y paz en Am\u00e9rica Central: retos y oportunidades\u00bb"},"content":{"rendered":"\n<p>Los d\u00edas 18 y 19 de junio el ICIP ha organizado las jornadas \u201c<a href=\"https:\/\/www.icip.cat\/es\/jornadas-derechos-humanos-y-paz-en-america-central\/\" target=\"_blank\" rel=\"noreferrer noopener\">Derechos humanos y paz en Centroam\u00e9rica: retos y oportunidades<\/a>\u201d junto con la nueva Taula Catalana por los Derechos humanos y la Paz en Am\u00e9rica Central.<\/p>\n\n\n\n<p>Las jornadas se han celebrado en el Museo de Historia de Barcelona y han permitido reflexionar y debatir sobre los retos por la paz y los derechos humanos en <strong>Nicaragua, Guatemala, El Salvador y Honduras<\/strong>, pa\u00edses marcados por el auge de los autoritarismos, la securitizaci\u00f3n y militarizaci\u00f3n, la represi\u00f3n y persecuci\u00f3n pol\u00edtica, la explotaci\u00f3n y extractivismo de recursos naturales, la violencia contra las mujeres, los colectivos LGTBI+ y las comunidades ind\u00edgenas.<\/p>\n\n\n\n<p>Los debates han contado con la participaci\u00f3n de quince ponentes, en su mayor\u00eda mujeres, procedentes de los cuatro pa\u00edses. Son expertas y activistas que luchan por transformar las violencias en su d\u00eda a d\u00eda, algunas de ellas desde el exilio.<\/p>\n\n\n\n<p><strong>Video resumen de las jornadas:<\/strong><\/p>\n\n\n\n<figure class=\"wp-block-embed aligncenter is-type-video is-provider-youtube wp-block-embed-youtube wp-embed-aspect-16-9 wp-has-aspect-ratio\"><div class=\"wp-block-embed__wrapper\">\n<iframe title=\"Jornades \u201cDrets humans i pau a l\u2019Am\u00e8rica Central: reptes i oportunitats\u201d\" width=\"640\" height=\"360\" src=\"https:\/\/www.youtube.com\/embed\/BrGiHK-N6ls?start=3&#038;feature=oembed\" frameborder=\"0\" allow=\"accelerometer; autoplay; clipboard-write; encrypted-media; gyroscope; picture-in-picture; web-share\" referrerpolicy=\"strict-origin-when-cross-origin\" allowfullscreen><\/iframe>\n<\/div><\/figure>\n\n\n\n<figure class=\"wp-block-gallery has-nested-images columns-default is-cropped wp-block-gallery-1 is-layout-flex wp-block-gallery-is-layout-flex\"><\/figure>\n\n\n\n<figure class=\"wp-block-gallery has-nested-images columns-default is-cropped wp-block-gallery-2 is-layout-flex wp-block-gallery-is-layout-flex\">\n<figure class=\"wp-block-image size-large\"><img fetchpriority=\"high\" decoding=\"async\" width=\"2560\" height=\"1707\" data-id=\"46728\" src=\"https:\/\/www.icip.cat\/wp-content\/uploads\/2024\/06\/IMG_8015-7-scaled.jpg\" alt=\"\" class=\"wp-image-46728\" srcset=\"https:\/\/www.icip.cat\/wp-content\/uploads\/2024\/06\/IMG_8015-7-scaled.jpg 2560w, https:\/\/www.icip.cat\/wp-content\/uploads\/2024\/06\/IMG_8015-7-300x200.jpg 300w, https:\/\/www.icip.cat\/wp-content\/uploads\/2024\/06\/IMG_8015-7-1024x683.jpg 1024w, https:\/\/www.icip.cat\/wp-content\/uploads\/2024\/06\/IMG_8015-7-768x512.jpg 768w, https:\/\/www.icip.cat\/wp-content\/uploads\/2024\/06\/IMG_8015-7-1536x1024.jpg 1536w, https:\/\/www.icip.cat\/wp-content\/uploads\/2024\/06\/IMG_8015-7-2048x1365.jpg 2048w\" sizes=\"(max-width: 2560px) 100vw, 2560px\" \/><\/figure>\n\n\n\n<figure class=\"wp-block-image size-large\"><img decoding=\"async\" width=\"2560\" height=\"1707\" data-id=\"46743\" src=\"https:\/\/www.icip.cat\/wp-content\/uploads\/2024\/06\/IMG_8002-1-scaled.jpg\" alt=\"\" class=\"wp-image-46743\" srcset=\"https:\/\/www.icip.cat\/wp-content\/uploads\/2024\/06\/IMG_8002-1-scaled.jpg 2560w, https:\/\/www.icip.cat\/wp-content\/uploads\/2024\/06\/IMG_8002-1-300x200.jpg 300w, https:\/\/www.icip.cat\/wp-content\/uploads\/2024\/06\/IMG_8002-1-1024x683.jpg 1024w, https:\/\/www.icip.cat\/wp-content\/uploads\/2024\/06\/IMG_8002-1-768x512.jpg 768w, https:\/\/www.icip.cat\/wp-content\/uploads\/2024\/06\/IMG_8002-1-1536x1024.jpg 1536w, https:\/\/www.icip.cat\/wp-content\/uploads\/2024\/06\/IMG_8002-1-2048x1365.jpg 2048w\" sizes=\"(max-width: 2560px) 100vw, 2560px\" \/><\/figure>\n\n\n\n<figure class=\"wp-block-image size-large\"><img decoding=\"async\" width=\"2560\" height=\"1707\" data-id=\"46737\" src=\"https:\/\/www.icip.cat\/wp-content\/uploads\/2024\/06\/IMG_8107-2-scaled.jpg\" alt=\"\" class=\"wp-image-46737\" srcset=\"https:\/\/www.icip.cat\/wp-content\/uploads\/2024\/06\/IMG_8107-2-scaled.jpg 2560w, https:\/\/www.icip.cat\/wp-content\/uploads\/2024\/06\/IMG_8107-2-300x200.jpg 300w, https:\/\/www.icip.cat\/wp-content\/uploads\/2024\/06\/IMG_8107-2-1024x683.jpg 1024w, https:\/\/www.icip.cat\/wp-content\/uploads\/2024\/06\/IMG_8107-2-768x512.jpg 768w, https:\/\/www.icip.cat\/wp-content\/uploads\/2024\/06\/IMG_8107-2-1536x1024.jpg 1536w, https:\/\/www.icip.cat\/wp-content\/uploads\/2024\/06\/IMG_8107-2-2048x1365.jpg 2048w\" sizes=\"(max-width: 2560px) 100vw, 2560px\" \/><\/figure>\n\n\n\n<figure class=\"wp-block-image size-large\"><img loading=\"lazy\" decoding=\"async\" width=\"2560\" height=\"1707\" data-id=\"46647\" src=\"https:\/\/www.icip.cat\/wp-content\/uploads\/2024\/06\/IMG_7887-scaled.jpg\" alt=\"\" class=\"wp-image-46647\" srcset=\"https:\/\/www.icip.cat\/wp-content\/uploads\/2024\/06\/IMG_7887-scaled.jpg 2560w, https:\/\/www.icip.cat\/wp-content\/uploads\/2024\/06\/IMG_7887-300x200.jpg 300w, https:\/\/www.icip.cat\/wp-content\/uploads\/2024\/06\/IMG_7887-1024x683.jpg 1024w, https:\/\/www.icip.cat\/wp-content\/uploads\/2024\/06\/IMG_7887-768x512.jpg 768w, https:\/\/www.icip.cat\/wp-content\/uploads\/2024\/06\/IMG_7887-1536x1024.jpg 1536w, https:\/\/www.icip.cat\/wp-content\/uploads\/2024\/06\/IMG_7887-2048x1365.jpg 2048w\" sizes=\"(max-width: 2560px) 100vw, 2560px\" \/><\/figure>\n\n\n\n<figure class=\"wp-block-image size-large\"><img loading=\"lazy\" decoding=\"async\" width=\"2560\" height=\"1707\" data-id=\"46677\" src=\"https:\/\/www.icip.cat\/wp-content\/uploads\/2024\/06\/IMG_7977-scaled.jpg\" alt=\"\" class=\"wp-image-46677\" srcset=\"https:\/\/www.icip.cat\/wp-content\/uploads\/2024\/06\/IMG_7977-scaled.jpg 2560w, https:\/\/www.icip.cat\/wp-content\/uploads\/2024\/06\/IMG_7977-300x200.jpg 300w, https:\/\/www.icip.cat\/wp-content\/uploads\/2024\/06\/IMG_7977-1024x683.jpg 1024w, https:\/\/www.icip.cat\/wp-content\/uploads\/2024\/06\/IMG_7977-768x512.jpg 768w, https:\/\/www.icip.cat\/wp-content\/uploads\/2024\/06\/IMG_7977-1536x1024.jpg 1536w, https:\/\/www.icip.cat\/wp-content\/uploads\/2024\/06\/IMG_7977-2048x1365.jpg 2048w\" sizes=\"(max-width: 2560px) 100vw, 2560px\" \/><\/figure>\n<\/figure>\n\n\n\n<h3 class=\"wp-block-heading\">Nace la Taula Catalana por Centroam\u00e9rica<\/h3>\n\n\n\n<p>Las jornadas han sido el escenario de la presentaci\u00f3n p\u00fablica de la nueva Taula Catalana por los Derechos humanos y la Paz en Centroam\u00e9rica, una plataforma formada por veinte entidades catalanas dedicadas a la cooperaci\u00f3n con Centroam\u00e9rica que nace con el objetivo de reforzar el di\u00e1logo y la respuesta de Catalu\u00f1a ante las violencias y crisis de derechos humanos en Guatemala, Honduras, El Salvador y Nicaragua.<\/p>\n\n\n\n<p>La nueva plataforma se ha constituido con el apoyo y acompa\u00f1amiento del ICIP, a trav\u00e9s de la l\u00ednea de trabajo \u00ab<a href=\"https:\/\/www.icip.cat\/es\/violencias-fuera-de-contextos-belicos\/\" target=\"_blank\" rel=\"noreferrer noopener\">Violencias fuera de contextos b\u00e9licos<\/a>\u00ab, que trabaja para aportar herramientas de an\u00e1lisis y actuaci\u00f3n en situaciones de violencias directos, estructurales y culturales como las que se viven en la regi\u00f3n centroamericana.<\/p>\n","protected":false},"featured_media":46644,"template":"","class_list":["post-46993","icip_seminar","type-icip_seminar","status-publish","has-post-thumbnail","hentry"],"acf":[],"yoast_head":"<!-- This site is optimized with the Yoast SEO plugin v25.6 - https:\/\/yoast.com\/wordpress\/plugins\/seo\/ -->\n<title>Jornada &quot;Derechos humanos y paz en Am\u00e9rica Central: retos y oportunidades&quot; - ICIP<\/title>\n<meta name=\"robots\" content=\"index, follow, max-snippet:-1, max-image-preview:large, max-video-preview:-1\" \/>\n<link rel=\"canonical\" href=\"https:\/\/www.icip.cat\/es\/seminarios\/jornada-drets-humans-i-pau-a-lamerica-central-reptes-i-oportunitats\/\" \/>\n<meta property=\"og:locale\" content=\"es_ES\" \/>\n<meta property=\"og:type\" content=\"article\" \/>\n<meta property=\"og:title\" content=\"Jornada &quot;Derechos humanos y paz en Am\u00e9rica Central: retos y oportunidades&quot; - ICIP\" \/>\n<meta property=\"og:description\" content=\"Los d\u00edas 18 y 19 de junio el ICIP ha organizado las jornadas \u201cDerechos humanos y paz en Centroam\u00e9rica: retos y oportunidades\u201d junto con la nueva Taula Catalana por los Derechos humanos y la Paz en Am\u00e9rica Central. Las jornadas se han celebrado en el Museo de Historia de Barcelona y han permitido reflexionar y [&hellip;]\" \/>\n<meta property=\"og:url\" content=\"https:\/\/www.icip.cat\/es\/seminarios\/jornada-drets-humans-i-pau-a-lamerica-central-reptes-i-oportunitats\/\" \/>\n<meta property=\"og:site_name\" content=\"ICIP\" \/>\n<meta property=\"article:modified_time\" content=\"2024-12-18T10:33:39+00:00\" \/>\n<meta property=\"og:image\" content=\"https:\/\/www.icip.cat\/wp-content\/uploads\/2024\/06\/IMG_2258-1-scaled.jpeg\" \/>\n\t<meta property=\"og:image:width\" content=\"2560\" \/>\n\t<meta property=\"og:image:height\" content=\"1920\" \/>\n\t<meta property=\"og:image:type\" content=\"image\/jpeg\" \/>\n<meta name=\"twitter:card\" content=\"summary_large_image\" \/>\n<meta name=\"twitter:label1\" content=\"Tiempo de lectura\" \/>\n\t<meta name=\"twitter:data1\" content=\"3 minutos\" \/>\n<script type=\"application\/ld+json\" class=\"yoast-schema-graph\">{\"@context\":\"https:\/\/schema.org\",\"@graph\":[{\"@type\":\"WebPage\",\"@id\":\"https:\/\/www.icip.cat\/es\/seminarios\/jornada-drets-humans-i-pau-a-lamerica-central-reptes-i-oportunitats\/\",\"url\":\"https:\/\/www.icip.cat\/es\/seminarios\/jornada-drets-humans-i-pau-a-lamerica-central-reptes-i-oportunitats\/\",\"name\":\"Jornada \\\"Derechos humanos y paz en Am\u00e9rica Central: retos y oportunidades\\\" - ICIP\",\"isPartOf\":{\"@id\":\"https:\/\/www.icip.cat\/ca\/#website\"},\"primaryImageOfPage\":{\"@id\":\"https:\/\/www.icip.cat\/es\/seminarios\/jornada-drets-humans-i-pau-a-lamerica-central-reptes-i-oportunitats\/#primaryimage\"},\"image\":{\"@id\":\"https:\/\/www.icip.cat\/es\/seminarios\/jornada-drets-humans-i-pau-a-lamerica-central-reptes-i-oportunitats\/#primaryimage\"},\"thumbnailUrl\":\"https:\/\/www.icip.cat\/wp-content\/uploads\/2024\/06\/IMG_2258-1-scaled.jpeg\",\"datePublished\":\"2024-07-04T07:50:39+00:00\",\"dateModified\":\"2024-12-18T10:33:39+00:00\",\"inLanguage\":\"es\",\"potentialAction\":[{\"@type\":\"ReadAction\",\"target\":[\"https:\/\/www.icip.cat\/es\/seminarios\/jornada-drets-humans-i-pau-a-lamerica-central-reptes-i-oportunitats\/\"]}]},{\"@type\":\"ImageObject\",\"inLanguage\":\"es\",\"@id\":\"https:\/\/www.icip.cat\/es\/seminarios\/jornada-drets-humans-i-pau-a-lamerica-central-reptes-i-oportunitats\/#primaryimage\",\"url\":\"https:\/\/www.icip.cat\/wp-content\/uploads\/2024\/06\/IMG_2258-1-scaled.jpeg\",\"contentUrl\":\"https:\/\/www.icip.cat\/wp-content\/uploads\/2024\/06\/IMG_2258-1-scaled.jpeg\",\"width\":2560,\"height\":1920},{\"@type\":\"WebSite\",\"@id\":\"https:\/\/www.icip.cat\/ca\/#website\",\"url\":\"https:\/\/www.icip.cat\/ca\/\",\"name\":\"ICIP\",\"description\":\"\",\"publisher\":{\"@id\":\"https:\/\/www.icip.cat\/ca\/#organization\"},\"potentialAction\":[{\"@type\":\"SearchAction\",\"target\":{\"@type\":\"EntryPoint\",\"urlTemplate\":\"https:\/\/www.icip.cat\/ca\/?s={search_term_string}\"},\"query-input\":{\"@type\":\"PropertyValueSpecification\",\"valueRequired\":true,\"valueName\":\"search_term_string\"}}],\"inLanguage\":\"es\"},{\"@type\":\"Organization\",\"@id\":\"https:\/\/www.icip.cat\/ca\/#organization\",\"name\":\"ICIP\",\"url\":\"https:\/\/www.icip.cat\/ca\/\",\"logo\":{\"@type\":\"ImageObject\",\"inLanguage\":\"es\",\"@id\":\"https:\/\/www.icip.cat\/ca\/#\/schema\/logo\/image\/\",\"url\":\"https:\/\/www.icip.cat\/wp-content\/uploads\/2021\/02\/logo-2.png\",\"contentUrl\":\"https:\/\/www.icip.cat\/wp-content\/uploads\/2021\/02\/logo-2.png\",\"width\":562,\"height\":391,\"caption\":\"ICIP\"},\"image\":{\"@id\":\"https:\/\/www.icip.cat\/ca\/#\/schema\/logo\/image\/\"}}]}<\/script>\n<!-- \/ Yoast SEO plugin. -->","yoast_head_json":{"title":"Jornada \"Derechos humanos y paz en Am\u00e9rica Central: retos y oportunidades\" - ICIP","robots":{"index":"index","follow":"follow","max-snippet":"max-snippet:-1","max-image-preview":"max-image-preview:large","max-video-preview":"max-video-preview:-1"},"canonical":"https:\/\/www.icip.cat\/es\/seminarios\/jornada-drets-humans-i-pau-a-lamerica-central-reptes-i-oportunitats\/","og_locale":"es_ES","og_type":"article","og_title":"Jornada \"Derechos humanos y paz en Am\u00e9rica Central: retos y oportunidades\" - ICIP","og_description":"Los d\u00edas 18 y 19 de junio el ICIP ha organizado las jornadas \u201cDerechos humanos y paz en Centroam\u00e9rica: retos y oportunidades\u201d junto con la nueva Taula Catalana por los Derechos humanos y la Paz en Am\u00e9rica Central. Las jornadas se han celebrado en el Museo de Historia de Barcelona y han permitido reflexionar y [&hellip;]","og_url":"https:\/\/www.icip.cat\/es\/seminarios\/jornada-drets-humans-i-pau-a-lamerica-central-reptes-i-oportunitats\/","og_site_name":"ICIP","article_modified_time":"2024-12-18T10:33:39+00:00","og_image":[{"width":2560,"height":1920,"url":"https:\/\/www.icip.cat\/wp-content\/uploads\/2024\/06\/IMG_2258-1-scaled.jpeg","type":"image\/jpeg"}],"twitter_card":"summary_large_image","twitter_misc":{"Tiempo de lectura":"3 minutos"},"schema":{"@context":"https:\/\/schema.org","@graph":[{"@type":"WebPage","@id":"https:\/\/www.icip.cat\/es\/seminarios\/jornada-drets-humans-i-pau-a-lamerica-central-reptes-i-oportunitats\/","url":"https:\/\/www.icip.cat\/es\/seminarios\/jornada-drets-humans-i-pau-a-lamerica-central-reptes-i-oportunitats\/","name":"Jornada \"Derechos humanos y paz en Am\u00e9rica Central: retos y oportunidades\" - ICIP","isPartOf":{"@id":"https:\/\/www.icip.cat\/ca\/#website"},"primaryImageOfPage":{"@id":"https:\/\/www.icip.cat\/es\/seminarios\/jornada-drets-humans-i-pau-a-lamerica-central-reptes-i-oportunitats\/#primaryimage"},"image":{"@id":"https:\/\/www.icip.cat\/es\/seminarios\/jornada-drets-humans-i-pau-a-lamerica-central-reptes-i-oportunitats\/#primaryimage"},"thumbnailUrl":"https:\/\/www.icip.cat\/wp-content\/uploads\/2024\/06\/IMG_2258-1-scaled.jpeg","datePublished":"2024-07-04T07:50:39+00:00","dateModified":"2024-12-18T10:33:39+00:00","inLanguage":"es","potentialAction":[{"@type":"ReadAction","target":["https:\/\/www.icip.cat\/es\/seminarios\/jornada-drets-humans-i-pau-a-lamerica-central-reptes-i-oportunitats\/"]}]},{"@type":"ImageObject","inLanguage":"es","@id":"https:\/\/www.icip.cat\/es\/seminarios\/jornada-drets-humans-i-pau-a-lamerica-central-reptes-i-oportunitats\/#primaryimage","url":"https:\/\/www.icip.cat\/wp-content\/uploads\/2024\/06\/IMG_2258-1-scaled.jpeg","contentUrl":"https:\/\/www.icip.cat\/wp-content\/uploads\/2024\/06\/IMG_2258-1-scaled.jpeg","width":2560,"height":1920},{"@type":"WebSite","@id":"https:\/\/www.icip.cat\/ca\/#website","url":"https:\/\/www.icip.cat\/ca\/","name":"ICIP","description":"","publisher":{"@id":"https:\/\/www.icip.cat\/ca\/#organization"},"potentialAction":[{"@type":"SearchAction","target":{"@type":"EntryPoint","urlTemplate":"https:\/\/www.icip.cat\/ca\/?s={search_term_string}"},"query-input":{"@type":"PropertyValueSpecification","valueRequired":true,"valueName":"search_term_string"}}],"inLanguage":"es"},{"@type":"Organization","@id":"https:\/\/www.icip.cat\/ca\/#organization","name":"ICIP","url":"https:\/\/www.icip.cat\/ca\/","logo":{"@type":"ImageObject","inLanguage":"es","@id":"https:\/\/www.icip.cat\/ca\/#\/schema\/logo\/image\/","url":"https:\/\/www.icip.cat\/wp-content\/uploads\/2021\/02\/logo-2.png","contentUrl":"https:\/\/www.icip.cat\/wp-content\/uploads\/2021\/02\/logo-2.png","width":562,"height":391,"caption":"ICIP"},"image":{"@id":"https:\/\/www.icip.cat\/ca\/#\/schema\/logo\/image\/"}}]}},"_links":{"self":[{"href":"https:\/\/www.icip.cat\/es\/wp-json\/wp\/v2\/icip_seminar\/46993","targetHints":{"allow":["GET"]}}],"collection":[{"href":"https:\/\/www.icip.cat\/es\/wp-json\/wp\/v2\/icip_seminar"}],"about":[{"href":"https:\/\/www.icip.cat\/es\/wp-json\/wp\/v2\/types\/icip_seminar"}],"version-history":[{"count":6,"href":"https:\/\/www.icip.cat\/es\/wp-json\/wp\/v2\/icip_seminar\/46993\/revisions"}],"predecessor-version":[{"id":50823,"href":"https:\/\/www.icip.cat\/es\/wp-json\/wp\/v2\/icip_seminar\/46993\/revisions\/50823"}],"wp:featuredmedia":[{"embeddable":true,"href":"https:\/\/www.icip.cat\/es\/wp-json\/wp\/v2\/media\/46644"}],"wp:attachment":[{"href":"https:\/\/www.icip.cat\/es\/wp-json\/wp\/v2\/media?parent=46993"}],"curies":[{"name":"wp","href":"https:\/\/api.w.org\/{rel}","templated":true}]}}