{"id":9590,"date":"2020-12-29T10:19:52","date_gmt":"2020-12-29T10:19:52","guid":{"rendered":"http:\/\/www.icip.cat\/seminars\/experiencias-de-reconciliacion\/"},"modified":"2021-02-01T08:37:06","modified_gmt":"2021-02-01T08:37:06","slug":"experiencias-de-reconciliacion","status":"publish","type":"icip_seminar","link":"https:\/\/www.icip.cat\/es\/seminarios\/experiencias-de-reconciliacion\/","title":{"rendered":"Experiencias de reconciliaci\u00f3n"},"content":{"rendered":"\n<p>El seminario <em>Experiencias de reconciliaci\u00f3n<\/em>, organizado por el ICIP y la fundaci\u00f3n Konrad Adenauer Stiftung, tuvo por objetivo abordar diferentes procesos de reconciliaci\u00f3n que se han vivido despu\u00e9s de episodios de conflictos violentos. La reconciliaci\u00f3n entendida como un proceso global y largo en el que se ponen en juego numerosas cuestiones como el esclarecimiento de la verdad y la justicia o la reparaci\u00f3n, y donde no s\u00f3lo intervienen v\u00edctimas y perpetradores, sino la sociedad en su conjunto.<\/p>\n\n\n\n<p>El seminario cont\u00f3 con la participaci\u00f3n de Aitziber Blanco (facilitadora de procesos de di\u00e1logo en el Pa\u00eds Vasco), Laryssa Chomiak (CentrE de \u00c9tudes Maghr\u00e9bines \u00e0 Tunis), Daniel Eror (Youth for Peace, Bosnia-Herzegovina), Brandon Hamber (Ulster University), Yves Kamuronsi (AEGIS, Ruanda), Ulrich M\u00e4hlert (Fundaci\u00f3n Federal para la Superaci\u00f3n de la Dictatura de la RDA), Nishchal N. Pandey (Centre for South Asian Studies, Nepal), Queralt Sol\u00e9 (Universidad de Barcelona) y Raquel Zelaya (Asociaci\u00f3n de Investigaci\u00f3n y Estudios Sociales, Guatemala). <\/p>\n\n\n\n<figure class=\"wp-block-embed-youtube wp-block-embed is-type-video is-provider-youtube wp-embed-aspect-16-9 wp-has-aspect-ratio\"><div class=\"wp-block-embed__wrapper\">\n<iframe title=\"Inauguraci\u00f3 del seminari &quot;Experi\u00e8ncies de reconciliaci\u00f3&quot;\" width=\"640\" height=\"360\" src=\"https:\/\/www.youtube.com\/embed\/eCJ8eVrxehA?list=PLnRJUy9WU-3Du6-kTLeX_FFDbNYyn3Wrq\" frameborder=\"0\" allow=\"accelerometer; autoplay; clipboard-write; encrypted-media; gyroscope; picture-in-picture; web-share\" referrerpolicy=\"strict-origin-when-cross-origin\" allowfullscreen><\/iframe>\n<\/div><\/figure>\n","protected":false},"featured_media":14303,"template":"","class_list":["post-9590","icip_seminar","type-icip_seminar","status-publish","has-post-thumbnail","hentry"],"acf":[],"yoast_head":"<!-- This site is optimized with the Yoast SEO plugin v25.6 - https:\/\/yoast.com\/wordpress\/plugins\/seo\/ -->\n<title>Experiencias de reconciliaci\u00f3n - ICIP<\/title>\n<meta name=\"robots\" content=\"index, follow, max-snippet:-1, max-image-preview:large, max-video-preview:-1\" \/>\n<link rel=\"canonical\" href=\"https:\/\/www.icip.cat\/es\/seminarios\/experiencias-de-reconciliacion\/\" \/>\n<meta property=\"og:locale\" content=\"es_ES\" \/>\n<meta property=\"og:type\" content=\"article\" \/>\n<meta property=\"og:title\" content=\"Experiencias de reconciliaci\u00f3n - ICIP\" \/>\n<meta property=\"og:description\" content=\"El seminario Experiencias de reconciliaci\u00f3n, organizado por el ICIP y la fundaci\u00f3n Konrad Adenauer Stiftung, tuvo por objetivo abordar diferentes procesos de reconciliaci\u00f3n que se han vivido despu\u00e9s de episodios de conflictos violentos. La reconciliaci\u00f3n entendida como un proceso global y largo en el que se ponen en juego numerosas cuestiones como el esclarecimiento de [&hellip;]\" \/>\n<meta property=\"og:url\" content=\"https:\/\/www.icip.cat\/es\/seminarios\/experiencias-de-reconciliacion\/\" \/>\n<meta property=\"og:site_name\" content=\"ICIP\" \/>\n<meta property=\"article:modified_time\" content=\"2021-02-01T08:37:06+00:00\" \/>\n<meta property=\"og:image\" content=\"https:\/\/www.icip.cat\/wp-content\/uploads\/2020\/11\/seminaris7.jpg\" \/>\n\t<meta property=\"og:image:width\" content=\"560\" \/>\n\t<meta property=\"og:image:height\" content=\"420\" \/>\n\t<meta property=\"og:image:type\" content=\"image\/jpeg\" \/>\n<meta name=\"twitter:card\" content=\"summary_large_image\" \/>\n<meta name=\"twitter:label1\" content=\"Tiempo de lectura\" \/>\n\t<meta name=\"twitter:data1\" content=\"1 minuto\" \/>\n<script type=\"application\/ld+json\" class=\"yoast-schema-graph\">{\"@context\":\"https:\/\/schema.org\",\"@graph\":[{\"@type\":\"WebPage\",\"@id\":\"https:\/\/www.icip.cat\/es\/seminarios\/experiencias-de-reconciliacion\/\",\"url\":\"https:\/\/www.icip.cat\/es\/seminarios\/experiencias-de-reconciliacion\/\",\"name\":\"Experiencias de reconciliaci\u00f3n - ICIP\",\"isPartOf\":{\"@id\":\"https:\/\/www.icip.cat\/ca\/#website\"},\"primaryImageOfPage\":{\"@id\":\"https:\/\/www.icip.cat\/es\/seminarios\/experiencias-de-reconciliacion\/#primaryimage\"},\"image\":{\"@id\":\"https:\/\/www.icip.cat\/es\/seminarios\/experiencias-de-reconciliacion\/#primaryimage\"},\"thumbnailUrl\":\"https:\/\/www.icip.cat\/wp-content\/uploads\/2020\/11\/seminaris7.jpg\",\"datePublished\":\"2020-12-29T10:19:52+00:00\",\"dateModified\":\"2021-02-01T08:37:06+00:00\",\"inLanguage\":\"es\",\"potentialAction\":[{\"@type\":\"ReadAction\",\"target\":[\"https:\/\/www.icip.cat\/es\/seminarios\/experiencias-de-reconciliacion\/\"]}]},{\"@type\":\"ImageObject\",\"inLanguage\":\"es\",\"@id\":\"https:\/\/www.icip.cat\/es\/seminarios\/experiencias-de-reconciliacion\/#primaryimage\",\"url\":\"https:\/\/www.icip.cat\/wp-content\/uploads\/2020\/11\/seminaris7.jpg\",\"contentUrl\":\"https:\/\/www.icip.cat\/wp-content\/uploads\/2020\/11\/seminaris7.jpg\",\"width\":560,\"height\":420},{\"@type\":\"WebSite\",\"@id\":\"https:\/\/www.icip.cat\/ca\/#website\",\"url\":\"https:\/\/www.icip.cat\/ca\/\",\"name\":\"ICIP\",\"description\":\"\",\"publisher\":{\"@id\":\"https:\/\/www.icip.cat\/ca\/#organization\"},\"potentialAction\":[{\"@type\":\"SearchAction\",\"target\":{\"@type\":\"EntryPoint\",\"urlTemplate\":\"https:\/\/www.icip.cat\/ca\/?s={search_term_string}\"},\"query-input\":{\"@type\":\"PropertyValueSpecification\",\"valueRequired\":true,\"valueName\":\"search_term_string\"}}],\"inLanguage\":\"es\"},{\"@type\":\"Organization\",\"@id\":\"https:\/\/www.icip.cat\/ca\/#organization\",\"name\":\"ICIP\",\"url\":\"https:\/\/www.icip.cat\/ca\/\",\"logo\":{\"@type\":\"ImageObject\",\"inLanguage\":\"es\",\"@id\":\"https:\/\/www.icip.cat\/ca\/#\/schema\/logo\/image\/\",\"url\":\"https:\/\/www.icip.cat\/wp-content\/uploads\/2021\/02\/logo-2.png\",\"contentUrl\":\"https:\/\/www.icip.cat\/wp-content\/uploads\/2021\/02\/logo-2.png\",\"width\":562,\"height\":391,\"caption\":\"ICIP\"},\"image\":{\"@id\":\"https:\/\/www.icip.cat\/ca\/#\/schema\/logo\/image\/\"}}]}<\/script>\n<!-- \/ Yoast SEO plugin. -->","yoast_head_json":{"title":"Experiencias de reconciliaci\u00f3n - ICIP","robots":{"index":"index","follow":"follow","max-snippet":"max-snippet:-1","max-image-preview":"max-image-preview:large","max-video-preview":"max-video-preview:-1"},"canonical":"https:\/\/www.icip.cat\/es\/seminarios\/experiencias-de-reconciliacion\/","og_locale":"es_ES","og_type":"article","og_title":"Experiencias de reconciliaci\u00f3n - ICIP","og_description":"El seminario Experiencias de reconciliaci\u00f3n, organizado por el ICIP y la fundaci\u00f3n Konrad Adenauer Stiftung, tuvo por objetivo abordar diferentes procesos de reconciliaci\u00f3n que se han vivido despu\u00e9s de episodios de conflictos violentos. La reconciliaci\u00f3n entendida como un proceso global y largo en el que se ponen en juego numerosas cuestiones como el esclarecimiento de [&hellip;]","og_url":"https:\/\/www.icip.cat\/es\/seminarios\/experiencias-de-reconciliacion\/","og_site_name":"ICIP","article_modified_time":"2021-02-01T08:37:06+00:00","og_image":[{"width":560,"height":420,"url":"https:\/\/www.icip.cat\/wp-content\/uploads\/2020\/11\/seminaris7.jpg","type":"image\/jpeg"}],"twitter_card":"summary_large_image","twitter_misc":{"Tiempo de lectura":"1 minuto"},"schema":{"@context":"https:\/\/schema.org","@graph":[{"@type":"WebPage","@id":"https:\/\/www.icip.cat\/es\/seminarios\/experiencias-de-reconciliacion\/","url":"https:\/\/www.icip.cat\/es\/seminarios\/experiencias-de-reconciliacion\/","name":"Experiencias de reconciliaci\u00f3n - ICIP","isPartOf":{"@id":"https:\/\/www.icip.cat\/ca\/#website"},"primaryImageOfPage":{"@id":"https:\/\/www.icip.cat\/es\/seminarios\/experiencias-de-reconciliacion\/#primaryimage"},"image":{"@id":"https:\/\/www.icip.cat\/es\/seminarios\/experiencias-de-reconciliacion\/#primaryimage"},"thumbnailUrl":"https:\/\/www.icip.cat\/wp-content\/uploads\/2020\/11\/seminaris7.jpg","datePublished":"2020-12-29T10:19:52+00:00","dateModified":"2021-02-01T08:37:06+00:00","inLanguage":"es","potentialAction":[{"@type":"ReadAction","target":["https:\/\/www.icip.cat\/es\/seminarios\/experiencias-de-reconciliacion\/"]}]},{"@type":"ImageObject","inLanguage":"es","@id":"https:\/\/www.icip.cat\/es\/seminarios\/experiencias-de-reconciliacion\/#primaryimage","url":"https:\/\/www.icip.cat\/wp-content\/uploads\/2020\/11\/seminaris7.jpg","contentUrl":"https:\/\/www.icip.cat\/wp-content\/uploads\/2020\/11\/seminaris7.jpg","width":560,"height":420},{"@type":"WebSite","@id":"https:\/\/www.icip.cat\/ca\/#website","url":"https:\/\/www.icip.cat\/ca\/","name":"ICIP","description":"","publisher":{"@id":"https:\/\/www.icip.cat\/ca\/#organization"},"potentialAction":[{"@type":"SearchAction","target":{"@type":"EntryPoint","urlTemplate":"https:\/\/www.icip.cat\/ca\/?s={search_term_string}"},"query-input":{"@type":"PropertyValueSpecification","valueRequired":true,"valueName":"search_term_string"}}],"inLanguage":"es"},{"@type":"Organization","@id":"https:\/\/www.icip.cat\/ca\/#organization","name":"ICIP","url":"https:\/\/www.icip.cat\/ca\/","logo":{"@type":"ImageObject","inLanguage":"es","@id":"https:\/\/www.icip.cat\/ca\/#\/schema\/logo\/image\/","url":"https:\/\/www.icip.cat\/wp-content\/uploads\/2021\/02\/logo-2.png","contentUrl":"https:\/\/www.icip.cat\/wp-content\/uploads\/2021\/02\/logo-2.png","width":562,"height":391,"caption":"ICIP"},"image":{"@id":"https:\/\/www.icip.cat\/ca\/#\/schema\/logo\/image\/"}}]}},"_links":{"self":[{"href":"https:\/\/www.icip.cat\/es\/wp-json\/wp\/v2\/icip_seminar\/9590","targetHints":{"allow":["GET"]}}],"collection":[{"href":"https:\/\/www.icip.cat\/es\/wp-json\/wp\/v2\/icip_seminar"}],"about":[{"href":"https:\/\/www.icip.cat\/es\/wp-json\/wp\/v2\/types\/icip_seminar"}],"version-history":[{"count":8,"href":"https:\/\/www.icip.cat\/es\/wp-json\/wp\/v2\/icip_seminar\/9590\/revisions"}],"predecessor-version":[{"id":15328,"href":"https:\/\/www.icip.cat\/es\/wp-json\/wp\/v2\/icip_seminar\/9590\/revisions\/15328"}],"wp:featuredmedia":[{"embeddable":true,"href":"https:\/\/www.icip.cat\/es\/wp-json\/wp\/v2\/media\/14303"}],"wp:attachment":[{"href":"https:\/\/www.icip.cat\/es\/wp-json\/wp\/v2\/media?parent=9590"}],"curies":[{"name":"wp","href":"https:\/\/api.w.org\/{rel}","templated":true}]}}