{"id":25465,"date":"2022-02-28T15:02:19","date_gmt":"2022-02-28T15:02:19","guid":{"rendered":"http:\/\/www.icip.cat\/?page_id=25465"},"modified":"2024-09-10T09:58:45","modified_gmt":"2024-09-10T09:58:45","slug":"ciudades-defensoras-de-los-derechos-humanos","status":"publish","type":"page","link":"https:\/\/www.icip.cat\/es\/ciudades-defensoras-de-los-derechos-humanos\/","title":{"rendered":"Ciudades Defensoras de los Derechos Humanos"},"content":{"rendered":"\t\t<div data-elementor-type=\"wp-page\" data-elementor-id=\"25465\" class=\"elementor elementor-25465 elementor-25112\" data-elementor-post-type=\"page\">\n\t\t\t\t\t\t<section class=\"elementor-section elementor-top-section elementor-element elementor-element-45df66c elementor-section-boxed elementor-section-height-default elementor-section-height-default\" data-id=\"45df66c\" data-element_type=\"section\" data-settings=\"{&quot;background_background&quot;:&quot;classic&quot;}\">\n\t\t\t\t\t\t\t<div class=\"elementor-background-overlay\"><\/div>\n\t\t\t\t\t\t\t<div class=\"elementor-container elementor-column-gap-default\">\n\t\t\t\t\t<div class=\"elementor-column elementor-col-100 elementor-top-column elementor-element elementor-element-2b384b4\" data-id=\"2b384b4\" data-element_type=\"column\">\n\t\t\t<div class=\"elementor-widget-wrap elementor-element-populated\">\n\t\t\t\t\t\t<div class=\"elementor-element elementor-element-5d8b546 elementor-widget elementor-widget-heading\" data-id=\"5d8b546\" data-element_type=\"widget\" data-widget_type=\"heading.default\">\n\t\t\t\t<div class=\"elementor-widget-container\">\n\t\t\t\t\t<h1 class=\"elementor-heading-title elementor-size-xl\">Ciudades Defensoras de los Derechos Humanos<\/h1>\t\t\t\t<\/div>\n\t\t\t\t<\/div>\n\t\t\t\t\t<\/div>\n\t\t<\/div>\n\t\t\t\t\t<\/div>\n\t\t<\/section>\n\t\t\t\t<section class=\"elementor-section elementor-top-section elementor-element elementor-element-cbd4b0f elementor-section-boxed elementor-section-height-default elementor-section-height-default\" data-id=\"cbd4b0f\" data-element_type=\"section\">\n\t\t\t\t\t\t<div class=\"elementor-container elementor-column-gap-default\">\n\t\t\t\t\t<div class=\"elementor-column elementor-col-100 elementor-top-column elementor-element elementor-element-2386ddb\" data-id=\"2386ddb\" data-element_type=\"column\">\n\t\t\t<div class=\"elementor-widget-wrap elementor-element-populated\">\n\t\t\t\t\t\t<div class=\"elementor-element elementor-element-062599d elementor-widget elementor-widget-text-editor\" data-id=\"062599d\" data-element_type=\"widget\" data-widget_type=\"text-editor.default\">\n\t\t\t\t<div class=\"elementor-widget-container\">\n\t\t\t\t\t\t\t\t\t<p>Desde el a\u00f1o 2013, el ICIP forma parte de las instituciones p\u00fablicas y organizaciones que dan vida y soporte al proyecto <a href=\"https:\/\/ciutatsdretshumans.cat\/\"><strong>Ciudades Defensoras de los Derechos Humanos<\/strong><\/a>, en el que participan diferentes municipios catalanes.<\/p>\n<p>El objetivo de la iniciativa es dar a conocer la labor de los y las activistas por los derechos humanos de todo el mundo a trav\u00e9s de su propio testimonio y concienciar a la ciudadan\u00eda sobre la importancia del apoyo internacional a sus luchas, as\u00ed como de la necesidad integrar la defensa de los derechos humanos en nuestra labor cotidiana.<\/p>\n<p>Desde el inicio del programa decenas de activistas procedentes de todo el mundo han visitado Catalu\u00f1a para participar en numerosas actividades de sensibilizaci\u00f3n sobre el papel de los defensores en la promoci\u00f3n y protecci\u00f3n de los derechos y libertades fundamentales y los peligros a los que se enfrentan en el desarrollo de su labor.<\/p>\n\t\t\t\t\t\t\t\t<\/div>\n\t\t\t\t<\/div>\n\t\t\t\t<div class=\"elementor-element elementor-element-0f322e1 elementor-button-warning elementor-align-center elementor-widget elementor-widget-button\" data-id=\"0f322e1\" data-element_type=\"widget\" data-widget_type=\"button.default\">\n\t\t\t\t<div class=\"elementor-widget-container\">\n\t\t\t\t\t\t\t\t\t<div class=\"elementor-button-wrapper\">\n\t\t\t\t\t<a class=\"elementor-button elementor-button-link elementor-size-lg\" href=\"https:\/\/ciutatsdretshumans.cat\/es\/\">\n\t\t\t\t\t\t<span class=\"elementor-button-content-wrapper\">\n\t\t\t\t\t\t\t\t\t<span class=\"elementor-button-text\">Visita la web del proyecto<\/span>\n\t\t\t\t\t<\/span>\n\t\t\t\t\t<\/a>\n\t\t\t\t<\/div>\n\t\t\t\t\t\t\t\t<\/div>\n\t\t\t\t<\/div>\n\t\t\t\t<div class=\"elementor-element elementor-element-03020b9 elementor-widget-divider--view-line elementor-widget elementor-widget-divider\" data-id=\"03020b9\" data-element_type=\"widget\" data-widget_type=\"divider.default\">\n\t\t\t\t<div class=\"elementor-widget-container\">\n\t\t\t\t\t\t\t<div class=\"elementor-divider\">\n\t\t\t<span class=\"elementor-divider-separator\">\n\t\t\t\t\t\t<\/span>\n\t\t<\/div>\n\t\t\t\t\t\t<\/div>\n\t\t\t\t<\/div>\n\t\t\t\t<div class=\"elementor-element elementor-element-4f45f9e elementor-widget elementor-widget-heading\" data-id=\"4f45f9e\" data-element_type=\"widget\" data-widget_type=\"heading.default\">\n\t\t\t\t<div class=\"elementor-widget-container\">\n\t\t\t\t\t<h2 class=\"elementor-heading-title elementor-size-default\">Edici\u00f3n 2024<\/h2>\t\t\t\t<\/div>\n\t\t\t\t<\/div>\n\t\t\t\t<div class=\"elementor-element elementor-element-ba80cc6 elementor-widget elementor-widget-text-editor\" data-id=\"ba80cc6\" data-element_type=\"widget\" data-widget_type=\"text-editor.default\">\n\t\t\t\t<div class=\"elementor-widget-container\">\n\t\t\t\t\t\t\t\t\t<p>Como en otras ediciones, la XIV edici\u00f3n del programa <strong>Ciudades Defensoras de Derechos Humanos<\/strong> consta de una edici\u00f3n de primavera y una de oto\u00f1o.<\/p><p>La edici\u00f3n de oto\u00f1o se celebra del 30 de septiembre al 9 de octubre.<\/p><p>La edici\u00f3n de primavera se celebr\u00f3 del 8 al 17 de abril de 2024. Siete personas defensoras de los derechos humanos visitaron treinta municipios catalanes para explicar su labor y dar visibilidad a sus luchas.<\/p><p>Durante su estancia, las activistas participaron en actividades de sensibilizaci\u00f3n y talleres en las escuelas, realizaron reuniones institucionales de incidencia pol\u00edtica y encuentros con entidades locales, y ofrecieron charlas abiertas a la ciudadan\u00eda.<\/p><p>Las personas defensoras que participaron fueron:<\/p><ul><li><strong>Sara L\u00f3pez<\/strong>, activista por los derechos de los pueblos ind\u00edgenas y el medio ambiente de M\u00e9xico, y miembro del Consejo Regional Ind\u00edgena y Popular de Xpujil y Consejo Nacional Ind\u00edgena (CNI);<\/li><li><strong>Bisharo Ali Hussein<\/strong>, defensora keniana de los derechos de las mujeres y las personas migradas y refugiadas.<\/li><li><strong>Yslem Mohamed Salem Nafaa<\/strong>, rapero saharaui nacido en los campamentos de Tinduf, en Argelia.<\/li><li><strong>Karima Shujazada<\/strong>, periodista afgana residente en Barcelona que ha trabajado por los derechos de las mujeres y personas refugiadas.<\/li><li><strong>Catalina Salazar<\/strong>, cantante de hip hop de Chile centrada en temas como la juventud, la paz y la educaci\u00f3n.<\/li><li><strong>Mar Shanin<\/strong> e <strong>Iris Gur<\/strong>, dos activistas palestina e israel\u00ed que forman parte del movimiento Combatants for Peace.<\/li><\/ul><p>Este proyecto est\u00e1 coordinado por el Fondo Catal\u00e1n de Cooperaci\u00f3n al Desarrollo, junto con la Comisi\u00f3n Catalana de Acci\u00f3n por el Refugio y la participaci\u00f3n de ayuntamientos, entidades e instituciones como el ICIP.<\/p>\t\t\t\t\t\t\t\t<\/div>\n\t\t\t\t<\/div>\n\t\t\t\t<div class=\"elementor-element elementor-element-84c6b16 elementor-widget elementor-widget-video\" data-id=\"84c6b16\" data-element_type=\"widget\" data-settings=\"{&quot;youtube_url&quot;:&quot;https:\\\/\\\/www.youtube.com\\\/watch?v=W4OzCELDVTU&quot;,&quot;video_type&quot;:&quot;youtube&quot;,&quot;controls&quot;:&quot;yes&quot;}\" data-widget_type=\"video.default\">\n\t\t\t\t<div class=\"elementor-widget-container\">\n\t\t\t\t\t\t\t<div class=\"elementor-wrapper elementor-open-inline\">\n\t\t\t<div class=\"elementor-video\"><\/div>\t\t<\/div>\n\t\t\t\t\t\t<\/div>\n\t\t\t\t<\/div>\n\t\t\t\t<div class=\"elementor-element elementor-element-0afc194 elementor-button-warning elementor-align-center elementor-widget elementor-widget-button\" data-id=\"0afc194\" data-element_type=\"widget\" data-widget_type=\"button.default\">\n\t\t\t\t<div class=\"elementor-widget-container\">\n\t\t\t\t\t\t\t\t\t<div class=\"elementor-button-wrapper\">\n\t\t\t\t\t<a class=\"elementor-button elementor-button-link elementor-size-lg\" href=\"https:\/\/ciutatsdretshumans.cat\/wp-content\/uploads\/2024\/03\/DOSSIER_PRIMAVERA_CDDH_2024-1.pdf\">\n\t\t\t\t\t\t<span class=\"elementor-button-content-wrapper\">\n\t\t\t\t\t\t\t\t\t<span class=\"elementor-button-text\">Dosier Edici\u00f3n Primavera 2024<\/span>\n\t\t\t\t\t<\/span>\n\t\t\t\t\t<\/a>\n\t\t\t\t<\/div>\n\t\t\t\t\t\t\t\t<\/div>\n\t\t\t\t<\/div>\n\t\t\t\t<div class=\"elementor-element elementor-element-2f3e981 elementor-widget-divider--view-line elementor-widget elementor-widget-divider\" data-id=\"2f3e981\" data-element_type=\"widget\" data-widget_type=\"divider.default\">\n\t\t\t\t<div class=\"elementor-widget-container\">\n\t\t\t\t\t\t\t<div class=\"elementor-divider\">\n\t\t\t<span class=\"elementor-divider-separator\">\n\t\t\t\t\t\t<\/span>\n\t\t<\/div>\n\t\t\t\t\t\t<\/div>\n\t\t\t\t<\/div>\n\t\t\t\t<div class=\"elementor-element elementor-element-bd459f1 elementor-widget elementor-widget-heading\" data-id=\"bd459f1\" data-element_type=\"widget\" data-widget_type=\"heading.default\">\n\t\t\t\t<div class=\"elementor-widget-container\">\n\t\t\t\t\t<h2 class=\"elementor-heading-title elementor-size-default\">Ediciones anteriores<\/h2>\t\t\t\t<\/div>\n\t\t\t\t<\/div>\n\t\t\t\t<div class=\"elementor-element elementor-element-1792303 elementor-widget elementor-widget-text-editor\" data-id=\"1792303\" data-element_type=\"widget\" data-widget_type=\"text-editor.default\">\n\t\t\t\t<div class=\"elementor-widget-container\">\n\t\t\t\t\t\t\t\t\t<h3>2023<\/h3><h4><span style=\"font-weight: normal;\">En 2023 se ha celebrado la XIII edici\u00f3n del proyecto, que ha contado con dos giras. La primera parte tuvo lugar en primavera, del 19 al 28 de abril, y la segunda, del 2 al 11 de octubre.<\/span><\/h4><p>Los ejes tem\u00e1ticos han sido la defensa de la tierra y el medio ambiente; la defensa de las mujeres y el colectivo LGTBIQ+; el derecho a la paz, derechos civiles y pol\u00edticos; y el derecho de las personas migradas y refugiadas.<\/p><p>En total, en esta edici\u00f3n han participado trece activistas. Los protagonista de la gira de primavera fuerons los activistas <b>Thiat<\/b> (Senegal), <b>Wendy Quintero<\/b> (Nicaragua), <b>Laila Ajjawi<\/b> (Palestina\/Jordania), <b>Trifonia Melibea Obono<\/b> (Guinea Equatorial), <b>Justino Piaguaje<\/b> (Ecuador) y <b>Nadia Gulham<\/b> (Afganistan\/Catalu\u00f1a).<\/p>\t\t\t\t\t\t\t\t<\/div>\n\t\t\t\t<\/div>\n\t\t\t\t<div class=\"elementor-element elementor-element-af3e323 elementor-button-warning elementor-align-center elementor-widget elementor-widget-button\" data-id=\"af3e323\" data-element_type=\"widget\" data-widget_type=\"button.default\">\n\t\t\t\t<div class=\"elementor-widget-container\">\n\t\t\t\t\t\t\t\t\t<div class=\"elementor-button-wrapper\">\n\t\t\t\t\t<a class=\"elementor-button elementor-button-link elementor-size-lg\" href=\"https:\/\/www.icip.cat\/wp-content\/uploads\/2023\/07\/Dossier-primavera-CDDH-2023.pdf\">\n\t\t\t\t\t\t<span class=\"elementor-button-content-wrapper\">\n\t\t\t\t\t\t\t\t\t<span class=\"elementor-button-text\">Dosier Edici\u00f3n primavera 2023<\/span>\n\t\t\t\t\t<\/span>\n\t\t\t\t\t<\/a>\n\t\t\t\t<\/div>\n\t\t\t\t\t\t\t\t<\/div>\n\t\t\t\t<\/div>\n\t\t\t\t<div class=\"elementor-element elementor-element-89a4410 elementor-widget elementor-widget-text-editor\" data-id=\"89a4410\" data-element_type=\"widget\" data-widget_type=\"text-editor.default\">\n\t\t\t\t<div class=\"elementor-widget-container\">\n\t\t\t\t\t\t\t\t\t<p>Las personas defensoras invitadas en la gira de oto\u00f1o han sido:\u00a0\u00a0<strong>Adenike Oladosu<\/strong>, de Nigeria,\u00a0<strong>Carlos Andr\u00e9s Tobar<\/strong>, de Colombia,\u00a0<strong>Yezli Mic<\/strong>, de El Salvador,\u00a0<strong>Jorge Weke<\/strong>, de Chile,\u00a0<strong>Fatimah Hossaini<\/strong>, de Afganist\u00e1n,\u00a0<strong>Dora Mu\u00f1oz<\/strong>, de Colombia y\u00a0<strong>Martha Moreno<\/strong>, de M\u00e9xico.<\/p>\t\t\t\t\t\t\t\t<\/div>\n\t\t\t\t<\/div>\n\t\t\t\t<div class=\"elementor-element elementor-element-a42b895 elementor-button-warning elementor-align-center elementor-widget elementor-widget-button\" data-id=\"a42b895\" data-element_type=\"widget\" data-widget_type=\"button.default\">\n\t\t\t\t<div class=\"elementor-widget-container\">\n\t\t\t\t\t\t\t\t\t<div class=\"elementor-button-wrapper\">\n\t\t\t\t\t<a class=\"elementor-button elementor-button-link elementor-size-lg\" href=\"https:\/\/ciutatsdretshumans.cat\/wp-content\/uploads\/2023\/09\/DOSSIER_TARDOR_CDDH_2023-1.pdf\">\n\t\t\t\t\t\t<span class=\"elementor-button-content-wrapper\">\n\t\t\t\t\t\t\t\t\t<span class=\"elementor-button-text\">Dosier Edici\u00f3n oto\u00f1o 2023<\/span>\n\t\t\t\t\t<\/span>\n\t\t\t\t\t<\/a>\n\t\t\t\t<\/div>\n\t\t\t\t\t\t\t\t<\/div>\n\t\t\t\t<\/div>\n\t\t\t\t<div class=\"elementor-element elementor-element-1216eb5 elementor-widget elementor-widget-video\" data-id=\"1216eb5\" data-element_type=\"widget\" data-settings=\"{&quot;youtube_url&quot;:&quot;https:\\\/\\\/www.youtube.com\\\/watch?v=llzDjV2lrNs&quot;,&quot;video_type&quot;:&quot;youtube&quot;,&quot;controls&quot;:&quot;yes&quot;}\" data-widget_type=\"video.default\">\n\t\t\t\t<div class=\"elementor-widget-container\">\n\t\t\t\t\t\t\t<div class=\"elementor-wrapper elementor-open-inline\">\n\t\t\t<div class=\"elementor-video\"><\/div>\t\t<\/div>\n\t\t\t\t\t\t<\/div>\n\t\t\t\t<\/div>\n\t\t\t\t<div class=\"elementor-element elementor-element-7e46d4d elementor-widget-divider--view-line elementor-widget elementor-widget-divider\" data-id=\"7e46d4d\" data-element_type=\"widget\" data-widget_type=\"divider.default\">\n\t\t\t\t<div class=\"elementor-widget-container\">\n\t\t\t\t\t\t\t<div class=\"elementor-divider\">\n\t\t\t<span class=\"elementor-divider-separator\">\n\t\t\t\t\t\t<\/span>\n\t\t<\/div>\n\t\t\t\t\t\t<\/div>\n\t\t\t\t<\/div>\n\t\t\t\t<div class=\"elementor-element elementor-element-17fd1ee elementor-widget elementor-widget-text-editor\" data-id=\"17fd1ee\" data-element_type=\"widget\" data-widget_type=\"text-editor.default\">\n\t\t\t\t<div class=\"elementor-widget-container\">\n\t\t\t\t\t\t\t\t\t<h3>2022: Defendemos a qui\u00e9n defiende<\/h3><p>La XII edici\u00f3n del proyecto, en 2022, incluy\u00f3 dos giras. La primera parte tuvo lugar en primavera, del 25 de abril al 24 de mayo, y la segunda parte en oto\u00f1o, del 3 al 11 de octubre.<\/p><p>Los ejes tem\u00e1ticos fueron la defensa de la tierra y el medio ambiente; la defensa de las mujeres y el colectivo LGTBIQ+; el derecho a la paz, derechos civiles y pol\u00edticos; y el derecho de las personas migradas y refugiadas.<\/p><p>En primavera, Mike Anane, Yurany Cuellar, Morena Herrera, Maria Sol Taule, Nataniel Hern\u00e1ndez y Vania Arana realizaron actividades de incidencia pol\u00edtica, incidencia social y sensibilizaci\u00f3n en los 28 municipios catalanes que forman parte del proyecto.<\/p><p>En oto\u00f1o, los participantes fueron Nahun Lalin, activista hondure\u00f1o por la defensa de los derechos de las comunidades; Lucinda Evans, activista sudafricana y cara visible de la lucha contra las violencias machistas; Genith Quitiaquez, agr\u00f3noma colombiana y profesional de derecho propio y legislaci\u00f3n ind\u00edgena; Lorraine Leete, abogada y coordinadora del Legal Centro Lesvos; Ahmed Ettanji, periodista en el S\u00e1hara Occidental; Teresa Monta\u00f1o y Reyna Ram\u00edrez, periodistas mexicanas<\/p>\t\t\t\t\t\t\t\t<\/div>\n\t\t\t\t<\/div>\n\t\t\t\t<div class=\"elementor-element elementor-element-3bd3c2e elementor-button-warning elementor-align-center elementor-widget elementor-widget-button\" data-id=\"3bd3c2e\" data-element_type=\"widget\" data-widget_type=\"button.default\">\n\t\t\t\t<div class=\"elementor-widget-container\">\n\t\t\t\t\t\t\t\t\t<div class=\"elementor-button-wrapper\">\n\t\t\t\t\t<a class=\"elementor-button elementor-button-link elementor-size-lg\" href=\"http:\/\/www.icip.cat\/wp-content\/uploads\/2022\/10\/DOSSIER_TARDOR_CDDH_2022.pdf\">\n\t\t\t\t\t\t<span class=\"elementor-button-content-wrapper\">\n\t\t\t\t\t\t\t\t\t<span class=\"elementor-button-text\">Dosier Edici\u00f3n oto\u00f1o 2022<\/span>\n\t\t\t\t\t<\/span>\n\t\t\t\t\t<\/a>\n\t\t\t\t<\/div>\n\t\t\t\t\t\t\t\t<\/div>\n\t\t\t\t<\/div>\n\t\t\t\t<div class=\"elementor-element elementor-element-2bafb31 elementor-widget elementor-widget-video\" data-id=\"2bafb31\" data-element_type=\"widget\" data-settings=\"{&quot;youtube_url&quot;:&quot;https:\\\/\\\/youtu.be\\\/41EExJiWSqU&quot;,&quot;video_type&quot;:&quot;youtube&quot;,&quot;controls&quot;:&quot;yes&quot;}\" data-widget_type=\"video.default\">\n\t\t\t\t<div class=\"elementor-widget-container\">\n\t\t\t\t\t\t\t<div class=\"elementor-wrapper elementor-open-inline\">\n\t\t\t<div class=\"elementor-video\"><\/div>\t\t<\/div>\n\t\t\t\t\t\t<\/div>\n\t\t\t\t<\/div>\n\t\t\t\t<div class=\"elementor-element elementor-element-f16e9b1 elementor-widget-divider--view-line elementor-widget elementor-widget-divider\" data-id=\"f16e9b1\" data-element_type=\"widget\" data-widget_type=\"divider.default\">\n\t\t\t\t<div class=\"elementor-widget-container\">\n\t\t\t\t\t\t\t<div class=\"elementor-divider\">\n\t\t\t<span class=\"elementor-divider-separator\">\n\t\t\t\t\t\t<\/span>\n\t\t<\/div>\n\t\t\t\t\t\t<\/div>\n\t\t\t\t<\/div>\n\t\t\t\t<div class=\"elementor-element elementor-element-a66a5a2 elementor-widget elementor-widget-text-editor\" data-id=\"a66a5a2\" data-element_type=\"widget\" data-widget_type=\"text-editor.default\">\n\t\t\t\t<div class=\"elementor-widget-container\">\n\t\t\t\t\t\t\t\t\t<h3>2021: En defensa de la tierra y el medio ambiente<\/h3>\n<p>La edici\u00f3n de 2021 estuvo centrada en la defensa de la tierra y el medio ambiente, con intersecci\u00f3n en la defensa de los derechos de las personas migradas y refugiadas, el derecho a la paz y los derechos de las mujeres y del colectivo LGBTIQ+.<\/p>\n<p>Debido a la situaci\u00f3n de pandemia, en esta ocasi\u00f3n, al igual que en 2020, las actividades y talleres con las personas defensoras se llevaron a cabo de forma virtual.<\/p>\n<p>Como instituci\u00f3n colaboradora del proyecto, el ICIP organiz\u00f3 conjuntamente con Casa Am\u00e8rica Catalunya y el Instituto de Derechos Humanos de Catalunya el acto \u201cDefensa de los Derechos Humanos: \u00bfQu\u00e9 estamos aprendiendo con la pandemia?\u201d.<\/p>\n<p>En representaci\u00f3n del programa Ciudades Defensoras de los Derechos Humanos, el ICIP tambi\u00e9n organiz\u00f3 una mesa redonda con defensoras y defensores en el marco del II Congreso Mundial por la Paz, celebrado en octubre en Barcelona.<\/p>\n\t\t\t\t\t\t\t\t<\/div>\n\t\t\t\t<\/div>\n\t\t\t\t<div class=\"elementor-element elementor-element-1218ff8 elementor-widget elementor-widget-video\" data-id=\"1218ff8\" data-element_type=\"widget\" data-settings=\"{&quot;youtube_url&quot;:&quot;https:\\\/\\\/www.youtube.com\\\/watch?v=13E9arP2SFM&quot;,&quot;video_type&quot;:&quot;youtube&quot;,&quot;controls&quot;:&quot;yes&quot;}\" data-widget_type=\"video.default\">\n\t\t\t\t<div class=\"elementor-widget-container\">\n\t\t\t\t\t\t\t<div class=\"elementor-wrapper elementor-open-inline\">\n\t\t\t<div class=\"elementor-video\"><\/div>\t\t<\/div>\n\t\t\t\t\t\t<\/div>\n\t\t\t\t<\/div>\n\t\t\t\t<div class=\"elementor-element elementor-element-13969d3 elementor-widget-divider--view-line elementor-widget elementor-widget-divider\" data-id=\"13969d3\" data-element_type=\"widget\" data-widget_type=\"divider.default\">\n\t\t\t\t<div class=\"elementor-widget-container\">\n\t\t\t\t\t\t\t<div class=\"elementor-divider\">\n\t\t\t<span class=\"elementor-divider-separator\">\n\t\t\t\t\t\t<\/span>\n\t\t<\/div>\n\t\t\t\t\t\t<\/div>\n\t\t\t\t<\/div>\n\t\t\t\t<section class=\"elementor-section elementor-inner-section elementor-element elementor-element-38968ac elementor-section-boxed elementor-section-height-default elementor-section-height-default\" data-id=\"38968ac\" data-element_type=\"section\">\n\t\t\t\t\t\t<div class=\"elementor-container elementor-column-gap-default\">\n\t\t\t\t\t<div class=\"elementor-column elementor-col-100 elementor-inner-column elementor-element elementor-element-9e1797f\" data-id=\"9e1797f\" data-element_type=\"column\">\n\t\t\t<div class=\"elementor-widget-wrap elementor-element-populated\">\n\t\t\t\t\t\t<div class=\"elementor-element elementor-element-b205a0d elementor-widget elementor-widget-text-editor\" data-id=\"b205a0d\" data-element_type=\"widget\" data-widget_type=\"text-editor.default\">\n\t\t\t\t<div class=\"elementor-widget-container\">\n\t\t\t\t\t\t\t\t\t<h3>2020: Defensores y defensoras frente a la pandemia<\/h3>\n<p>La edici\u00f3n de 2020 se vio afectada por la emergencia sanitaria del coronavirus, lo que provoc\u00f3 la cancelaci\u00f3n de las actividades presenciales de primavera y oto\u00f1o del proyecto. Sin embargo, el proyecto se recondujo a trav\u00e9s de varias acciones online. Destaca, en este sentido, el encuentro virtual \u201cDefensores y defensoras de derechos humanos frente a la pandemia: amenazas, retos y resistencias&#8217;.<\/p>\n\t\t\t\t\t\t\t\t<\/div>\n\t\t\t\t<\/div>\n\t\t\t\t<div class=\"elementor-element elementor-element-b8fd00f elementor-widget elementor-widget-video\" data-id=\"b8fd00f\" data-element_type=\"widget\" data-settings=\"{&quot;youtube_url&quot;:&quot;https:\\\/\\\/www.youtube.com\\\/watch?v=as24oP0VUuU&quot;,&quot;video_type&quot;:&quot;youtube&quot;,&quot;controls&quot;:&quot;yes&quot;}\" data-widget_type=\"video.default\">\n\t\t\t\t<div class=\"elementor-widget-container\">\n\t\t\t\t\t\t\t<div class=\"elementor-wrapper elementor-open-inline\">\n\t\t\t<div class=\"elementor-video\"><\/div>\t\t<\/div>\n\t\t\t\t\t\t<\/div>\n\t\t\t\t<\/div>\n\t\t\t\t<div class=\"elementor-element elementor-element-31adbf3 elementor-widget-divider--view-line elementor-widget elementor-widget-divider\" data-id=\"31adbf3\" data-element_type=\"widget\" data-widget_type=\"divider.default\">\n\t\t\t\t<div class=\"elementor-widget-container\">\n\t\t\t\t\t\t\t<div class=\"elementor-divider\">\n\t\t\t<span class=\"elementor-divider-separator\">\n\t\t\t\t\t\t<\/span>\n\t\t<\/div>\n\t\t\t\t\t\t<\/div>\n\t\t\t\t<\/div>\n\t\t\t\t<div class=\"elementor-element elementor-element-6e9f301 elementor-widget elementor-widget-text-editor\" data-id=\"6e9f301\" data-element_type=\"widget\" data-widget_type=\"text-editor.default\">\n\t\t\t\t<div class=\"elementor-widget-container\">\n\t\t\t\t\t\t\t\t\t<h3>2019: Derechos humanos y sociedades polarizadas<\/h3>\n<p>En la edici\u00f3n de 2019 participaron trece defensores y defensoras de los derechos humanos, quienes explicaron su testimonio en diferentes municipios de Catalu\u00f1a. El ICIP, el Instituto de Derechos Humanos de Catalu\u00f1a y Casa Am\u00e8rica Catalunya organizaron la jornada inaugural del proyecto, que tuvo lugar el 5 de octubre en Casa Am\u00e8rica Catalunya. La jornada consisti\u00f3 en un debate con los activistas invitados bajo el t\u00edtulo &#8216;Derechos humanos y sociedades polarizadas&#8217; y el espacio &#8216;Micro x Tothom&#8217; abierto a la participaci\u00f3n del p\u00fablico asistente.<\/p>\n\t\t\t\t\t\t\t\t<\/div>\n\t\t\t\t<\/div>\n\t\t\t\t<div class=\"elementor-element elementor-element-1c7a814 elementor-widget-divider--view-line elementor-widget elementor-widget-divider\" data-id=\"1c7a814\" data-element_type=\"widget\" data-widget_type=\"divider.default\">\n\t\t\t\t<div class=\"elementor-widget-container\">\n\t\t\t\t\t\t\t<div class=\"elementor-divider\">\n\t\t\t<span class=\"elementor-divider-separator\">\n\t\t\t\t\t\t<\/span>\n\t\t<\/div>\n\t\t\t\t\t\t<\/div>\n\t\t\t\t<\/div>\n\t\t\t\t<div class=\"elementor-element elementor-element-65718f5 elementor-widget elementor-widget-text-editor\" data-id=\"65718f5\" data-element_type=\"widget\" data-widget_type=\"text-editor.default\">\n\t\t\t\t<div class=\"elementor-widget-container\">\n\t\t\t\t\t\t\t\t\t<h3>2018: \u00bfPor qu\u00e9 es un riesgo defender los derechos humanos en Latinoam\u00e9rica?<\/h3>\n<p>En la edici\u00f3n de 2018 participaron once defensores y defensoras de los derechos humanos, quienes explicaron su testimonio en diferentes municipios de Catalu\u00f1a. En el marco de este proyecto, el ICIP organiz\u00f3 la jornada &#8216;\u00bfPor qu\u00e9 es un riesgo defender los derechos humanos en Am\u00e9rica Latina?&#8217;, que cont\u00f3 con la participaci\u00f3n de activistas del continente latinoamericano. La sesi\u00f3n tuvo lugar en el Museo de Historia de Barcelona el 6 de octubre.<\/p>\n\t\t\t\t\t\t\t\t<\/div>\n\t\t\t\t<\/div>\n\t\t\t\t<div class=\"elementor-element elementor-element-91a097d elementor-widget-divider--view-line elementor-widget elementor-widget-divider\" data-id=\"91a097d\" data-element_type=\"widget\" data-widget_type=\"divider.default\">\n\t\t\t\t<div class=\"elementor-widget-container\">\n\t\t\t\t\t\t\t<div class=\"elementor-divider\">\n\t\t\t<span class=\"elementor-divider-separator\">\n\t\t\t\t\t\t<\/span>\n\t\t<\/div>\n\t\t\t\t\t\t<\/div>\n\t\t\t\t<\/div>\n\t\t\t\t<div class=\"elementor-element elementor-element-8dfc348 elementor-widget elementor-widget-text-editor\" data-id=\"8dfc348\" data-element_type=\"widget\" data-widget_type=\"text-editor.default\">\n\t\t\t\t<div class=\"elementor-widget-container\">\n\t\t\t\t\t\t\t\t\t<h3>2017: Derechos de las mujeres e igualdad de g\u00e9nero<\/h3>\n<p>En 2017 tuvo lugar la quinta edici\u00f3n del proyecto con la visita de las activistas Wafae Charaf (Marruecos), Hatice Kamer (Turqu\u00eda), Aliya Harir (Pakist\u00e1n), Vald\u00eania Paulino (Brasil), Diana Avella (Colombia), Aisha Dabo (Senegal) , Aisha Altubuly (Libia) y Felipe Moreno (Catalu\u00f1a). Los ocho activistas participaron en numerosas actividades como charlas, coloquios y encuentros que se organizaron en varios municipios del territorio catal\u00e1n.<\/p>\n\t\t\t\t\t\t\t\t<\/div>\n\t\t\t\t<\/div>\n\t\t\t\t<div class=\"elementor-element elementor-element-d532c8b elementor-widget-divider--view-line elementor-widget elementor-widget-divider\" data-id=\"d532c8b\" data-element_type=\"widget\" data-widget_type=\"divider.default\">\n\t\t\t\t<div class=\"elementor-widget-container\">\n\t\t\t\t\t\t\t<div class=\"elementor-divider\">\n\t\t\t<span class=\"elementor-divider-separator\">\n\t\t\t\t\t\t<\/span>\n\t\t<\/div>\n\t\t\t\t\t\t<\/div>\n\t\t\t\t<\/div>\n\t\t\t\t<div class=\"elementor-element elementor-element-deb64cf elementor-widget elementor-widget-text-editor\" data-id=\"deb64cf\" data-element_type=\"widget\" data-widget_type=\"text-editor.default\">\n\t\t\t\t<div class=\"elementor-widget-container\">\n\t\t\t\t\t\t\t\t\t<h3>2016: Los j\u00f3venes en la construcci\u00f3n de paz<\/h3>\n<p>En el marco de la iniciativa, el ICIP organiz\u00f3 la jornada &#8216;Los j\u00f3venes en la construcci\u00f3n de paz&#8217; con el objetivo de dar visibilidad al protagonismo ya la voz propia que manifiestan los j\u00f3venes a la hora de liderar proyectos de promoci\u00f3n y consolidaci\u00f3n de paz. La jornada tuvo lugar en octubre en Casa Am\u00e8rica Catalunya y cont\u00f3 con las intervenciones de Romeral Ortiz, representante de UNOY-United Network of Young Peacebuilders; Victor Ochen, fundador del African Youth Initiative Network (AYINET); Essam Daod, fundador de Humanity Crew; Jeihhco, promotor de acciones en favor de la convivencia y la noviolencia en Medell\u00edn (Colombia) a trav\u00e9s del hip hop; y Elisabet Puigdollers, del Servicio Civil Internacional\/Ravaluci\u00f3n.<\/p>\n\t\t\t\t\t\t\t\t<\/div>\n\t\t\t\t<\/div>\n\t\t\t\t<div class=\"elementor-element elementor-element-4e40113 elementor-widget-divider--view-line elementor-widget elementor-widget-divider\" data-id=\"4e40113\" data-element_type=\"widget\" data-widget_type=\"divider.default\">\n\t\t\t\t<div class=\"elementor-widget-container\">\n\t\t\t\t\t\t\t<div class=\"elementor-divider\">\n\t\t\t<span class=\"elementor-divider-separator\">\n\t\t\t\t\t\t<\/span>\n\t\t<\/div>\n\t\t\t\t\t\t<\/div>\n\t\t\t\t<\/div>\n\t\t\t\t<div class=\"elementor-element elementor-element-8828c9a elementor-widget elementor-widget-text-editor\" data-id=\"8828c9a\" data-element_type=\"widget\" data-widget_type=\"text-editor.default\">\n\t\t\t\t<div class=\"elementor-widget-container\">\n\t\t\t\t\t\t\t\t\t<h3>2015: Denunciando abusos. Buscando respuestas<\/h3>\n<p>En el marco de la iniciativa, el ICIP particip\u00f3 en la organizaci\u00f3n de la jornada \u201cDenunciando abusos. Buscando respuestas. El Tribunal Permanente de los Pueblos y otras experiencias para reclamar justicia\u201d.<\/p>\n<p>La jornada tuvo lugar en octubre en Barcelona y ofreci\u00f3 un debate y una reflexi\u00f3n sobre c\u00f3mo dar visibilidad a diferentes luchas a favor de los derechos humanos a partir de diversas experiencias locales e internacionales.<\/p>\n\t\t\t\t\t\t\t\t<\/div>\n\t\t\t\t<\/div>\n\t\t\t\t\t<\/div>\n\t\t<\/div>\n\t\t\t\t\t<\/div>\n\t\t<\/section>\n\t\t\t\t<div class=\"elementor-element elementor-element-d48510c elementor-widget-divider--view-line elementor-widget elementor-widget-divider\" data-id=\"d48510c\" data-element_type=\"widget\" data-widget_type=\"divider.default\">\n\t\t\t\t<div class=\"elementor-widget-container\">\n\t\t\t\t\t\t\t<div class=\"elementor-divider\">\n\t\t\t<span class=\"elementor-divider-separator\">\n\t\t\t\t\t\t<\/span>\n\t\t<\/div>\n\t\t\t\t\t\t<\/div>\n\t\t\t\t<\/div>\n\t\t\t\t\t<\/div>\n\t\t<\/div>\n\t\t\t\t\t<\/div>\n\t\t<\/section>\n\t\t\t\t<section class=\"elementor-section elementor-top-section elementor-element elementor-element-9b22239 elementor-section-boxed elementor-section-height-default elementor-section-height-default\" data-id=\"9b22239\" data-element_type=\"section\">\n\t\t\t\t\t\t<div class=\"elementor-container elementor-column-gap-default\">\n\t\t\t\t\t<div class=\"elementor-column elementor-col-100 elementor-top-column elementor-element elementor-element-fac34b8\" data-id=\"fac34b8\" data-element_type=\"column\">\n\t\t\t<div class=\"elementor-widget-wrap elementor-element-populated\">\n\t\t\t\t\t\t\t<\/div>\n\t\t<\/div>\n\t\t\t\t\t<\/div>\n\t\t<\/section>\n\t\t\t\t<\/div>\n\t\t","protected":false},"excerpt":{"rendered":"<p>Ciudades Defensoras de los Derechos Humanos Desde el a\u00f1o 2013, el ICIP forma parte de las instituciones p\u00fablicas y organizaciones que dan vida y soporte al proyecto Ciudades Defensoras de los Derechos Humanos, en el que participan diferentes municipios catalanes. El objetivo de la iniciativa es dar a conocer la labor de los y las [&hellip;]<\/p>\n","protected":false},"author":4,"featured_media":0,"parent":0,"menu_order":0,"comment_status":"closed","ping_status":"closed","template":"","meta":{"_acf_changed":false,"footnotes":""},"class_list":["post-25465","page","type-page","status-publish","hentry"],"acf":[],"yoast_head":"<!-- This site is optimized with the Yoast SEO plugin v25.6 - https:\/\/yoast.com\/wordpress\/plugins\/seo\/ -->\n<title>Ciudades Defensoras de los Derechos Humanos - ICIP<\/title>\n<meta name=\"description\" content=\"Desde el a\u00f1o 2013, el ICIP forma parte de las instituciones y organizaciones que dan vida al proyecto Ciudades Defensoras de los Derechos Humanos.\" \/>\n<meta name=\"robots\" content=\"index, follow, max-snippet:-1, max-image-preview:large, max-video-preview:-1\" \/>\n<link rel=\"canonical\" href=\"https:\/\/www.icip.cat\/ca\/ciutats-defensores-dels-drets-humans\/\" \/>\n<meta property=\"og:locale\" content=\"es_ES\" \/>\n<meta property=\"og:type\" content=\"article\" \/>\n<meta property=\"og:title\" content=\"Ciudades Defensoras de los Derechos Humanos - ICIP\" \/>\n<meta property=\"og:description\" content=\"Desde el a\u00f1o 2013, el ICIP forma parte de las instituciones y organizaciones que dan vida al proyecto Ciudades Defensoras de los Derechos Humanos.\" \/>\n<meta property=\"og:url\" content=\"https:\/\/www.icip.cat\/ca\/ciutats-defensores-dels-drets-humans\/\" \/>\n<meta property=\"og:site_name\" content=\"ICIP\" \/>\n<meta property=\"article:modified_time\" content=\"2024-09-10T09:58:45+00:00\" \/>\n<meta name=\"twitter:card\" content=\"summary_large_image\" \/>\n<meta name=\"twitter:label1\" content=\"Tiempo de lectura\" \/>\n\t<meta name=\"twitter:data1\" content=\"7 minutos\" \/>\n<script type=\"application\/ld+json\" class=\"yoast-schema-graph\">{\"@context\":\"https:\/\/schema.org\",\"@graph\":[{\"@type\":\"WebPage\",\"@id\":\"https:\/\/www.icip.cat\/ca\/ciutats-defensores-dels-drets-humans\/\",\"url\":\"https:\/\/www.icip.cat\/ca\/ciutats-defensores-dels-drets-humans\/\",\"name\":\"Ciudades Defensoras de los Derechos Humanos - ICIP\",\"isPartOf\":{\"@id\":\"https:\/\/www.icip.cat\/ca\/#website\"},\"datePublished\":\"2022-02-28T15:02:19+00:00\",\"dateModified\":\"2024-09-10T09:58:45+00:00\",\"description\":\"Desde el a\u00f1o 2013, el ICIP forma parte de las instituciones y organizaciones que dan vida al proyecto Ciudades Defensoras de los Derechos Humanos.\",\"inLanguage\":\"es\",\"potentialAction\":[{\"@type\":\"ReadAction\",\"target\":[\"https:\/\/www.icip.cat\/ca\/ciutats-defensores-dels-drets-humans\/\"]}]},{\"@type\":\"WebSite\",\"@id\":\"https:\/\/www.icip.cat\/ca\/#website\",\"url\":\"https:\/\/www.icip.cat\/ca\/\",\"name\":\"ICIP\",\"description\":\"\",\"publisher\":{\"@id\":\"https:\/\/www.icip.cat\/ca\/#organization\"},\"potentialAction\":[{\"@type\":\"SearchAction\",\"target\":{\"@type\":\"EntryPoint\",\"urlTemplate\":\"https:\/\/www.icip.cat\/ca\/?s={search_term_string}\"},\"query-input\":{\"@type\":\"PropertyValueSpecification\",\"valueRequired\":true,\"valueName\":\"search_term_string\"}}],\"inLanguage\":\"es\"},{\"@type\":\"Organization\",\"@id\":\"https:\/\/www.icip.cat\/ca\/#organization\",\"name\":\"ICIP\",\"url\":\"https:\/\/www.icip.cat\/ca\/\",\"logo\":{\"@type\":\"ImageObject\",\"inLanguage\":\"es\",\"@id\":\"https:\/\/www.icip.cat\/ca\/#\/schema\/logo\/image\/\",\"url\":\"https:\/\/www.icip.cat\/wp-content\/uploads\/2021\/02\/logo-2.png\",\"contentUrl\":\"https:\/\/www.icip.cat\/wp-content\/uploads\/2021\/02\/logo-2.png\",\"width\":562,\"height\":391,\"caption\":\"ICIP\"},\"image\":{\"@id\":\"https:\/\/www.icip.cat\/ca\/#\/schema\/logo\/image\/\"}}]}<\/script>\n<!-- \/ Yoast SEO plugin. -->","yoast_head_json":{"title":"Ciudades Defensoras de los Derechos Humanos - ICIP","description":"Desde el a\u00f1o 2013, el ICIP forma parte de las instituciones y organizaciones que dan vida al proyecto Ciudades Defensoras de los Derechos Humanos.","robots":{"index":"index","follow":"follow","max-snippet":"max-snippet:-1","max-image-preview":"max-image-preview:large","max-video-preview":"max-video-preview:-1"},"canonical":"https:\/\/www.icip.cat\/ca\/ciutats-defensores-dels-drets-humans\/","og_locale":"es_ES","og_type":"article","og_title":"Ciudades Defensoras de los Derechos Humanos - ICIP","og_description":"Desde el a\u00f1o 2013, el ICIP forma parte de las instituciones y organizaciones que dan vida al proyecto Ciudades Defensoras de los Derechos Humanos.","og_url":"https:\/\/www.icip.cat\/ca\/ciutats-defensores-dels-drets-humans\/","og_site_name":"ICIP","article_modified_time":"2024-09-10T09:58:45+00:00","twitter_card":"summary_large_image","twitter_misc":{"Tiempo de lectura":"7 minutos"},"schema":{"@context":"https:\/\/schema.org","@graph":[{"@type":"WebPage","@id":"https:\/\/www.icip.cat\/ca\/ciutats-defensores-dels-drets-humans\/","url":"https:\/\/www.icip.cat\/ca\/ciutats-defensores-dels-drets-humans\/","name":"Ciudades Defensoras de los Derechos Humanos - ICIP","isPartOf":{"@id":"https:\/\/www.icip.cat\/ca\/#website"},"datePublished":"2022-02-28T15:02:19+00:00","dateModified":"2024-09-10T09:58:45+00:00","description":"Desde el a\u00f1o 2013, el ICIP forma parte de las instituciones y organizaciones que dan vida al proyecto Ciudades Defensoras de los Derechos Humanos.","inLanguage":"es","potentialAction":[{"@type":"ReadAction","target":["https:\/\/www.icip.cat\/ca\/ciutats-defensores-dels-drets-humans\/"]}]},{"@type":"WebSite","@id":"https:\/\/www.icip.cat\/ca\/#website","url":"https:\/\/www.icip.cat\/ca\/","name":"ICIP","description":"","publisher":{"@id":"https:\/\/www.icip.cat\/ca\/#organization"},"potentialAction":[{"@type":"SearchAction","target":{"@type":"EntryPoint","urlTemplate":"https:\/\/www.icip.cat\/ca\/?s={search_term_string}"},"query-input":{"@type":"PropertyValueSpecification","valueRequired":true,"valueName":"search_term_string"}}],"inLanguage":"es"},{"@type":"Organization","@id":"https:\/\/www.icip.cat\/ca\/#organization","name":"ICIP","url":"https:\/\/www.icip.cat\/ca\/","logo":{"@type":"ImageObject","inLanguage":"es","@id":"https:\/\/www.icip.cat\/ca\/#\/schema\/logo\/image\/","url":"https:\/\/www.icip.cat\/wp-content\/uploads\/2021\/02\/logo-2.png","contentUrl":"https:\/\/www.icip.cat\/wp-content\/uploads\/2021\/02\/logo-2.png","width":562,"height":391,"caption":"ICIP"},"image":{"@id":"https:\/\/www.icip.cat\/ca\/#\/schema\/logo\/image\/"}}]}},"_links":{"self":[{"href":"https:\/\/www.icip.cat\/es\/wp-json\/wp\/v2\/pages\/25465","targetHints":{"allow":["GET"]}}],"collection":[{"href":"https:\/\/www.icip.cat\/es\/wp-json\/wp\/v2\/pages"}],"about":[{"href":"https:\/\/www.icip.cat\/es\/wp-json\/wp\/v2\/types\/page"}],"author":[{"embeddable":true,"href":"https:\/\/www.icip.cat\/es\/wp-json\/wp\/v2\/users\/4"}],"replies":[{"embeddable":true,"href":"https:\/\/www.icip.cat\/es\/wp-json\/wp\/v2\/comments?post=25465"}],"version-history":[{"count":54,"href":"https:\/\/www.icip.cat\/es\/wp-json\/wp\/v2\/pages\/25465\/revisions"}],"predecessor-version":[{"id":49275,"href":"https:\/\/www.icip.cat\/es\/wp-json\/wp\/v2\/pages\/25465\/revisions\/49275"}],"wp:attachment":[{"href":"https:\/\/www.icip.cat\/es\/wp-json\/wp\/v2\/media?parent=25465"}],"curies":[{"name":"wp","href":"https:\/\/api.w.org\/{rel}","templated":true}]}}