{"id":26864,"date":"2022-04-08T09:51:58","date_gmt":"2022-04-08T09:51:58","guid":{"rendered":"https:\/\/www.icip.cat\/projectes-subvencionats-2019\/"},"modified":"2022-05-16T07:58:00","modified_gmt":"2022-05-16T07:58:00","slug":"proyectos-subvencionados-2019","status":"publish","type":"page","link":"https:\/\/www.icip.cat\/es\/proyectos-subvencionados-2019\/","title":{"rendered":"Proyectos subvencionados &#8211; 2019"},"content":{"rendered":"\t\t<div data-elementor-type=\"wp-page\" data-elementor-id=\"26864\" class=\"elementor elementor-26864 elementor-26128\" data-elementor-post-type=\"page\">\n\t\t\t\t\t\t<section class=\"elementor-section elementor-top-section elementor-element elementor-element-713f473 elementor-section-boxed elementor-section-height-default elementor-section-height-default\" data-id=\"713f473\" data-element_type=\"section\" data-settings=\"{&quot;background_background&quot;:&quot;classic&quot;}\">\n\t\t\t\t\t\t\t<div class=\"elementor-background-overlay\"><\/div>\n\t\t\t\t\t\t\t<div class=\"elementor-container elementor-column-gap-default\">\n\t\t\t\t\t<div class=\"elementor-column elementor-col-100 elementor-top-column elementor-element elementor-element-933136c\" data-id=\"933136c\" data-element_type=\"column\">\n\t\t\t<div class=\"elementor-widget-wrap elementor-element-populated\">\n\t\t\t\t\t\t<div class=\"elementor-element elementor-element-19011bf elementor-widget elementor-widget-heading\" data-id=\"19011bf\" data-element_type=\"widget\" data-widget_type=\"heading.default\">\n\t\t\t\t<div class=\"elementor-widget-container\">\n\t\t\t\t\t<h1 class=\"elementor-heading-title elementor-size-default\">Proyectos subvencionados - 2019<\/h1>\t\t\t\t<\/div>\n\t\t\t\t<\/div>\n\t\t\t\t\t<\/div>\n\t\t<\/div>\n\t\t\t\t\t<\/div>\n\t\t<\/section>\n\t\t\t\t<section class=\"elementor-section elementor-top-section elementor-element elementor-element-3f66d8a elementor-section-boxed elementor-section-height-default elementor-section-height-default\" data-id=\"3f66d8a\" data-element_type=\"section\">\n\t\t\t\t\t\t<div class=\"elementor-container elementor-column-gap-default\">\n\t\t\t\t\t<div class=\"elementor-column elementor-col-100 elementor-top-column elementor-element elementor-element-f735a5b\" data-id=\"f735a5b\" data-element_type=\"column\">\n\t\t\t<div class=\"elementor-widget-wrap elementor-element-populated\">\n\t\t\t\t\t\t<div class=\"elementor-element elementor-element-14052f5 elementor-widget elementor-widget-text-editor\" data-id=\"14052f5\" data-element_type=\"widget\" data-widget_type=\"text-editor.default\">\n\t\t\t\t<div class=\"elementor-widget-container\">\n\t\t\t\t\t\t\t\t\t<h2>Entidades de paz<\/h2>\t\t\t\t\t\t\t\t<\/div>\n\t\t\t\t<\/div>\n\t\t\t\t\t<\/div>\n\t\t<\/div>\n\t\t\t\t\t<\/div>\n\t\t<\/section>\n\t\t\t\t<section class=\"elementor-section elementor-top-section elementor-element elementor-element-7e2dc83 elementor-section-boxed elementor-section-height-default elementor-section-height-default\" data-id=\"7e2dc83\" data-element_type=\"section\">\n\t\t\t\t\t\t<div class=\"elementor-container elementor-column-gap-default\">\n\t\t\t\t\t<div class=\"elementor-column elementor-col-100 elementor-top-column elementor-element elementor-element-c07d5f2\" data-id=\"c07d5f2\" data-element_type=\"column\">\n\t\t\t<div class=\"elementor-widget-wrap elementor-element-populated\">\n\t\t\t\t\t\t<div class=\"elementor-element elementor-element-5881fd6 elementor-widget elementor-widget-heading\" data-id=\"5881fd6\" data-element_type=\"widget\" data-widget_type=\"heading.default\">\n\t\t\t\t<div class=\"elementor-widget-container\">\n\t\t\t\t\t<h4 class=\"elementor-heading-title elementor-size-default\"><a href=\"https:\/\/fundipau.org\/pacifiquemlesxarxes\/\">Pacificamos las redes sociales<\/a><\/h4>\t\t\t\t<\/div>\n\t\t\t\t<\/div>\n\t\t\t\t\t<\/div>\n\t\t<\/div>\n\t\t\t\t\t<\/div>\n\t\t<\/section>\n\t\t\t\t<section class=\"elementor-section elementor-top-section elementor-element elementor-element-de89328 elementor-section-boxed elementor-section-height-default elementor-section-height-default\" data-id=\"de89328\" data-element_type=\"section\">\n\t\t\t\t\t\t<div class=\"elementor-container elementor-column-gap-default\">\n\t\t\t\t\t<div class=\"elementor-column elementor-col-100 elementor-top-column elementor-element elementor-element-fc1baaf\" data-id=\"fc1baaf\" data-element_type=\"column\">\n\t\t\t<div class=\"elementor-widget-wrap elementor-element-populated\">\n\t\t\t\t\t\t<div class=\"elementor-element elementor-element-9566f7e elementor-widget elementor-widget-text-editor\" data-id=\"9566f7e\" data-element_type=\"widget\" data-widget_type=\"text-editor.default\">\n\t\t\t\t<div class=\"elementor-widget-container\">\n\t\t\t\t\t\t\t\t\t<p><a href=\"https:\/\/fundipau.org\/\"> FundiPau (Fundaci\u00f3 per la Pau)<\/a><\/p>\n\t\t\t\t\t\t\t\t<\/div>\n\t\t\t\t<\/div>\n\t\t\t\t<div class=\"elementor-element elementor-element-a2c1a1c elementor-widget elementor-widget-image\" data-id=\"a2c1a1c\" data-element_type=\"widget\" data-widget_type=\"image.default\">\n\t\t\t\t<div class=\"elementor-widget-container\">\n\t\t\t\t\t\t\t\t\t\t\t\t\t\t\t<img fetchpriority=\"high\" decoding=\"async\" width=\"640\" height=\"360\" src=\"https:\/\/www.icip.cat\/wp-content\/uploads\/2022\/03\/pacifiquem-768x432.jpg\" class=\"attachment-medium_large size-medium_large wp-image-26132\" alt=\"\" srcset=\"https:\/\/www.icip.cat\/wp-content\/uploads\/2022\/03\/pacifiquem-768x432.jpg 768w, https:\/\/www.icip.cat\/wp-content\/uploads\/2022\/03\/pacifiquem-300x169.jpg 300w, https:\/\/www.icip.cat\/wp-content\/uploads\/2022\/03\/pacifiquem-1024x576.jpg 1024w, https:\/\/www.icip.cat\/wp-content\/uploads\/2022\/03\/pacifiquem.jpg 1280w\" sizes=\"(max-width: 640px) 100vw, 640px\" \/>\t\t\t\t\t\t\t\t\t\t\t\t\t\t\t<\/div>\n\t\t\t\t<\/div>\n\t\t\t\t<div class=\"elementor-element elementor-element-c2c8a57 elementor-widget elementor-widget-text-editor\" data-id=\"c2c8a57\" data-element_type=\"widget\" data-widget_type=\"text-editor.default\">\n\t\t\t\t<div class=\"elementor-widget-container\">\n\t\t\t\t\t\t\t\t\t<p>Las redes sociales forman parte de la vida y de la cotidianidad de un gran n\u00famero de personas y se han convertido en un medio habitual de relacionarse, debatir y discutir.<\/p><p><a href=\"https:\/\/fundipau.org\/pacifiquemlesxarxes\/\">Este proyecto<\/a> de FundiPau promueve una participaci\u00f3n en el entorno digital m\u00e1s respetuosa, creativa y positiva, lejos de la bronca, el desprecio y los discursos de odio que, con demasiada frecuencia, se producen en las redes sociales.<\/p>\t\t\t\t\t\t\t\t<\/div>\n\t\t\t\t<\/div>\n\t\t\t\t\t<\/div>\n\t\t<\/div>\n\t\t\t\t\t<\/div>\n\t\t<\/section>\n\t\t\t\t<section class=\"elementor-section elementor-top-section elementor-element elementor-element-79dbbee elementor-section-boxed elementor-section-height-default elementor-section-height-default\" data-id=\"79dbbee\" data-element_type=\"section\">\n\t\t\t\t\t\t<div class=\"elementor-container elementor-column-gap-default\">\n\t\t\t\t\t<div class=\"elementor-column elementor-col-100 elementor-top-column elementor-element elementor-element-9f757ae\" data-id=\"9f757ae\" data-element_type=\"column\">\n\t\t\t<div class=\"elementor-widget-wrap elementor-element-populated\">\n\t\t\t\t\t\t<div class=\"elementor-element elementor-element-8501430 elementor-widget-divider--view-line elementor-widget elementor-widget-divider\" data-id=\"8501430\" data-element_type=\"widget\" data-widget_type=\"divider.default\">\n\t\t\t\t<div class=\"elementor-widget-container\">\n\t\t\t\t\t\t\t<div class=\"elementor-divider\">\n\t\t\t<span class=\"elementor-divider-separator\">\n\t\t\t\t\t\t<\/span>\n\t\t<\/div>\n\t\t\t\t\t\t<\/div>\n\t\t\t\t<\/div>\n\t\t\t\t\t<\/div>\n\t\t<\/div>\n\t\t\t\t\t<\/div>\n\t\t<\/section>\n\t\t\t\t<section class=\"elementor-section elementor-top-section elementor-element elementor-element-038eeab elementor-section-boxed elementor-section-height-default elementor-section-height-default\" data-id=\"038eeab\" data-element_type=\"section\">\n\t\t\t\t\t\t<div class=\"elementor-container elementor-column-gap-default\">\n\t\t\t\t\t<div class=\"elementor-column elementor-col-100 elementor-top-column elementor-element elementor-element-616426e\" data-id=\"616426e\" data-element_type=\"column\">\n\t\t\t<div class=\"elementor-widget-wrap elementor-element-populated\">\n\t\t\t\t\t\t<div class=\"elementor-element elementor-element-23510e7 elementor-widget elementor-widget-heading\" data-id=\"23510e7\" data-element_type=\"widget\" data-widget_type=\"heading.default\">\n\t\t\t\t<div class=\"elementor-widget-container\">\n\t\t\t\t\t<h4 class=\"elementor-heading-title elementor-size-default\"><a href=\"http:\/\/enpalabrasbcn.com\/\">En Palabras [relatos migrantes]<\/a><\/h4>\t\t\t\t<\/div>\n\t\t\t\t<\/div>\n\t\t\t\t\t<\/div>\n\t\t<\/div>\n\t\t\t\t\t<\/div>\n\t\t<\/section>\n\t\t\t\t<section class=\"elementor-section elementor-top-section elementor-element elementor-element-3c6ab0c elementor-section-boxed elementor-section-height-default elementor-section-height-default\" data-id=\"3c6ab0c\" data-element_type=\"section\">\n\t\t\t\t\t\t<div class=\"elementor-container elementor-column-gap-default\">\n\t\t\t\t\t<div class=\"elementor-column elementor-col-100 elementor-top-column elementor-element elementor-element-0a691a2\" data-id=\"0a691a2\" data-element_type=\"column\">\n\t\t\t<div class=\"elementor-widget-wrap elementor-element-populated\">\n\t\t\t\t\t\t<div class=\"elementor-element elementor-element-853d761 elementor-widget elementor-widget-text-editor\" data-id=\"853d761\" data-element_type=\"widget\" data-widget_type=\"text-editor.default\">\n\t\t\t\t<div class=\"elementor-widget-container\">\n\t\t\t\t\t\t\t\t\t<p><a href=\"http:\/\/connectats.org\/\">Connectats, SCCL<\/a><\/p>\n\t\t\t\t\t\t\t\t<\/div>\n\t\t\t\t<\/div>\n\t\t\t\t<div class=\"elementor-element elementor-element-c67f422 elementor-widget elementor-widget-image\" data-id=\"c67f422\" data-element_type=\"widget\" data-widget_type=\"image.default\">\n\t\t\t\t<div class=\"elementor-widget-container\">\n\t\t\t\t\t\t\t\t\t\t\t\t\t\t\t<img decoding=\"async\" width=\"640\" height=\"427\" src=\"https:\/\/www.icip.cat\/wp-content\/uploads\/2022\/03\/En-Palabras-768x512.jpg\" class=\"attachment-medium_large size-medium_large wp-image-26224\" alt=\"\" srcset=\"https:\/\/www.icip.cat\/wp-content\/uploads\/2022\/03\/En-Palabras-768x512.jpg 768w, https:\/\/www.icip.cat\/wp-content\/uploads\/2022\/03\/En-Palabras-300x200.jpg 300w, https:\/\/www.icip.cat\/wp-content\/uploads\/2022\/03\/En-Palabras-1024x683.jpg 1024w, https:\/\/www.icip.cat\/wp-content\/uploads\/2022\/03\/En-Palabras-1536x1024.jpg 1536w, https:\/\/www.icip.cat\/wp-content\/uploads\/2022\/03\/En-Palabras.jpg 1800w\" sizes=\"(max-width: 640px) 100vw, 640px\" \/>\t\t\t\t\t\t\t\t\t\t\t\t\t\t\t<\/div>\n\t\t\t\t<\/div>\n\t\t\t\t<div class=\"elementor-element elementor-element-ed6ce95 elementor-widget elementor-widget-text-editor\" data-id=\"ed6ce95\" data-element_type=\"widget\" data-widget_type=\"text-editor.default\">\n\t\t\t\t<div class=\"elementor-widget-container\">\n\t\t\t\t\t\t\t\t\t<p>Este es un proyecto colectivo de creaci\u00f3n y edici\u00f3n literaria que re\u00fane a personas migrantes, exiliadas y refugiadas de Am\u00e9rica Latina residentes en Barcelona.<\/p><p>La finalidad es desarrollar un proceso de documentaci\u00f3n comunitaria y construcci\u00f3n de memoria en torno a las situaciones de violencia y vulneraci\u00f3n de derechos que obligan a personas de esta regi\u00f3n a abandonar sus lugares de origen, y a las dificultades que encuentran en el transcurso del viaje y en el sitio de acogida.<\/p><p>La propuesta facilita espacios de confianza y reconocimiento mutuo en torno a la escritura creativa, donde se gestan y comparten relatos de vida.<\/p>\t\t\t\t\t\t\t\t<\/div>\n\t\t\t\t<\/div>\n\t\t\t\t\t<\/div>\n\t\t<\/div>\n\t\t\t\t\t<\/div>\n\t\t<\/section>\n\t\t\t\t<section class=\"elementor-section elementor-top-section elementor-element elementor-element-60e278c elementor-section-boxed elementor-section-height-default elementor-section-height-default\" data-id=\"60e278c\" data-element_type=\"section\">\n\t\t\t\t\t\t<div class=\"elementor-container elementor-column-gap-default\">\n\t\t\t\t\t<div class=\"elementor-column elementor-col-100 elementor-top-column elementor-element elementor-element-8c961ed\" data-id=\"8c961ed\" data-element_type=\"column\">\n\t\t\t<div class=\"elementor-widget-wrap elementor-element-populated\">\n\t\t\t\t\t\t<div class=\"elementor-element elementor-element-b936059 elementor-widget-divider--view-line elementor-widget elementor-widget-divider\" data-id=\"b936059\" data-element_type=\"widget\" data-widget_type=\"divider.default\">\n\t\t\t\t<div class=\"elementor-widget-container\">\n\t\t\t\t\t\t\t<div class=\"elementor-divider\">\n\t\t\t<span class=\"elementor-divider-separator\">\n\t\t\t\t\t\t<\/span>\n\t\t<\/div>\n\t\t\t\t\t\t<\/div>\n\t\t\t\t<\/div>\n\t\t\t\t\t<\/div>\n\t\t<\/div>\n\t\t\t\t\t<\/div>\n\t\t<\/section>\n\t\t\t\t<section class=\"elementor-section elementor-top-section elementor-element elementor-element-53aa9da elementor-section-boxed elementor-section-height-default elementor-section-height-default\" data-id=\"53aa9da\" data-element_type=\"section\">\n\t\t\t\t\t\t<div class=\"elementor-container elementor-column-gap-default\">\n\t\t\t\t\t<div class=\"elementor-column elementor-col-100 elementor-top-column elementor-element elementor-element-3897710\" data-id=\"3897710\" data-element_type=\"column\">\n\t\t\t<div class=\"elementor-widget-wrap elementor-element-populated\">\n\t\t\t\t\t\t<div class=\"elementor-element elementor-element-132f278 elementor-widget elementor-widget-heading\" data-id=\"132f278\" data-element_type=\"widget\" data-widget_type=\"heading.default\">\n\t\t\t\t<div class=\"elementor-widget-container\">\n\t\t\t\t\t<h4 class=\"elementor-heading-title elementor-size-default\">Acercamos el ciclo econ\u00f3mico militar a las campa\u00f1as del movimiento por la paz: Una base de datos mejorada y m\u00e1s accesible<\/h4>\t\t\t\t<\/div>\n\t\t\t\t<\/div>\n\t\t\t\t\t<\/div>\n\t\t<\/div>\n\t\t\t\t\t<\/div>\n\t\t<\/section>\n\t\t\t\t<section class=\"elementor-section elementor-top-section elementor-element elementor-element-a1806eb elementor-section-boxed elementor-section-height-default elementor-section-height-default\" data-id=\"a1806eb\" data-element_type=\"section\">\n\t\t\t\t\t\t<div class=\"elementor-container elementor-column-gap-default\">\n\t\t\t\t\t<div class=\"elementor-column elementor-col-100 elementor-top-column elementor-element elementor-element-eec0c4b\" data-id=\"eec0c4b\" data-element_type=\"column\">\n\t\t\t<div class=\"elementor-widget-wrap elementor-element-populated\">\n\t\t\t\t\t\t<div class=\"elementor-element elementor-element-be22382 elementor-widget elementor-widget-text-editor\" data-id=\"be22382\" data-element_type=\"widget\" data-widget_type=\"text-editor.default\">\n\t\t\t\t<div class=\"elementor-widget-container\">\n\t\t\t\t\t\t\t\t\t<p><a href=\"http:\/\/centredelas.org\/\">Centre Del\u00e0s d&#8217;Estudis per la Pau<\/a><\/p>\n\t\t\t\t\t\t\t\t<\/div>\n\t\t\t\t<\/div>\n\t\t\t\t\t<\/div>\n\t\t<\/div>\n\t\t\t\t\t<\/div>\n\t\t<\/section>\n\t\t\t\t<section class=\"elementor-section elementor-top-section elementor-element elementor-element-38c3938 elementor-section-boxed elementor-section-height-default elementor-section-height-default\" data-id=\"38c3938\" data-element_type=\"section\">\n\t\t\t\t\t\t<div class=\"elementor-container elementor-column-gap-default\">\n\t\t\t\t\t<div class=\"elementor-column elementor-col-100 elementor-top-column elementor-element elementor-element-32e1d16\" data-id=\"32e1d16\" data-element_type=\"column\">\n\t\t\t<div class=\"elementor-widget-wrap elementor-element-populated\">\n\t\t\t\t\t\t<div class=\"elementor-element elementor-element-ebc6075 elementor-widget-divider--view-line elementor-widget elementor-widget-divider\" data-id=\"ebc6075\" data-element_type=\"widget\" data-widget_type=\"divider.default\">\n\t\t\t\t<div class=\"elementor-widget-container\">\n\t\t\t\t\t\t\t<div class=\"elementor-divider\">\n\t\t\t<span class=\"elementor-divider-separator\">\n\t\t\t\t\t\t<\/span>\n\t\t<\/div>\n\t\t\t\t\t\t<\/div>\n\t\t\t\t<\/div>\n\t\t\t\t\t<\/div>\n\t\t<\/div>\n\t\t\t\t\t<\/div>\n\t\t<\/section>\n\t\t\t\t<section class=\"elementor-section elementor-top-section elementor-element elementor-element-482ae1a elementor-section-boxed elementor-section-height-default elementor-section-height-default\" data-id=\"482ae1a\" data-element_type=\"section\">\n\t\t\t\t\t\t<div class=\"elementor-container elementor-column-gap-default\">\n\t\t\t\t\t<div class=\"elementor-column elementor-col-100 elementor-top-column elementor-element elementor-element-340a732\" data-id=\"340a732\" data-element_type=\"column\">\n\t\t\t<div class=\"elementor-widget-wrap elementor-element-populated\">\n\t\t\t\t\t\t<div class=\"elementor-element elementor-element-99dbb9e elementor-widget elementor-widget-heading\" data-id=\"99dbb9e\" data-element_type=\"widget\" data-widget_type=\"heading.default\">\n\t\t\t\t<div class=\"elementor-widget-container\">\n\t\t\t\t\t<h4 class=\"elementor-heading-title elementor-size-default\"><a href=\"http:\/\/perillderiqueses.dretsdelspobles.org\/mm\/file\/Dossier%20material%20dida%CC%80ctic.pdf\">Cathy Furaha, defensora de la paz y DDHH\nen la RD del Congo: campa\u00f1a de sensibilizaci\u00f3n en Catalu\u00f1a<\/a><\/h4>\t\t\t\t<\/div>\n\t\t\t\t<\/div>\n\t\t\t\t\t<\/div>\n\t\t<\/div>\n\t\t\t\t\t<\/div>\n\t\t<\/section>\n\t\t\t\t<section class=\"elementor-section elementor-top-section elementor-element elementor-element-76acf96 elementor-section-boxed elementor-section-height-default elementor-section-height-default\" data-id=\"76acf96\" data-element_type=\"section\">\n\t\t\t\t\t\t<div class=\"elementor-container elementor-column-gap-default\">\n\t\t\t\t\t<div class=\"elementor-column elementor-col-100 elementor-top-column elementor-element elementor-element-cc333c4\" data-id=\"cc333c4\" data-element_type=\"column\">\n\t\t\t<div class=\"elementor-widget-wrap elementor-element-populated\">\n\t\t\t\t\t\t<div class=\"elementor-element elementor-element-c703daf elementor-widget elementor-widget-text-editor\" data-id=\"c703daf\" data-element_type=\"widget\" data-widget_type=\"text-editor.default\">\n\t\t\t\t<div class=\"elementor-widget-container\">\n\t\t\t\t\t\t\t\t\t<p><a href=\"https:\/\/dretsdelspobles.org\/ca\/\">Lliga dels Drets dels Pobles<\/a><\/p>\n\t\t\t\t\t\t\t\t<\/div>\n\t\t\t\t<\/div>\n\t\t\t\t\t<\/div>\n\t\t<\/div>\n\t\t\t\t\t<\/div>\n\t\t<\/section>\n\t\t\t\t<section class=\"elementor-section elementor-top-section elementor-element elementor-element-5ebb25d elementor-section-boxed elementor-section-height-default elementor-section-height-default\" data-id=\"5ebb25d\" data-element_type=\"section\">\n\t\t\t\t\t\t<div class=\"elementor-container elementor-column-gap-default\">\n\t\t\t\t\t<div class=\"elementor-column elementor-col-100 elementor-top-column elementor-element elementor-element-fefbf0c\" data-id=\"fefbf0c\" data-element_type=\"column\">\n\t\t\t<div class=\"elementor-widget-wrap elementor-element-populated\">\n\t\t\t\t\t\t<div class=\"elementor-element elementor-element-e1a0e8c elementor-widget-divider--view-line elementor-widget elementor-widget-divider\" data-id=\"e1a0e8c\" data-element_type=\"widget\" data-widget_type=\"divider.default\">\n\t\t\t\t<div class=\"elementor-widget-container\">\n\t\t\t\t\t\t\t<div class=\"elementor-divider\">\n\t\t\t<span class=\"elementor-divider-separator\">\n\t\t\t\t\t\t<\/span>\n\t\t<\/div>\n\t\t\t\t\t\t<\/div>\n\t\t\t\t<\/div>\n\t\t\t\t\t<\/div>\n\t\t<\/div>\n\t\t\t\t\t<\/div>\n\t\t<\/section>\n\t\t\t\t<section class=\"elementor-section elementor-top-section elementor-element elementor-element-ec11f2e elementor-section-boxed elementor-section-height-default elementor-section-height-default\" data-id=\"ec11f2e\" data-element_type=\"section\">\n\t\t\t\t\t\t<div class=\"elementor-container elementor-column-gap-default\">\n\t\t\t\t\t<div class=\"elementor-column elementor-col-100 elementor-top-column elementor-element elementor-element-58175ea\" data-id=\"58175ea\" data-element_type=\"column\">\n\t\t\t<div class=\"elementor-widget-wrap elementor-element-populated\">\n\t\t\t\t\t\t<div class=\"elementor-element elementor-element-377a607 elementor-widget elementor-widget-heading\" data-id=\"377a607\" data-element_type=\"widget\" data-widget_type=\"heading.default\">\n\t\t\t\t<div class=\"elementor-widget-container\">\n\t\t\t\t\t<h4 class=\"elementor-heading-title elementor-size-default\">Mitos y realidades sobre la justicia transicional en Colombia<\/h4>\t\t\t\t<\/div>\n\t\t\t\t<\/div>\n\t\t\t\t\t<\/div>\n\t\t<\/div>\n\t\t\t\t\t<\/div>\n\t\t<\/section>\n\t\t\t\t<section class=\"elementor-section elementor-top-section elementor-element elementor-element-07df66c elementor-section-boxed elementor-section-height-default elementor-section-height-default\" data-id=\"07df66c\" data-element_type=\"section\">\n\t\t\t\t\t\t<div class=\"elementor-container elementor-column-gap-default\">\n\t\t\t\t\t<div class=\"elementor-column elementor-col-100 elementor-top-column elementor-element elementor-element-534306c\" data-id=\"534306c\" data-element_type=\"column\">\n\t\t\t<div class=\"elementor-widget-wrap elementor-element-populated\">\n\t\t\t\t\t\t<div class=\"elementor-element elementor-element-049e957 elementor-widget elementor-widget-text-editor\" data-id=\"049e957\" data-element_type=\"widget\" data-widget_type=\"text-editor.default\">\n\t\t\t\t<div class=\"elementor-widget-container\">\n\t\t\t\t\t\t\t\t\t<p><a href=\"https:\/\/www.peacebrigades.org\/es\">Brigades Internacionals de Pau de Catalunya<\/a><\/p>\n\t\t\t\t\t\t\t\t<\/div>\n\t\t\t\t<\/div>\n\t\t\t\t\t<\/div>\n\t\t<\/div>\n\t\t\t\t\t<\/div>\n\t\t<\/section>\n\t\t\t\t<section class=\"elementor-section elementor-top-section elementor-element elementor-element-3e4015a elementor-section-boxed elementor-section-height-default elementor-section-height-default\" data-id=\"3e4015a\" data-element_type=\"section\">\n\t\t\t\t\t\t<div class=\"elementor-container elementor-column-gap-default\">\n\t\t\t\t\t<div class=\"elementor-column elementor-col-100 elementor-top-column elementor-element elementor-element-bbb1090\" data-id=\"bbb1090\" data-element_type=\"column\">\n\t\t\t<div class=\"elementor-widget-wrap elementor-element-populated\">\n\t\t\t\t\t\t<div class=\"elementor-element elementor-element-c05605b elementor-widget-divider--view-line elementor-widget elementor-widget-divider\" data-id=\"c05605b\" data-element_type=\"widget\" data-widget_type=\"divider.default\">\n\t\t\t\t<div class=\"elementor-widget-container\">\n\t\t\t\t\t\t\t<div class=\"elementor-divider\">\n\t\t\t<span class=\"elementor-divider-separator\">\n\t\t\t\t\t\t<\/span>\n\t\t<\/div>\n\t\t\t\t\t\t<\/div>\n\t\t\t\t<\/div>\n\t\t\t\t\t<\/div>\n\t\t<\/div>\n\t\t\t\t\t<\/div>\n\t\t<\/section>\n\t\t\t\t<\/div>\n\t\t","protected":false},"excerpt":{"rendered":"<p>Proyectos subvencionados &#8211; 2019 Entidades de paz Pacificamos las redes sociales FundiPau (Fundaci\u00f3 per la Pau) Las redes sociales forman parte de la vida y de la cotidianidad de un gran n\u00famero de personas y se han convertido en un medio habitual de relacionarse, debatir y discutir. Este proyecto de FundiPau promueve una participaci\u00f3n en [&hellip;]<\/p>\n","protected":false},"author":4,"featured_media":0,"parent":0,"menu_order":0,"comment_status":"closed","ping_status":"closed","template":"","meta":{"_acf_changed":false,"footnotes":""},"class_list":["post-26864","page","type-page","status-publish","hentry"],"acf":[],"yoast_head":"<!-- This site is optimized with the Yoast SEO plugin v25.6 - https:\/\/yoast.com\/wordpress\/plugins\/seo\/ -->\n<title>Proyectos subvencionados - 2019 - ICIP<\/title>\n<meta name=\"robots\" content=\"index, follow, max-snippet:-1, max-image-preview:large, max-video-preview:-1\" \/>\n<link rel=\"canonical\" href=\"https:\/\/www.icip.cat\/es\/proyectos-subvencionados-2019\/\" \/>\n<meta property=\"og:locale\" content=\"es_ES\" \/>\n<meta property=\"og:type\" content=\"article\" \/>\n<meta property=\"og:title\" content=\"Proyectos subvencionados - 2019 - ICIP\" \/>\n<meta property=\"og:description\" content=\"Proyectos subvencionados &#8211; 2019 Entidades de paz Pacificamos las redes sociales FundiPau (Fundaci\u00f3 per la Pau) Las redes sociales forman parte de la vida y de la cotidianidad de un gran n\u00famero de personas y se han convertido en un medio habitual de relacionarse, debatir y discutir. Este proyecto de FundiPau promueve una participaci\u00f3n en [&hellip;]\" \/>\n<meta property=\"og:url\" content=\"https:\/\/www.icip.cat\/es\/proyectos-subvencionados-2019\/\" \/>\n<meta property=\"og:site_name\" content=\"ICIP\" \/>\n<meta property=\"article:modified_time\" content=\"2022-05-16T07:58:00+00:00\" \/>\n<meta property=\"og:image\" content=\"http:\/\/www.icip.cat\/wp-content\/uploads\/2022\/03\/pacifiquem-768x432.jpg\" \/>\n<meta name=\"twitter:card\" content=\"summary_large_image\" \/>\n<meta name=\"twitter:label1\" content=\"Tiempo de lectura\" \/>\n\t<meta name=\"twitter:data1\" content=\"2 minutos\" \/>\n<script type=\"application\/ld+json\" class=\"yoast-schema-graph\">{\"@context\":\"https:\/\/schema.org\",\"@graph\":[{\"@type\":\"WebPage\",\"@id\":\"https:\/\/www.icip.cat\/es\/proyectos-subvencionados-2019\/\",\"url\":\"https:\/\/www.icip.cat\/es\/proyectos-subvencionados-2019\/\",\"name\":\"Proyectos subvencionados - 2019 - ICIP\",\"isPartOf\":{\"@id\":\"https:\/\/www.icip.cat\/ca\/#website\"},\"primaryImageOfPage\":{\"@id\":\"https:\/\/www.icip.cat\/es\/proyectos-subvencionados-2019\/#primaryimage\"},\"image\":{\"@id\":\"https:\/\/www.icip.cat\/es\/proyectos-subvencionados-2019\/#primaryimage\"},\"thumbnailUrl\":\"http:\/\/www.icip.cat\/wp-content\/uploads\/2022\/03\/pacifiquem-768x432.jpg\",\"datePublished\":\"2022-04-08T09:51:58+00:00\",\"dateModified\":\"2022-05-16T07:58:00+00:00\",\"inLanguage\":\"es\",\"potentialAction\":[{\"@type\":\"ReadAction\",\"target\":[\"https:\/\/www.icip.cat\/es\/proyectos-subvencionados-2019\/\"]}]},{\"@type\":\"ImageObject\",\"inLanguage\":\"es\",\"@id\":\"https:\/\/www.icip.cat\/es\/proyectos-subvencionados-2019\/#primaryimage\",\"url\":\"http:\/\/www.icip.cat\/wp-content\/uploads\/2022\/03\/pacifiquem-768x432.jpg\",\"contentUrl\":\"http:\/\/www.icip.cat\/wp-content\/uploads\/2022\/03\/pacifiquem-768x432.jpg\"},{\"@type\":\"WebSite\",\"@id\":\"https:\/\/www.icip.cat\/ca\/#website\",\"url\":\"https:\/\/www.icip.cat\/ca\/\",\"name\":\"ICIP\",\"description\":\"\",\"publisher\":{\"@id\":\"https:\/\/www.icip.cat\/ca\/#organization\"},\"potentialAction\":[{\"@type\":\"SearchAction\",\"target\":{\"@type\":\"EntryPoint\",\"urlTemplate\":\"https:\/\/www.icip.cat\/ca\/?s={search_term_string}\"},\"query-input\":{\"@type\":\"PropertyValueSpecification\",\"valueRequired\":true,\"valueName\":\"search_term_string\"}}],\"inLanguage\":\"es\"},{\"@type\":\"Organization\",\"@id\":\"https:\/\/www.icip.cat\/ca\/#organization\",\"name\":\"ICIP\",\"url\":\"https:\/\/www.icip.cat\/ca\/\",\"logo\":{\"@type\":\"ImageObject\",\"inLanguage\":\"es\",\"@id\":\"https:\/\/www.icip.cat\/ca\/#\/schema\/logo\/image\/\",\"url\":\"https:\/\/www.icip.cat\/wp-content\/uploads\/2021\/02\/logo-2.png\",\"contentUrl\":\"https:\/\/www.icip.cat\/wp-content\/uploads\/2021\/02\/logo-2.png\",\"width\":562,\"height\":391,\"caption\":\"ICIP\"},\"image\":{\"@id\":\"https:\/\/www.icip.cat\/ca\/#\/schema\/logo\/image\/\"}}]}<\/script>\n<!-- \/ Yoast SEO plugin. -->","yoast_head_json":{"title":"Proyectos subvencionados - 2019 - ICIP","robots":{"index":"index","follow":"follow","max-snippet":"max-snippet:-1","max-image-preview":"max-image-preview:large","max-video-preview":"max-video-preview:-1"},"canonical":"https:\/\/www.icip.cat\/es\/proyectos-subvencionados-2019\/","og_locale":"es_ES","og_type":"article","og_title":"Proyectos subvencionados - 2019 - ICIP","og_description":"Proyectos subvencionados &#8211; 2019 Entidades de paz Pacificamos las redes sociales FundiPau (Fundaci\u00f3 per la Pau) Las redes sociales forman parte de la vida y de la cotidianidad de un gran n\u00famero de personas y se han convertido en un medio habitual de relacionarse, debatir y discutir. Este proyecto de FundiPau promueve una participaci\u00f3n en [&hellip;]","og_url":"https:\/\/www.icip.cat\/es\/proyectos-subvencionados-2019\/","og_site_name":"ICIP","article_modified_time":"2022-05-16T07:58:00+00:00","og_image":[{"url":"http:\/\/www.icip.cat\/wp-content\/uploads\/2022\/03\/pacifiquem-768x432.jpg","type":"","width":"","height":""}],"twitter_card":"summary_large_image","twitter_misc":{"Tiempo de lectura":"2 minutos"},"schema":{"@context":"https:\/\/schema.org","@graph":[{"@type":"WebPage","@id":"https:\/\/www.icip.cat\/es\/proyectos-subvencionados-2019\/","url":"https:\/\/www.icip.cat\/es\/proyectos-subvencionados-2019\/","name":"Proyectos subvencionados - 2019 - ICIP","isPartOf":{"@id":"https:\/\/www.icip.cat\/ca\/#website"},"primaryImageOfPage":{"@id":"https:\/\/www.icip.cat\/es\/proyectos-subvencionados-2019\/#primaryimage"},"image":{"@id":"https:\/\/www.icip.cat\/es\/proyectos-subvencionados-2019\/#primaryimage"},"thumbnailUrl":"http:\/\/www.icip.cat\/wp-content\/uploads\/2022\/03\/pacifiquem-768x432.jpg","datePublished":"2022-04-08T09:51:58+00:00","dateModified":"2022-05-16T07:58:00+00:00","inLanguage":"es","potentialAction":[{"@type":"ReadAction","target":["https:\/\/www.icip.cat\/es\/proyectos-subvencionados-2019\/"]}]},{"@type":"ImageObject","inLanguage":"es","@id":"https:\/\/www.icip.cat\/es\/proyectos-subvencionados-2019\/#primaryimage","url":"http:\/\/www.icip.cat\/wp-content\/uploads\/2022\/03\/pacifiquem-768x432.jpg","contentUrl":"http:\/\/www.icip.cat\/wp-content\/uploads\/2022\/03\/pacifiquem-768x432.jpg"},{"@type":"WebSite","@id":"https:\/\/www.icip.cat\/ca\/#website","url":"https:\/\/www.icip.cat\/ca\/","name":"ICIP","description":"","publisher":{"@id":"https:\/\/www.icip.cat\/ca\/#organization"},"potentialAction":[{"@type":"SearchAction","target":{"@type":"EntryPoint","urlTemplate":"https:\/\/www.icip.cat\/ca\/?s={search_term_string}"},"query-input":{"@type":"PropertyValueSpecification","valueRequired":true,"valueName":"search_term_string"}}],"inLanguage":"es"},{"@type":"Organization","@id":"https:\/\/www.icip.cat\/ca\/#organization","name":"ICIP","url":"https:\/\/www.icip.cat\/ca\/","logo":{"@type":"ImageObject","inLanguage":"es","@id":"https:\/\/www.icip.cat\/ca\/#\/schema\/logo\/image\/","url":"https:\/\/www.icip.cat\/wp-content\/uploads\/2021\/02\/logo-2.png","contentUrl":"https:\/\/www.icip.cat\/wp-content\/uploads\/2021\/02\/logo-2.png","width":562,"height":391,"caption":"ICIP"},"image":{"@id":"https:\/\/www.icip.cat\/ca\/#\/schema\/logo\/image\/"}}]}},"_links":{"self":[{"href":"https:\/\/www.icip.cat\/es\/wp-json\/wp\/v2\/pages\/26864","targetHints":{"allow":["GET"]}}],"collection":[{"href":"https:\/\/www.icip.cat\/es\/wp-json\/wp\/v2\/pages"}],"about":[{"href":"https:\/\/www.icip.cat\/es\/wp-json\/wp\/v2\/types\/page"}],"author":[{"embeddable":true,"href":"https:\/\/www.icip.cat\/es\/wp-json\/wp\/v2\/users\/4"}],"replies":[{"embeddable":true,"href":"https:\/\/www.icip.cat\/es\/wp-json\/wp\/v2\/comments?post=26864"}],"version-history":[{"count":10,"href":"https:\/\/www.icip.cat\/es\/wp-json\/wp\/v2\/pages\/26864\/revisions"}],"predecessor-version":[{"id":26895,"href":"https:\/\/www.icip.cat\/es\/wp-json\/wp\/v2\/pages\/26864\/revisions\/26895"}],"wp:attachment":[{"href":"https:\/\/www.icip.cat\/es\/wp-json\/wp\/v2\/media?parent=26864"}],"curies":[{"name":"wp","href":"https:\/\/api.w.org\/{rel}","templated":true}]}}