{"id":46062,"date":"2024-05-27T11:16:24","date_gmt":"2024-05-27T11:16:24","guid":{"rendered":"https:\/\/www.icip.cat\/jornades-drets-humans-i-pau-a-america-central-reptes-i-oportunitats\/"},"modified":"2024-06-18T07:42:35","modified_gmt":"2024-06-18T07:42:35","slug":"jornadas-derechos-humanos-y-paz-en-america-central","status":"publish","type":"page","link":"https:\/\/www.icip.cat\/es\/jornadas-derechos-humanos-y-paz-en-america-central\/","title":{"rendered":"Jornadas \u201cDerechos humanos y paz en Am\u00e9rica Central: retos y oportunidades\u201d"},"content":{"rendered":"\t\t<div data-elementor-type=\"wp-page\" data-elementor-id=\"46062\" class=\"elementor elementor-46062 elementor-46008\" data-elementor-post-type=\"page\">\n\t\t\t\t\t\t<section class=\"elementor-section elementor-top-section elementor-element elementor-element-b3df40a elementor-section-height-min-height elementor-section-boxed elementor-section-height-default elementor-section-items-middle\" data-id=\"b3df40a\" data-element_type=\"section\">\n\t\t\t\t\t\t\t<div class=\"elementor-background-overlay\"><\/div>\n\t\t\t\t\t\t\t<div class=\"elementor-container elementor-column-gap-default\">\n\t\t\t\t\t<div class=\"elementor-column elementor-col-100 elementor-top-column elementor-element elementor-element-1ff1b31\" data-id=\"1ff1b31\" data-element_type=\"column\">\n\t\t\t<div class=\"elementor-widget-wrap elementor-element-populated\">\n\t\t\t\t\t\t<div class=\"elementor-element elementor-element-cb0131c elementor-widget elementor-widget-heading\" data-id=\"cb0131c\" data-element_type=\"widget\" data-widget_type=\"heading.default\">\n\t\t\t\t<div class=\"elementor-widget-container\">\n\t\t\t\t\t<h4 class=\"elementor-heading-title elementor-size-small\">Jornadas<br>\"Derechos humanos y paz en Am\u00e9rica Central: retos y oportunidades\"<\/h4>\t\t\t\t<\/div>\n\t\t\t\t<\/div>\n\t\t\t\t\t<\/div>\n\t\t<\/div>\n\t\t\t\t\t<\/div>\n\t\t<\/section>\n\t\t\t\t<section class=\"elementor-section elementor-top-section elementor-element elementor-element-565203a elementor-section-boxed elementor-section-height-default elementor-section-height-default\" data-id=\"565203a\" data-element_type=\"section\">\n\t\t\t\t\t\t<div class=\"elementor-container elementor-column-gap-default\">\n\t\t\t\t\t<div class=\"elementor-column elementor-col-100 elementor-top-column elementor-element elementor-element-e141721\" data-id=\"e141721\" data-element_type=\"column\">\n\t\t\t<div class=\"elementor-widget-wrap elementor-element-populated\">\n\t\t\t\t\t\t<div class=\"elementor-element elementor-element-9af42b7 elementor-widget elementor-widget-text-editor\" data-id=\"9af42b7\" data-element_type=\"widget\" data-widget_type=\"text-editor.default\">\n\t\t\t\t<div class=\"elementor-widget-container\">\n\t\t\t\t\t\t\t\t\t<h3><b>Barcelona, 18 y 19 junio de 2024<\/b><\/h3><h3><span style=\"font-weight: 400;\">Museu d\u2019Hist\u00f2ria de Barcelona<\/span><\/h3>\t\t\t\t\t\t\t\t<\/div>\n\t\t\t\t<\/div>\n\t\t\t\t\t<\/div>\n\t\t<\/div>\n\t\t\t\t\t<\/div>\n\t\t<\/section>\n\t\t\t\t<section class=\"elementor-section elementor-top-section elementor-element elementor-element-c4ce14b elementor-section-boxed elementor-section-height-default elementor-section-height-default\" data-id=\"c4ce14b\" data-element_type=\"section\">\n\t\t\t\t\t\t<div class=\"elementor-container elementor-column-gap-custom\">\n\t\t\t\t\t<div class=\"elementor-column elementor-col-33 elementor-top-column elementor-element elementor-element-4b9c155\" data-id=\"4b9c155\" data-element_type=\"column\">\n\t\t\t<div class=\"elementor-widget-wrap elementor-element-populated\">\n\t\t\t\t\t\t<div class=\"elementor-element elementor-element-bcbcc75 elementor-widget elementor-widget-heading\" data-id=\"bcbcc75\" data-element_type=\"widget\" data-widget_type=\"heading.default\">\n\t\t\t\t<div class=\"elementor-widget-container\">\n\t\t\t\t\t<h2 class=\"elementor-heading-title elementor-size-default\">Presentaci\u00f3n<\/h2>\t\t\t\t<\/div>\n\t\t\t\t<\/div>\n\t\t\t\t\t<\/div>\n\t\t<\/div>\n\t\t\t\t<div class=\"elementor-column elementor-col-66 elementor-top-column elementor-element elementor-element-748b35f\" data-id=\"748b35f\" data-element_type=\"column\">\n\t\t\t<div class=\"elementor-widget-wrap elementor-element-populated\">\n\t\t\t\t\t\t<div class=\"elementor-element elementor-element-37bab40 elementor-widget elementor-widget-text-editor\" data-id=\"37bab40\" data-element_type=\"widget\" data-widget_type=\"text-editor.default\">\n\t\t\t\t<div class=\"elementor-widget-container\">\n\t\t\t\t\t\t\t\t\t<p>Desde Catalunya se sigue con preocupaci\u00f3n los altos niveles de violencia que vive Centroam\u00e9rica, especialmente en pa\u00edses como<strong> El Salvador, Guatemala, Honduras y Nicaragua<\/strong>, con los que existen hist\u00f3ricos lazos de cooperaci\u00f3n y solidaridad. Entre los motivos de preocupaci\u00f3n destacan la criminalizaci\u00f3n de la protesta, la deriva autoritaria y antifeminista, as\u00ed como la expansi\u00f3n de los grupos criminales en la regi\u00f3n.<\/p><p>La cooptaci\u00f3n del estado por parte de redes criminales, la licitaci\u00f3n sin mesura de los territorios, la remilitarizaci\u00f3n social, la polarizaci\u00f3n y los discursos de odio (LGTBIQ+f\u00f3bicos, machistas y racistas), son parte de la vulneraci\u00f3n de derechos que vive la poblaci\u00f3n, abocada a desplazamientos en condiciones inhumanas, consecuencia tambi\u00e9n de las pol\u00edticas migratorias del norte global.<\/p><p>A pesar de que Guatemala, Nicaragua, El Salvador y Honduras pusieron fin a sus conflictos b\u00e9licos, los acuerdos de paz no se han traducido en la capacidad necesaria para impulsar pol\u00edticas p\u00fablicas y legislaci\u00f3n que puedan transformar la sociedad y garantizar un clima de paz y justicia social. Sin duda, los retos son enormes y los factores causantes no est\u00e1n desligados de un contexto global en creciente tensi\u00f3n.<\/p><p>Sin embargo, Centroam\u00e9rica es una regi\u00f3n hist\u00f3ricamente activa, con iniciativas de transformaci\u00f3n social ideadas desde la articulaci\u00f3n social. Personas y colectivos de la sociedad civil, del \u00e1mbito acad\u00e9mico, art\u00edstico y pol\u00edtico, est\u00e1n poniendo sobre la mesa propuestas para afrontar las distintas crisis desde una mirada basada en la dignidad y derechos inherentes a todos los seres humanos y de la naturaleza.<\/p><p>Es por ello que se quiere seguir tejiendo redes de apoyo e incidencia para poder sumarse, desde Catalunya, a quienes promueven estos espacios y propuestas y por ello se ven sujetos a campa\u00f1as de desprestigio, hostigamiento, criminalizaci\u00f3n, ataques e incluso desaparici\u00f3n forzada o ejecuci\u00f3n. El contexto de represi\u00f3n, persecuci\u00f3n y violencia que vive la regi\u00f3n convoca a dirigir la atenci\u00f3n internacional hacia la regi\u00f3n y reforzar los muchos lazos de solidaridad ya existentes.<\/p><p>Es con este prop\u00f3sito que la reci\u00e9n creada <em>Taula Catalana pels Drets Humans i la Pau a l\u2019Am\u00e8rica Central<\/em> (Mesa Catalana por los Derechos Humanos y la Paz en Am\u00e9rica Central) y el ICIP (Instituto Catal\u00e1n Internacional para la Paz) convocan estas primeras jornadas de reflexi\u00f3n y di\u00e1logo en torno a los importantes retos que tiene por delante Centroam\u00e9rica, pero tambi\u00e9n para dar visibilidad a las denuncias, ideas, iniciativas y alternativas que se presentan desde la sociedad civil y que pretenden volver a poner en el centro de los debates el valor de la vida.\u00a0\u00a0<\/p>\t\t\t\t\t\t\t\t<\/div>\n\t\t\t\t<\/div>\n\t\t\t\t\t<\/div>\n\t\t<\/div>\n\t\t\t\t\t<\/div>\n\t\t<\/section>\n\t\t\t\t<section class=\"elementor-section elementor-top-section elementor-element elementor-element-137c53e elementor-section-boxed elementor-section-height-default elementor-section-height-default\" data-id=\"137c53e\" data-element_type=\"section\">\n\t\t\t\t\t\t<div class=\"elementor-container elementor-column-gap-custom\">\n\t\t\t\t\t<div class=\"elementor-column elementor-col-33 elementor-top-column elementor-element elementor-element-7f4d35a\" data-id=\"7f4d35a\" data-element_type=\"column\">\n\t\t\t<div class=\"elementor-widget-wrap elementor-element-populated\">\n\t\t\t\t\t\t<div class=\"elementor-element elementor-element-53ec267 elementor-widget elementor-widget-heading\" data-id=\"53ec267\" data-element_type=\"widget\" data-widget_type=\"heading.default\">\n\t\t\t\t<div class=\"elementor-widget-container\">\n\t\t\t\t\t<h2 class=\"elementor-heading-title elementor-size-default\">Programa<\/h2>\t\t\t\t<\/div>\n\t\t\t\t<\/div>\n\t\t\t\t\t<\/div>\n\t\t<\/div>\n\t\t\t\t<div class=\"elementor-column elementor-col-66 elementor-top-column elementor-element elementor-element-8115a95\" data-id=\"8115a95\" data-element_type=\"column\">\n\t\t\t<div class=\"elementor-widget-wrap elementor-element-populated\">\n\t\t\t\t\t\t<div class=\"elementor-element elementor-element-082d57b elementor-widget elementor-widget-text-editor\" data-id=\"082d57b\" data-element_type=\"widget\" data-widget_type=\"text-editor.default\">\n\t\t\t\t<div class=\"elementor-widget-container\">\n\t\t\t\t\t\t\t\t\t<h3>Martes 18 de junio<\/h3>\n<p>16.30h \u2013 17.00h<\/p>\n<p>Bienvenida y presentaci\u00f3n de la Taula Catalana pels Drets Humans i la Pau a l\u2019Am\u00e8rica Central.<\/p>\n<ul>\n<li><strong>Xavier Masllorens<\/strong>, ICIP<\/li>\n<li><strong>Alicia Rodr\u00edguez<\/strong> y&nbsp;<strong>L\u00eddia Serra<\/strong>, Taula Catalana pels Drets Humans i la Pau a l\u2019Am\u00e8rica Central<\/li>\n<\/ul>\n<p>17h &#8211; 17.30h: Conferencia inaugural<\/p>\n<h3><strong>Claves para entender el contexto regional desde una perspectiva de derechos humanos y construcci\u00f3n de paz<\/strong><\/h3>\n<ul>\n<li><strong>Claudia Paz y Paz<\/strong>, Centro por la Justicia y el Derecho Internacional (CEJIL)&nbsp;<\/li>\n<\/ul>\n<p>Presenta:&nbsp;<strong>Tono Albareda<\/strong>, Taula Catalana pels Drets Humans i la Pau a l\u2019Am\u00e8rica Central.&nbsp;<\/p>\n<p>17.30h &#8211; 19h: Panel 1<\/p>\n<h3><strong>Fortalecer el tejido social frente a los autoritarismos.<\/strong><\/h3>\n<ul>\n<li><strong>Ang\u00e9lica C\u00e1rcamo<\/strong>, periodista salvadore\u00f1a.<\/li>\n<li><strong>Sandra Marybel S\u00e1nchez<\/strong>, periodista hondure\u00f1a.<\/li>\n<\/ul>\n<p>Presenta: <strong>Bea Huber<\/strong>, Taula Catalana pels Drets Humans i la Pau a l\u2019Am\u00e8rica Central.<\/p>\n<h3>Mi\u00e9rcoles 19 de junio<\/h3>\n<p>9:30h &#8211; 11h: Panel 2<\/p>\n<p><strong>Reivindicar la vigencia de los derechos humanos<\/strong><\/p>\n<ul>\n<li><strong>Rolanda Garc\u00eda<\/strong>, periodista comunitaria guatemalteca.<\/li>\n<li><strong>Joaqu\u00edn Mej\u00eda<\/strong>, Equipo de Reflexi\u00f3n, Investigaci\u00f3n y Comunicaci\u00f3n, Honduras.<\/li>\n<li><strong>Ana Margarita Vijil<\/strong>, abogada nicarag\u00fcense y activista por los derechos humanos.&nbsp;<\/li>\n<\/ul>\n<p>Presenta: <strong>Jordi Corominas<\/strong>, Taula Catalana pels Drets Humans i la Pau a l\u2019Am\u00e8rica Central<\/p>\n<p>11h -11.30h: <em>Descanso<\/em><\/p>\n<p>11.30h &#8211; 13h: Panel 3<\/p>\n<h3><strong>Hacer frente a las crisis desde las miradas y pr\u00e1cticas feministas y decoloniales<\/strong><\/h3>\n<ul>\n<li><strong>Morena Herrera<\/strong>, activista feminista salvadore\u00f1a.<\/li>\n<li><strong>Sara \u00c1lvarez<\/strong>, terapeuta social Maya K&#8217;iche.<\/li>\n<li><strong>Tamara Moraz\u00e1n<\/strong>, Associaci\u00f3 Madres de Abril, Nicaragua.<\/li>\n<\/ul>\n<p>Presenta: <strong>Lola Badenes<\/strong>, Taula Catalana pels Drets Humans i la Pau a l\u2019Am\u00e8rica Central<\/p>\n<p>13h-15h: <em>Descanso<\/em><\/p>\n<p>15h-16.30h: Panel 4<\/p>\n<h3><strong>Defender la justicia social, defender el territorio frente al expolio<\/strong><\/h3>\n<ul>\n<li><strong>Vidalina Morales<\/strong>, Asociaci\u00f3n de Desarrollo Econ\u00f3mico Social de Santa Marta, El Salvador.<\/li>\n<li><strong>Y\u00e9ssica Trinidad<\/strong>, Organizaci\u00f3n Fraternal Negra Hondure\u00f1a y Red Nacional de Defensoras de Derechos Humanos.<\/li>\n<li><strong>Amaru Ruiz<\/strong>, Fundaci\u00f3n del R\u00edo, Nicaragua.<\/li>\n<\/ul>\n<p>Presenta: <strong>Alex Guillam\u00f3n<\/strong>, Taula Catalana pels Drets Humans i la Pau a l\u2019Am\u00e8rica Central.<\/p>\n<p>16.30h &#8211; 17h: <em>Descanso<\/em><\/p>\n<p>17h &#8211; 18.30h: Mesa 5<\/p>\n<h3><strong>Apostar por la paz frente a un modelo securitizador y punitivista<\/strong><\/h3>\n<ul>\n<li><strong>Silvia Ju\u00e1rez<\/strong>, Organizaci\u00f3n de Mujeres Salvadore\u00f1as por la Paz, el Salvador.<\/li>\n<li><strong>Ram\u00f3n Cadena<\/strong>, abogado de derechos humanos, Guatemala.<\/li>\n<li><strong>Elvira Cuadra<\/strong>, Centro de Estudios Transdisciplinarios de Centroam\u00e9rica.<\/li>\n<\/ul>\n<p>Presenta: <strong>Kristian Herbolzheimer<\/strong>, director del ICIP.<\/p>\n<p>18.45h &#8211; 19.45h: Di\u00e1logo<\/p>\n<h3><strong> Centroam\u00e9rica en un mundo convulso<\/strong><\/h3>\n<ul>\n<li><strong>Amaru Ruiz<\/strong>, Fundaci\u00f3n del R\u00edo, Nicaragua.<\/li>\n<li><strong>Morena Herrera<\/strong>, activista feminista salvadore\u00f1a.<\/li>\n<li><strong>Sara \u00c1lvarez<\/strong>, terapeuta social Maya K\u2019iche.<\/li>\n<li><strong>Y\u00e9ssica Trinidad<\/strong>, Organizaci\u00f3n Fraternal Negra Hondure\u00f1a y Red Nacional de Defensoras de Derechos Humanos.<\/li>\n<\/ul>\n<p>Presenta: <strong>Montse<\/strong> <strong>Santolino<\/strong>, Lafede.cat.<\/p>\n<p>19.45h: Clausura de las jornadas<\/p>\t\t\t\t\t\t\t\t<\/div>\n\t\t\t\t<\/div>\n\t\t\t\t\t<\/div>\n\t\t<\/div>\n\t\t\t\t\t<\/div>\n\t\t<\/section>\n\t\t\t\t<section class=\"elementor-section elementor-top-section elementor-element elementor-element-f07b9ea elementor-section-boxed elementor-section-height-default elementor-section-height-default\" data-id=\"f07b9ea\" data-element_type=\"section\">\n\t\t\t\t\t\t<div class=\"elementor-container elementor-column-gap-custom\">\n\t\t\t\t\t<div class=\"elementor-column elementor-col-33 elementor-top-column elementor-element elementor-element-fb46f68\" data-id=\"fb46f68\" data-element_type=\"column\">\n\t\t\t<div class=\"elementor-widget-wrap\">\n\t\t\t\t\t\t\t<\/div>\n\t\t<\/div>\n\t\t\t\t<div class=\"elementor-column elementor-col-66 elementor-top-column elementor-element elementor-element-2c1ba68\" data-id=\"2c1ba68\" data-element_type=\"column\">\n\t\t\t<div class=\"elementor-widget-wrap\">\n\t\t\t\t\t\t\t<\/div>\n\t\t<\/div>\n\t\t\t\t\t<\/div>\n\t\t<\/section>\n\t\t\t\t<section class=\"elementor-section elementor-top-section elementor-element elementor-element-ddb9ada elementor-section-boxed elementor-section-height-default elementor-section-height-default\" data-id=\"ddb9ada\" data-element_type=\"section\">\n\t\t\t\t\t\t<div class=\"elementor-container elementor-column-gap-default\">\n\t\t\t\t\t<div class=\"elementor-column elementor-col-100 elementor-top-column elementor-element elementor-element-67ef250\" data-id=\"67ef250\" data-element_type=\"column\">\n\t\t\t<div class=\"elementor-widget-wrap elementor-element-populated\">\n\t\t\t\t\t\t<div class=\"elementor-element elementor-element-0f9f665 elementor-align-center elementor-widget elementor-widget-button\" data-id=\"0f9f665\" data-element_type=\"widget\" data-widget_type=\"button.default\">\n\t\t\t\t<div class=\"elementor-widget-container\">\n\t\t\t\t\t\t\t\t\t<div class=\"elementor-button-wrapper\">\n\t\t\t\t\t<a class=\"elementor-button elementor-button-link elementor-size-xl\" href=\"https:\/\/www.icip.cat\/wp-content\/uploads\/2024\/06\/web-programa-JornadesCA-ES.pdf\">\n\t\t\t\t\t\t<span class=\"elementor-button-content-wrapper\">\n\t\t\t\t\t\t\t\t\t<span class=\"elementor-button-text\">Programa en PDF<\/span>\n\t\t\t\t\t<\/span>\n\t\t\t\t\t<\/a>\n\t\t\t\t<\/div>\n\t\t\t\t\t\t\t\t<\/div>\n\t\t\t\t<\/div>\n\t\t\t\t<div class=\"elementor-element elementor-element-a73ecd8 elementor-widget elementor-widget-text-editor\" data-id=\"a73ecd8\" data-element_type=\"widget\" data-widget_type=\"text-editor.default\">\n\t\t\t\t<div class=\"elementor-widget-container\">\n\t\t\t\t\t\t\t\t\t<p><span style=\"text-decoration: underline;\">El aforo de la sala est\u00e1 completo. Si est\u00e1 interesado\/a en asistir a las jornadas puede ponerse en contacto con el ICIP en el correo activitats@icip.cat<\/span><\/p>\t\t\t\t\t\t\t\t<\/div>\n\t\t\t\t<\/div>\n\t\t\t\t<div class=\"elementor-element elementor-element-c1b5e0f elementor-widget elementor-widget-image\" data-id=\"c1b5e0f\" data-element_type=\"widget\" data-widget_type=\"image.default\">\n\t\t\t\t<div class=\"elementor-widget-container\">\n\t\t\t\t\t\t\t\t\t\t\t\t\t\t\t<img fetchpriority=\"high\" decoding=\"async\" width=\"640\" height=\"360\" src=\"https:\/\/www.icip.cat\/wp-content\/uploads\/2024\/06\/Sin-ti\u0301tulo-Post-de-Twitter-1-1024x576.png\" class=\"attachment-large size-large wp-image-46427\" alt=\"\" srcset=\"https:\/\/www.icip.cat\/wp-content\/uploads\/2024\/06\/Sin-ti\u0301tulo-Post-de-Twitter-1-1024x576.png 1024w, https:\/\/www.icip.cat\/wp-content\/uploads\/2024\/06\/Sin-ti\u0301tulo-Post-de-Twitter-1-300x169.png 300w, https:\/\/www.icip.cat\/wp-content\/uploads\/2024\/06\/Sin-ti\u0301tulo-Post-de-Twitter-1-768x432.png 768w, https:\/\/www.icip.cat\/wp-content\/uploads\/2024\/06\/Sin-ti\u0301tulo-Post-de-Twitter-1-1536x864.png 1536w, https:\/\/www.icip.cat\/wp-content\/uploads\/2024\/06\/Sin-ti\u0301tulo-Post-de-Twitter-1.png 1600w\" sizes=\"(max-width: 640px) 100vw, 640px\" \/>\t\t\t\t\t\t\t\t\t\t\t\t\t\t\t<\/div>\n\t\t\t\t<\/div>\n\t\t\t\t\t<\/div>\n\t\t<\/div>\n\t\t\t\t\t<\/div>\n\t\t<\/section>\n\t\t\t\t<\/div>\n\t\t","protected":false},"excerpt":{"rendered":"<p>Jornadas\u00abDerechos humanos y paz en Am\u00e9rica Central: retos y oportunidades\u00bb Barcelona, 18 y 19 junio de 2024 Museu d\u2019Hist\u00f2ria de Barcelona Presentaci\u00f3n Desde Catalunya se sigue con preocupaci\u00f3n los altos niveles de violencia que vive Centroam\u00e9rica, especialmente en pa\u00edses como El Salvador, Guatemala, Honduras y Nicaragua, con los que existen hist\u00f3ricos lazos de cooperaci\u00f3n y [&hellip;]<\/p>\n","protected":false},"author":4,"featured_media":0,"parent":0,"menu_order":0,"comment_status":"closed","ping_status":"closed","template":"","meta":{"_acf_changed":false,"footnotes":""},"class_list":["post-46062","page","type-page","status-publish","hentry"],"acf":[],"yoast_head":"<!-- This site is optimized with the Yoast SEO plugin v25.6 - https:\/\/yoast.com\/wordpress\/plugins\/seo\/ -->\n<title>Jornadas \u201cDerechos humanos y paz en Am\u00e9rica Central: retos y oportunidades\u201d - ICIP<\/title>\n<meta name=\"robots\" content=\"index, follow, max-snippet:-1, max-image-preview:large, max-video-preview:-1\" \/>\n<link rel=\"canonical\" href=\"https:\/\/www.icip.cat\/ca\/jornades-drets-humans-i-pau-a-america-central\/\" \/>\n<meta property=\"og:locale\" content=\"es_ES\" \/>\n<meta property=\"og:type\" content=\"article\" \/>\n<meta property=\"og:title\" content=\"Jornadas \u201cDerechos humanos y paz en Am\u00e9rica Central: retos y oportunidades\u201d - ICIP\" \/>\n<meta property=\"og:description\" content=\"Jornadas\u00abDerechos humanos y paz en Am\u00e9rica Central: retos y oportunidades\u00bb Barcelona, 18 y 19 junio de 2024 Museu d\u2019Hist\u00f2ria de Barcelona Presentaci\u00f3n Desde Catalunya se sigue con preocupaci\u00f3n los altos niveles de violencia que vive Centroam\u00e9rica, especialmente en pa\u00edses como El Salvador, Guatemala, Honduras y Nicaragua, con los que existen hist\u00f3ricos lazos de cooperaci\u00f3n y [&hellip;]\" \/>\n<meta property=\"og:url\" content=\"https:\/\/www.icip.cat\/ca\/jornades-drets-humans-i-pau-a-america-central\/\" \/>\n<meta property=\"og:site_name\" content=\"ICIP\" \/>\n<meta property=\"article:modified_time\" content=\"2024-06-18T07:42:35+00:00\" \/>\n<meta property=\"og:image\" content=\"https:\/\/www.icip.cat\/wp-content\/uploads\/2024\/06\/Sin-ti\u0301tulo-Post-de-Twitter-1-1024x576.png\" \/>\n<meta name=\"twitter:card\" content=\"summary_large_image\" \/>\n<meta name=\"twitter:label1\" content=\"Tiempo de lectura\" \/>\n\t<meta name=\"twitter:data1\" content=\"5 minutos\" \/>\n<script type=\"application\/ld+json\" class=\"yoast-schema-graph\">{\"@context\":\"https:\/\/schema.org\",\"@graph\":[{\"@type\":\"WebPage\",\"@id\":\"https:\/\/www.icip.cat\/ca\/jornades-drets-humans-i-pau-a-america-central\/\",\"url\":\"https:\/\/www.icip.cat\/ca\/jornades-drets-humans-i-pau-a-america-central\/\",\"name\":\"Jornadas \u201cDerechos humanos y paz en Am\u00e9rica Central: retos y oportunidades\u201d - ICIP\",\"isPartOf\":{\"@id\":\"https:\/\/www.icip.cat\/ca\/#website\"},\"datePublished\":\"2024-05-27T11:16:24+00:00\",\"dateModified\":\"2024-06-18T07:42:35+00:00\",\"inLanguage\":\"es\",\"potentialAction\":[{\"@type\":\"ReadAction\",\"target\":[\"https:\/\/www.icip.cat\/ca\/jornades-drets-humans-i-pau-a-america-central\/\"]}]},{\"@type\":\"WebSite\",\"@id\":\"https:\/\/www.icip.cat\/ca\/#website\",\"url\":\"https:\/\/www.icip.cat\/ca\/\",\"name\":\"ICIP\",\"description\":\"\",\"publisher\":{\"@id\":\"https:\/\/www.icip.cat\/ca\/#organization\"},\"potentialAction\":[{\"@type\":\"SearchAction\",\"target\":{\"@type\":\"EntryPoint\",\"urlTemplate\":\"https:\/\/www.icip.cat\/ca\/?s={search_term_string}\"},\"query-input\":{\"@type\":\"PropertyValueSpecification\",\"valueRequired\":true,\"valueName\":\"search_term_string\"}}],\"inLanguage\":\"es\"},{\"@type\":\"Organization\",\"@id\":\"https:\/\/www.icip.cat\/ca\/#organization\",\"name\":\"ICIP\",\"url\":\"https:\/\/www.icip.cat\/ca\/\",\"logo\":{\"@type\":\"ImageObject\",\"inLanguage\":\"es\",\"@id\":\"https:\/\/www.icip.cat\/ca\/#\/schema\/logo\/image\/\",\"url\":\"https:\/\/www.icip.cat\/wp-content\/uploads\/2021\/02\/logo-2.png\",\"contentUrl\":\"https:\/\/www.icip.cat\/wp-content\/uploads\/2021\/02\/logo-2.png\",\"width\":562,\"height\":391,\"caption\":\"ICIP\"},\"image\":{\"@id\":\"https:\/\/www.icip.cat\/ca\/#\/schema\/logo\/image\/\"}}]}<\/script>\n<!-- \/ Yoast SEO plugin. -->","yoast_head_json":{"title":"Jornadas \u201cDerechos humanos y paz en Am\u00e9rica Central: retos y oportunidades\u201d - ICIP","robots":{"index":"index","follow":"follow","max-snippet":"max-snippet:-1","max-image-preview":"max-image-preview:large","max-video-preview":"max-video-preview:-1"},"canonical":"https:\/\/www.icip.cat\/ca\/jornades-drets-humans-i-pau-a-america-central\/","og_locale":"es_ES","og_type":"article","og_title":"Jornadas \u201cDerechos humanos y paz en Am\u00e9rica Central: retos y oportunidades\u201d - ICIP","og_description":"Jornadas\u00abDerechos humanos y paz en Am\u00e9rica Central: retos y oportunidades\u00bb Barcelona, 18 y 19 junio de 2024 Museu d\u2019Hist\u00f2ria de Barcelona Presentaci\u00f3n Desde Catalunya se sigue con preocupaci\u00f3n los altos niveles de violencia que vive Centroam\u00e9rica, especialmente en pa\u00edses como El Salvador, Guatemala, Honduras y Nicaragua, con los que existen hist\u00f3ricos lazos de cooperaci\u00f3n y [&hellip;]","og_url":"https:\/\/www.icip.cat\/ca\/jornades-drets-humans-i-pau-a-america-central\/","og_site_name":"ICIP","article_modified_time":"2024-06-18T07:42:35+00:00","og_image":[{"url":"https:\/\/www.icip.cat\/wp-content\/uploads\/2024\/06\/Sin-ti\u0301tulo-Post-de-Twitter-1-1024x576.png","type":"","width":"","height":""}],"twitter_card":"summary_large_image","twitter_misc":{"Tiempo de lectura":"5 minutos"},"schema":{"@context":"https:\/\/schema.org","@graph":[{"@type":"WebPage","@id":"https:\/\/www.icip.cat\/ca\/jornades-drets-humans-i-pau-a-america-central\/","url":"https:\/\/www.icip.cat\/ca\/jornades-drets-humans-i-pau-a-america-central\/","name":"Jornadas \u201cDerechos humanos y paz en Am\u00e9rica Central: retos y oportunidades\u201d - ICIP","isPartOf":{"@id":"https:\/\/www.icip.cat\/ca\/#website"},"datePublished":"2024-05-27T11:16:24+00:00","dateModified":"2024-06-18T07:42:35+00:00","inLanguage":"es","potentialAction":[{"@type":"ReadAction","target":["https:\/\/www.icip.cat\/ca\/jornades-drets-humans-i-pau-a-america-central\/"]}]},{"@type":"WebSite","@id":"https:\/\/www.icip.cat\/ca\/#website","url":"https:\/\/www.icip.cat\/ca\/","name":"ICIP","description":"","publisher":{"@id":"https:\/\/www.icip.cat\/ca\/#organization"},"potentialAction":[{"@type":"SearchAction","target":{"@type":"EntryPoint","urlTemplate":"https:\/\/www.icip.cat\/ca\/?s={search_term_string}"},"query-input":{"@type":"PropertyValueSpecification","valueRequired":true,"valueName":"search_term_string"}}],"inLanguage":"es"},{"@type":"Organization","@id":"https:\/\/www.icip.cat\/ca\/#organization","name":"ICIP","url":"https:\/\/www.icip.cat\/ca\/","logo":{"@type":"ImageObject","inLanguage":"es","@id":"https:\/\/www.icip.cat\/ca\/#\/schema\/logo\/image\/","url":"https:\/\/www.icip.cat\/wp-content\/uploads\/2021\/02\/logo-2.png","contentUrl":"https:\/\/www.icip.cat\/wp-content\/uploads\/2021\/02\/logo-2.png","width":562,"height":391,"caption":"ICIP"},"image":{"@id":"https:\/\/www.icip.cat\/ca\/#\/schema\/logo\/image\/"}}]}},"_links":{"self":[{"href":"https:\/\/www.icip.cat\/es\/wp-json\/wp\/v2\/pages\/46062","targetHints":{"allow":["GET"]}}],"collection":[{"href":"https:\/\/www.icip.cat\/es\/wp-json\/wp\/v2\/pages"}],"about":[{"href":"https:\/\/www.icip.cat\/es\/wp-json\/wp\/v2\/types\/page"}],"author":[{"embeddable":true,"href":"https:\/\/www.icip.cat\/es\/wp-json\/wp\/v2\/users\/4"}],"replies":[{"embeddable":true,"href":"https:\/\/www.icip.cat\/es\/wp-json\/wp\/v2\/comments?post=46062"}],"version-history":[{"count":65,"href":"https:\/\/www.icip.cat\/es\/wp-json\/wp\/v2\/pages\/46062\/revisions"}],"predecessor-version":[{"id":46632,"href":"https:\/\/www.icip.cat\/es\/wp-json\/wp\/v2\/pages\/46062\/revisions\/46632"}],"wp:attachment":[{"href":"https:\/\/www.icip.cat\/es\/wp-json\/wp\/v2\/media?parent=46062"}],"curies":[{"name":"wp","href":"https:\/\/api.w.org\/{rel}","templated":true}]}}