{"id":48907,"date":"2024-08-07T07:03:12","date_gmt":"2024-08-07T07:03:12","guid":{"rendered":"https:\/\/www.icip.cat\/alternativas-de-seguridad-2\/redefinir-la-seguretat\/"},"modified":"2026-01-27T10:34:10","modified_gmt":"2026-01-27T10:34:10","slug":"redefinir-la-seguridad","status":"publish","type":"page","link":"https:\/\/www.icip.cat\/es\/alternativas-de-seguridad\/redefinir-la-seguridad\/","title":{"rendered":"Redefinir la seguridad"},"content":{"rendered":"\t\t<div data-elementor-type=\"wp-page\" data-elementor-id=\"48907\" class=\"elementor elementor-48907 elementor-48684\" data-elementor-post-type=\"page\">\n\t\t\t\t\t\t<section class=\"elementor-section elementor-top-section elementor-element elementor-element-e6e0092 elementor-section-boxed elementor-section-height-default elementor-section-height-default\" data-id=\"e6e0092\" data-element_type=\"section\" data-settings=\"{&quot;background_background&quot;:&quot;classic&quot;}\">\n\t\t\t\t\t\t\t<div class=\"elementor-background-overlay\"><\/div>\n\t\t\t\t\t\t\t<div class=\"elementor-container elementor-column-gap-default\">\n\t\t\t\t\t<div class=\"elementor-column elementor-col-100 elementor-top-column elementor-element elementor-element-544249c\" data-id=\"544249c\" data-element_type=\"column\">\n\t\t\t<div class=\"elementor-widget-wrap elementor-element-populated\">\n\t\t\t\t\t\t<div class=\"elementor-element elementor-element-12abc74 elementor-widget elementor-widget-heading\" data-id=\"12abc74\" data-element_type=\"widget\" data-widget_type=\"heading.default\">\n\t\t\t\t<div class=\"elementor-widget-container\">\n\t\t\t\t\t<h1 class=\"elementor-heading-title elementor-size-xl\">Redefinir la seguridad<\/h1>\t\t\t\t<\/div>\n\t\t\t\t<\/div>\n\t\t\t\t\t<\/div>\n\t\t<\/div>\n\t\t\t\t\t<\/div>\n\t\t<\/section>\n\t\t\t\t<section class=\"elementor-section elementor-top-section elementor-element elementor-element-56adc83 elementor-section-boxed elementor-section-height-default elementor-section-height-default\" data-id=\"56adc83\" data-element_type=\"section\">\n\t\t\t\t\t\t<div class=\"elementor-container elementor-column-gap-default\">\n\t\t\t\t\t<div class=\"elementor-column elementor-col-100 elementor-top-column elementor-element elementor-element-98f50b6\" data-id=\"98f50b6\" data-element_type=\"column\">\n\t\t\t<div class=\"elementor-widget-wrap elementor-element-populated\">\n\t\t\t\t\t\t<div class=\"elementor-element elementor-element-d0cdc5a elementor-widget elementor-widget-spacer\" data-id=\"d0cdc5a\" data-element_type=\"widget\" data-widget_type=\"spacer.default\">\n\t\t\t\t<div class=\"elementor-widget-container\">\n\t\t\t\t\t\t\t<div class=\"elementor-spacer\">\n\t\t\t<div class=\"elementor-spacer-inner\"><\/div>\n\t\t<\/div>\n\t\t\t\t\t\t<\/div>\n\t\t\t\t<\/div>\n\t\t\t\t<section class=\"elementor-section elementor-inner-section elementor-element elementor-element-8c402a6 elementor-section-boxed elementor-section-height-default elementor-section-height-default\" data-id=\"8c402a6\" data-element_type=\"section\">\n\t\t\t\t\t\t<div class=\"elementor-container elementor-column-gap-default\">\n\t\t\t\t\t<div class=\"elementor-column elementor-col-100 elementor-inner-column elementor-element elementor-element-e778450\" data-id=\"e778450\" data-element_type=\"column\">\n\t\t\t<div class=\"elementor-widget-wrap elementor-element-populated\">\n\t\t\t\t\t\t<div class=\"elementor-element elementor-element-15b0fb5 elementor-widget elementor-widget-text-editor\" data-id=\"15b0fb5\" data-element_type=\"widget\" data-widget_type=\"text-editor.default\">\n\t\t\t\t<div class=\"elementor-widget-container\">\n\t\t\t\t\t\t\t\t\t<p><strong>La seguridad es una de las nociones sociopol\u00edticas m\u00e1s discutidas en el mundo contempor\u00e1neo<\/strong>. Sin embargo, a grandes rasgos, los discursos sobre la seguridad han estado tradicionalmente ligados a la protecci\u00f3n f\u00edsica -en su dimensi\u00f3n personal- y a la garant\u00eda de la integridad estatal -en su dimensi\u00f3n pol\u00edtica-. Esta idea cl\u00e1sica ha supuesto que hablar de seguridad equivalga en gran medida a hablar de \u00abdefensa nacional\u00bb y de \u00abpresencia de cuerpos policiales y militares\u00bb en la vida p\u00fablica. Bajo este marco, se legitima y asume como inevitable la guerra y la actuaci\u00f3n armada, el control social y la represi\u00f3n.<\/p><p>Desde el ICIP nos preguntamos: \u00bfDe qu\u00e9 distintas formas se puede entender la seguridad? <strong>\u00bfExisten definiciones realistas para abordar la seguridad desde una \u00f3ptica de paz?<\/strong> \u00bfQu\u00e9 limitaciones tienen?<\/p><p>Para dar respuesta, analizamos propuestas que se basan en la garant\u00eda del bienestar de todas las personas y territorios; el traspaso de la inversi\u00f3n y confianza en los mecanismos punitivos hacia mecanismos sociales; el an\u00e1lisis y el trabajo desde las causas de las violencias; la promoci\u00f3n de espacios de corresponsabilidad e interdependencia entre actores diversos y con la ciudadan\u00eda; y el despliegue prioritario de medios pac\u00edficos y de di\u00e1logo.<\/p>\t\t\t\t\t\t\t\t<\/div>\n\t\t\t\t<\/div>\n\t\t\t\t<div class=\"elementor-element elementor-element-a07e27a elementor-widget elementor-widget-spacer\" data-id=\"a07e27a\" data-element_type=\"widget\" data-widget_type=\"spacer.default\">\n\t\t\t\t<div class=\"elementor-widget-container\">\n\t\t\t\t\t\t\t<div class=\"elementor-spacer\">\n\t\t\t<div class=\"elementor-spacer-inner\"><\/div>\n\t\t<\/div>\n\t\t\t\t\t\t<\/div>\n\t\t\t\t<\/div>\n\t\t\t\t\t<\/div>\n\t\t<\/div>\n\t\t\t\t\t<\/div>\n\t\t<\/section>\n\t\t\t\t<div class=\"elementor-element elementor-element-d040213 elementor-widget elementor-widget-heading\" data-id=\"d040213\" data-element_type=\"widget\" data-widget_type=\"heading.default\">\n\t\t\t\t<div class=\"elementor-widget-container\">\n\t\t\t\t\t<h2 class=\"elementor-heading-title elementor-size-default\">Publicaciones<\/h2>\t\t\t\t<\/div>\n\t\t\t\t<\/div>\n\t\t\t\t<div class=\"elementor-element elementor-element-2d4e873 elementor-widget-divider--view-line elementor-widget elementor-widget-divider\" data-id=\"2d4e873\" data-element_type=\"widget\" data-widget_type=\"divider.default\">\n\t\t\t\t<div class=\"elementor-widget-container\">\n\t\t\t\t\t\t\t<div class=\"elementor-divider\">\n\t\t\t<span class=\"elementor-divider-separator\">\n\t\t\t\t\t\t<\/span>\n\t\t<\/div>\n\t\t\t\t\t\t<\/div>\n\t\t\t\t<\/div>\n\t\t\t\t<div class=\"elementor-element elementor-element-21c17d1 elementor-widget elementor-widget-icip-publicationlisting\" data-id=\"21c17d1\" data-element_type=\"widget\" data-widget_type=\"icip-publicationlisting.default\">\n\t\t\t\t<div class=\"elementor-widget-container\">\n\t\t\t\t\t<div class=\"block-publication-listing\"  data-view-type=\"cover\"><div class=\"list\"><article class=\"entry\"><a href=\"https:\/\/www.icip.cat\/es\/publication\/un-marco-alternativo-para-la-seguridad\/\" class=\"link\" title=\"Un marco alternativo para la seguridad\"><div class=\"image\"><img fetchpriority=\"high\" decoding=\"async\" width=\"400\" height=\"570\" src=\"https:\/\/www.icip.cat\/wp-content\/uploads\/2022\/05\/Captura-153-400x570.png\" class=\"attachment-publicationlisting-thumbnail size-publicationlisting-thumbnail wp-post-image\" alt=\"\" \/><\/div><div class=\"details\"><h2 class=\"title\">Un marco alternativo para la seguridad<\/h2><p class=\"author\">Batall\u00e9, Olga; Baker, Teddy; y Teodoro, Francesc<\/p><\/div><\/a><\/article><article class=\"entry\"><a href=\"http:\/\/www.icip.cat\/wp-content\/uploads\/2020\/11\/ICIP_RESEARCH6.pdf\" class=\"link\" title=\"La seguridad en el siglo XXI, desde lo global a lo local\"><div class=\"image\"><img decoding=\"async\" width=\"400\" height=\"570\" src=\"https:\/\/www.icip.cat\/wp-content\/uploads\/2020\/11\/ICIPresearch06-400x570.png\" class=\"attachment-publicationlisting-thumbnail size-publicationlisting-thumbnail wp-post-image\" alt=\"\" \/><\/div><div class=\"details\"><h2 class=\"title\">La seguridad en el siglo XXI, desde lo global a lo local<\/h2><p class=\"author\">ICIP Research 6<\/p><\/div><\/a><\/article><\/div><\/div>\t\t\t\t<\/div>\n\t\t\t\t<\/div>\n\t\t\t\t<div class=\"elementor-element elementor-element-4c79cc0 elementor-widget elementor-widget-heading\" data-id=\"4c79cc0\" data-element_type=\"widget\" id=\"colombia\" data-widget_type=\"heading.default\">\n\t\t\t\t<div class=\"elementor-widget-container\">\n\t\t\t\t\t<h2 class=\"elementor-heading-title elementor-size-default\">Ponencia<\/h2>\t\t\t\t<\/div>\n\t\t\t\t<\/div>\n\t\t\t\t<div class=\"elementor-element elementor-element-5756192 elementor-widget-divider--view-line elementor-widget elementor-widget-divider\" data-id=\"5756192\" data-element_type=\"widget\" data-widget_type=\"divider.default\">\n\t\t\t\t<div class=\"elementor-widget-container\">\n\t\t\t\t\t\t\t<div class=\"elementor-divider\">\n\t\t\t<span class=\"elementor-divider-separator\">\n\t\t\t\t\t\t<\/span>\n\t\t<\/div>\n\t\t\t\t\t\t<\/div>\n\t\t\t\t<\/div>\n\t\t\t\t<div class=\"elementor-element elementor-element-56f1e85 elementor-widget elementor-widget-text-editor\" data-id=\"56f1e85\" data-element_type=\"widget\" data-widget_type=\"text-editor.default\">\n\t\t\t\t<div class=\"elementor-widget-container\">\n\t\t\t\t\t\t\t\t\t<p data-start=\"0\" data-end=\"47\"><strong data-start=\"0\" data-end=\"47\">Seguridad, protecci\u00f3n y comunidad<\/strong><\/p><p data-start=\"49\" data-end=\"368\">En un contexto de creciente desigualdad y percepci\u00f3n de inseguridad, repensar los modelos tradicionales de seguridad se vuelve imprescindible. M\u00e1s all\u00e1 de respuestas reactivas o exclusivamente policiales, cobran fuerza enfoques que sit\u00faan la protecci\u00f3n de las personas, los derechos humanos y la comunidad en el centro.<\/p><p data-start=\"370\" data-end=\"744\" data-is-last-node=\"\" data-is-only-node=\"\">En esta ponencia, Sandra Mart\u00ednez, coordinadora del \u00e1rea de Alternativas de seguridad del ICIP, reflexiona sobre el papel de la comunidad en la construcci\u00f3n de seguridad y los retos de los sistemas de protecci\u00f3n actuales. La intervenci\u00f3n se present\u00f3 en la jornada <em data-start=\"634\" data-end=\"706\">\u201cComunidad y sistema de protecci\u00f3n en Gipuzkoa: oportunidades y retos\u201d<\/em>, celebrada el 5 de diciembre de 2025.<\/p>\t\t\t\t\t\t\t\t<\/div>\n\t\t\t\t<\/div>\n\t\t\t\t<div class=\"elementor-element elementor-element-c3fd040 elementor-widget elementor-widget-video\" data-id=\"c3fd040\" data-element_type=\"widget\" data-settings=\"{&quot;youtube_url&quot;:&quot;https:\\\/\\\/www.youtube.com\\\/watch?v=6nvyf2_K3ds&quot;,&quot;video_type&quot;:&quot;youtube&quot;,&quot;controls&quot;:&quot;yes&quot;}\" data-widget_type=\"video.default\">\n\t\t\t\t<div class=\"elementor-widget-container\">\n\t\t\t\t\t\t\t<div class=\"elementor-wrapper elementor-open-inline\">\n\t\t\t<div class=\"elementor-video\"><\/div>\t\t<\/div>\n\t\t\t\t\t\t<\/div>\n\t\t\t\t<\/div>\n\t\t\t\t<div class=\"elementor-element elementor-element-9c5124a elementor-widget elementor-widget-heading\" data-id=\"9c5124a\" data-element_type=\"widget\" data-widget_type=\"heading.default\">\n\t\t\t\t<div class=\"elementor-widget-container\">\n\t\t\t\t\t<h2 class=\"elementor-heading-title elementor-size-default\">Actividades de an\u00e1lisis y reflexi\u00f3n<\/h2>\t\t\t\t<\/div>\n\t\t\t\t<\/div>\n\t\t\t\t<div class=\"elementor-element elementor-element-3124d00 elementor-widget-divider--view-line elementor-widget elementor-widget-divider\" data-id=\"3124d00\" data-element_type=\"widget\" data-widget_type=\"divider.default\">\n\t\t\t\t<div class=\"elementor-widget-container\">\n\t\t\t\t\t\t\t<div class=\"elementor-divider\">\n\t\t\t<span class=\"elementor-divider-separator\">\n\t\t\t\t\t\t<\/span>\n\t\t<\/div>\n\t\t\t\t\t\t<\/div>\n\t\t\t\t<\/div>\n\t\t\t\t<div class=\"elementor-element elementor-element-f4351bf elementor-widget elementor-widget-icip-relatedlisting\" data-id=\"f4351bf\" data-element_type=\"widget\" data-widget_type=\"icip-relatedlisting.default\">\n\t\t\t\t<div class=\"elementor-widget-container\">\n\t\t\t\t\t<div class=\"block-related-listing\"  data-view-type=\"list\"><div class=\"list\"><article class=\"entry\"><a href=\"https:\/\/www.icip.cat\/es\/seminarios\/dialogos-en-red-repensamos-la-seguridad-en-tiempo-de-covid-19\/\" class=\"link icip_seminar\"><div class=\"icon\"><?xml version=\"1.0\" encoding=\"UTF-8\" standalone=\"no\"?>\n<svg\n   xmlns:dc=\"http:\/\/purl.org\/dc\/elements\/1.1\/\"\n   xmlns:cc=\"http:\/\/creativecommons.org\/ns#\"\n   xmlns:rdf=\"http:\/\/www.w3.org\/1999\/02\/22-rdf-syntax-ns#\"\n   xmlns:svg=\"http:\/\/www.w3.org\/2000\/svg\"\n   xmlns=\"http:\/\/www.w3.org\/2000\/svg\"\n   xmlns:sodipodi=\"http:\/\/sodipodi.sourceforge.net\/DTD\/sodipodi-0.dtd\"\n   xmlns:inkscape=\"http:\/\/www.inkscape.org\/namespaces\/inkscape\"\n   height=\"91.400002\"\n   width=\"75.199997\"\n   fill=\"#000000\"\n   data-name=\"Layer 1\"\n   viewBox=\"0 0 75.199997 91.400002\"\n   x=\"0px\"\n   y=\"0px\"\n   version=\"1.1\"\n   id=\"svg18\"\n   sodipodi:docname=\"icon-seminar.svg\"\n   inkscape:version=\"1.0.1 (0767f8302a, 2020-10-17)\">\n  <metadata\n     id=\"metadata24\">\n    <rdf:RDF>\n      <cc:Work\n         rdf:about=\"\">\n        <dc:format>image\/svg+xml<\/dc:format>\n        <dc:type\n           rdf:resource=\"http:\/\/purl.org\/dc\/dcmitype\/StillImage\" \/>\n        <dc:title>16<\/dc:title>\n      <\/cc:Work>\n    <\/rdf:RDF>\n  <\/metadata>\n  <defs\n     id=\"defs22\" \/>\n  <sodipodi:namedview\n     pagecolor=\"#ffffff\"\n     bordercolor=\"#666666\"\n     borderopacity=\"1\"\n     objecttolerance=\"10\"\n     gridtolerance=\"10\"\n     guidetolerance=\"10\"\n     inkscape:pageopacity=\"0\"\n     inkscape:pageshadow=\"2\"\n     inkscape:window-width=\"1920\"\n     inkscape:window-height=\"987\"\n     id=\"namedview20\"\n     showgrid=\"false\"\n     inkscape:zoom=\"8.13\"\n     inkscape:cx=\"37.6\"\n     inkscape:cy=\"35.859902\"\n     inkscape:window-x=\"0\"\n     inkscape:window-y=\"0\"\n     inkscape:window-maximized=\"1\"\n     inkscape:current-layer=\"svg18\" \/>\n  <title\n     id=\"title2\">16<\/title>\n  <g\n     data-name=\"Group\"\n     id=\"g16\"\n     transform=\"translate(-12.4,-4.3)\">\n    <path\n       data-name=\"Compound Path\"\n       d=\"m 12.4,25.5 v 28.4 a 11,11 0 0 0 11,11 H 44.3 L 27.1,80.4 a 2.0180436,2.0180436 0 0 0 2.7,3 L 48,67 v 26.7 a 2,2 0 0 0 4,0 V 67 l 18.3,16.3 a 2.0180436,2.0180436 0 0 0 2.7,-3 L 55.7,64.9 h 20.9 a 11,11 0 0 0 11,-11 V 25.5 a 11,11 0 0 0 -11,-11 H 23.4 a 11,11 0 0 0 -11,11 z m 71.1,0 v 28.4 a 7,7 0 0 1 -7,7 H 23.4 a 7,7 0 0 1 -7,-7 V 25.5 a 7,7 0 0 1 7,-7 h 53.2 a 7,7 0 0 1 7,7 z\"\n       id=\"path4\" \/>\n    <path\n       data-name=\"Path\"\n       d=\"m 71.4,8.3 a 2,2 0 0 0 0,-4 H 28.6 a 2,2 0 1 0 0,4 z\"\n       id=\"path6\" \/>\n    <path\n       data-name=\"Path\"\n       d=\"m 31.6,53.9 a 2,2 0 0 0 2,-2 V 36.1 a 2,2 0 0 0 -4,0 v 15.8 a 2,2 0 0 0 2,2 z\"\n       id=\"path8\" \/>\n    <path\n       data-name=\"Path\"\n       d=\"m 44,53.9 a 2,2 0 0 0 2,-2 V 28.1 a 2,2 0 0 0 -4,0 v 23.8 a 2,2 0 0 0 2,2 z\"\n       id=\"path10\" \/>\n    <path\n       data-name=\"Path\"\n       d=\"m 56.2,53.9 a 2,2 0 0 0 2,-2 V 39.2 a 2,2 0 0 0 -4,0 v 12.7 a 2,2 0 0 0 2,2 z\"\n       id=\"path12\" \/>\n    <path\n       data-name=\"Path\"\n       d=\"m 68.4,53.9 a 2,2 0 0 0 2,-2 V 37.2 a 2,2 0 1 0 -4,0 v 14.7 a 2,2 0 0 0 2,2 z\"\n       id=\"path14\" \/>\n  <\/g>\n<\/svg>\n<\/div><div class=\"details\"><h2 class=\"title\">Di\u00e1logos en red: \u00abRepensamos la seguridad en tiempo de COVID-19\u00bb<\/h2><\/div><\/a><\/article><article class=\"entry\"><a href=\"https:\/\/www.icip.cat\/es\/event\/webinar-un-marco-alternativo-para-la-seguridad\/\" class=\"link icip_event\"><div class=\"icon\"><svg height='100px' width='100px'  fill=\"#000000\" xmlns=\"http:\/\/www.w3.org\/2000\/svg\" data-name=\"Layer 1\" viewBox=\"0 0 100 100\" x=\"0px\" y=\"0px\"><title>50<\/title><path d=\"M66.81836,26.66357V20.77881H61.33984v-6h5.47852V8a3,3,0,0,1,6,0V26.66357a3,3,0,1,1-6,0Zm-12.87891,3a2.99983,2.99983,0,0,0,3-3V8a3,3,0,0,0-6,0v6.77881H45.46v6h5.47949v5.88476A2.99984,2.99984,0,0,0,53.93945,29.66357Zm-15.8789,0a2.99984,2.99984,0,0,0,3-3V8a3,3,0,0,0-6,0v6.77881H29.58008v6h5.48047v5.88476A2.99983,2.99983,0,0,0,38.06055,29.66357ZM95,72A22.9849,22.9849,0,0,1,54.58643,87H14.84961A9.86143,9.86143,0,0,1,5,77.1499V24.64014a9.86643,9.86643,0,0,1,9.84961-9.86035h4.332V8a3,3,0,0,1,6,0V26.66357a3,3,0,0,1-6,0V20.77979h-4.332A3.85924,3.85924,0,0,0,11,24.64014V36.00342H81V24.63867a3.8696,3.8696,0,0,0-3.8125-3.85986l.06445-6A9.89016,9.89016,0,0,1,87,24.63867V54.5863A22.94994,22.94994,0,0,1,95,72ZM50.83557,81A22.99691,22.99691,0,0,1,81,50.83557V42.00342H11V77.1499A3.85392,3.85392,0,0,0,14.84961,81ZM89,72A17,17,0,1,0,72,89,17.019,17.019,0,0,0,89,72ZM70.03516,74.49463l-4.10059-4.1001-4.24219,4.24219L70.03516,82.98,86.11328,66.90234l-4.24219-4.24316Z\"><\/path><\/svg><\/div><div class=\"details\"><h2 class=\"title\">Webinar: \u2018Un marco alternativo para la seguridad\u2019<\/h2><\/div><\/a><\/article><\/div><\/div>\t\t\t\t<\/div>\n\t\t\t\t<\/div>\n\t\t\t\t\t<\/div>\n\t\t<\/div>\n\t\t\t\t\t<\/div>\n\t\t<\/section>\n\t\t\t\t<section class=\"elementor-section elementor-top-section elementor-element elementor-element-7ce8567 elementor-section-boxed elementor-section-height-default elementor-section-height-default\" data-id=\"7ce8567\" data-element_type=\"section\">\n\t\t\t\t\t\t<div class=\"elementor-container elementor-column-gap-default\">\n\t\t\t\t\t<div class=\"elementor-column elementor-col-100 elementor-top-column elementor-element elementor-element-78b8592\" data-id=\"78b8592\" data-element_type=\"column\">\n\t\t\t<div class=\"elementor-widget-wrap elementor-element-populated\">\n\t\t\t\t\t\t<div class=\"elementor-element elementor-element-5e41193 elementor-widget elementor-widget-spacer\" data-id=\"5e41193\" data-element_type=\"widget\" data-widget_type=\"spacer.default\">\n\t\t\t\t<div class=\"elementor-widget-container\">\n\t\t\t\t\t\t\t<div class=\"elementor-spacer\">\n\t\t\t<div class=\"elementor-spacer-inner\"><\/div>\n\t\t<\/div>\n\t\t\t\t\t\t<\/div>\n\t\t\t\t<\/div>\n\t\t\t\t<div class=\"elementor-element elementor-element-f2daafc elementor-widget elementor-widget-video\" data-id=\"f2daafc\" data-element_type=\"widget\" data-settings=\"{&quot;youtube_url&quot;:&quot;https:\\\/\\\/www.youtube.com\\\/watch?app=desktop&amp;v=XVb0rCc_Ndw&amp;t=13s&quot;,&quot;video_type&quot;:&quot;youtube&quot;,&quot;controls&quot;:&quot;yes&quot;}\" data-widget_type=\"video.default\">\n\t\t\t\t<div class=\"elementor-widget-container\">\n\t\t\t\t\t\t\t<div class=\"elementor-wrapper elementor-open-inline\">\n\t\t\t<div class=\"elementor-video\"><\/div>\t\t<\/div>\n\t\t\t\t\t\t<\/div>\n\t\t\t\t<\/div>\n\t\t\t\t<div class=\"elementor-element elementor-element-b92ba16 elementor-widget elementor-widget-spacer\" data-id=\"b92ba16\" data-element_type=\"widget\" data-widget_type=\"spacer.default\">\n\t\t\t\t<div class=\"elementor-widget-container\">\n\t\t\t\t\t\t\t<div class=\"elementor-spacer\">\n\t\t\t<div class=\"elementor-spacer-inner\"><\/div>\n\t\t<\/div>\n\t\t\t\t\t\t<\/div>\n\t\t\t\t<\/div>\n\t\t\t\t\t<\/div>\n\t\t<\/div>\n\t\t\t\t\t<\/div>\n\t\t<\/section>\n\t\t\t\t<section class=\"elementor-section elementor-top-section elementor-element elementor-element-fe8d8d3 elementor-section-boxed elementor-section-height-default elementor-section-height-default\" data-id=\"fe8d8d3\" data-element_type=\"section\" data-settings=\"{&quot;background_background&quot;:&quot;classic&quot;}\">\n\t\t\t\t\t\t<div class=\"elementor-container elementor-column-gap-default\">\n\t\t\t\t\t<div class=\"elementor-column elementor-col-100 elementor-top-column elementor-element elementor-element-24b7903\" data-id=\"24b7903\" data-element_type=\"column\">\n\t\t\t<div class=\"elementor-widget-wrap elementor-element-populated\">\n\t\t\t\t\t\t<div class=\"elementor-element elementor-element-af892ee elementor-widget elementor-widget-heading\" data-id=\"af892ee\" data-element_type=\"widget\" data-widget_type=\"heading.default\">\n\t\t\t\t<div class=\"elementor-widget-container\">\n\t\t\t\t\t<h2 class=\"elementor-heading-title elementor-size-default\">Opini\u00f3n ICIP<\/h2>\t\t\t\t<\/div>\n\t\t\t\t<\/div>\n\t\t\t\t<div class=\"elementor-element elementor-element-ec9a1cc elementor-widget-divider--view-line elementor-widget elementor-widget-divider\" data-id=\"ec9a1cc\" data-element_type=\"widget\" data-widget_type=\"divider.default\">\n\t\t\t\t<div class=\"elementor-widget-container\">\n\t\t\t\t\t\t\t<div class=\"elementor-divider\">\n\t\t\t<span class=\"elementor-divider-separator\">\n\t\t\t\t\t\t<\/span>\n\t\t<\/div>\n\t\t\t\t\t\t<\/div>\n\t\t\t\t<\/div>\n\t\t\t\t<div class=\"elementor-element elementor-element-3d9eccf elementor-widget elementor-widget-icip-relatedlisting\" data-id=\"3d9eccf\" data-element_type=\"widget\" data-widget_type=\"icip-relatedlisting.default\">\n\t\t\t\t<div class=\"elementor-widget-container\">\n\t\t\t\t\t<div class=\"block-related-listing\"  data-view-type=\"list\"><div class=\"list\"><article class=\"entry\"><a href=\"https:\/\/www.icip.cat\/es\/publication\/nuevos-dialogos-de-seguridad-per-sandra-martinez-2019\/\" class=\"link icip_publication\"><div class=\"icon\"><svg height='100px' width='100px'  fill=\"#000000\" xmlns=\"http:\/\/www.w3.org\/2000\/svg\" xmlns:xlink=\"http:\/\/www.w3.org\/1999\/xlink\" version=\"1.1\" x=\"0px\" y=\"0px\" viewBox=\"0 0 100 100\" enable-background=\"new 0 0 100 100\" xml:space=\"preserve\"><path d=\"M81.69,100H18.313c-4.753,0-8.618-3.865-8.618-8.618V8.618C9.696,3.865,13.56,0,18.313,0h49.288  c0.782,0,1.529,0.312,2.082,0.859L89.443,20.6c0.553,0.553,0.859,1.3,0.859,2.082v68.7C90.302,96.129,86.437,100,81.69,100z   M18.313,5.882c-1.506,0-2.735,1.224-2.735,2.735v82.765c0,1.506,1.229,2.735,2.735,2.735h63.371c1.482,0,2.735-1.253,2.735-2.735  V23.9L66.384,5.882L18.313,5.882z\"><\/path><path d=\"M87.36,25.624H67.619c-1.624,0-2.941-1.318-2.941-2.941V2.941c0-1.188,0.718-2.265,1.818-2.718  c1.094-0.453,2.365-0.206,3.206,0.635L89.443,20.6c0.841,0.841,1.094,2.106,0.635,3.206S88.555,25.624,87.36,25.624z M70.56,19.741  h9.7l-9.7-9.7V19.741z\"><\/path><path d=\"M71.284,80.935H28.719c-1.624,0-2.941-1.318-2.941-2.941c0-1.624,1.318-2.941,2.941-2.941h42.565  c1.624,0,2.941,1.318,2.941,2.941C74.225,79.618,72.908,80.935,71.284,80.935z\"><\/path><path d=\"M71.284,63.288H28.719c-1.624,0-2.941-1.318-2.941-2.941c0-1.624,1.318-2.941,2.941-2.941h42.565  c1.624,0,2.941,1.318,2.941,2.941C74.225,61.971,72.908,63.288,71.284,63.288z\"><\/path><path d=\"M71.284,45.641H28.719c-1.624,0-2.941-1.318-2.941-2.941c0-1.624,1.318-2.941,2.941-2.941h42.565  c1.624,0,2.941,1.318,2.941,2.941C74.225,44.324,72.908,45.641,71.284,45.641z\"><\/path><\/svg><\/div><div class=\"details\"><h2 class=\"title\">\u00abNuevos di\u00e1logos de seguridad\u00bb, por Sandra Mart\u00ednez (2019)<\/h2><\/div><\/a><\/article><\/div><\/div>\t\t\t\t<\/div>\n\t\t\t\t<\/div>\n\t\t\t\t<div class=\"elementor-element elementor-element-fc100f9 elementor-widget elementor-widget-icip-opinionlisting\" data-id=\"fc100f9\" data-element_type=\"widget\" data-widget_type=\"icip-opinionlisting.default\">\n\t\t\t\t<div class=\"elementor-widget-container\">\n\t\t\t\t\t<div class=\"block-opinion-listing\"><div class=\"list\"><a class='entry' href='https:\/\/www.icip.cat\/es\/opinion\/la-seguridad-en-tiempo-de-guerra\/' title='La seguridad en tiempo de guerra' ><div class='image_container'><img src='https:\/\/www.icip.cat\/wp-content\/uploads\/2022\/03\/sandraweb.jpg' alt='La seguridad en tiempo de guerra' title='La seguridad en tiempo de guerra'\/><\/div><div class='content_container'><div class='author'>Sandra Mart\u00ednez<\/div><div class='opiniondate' style='font-size: 14px;'>01\/03\/2022<\/div><h3>La seguridad en tiempo de guerra<\/h3><\/div><\/a><a class='entry' href='https:\/\/www.icip.cat\/es\/opinion\/quan-la-solidaritat-navega\/' title='Cuando la solidaridad navega' ><div class='image_container'><img src='https:\/\/www.icip.cat\/wp-content\/uploads\/2025\/09\/sandra.png' alt='Cuando la solidaridad navega' title='Cuando la solidaridad navega'\/><\/div><div class='content_container'><div class='author'>Sandra Mart\u00ednez Domingo<\/div><div class='opiniondate' style='font-size: 14px;'>02\/09\/2025<\/div><h3>Cuando la solidaridad navega<\/h3><\/div><\/a><\/div><\/div>\t\t\t\t<\/div>\n\t\t\t\t<\/div>\n\t\t\t\t\t<\/div>\n\t\t<\/div>\n\t\t\t\t\t<\/div>\n\t\t<\/section>\n\t\t\t\t<section class=\"elementor-section elementor-top-section elementor-element elementor-element-7e7f4fb elementor-section-boxed elementor-section-height-default elementor-section-height-default\" data-id=\"7e7f4fb\" data-element_type=\"section\">\n\t\t\t\t\t\t<div class=\"elementor-container elementor-column-gap-default\">\n\t\t\t\t\t<div class=\"elementor-column elementor-col-100 elementor-top-column elementor-element elementor-element-4e8f69a\" data-id=\"4e8f69a\" data-element_type=\"column\">\n\t\t\t<div class=\"elementor-widget-wrap\">\n\t\t\t\t\t\t\t<\/div>\n\t\t<\/div>\n\t\t\t\t\t<\/div>\n\t\t<\/section>\n\t\t\t\t<\/div>\n\t\t","protected":false},"excerpt":{"rendered":"<p>Redefinir la seguridad La seguridad es una de las nociones sociopol\u00edticas m\u00e1s discutidas en el mundo contempor\u00e1neo. Sin embargo, a grandes rasgos, los discursos sobre la seguridad han estado tradicionalmente ligados a la protecci\u00f3n f\u00edsica -en su dimensi\u00f3n personal- y a la garant\u00eda de la integridad estatal -en su dimensi\u00f3n pol\u00edtica-. Esta idea cl\u00e1sica ha [&hellip;]<\/p>\n","protected":false},"author":4,"featured_media":0,"parent":48894,"menu_order":0,"comment_status":"closed","ping_status":"closed","template":"","meta":{"_acf_changed":false,"footnotes":""},"class_list":["post-48907","page","type-page","status-publish","hentry"],"acf":[],"yoast_head":"<!-- This site is optimized with the Yoast SEO plugin v25.6 - https:\/\/yoast.com\/wordpress\/plugins\/seo\/ -->\n<title>Redefinir la seguridad - ICIP<\/title>\n<meta name=\"robots\" content=\"index, follow, max-snippet:-1, max-image-preview:large, max-video-preview:-1\" \/>\n<link rel=\"canonical\" href=\"https:\/\/www.icip.cat\/ca\/alternatives-de-seguretat\/redefinir-la-seguretat\/\" \/>\n<meta property=\"og:locale\" content=\"es_ES\" \/>\n<meta property=\"og:type\" content=\"article\" \/>\n<meta property=\"og:title\" content=\"Redefinir la seguridad - ICIP\" \/>\n<meta property=\"og:description\" content=\"Redefinir la seguridad La seguridad es una de las nociones sociopol\u00edticas m\u00e1s discutidas en el mundo contempor\u00e1neo. Sin embargo, a grandes rasgos, los discursos sobre la seguridad han estado tradicionalmente ligados a la protecci\u00f3n f\u00edsica -en su dimensi\u00f3n personal- y a la garant\u00eda de la integridad estatal -en su dimensi\u00f3n pol\u00edtica-. Esta idea cl\u00e1sica ha [&hellip;]\" \/>\n<meta property=\"og:url\" content=\"https:\/\/www.icip.cat\/ca\/alternatives-de-seguretat\/redefinir-la-seguretat\/\" \/>\n<meta property=\"og:site_name\" content=\"ICIP\" \/>\n<meta property=\"article:modified_time\" content=\"2026-01-27T10:34:10+00:00\" \/>\n<meta property=\"og:image\" content=\"https:\/\/www.icip.cat\/wp-content\/uploads\/2020\/11\/ICIPresearch06-400x570.png\" \/>\n<meta name=\"twitter:card\" content=\"summary_large_image\" \/>\n<meta name=\"twitter:label1\" content=\"Tiempo de lectura\" \/>\n\t<meta name=\"twitter:data1\" content=\"3 minutos\" \/>\n<script type=\"application\/ld+json\" class=\"yoast-schema-graph\">{\"@context\":\"https:\/\/schema.org\",\"@graph\":[{\"@type\":\"WebPage\",\"@id\":\"https:\/\/www.icip.cat\/ca\/alternatives-de-seguretat\/redefinir-la-seguretat\/\",\"url\":\"https:\/\/www.icip.cat\/ca\/alternatives-de-seguretat\/redefinir-la-seguretat\/\",\"name\":\"Redefinir la seguridad - ICIP\",\"isPartOf\":{\"@id\":\"https:\/\/www.icip.cat\/ca\/#website\"},\"primaryImageOfPage\":{\"@id\":\"https:\/\/www.icip.cat\/ca\/alternatives-de-seguretat\/redefinir-la-seguretat\/#primaryimage\"},\"image\":{\"@id\":\"https:\/\/www.icip.cat\/ca\/alternatives-de-seguretat\/redefinir-la-seguretat\/#primaryimage\"},\"thumbnailUrl\":\"https:\/\/www.icip.cat\/wp-content\/uploads\/2020\/11\/ICIPresearch06-400x570.png\",\"datePublished\":\"2024-08-07T07:03:12+00:00\",\"dateModified\":\"2026-01-27T10:34:10+00:00\",\"breadcrumb\":{\"@id\":\"https:\/\/www.icip.cat\/ca\/alternatives-de-seguretat\/redefinir-la-seguretat\/#breadcrumb\"},\"inLanguage\":\"es\",\"potentialAction\":[{\"@type\":\"ReadAction\",\"target\":[\"https:\/\/www.icip.cat\/ca\/alternatives-de-seguretat\/redefinir-la-seguretat\/\"]}]},{\"@type\":\"ImageObject\",\"inLanguage\":\"es\",\"@id\":\"https:\/\/www.icip.cat\/ca\/alternatives-de-seguretat\/redefinir-la-seguretat\/#primaryimage\",\"url\":\"https:\/\/www.icip.cat\/wp-content\/uploads\/2020\/11\/ICIPresearch06-400x570.png\",\"contentUrl\":\"https:\/\/www.icip.cat\/wp-content\/uploads\/2020\/11\/ICIPresearch06-400x570.png\"},{\"@type\":\"BreadcrumbList\",\"@id\":\"https:\/\/www.icip.cat\/ca\/alternatives-de-seguretat\/redefinir-la-seguretat\/#breadcrumb\",\"itemListElement\":[{\"@type\":\"ListItem\",\"position\":1,\"name\":\"Alternativas de seguridad\",\"item\":\"https:\/\/www.icip.cat\/es\/alternativas-de-seguridad\/\"},{\"@type\":\"ListItem\",\"position\":2,\"name\":\"Redefinir la seguridad\"}]},{\"@type\":\"WebSite\",\"@id\":\"https:\/\/www.icip.cat\/ca\/#website\",\"url\":\"https:\/\/www.icip.cat\/ca\/\",\"name\":\"ICIP\",\"description\":\"\",\"publisher\":{\"@id\":\"https:\/\/www.icip.cat\/ca\/#organization\"},\"potentialAction\":[{\"@type\":\"SearchAction\",\"target\":{\"@type\":\"EntryPoint\",\"urlTemplate\":\"https:\/\/www.icip.cat\/ca\/?s={search_term_string}\"},\"query-input\":{\"@type\":\"PropertyValueSpecification\",\"valueRequired\":true,\"valueName\":\"search_term_string\"}}],\"inLanguage\":\"es\"},{\"@type\":\"Organization\",\"@id\":\"https:\/\/www.icip.cat\/ca\/#organization\",\"name\":\"ICIP\",\"url\":\"https:\/\/www.icip.cat\/ca\/\",\"logo\":{\"@type\":\"ImageObject\",\"inLanguage\":\"es\",\"@id\":\"https:\/\/www.icip.cat\/ca\/#\/schema\/logo\/image\/\",\"url\":\"https:\/\/www.icip.cat\/wp-content\/uploads\/2021\/02\/logo-2.png\",\"contentUrl\":\"https:\/\/www.icip.cat\/wp-content\/uploads\/2021\/02\/logo-2.png\",\"width\":562,\"height\":391,\"caption\":\"ICIP\"},\"image\":{\"@id\":\"https:\/\/www.icip.cat\/ca\/#\/schema\/logo\/image\/\"}}]}<\/script>\n<!-- \/ Yoast SEO plugin. -->","yoast_head_json":{"title":"Redefinir la seguridad - ICIP","robots":{"index":"index","follow":"follow","max-snippet":"max-snippet:-1","max-image-preview":"max-image-preview:large","max-video-preview":"max-video-preview:-1"},"canonical":"https:\/\/www.icip.cat\/ca\/alternatives-de-seguretat\/redefinir-la-seguretat\/","og_locale":"es_ES","og_type":"article","og_title":"Redefinir la seguridad - ICIP","og_description":"Redefinir la seguridad La seguridad es una de las nociones sociopol\u00edticas m\u00e1s discutidas en el mundo contempor\u00e1neo. Sin embargo, a grandes rasgos, los discursos sobre la seguridad han estado tradicionalmente ligados a la protecci\u00f3n f\u00edsica -en su dimensi\u00f3n personal- y a la garant\u00eda de la integridad estatal -en su dimensi\u00f3n pol\u00edtica-. Esta idea cl\u00e1sica ha [&hellip;]","og_url":"https:\/\/www.icip.cat\/ca\/alternatives-de-seguretat\/redefinir-la-seguretat\/","og_site_name":"ICIP","article_modified_time":"2026-01-27T10:34:10+00:00","og_image":[{"url":"https:\/\/www.icip.cat\/wp-content\/uploads\/2020\/11\/ICIPresearch06-400x570.png","type":"","width":"","height":""}],"twitter_card":"summary_large_image","twitter_misc":{"Tiempo de lectura":"3 minutos"},"schema":{"@context":"https:\/\/schema.org","@graph":[{"@type":"WebPage","@id":"https:\/\/www.icip.cat\/ca\/alternatives-de-seguretat\/redefinir-la-seguretat\/","url":"https:\/\/www.icip.cat\/ca\/alternatives-de-seguretat\/redefinir-la-seguretat\/","name":"Redefinir la seguridad - ICIP","isPartOf":{"@id":"https:\/\/www.icip.cat\/ca\/#website"},"primaryImageOfPage":{"@id":"https:\/\/www.icip.cat\/ca\/alternatives-de-seguretat\/redefinir-la-seguretat\/#primaryimage"},"image":{"@id":"https:\/\/www.icip.cat\/ca\/alternatives-de-seguretat\/redefinir-la-seguretat\/#primaryimage"},"thumbnailUrl":"https:\/\/www.icip.cat\/wp-content\/uploads\/2020\/11\/ICIPresearch06-400x570.png","datePublished":"2024-08-07T07:03:12+00:00","dateModified":"2026-01-27T10:34:10+00:00","breadcrumb":{"@id":"https:\/\/www.icip.cat\/ca\/alternatives-de-seguretat\/redefinir-la-seguretat\/#breadcrumb"},"inLanguage":"es","potentialAction":[{"@type":"ReadAction","target":["https:\/\/www.icip.cat\/ca\/alternatives-de-seguretat\/redefinir-la-seguretat\/"]}]},{"@type":"ImageObject","inLanguage":"es","@id":"https:\/\/www.icip.cat\/ca\/alternatives-de-seguretat\/redefinir-la-seguretat\/#primaryimage","url":"https:\/\/www.icip.cat\/wp-content\/uploads\/2020\/11\/ICIPresearch06-400x570.png","contentUrl":"https:\/\/www.icip.cat\/wp-content\/uploads\/2020\/11\/ICIPresearch06-400x570.png"},{"@type":"BreadcrumbList","@id":"https:\/\/www.icip.cat\/ca\/alternatives-de-seguretat\/redefinir-la-seguretat\/#breadcrumb","itemListElement":[{"@type":"ListItem","position":1,"name":"Alternativas de seguridad","item":"https:\/\/www.icip.cat\/es\/alternativas-de-seguridad\/"},{"@type":"ListItem","position":2,"name":"Redefinir la seguridad"}]},{"@type":"WebSite","@id":"https:\/\/www.icip.cat\/ca\/#website","url":"https:\/\/www.icip.cat\/ca\/","name":"ICIP","description":"","publisher":{"@id":"https:\/\/www.icip.cat\/ca\/#organization"},"potentialAction":[{"@type":"SearchAction","target":{"@type":"EntryPoint","urlTemplate":"https:\/\/www.icip.cat\/ca\/?s={search_term_string}"},"query-input":{"@type":"PropertyValueSpecification","valueRequired":true,"valueName":"search_term_string"}}],"inLanguage":"es"},{"@type":"Organization","@id":"https:\/\/www.icip.cat\/ca\/#organization","name":"ICIP","url":"https:\/\/www.icip.cat\/ca\/","logo":{"@type":"ImageObject","inLanguage":"es","@id":"https:\/\/www.icip.cat\/ca\/#\/schema\/logo\/image\/","url":"https:\/\/www.icip.cat\/wp-content\/uploads\/2021\/02\/logo-2.png","contentUrl":"https:\/\/www.icip.cat\/wp-content\/uploads\/2021\/02\/logo-2.png","width":562,"height":391,"caption":"ICIP"},"image":{"@id":"https:\/\/www.icip.cat\/ca\/#\/schema\/logo\/image\/"}}]}},"_links":{"self":[{"href":"https:\/\/www.icip.cat\/es\/wp-json\/wp\/v2\/pages\/48907","targetHints":{"allow":["GET"]}}],"collection":[{"href":"https:\/\/www.icip.cat\/es\/wp-json\/wp\/v2\/pages"}],"about":[{"href":"https:\/\/www.icip.cat\/es\/wp-json\/wp\/v2\/types\/page"}],"author":[{"embeddable":true,"href":"https:\/\/www.icip.cat\/es\/wp-json\/wp\/v2\/users\/4"}],"replies":[{"embeddable":true,"href":"https:\/\/www.icip.cat\/es\/wp-json\/wp\/v2\/comments?post=48907"}],"version-history":[{"count":16,"href":"https:\/\/www.icip.cat\/es\/wp-json\/wp\/v2\/pages\/48907\/revisions"}],"predecessor-version":[{"id":60640,"href":"https:\/\/www.icip.cat\/es\/wp-json\/wp\/v2\/pages\/48907\/revisions\/60640"}],"up":[{"embeddable":true,"href":"https:\/\/www.icip.cat\/es\/wp-json\/wp\/v2\/pages\/48894"}],"wp:attachment":[{"href":"https:\/\/www.icip.cat\/es\/wp-json\/wp\/v2\/media?parent=48907"}],"curies":[{"name":"wp","href":"https:\/\/api.w.org\/{rel}","templated":true}]}}