{"id":51389,"date":"2025-01-24T11:59:20","date_gmt":"2025-01-24T11:59:20","guid":{"rendered":"https:\/\/www.icip.cat\/?page_id=51389"},"modified":"2025-07-18T09:37:14","modified_gmt":"2025-07-18T09:37:14","slug":"construccion-de-paz-en-colombia","status":"publish","type":"page","link":"https:\/\/www.icip.cat\/es\/memoria-convivencia-y-reconciliacion\/construccion-de-paz-en-colombia\/","title":{"rendered":"Construcci\u00f3n de paz en Colombia"},"content":{"rendered":"\t\t<div data-elementor-type=\"wp-page\" data-elementor-id=\"51389\" class=\"elementor elementor-51389\" data-elementor-post-type=\"page\">\n\t\t\t\t\t\t<section class=\"elementor-section elementor-top-section elementor-element elementor-element-098a35f elementor-section-boxed elementor-section-height-default elementor-section-height-default\" data-id=\"098a35f\" data-element_type=\"section\" data-settings=\"{&quot;background_background&quot;:&quot;classic&quot;}\">\n\t\t\t\t\t\t\t<div class=\"elementor-background-overlay\"><\/div>\n\t\t\t\t\t\t\t<div class=\"elementor-container elementor-column-gap-default\">\n\t\t\t\t\t<div class=\"elementor-column elementor-col-100 elementor-top-column elementor-element elementor-element-d4566a4\" data-id=\"d4566a4\" data-element_type=\"column\">\n\t\t\t<div class=\"elementor-widget-wrap elementor-element-populated\">\n\t\t\t\t\t\t<div class=\"elementor-element elementor-element-ea96a86 elementor-widget elementor-widget-heading\" data-id=\"ea96a86\" data-element_type=\"widget\" data-widget_type=\"heading.default\">\n\t\t\t\t<div class=\"elementor-widget-container\">\n\t\t\t\t\t<h1 class=\"elementor-heading-title elementor-size-xl\">Construcci\u00f3n de paz en Colombia<\/h1>\t\t\t\t<\/div>\n\t\t\t\t<\/div>\n\t\t\t\t\t<\/div>\n\t\t<\/div>\n\t\t\t\t\t<\/div>\n\t\t<\/section>\n\t\t\t\t<section class=\"elementor-section elementor-top-section elementor-element elementor-element-56adc83 elementor-section-boxed elementor-section-height-default elementor-section-height-default\" data-id=\"56adc83\" data-element_type=\"section\">\n\t\t\t\t\t\t<div class=\"elementor-container elementor-column-gap-default\">\n\t\t\t\t\t<div class=\"elementor-column elementor-col-100 elementor-top-column elementor-element elementor-element-98f50b6\" data-id=\"98f50b6\" data-element_type=\"column\">\n\t\t\t<div class=\"elementor-widget-wrap elementor-element-populated\">\n\t\t\t\t\t\t<div class=\"elementor-element elementor-element-d0cdc5a elementor-widget elementor-widget-spacer\" data-id=\"d0cdc5a\" data-element_type=\"widget\" data-widget_type=\"spacer.default\">\n\t\t\t\t<div class=\"elementor-widget-container\">\n\t\t\t\t\t\t\t<div class=\"elementor-spacer\">\n\t\t\t<div class=\"elementor-spacer-inner\"><\/div>\n\t\t<\/div>\n\t\t\t\t\t\t<\/div>\n\t\t\t\t<\/div>\n\t\t\t\t<section class=\"elementor-section elementor-inner-section elementor-element elementor-element-8c402a6 elementor-section-boxed elementor-section-height-default elementor-section-height-default\" data-id=\"8c402a6\" data-element_type=\"section\">\n\t\t\t\t\t\t<div class=\"elementor-container elementor-column-gap-default\">\n\t\t\t\t\t<div class=\"elementor-column elementor-col-100 elementor-inner-column elementor-element elementor-element-e778450\" data-id=\"e778450\" data-element_type=\"column\">\n\t\t\t<div class=\"elementor-widget-wrap elementor-element-populated\">\n\t\t\t\t\t\t<div class=\"elementor-element elementor-element-15b0fb5 elementor-widget elementor-widget-text-editor\" data-id=\"15b0fb5\" data-element_type=\"widget\" data-widget_type=\"text-editor.default\">\n\t\t\t\t<div class=\"elementor-widget-container\">\n\t\t\t\t\t\t\t\t\t<p>La vinculaci\u00f3n del ICIP con el apoyo y acompa\u00f1amiento a la construcci\u00f3n de paz en Colombia cuenta con una larga trayectoria. Una de las experiencias m\u00e1s recientes ha sido el trabajo conjunto con la <strong>Comisi\u00f3n para el Esclarecimiento de la Verdad, la Convivencia y la No Repetici\u00f3n de Colombia.<\/strong><\/p><p>Durante tres a\u00f1os, de 2019 a 2022, <b>el ICIP ha ejercido la Secretar\u00eda T\u00e9cnica de la Comisi\u00f3n en Europa<\/b> con el objetivo de incorporar la voz de las v\u00edctimas del conflicto colombiano exiliadas en diferentes pa\u00edses europeos. El ICIP ha ofrecido soporte t\u00e9cnico y log\u00edstico para las actividades organizadas por la Comisi\u00f3n, ha coordinado los grupos de trabajo establecidos en diferentes pa\u00edses europeos (nodos) y ha proporcionado soporte metodol\u00f3gico en el proceso de toma de testigos de v\u00edctimas en el exilio. Estas acciones han permitido documentar casos relevantes y contribuir a esclarecer la verdad, la justicia y la no repetici\u00f3n de los hechos.<\/p><p>La participaci\u00f3n de la poblaci\u00f3n exiliada con la Comisi\u00f3n de la Verdad de Colombia ha sido una <b>experiencia pionera e innovadora<\/b>. Ha sido un proceso de trabajo sin precedentes en otras comisiones de la verdad en todo el mundo y en procesos de justicia transicional.<\/p><p>Los aprendizajes adquiridos de este proceso de trabajo se han publicado en el documento\u00a0<a href=\"https:\/\/www.icip.cat\/es\/publication\/el-exilio-y-la-comision-de-la-verdad-de-colombia-una-experiencia-de-colaboracion-inedita\/\"><b><i>El exilio y la Comisi\u00f3n de la Verdad de Colombia. Una experiencia in\u00e9dita<\/i><\/b><\/a> (ICIP y Comisi\u00f3n de la Verdad, 2023).<\/p>\t\t\t\t\t\t\t\t<\/div>\n\t\t\t\t<\/div>\n\t\t\t\t\t<\/div>\n\t\t<\/div>\n\t\t\t\t\t<\/div>\n\t\t<\/section>\n\t\t\t\t\t<\/div>\n\t\t<\/div>\n\t\t\t\t\t<\/div>\n\t\t<\/section>\n\t\t\t\t<section class=\"elementor-section elementor-top-section elementor-element elementor-element-6834a53 elementor-section-boxed elementor-section-height-default elementor-section-height-default\" data-id=\"6834a53\" data-element_type=\"section\">\n\t\t\t\t\t\t<div class=\"elementor-container elementor-column-gap-default\">\n\t\t\t\t\t<div class=\"elementor-column elementor-col-100 elementor-top-column elementor-element elementor-element-4ad46b9\" data-id=\"4ad46b9\" data-element_type=\"column\">\n\t\t\t<div class=\"elementor-widget-wrap elementor-element-populated\">\n\t\t\t\t\t\t<div class=\"elementor-element elementor-element-92c198f elementor-widget elementor-widget-image\" data-id=\"92c198f\" data-element_type=\"widget\" data-widget_type=\"image.default\">\n\t\t\t\t<div class=\"elementor-widget-container\">\n\t\t\t\t\t\t\t\t\t\t\t\t\t\t\t<img fetchpriority=\"high\" decoding=\"async\" width=\"400\" height=\"570\" src=\"https:\/\/www.icip.cat\/wp-content\/uploads\/2023\/05\/Sistematitzacio-web-1-400x570.png\" class=\"attachment-publicationlisting-thumbnail size-publicationlisting-thumbnail wp-image-37032\" alt=\"\" \/>\t\t\t\t\t\t\t\t\t\t\t\t\t\t\t<\/div>\n\t\t\t\t<\/div>\n\t\t\t\t\t<\/div>\n\t\t<\/div>\n\t\t\t\t\t<\/div>\n\t\t<\/section>\n\t\t\t\t<section class=\"elementor-section elementor-top-section elementor-element elementor-element-8330997 elementor-section-boxed elementor-section-height-default elementor-section-height-default\" data-id=\"8330997\" data-element_type=\"section\">\n\t\t\t\t\t\t<div class=\"elementor-container elementor-column-gap-default\">\n\t\t\t\t\t<div class=\"elementor-column elementor-col-100 elementor-top-column elementor-element elementor-element-b40a6b3\" data-id=\"b40a6b3\" data-element_type=\"column\">\n\t\t\t<div class=\"elementor-widget-wrap elementor-element-populated\">\n\t\t\t\t\t\t<div class=\"elementor-element elementor-element-665f6d1 elementor-align-center elementor-widget elementor-widget-button\" data-id=\"665f6d1\" data-element_type=\"widget\" data-widget_type=\"button.default\">\n\t\t\t\t<div class=\"elementor-widget-container\">\n\t\t\t\t\t\t\t\t\t<div class=\"elementor-button-wrapper\">\n\t\t\t\t\t<a class=\"elementor-button elementor-button-link elementor-size-lg elementor-animation-shrink\" href=\"https:\/\/www.icip.cat\/es\/cevcolombia\/\">\n\t\t\t\t\t\t<span class=\"elementor-button-content-wrapper\">\n\t\t\t\t\t\t\t\t\t<span class=\"elementor-button-text\">Accede a la p\u00e1gina de la Secretar\u00eda T\u00e9cnica de la Comisi\u00f3n de la Verdad de Colombia en Europa<\/span>\n\t\t\t\t\t<\/span>\n\t\t\t\t\t<\/a>\n\t\t\t\t<\/div>\n\t\t\t\t\t\t\t\t<\/div>\n\t\t\t\t<\/div>\n\t\t\t\t<div class=\"elementor-element elementor-element-7b6c8b9 elementor-widget-divider--view-line elementor-widget elementor-widget-divider\" data-id=\"7b6c8b9\" data-element_type=\"widget\" data-widget_type=\"divider.default\">\n\t\t\t\t<div class=\"elementor-widget-container\">\n\t\t\t\t\t\t\t<div class=\"elementor-divider\">\n\t\t\t<span class=\"elementor-divider-separator\">\n\t\t\t\t\t\t<\/span>\n\t\t<\/div>\n\t\t\t\t\t\t<\/div>\n\t\t\t\t<\/div>\n\t\t\t\t<div class=\"elementor-element elementor-element-84d3285 elementor-view-default elementor-widget elementor-widget-icon\" data-id=\"84d3285\" data-element_type=\"widget\" data-widget_type=\"icon.default\">\n\t\t\t\t<div class=\"elementor-widget-container\">\n\t\t\t\t\t\t\t<div class=\"elementor-icon-wrapper\">\n\t\t\t<div class=\"elementor-icon\">\n\t\t\t<i aria-hidden=\"true\" class=\"fas fa-video\"><\/i>\t\t\t<\/div>\n\t\t<\/div>\n\t\t\t\t\t\t<\/div>\n\t\t\t\t<\/div>\n\t\t\t\t<div class=\"elementor-element elementor-element-5897362 elementor-widget elementor-widget-heading\" data-id=\"5897362\" data-element_type=\"widget\" data-widget_type=\"heading.default\">\n\t\t\t\t<div class=\"elementor-widget-container\">\n\t\t\t\t\t<h2 class=\"elementor-heading-title elementor-size-default\"><a href=\"http:\/\/www.icip.cat\/es\/el-icip-estrena-una-serie-de-podcasts-sobre-mujeres-colombianas-exiliadas-y-en-la-diaspora\/\" target=\"_blank\">Documental 'Para volverte a ver'<\/a><\/h2>\t\t\t\t<\/div>\n\t\t\t\t<\/div>\n\t\t\t\t<div class=\"elementor-element elementor-element-0b4076a elementor-widget elementor-widget-text-editor\" data-id=\"0b4076a\" data-element_type=\"widget\" data-widget_type=\"text-editor.default\">\n\t\t\t\t<div class=\"elementor-widget-container\">\n\t\t\t\t\t\t\t\t\t<p>En 2022, el ICIP y la Comisi\u00f3n de la Verdad produjeron un documental para mostrar la contribuci\u00f3n a la paz del exilio colombiano en Europa. El documental, titulado <em>Para volverte a ver,<\/em> fue realizado por Mandorla Films.<\/p><p>El documental se film\u00f3 en Dinamarca, Suiza y Catalu\u00f1a. Es en estos pa\u00edses donde residen los cuatro protagonistas de la pel\u00edcula, Yanira Restrepo, Juana S\u00e1nchez, Wilmer Torres y Lizethe \u00c1lvarez. El rodaje finaliz\u00f3 durante el encuentro de grupos de trabajo que el ICIP organiz\u00f3 en abril de 2022 en Barcelona. En este encuentro participaron los comisionados Carlos Beristain y Luc\u00eda Gonz\u00e1lez, que tambi\u00e9n aparecen en la pel\u00edcula.<\/p><p><em>Desc\u00e1rgate el dossier de prensa sobre el documental <a href=\"http:\/\/www.icip.cat\/wp-content\/uploads\/2022\/08\/Para-Volverte-a-ver-Dossier.pdf\">aqu\u00ed<\/a>.<\/em><\/p>\t\t\t\t\t\t\t\t<\/div>\n\t\t\t\t<\/div>\n\t\t\t\t<div class=\"elementor-element elementor-element-4274277 elementor-widget elementor-widget-video\" data-id=\"4274277\" data-element_type=\"widget\" data-settings=\"{&quot;youtube_url&quot;:&quot;https:\\\/\\\/youtu.be\\\/sGRvWgLD-ng&quot;,&quot;video_type&quot;:&quot;youtube&quot;,&quot;controls&quot;:&quot;yes&quot;}\" data-widget_type=\"video.default\">\n\t\t\t\t<div class=\"elementor-widget-container\">\n\t\t\t\t\t\t\t<div class=\"elementor-wrapper elementor-open-inline\">\n\t\t\t<div class=\"elementor-video\"><\/div>\t\t<\/div>\n\t\t\t\t\t\t<\/div>\n\t\t\t\t<\/div>\n\t\t\t\t<div class=\"elementor-element elementor-element-039923b elementor-widget elementor-widget-heading\" data-id=\"039923b\" data-element_type=\"widget\" data-widget_type=\"heading.default\">\n\t\t\t\t<div class=\"elementor-widget-container\">\n\t\t\t\t\t<h2 class=\"elementor-heading-title elementor-size-default\">V\u00eddeos relacionados<\/h2>\t\t\t\t<\/div>\n\t\t\t\t<\/div>\n\t\t\t\t<div class=\"elementor-element elementor-element-d8dff0d elementor-widget-divider--view-line elementor-widget elementor-widget-divider\" data-id=\"d8dff0d\" data-element_type=\"widget\" data-widget_type=\"divider.default\">\n\t\t\t\t<div class=\"elementor-widget-container\">\n\t\t\t\t\t\t\t<div class=\"elementor-divider\">\n\t\t\t<span class=\"elementor-divider-separator\">\n\t\t\t\t\t\t<\/span>\n\t\t<\/div>\n\t\t\t\t\t\t<\/div>\n\t\t\t\t<\/div>\n\t\t\t\t<section class=\"elementor-section elementor-inner-section elementor-element elementor-element-dd4970f elementor-section-boxed elementor-section-height-default elementor-section-height-default\" data-id=\"dd4970f\" data-element_type=\"section\">\n\t\t\t\t\t\t<div class=\"elementor-container elementor-column-gap-default\">\n\t\t\t\t\t<div class=\"elementor-column elementor-col-50 elementor-inner-column elementor-element elementor-element-17ac896\" data-id=\"17ac896\" data-element_type=\"column\">\n\t\t\t<div class=\"elementor-widget-wrap elementor-element-populated\">\n\t\t\t\t\t\t<div class=\"elementor-element elementor-element-5387953 elementor-widget elementor-widget-video\" data-id=\"5387953\" data-element_type=\"widget\" data-settings=\"{&quot;youtube_url&quot;:&quot;https:\\\/\\\/www.youtube.com\\\/watch?v=wmfZwnw2E0Q&quot;,&quot;video_type&quot;:&quot;youtube&quot;,&quot;controls&quot;:&quot;yes&quot;}\" data-widget_type=\"video.default\">\n\t\t\t\t<div class=\"elementor-widget-container\">\n\t\t\t\t\t\t\t<div class=\"elementor-wrapper elementor-open-inline\">\n\t\t\t<div class=\"elementor-video\"><\/div>\t\t<\/div>\n\t\t\t\t\t\t<\/div>\n\t\t\t\t<\/div>\n\t\t\t\t\t<\/div>\n\t\t<\/div>\n\t\t\t\t<div class=\"elementor-column elementor-col-50 elementor-inner-column elementor-element elementor-element-b826b3f\" data-id=\"b826b3f\" data-element_type=\"column\">\n\t\t\t<div class=\"elementor-widget-wrap elementor-element-populated\">\n\t\t\t\t\t\t<div class=\"elementor-element elementor-element-faefcc2 elementor-widget elementor-widget-video\" data-id=\"faefcc2\" data-element_type=\"widget\" data-settings=\"{&quot;youtube_url&quot;:&quot;https:\\\/\\\/www.youtube.com\\\/watch?v=INuj6umN7Fo&quot;,&quot;video_type&quot;:&quot;youtube&quot;,&quot;controls&quot;:&quot;yes&quot;}\" data-widget_type=\"video.default\">\n\t\t\t\t<div class=\"elementor-widget-container\">\n\t\t\t\t\t\t\t<div class=\"elementor-wrapper elementor-open-inline\">\n\t\t\t<div class=\"elementor-video\"><\/div>\t\t<\/div>\n\t\t\t\t\t\t<\/div>\n\t\t\t\t<\/div>\n\t\t\t\t\t<\/div>\n\t\t<\/div>\n\t\t\t\t\t<\/div>\n\t\t<\/section>\n\t\t\t\t<section class=\"elementor-section elementor-inner-section elementor-element elementor-element-a09997e elementor-section-boxed elementor-section-height-default elementor-section-height-default\" data-id=\"a09997e\" data-element_type=\"section\">\n\t\t\t\t\t\t<div class=\"elementor-container elementor-column-gap-default\">\n\t\t\t\t\t<div class=\"elementor-column elementor-col-50 elementor-inner-column elementor-element elementor-element-927b43e\" data-id=\"927b43e\" data-element_type=\"column\">\n\t\t\t<div class=\"elementor-widget-wrap elementor-element-populated\">\n\t\t\t\t\t\t<div class=\"elementor-element elementor-element-aa903d3 elementor-widget elementor-widget-video\" data-id=\"aa903d3\" data-element_type=\"widget\" data-settings=\"{&quot;youtube_url&quot;:&quot;https:\\\/\\\/www.youtube.com\\\/watch?v=SRJuKTCiOvs&quot;,&quot;video_type&quot;:&quot;youtube&quot;,&quot;controls&quot;:&quot;yes&quot;}\" data-widget_type=\"video.default\">\n\t\t\t\t<div class=\"elementor-widget-container\">\n\t\t\t\t\t\t\t<div class=\"elementor-wrapper elementor-open-inline\">\n\t\t\t<div class=\"elementor-video\"><\/div>\t\t<\/div>\n\t\t\t\t\t\t<\/div>\n\t\t\t\t<\/div>\n\t\t\t\t\t<\/div>\n\t\t<\/div>\n\t\t\t\t<div class=\"elementor-column elementor-col-50 elementor-inner-column elementor-element elementor-element-62da14b\" data-id=\"62da14b\" data-element_type=\"column\">\n\t\t\t<div class=\"elementor-widget-wrap elementor-element-populated\">\n\t\t\t\t\t\t<div class=\"elementor-element elementor-element-568ae73 elementor-widget elementor-widget-video\" data-id=\"568ae73\" data-element_type=\"widget\" data-settings=\"{&quot;youtube_url&quot;:&quot;https:\\\/\\\/www.youtube.com\\\/watch?v=VLhrg4gS4Eg&quot;,&quot;video_type&quot;:&quot;youtube&quot;,&quot;controls&quot;:&quot;yes&quot;}\" data-widget_type=\"video.default\">\n\t\t\t\t<div class=\"elementor-widget-container\">\n\t\t\t\t\t\t\t<div class=\"elementor-wrapper elementor-open-inline\">\n\t\t\t<div class=\"elementor-video\"><\/div>\t\t<\/div>\n\t\t\t\t\t\t<\/div>\n\t\t\t\t<\/div>\n\t\t\t\t\t<\/div>\n\t\t<\/div>\n\t\t\t\t\t<\/div>\n\t\t<\/section>\n\t\t\t\t\t<\/div>\n\t\t<\/div>\n\t\t\t\t\t<\/div>\n\t\t<\/section>\n\t\t\t\t<section class=\"elementor-section elementor-top-section elementor-element elementor-element-d12f61c elementor-section-boxed elementor-section-height-default elementor-section-height-default\" data-id=\"d12f61c\" data-element_type=\"section\" data-settings=\"{&quot;background_background&quot;:&quot;classic&quot;}\">\n\t\t\t\t\t\t<div class=\"elementor-container elementor-column-gap-default\">\n\t\t\t\t\t<div class=\"elementor-column elementor-col-100 elementor-top-column elementor-element elementor-element-bf2300f\" data-id=\"bf2300f\" data-element_type=\"column\">\n\t\t\t<div class=\"elementor-widget-wrap elementor-element-populated\">\n\t\t\t\t\t\t<div class=\"elementor-element elementor-element-ac14b78 elementor-widget elementor-widget-heading\" data-id=\"ac14b78\" data-element_type=\"widget\" data-widget_type=\"heading.default\">\n\t\t\t\t<div class=\"elementor-widget-container\">\n\t\t\t\t\t<h2 class=\"elementor-heading-title elementor-size-default\">Publicaciones relacionadas<\/h2>\t\t\t\t<\/div>\n\t\t\t\t<\/div>\n\t\t\t\t<div class=\"elementor-element elementor-element-ed3d353 elementor-widget-divider--view-line elementor-widget elementor-widget-divider\" data-id=\"ed3d353\" data-element_type=\"widget\" data-widget_type=\"divider.default\">\n\t\t\t\t<div class=\"elementor-widget-container\">\n\t\t\t\t\t\t\t<div class=\"elementor-divider\">\n\t\t\t<span class=\"elementor-divider-separator\">\n\t\t\t\t\t\t<\/span>\n\t\t<\/div>\n\t\t\t\t\t\t<\/div>\n\t\t\t\t<\/div>\n\t\t\t\t<div class=\"elementor-element elementor-element-f197a30 elementor-widget elementor-widget-icip-publicationlisting\" data-id=\"f197a30\" data-element_type=\"widget\" data-widget_type=\"icip-publicationlisting.default\">\n\t\t\t\t<div class=\"elementor-widget-container\">\n\t\t\t\t\t<div class=\"block-publication-listing\"  data-view-type=\"cover\"><div class=\"list\"><article class=\"entry\"><a href=\"https:\/\/www.icip.cat\/es\/publication\/el-exilio-y-la-comision-de-la-verdad-de-colombia-una-experiencia-de-colaboracion-inedita\/\" class=\"link\" title=\"El exilio y la Comisi\u00f3n de la Verdad de Colombia\"><div class=\"image\"><img decoding=\"async\" width=\"400\" height=\"570\" src=\"https:\/\/www.icip.cat\/wp-content\/uploads\/2023\/05\/Sistematitzacio-web-400x570.png\" class=\"attachment-publicationlisting-thumbnail size-publicationlisting-thumbnail wp-post-image\" alt=\"\" \/><\/div><div class=\"details\"><h2 class=\"title\">El exilio y la Comisi\u00f3n de la Verdad de Colombia<\/h2><p class=\"author\">ICIP y Comisi\u00f3n para el Esclarecimiento de la Verdad, la Convivencia y la No-Repetici\u00f3n de Colombia, 2023<\/p><\/div><\/a><\/article><article class=\"entry\"><a href=\"https:\/\/www.icip.cat\/es\/publication\/exilios-y-lejanias\/\" class=\"link\" title=\"Exilios y lejan\u00edas. Relatos de mujeres colombianas\"><div class=\"image\"><img decoding=\"async\" width=\"400\" height=\"570\" src=\"https:\/\/www.icip.cat\/wp-content\/uploads\/2023\/12\/Captura-266-400x570.png\" class=\"attachment-publicationlisting-thumbnail size-publicationlisting-thumbnail wp-post-image\" alt=\"\" srcset=\"https:\/\/www.icip.cat\/wp-content\/uploads\/2023\/12\/Captura-266-400x570.png 400w, https:\/\/www.icip.cat\/wp-content\/uploads\/2023\/12\/Captura-266-210x300.png 210w\" sizes=\"(max-width: 400px) 100vw, 400px\" \/><\/div><div class=\"details\"><h2 class=\"title\">Exilios y lejan\u00edas. Relatos de mujeres colombianas<\/h2><div class=\"description\"><p>Un libro escrito por mujeres colombianas que viven fuera de Colombia.<\/p>\n<\/div><p class=\"author\">Editado por Instituto Hegoa, octubre 2023<\/p><\/div><\/a><\/article><article class=\"entry\"><a href=\"https:\/\/www.icip.cat\/es\/publication\/la-diaspora-colombiana-en-europa-y-su-relacion-con-el-conflicto-armado-en-colombia\/\" class=\"link\" title=\"La di\u00e1spora colombiana en Europa y su relaci\u00f3n con el conflicto armado en Colombia\"><div class=\"image\"><img loading=\"lazy\" decoding=\"async\" width=\"400\" height=\"570\" src=\"https:\/\/www.icip.cat\/wp-content\/uploads\/2021\/06\/informe18-400x570.png\" class=\"attachment-publicationlisting-thumbnail size-publicationlisting-thumbnail wp-post-image\" alt=\"\" \/><\/div><div class=\"details\"><h2 class=\"title\">La di\u00e1spora colombiana en Europa y su relaci\u00f3n con el conflicto armado en Colombia<\/h2><p class=\"author\">Informes 18\/2021. Anastasia Berm\u00fadez Torres<\/p><\/div><\/a><\/article><article class=\"entry\"><a href=\"https:\/\/www.icip.cat\/es\/publication\/infografia-el-reconocimiento-local-a-la-poblacion-colombiana-en-el-exilio\/\" class=\"link\" title=\"Infograf\u00eda: El reconocimiento local a la poblaci\u00f3n colombiana en el exilio\"><div class=\"image\"><img loading=\"lazy\" decoding=\"async\" width=\"400\" height=\"570\" src=\"https:\/\/www.icip.cat\/wp-content\/uploads\/2021\/05\/infografia-reconocimiento-400x570.png\" class=\"attachment-publicationlisting-thumbnail size-publicationlisting-thumbnail wp-post-image\" alt=\"Infograf\u00eda reconocimiento\" \/><\/div><div class=\"details\"><h2 class=\"title\">Infograf\u00eda: El reconocimiento local a la poblaci\u00f3n colombiana en el exilio<\/h2><div class=\"description\"><p>Mayo 2021<\/p>\n<\/div><p class=\"author\">ICIP 2021<\/p><\/div><\/a><\/article><\/div><\/div>\t\t\t\t<\/div>\n\t\t\t\t<\/div>\n\t\t\t\t\t<\/div>\n\t\t<\/div>\n\t\t\t\t\t<\/div>\n\t\t<\/section>\n\t\t\t\t<section class=\"elementor-section elementor-top-section elementor-element elementor-element-7ce8567 elementor-section-boxed elementor-section-height-default elementor-section-height-default\" data-id=\"7ce8567\" data-element_type=\"section\">\n\t\t\t\t\t\t<div class=\"elementor-container elementor-column-gap-default\">\n\t\t\t\t\t<div class=\"elementor-column elementor-col-100 elementor-top-column elementor-element elementor-element-78b8592\" data-id=\"78b8592\" data-element_type=\"column\">\n\t\t\t<div class=\"elementor-widget-wrap elementor-element-populated\">\n\t\t\t\t\t\t<div class=\"elementor-element elementor-element-70cd6bc elementor-widget elementor-widget-heading\" data-id=\"70cd6bc\" data-element_type=\"widget\" data-widget_type=\"heading.default\">\n\t\t\t\t<div class=\"elementor-widget-container\">\n\t\t\t\t\t<h2 class=\"elementor-heading-title elementor-size-default\">Actividades y noticias relacionadas<\/h2>\t\t\t\t<\/div>\n\t\t\t\t<\/div>\n\t\t\t\t\t<\/div>\n\t\t<\/div>\n\t\t\t\t\t<\/div>\n\t\t<\/section>\n\t\t\t\t<section class=\"elementor-section elementor-top-section elementor-element elementor-element-ef910e9 elementor-section-boxed elementor-section-height-default elementor-section-height-default\" data-id=\"ef910e9\" data-element_type=\"section\">\n\t\t\t\t\t\t<div class=\"elementor-container elementor-column-gap-default\">\n\t\t\t\t\t<div class=\"elementor-column elementor-col-100 elementor-top-column elementor-element elementor-element-ad6621a\" data-id=\"ad6621a\" data-element_type=\"column\">\n\t\t\t<div class=\"elementor-widget-wrap elementor-element-populated\">\n\t\t\t\t\t\t<div class=\"elementor-element elementor-element-1a907f1 elementor-widget-divider--view-line elementor-widget elementor-widget-divider\" data-id=\"1a907f1\" data-element_type=\"widget\" data-widget_type=\"divider.default\">\n\t\t\t\t<div class=\"elementor-widget-container\">\n\t\t\t\t\t\t\t<div class=\"elementor-divider\">\n\t\t\t<span class=\"elementor-divider-separator\">\n\t\t\t\t\t\t<\/span>\n\t\t<\/div>\n\t\t\t\t\t\t<\/div>\n\t\t\t\t<\/div>\n\t\t\t\t<div class=\"elementor-element elementor-element-0d679f5 elementor-widget elementor-widget-icip-relatedlisting\" data-id=\"0d679f5\" data-element_type=\"widget\" data-widget_type=\"icip-relatedlisting.default\">\n\t\t\t\t<div class=\"elementor-widget-container\">\n\t\t\t\t\t<div class=\"block-related-listing\"  data-view-type=\"list\"><div class=\"list\"><article class=\"entry\"><a href=\"https:\/\/www.icip.cat\/es\/la-directora-de-la-unidad-de-implementacion-del-acuerdo-de-paz-gloria-cuartas-visita-catalunya\/\" class=\"link post\"><div class=\"icon\"><svg height='100px' width='100px'  fill=\"#000000\" xmlns=\"http:\/\/www.w3.org\/2000\/svg\" xmlns:xlink=\"http:\/\/www.w3.org\/1999\/xlink\" version=\"1.1\" x=\"0px\" y=\"0px\" viewBox=\"0 0 32 32\" enable-background=\"new 0 0 32 32\" xml:space=\"preserve\"><path d=\"M30.928,12.947h-6.77V4.369c0-0.348-0.283-0.63-0.631-0.63H1.072c-0.348,0-0.629,0.282-0.629,0.63v19.143  c0,3.418,1.213,4.749,4.328,4.749c0,0,22.23,0,22.457,0c3.115,0,4.328-1.331,4.328-4.749v-9.935  C31.557,13.229,31.275,12.947,30.928,12.947z M4.771,27.001c-2.121,0-3.068-0.504-3.068-3.489V4.999h21.195v18.513  c0,1.588,0.262,2.726,0.855,3.489H4.771z M30.297,23.512c0,2.985-0.945,3.489-3.068,3.489s-3.07-0.504-3.07-3.489v-9.305h6.139  V23.512z\"><\/path><rect x=\"4.402\" y=\"9.306\" width=\"15.797\" height=\"1.26\"><\/rect><rect x=\"14.244\" y=\"14.276\" width=\"5.955\" height=\"1.26\"><\/rect><rect x=\"14.244\" y=\"20.539\" width=\"5.955\" height=\"1.26\"><\/rect><rect x=\"14.244\" y=\"17.408\" width=\"5.955\" height=\"1.26\"><\/rect><path d=\"M12.301,12.388h-7.27c-0.348,0-0.629,0.282-0.629,0.63v10.041c0,0.348,0.281,0.63,0.629,0.63h7.27  c0.348,0,0.631-0.282,0.631-0.63V13.018C12.932,12.67,12.648,12.388,12.301,12.388z M11.672,22.428h-6.01v-8.78h6.01V22.428z\"><\/path><\/svg><\/div><div class=\"details\"><h2 class=\"title\">La directora de la Unidad de Implementaci\u00f3n del Acuerdo de Paz en Colombia, Gloria Cuartas, visita Catalu\u00f1a<\/h2><\/div><\/a><\/article><article class=\"entry\"><a href=\"https:\/\/www.icip.cat\/es\/la-comision-de-la-verdad-de-colombia-presenta-su-informe-final-a-las-victimas-exiliadas-en-cataluna\/\" class=\"link post\"><div class=\"icon\"><svg height='100px' width='100px'  fill=\"#000000\" xmlns=\"http:\/\/www.w3.org\/2000\/svg\" xmlns:xlink=\"http:\/\/www.w3.org\/1999\/xlink\" version=\"1.1\" x=\"0px\" y=\"0px\" viewBox=\"0 0 32 32\" enable-background=\"new 0 0 32 32\" xml:space=\"preserve\"><path d=\"M30.928,12.947h-6.77V4.369c0-0.348-0.283-0.63-0.631-0.63H1.072c-0.348,0-0.629,0.282-0.629,0.63v19.143  c0,3.418,1.213,4.749,4.328,4.749c0,0,22.23,0,22.457,0c3.115,0,4.328-1.331,4.328-4.749v-9.935  C31.557,13.229,31.275,12.947,30.928,12.947z M4.771,27.001c-2.121,0-3.068-0.504-3.068-3.489V4.999h21.195v18.513  c0,1.588,0.262,2.726,0.855,3.489H4.771z M30.297,23.512c0,2.985-0.945,3.489-3.068,3.489s-3.07-0.504-3.07-3.489v-9.305h6.139  V23.512z\"><\/path><rect x=\"4.402\" y=\"9.306\" width=\"15.797\" height=\"1.26\"><\/rect><rect x=\"14.244\" y=\"14.276\" width=\"5.955\" height=\"1.26\"><\/rect><rect x=\"14.244\" y=\"20.539\" width=\"5.955\" height=\"1.26\"><\/rect><rect x=\"14.244\" y=\"17.408\" width=\"5.955\" height=\"1.26\"><\/rect><path d=\"M12.301,12.388h-7.27c-0.348,0-0.629,0.282-0.629,0.63v10.041c0,0.348,0.281,0.63,0.629,0.63h7.27  c0.348,0,0.631-0.282,0.631-0.63V13.018C12.932,12.67,12.648,12.388,12.301,12.388z M11.672,22.428h-6.01v-8.78h6.01V22.428z\"><\/path><\/svg><\/div><div class=\"details\"><h2 class=\"title\">La Comisi\u00f3n de la Verdad de Colombia presenta su informe final a las v\u00edctimas exiliadas en Catalu\u00f1a<\/h2><\/div><\/a><\/article><article class=\"entry\"><a href=\"https:\/\/www.icip.cat\/es\/la-comision-de-la-verdad-de-colombia-culmina-su-mandato-con-la-presentacion-del-informe-final\/\" class=\"link post\"><div class=\"icon\"><svg height='100px' width='100px'  fill=\"#000000\" xmlns=\"http:\/\/www.w3.org\/2000\/svg\" xmlns:xlink=\"http:\/\/www.w3.org\/1999\/xlink\" version=\"1.1\" x=\"0px\" y=\"0px\" viewBox=\"0 0 32 32\" enable-background=\"new 0 0 32 32\" xml:space=\"preserve\"><path d=\"M30.928,12.947h-6.77V4.369c0-0.348-0.283-0.63-0.631-0.63H1.072c-0.348,0-0.629,0.282-0.629,0.63v19.143  c0,3.418,1.213,4.749,4.328,4.749c0,0,22.23,0,22.457,0c3.115,0,4.328-1.331,4.328-4.749v-9.935  C31.557,13.229,31.275,12.947,30.928,12.947z M4.771,27.001c-2.121,0-3.068-0.504-3.068-3.489V4.999h21.195v18.513  c0,1.588,0.262,2.726,0.855,3.489H4.771z M30.297,23.512c0,2.985-0.945,3.489-3.068,3.489s-3.07-0.504-3.07-3.489v-9.305h6.139  V23.512z\"><\/path><rect x=\"4.402\" y=\"9.306\" width=\"15.797\" height=\"1.26\"><\/rect><rect x=\"14.244\" y=\"14.276\" width=\"5.955\" height=\"1.26\"><\/rect><rect x=\"14.244\" y=\"20.539\" width=\"5.955\" height=\"1.26\"><\/rect><rect x=\"14.244\" y=\"17.408\" width=\"5.955\" height=\"1.26\"><\/rect><path d=\"M12.301,12.388h-7.27c-0.348,0-0.629,0.282-0.629,0.63v10.041c0,0.348,0.281,0.63,0.629,0.63h7.27  c0.348,0,0.631-0.282,0.631-0.63V13.018C12.932,12.67,12.648,12.388,12.301,12.388z M11.672,22.428h-6.01v-8.78h6.01V22.428z\"><\/path><\/svg><\/div><div class=\"details\"><h2 class=\"title\">La Comisi\u00f3n de la Verdad de Colombia culmina su mandato con la presentaci\u00f3n del informe final<\/h2><\/div><\/a><\/article><article class=\"entry\"><a href=\"https:\/\/www.icip.cat\/es\/publication\/la-diaspora-colombiana-en-europa-y-su-relacion-con-el-conflicto-armado-en-colombia\/\" class=\"link icip_publication\"><div class=\"icon\"><svg height='100px' width='100px'  fill=\"#000000\" xmlns=\"http:\/\/www.w3.org\/2000\/svg\" xmlns:xlink=\"http:\/\/www.w3.org\/1999\/xlink\" version=\"1.1\" x=\"0px\" y=\"0px\" viewBox=\"0 0 100 100\" enable-background=\"new 0 0 100 100\" xml:space=\"preserve\"><path d=\"M81.69,100H18.313c-4.753,0-8.618-3.865-8.618-8.618V8.618C9.696,3.865,13.56,0,18.313,0h49.288  c0.782,0,1.529,0.312,2.082,0.859L89.443,20.6c0.553,0.553,0.859,1.3,0.859,2.082v68.7C90.302,96.129,86.437,100,81.69,100z   M18.313,5.882c-1.506,0-2.735,1.224-2.735,2.735v82.765c0,1.506,1.229,2.735,2.735,2.735h63.371c1.482,0,2.735-1.253,2.735-2.735  V23.9L66.384,5.882L18.313,5.882z\"><\/path><path d=\"M87.36,25.624H67.619c-1.624,0-2.941-1.318-2.941-2.941V2.941c0-1.188,0.718-2.265,1.818-2.718  c1.094-0.453,2.365-0.206,3.206,0.635L89.443,20.6c0.841,0.841,1.094,2.106,0.635,3.206S88.555,25.624,87.36,25.624z M70.56,19.741  h9.7l-9.7-9.7V19.741z\"><\/path><path d=\"M71.284,80.935H28.719c-1.624,0-2.941-1.318-2.941-2.941c0-1.624,1.318-2.941,2.941-2.941h42.565  c1.624,0,2.941,1.318,2.941,2.941C74.225,79.618,72.908,80.935,71.284,80.935z\"><\/path><path d=\"M71.284,63.288H28.719c-1.624,0-2.941-1.318-2.941-2.941c0-1.624,1.318-2.941,2.941-2.941h42.565  c1.624,0,2.941,1.318,2.941,2.941C74.225,61.971,72.908,63.288,71.284,63.288z\"><\/path><path d=\"M71.284,45.641H28.719c-1.624,0-2.941-1.318-2.941-2.941c0-1.624,1.318-2.941,2.941-2.941h42.565  c1.624,0,2.941,1.318,2.941,2.941C74.225,44.324,72.908,45.641,71.284,45.641z\"><\/path><\/svg><\/div><div class=\"details\"><h2 class=\"title\">La di\u00e1spora colombiana en Europa y su relaci\u00f3n con el conflicto armado en Colombia<\/h2><\/div><\/a><\/article><article class=\"entry\"><a href=\"https:\/\/www.icip.cat\/es\/lleida-la-primera-ciudad-del-mundo-en-aprobar-una-mocion-para-reconocer-el-exilio-colombiano\/\" class=\"link post\"><div class=\"icon\"><svg height='100px' width='100px'  fill=\"#000000\" xmlns=\"http:\/\/www.w3.org\/2000\/svg\" xmlns:xlink=\"http:\/\/www.w3.org\/1999\/xlink\" version=\"1.1\" x=\"0px\" y=\"0px\" viewBox=\"0 0 32 32\" enable-background=\"new 0 0 32 32\" xml:space=\"preserve\"><path d=\"M30.928,12.947h-6.77V4.369c0-0.348-0.283-0.63-0.631-0.63H1.072c-0.348,0-0.629,0.282-0.629,0.63v19.143  c0,3.418,1.213,4.749,4.328,4.749c0,0,22.23,0,22.457,0c3.115,0,4.328-1.331,4.328-4.749v-9.935  C31.557,13.229,31.275,12.947,30.928,12.947z M4.771,27.001c-2.121,0-3.068-0.504-3.068-3.489V4.999h21.195v18.513  c0,1.588,0.262,2.726,0.855,3.489H4.771z M30.297,23.512c0,2.985-0.945,3.489-3.068,3.489s-3.07-0.504-3.07-3.489v-9.305h6.139  V23.512z\"><\/path><rect x=\"4.402\" y=\"9.306\" width=\"15.797\" height=\"1.26\"><\/rect><rect x=\"14.244\" y=\"14.276\" width=\"5.955\" height=\"1.26\"><\/rect><rect x=\"14.244\" y=\"20.539\" width=\"5.955\" height=\"1.26\"><\/rect><rect x=\"14.244\" y=\"17.408\" width=\"5.955\" height=\"1.26\"><\/rect><path d=\"M12.301,12.388h-7.27c-0.348,0-0.629,0.282-0.629,0.63v10.041c0,0.348,0.281,0.63,0.629,0.63h7.27  c0.348,0,0.631-0.282,0.631-0.63V13.018C12.932,12.67,12.648,12.388,12.301,12.388z M11.672,22.428h-6.01v-8.78h6.01V22.428z\"><\/path><\/svg><\/div><div class=\"details\"><h2 class=\"title\">Lleida, la primera ciudad del mundo en aprobar una moci\u00f3n para reconocer el exilio colombiano<\/h2><\/div><\/a><\/article><article class=\"entry\"><a href=\"https:\/\/www.icip.cat\/es\/seminarios\/construir-la-paz-despues-de-la-violencia\/\" class=\"link icip_seminar\"><div class=\"icon\"><?xml version=\"1.0\" encoding=\"UTF-8\" standalone=\"no\"?>\n<svg\n   xmlns:dc=\"http:\/\/purl.org\/dc\/elements\/1.1\/\"\n   xmlns:cc=\"http:\/\/creativecommons.org\/ns#\"\n   xmlns:rdf=\"http:\/\/www.w3.org\/1999\/02\/22-rdf-syntax-ns#\"\n   xmlns:svg=\"http:\/\/www.w3.org\/2000\/svg\"\n   xmlns=\"http:\/\/www.w3.org\/2000\/svg\"\n   xmlns:sodipodi=\"http:\/\/sodipodi.sourceforge.net\/DTD\/sodipodi-0.dtd\"\n   xmlns:inkscape=\"http:\/\/www.inkscape.org\/namespaces\/inkscape\"\n   height=\"91.400002\"\n   width=\"75.199997\"\n   fill=\"#000000\"\n   data-name=\"Layer 1\"\n   viewBox=\"0 0 75.199997 91.400002\"\n   x=\"0px\"\n   y=\"0px\"\n   version=\"1.1\"\n   id=\"svg18\"\n   sodipodi:docname=\"icon-seminar.svg\"\n   inkscape:version=\"1.0.1 (0767f8302a, 2020-10-17)\">\n  <metadata\n     id=\"metadata24\">\n    <rdf:RDF>\n      <cc:Work\n         rdf:about=\"\">\n        <dc:format>image\/svg+xml<\/dc:format>\n        <dc:type\n           rdf:resource=\"http:\/\/purl.org\/dc\/dcmitype\/StillImage\" \/>\n        <dc:title>16<\/dc:title>\n      <\/cc:Work>\n    <\/rdf:RDF>\n  <\/metadata>\n  <defs\n     id=\"defs22\" \/>\n  <sodipodi:namedview\n     pagecolor=\"#ffffff\"\n     bordercolor=\"#666666\"\n     borderopacity=\"1\"\n     objecttolerance=\"10\"\n     gridtolerance=\"10\"\n     guidetolerance=\"10\"\n     inkscape:pageopacity=\"0\"\n     inkscape:pageshadow=\"2\"\n     inkscape:window-width=\"1920\"\n     inkscape:window-height=\"987\"\n     id=\"namedview20\"\n     showgrid=\"false\"\n     inkscape:zoom=\"8.13\"\n     inkscape:cx=\"37.6\"\n     inkscape:cy=\"35.859902\"\n     inkscape:window-x=\"0\"\n     inkscape:window-y=\"0\"\n     inkscape:window-maximized=\"1\"\n     inkscape:current-layer=\"svg18\" \/>\n  <title\n     id=\"title2\">16<\/title>\n  <g\n     data-name=\"Group\"\n     id=\"g16\"\n     transform=\"translate(-12.4,-4.3)\">\n    <path\n       data-name=\"Compound Path\"\n       d=\"m 12.4,25.5 v 28.4 a 11,11 0 0 0 11,11 H 44.3 L 27.1,80.4 a 2.0180436,2.0180436 0 0 0 2.7,3 L 48,67 v 26.7 a 2,2 0 0 0 4,0 V 67 l 18.3,16.3 a 2.0180436,2.0180436 0 0 0 2.7,-3 L 55.7,64.9 h 20.9 a 11,11 0 0 0 11,-11 V 25.5 a 11,11 0 0 0 -11,-11 H 23.4 a 11,11 0 0 0 -11,11 z m 71.1,0 v 28.4 a 7,7 0 0 1 -7,7 H 23.4 a 7,7 0 0 1 -7,-7 V 25.5 a 7,7 0 0 1 7,-7 h 53.2 a 7,7 0 0 1 7,7 z\"\n       id=\"path4\" \/>\n    <path\n       data-name=\"Path\"\n       d=\"m 71.4,8.3 a 2,2 0 0 0 0,-4 H 28.6 a 2,2 0 1 0 0,4 z\"\n       id=\"path6\" \/>\n    <path\n       data-name=\"Path\"\n       d=\"m 31.6,53.9 a 2,2 0 0 0 2,-2 V 36.1 a 2,2 0 0 0 -4,0 v 15.8 a 2,2 0 0 0 2,2 z\"\n       id=\"path8\" \/>\n    <path\n       data-name=\"Path\"\n       d=\"m 44,53.9 a 2,2 0 0 0 2,-2 V 28.1 a 2,2 0 0 0 -4,0 v 23.8 a 2,2 0 0 0 2,2 z\"\n       id=\"path10\" \/>\n    <path\n       data-name=\"Path\"\n       d=\"m 56.2,53.9 a 2,2 0 0 0 2,-2 V 39.2 a 2,2 0 0 0 -4,0 v 12.7 a 2,2 0 0 0 2,2 z\"\n       id=\"path12\" \/>\n    <path\n       data-name=\"Path\"\n       d=\"m 68.4,53.9 a 2,2 0 0 0 2,-2 V 37.2 a 2,2 0 1 0 -4,0 v 14.7 a 2,2 0 0 0 2,2 z\"\n       id=\"path14\" \/>\n  <\/g>\n<\/svg>\n<\/div><div class=\"details\"><h2 class=\"title\">Construir la paz despu\u00e9s de la violencia<\/h2><\/div><\/a><\/article><article class=\"entry\"><a href=\"https:\/\/www.icip.cat\/es\/seminarios\/experiencias-de-reconciliacion\/\" class=\"link icip_seminar\"><div class=\"icon\"><?xml version=\"1.0\" encoding=\"UTF-8\" standalone=\"no\"?>\n<svg\n   xmlns:dc=\"http:\/\/purl.org\/dc\/elements\/1.1\/\"\n   xmlns:cc=\"http:\/\/creativecommons.org\/ns#\"\n   xmlns:rdf=\"http:\/\/www.w3.org\/1999\/02\/22-rdf-syntax-ns#\"\n   xmlns:svg=\"http:\/\/www.w3.org\/2000\/svg\"\n   xmlns=\"http:\/\/www.w3.org\/2000\/svg\"\n   xmlns:sodipodi=\"http:\/\/sodipodi.sourceforge.net\/DTD\/sodipodi-0.dtd\"\n   xmlns:inkscape=\"http:\/\/www.inkscape.org\/namespaces\/inkscape\"\n   height=\"91.400002\"\n   width=\"75.199997\"\n   fill=\"#000000\"\n   data-name=\"Layer 1\"\n   viewBox=\"0 0 75.199997 91.400002\"\n   x=\"0px\"\n   y=\"0px\"\n   version=\"1.1\"\n   id=\"svg18\"\n   sodipodi:docname=\"icon-seminar.svg\"\n   inkscape:version=\"1.0.1 (0767f8302a, 2020-10-17)\">\n  <metadata\n     id=\"metadata24\">\n    <rdf:RDF>\n      <cc:Work\n         rdf:about=\"\">\n        <dc:format>image\/svg+xml<\/dc:format>\n        <dc:type\n           rdf:resource=\"http:\/\/purl.org\/dc\/dcmitype\/StillImage\" \/>\n        <dc:title>16<\/dc:title>\n      <\/cc:Work>\n    <\/rdf:RDF>\n  <\/metadata>\n  <defs\n     id=\"defs22\" \/>\n  <sodipodi:namedview\n     pagecolor=\"#ffffff\"\n     bordercolor=\"#666666\"\n     borderopacity=\"1\"\n     objecttolerance=\"10\"\n     gridtolerance=\"10\"\n     guidetolerance=\"10\"\n     inkscape:pageopacity=\"0\"\n     inkscape:pageshadow=\"2\"\n     inkscape:window-width=\"1920\"\n     inkscape:window-height=\"987\"\n     id=\"namedview20\"\n     showgrid=\"false\"\n     inkscape:zoom=\"8.13\"\n     inkscape:cx=\"37.6\"\n     inkscape:cy=\"35.859902\"\n     inkscape:window-x=\"0\"\n     inkscape:window-y=\"0\"\n     inkscape:window-maximized=\"1\"\n     inkscape:current-layer=\"svg18\" \/>\n  <title\n     id=\"title2\">16<\/title>\n  <g\n     data-name=\"Group\"\n     id=\"g16\"\n     transform=\"translate(-12.4,-4.3)\">\n    <path\n       data-name=\"Compound Path\"\n       d=\"m 12.4,25.5 v 28.4 a 11,11 0 0 0 11,11 H 44.3 L 27.1,80.4 a 2.0180436,2.0180436 0 0 0 2.7,3 L 48,67 v 26.7 a 2,2 0 0 0 4,0 V 67 l 18.3,16.3 a 2.0180436,2.0180436 0 0 0 2.7,-3 L 55.7,64.9 h 20.9 a 11,11 0 0 0 11,-11 V 25.5 a 11,11 0 0 0 -11,-11 H 23.4 a 11,11 0 0 0 -11,11 z m 71.1,0 v 28.4 a 7,7 0 0 1 -7,7 H 23.4 a 7,7 0 0 1 -7,-7 V 25.5 a 7,7 0 0 1 7,-7 h 53.2 a 7,7 0 0 1 7,7 z\"\n       id=\"path4\" \/>\n    <path\n       data-name=\"Path\"\n       d=\"m 71.4,8.3 a 2,2 0 0 0 0,-4 H 28.6 a 2,2 0 1 0 0,4 z\"\n       id=\"path6\" \/>\n    <path\n       data-name=\"Path\"\n       d=\"m 31.6,53.9 a 2,2 0 0 0 2,-2 V 36.1 a 2,2 0 0 0 -4,0 v 15.8 a 2,2 0 0 0 2,2 z\"\n       id=\"path8\" \/>\n    <path\n       data-name=\"Path\"\n       d=\"m 44,53.9 a 2,2 0 0 0 2,-2 V 28.1 a 2,2 0 0 0 -4,0 v 23.8 a 2,2 0 0 0 2,2 z\"\n       id=\"path10\" \/>\n    <path\n       data-name=\"Path\"\n       d=\"m 56.2,53.9 a 2,2 0 0 0 2,-2 V 39.2 a 2,2 0 0 0 -4,0 v 12.7 a 2,2 0 0 0 2,2 z\"\n       id=\"path12\" \/>\n    <path\n       data-name=\"Path\"\n       d=\"m 68.4,53.9 a 2,2 0 0 0 2,-2 V 37.2 a 2,2 0 1 0 -4,0 v 14.7 a 2,2 0 0 0 2,2 z\"\n       id=\"path14\" \/>\n  <\/g>\n<\/svg>\n<\/div><div class=\"details\"><h2 class=\"title\">Experiencias de reconciliaci\u00f3n<\/h2><\/div><\/a><\/article><\/div><\/div>\t\t\t\t<\/div>\n\t\t\t\t<\/div>\n\t\t\t\t<div class=\"elementor-element elementor-element-decfd78 elementor-widget elementor-widget-spacer\" data-id=\"decfd78\" data-element_type=\"widget\" data-widget_type=\"spacer.default\">\n\t\t\t\t<div class=\"elementor-widget-container\">\n\t\t\t\t\t\t\t<div class=\"elementor-spacer\">\n\t\t\t<div class=\"elementor-spacer-inner\"><\/div>\n\t\t<\/div>\n\t\t\t\t\t\t<\/div>\n\t\t\t\t<\/div>\n\t\t\t\t<div class=\"elementor-element elementor-element-ffc3c2c elementor-widget elementor-widget-heading\" data-id=\"ffc3c2c\" data-element_type=\"widget\" data-widget_type=\"heading.default\">\n\t\t\t\t<div class=\"elementor-widget-container\">\n\t\t\t\t\t<h2 class=\"elementor-heading-title elementor-size-default\">Opini\u00f3n CIP<\/h2>\t\t\t\t<\/div>\n\t\t\t\t<\/div>\n\t\t\t\t<div class=\"elementor-element elementor-element-ed37c42 elementor-widget-divider--view-line elementor-widget elementor-widget-divider\" data-id=\"ed37c42\" data-element_type=\"widget\" data-widget_type=\"divider.default\">\n\t\t\t\t<div class=\"elementor-widget-container\">\n\t\t\t\t\t\t\t<div class=\"elementor-divider\">\n\t\t\t<span class=\"elementor-divider-separator\">\n\t\t\t\t\t\t<\/span>\n\t\t<\/div>\n\t\t\t\t\t\t<\/div>\n\t\t\t\t<\/div>\n\t\t\t\t<div class=\"elementor-element elementor-element-54020d3 elementor-widget elementor-widget-icip-opinionlisting\" data-id=\"54020d3\" data-element_type=\"widget\" data-widget_type=\"icip-opinionlisting.default\">\n\t\t\t\t<div class=\"elementor-widget-container\">\n\t\t\t\t\t<div class=\"block-opinion-listing\"><div class=\"list\"><a class='entry' href='https:\/\/www.icip.cat\/es\/opinion\/colombia-la-resistencia-al-cambio\/' title='Colombia, la resistencia al cambio' ><div class='image_container'><img src='https:\/\/www.icip.cat\/wp-content\/uploads\/2021\/05\/EQUIPO_ICIP_Kristian-2.jpg' alt='Colombia, la resistencia al cambio' title='Colombia, la resistencia al cambio'\/><\/div><div class='content_container'><div class='author'>Kristian Herbolzheimer<\/div><div class='opiniondate' style='font-size: 14px;'>27\/05\/2021<\/div><h3>Colombia, la resistencia al cambio<\/h3><\/div><\/a><\/div><\/div>\t\t\t\t<\/div>\n\t\t\t\t<\/div>\n\t\t\t\t\t<\/div>\n\t\t<\/div>\n\t\t\t\t\t<\/div>\n\t\t<\/section>\n\t\t\t\t<section class=\"elementor-section elementor-top-section elementor-element elementor-element-5861a15 elementor-section-boxed elementor-section-height-default elementor-section-height-default\" data-id=\"5861a15\" data-element_type=\"section\">\n\t\t\t\t\t\t<div class=\"elementor-container elementor-column-gap-default\">\n\t\t\t\t\t<div class=\"elementor-column elementor-col-100 elementor-top-column elementor-element elementor-element-b9fdc56\" data-id=\"b9fdc56\" data-element_type=\"column\">\n\t\t\t<div class=\"elementor-widget-wrap\">\n\t\t\t\t\t\t\t<\/div>\n\t\t<\/div>\n\t\t\t\t\t<\/div>\n\t\t<\/section>\n\t\t\t\t<\/div>\n\t\t","protected":false},"excerpt":{"rendered":"<p>Construcci\u00f3n de paz en Colombia La vinculaci\u00f3n del ICIP con el apoyo y acompa\u00f1amiento a la construcci\u00f3n de paz en Colombia cuenta con una larga trayectoria. Una de las experiencias m\u00e1s recientes ha sido el trabajo conjunto con la Comisi\u00f3n para el Esclarecimiento de la Verdad, la Convivencia y la No Repetici\u00f3n de Colombia. Durante [&hellip;]<\/p>\n","protected":false},"author":4,"featured_media":0,"parent":51362,"menu_order":0,"comment_status":"closed","ping_status":"closed","template":"","meta":{"_acf_changed":false,"footnotes":""},"class_list":["post-51389","page","type-page","status-publish","hentry"],"acf":[],"yoast_head":"<!-- This site is optimized with the Yoast SEO plugin v25.6 - https:\/\/yoast.com\/wordpress\/plugins\/seo\/ -->\n<title>Construcci\u00f3n de paz en Colombia - ICIP<\/title>\n<meta name=\"robots\" content=\"index, follow, max-snippet:-1, max-image-preview:large, max-video-preview:-1\" \/>\n<link rel=\"canonical\" href=\"https:\/\/www.icip.cat\/en\/memory-coexistence-and-reconciliation\/peacebuilding-in-colombia\/\" \/>\n<meta property=\"og:locale\" content=\"es_ES\" \/>\n<meta property=\"og:type\" content=\"article\" \/>\n<meta property=\"og:title\" content=\"Construcci\u00f3n de paz en Colombia - ICIP\" \/>\n<meta property=\"og:description\" content=\"Construcci\u00f3n de paz en Colombia La vinculaci\u00f3n del ICIP con el apoyo y acompa\u00f1amiento a la construcci\u00f3n de paz en Colombia cuenta con una larga trayectoria. Una de las experiencias m\u00e1s recientes ha sido el trabajo conjunto con la Comisi\u00f3n para el Esclarecimiento de la Verdad, la Convivencia y la No Repetici\u00f3n de Colombia. Durante [&hellip;]\" \/>\n<meta property=\"og:url\" content=\"https:\/\/www.icip.cat\/en\/memory-coexistence-and-reconciliation\/peacebuilding-in-colombia\/\" \/>\n<meta property=\"og:site_name\" content=\"ICIP\" \/>\n<meta property=\"article:modified_time\" content=\"2025-07-18T09:37:14+00:00\" \/>\n<meta property=\"og:image\" content=\"https:\/\/www.icip.cat\/wp-content\/uploads\/2023\/05\/Sistematitzacio-web-1.png\" \/>\n\t<meta property=\"og:image:width\" content=\"450\" \/>\n\t<meta property=\"og:image:height\" content=\"638\" \/>\n\t<meta property=\"og:image:type\" content=\"image\/png\" \/>\n<meta name=\"twitter:card\" content=\"summary_large_image\" \/>\n<meta name=\"twitter:label1\" content=\"Tiempo de lectura\" \/>\n\t<meta name=\"twitter:data1\" content=\"3 minutos\" \/>\n<script type=\"application\/ld+json\" class=\"yoast-schema-graph\">{\"@context\":\"https:\/\/schema.org\",\"@graph\":[{\"@type\":\"WebPage\",\"@id\":\"https:\/\/www.icip.cat\/en\/memory-coexistence-and-reconciliation\/peacebuilding-in-colombia\/\",\"url\":\"https:\/\/www.icip.cat\/en\/memory-coexistence-and-reconciliation\/peacebuilding-in-colombia\/\",\"name\":\"Construcci\u00f3n de paz en Colombia - ICIP\",\"isPartOf\":{\"@id\":\"https:\/\/www.icip.cat\/ca\/#website\"},\"primaryImageOfPage\":{\"@id\":\"https:\/\/www.icip.cat\/en\/memory-coexistence-and-reconciliation\/peacebuilding-in-colombia\/#primaryimage\"},\"image\":{\"@id\":\"https:\/\/www.icip.cat\/en\/memory-coexistence-and-reconciliation\/peacebuilding-in-colombia\/#primaryimage\"},\"thumbnailUrl\":\"https:\/\/www.icip.cat\/wp-content\/uploads\/2023\/05\/Sistematitzacio-web-1-400x570.png\",\"datePublished\":\"2025-01-24T11:59:20+00:00\",\"dateModified\":\"2025-07-18T09:37:14+00:00\",\"breadcrumb\":{\"@id\":\"https:\/\/www.icip.cat\/en\/memory-coexistence-and-reconciliation\/peacebuilding-in-colombia\/#breadcrumb\"},\"inLanguage\":\"es\",\"potentialAction\":[{\"@type\":\"ReadAction\",\"target\":[\"https:\/\/www.icip.cat\/en\/memory-coexistence-and-reconciliation\/peacebuilding-in-colombia\/\"]}]},{\"@type\":\"ImageObject\",\"inLanguage\":\"es\",\"@id\":\"https:\/\/www.icip.cat\/en\/memory-coexistence-and-reconciliation\/peacebuilding-in-colombia\/#primaryimage\",\"url\":\"https:\/\/www.icip.cat\/wp-content\/uploads\/2023\/05\/Sistematitzacio-web-1-400x570.png\",\"contentUrl\":\"https:\/\/www.icip.cat\/wp-content\/uploads\/2023\/05\/Sistematitzacio-web-1-400x570.png\"},{\"@type\":\"BreadcrumbList\",\"@id\":\"https:\/\/www.icip.cat\/en\/memory-coexistence-and-reconciliation\/peacebuilding-in-colombia\/#breadcrumb\",\"itemListElement\":[{\"@type\":\"ListItem\",\"position\":1,\"name\":\"Memoria, convivencia y reconciliaci\u00f3n\",\"item\":\"https:\/\/www.icip.cat\/es\/memoria-convivencia-y-reconciliacion\/\"},{\"@type\":\"ListItem\",\"position\":2,\"name\":\"Construcci\u00f3n de paz en Colombia\"}]},{\"@type\":\"WebSite\",\"@id\":\"https:\/\/www.icip.cat\/ca\/#website\",\"url\":\"https:\/\/www.icip.cat\/ca\/\",\"name\":\"ICIP\",\"description\":\"\",\"publisher\":{\"@id\":\"https:\/\/www.icip.cat\/ca\/#organization\"},\"potentialAction\":[{\"@type\":\"SearchAction\",\"target\":{\"@type\":\"EntryPoint\",\"urlTemplate\":\"https:\/\/www.icip.cat\/ca\/?s={search_term_string}\"},\"query-input\":{\"@type\":\"PropertyValueSpecification\",\"valueRequired\":true,\"valueName\":\"search_term_string\"}}],\"inLanguage\":\"es\"},{\"@type\":\"Organization\",\"@id\":\"https:\/\/www.icip.cat\/ca\/#organization\",\"name\":\"ICIP\",\"url\":\"https:\/\/www.icip.cat\/ca\/\",\"logo\":{\"@type\":\"ImageObject\",\"inLanguage\":\"es\",\"@id\":\"https:\/\/www.icip.cat\/ca\/#\/schema\/logo\/image\/\",\"url\":\"https:\/\/www.icip.cat\/wp-content\/uploads\/2021\/02\/logo-2.png\",\"contentUrl\":\"https:\/\/www.icip.cat\/wp-content\/uploads\/2021\/02\/logo-2.png\",\"width\":562,\"height\":391,\"caption\":\"ICIP\"},\"image\":{\"@id\":\"https:\/\/www.icip.cat\/ca\/#\/schema\/logo\/image\/\"}}]}<\/script>\n<!-- \/ Yoast SEO plugin. -->","yoast_head_json":{"title":"Construcci\u00f3n de paz en Colombia - ICIP","robots":{"index":"index","follow":"follow","max-snippet":"max-snippet:-1","max-image-preview":"max-image-preview:large","max-video-preview":"max-video-preview:-1"},"canonical":"https:\/\/www.icip.cat\/en\/memory-coexistence-and-reconciliation\/peacebuilding-in-colombia\/","og_locale":"es_ES","og_type":"article","og_title":"Construcci\u00f3n de paz en Colombia - ICIP","og_description":"Construcci\u00f3n de paz en Colombia La vinculaci\u00f3n del ICIP con el apoyo y acompa\u00f1amiento a la construcci\u00f3n de paz en Colombia cuenta con una larga trayectoria. Una de las experiencias m\u00e1s recientes ha sido el trabajo conjunto con la Comisi\u00f3n para el Esclarecimiento de la Verdad, la Convivencia y la No Repetici\u00f3n de Colombia. Durante [&hellip;]","og_url":"https:\/\/www.icip.cat\/en\/memory-coexistence-and-reconciliation\/peacebuilding-in-colombia\/","og_site_name":"ICIP","article_modified_time":"2025-07-18T09:37:14+00:00","og_image":[{"width":450,"height":638,"url":"https:\/\/www.icip.cat\/wp-content\/uploads\/2023\/05\/Sistematitzacio-web-1.png","type":"image\/png"}],"twitter_card":"summary_large_image","twitter_misc":{"Tiempo de lectura":"3 minutos"},"schema":{"@context":"https:\/\/schema.org","@graph":[{"@type":"WebPage","@id":"https:\/\/www.icip.cat\/en\/memory-coexistence-and-reconciliation\/peacebuilding-in-colombia\/","url":"https:\/\/www.icip.cat\/en\/memory-coexistence-and-reconciliation\/peacebuilding-in-colombia\/","name":"Construcci\u00f3n de paz en Colombia - ICIP","isPartOf":{"@id":"https:\/\/www.icip.cat\/ca\/#website"},"primaryImageOfPage":{"@id":"https:\/\/www.icip.cat\/en\/memory-coexistence-and-reconciliation\/peacebuilding-in-colombia\/#primaryimage"},"image":{"@id":"https:\/\/www.icip.cat\/en\/memory-coexistence-and-reconciliation\/peacebuilding-in-colombia\/#primaryimage"},"thumbnailUrl":"https:\/\/www.icip.cat\/wp-content\/uploads\/2023\/05\/Sistematitzacio-web-1-400x570.png","datePublished":"2025-01-24T11:59:20+00:00","dateModified":"2025-07-18T09:37:14+00:00","breadcrumb":{"@id":"https:\/\/www.icip.cat\/en\/memory-coexistence-and-reconciliation\/peacebuilding-in-colombia\/#breadcrumb"},"inLanguage":"es","potentialAction":[{"@type":"ReadAction","target":["https:\/\/www.icip.cat\/en\/memory-coexistence-and-reconciliation\/peacebuilding-in-colombia\/"]}]},{"@type":"ImageObject","inLanguage":"es","@id":"https:\/\/www.icip.cat\/en\/memory-coexistence-and-reconciliation\/peacebuilding-in-colombia\/#primaryimage","url":"https:\/\/www.icip.cat\/wp-content\/uploads\/2023\/05\/Sistematitzacio-web-1-400x570.png","contentUrl":"https:\/\/www.icip.cat\/wp-content\/uploads\/2023\/05\/Sistematitzacio-web-1-400x570.png"},{"@type":"BreadcrumbList","@id":"https:\/\/www.icip.cat\/en\/memory-coexistence-and-reconciliation\/peacebuilding-in-colombia\/#breadcrumb","itemListElement":[{"@type":"ListItem","position":1,"name":"Memoria, convivencia y reconciliaci\u00f3n","item":"https:\/\/www.icip.cat\/es\/memoria-convivencia-y-reconciliacion\/"},{"@type":"ListItem","position":2,"name":"Construcci\u00f3n de paz en Colombia"}]},{"@type":"WebSite","@id":"https:\/\/www.icip.cat\/ca\/#website","url":"https:\/\/www.icip.cat\/ca\/","name":"ICIP","description":"","publisher":{"@id":"https:\/\/www.icip.cat\/ca\/#organization"},"potentialAction":[{"@type":"SearchAction","target":{"@type":"EntryPoint","urlTemplate":"https:\/\/www.icip.cat\/ca\/?s={search_term_string}"},"query-input":{"@type":"PropertyValueSpecification","valueRequired":true,"valueName":"search_term_string"}}],"inLanguage":"es"},{"@type":"Organization","@id":"https:\/\/www.icip.cat\/ca\/#organization","name":"ICIP","url":"https:\/\/www.icip.cat\/ca\/","logo":{"@type":"ImageObject","inLanguage":"es","@id":"https:\/\/www.icip.cat\/ca\/#\/schema\/logo\/image\/","url":"https:\/\/www.icip.cat\/wp-content\/uploads\/2021\/02\/logo-2.png","contentUrl":"https:\/\/www.icip.cat\/wp-content\/uploads\/2021\/02\/logo-2.png","width":562,"height":391,"caption":"ICIP"},"image":{"@id":"https:\/\/www.icip.cat\/ca\/#\/schema\/logo\/image\/"}}]}},"_links":{"self":[{"href":"https:\/\/www.icip.cat\/es\/wp-json\/wp\/v2\/pages\/51389","targetHints":{"allow":["GET"]}}],"collection":[{"href":"https:\/\/www.icip.cat\/es\/wp-json\/wp\/v2\/pages"}],"about":[{"href":"https:\/\/www.icip.cat\/es\/wp-json\/wp\/v2\/types\/page"}],"author":[{"embeddable":true,"href":"https:\/\/www.icip.cat\/es\/wp-json\/wp\/v2\/users\/4"}],"replies":[{"embeddable":true,"href":"https:\/\/www.icip.cat\/es\/wp-json\/wp\/v2\/comments?post=51389"}],"version-history":[{"count":35,"href":"https:\/\/www.icip.cat\/es\/wp-json\/wp\/v2\/pages\/51389\/revisions"}],"predecessor-version":[{"id":55447,"href":"https:\/\/www.icip.cat\/es\/wp-json\/wp\/v2\/pages\/51389\/revisions\/55447"}],"up":[{"embeddable":true,"href":"https:\/\/www.icip.cat\/es\/wp-json\/wp\/v2\/pages\/51362"}],"wp:attachment":[{"href":"https:\/\/www.icip.cat\/es\/wp-json\/wp\/v2\/media?parent=51389"}],"curies":[{"name":"wp","href":"https:\/\/api.w.org\/{rel}","templated":true}]}}