{"version":"1.0","provider_name":"Revista Por la Paz","provider_url":"https:\/\/www.icip.cat\/perlapau\/es\/","author_name":"whads","author_url":"https:\/\/www.icip.cat\/perlapau\/es\/author\/whads\/","title":"Un golpe audaz - Revista Por la Paz","type":"rich","width":600,"height":338,"html":"<blockquote class=\"wp-embedded-content\" data-secret=\"Ox7wLmFgo8\"><a href=\"https:\/\/www.icip.cat\/perlapau\/es\/articulo\/un-golpe-audaz\/\">Un golpe audaz<\/a><\/blockquote><iframe sandbox=\"allow-scripts\" security=\"restricted\" src=\"https:\/\/www.icip.cat\/perlapau\/es\/articulo\/un-golpe-audaz\/embed\/#?secret=Ox7wLmFgo8\" width=\"600\" height=\"338\" title=\"\u00abUn golpe audaz\u00bb \u2014 Revista Por la Paz\" data-secret=\"Ox7wLmFgo8\" frameborder=\"0\" marginwidth=\"0\" marginheight=\"0\" scrolling=\"no\" class=\"wp-embedded-content\"><\/iframe><script type=\"text\/javascript\">\n\/* <![CDATA[ *\/\n\/*! This file is auto-generated *\/\n!function(d,l){\"use strict\";l.querySelector&&d.addEventListener&&\"undefined\"!=typeof URL&&(d.wp=d.wp||{},d.wp.receiveEmbedMessage||(d.wp.receiveEmbedMessage=function(e){var t=e.data;if((t||t.secret||t.message||t.value)&&!\/[^a-zA-Z0-9]\/.test(t.secret)){for(var s,r,n,a=l.querySelectorAll('iframe[data-secret=\"'+t.secret+'\"]'),o=l.querySelectorAll('blockquote[data-secret=\"'+t.secret+'\"]'),c=new RegExp(\"^https?:$\",\"i\"),i=0;i<o.length;i++)o[i].style.display=\"none\";for(i=0;i<a.length;i++)s=a[i],e.source===s.contentWindow&&(s.removeAttribute(\"style\"),\"height\"===t.message?(1e3<(r=parseInt(t.value,10))?r=1e3:~~r<200&&(r=200),s.height=r):\"link\"===t.message&&(r=new URL(s.getAttribute(\"src\")),n=new URL(t.value),c.test(n.protocol))&&n.host===r.host&&l.activeElement===s&&(d.top.location.href=t.value))}},d.addEventListener(\"message\",d.wp.receiveEmbedMessage,!1),l.addEventListener(\"DOMContentLoaded\",function(){for(var e,t,s=l.querySelectorAll(\"iframe.wp-embedded-content\"),r=0;r<s.length;r++)(t=(e=s[r]).getAttribute(\"data-secret\"))||(t=Math.random().toString(36).substring(2,12),e.src+=\"#?secret=\"+t,e.setAttribute(\"data-secret\",t)),e.contentWindow.postMessage({message:\"ready\",secret:t},\"*\")},!1)))}(window,document);\n\/* ]]> *\/\n<\/script>\n","thumbnail_url":"https:\/\/www.icip.cat\/perlapau\/wp-content\/uploads\/2022\/04\/tribuna_2_2560-5-518x720.jpg","thumbnail_width":518,"thumbnail_height":720,"description":"Pronto har\u00e1 30 a\u00f1os de la \u00faltima y probablemente la \u00fanica vez que alguien nos pregunt\u00f3 nuestra opini\u00f3n sobre qu\u00e9 pol\u00edtica exterior ten\u00edamos que tener como Estado. El 12 de marzo de 1986 el Gobierno del entonces presidente Felipe Gonz\u00e1lez, atendiendo a la promesa electoral de la campa\u00f1a con la que por primera vez hab\u00eda [&hellip;]"}